{"id":8,"date":"2021-04-29T11:13:22","date_gmt":"2021-04-29T14:13:22","guid":{"rendered":"https:\/\/pos.uel.br\/saudecoletiva\/?page_id=8"},"modified":"2021-05-13T09:35:31","modified_gmt":"2021-05-13T12:35:31","slug":"historico","status":"publish","type":"page","link":"https:\/\/pos.uel.br\/saudecoletiva\/historico\/","title":{"rendered":"Hist\u00f3rico"},"content":{"rendered":"\n<p>O Programa de P\u00f3s-Gradua\u00e7\u00e3o em Sa\u00fade Coletiva da Universidade Estadual de Londrina (UEL) iniciou-se em 1990 com o n\u00edvel de mestrado. Existiam, \u00e0 \u00e9poca, apenas oito cursos de p\u00f3s-gradua\u00e7\u00e3o stricto sensu na \u00e1rea da Sa\u00fade Coletiva no Pa\u00eds, e nenhum na Regi\u00e3o Sul. At\u00e9 ao ano de 2015, era o \u00fanico programa acad\u00eamico da \u00e1rea da Sa\u00fade Coletiva do Paran\u00e1.<\/p>\n\n\n\n<p>O Programa surgiu no contexto de grande efervesc\u00eancia intelectual em Sa\u00fade Coletiva, bem representada pela realiza\u00e7\u00e3o da 8<sup>a<\/sup> Confer\u00eancia Nacional de Sa\u00fade (CNS), da 1<sup>a<\/sup> Confer\u00eancia Nacional de Recursos Humanos (CNRH), ocorridas em 1986, e a inclus\u00e3o da sa\u00fade na Constitui\u00e7\u00e3o de 1988. Tais acontecimentos refor\u00e7aram a import\u00e2ncia da p\u00f3s-gradua\u00e7\u00e3o na forma\u00e7\u00e3o de recursos humanos para o desenvolvimento do SUS e para a pesquisa em Sa\u00fade Coletiva.<\/p>\n\n\n\n<p>Em 2009, com o Mestrado consolidado, foi criado o Doutorado. O Programa vem mantendo o conceito 4, atribu\u00eddo pela CAPES, desde a avalia\u00e7\u00e3o trienal de 2004. A demanda, em sua maioria, abrange candidatos do Estado do Paran\u00e1 e eventualmente de outros estados. Para o n\u00edvel de mestrado, essa demanda constitui-se principalmente de candidatos oriundos do Programa de Inicia\u00e7\u00e3o Cient\u00edfica e de profissionais de sa\u00fade da rede p\u00fablica, enquanto para o doutorado constitui-se predominantemente de egressos do mestrado e de professores das universidades estaduais e federais do Paran\u00e1.<\/p>\n","protected":false},"excerpt":{"rendered":"<p>O Programa de P\u00f3s-Gradua\u00e7\u00e3o em Sa\u00fade Coletiva da Universidade Estadual de Londrina (UEL) iniciou-se em 1990 com o n\u00edvel de mestrado. Existiam, \u00e0 \u00e9poca, apenas oito cursos de p\u00f3s-gradua\u00e7\u00e3o stricto sensu na \u00e1rea da Sa\u00fade Coletiva no Pa\u00eds, e nenhum na Regi\u00e3o Sul. At\u00e9 ao ano de 2015, era o \u00fanico programa acad\u00eamico da \u00e1rea [&hellip;]<\/p>\n","protected":false},"author":7,"featured_media":0,"parent":0,"menu_order":0,"comment_status":"closed","ping_status":"closed","template":"","meta":{"footnotes":""},"class_list":["post-8","page","type-page","status-publish","hentry"],"acf":[],"_links":{"self":[{"href":"https:\/\/pos.uel.br\/saudecoletiva\/wp-json\/wp\/v2\/pages\/8","targetHints":{"allow":["GET"]}}],"collection":[{"href":"https:\/\/pos.uel.br\/saudecoletiva\/wp-json\/wp\/v2\/pages"}],"about":[{"href":"https:\/\/pos.uel.br\/saudecoletiva\/wp-json\/wp\/v2\/types\/page"}],"author":[{"embeddable":true,"href":"https:\/\/pos.uel.br\/saudecoletiva\/wp-json\/wp\/v2\/users\/7"}],"replies":[{"embeddable":true,"href":"https:\/\/pos.uel.br\/saudecoletiva\/wp-json\/wp\/v2\/comments?post=8"}],"version-history":[{"count":3,"href":"https:\/\/pos.uel.br\/saudecoletiva\/wp-json\/wp\/v2\/pages\/8\/revisions"}],"predecessor-version":[{"id":77,"href":"https:\/\/pos.uel.br\/saudecoletiva\/wp-json\/wp\/v2\/pages\/8\/revisions\/77"}],"wp:attachment":[{"href":"https:\/\/pos.uel.br\/saudecoletiva\/wp-json\/wp\/v2\/media?parent=8"}],"curies":[{"name":"wp","href":"https:\/\/api.w.org\/{rel}","templated":true}]}}