{"id":7,"date":"2021-04-29T11:13:22","date_gmt":"2021-04-29T14:13:22","guid":{"rendered":"https:\/\/pos.uel.br\/saudecoletiva\/?page_id=7"},"modified":"2022-08-26T20:35:50","modified_gmt":"2022-08-26T23:35:50","slug":"sobre-o-programa","status":"publish","type":"page","link":"https:\/\/pos.uel.br\/saudecoletiva\/sobre-o-programa\/","title":{"rendered":"Sobre o programa"},"content":{"rendered":"\n<p>O Programa de P\u00f3s-Gradua\u00e7\u00e3o em Sa\u00fade Coletiva (PPGSC) da Universidade Estadual de Londrina (UEL) teve in\u00edcio em 1990, com o curso de mestrado em Sa\u00fade Coletiva. Existiam, \u00e0 \u00e9poca, apenas oito cursos de p\u00f3s-gradua\u00e7\u00e3o stricto sensu da \u00e1rea de Sa\u00fade Coletiva no Brasil, e nenhum na Regi\u00e3o Sul. O Programa surgiu no contexto de grande efervesc\u00eancia intelectual em Sa\u00fade Coletiva e de movimentos sociais importantes, como a realiza\u00e7\u00e3o da 8<sup>a<\/sup> Confer\u00eancia Nacional de Sa\u00fade e da 1<sup>a<\/sup> Confer\u00eancia Nacional de Recursos Humanos, ocorridas em 1986, e a inclus\u00e3o dos direitos \u00e0 sa\u00fade na Constitui\u00e7\u00e3o de 1988, que culminou na legisla\u00e7\u00e3o criadora do Sistema \u00danico de Sa\u00fade (SUS).<\/p>\n\n\n\n<p>Atualmente, o Programa mant\u00e9m os cursos de mestrado acad\u00eamico, com abertura de vagas a cada dois anos, e o de doutorado, com ingresso anual, ambos abertos a candidatos com ensino superior em qualquer \u00e1rea do conhecimento e com interesse em desenvolver pesquisas cient\u00edficas na \u00e1rea da Sa\u00fade Coletiva. As duas linhas de pesquisa atualmente dispon\u00edveis s\u00e3o abrangentes, com foco na \u00e1rea de Epidemiologia (estudos quantitativos) e na de Planejamento e Gest\u00e3o em Sa\u00fade (estudos qualitativos ou quantitativos). S\u00e3o essas as duas linhas:<strong>1. An\u00e1lise das condi\u00e7\u00f5es de vida e sa\u00fade de grupos populacionais e 2. Avalia\u00e7\u00e3o, gest\u00e3o do trabalho e educa\u00e7\u00e3o em sa\u00fade.<\/strong> O Programa tem conceito 4 (quatro) na avalia\u00e7\u00e3o da CAPES.<\/p>\n\n\n\n<p>Todos os docentes do Programa t\u00eam experi\u00eancia em pesquisas na \u00e1rea de Sa\u00fade Coletiva, com expertise em algumas \u00e1reas espec\u00edficas. Alguns dos principais projetos de pesquisa do Programa s\u00e3o desenvolvidos em colabora\u00e7\u00e3o com pesquisadores de outras importantes institui\u00e7\u00f5es nacionais e internacionais. Mais de 200 mestres ou doutores conclu\u00edram seus estudos no Programa, al\u00e9m de diversos alunos de inicia\u00e7\u00e3o cient\u00edfica dos cursos de gradua\u00e7\u00e3o da UEL.<\/p>\n\n\n\n<p>O PPGSC objetiva promover a qualifica\u00e7\u00e3o acad\u00eamica de docentes, pesquisadores e profissionais das v\u00e1rias profiss\u00f5es que atuam na Sa\u00fade Coletiva, por meio da amplia\u00e7\u00e3o e dissemina\u00e7\u00e3o do conhecimento desta \u00e1rea, contribuindo para o desenvolvimento da pr\u00f3pria Sa\u00fade Coletiva e do SUS. Visa, ainda, por meio de seus produtos e processos, contribuir para o desenvolvimento de comunidades, principalmente de Londrina, do Paran\u00e1 e da regi\u00e3o, incluindo outros estados.<\/p>\n\n\n\n<p><strong>PRESENTACI\u00d3N<\/strong><\/p>\n\n\n\n<p>El Programa de Posgrado en Salud Colectiva (PPGSC) de la Universidade Estadual de Londrina (UEL) comenz\u00f3 en 1990, con el curso de Maestr\u00eda en Salud Colectiva. En ese momento, s\u00f3lo hab\u00edan ocho cursos de posgrado <em>stricto sensu<\/em> en el \u00e1rea de la Salud Colectiva en Brasil, y ninguno en la Regi\u00f3n Sur. El Programa surgi\u00f3 en el contexto de una gran efervescencia intelectual en la Salud Colectiva y de importantes movimientos sociales, como la 8\u00aa Conferencia Nacional de Salud y la 1\u00aa Conferencia Nacional de Recursos Humanos, celebradas en 1986, y la inclusi\u00f3n de los derechos de salud en la Constituci\u00f3n de 1988, que culmin\u00f3 con la legislaci\u00f3n que cre\u00f3 el Sistema \u00danico de Salud (SUS).<\/p>\n\n\n\n<p>Actualmente, el Programa mantiene los cursos de Maestr\u00eda acad\u00e9mica, con vacantes a cada dos a\u00f1os, y el curso de Doctorado, con admisi\u00f3n anual, ambos abiertos a candidatos con formaci\u00f3n superior en cualquier \u00e1rea del conocimiento y con inter\u00e9s en desarrollar investigaci\u00f3n cient\u00edfica en el \u00e1rea de la Salud Colectiva. Las dos l\u00edneas de investigaci\u00f3n disponibles actualmente son amplias, y se centran en el \u00e1rea de la Epidemiolog\u00eda (estudios cuantitativos) y en la Planificaci\u00f3n y Gesti\u00f3n Sanitaria (estudios cualitativos o cuantitativos). Estas dos l\u00edneas son: 1. An\u00e1lisis de las condiciones de vida y de la salud de los grupos de poblaci\u00f3n y 2. Evaluaci\u00f3n, gesti\u00f3n del trabajo y educaci\u00f3n sanitaria. El Programa tiene el concepto 4 (cuatro) en la evaluaci\u00f3n de CAPES.<\/p>\n\n\n\n<p>Todos los miembros del profesorado del Programa tienen experiencia en investigaci\u00f3n en el campo de la Salud P\u00fablica, con experiencia en algunas \u00e1reas espec\u00edficas. Algunos de los principales proyectos de investigaci\u00f3n del Programa se desarrollan en colaboraci\u00f3n con investigadores de otras importantes instituciones nacionales e internacionales. M\u00e1s de 200 profesores con maestr\u00eda o doctores han concluido sus estudios en el Programa, adem\u00e1s de varios estudiantes de iniciaci\u00f3n cient\u00edfica de los cursos de graduaci\u00f3n de la UEL.<\/p>\n\n\n\n<p>El PPGSC tiene como objetivo promover la cualificaci\u00f3n acad\u00e9mica de los profesores, investigadores y profesionales de diversas profesiones que trabajan en la Salud Colectiva, a trav\u00e9s de la expansi\u00f3n y difusi\u00f3n de los conocimientos en esta \u00e1rea, contribuyendo al desarrollo de la Salud Colectiva y del SUS. Tambi\u00e9n pretende, a trav\u00e9s de sus productos y procesos, contribuir al desarrollo de las comunidades, principalmente en Londrina, Paran\u00e1 y regi\u00f3n, incluyendo otras provincias.<\/p>\n","protected":false},"excerpt":{"rendered":"<p>O Programa de P\u00f3s-Gradua\u00e7\u00e3o em Sa\u00fade Coletiva (PPGSC) da Universidade Estadual de Londrina (UEL) teve in\u00edcio em 1990, com o curso de mestrado em Sa\u00fade Coletiva. Existiam, \u00e0 \u00e9poca, apenas oito cursos de p\u00f3s-gradua\u00e7\u00e3o stricto sensu da \u00e1rea de Sa\u00fade Coletiva no Brasil, e nenhum na Regi\u00e3o Sul. O Programa surgiu no contexto de grande [&hellip;]<\/p>\n","protected":false},"author":7,"featured_media":0,"parent":0,"menu_order":0,"comment_status":"closed","ping_status":"closed","template":"","meta":{"footnotes":""},"class_list":["post-7","page","type-page","status-publish","hentry"],"acf":[],"_links":{"self":[{"href":"https:\/\/pos.uel.br\/saudecoletiva\/wp-json\/wp\/v2\/pages\/7","targetHints":{"allow":["GET"]}}],"collection":[{"href":"https:\/\/pos.uel.br\/saudecoletiva\/wp-json\/wp\/v2\/pages"}],"about":[{"href":"https:\/\/pos.uel.br\/saudecoletiva\/wp-json\/wp\/v2\/types\/page"}],"author":[{"embeddable":true,"href":"https:\/\/pos.uel.br\/saudecoletiva\/wp-json\/wp\/v2\/users\/7"}],"replies":[{"embeddable":true,"href":"https:\/\/pos.uel.br\/saudecoletiva\/wp-json\/wp\/v2\/comments?post=7"}],"version-history":[{"count":4,"href":"https:\/\/pos.uel.br\/saudecoletiva\/wp-json\/wp\/v2\/pages\/7\/revisions"}],"predecessor-version":[{"id":1154,"href":"https:\/\/pos.uel.br\/saudecoletiva\/wp-json\/wp\/v2\/pages\/7\/revisions\/1154"}],"wp:attachment":[{"href":"https:\/\/pos.uel.br\/saudecoletiva\/wp-json\/wp\/v2\/media?parent=7"}],"curies":[{"name":"wp","href":"https:\/\/api.w.org\/{rel}","templated":true}]}}