{"id":45,"date":"2021-04-29T11:23:41","date_gmt":"2021-04-29T14:23:41","guid":{"rendered":"https:\/\/pos.uel.br\/saudecoletiva\/?page_id=45"},"modified":"2022-06-22T19:16:05","modified_gmt":"2022-06-22T22:16:05","slug":"estrutura-curricular-2","status":"publish","type":"page","link":"https:\/\/pos.uel.br\/saudecoletiva\/estrutura-curricular-2\/","title":{"rendered":"Estrutura curricular"},"content":{"rendered":"\n<p>O doutorando dever\u00e1 completar 2.550 (duas mil, quinhentos e cinquenta) horas e <strong>170 (cento e setenta) cr\u00e9ditos<\/strong>, assim distribu\u00eddos:<\/p>\n\n\n\n<p>a)&nbsp;&nbsp; <strong>6 (seis) cr\u00e9ditos em disciplina obrigat\u00f3ria<\/strong>;<\/p>\n\n\n\n<p>b)&nbsp;&nbsp; <strong>14 (quatorze) cr\u00e9ditos em disciplinas optativas<\/strong>;<\/p>\n\n\n\n<p>c)&nbsp;&nbsp; <strong>150 (cento e cinquenta) cr\u00e9ditos em Tese<\/strong>.<\/p>\n\n\n\n<p>Os doutorandos que tenham cursado mestrado reconhecido pela CAPES podem ter cr\u00e9ditos convalidados em disciplinas optativas, ap\u00f3s avalia\u00e7\u00e3o do orientador e da comiss\u00e3o coordenadora do programa.<\/p>\n\n\n\n<p>Os doutorandos que cursarem disciplinas do n\u00edvel de Mestrado ou os mestrandos que cursarem disciplinas do Doutorado t\u00eam os cr\u00e9ditos automaticamente aproveitados como disciplinas optativas. Doutorandos bolsistas de \u00f3rg\u00e3os de fomento dever\u00e3o obrigatoriamente realizar as disciplinas de Est\u00e1gio de Doc\u00eancia na Gradua\u00e7\u00e3o I e II.<\/p>\n\n\n\n<p>O desenvolvimento do Programa obedece a uma organiza\u00e7\u00e3o curricular com obrigatoriedade de atendimento a disciplinas consideradas centrais da Sa\u00fade Coletiva (ver descri\u00e7\u00e3o a seguir) e uma instrumental (M\u00e9todos e T\u00e9cnicas de Pesquisa em Sa\u00fade) no mestrado, e Fundamentos Te\u00f3ricos-Metodol\u00f3gicos da Pesquisa no doutorado. As disciplinas optativas foram planejadas para dar suporte ao aprendizado dos estudantes vinculados \u00e0s duas diferentes linhas de pesquisa (por exemplo, com T\u00f3picos Avan\u00e7ados em Epidemiologia ou T\u00f3picos Avan\u00e7ados em Planejamento e Gest\u00e3o) ou pertinentes a ambas as linhas (por exemplo, Introdu\u00e7\u00e3o a M\u00e9todos Ativos de Ensino-aprendizagem, Leitura Cr\u00edtica de Artigos). A organiza\u00e7\u00e3o curricular \u00e9 a seguinte:<\/p>\n\n\n\n<p class=\"has-primary-accent-color has-text-color has-medium-font-size\"><strong>A) DISCIPLINA OBRIGAT\u00d3RIA<\/strong><\/p>\n\n\n\n<p>Exigem-se 6 cr\u00e9ditos. H\u00e1 apenas uma disciplina obrigat\u00f3ria no doutorado:<\/p>\n\n\n\n<figure class=\"wp-block-table is-style-stripes\"><table><tbody><tr><td><strong>C\u00f3digo<\/strong><\/td><td><strong>Disciplina<\/strong><\/td><td><strong>Cr\u00e9ditos<\/strong><\/td><td><strong>Carga hor\u00e1ria<\/strong><\/td><\/tr><tr><td>2 SAC 323<\/td><td>Fundamentos Te\u00f3rico-Metodol\u00f3gicos da Investiga\u00e7\u00e3o Cientifica<\/td><td>6 cr&nbsp;<\/td><td>90 h<\/td><\/tr><\/tbody><\/table><\/figure>\n\n\n\n<p class=\"has-primary-accent-color has-text-color has-medium-font-size\"><strong>B) DISCIPLINAS OPTATIVAS<\/strong> <\/p>\n\n\n\n<p>Exigem-se 14 cr\u00e9ditos, podendo ser convalidados cr\u00e9ditos do mestrado ou cursados em outros programas de p\u00f3s-gradua\u00e7\u00e3o:<\/p>\n\n\n\n<figure class=\"wp-block-table is-style-stripes\"><table><tbody><tr><td><strong>C\u00f3digo<\/strong><\/td><td><strong>Disciplina<\/strong><\/td><td><strong>Cr\u00e9ditos<\/strong><\/td><td><strong>Carga hor\u00e1ria<\/strong><\/td><\/tr><tr><td>2 SAC 296<\/td><td>Pol\u00edtica, Planejamento e Gest\u00e3o em Sa\u00fade<\/td><td>5 cr<\/td><td>75 h<\/td><\/tr><tr><td>2 SOC 387<\/td><td>Sa\u00fade e Sociedade<\/td><td>3 cr<\/td><td>45 h<\/td><\/tr><tr><td>2 SAC 298<\/td><td>Epidemiologia<\/td><td>5 cr<\/td><td>75 h<\/td><\/tr><tr><td>2 SAC 299<\/td><td>M\u00e9todos e T\u00e9cnicas de Pesquisa em Sa\u00fade<\/td><td>4 cr<\/td><td>60 h<\/td><\/tr><tr><td>2 STA 071<\/td><td>M\u00e9todos Quantitativos Aplicados \u00e0 Sa\u00fade<\/td><td>4 cr&nbsp;<\/td><td>60 h<\/td><\/tr><tr><td>2 SAC 301<\/td><td>M\u00e9todos em Pesquisa Qualitativa<\/td><td>2 cr<\/td><td>30 h<\/td><\/tr><tr><td>2 SAC 302<\/td><td>Abordagens Te\u00f3ricas e An\u00e1lise em Pesquisa Qualitativa<\/td><td>3 cr<\/td><td>45 h<\/td><\/tr><tr><td>2 SAC 303<\/td><td>T\u00f3picos Avan\u00e7ados em Planejamento e Gest\u00e3o em Sa\u00fade<\/td><td>3 cr<\/td><td>45 h<\/td><\/tr><tr><td>2 SAC 304<\/td><td>T\u00f3picos Avan\u00e7ados em Epidemiologia<\/td><td>3 cr<\/td><td>45 h<\/td><\/tr><tr><td>2 SAC 305<\/td><td>Introdu\u00e7\u00e3o \u00e0 Avalia\u00e7\u00e3o de Servi\u00e7os de Sa\u00fade<\/td><td>2 cr<\/td><td>30 h<\/td><\/tr><tr><td>2 SAC 306<\/td><td>Sistema Nacional de Informa\u00e7\u00f5es em Sa\u00fade<\/td><td>3 cr<\/td><td>45 h<\/td><\/tr><tr><td>2 SAC 307<\/td><td>Epidemiologia das Doen\u00e7as e Agravos n\u00e3o Transmiss\u00edveis<\/td><td>2 cr<\/td><td>30 h<\/td><\/tr><tr><td>2 SAC 308<\/td><td>O trabalho e o Cuidado em Sa\u00fade<\/td><td>3 cr<\/td><td>45 h<\/td><\/tr><tr><td>2 SAC 309<\/td><td>Revis\u00e3o Sistem\u00e1tica e Meta-an\u00e1lise<\/td><td>2 cr<\/td><td>30 h<\/td><\/tr><tr><td>2 SAC 310<\/td><td>Introdu\u00e7\u00e3o a M\u00e9todos Ativos de Ensino-aprendizagem<\/td><td>2 cr<\/td><td>30 h<\/td><\/tr><tr><td>2 SAC 311<\/td><td>Leitura Cr\u00edtica de Artigos Cient\u00edficos<\/td><td>3 cr<\/td><td>45 h<\/td><\/tr><tr><td>2 SAC 312<\/td><td>Aspectos da Produ\u00e7\u00e3o e Dissemina\u00e7\u00e3o Cient\u00edfica em Sa\u00fade Coletiva<\/td><td>4 cr&nbsp;<\/td><td>60 h<\/td><\/tr><tr><td>2 SAC 315<\/td><td>Pr\u00e1ticas docentes na gradua\u00e7\u00e3o I&nbsp;&nbsp;<\/td><td>3 cr&nbsp;<\/td><td>45 h<\/td><\/tr><tr><td>2 SAC 316<\/td><td>Pr\u00e1ticas docentes na gradua\u00e7\u00e3o II<\/td><td>4 cr&nbsp;<\/td><td>60 h<\/td><\/tr><tr><td>2 SAC 317<\/td><td>Pr\u00e1ticas docentes na gradua\u00e7\u00e3o III<\/td><td>3 cr<\/td><td>45 h<\/td><\/tr><tr><td>2 SAC 318<\/td><td>Pr\u00e1ticas docentes na gradua\u00e7\u00e3o IV<\/td><td>3 cr&nbsp;<\/td><td>45 h<\/td><\/tr><tr><td>2 SAC 324<\/td><td>Semin\u00e1rios de Teses I<\/td><td>2 cr&nbsp;<\/td><td>30 h<\/td><\/tr><tr><td>2 SAC 325<\/td><td>Semin\u00e1rios de Teses II<\/td><td>2 cr<\/td><td>30 h<\/td><\/tr><tr><td>2 SAC 326<\/td><td>Semin\u00e1rios de Teses III<\/td><td>2 cr<\/td><td>30 h<\/td><\/tr><tr><td>2 SAC 327<\/td><td>Semin\u00e1rios de Teses IV&nbsp;<\/td><td>2 cr&nbsp;<\/td><td>30 h<\/td><\/tr><tr><td>2 SAC 328<\/td><td>Semin\u00e1rios de Teses V<\/td><td>2 cr<\/td><td>30 h<\/td><\/tr><tr><td>2 SAC 329<\/td><td>Oficina de elabora\u00e7\u00e3o de artigos cient\u00edficos&nbsp; I<\/td><td>3 cr<\/td><td>45 h<\/td><\/tr><tr><td>2 SAC 330<\/td><td>Oficina de elabora\u00e7\u00e3o de artigos cient\u00edficos II&nbsp;<\/td><td>3 cr<\/td><td>45 h<\/td><\/tr><tr><td>2 SAC 319<\/td><td>Atividades de Dissemina\u00e7\u00e3o Cient\u00edfica I<\/td><td>1 cr<\/td><td>15 h<\/td><\/tr><tr><td>2 SAC 320<\/td><td>Atividades de Dissemina\u00e7\u00e3o Cient\u00edfica II<\/td><td>2 cr&nbsp;<\/td><td>30 h<\/td><\/tr><tr><td>2 SAC 321<\/td><td>Atividades de Dissemina\u00e7\u00e3o Cient\u00edfica III<\/td><td>3 cr<\/td><td>45 h<\/td><\/tr><tr><td>2 SAC 322<\/td><td>Atividades de Dissemina\u00e7\u00e3o Cient\u00edfica IV<\/td><td>4 cr<\/td><td>60 h<\/td><\/tr><tr><td>2 SAC 297<\/td><td>Atividades Especiais em Sa\u00fade Coletiva I<\/td><td>1 cr&nbsp;<\/td><td>15 h<\/td><\/tr><tr><td>2 SAC 300<\/td><td>Atividades Especiais em Sa\u00fade Coletiva II<\/td><td>1 cr<\/td><td>15 h<\/td><\/tr><tr><td>2 SAC 199 a SAC 230<\/td><td>T\u00f3picos Especiais em Sa\u00fade Coletiva<\/td><td>Vari\u00e1vel<\/td><td>Vari\u00e1vel<\/td><\/tr><\/tbody><\/table><\/figure>\n\n\n\n<p class=\"has-primary-accent-color has-text-color has-medium-font-size\"><strong>C) EST\u00c1GIO DE DOC\u00caNCIA NA GRADUA\u00c7\u00c3O<\/strong> <\/p>\n\n\n\n<p>Disciplinas obrigat\u00f3rias para doutorandos bolsistas de \u00f3rg\u00e3os de fomento de pesquisa ou de p\u00f3s-gradua\u00e7\u00e3o, totalizando 4 cr\u00e9ditos, e optativa para n\u00e3o bolsistas:<\/p>\n\n\n\n<figure class=\"wp-block-table is-style-stripes\"><table><tbody><tr><td><strong>C\u00f3digo<\/strong><\/td><td><strong>Disciplina<\/strong><\/td><td><strong>Cr\u00e9ditos<\/strong><\/td><td><strong>Carga hor\u00e1ria<\/strong><\/td><\/tr><tr><td>2 SAC 281 &nbsp;&nbsp;<\/td><td>Est\u00e1gio docente na gradua\u00e7\u00e3o I&nbsp;<\/td><td>2 cr&nbsp;<\/td><td>30 h<\/td><\/tr><tr><td>2 SAC 282<\/td><td>Est\u00e1gio docente na gradua\u00e7\u00e3o II&nbsp;<\/td><td>2 cr<\/td><td>30 h<\/td><\/tr><\/tbody><\/table><\/figure>\n\n\n\n<p>O exame de qualifica\u00e7\u00e3o, requisito para a defesa p\u00fablica da tese, \u00e9 realizado ap\u00f3s integraliza\u00e7\u00e3o dos cr\u00e9ditos necess\u00e1rios e dos exames de profici\u00eancia em l\u00edngua estrangeira (para o doutorado, ingl\u00eas e espanhol). A banca institu\u00edda para defesa dos trabalhos conta, no m\u00ednimo, com dois membros externos ao Programa.<\/p>\n\n\n\n<p>A entrada do doutorado foi bienal de 2009 a 2013, e anual desde ent\u00e3o. <\/p>\n","protected":false},"excerpt":{"rendered":"<p>O doutorando dever\u00e1 completar 2.550 (duas mil, quinhentos e cinquenta) horas e 170 (cento e setenta) cr\u00e9ditos, assim distribu\u00eddos: a)&nbsp;&nbsp; 6 (seis) cr\u00e9ditos em disciplina obrigat\u00f3ria; b)&nbsp;&nbsp; 14 (quatorze) cr\u00e9ditos em disciplinas optativas; c)&nbsp;&nbsp; 150 (cento e cinquenta) cr\u00e9ditos em Tese. Os doutorandos que tenham cursado mestrado reconhecido pela CAPES podem ter cr\u00e9ditos convalidados em [&hellip;]<\/p>\n","protected":false},"author":7,"featured_media":0,"parent":0,"menu_order":0,"comment_status":"closed","ping_status":"closed","template":"","meta":{"footnotes":""},"class_list":["post-45","page","type-page","status-publish","hentry"],"acf":[],"_links":{"self":[{"href":"https:\/\/pos.uel.br\/saudecoletiva\/wp-json\/wp\/v2\/pages\/45","targetHints":{"allow":["GET"]}}],"collection":[{"href":"https:\/\/pos.uel.br\/saudecoletiva\/wp-json\/wp\/v2\/pages"}],"about":[{"href":"https:\/\/pos.uel.br\/saudecoletiva\/wp-json\/wp\/v2\/types\/page"}],"author":[{"embeddable":true,"href":"https:\/\/pos.uel.br\/saudecoletiva\/wp-json\/wp\/v2\/users\/7"}],"replies":[{"embeddable":true,"href":"https:\/\/pos.uel.br\/saudecoletiva\/wp-json\/wp\/v2\/comments?post=45"}],"version-history":[{"count":8,"href":"https:\/\/pos.uel.br\/saudecoletiva\/wp-json\/wp\/v2\/pages\/45\/revisions"}],"predecessor-version":[{"id":1119,"href":"https:\/\/pos.uel.br\/saudecoletiva\/wp-json\/wp\/v2\/pages\/45\/revisions\/1119"}],"wp:attachment":[{"href":"https:\/\/pos.uel.br\/saudecoletiva\/wp-json\/wp\/v2\/media?parent=45"}],"curies":[{"name":"wp","href":"https:\/\/api.w.org\/{rel}","templated":true}]}}