{"id":1789,"date":"2024-09-04T15:12:41","date_gmt":"2024-09-04T18:12:41","guid":{"rendered":"https:\/\/pos.uel.br\/saudecoletiva\/?page_id=1789"},"modified":"2025-05-13T14:35:59","modified_gmt":"2025-05-13T17:35:59","slug":"internacionalizacao","status":"publish","type":"page","link":"https:\/\/pos.uel.br\/saudecoletiva\/internacionalizacao\/","title":{"rendered":"Internacionaliza\u00e7\u00e3o"},"content":{"rendered":"\n<p>Pela primeira vez, o programa passou a receber, a partir de 2024, dois alunos estrangeiros, oriundos de Angola, fruto de um Programa de Parceria Estrat\u00e9gica de Coopera\u00e7\u00e3o T\u00e9cnica entre o Governo da Rep\u00fablica Federativa do Brasil e o Governo da Rep\u00fablica Popular de Angola. Ambos os estudantes est\u00e3o na modalidade mestrado e desenvolvendo suas disserta\u00e7\u00f5es sobre a tem\u00e1tica do HIV\/Aids, um dos grandes problemas de sa\u00fade p\u00fablica no pa\u00eds.<\/p>\n\n\n\n<p>No primeiro semestre de 2024, foi formalizado, em ambas as institui\u00e7\u00f5es, um Protocolo de Inten\u00e7\u00f5es entre UEL e a <em>Universidad de Castilla-La Mancha &#8211; UCLM <\/em>(Espanha). Esta proposta tem como objetivo facilitar a troca de conhecimentos entre pesquisadores, professores e estudantes da UEL e da UCLM no que diz respeito \u00e0 fundamenta\u00e7\u00e3o te\u00f3rica, m\u00e9todos e produ\u00e7\u00e3o cient\u00edfica relacionados \u00e0 pesquisa epidemiol\u00f3gica em temas de interesse comum, como sa\u00fade, estilo de vida e trabalho ao longo da vida. Especificamente, busca proporcionar aos professores e alunos do Programa de P\u00f3s-Gradua\u00e7\u00e3o em Sa\u00fade Coletiva da UEL a oportunidade de aprofundar seu conhecimento sobre os protocolos mais recentes para conduzir diferentes tipos de revis\u00f5es sistem\u00e1ticas e meta-an\u00e1lises. Al\u00e9m disso, pretende-se colaborar em an\u00e1lises estat\u00edsticas e elabora\u00e7\u00e3o de artigos cient\u00edficos utilizando bases de dados p\u00fablicas do Brasil e da Espanha, bem como outras fontes de dados dispon\u00edveis para os professores envolvidos em ambas as institui\u00e7\u00f5es por meio do interc\u00e2mbio de estudantes e suas pesquisas. Essas colabora\u00e7\u00f5es ocorrer\u00e3o no contexto da forma\u00e7\u00e3o de p\u00f3s-graduandos da UEL e da UCLM, com o objetivo de estimular a produ\u00e7\u00e3o cient\u00edfica para ser incorporada em suas disserta\u00e7\u00f5es e teses, al\u00e9m de promover a realiza\u00e7\u00e3o de est\u00e1gios nas institui\u00e7\u00f5es estrangeiras em formato de mobilidade.<\/p>\n\n\n\n<p>Outra retomada importante, foi a realiza\u00e7\u00e3o de doutorados sandu\u00edche pelos nossos estudantes por meio do Programa Institucional de Doutorado Sandu\u00edche no Exterior via editais da CAPES (30\/2023, 06\/2024 e 26\/2024). Na quadrienal j\u00e1 foram publicados tr\u00eas editais para sele\u00e7\u00e3o interna do programa, um em 2023 (edital PPGSC 09\/2023) e dois em 2024 (edital PPGSC 01\/2024 e 14\/2024). Em todos os editais tivemos candidatos inscritos. A aluna contemplada no edital de 2023, cursou seu est\u00e1gio na Universidade das Ilhas Baleares, j\u00e1 finalizado. Em curso, a candidata do primeiro edital de 2024 encontra-se na Universidade da Castilla \u2013 La Mancha com retorno previsto para abril de 2025. No terceiro edital, houve a aprova\u00e7\u00e3o de duas cotas de bolsas de doutorado sandu\u00edche para o programa, uma das candidatas ir\u00e1 para a Universidade Aut\u00f4noma de Madrid e outra para a Universidades das Ilhas Baleares.<\/p>\n","protected":false},"excerpt":{"rendered":"<p>Pela primeira vez, o programa passou a receber, a partir de 2024, dois alunos estrangeiros, oriundos de Angola, fruto de um Programa de Parceria Estrat\u00e9gica de Coopera\u00e7\u00e3o T\u00e9cnica entre o Governo da Rep\u00fablica Federativa do Brasil e o Governo da Rep\u00fablica Popular de Angola. Ambos os estudantes est\u00e3o na modalidade mestrado e desenvolvendo suas disserta\u00e7\u00f5es [&hellip;]<\/p>\n","protected":false},"author":8,"featured_media":0,"parent":0,"menu_order":0,"comment_status":"closed","ping_status":"closed","template":"","meta":{"footnotes":""},"class_list":["post-1789","page","type-page","status-publish","hentry"],"acf":[],"_links":{"self":[{"href":"https:\/\/pos.uel.br\/saudecoletiva\/wp-json\/wp\/v2\/pages\/1789","targetHints":{"allow":["GET"]}}],"collection":[{"href":"https:\/\/pos.uel.br\/saudecoletiva\/wp-json\/wp\/v2\/pages"}],"about":[{"href":"https:\/\/pos.uel.br\/saudecoletiva\/wp-json\/wp\/v2\/types\/page"}],"author":[{"embeddable":true,"href":"https:\/\/pos.uel.br\/saudecoletiva\/wp-json\/wp\/v2\/users\/8"}],"replies":[{"embeddable":true,"href":"https:\/\/pos.uel.br\/saudecoletiva\/wp-json\/wp\/v2\/comments?post=1789"}],"version-history":[{"count":2,"href":"https:\/\/pos.uel.br\/saudecoletiva\/wp-json\/wp\/v2\/pages\/1789\/revisions"}],"predecessor-version":[{"id":1979,"href":"https:\/\/pos.uel.br\/saudecoletiva\/wp-json\/wp\/v2\/pages\/1789\/revisions\/1979"}],"wp:attachment":[{"href":"https:\/\/pos.uel.br\/saudecoletiva\/wp-json\/wp\/v2\/media?parent=1789"}],"curies":[{"name":"wp","href":"https:\/\/api.w.org\/{rel}","templated":true}]}}