{"id":174,"date":"2021-07-27T11:45:08","date_gmt":"2021-07-27T14:45:08","guid":{"rendered":"https:\/\/pos.uel.br\/saudecoletiva\/?page_id=174"},"modified":"2026-03-19T09:08:01","modified_gmt":"2026-03-19T12:08:01","slug":"bolsas","status":"publish","type":"page","link":"https:\/\/pos.uel.br\/saudecoletiva\/bolsas\/","title":{"rendered":"Bolsas"},"content":{"rendered":"\n<p><strong>O Programa de P\u00f3s-gradua\u00e7\u00e3o em Sa\u00fade Coletiva tinha em 2025:<\/strong><\/p>\n\n\n\n<p>Nove (9) bolsas de mestrado<\/p>\n\n\n\n<p>Quinze (15) bolsas de doutorado<\/p>\n\n\n\n<p><strong>Comiss\u00e3o de Bolsas<\/strong><\/p>\n\n\n\n<ul class=\"wp-block-list\">\n<li>Alberto Dur\u00e1n Gonz\u00e1lez<\/li>\n\n\n\n<li>Mathias Roberto Loch<\/li>\n\n\n\n<li>Marselle Nobre de Carvalho<\/li>\n<\/ul>\n\n\n\n<p><strong>Crit\u00e9rios para distribui\u00e7\u00e3o das bolsas<\/strong><\/p>\n\n\n\n<p>Ser\u00e3o definidos em edital espec\u00edfico<\/p>\n\n\n\n<p><\/p>\n\n\n\n<p><strong>Documentos<\/strong><\/p>\n\n\n\n<p>Termo de compromisso<\/p>\n\n\n\n<div class=\"wp-block-file\"><a id=\"wp-block-file--media-c5e10505-6dc1-430c-8a2d-7e1f50c2e72e\" href=\"https:\/\/pos.uel.br\/saudecoletiva\/wp-content\/uploads\/2026\/03\/Termo-de-Compromisso-DS-2026-1.docx\">Termo de Compromisso DS 2026<\/a><a href=\"https:\/\/pos.uel.br\/saudecoletiva\/wp-content\/uploads\/2026\/03\/Termo-de-Compromisso-DS-2026-1.docx\" class=\"wp-block-file__button wp-element-button\" download aria-describedby=\"wp-block-file--media-c5e10505-6dc1-430c-8a2d-7e1f50c2e72e\">Baixar<\/a><\/div>\n\n\n\n<p>Relat\u00f3rio semestral <\/p>\n\n\n\n<div class=\"wp-block-file\"><a id=\"wp-block-file--media-ff50e72e-be88-454a-8e8c-7999222c4cca\" href=\"https:\/\/pos.uel.br\/saudecoletiva\/wp-content\/uploads\/2022\/04\/Roteiro-Relato\u0301rio-Semestral-Bolsa-4.doc\">Roteiro-Relato\u0301rio-Semestral-Bolsa-4<\/a><a href=\"https:\/\/pos.uel.br\/saudecoletiva\/wp-content\/uploads\/2022\/04\/Roteiro-Relato\u0301rio-Semestral-Bolsa-4.doc\" class=\"wp-block-file__button wp-element-button\" download aria-describedby=\"wp-block-file--media-ff50e72e-be88-454a-8e8c-7999222c4cca\">Baixar<\/a><\/div>\n\n\n\n<p><strong>Legisla\u00e7\u00e3o CAPES<\/strong><\/p>\n\n\n\n<div class=\"wp-block-file\"><a id=\"wp-block-file--media-bb102e9b-56fd-42b7-a270-f00c07c8feea\" href=\"https:\/\/pos.uel.br\/saudecoletiva\/wp-content\/uploads\/2023\/07\/Portaria-133_2023_Capes.pdf\">Portaria-133_2023_Capes<\/a><a href=\"https:\/\/pos.uel.br\/saudecoletiva\/wp-content\/uploads\/2023\/07\/Portaria-133_2023_Capes.pdf\" class=\"wp-block-file__button wp-element-button\" download aria-describedby=\"wp-block-file--media-bb102e9b-56fd-42b7-a270-f00c07c8feea\">Baixar<\/a><\/div>\n\n\n\n\n\n\n\n\n\n<p><\/p>\n","protected":false},"excerpt":{"rendered":"<p>O Programa de P\u00f3s-gradua\u00e7\u00e3o em Sa\u00fade Coletiva tinha em 2025: Nove (9) bolsas de mestrado Quinze (15) bolsas de doutorado Comiss\u00e3o de Bolsas Crit\u00e9rios para distribui\u00e7\u00e3o das bolsas Ser\u00e3o definidos em edital espec\u00edfico Documentos Termo de compromisso Relat\u00f3rio semestral Legisla\u00e7\u00e3o CAPES<\/p>\n","protected":false},"author":8,"featured_media":0,"parent":0,"menu_order":0,"comment_status":"closed","ping_status":"closed","template":"","meta":{"footnotes":""},"class_list":["post-174","page","type-page","status-publish","hentry"],"acf":[],"_links":{"self":[{"href":"https:\/\/pos.uel.br\/saudecoletiva\/wp-json\/wp\/v2\/pages\/174","targetHints":{"allow":["GET"]}}],"collection":[{"href":"https:\/\/pos.uel.br\/saudecoletiva\/wp-json\/wp\/v2\/pages"}],"about":[{"href":"https:\/\/pos.uel.br\/saudecoletiva\/wp-json\/wp\/v2\/types\/page"}],"author":[{"embeddable":true,"href":"https:\/\/pos.uel.br\/saudecoletiva\/wp-json\/wp\/v2\/users\/8"}],"replies":[{"embeddable":true,"href":"https:\/\/pos.uel.br\/saudecoletiva\/wp-json\/wp\/v2\/comments?post=174"}],"version-history":[{"count":10,"href":"https:\/\/pos.uel.br\/saudecoletiva\/wp-json\/wp\/v2\/pages\/174\/revisions"}],"predecessor-version":[{"id":2169,"href":"https:\/\/pos.uel.br\/saudecoletiva\/wp-json\/wp\/v2\/pages\/174\/revisions\/2169"}],"wp:attachment":[{"href":"https:\/\/pos.uel.br\/saudecoletiva\/wp-json\/wp\/v2\/media?parent=174"}],"curies":[{"name":"wp","href":"https:\/\/api.w.org\/{rel}","templated":true}]}}