{"id":13,"date":"2021-04-29T11:13:23","date_gmt":"2021-04-29T14:13:23","guid":{"rendered":"https:\/\/pos.uel.br\/saudecoletiva\/?page_id=13"},"modified":"2022-06-22T19:15:02","modified_gmt":"2022-06-22T22:15:02","slug":"estrutura-curricular","status":"publish","type":"page","link":"https:\/\/pos.uel.br\/saudecoletiva\/estrutura-curricular\/","title":{"rendered":"Estrutura curricular"},"content":{"rendered":"\n<p>O mestrando dever\u00e1 completar 1.305 (mil, trezentos e cinco) horas e <strong>87 (oitenta e sete) cr\u00e9ditos<\/strong>, assim distribu\u00eddos:<\/p>\n\n\n\n<p>a)\u00a0\u00a0 <strong>17 (dezessete) cr\u00e9ditos em disciplinas obrigat\u00f3rias<\/strong>;<\/p>\n\n\n\n<p>b)\u00a0\u00a0 <strong>10 (dez) cr\u00e9ditos em disciplinas optativas<\/strong>;<\/p>\n\n\n\n<p>c)\u00a0\u00a0 <strong>60 (sessenta) cr\u00e9ditos em Disserta\u00e7\u00e3o de Mestrado<\/strong>.<\/p>\n\n\n\n<p class=\"has-primary-accent-color has-text-color has-medium-font-size\"><strong>A) DISCIPLINAS OBRIGAT\u00d3RIAS<\/strong><\/p>\n\n\n\n<figure class=\"wp-block-table is-style-stripes\"><table><tbody><tr><td><strong>C\u00f3digo<\/strong><\/td><td><strong>Disciplina<\/strong><\/td><td><strong>Cr\u00e9ditos<\/strong><\/td><td><strong>Carga hor\u00e1ria<\/strong><\/td><\/tr><tr><td>2 SAC 296<\/td><td>Pol\u00edtica, Planejamento e Gest\u00e3o em Sa\u00fade<\/td><td>5 cr<\/td><td>75 h<\/td><\/tr><tr><td>2 SOC 387<\/td><td>Sa\u00fade e Sociedade<\/td><td>3 cr<\/td><td>45 h<\/td><\/tr><tr><td>2 SAC 298<\/td><td>Epidemiologia<\/td><td>5 cr<\/td><td>75 h<\/td><\/tr><tr><td>2 SAC 299<\/td><td>M\u00e9todos e T\u00e9cnicas de Pesquisa em Sa\u00fade<\/td><td>4 cr<\/td><td>60 h<\/td><\/tr><\/tbody><\/table><\/figure>\n\n\n\n<p class=\"has-primary-accent-color has-text-color has-medium-font-size\"><strong>B)\u00a0 DISCIPLINAS OPTATIVAS<\/strong><\/p>\n\n\n\n<figure class=\"wp-block-table is-style-stripes\"><table><tbody><tr><td><strong>C\u00f3digo<\/strong><\/td><td><strong>Disciplina<\/strong><\/td><td><strong>Cr\u00e9ditos<\/strong><\/td><td><strong>Carga hor\u00e1ria<\/strong><\/td><\/tr><tr><td>2 STA 071<\/td><td>M\u00e9todos Quantitativos Aplicados \u00e0 Sa\u00fade<\/td><td>4 cr<\/td><td>60 h<\/td><\/tr><tr><td>2 SAC 301<\/td><td>M\u00e9todos em Pesquisa Qualitativa<\/td><td>2 cr<\/td><td>30 h<\/td><\/tr><tr><td>2 SAC 302 \u00a0<\/td><td>Abordagens Te\u00f3ricas e An\u00e1lise em Pesquisa Qualitativa<\/td><td>3 cr<\/td><td>45 h<\/td><\/tr><tr><td>2 SAC 303\u00a0<\/td><td>T\u00f3picos Avan\u00e7ados em Planejamento e Gest\u00e3o em Sa\u00fade<\/td><td>3 cr\u00a0<\/td><td>45 h<\/td><\/tr><tr><td>2 SAC 304<\/td><td>T\u00f3picos Avan\u00e7ados em Epidemiologia<\/td><td>3 cr\u00a0<\/td><td>45 h<\/td><\/tr><tr><td>2 SAC 305<\/td><td>Introdu\u00e7\u00e3o \u00e0 Avalia\u00e7\u00e3o de Servi\u00e7os de Sa\u00fade\u00a0<\/td><td>2 cr<\/td><td>30 h<\/td><\/tr><tr><td>2 SAC 306<\/td><td>Sistema Nacional de Informa\u00e7\u00f5es em Sa\u00fade<\/td><td>3 cr\u00a0<\/td><td>45 h<\/td><\/tr><tr><td>2 SAC 307<\/td><td>Epidemiologia das Doen\u00e7as e Agravos n\u00e3o Transmiss\u00edveis<\/td><td>2 cr<\/td><td>30 h<\/td><\/tr><tr><td>2 SAC 308<\/td><td>O trabalho e o Cuidado em Sa\u00fade<\/td><td>3 cr<\/td><td>45 h<\/td><\/tr><tr><td>2 SAC 309<\/td><td>Revis\u00e3o Sistem\u00e1tica e Meta-an\u00e1lise<\/td><td>2 cr\u00a0<\/td><td>30 h<\/td><\/tr><tr><td>\u00a02 SAC 310<\/td><td>Introdu\u00e7\u00e3o a M\u00e9todos Ativos de Ensino-aprendizagem<\/td><td>2 cr<\/td><td>30 h<\/td><\/tr><tr><td>2 SAC 311<\/td><td>Leitura Cr\u00edtica de Artigos Cient\u00edficos<\/td><td>3 cr<\/td><td>45 h<\/td><\/tr><tr><td>2 SAC 312<\/td><td>Aspectos da Produ\u00e7\u00e3o e Dissemina\u00e7\u00e3o Cient\u00edfica em Sa\u00fade Coletiva<\/td><td>4 cr<\/td><td>60 h<\/td><\/tr><tr><td>2 SAC 313<\/td><td>Semin\u00e1rios de Disserta\u00e7\u00f5es I<\/td><td>3 cr<\/td><td>45 h<\/td><\/tr><tr><td>2 SAC 314<\/td><td>Semin\u00e1rios de Disserta\u00e7\u00f5es II<\/td><td>3 cr<\/td><td>45 h<\/td><\/tr><tr><td>2 SAC 315<\/td><td>Pr\u00e1ticas docentes na gradua\u00e7\u00e3o I<\/td><td>3 cr<\/td><td>45 h<\/td><\/tr><tr><td>2 SAC 316<\/td><td>Pr\u00e1ticas docentes na gradua\u00e7\u00e3o II<\/td><td>3 cr\u00a0<\/td><td>45 h<\/td><\/tr><tr><td>2 SAC 317<\/td><td>Pr\u00e1ticas docentes na gradua\u00e7\u00e3o III<\/td><td>3 cr<\/td><td>45 h<\/td><\/tr><tr><td>2 SAC 318<\/td><td>Pr\u00e1ticas docentes na gradua\u00e7\u00e3o IV<\/td><td>3 cr\u00a0<\/td><td>45 h<\/td><\/tr><tr><td>2 SAC 319<\/td><td>Atividades de Dissemina\u00e7\u00e3o Cient\u00edfica I\u00a0<\/td><td>1 cr<\/td><td>15 h<\/td><\/tr><tr><td>2 SAC 320<\/td><td>Atividades de Dissemina\u00e7\u00e3o Cient\u00edfica II\u00a0<\/td><td>2 cr<\/td><td>30 h<\/td><\/tr><tr><td>2 SAC 321<\/td><td>Atividades de Dissemina\u00e7\u00e3o Cient\u00edfica III\u00a0<\/td><td>3 cr\u00a0<\/td><td>45 h<\/td><\/tr><tr><td>2 SAC 322<\/td><td>Atividades de Dissemina\u00e7\u00e3o Cient\u00edfica IV<\/td><td>4 cr<\/td><td>60 h<\/td><\/tr><tr><td>2 SAC 297 \u00a0<\/td><td>Atividades Especiais em Sa\u00fade Coletiva I\u00a0<\/td><td>1 cr\u00a0<\/td><td>15 h<\/td><\/tr><tr><td>2 SAC 300<\/td><td>Atividades Especiais em Sa\u00fade Coletiva II<\/td><td>1 cr<\/td><td>15 h<\/td><\/tr><tr><td>2 SAC 199 a SAC 230<\/td><td>T\u00f3picos Especiais em Sa\u00fade Coletiva<\/td><td>Vari\u00e1vel<\/td><td>Vari\u00e1vel<\/td><\/tr><\/tbody><\/table><\/figure>\n\n\n\n<p>O exame de qualifica\u00e7\u00e3o, requisito para a defesa p\u00fablica da disserta\u00e7\u00e3o, \u00e9 realizado ap\u00f3s integraliza\u00e7\u00e3o dos cr\u00e9ditos necess\u00e1rios e dos exames de profici\u00eancia em l\u00edngua estrangeira (ingl\u00eas). A banca institu\u00edda para defesa dos trabalhos conta, no m\u00ednimo, com um membro externo ao Programa.<\/p>\n\n\n\n<p>A entrada ao mestrado \u00e9 bienal desde o in\u00edcio do funcionamento do Programa em 1990. Essa conforma\u00e7\u00e3o de entrada bienal no mestrado \u00e9 necess\u00e1ria devido \u00e0 elevada carga de trabalho dedicada \u00e0 gradua\u00e7\u00e3o e \u00e0 p\u00f3s-gradua\u00e7\u00e3o <em>lato sensu<\/em> (Resid\u00eancia Multiprofissional em Sa\u00fade da Fam\u00edlia) por parte dos docentes permanentes.<\/p>\n","protected":false},"excerpt":{"rendered":"<p>O mestrando dever\u00e1 completar 1.305 (mil, trezentos e cinco) horas e 87 (oitenta e sete) cr\u00e9ditos, assim distribu\u00eddos: a)\u00a0\u00a0 17 (dezessete) cr\u00e9ditos em disciplinas obrigat\u00f3rias; b)\u00a0\u00a0 10 (dez) cr\u00e9ditos em disciplinas optativas; c)\u00a0\u00a0 60 (sessenta) cr\u00e9ditos em Disserta\u00e7\u00e3o de Mestrado. A) DISCIPLINAS OBRIGAT\u00d3RIAS C\u00f3digo Disciplina Cr\u00e9ditos Carga hor\u00e1ria 2 SAC 296 Pol\u00edtica, Planejamento e Gest\u00e3o [&hellip;]<\/p>\n","protected":false},"author":7,"featured_media":0,"parent":0,"menu_order":0,"comment_status":"closed","ping_status":"closed","template":"","meta":{"footnotes":""},"class_list":["post-13","page","type-page","status-publish","hentry"],"acf":[],"_links":{"self":[{"href":"https:\/\/pos.uel.br\/saudecoletiva\/wp-json\/wp\/v2\/pages\/13","targetHints":{"allow":["GET"]}}],"collection":[{"href":"https:\/\/pos.uel.br\/saudecoletiva\/wp-json\/wp\/v2\/pages"}],"about":[{"href":"https:\/\/pos.uel.br\/saudecoletiva\/wp-json\/wp\/v2\/types\/page"}],"author":[{"embeddable":true,"href":"https:\/\/pos.uel.br\/saudecoletiva\/wp-json\/wp\/v2\/users\/7"}],"replies":[{"embeddable":true,"href":"https:\/\/pos.uel.br\/saudecoletiva\/wp-json\/wp\/v2\/comments?post=13"}],"version-history":[{"count":7,"href":"https:\/\/pos.uel.br\/saudecoletiva\/wp-json\/wp\/v2\/pages\/13\/revisions"}],"predecessor-version":[{"id":1117,"href":"https:\/\/pos.uel.br\/saudecoletiva\/wp-json\/wp\/v2\/pages\/13\/revisions\/1117"}],"wp:attachment":[{"href":"https:\/\/pos.uel.br\/saudecoletiva\/wp-json\/wp\/v2\/media?parent=13"}],"curies":[{"name":"wp","href":"https:\/\/api.w.org\/{rel}","templated":true}]}}