{"id":1182,"date":"2022-09-08T19:30:45","date_gmt":"2022-09-08T22:30:45","guid":{"rendered":"https:\/\/pos.uel.br\/saudecoletiva\/?page_id=1182"},"modified":"2025-02-06T11:58:22","modified_gmt":"2025-02-06T14:58:22","slug":"auto-avaliacao-do-programa","status":"publish","type":"page","link":"https:\/\/pos.uel.br\/saudecoletiva\/auto-avaliacao-do-programa\/","title":{"rendered":"Auto-avalia\u00e7\u00e3o do programa"},"content":{"rendered":"\n<p>O Programa de P\u00f3s-Gradua\u00e7\u00e3o em Sa\u00fade Coletiva (PPGSC) iniciou no ano de 2019 um processo sistem\u00e1tico e institucional de auto-avalia\u00e7\u00e3o. A auto-avalia\u00e7\u00e3o \u00e9 realizada anualmente sob a responsabilidade de uma Comiss\u00e3o de Auto-Avalia\u00e7\u00e3o composta pela equipe de coordena\u00e7\u00e3o do PPGSC, discentes e egressos. <\/p>\n\n\n\n<p><strong>Composi\u00e7\u00e3o da CAA<\/strong> (a partir de 2024)<\/p>\n\n\n\n<p><strong>Presidente: <\/strong><\/p>\n\n\n\n<p>Marselle Nobre de Carvalho<\/p>\n\n\n\n<p><strong>Membros docentes<\/strong><\/p>\n\n\n\n<p>Regina Melchior<br>Gabrielle Freitas Saganski<br>Juleimar Soares Coelho de Amorim<\/p>\n\n\n\n<p><strong>Membros discentes<\/strong><\/p>\n\n\n\n<p>Joamara Gomes Domingues de Oliveira<\/p>\n\n\n\n<p>Maria Helena da Costa<\/p>\n\n\n\n<p>Mayra Silva Ara\u00fajo<\/p>\n\n\n\n<p>Andr\u00e9 Luiz Martins<\/p>\n\n\n\n<p>Let\u00edcia Taynara Tsuzuki<\/p>\n\n\n\n<p>Let\u00edcia Cristina Bento<\/p>\n\n\n\n<p><strong>Egressos <\/strong><\/p>\n\n\n\n<p>Ana L\u00facia De Grandi<\/p>\n\n\n\n<p>Silvia Karla Azevedo Vieira Andrade<\/p>\n\n\n\n<hr class=\"wp-block-separator has-alpha-channel-opacity is-style-dots\" \/>\n\n\n\n<p><strong>Composi\u00e7\u00e3o da CAA<\/strong> (2022 a 2023)<\/p>\n\n\n\n<p><strong>Presidente:<\/strong> <\/p>\n\n\n\n<p>Fernanda de Freitas Mendon\u00e7a<\/p>\n\n\n\n<p><strong>Membros docentes<\/strong><\/p>\n\n\n\n<p>Br\u00edgida Gimenez Carvalho<\/p>\n\n\n\n<p>Maira Sayuri Sakai Bortoletto<\/p>\n\n\n\n<p>Marselle Nobre de Carvalho<\/p>\n\n\n\n<p>Mathias Roberto Loch<\/p>\n\n\n\n<p>Regina Melchior<\/p>\n\n\n\n<p><strong>Membros discentes e egressos<\/strong><\/p>\n\n\n\n<p>Elisangela Pinafo<\/p>\n\n\n\n<p>Rafaela Sirtoli<\/p>\n\n\n\n<p>Camila Zanfrilli<\/p>\n\n\n\n<p>Joamara Pimentel<\/p>\n\n\n\n<p>Milena Registro<\/p>\n\n\n\n<hr class=\"wp-block-separator has-alpha-channel-opacity is-style-dots\" \/>\n\n\n\n<p>Para acessar o plano de auto-avalia\u00e7\u00e3o, clique no link abaixo:<\/p>\n\n\n\n<div class=\"wp-block-file\"><a id=\"wp-block-file--media-17429dcb-8214-434f-9c95-e291f28c5a54\" href=\"https:\/\/pos.uel.br\/saudecoletiva\/wp-content\/uploads\/2022\/09\/PLANO-DE-AUTO-AVALIAC\u0327A\u0303O.pdf\">PLANO-DE-AUTO-AVALIAC\u0327A\u0303O<\/a><a href=\"https:\/\/pos.uel.br\/saudecoletiva\/wp-content\/uploads\/2022\/09\/PLANO-DE-AUTO-AVALIAC\u0327A\u0303O.pdf\" class=\"wp-block-file__button wp-element-button\" download aria-describedby=\"wp-block-file--media-17429dcb-8214-434f-9c95-e291f28c5a54\">Baixar<\/a><\/div>\n\n\n\n<p>Para acessar as fichas de avalia\u00e7\u00e3o, clique nos links abaixo:<\/p>\n\n\n\n<ul class=\"wp-block-list\">\n<li><strong>Formul\u00e1rio Discente PPGSC\/UEL<\/strong>&nbsp;:&nbsp;<a href=\"https:\/\/docs.google.com\/forms\/d\/e\/1FAIpQLSeSbVBQLa-hMpotfjEKW0N_bGZ1CwOdlDsTDsfT1zITsxqNUg\/viewform\" target=\"_blank\" rel=\"noreferrer noopener\">https:\/\/docs.google.com\/forms\/d\/e\/1FAIpQLSeSbVBQLa-hMpotfjEKW0N_bGZ1CwOdlDsTDsfT1zITsxqNUg\/viewform<\/a><\/li>\n\n\n\n<li><strong>Formul\u00e1rio Docentes PPGSC\/UEL:<\/strong>&nbsp;<a href=\"https:\/\/docs.google.com\/forms\/d\/e\/1FAIpQLSd9F0jSdRVs-TWccuFbZtTCMNZxYVv8SYsnAIQQPx6W53lcKA\/viewform\" target=\"_blank\" rel=\"noreferrer noopener\">https:\/\/docs.google.com\/forms\/d\/e\/1FAIpQLSd9F0jSdRVs-TWccuFbZtTCMNZxYVv8SYsnAIQQPx6W53lcKA\/viewform<\/a><\/li>\n\n\n\n<li><strong>Formul\u00e1rio Egressos\/as PPGSC\/UEL:<\/strong>&nbsp;<a href=\"https:\/\/docs.google.com\/forms\/d\/e\/1FAIpQLSdDxLYlRP63FrybaEsCsBTDQOvoeHBQGcwbq0Lbxa4dKbfchA\/viewform\" target=\"_blank\" rel=\"noreferrer noopener\">https:\/\/docs.google.com\/forms\/d\/e\/1FAIpQLSdDxLYlRP63FrybaEsCsBTDQOvoeHBQGcwbq0Lbxa4dKbfchA\/viewform<\/a><\/li>\n<\/ul>\n\n\n\n<p><strong>Relat\u00f3rio de autoavalia\u00e7\u00e3o 2022<\/strong><\/p>\n\n\n\n<div class=\"wp-block-file\"><a id=\"wp-block-file--media-2e3a8f6a-9612-4299-8ca5-9e5aff6df7c3\" href=\"https:\/\/pos.uel.br\/saudecoletiva\/wp-content\/uploads\/2024\/08\/Relatorio-de-Autoavaliac\u0327a\u0303o-do-PPG-Sau\u0301de-Coletiva-2021-2022-site.pdf\">Relatorio de Autoavaliac\u0327a\u0303o do PPG Sau\u0301de Coletiva 2021-2022 site<\/a><a href=\"https:\/\/pos.uel.br\/saudecoletiva\/wp-content\/uploads\/2024\/08\/Relatorio-de-Autoavaliac\u0327a\u0303o-do-PPG-Sau\u0301de-Coletiva-2021-2022-site.pdf\" class=\"wp-block-file__button wp-element-button\" download aria-describedby=\"wp-block-file--media-2e3a8f6a-9612-4299-8ca5-9e5aff6df7c3\">Baixar<\/a><\/div>\n\n\n\n<p><strong>Relat\u00f3rio de autoavalia\u00e7\u00e3o 2024<\/strong><\/p>\n\n\n\n<div class=\"wp-block-file\"><a id=\"wp-block-file--media-969ef9ed-8c2b-4a78-8f98-c0f549698c49\" href=\"https:\/\/pos.uel.br\/saudecoletiva\/wp-content\/uploads\/2025\/02\/Relatorio-Auto-Avaliacao-2024.pdf\">Relat\u00f3rio Auto-Avalia\u00e7\u00e3o 2024<\/a><a href=\"https:\/\/pos.uel.br\/saudecoletiva\/wp-content\/uploads\/2025\/02\/Relatorio-Auto-Avaliacao-2024.pdf\" class=\"wp-block-file__button wp-element-button\" download aria-describedby=\"wp-block-file--media-969ef9ed-8c2b-4a78-8f98-c0f549698c49\">Baixar<\/a><\/div>\n","protected":false},"excerpt":{"rendered":"<p>O Programa de P\u00f3s-Gradua\u00e7\u00e3o em Sa\u00fade Coletiva (PPGSC) iniciou no ano de 2019 um processo sistem\u00e1tico e institucional de auto-avalia\u00e7\u00e3o. A auto-avalia\u00e7\u00e3o \u00e9 realizada anualmente sob a responsabilidade de uma Comiss\u00e3o de Auto-Avalia\u00e7\u00e3o composta pela equipe de coordena\u00e7\u00e3o do PPGSC, discentes e egressos. Composi\u00e7\u00e3o da CAA (a partir de 2024) Presidente: Marselle Nobre de Carvalho [&hellip;]<\/p>\n","protected":false},"author":8,"featured_media":0,"parent":0,"menu_order":0,"comment_status":"closed","ping_status":"closed","template":"","meta":{"footnotes":""},"class_list":["post-1182","page","type-page","status-publish","hentry"],"acf":[],"_links":{"self":[{"href":"https:\/\/pos.uel.br\/saudecoletiva\/wp-json\/wp\/v2\/pages\/1182","targetHints":{"allow":["GET"]}}],"collection":[{"href":"https:\/\/pos.uel.br\/saudecoletiva\/wp-json\/wp\/v2\/pages"}],"about":[{"href":"https:\/\/pos.uel.br\/saudecoletiva\/wp-json\/wp\/v2\/types\/page"}],"author":[{"embeddable":true,"href":"https:\/\/pos.uel.br\/saudecoletiva\/wp-json\/wp\/v2\/users\/8"}],"replies":[{"embeddable":true,"href":"https:\/\/pos.uel.br\/saudecoletiva\/wp-json\/wp\/v2\/comments?post=1182"}],"version-history":[{"count":11,"href":"https:\/\/pos.uel.br\/saudecoletiva\/wp-json\/wp\/v2\/pages\/1182\/revisions"}],"predecessor-version":[{"id":1908,"href":"https:\/\/pos.uel.br\/saudecoletiva\/wp-json\/wp\/v2\/pages\/1182\/revisions\/1908"}],"wp:attachment":[{"href":"https:\/\/pos.uel.br\/saudecoletiva\/wp-json\/wp\/v2\/media?parent=1182"}],"curies":[{"name":"wp","href":"https:\/\/api.w.org\/{rel}","templated":true}]}}