{"id":1157,"date":"2022-08-31T11:05:39","date_gmt":"2022-08-31T14:05:39","guid":{"rendered":"https:\/\/pos.uel.br\/saudecoletiva\/?page_id=1157"},"modified":"2022-12-21T16:46:17","modified_gmt":"2022-12-21T19:46:17","slug":"selecao-turma-2023","status":"publish","type":"page","link":"https:\/\/pos.uel.br\/saudecoletiva\/selecao-turma-2023\/","title":{"rendered":"Sele\u00e7\u00e3o turma 2023"},"content":{"rendered":"\n<p>01\/09\/2022 &#8211; Para acessar o edital, clique no link abaixo:<\/p>\n\n\n\n<div class=\"wp-block-file\"><a id=\"wp-block-file--media-ececb728-dd25-4ae9-ac82-3844b3994565\" href=\"https:\/\/pos.uel.br\/saudecoletiva\/wp-content\/uploads\/2022\/09\/edital-processo-selec\u0327a\u0303o-dout2023.pdf\">edital-processo-selec\u0327a\u0303o-dout2023<\/a><a href=\"https:\/\/pos.uel.br\/saudecoletiva\/wp-content\/uploads\/2022\/09\/edital-processo-selec\u0327a\u0303o-dout2023.pdf\" class=\"wp-block-file__button wp-element-button\" download aria-describedby=\"wp-block-file--media-ececb728-dd25-4ae9-ac82-3844b3994565\">Baixar<\/a><\/div>\n\n\n\n<p><\/p>\n\n\n\n<p>01\/09\/2022 &#8211; Para acessar os temas e refer\u00eancias da prova, clique no link abaixo:<\/p>\n\n\n\n<div class=\"wp-block-file\"><a id=\"wp-block-file--media-1c3b2492-00f8-4820-ae77-bee129492d27\" href=\"https:\/\/pos.uel.br\/saudecoletiva\/wp-content\/uploads\/2022\/09\/Temas-Prova-e-Refere\u0302ncias-Processo-Seletivo-Dout-2023.pdf\">Temas-Prova-e-Refere\u0302ncias-Processo-Seletivo-Dout-2023<\/a><a href=\"https:\/\/pos.uel.br\/saudecoletiva\/wp-content\/uploads\/2022\/09\/Temas-Prova-e-Refere\u0302ncias-Processo-Seletivo-Dout-2023.pdf\" class=\"wp-block-file__button wp-element-button\" download aria-describedby=\"wp-block-file--media-1c3b2492-00f8-4820-ae77-bee129492d27\">Baixar<\/a><\/div>\n\n\n\n<p><\/p>\n\n\n\n<p>01\/09\/2022 &#8211; Para baixar o modelo de curr\u00edculo, clique no link abaixo:<\/p>\n\n\n\n<div class=\"wp-block-file\"><a id=\"wp-block-file--media-4661ac67-c120-4fe9-ba57-55567652ce42\" href=\"https:\/\/pos.uel.br\/saudecoletiva\/wp-content\/uploads\/2022\/08\/CURRI\u0301CULO_DOUTORADO_SC-_2023.docx\">CURRI\u0301CULO_DOUTORADO_SC-_2023<\/a><a href=\"https:\/\/pos.uel.br\/saudecoletiva\/wp-content\/uploads\/2022\/08\/CURRI\u0301CULO_DOUTORADO_SC-_2023.docx\" class=\"wp-block-file__button wp-element-button\" download aria-describedby=\"wp-block-file--media-4661ac67-c120-4fe9-ba57-55567652ce42\">Baixar<\/a><\/div>\n\n\n\n<p>05\/09\/2022 &#8211; Link para requerimento de inscri\u00e7\u00e3o pelo Cad\u00danico:<\/p>\n\n\n\n<p><a rel=\"noreferrer noopener\" href=\"http:\/\/www.uel.br\/eventos\/insc\/?id=7665\" target=\"_blank\">http:\/\/www.uel.br\/eventos\/insc\/?id=7665<\/a><\/p>\n\n\n\n<p>13\/09\/2022 &#8211; Para acessar o edital referente ao resultado do pedido de isen\u00e7\u00e3o da taxa de inscri\u00e7\u00e3o, clique no link abaixo:<\/p>\n\n\n\n<div class=\"wp-block-file\"><a id=\"wp-block-file--media-7b3901be-3c87-4062-a952-6170ebb6ed6b\" href=\"https:\/\/pos.uel.br\/saudecoletiva\/wp-content\/uploads\/2022\/09\/edita15.22Resultado-isenc\u0327a\u0303o-tx-inscric\u0327a\u0303o-1.pdf\">edita15.22Resultado-isenc\u0327a\u0303o-tx-inscric\u0327a\u0303o-1<\/a><a href=\"https:\/\/pos.uel.br\/saudecoletiva\/wp-content\/uploads\/2022\/09\/edita15.22Resultado-isenc\u0327a\u0303o-tx-inscric\u0327a\u0303o-1.pdf\" class=\"wp-block-file__button wp-element-button\" download aria-describedby=\"wp-block-file--media-7b3901be-3c87-4062-a952-6170ebb6ed6b\">Baixar<\/a><\/div>\n\n\n\n<p>01\/12\/2022 &#8211;<a href=\"https:\/\/pos.uel.br\/saudecoletiva\/wp-content\/uploads\/2022\/12\/Edital-16.2022-Homologac%CC%A7a%CC%83o-doutorado-2022.pdf\"> Inscri\u00e7\u00f5es homologadas<\/a><\/p>\n\n\n\n<p>07\/12\/2022 &#8211; <a href=\"https:\/\/pos.uel.br\/saudecoletiva\/wp-content\/uploads\/2022\/12\/Edital-172022.pdf\">Rela\u00e7\u00e3o dos candidatos aprovados e cronograma de entrevistas<\/a><\/p>\n\n\n\n<p>21\/12\/2022 &#8211; <a href=\"https:\/\/pos.uel.br\/saudecoletiva\/wp-content\/uploads\/2022\/12\/PPG-Sau%CC%81de-Coletiva_Edital-18.2022-Resultado-e-Convocc%CC%A7a%CC%83o-para-a-Matri%CC%81cula-2023.pdf\">Divulga\u00e7\u00e3o de resultado e convoca\u00e7\u00e3o para matr\u00edcula<\/a><\/p>\n\n\n\n<p><\/p>\n","protected":false},"excerpt":{"rendered":"<p>01\/09\/2022 &#8211; Para acessar o edital, clique no link abaixo: 01\/09\/2022 &#8211; Para acessar os temas e refer\u00eancias da prova, clique no link abaixo: 01\/09\/2022 &#8211; Para baixar o modelo de curr\u00edculo, clique no link abaixo: 05\/09\/2022 &#8211; Link para requerimento de inscri\u00e7\u00e3o pelo Cad\u00danico: http:\/\/www.uel.br\/eventos\/insc\/?id=7665 13\/09\/2022 &#8211; Para acessar o edital referente ao resultado [&hellip;]<\/p>\n","protected":false},"author":8,"featured_media":0,"parent":0,"menu_order":0,"comment_status":"closed","ping_status":"closed","template":"","meta":{"footnotes":""},"class_list":["post-1157","page","type-page","status-publish","hentry"],"acf":[],"_links":{"self":[{"href":"https:\/\/pos.uel.br\/saudecoletiva\/wp-json\/wp\/v2\/pages\/1157","targetHints":{"allow":["GET"]}}],"collection":[{"href":"https:\/\/pos.uel.br\/saudecoletiva\/wp-json\/wp\/v2\/pages"}],"about":[{"href":"https:\/\/pos.uel.br\/saudecoletiva\/wp-json\/wp\/v2\/types\/page"}],"author":[{"embeddable":true,"href":"https:\/\/pos.uel.br\/saudecoletiva\/wp-json\/wp\/v2\/users\/8"}],"replies":[{"embeddable":true,"href":"https:\/\/pos.uel.br\/saudecoletiva\/wp-json\/wp\/v2\/comments?post=1157"}],"version-history":[{"count":9,"href":"https:\/\/pos.uel.br\/saudecoletiva\/wp-json\/wp\/v2\/pages\/1157\/revisions"}],"predecessor-version":[{"id":1299,"href":"https:\/\/pos.uel.br\/saudecoletiva\/wp-json\/wp\/v2\/pages\/1157\/revisions\/1299"}],"wp:attachment":[{"href":"https:\/\/pos.uel.br\/saudecoletiva\/wp-json\/wp\/v2\/media?parent=1157"}],"curies":[{"name":"wp","href":"https:\/\/api.w.org\/{rel}","templated":true}]}}