{"id":8,"date":"2026-02-23T15:25:26","date_gmt":"2026-02-23T18:25:26","guid":{"rendered":"https:\/\/pos.uel.br\/profqui\/?page_id=8"},"modified":"2026-02-23T16:02:14","modified_gmt":"2026-02-23T19:02:14","slug":"sobre-o-curso","status":"publish","type":"page","link":"https:\/\/pos.uel.br\/profqui\/sobre-o-curso\/","title":{"rendered":"Sobre o curso"},"content":{"rendered":"\n<p>O\u00a0Programa de Mestrado Profissional em Qu\u00edmica em Rede Nacional (PROFQUI) \u00e9 um curso semipresencial ofertado nacionalmente, conduzindo ao t\u00edtulo de Mestre em Qu\u00edmica; como sede o Instituto de Qu\u00edmica da Universidade Federal do Rio de Janeiro &#8211; UFRJ e tem a cogest\u00e3o da Sociedade Brasileira de Qu\u00edmica (SBQ) e o apoio das Institui\u00e7\u00f5es Associadas, formando uma Rede Nacional de P\u00f3s-gradua\u00e7\u00e3o. <\/p>\n\n\n\n<p>O PROFQUI \u00e9 um programa de p\u00f3s-gradua\u00e7\u00e3o, stricto sensu, na modalidade mestrado profissional, que tem como foco proporcionar forma\u00e7\u00e3o continuada qualificada e atualizada em Qu\u00edmica, considerando-se temas de pesquisa, desenvolvimento de produtos e material did\u00e1tico que seja relevante para os professores em pleno exerc\u00edcio da doc\u00eancia no Ensino M\u00e9dio do pa\u00eds.<\/p>\n","protected":false},"excerpt":{"rendered":"<p>O\u00a0Programa de Mestrado Profissional em Qu\u00edmica em Rede Nacional (PROFQUI) \u00e9 um curso semipresencial ofertado nacionalmente, conduzindo ao t\u00edtulo de Mestre em Qu\u00edmica; como sede o Instituto de Qu\u00edmica da Universidade Federal do Rio de Janeiro &#8211; UFRJ e tem a cogest\u00e3o da Sociedade Brasileira de Qu\u00edmica (SBQ) e o apoio das Institui\u00e7\u00f5es Associadas, formando [&hellip;]<\/p>\n","protected":false},"author":6,"featured_media":0,"parent":0,"menu_order":0,"comment_status":"closed","ping_status":"closed","template":"","meta":{"_acf_changed":false,"footnotes":""},"class_list":["post-8","page","type-page","status-publish","hentry"],"acf":[],"_links":{"self":[{"href":"https:\/\/pos.uel.br\/profqui\/wp-json\/wp\/v2\/pages\/8","targetHints":{"allow":["GET"]}}],"collection":[{"href":"https:\/\/pos.uel.br\/profqui\/wp-json\/wp\/v2\/pages"}],"about":[{"href":"https:\/\/pos.uel.br\/profqui\/wp-json\/wp\/v2\/types\/page"}],"author":[{"embeddable":true,"href":"https:\/\/pos.uel.br\/profqui\/wp-json\/wp\/v2\/users\/6"}],"replies":[{"embeddable":true,"href":"https:\/\/pos.uel.br\/profqui\/wp-json\/wp\/v2\/comments?post=8"}],"version-history":[{"count":3,"href":"https:\/\/pos.uel.br\/profqui\/wp-json\/wp\/v2\/pages\/8\/revisions"}],"predecessor-version":[{"id":27,"href":"https:\/\/pos.uel.br\/profqui\/wp-json\/wp\/v2\/pages\/8\/revisions\/27"}],"wp:attachment":[{"href":"https:\/\/pos.uel.br\/profqui\/wp-json\/wp\/v2\/media?parent=8"}],"curies":[{"name":"wp","href":"https:\/\/api.w.org\/{rel}","templated":true}]}}