{"id":32,"date":"2026-02-23T16:05:23","date_gmt":"2026-02-23T19:05:23","guid":{"rendered":"https:\/\/pos.uel.br\/profqui\/?page_id=32"},"modified":"2026-04-06T11:12:31","modified_gmt":"2026-04-06T14:12:31","slug":"uel","status":"publish","type":"page","link":"https:\/\/pos.uel.br\/profqui\/uel\/","title":{"rendered":"UEL"},"content":{"rendered":"\n<p><strong>As Linhas de Pesquisas do PROFQUI&nbsp;<\/strong><strong>UEL<\/strong><\/p>\n\n\n\n<p><strong>DOCENTES:<\/strong><\/p>\n\n\n\n<p><strong>ANG\u00c9LICA CRISTINA RIVELINI.&nbsp;<\/strong>Licenciada&nbsp;e&nbsp;Bacharel em Qu\u00edmica. Mestre e Doutora em Ensino de Ci\u00eancias.&nbsp;<\/p>\n\n\n\n<p><strong>Interesses de pesquisa:<\/strong>&nbsp;Estudos sobre o sujeito e discurso a partir de temas como: An\u00e1lise de M\u00eddia; Pedagogia Cultural no Ensino de Ci\u00eancias; Pol\u00edticas P\u00fablicas para Forma\u00e7\u00e3o inicial e continuada de professores de qu\u00edmica.<\/p>\n\n\n\n<p><strong>ANNA PAOLA BUTERA.&nbsp;<\/strong>Bacharel em Farm\u00e1cia, mestrado em Ci\u00eancias Farmac\u00eauticas e doutorado em Qu\u00edmica (Org\u00e2nica).&nbsp;<\/p>\n\n\n\n<p><strong>Interesses de pesquisa:<\/strong>&nbsp;Busca de subst\u00e2ncias e f\u00e1rmacos com a\u00e7\u00e3o biol\u00f3gica contra mal\u00e1ria (Qu\u00edmica de Produtos Naturais).<\/p>\n\n\n\n<p><strong>GUSTAVO PRICINOTTO<\/strong>. Graduado em Qu\u00edmica licenciatura e bacharelado pela Universidade Estadual de Maring\u00e1. Mestre e Doutor em Ensino de Ci\u00eancias e Educa\u00e7\u00e3o Matem\u00e1tica.&nbsp;<\/p>\n\n\n\n<p><strong>Interesses de pesquisa:&nbsp;<\/strong>Desenvolvimento de projetos que estudem a articula\u00e7\u00e3o entre a multiplicidade cultural e o Ensino de Qu\u00edmica. Destacam-se rela\u00e7\u00f5es entre a forma\u00e7\u00e3o de professores e os estudos de minorias (\u00e9tnicas, de g\u00eanero, sexistas e de direitos humanos).<\/p>\n\n\n\n<p><strong>MARCELO MAIA CIRINO<\/strong>. Bacharel e Licenciado em Qu\u00edmica. Mestre e Doutor em Educa\u00e7\u00e3o para a Ci\u00eancia\/\u00c1rea de Ensino de Qu\u00edmica.&nbsp;<\/p>\n\n\n\n<p><strong>Interesses de pesquisa:&nbsp;<\/strong>uso e avalia\u00e7\u00e3o de recursos tecnol\u00f3gicos aplicados ao ensino de Qu\u00edmica, elabora\u00e7\u00e3o&nbsp;de significados por meio da media\u00e7\u00e3o digital.<\/p>\n\n\n\n<p><strong>MARIETE BARBOSA MOREIRA<\/strong>. Bacharel em Qu\u00edmica, mestrado em Qu\u00edmica (Inorg\u00e2nica) e doutorado em Qu\u00edmica (Inorg\u00e2nica).&nbsp;<\/p>\n\n\n\n<p><strong>Interesses de pesquisa:&nbsp;<\/strong>Qu\u00edmica Inorg\u00e2nica, com \u00eanfase em Compostos de Coordena\u00e7\u00e3o e Qu\u00edmica Bioinorg\u00e2nica.<\/p>\n\n\n\n<p><strong>MOIS\u00c9S ALVES DE OLIVEIRA.<\/strong>&nbsp;Graduado em Qu\u00edmica. Mestre em Qu\u00edmica Ambiental. Doutor em Educa\u00e7\u00e3o.<\/p>\n\n\n\n<p><strong>Interesses de pesquisa:<\/strong>&nbsp;Articula\u00e7\u00f5es das ci\u00eancias qu\u00edmicas com as culturas: Ci\u00eancias e M\u00eddias. Contextos das culturas cient\u00edficas de minorias.&nbsp;Desenvolvimento de hiperm\u00eddias.<\/p>\n\n\n\n<p><strong>THIAGO NOGUEIRA MARQUES CERVANTES.<\/strong>&nbsp;Bacharel em Qu\u00edmica, mestrado em Qu\u00edmica (F\u00edsico-Qu\u00edmica) e doutorado em Qu\u00edmica (F\u00edsico-Qu\u00edmica).<\/p>\n\n\n\n<p><strong>Interesses de pesquisa:<\/strong>&nbsp;F\u00edsco-Qu\u00edmica, nas sub\u00e1reas de espectroscopia vibracional, pol\u00edmeros condutores e processos oxidativos avan\u00e7ados.<\/p>\n\n\n\n<p><strong>VIVIANE ARRIGO.<\/strong>&nbsp;Bacharel em Qu\u00edmica, mestrado e doutorado em Ensino de Ci\u00eancias e Educa\u00e7\u00e3o Matem\u00e1tica.<\/p>\n\n\n\n<p><strong>Interesses de pesquisa:<\/strong>&nbsp;Forma\u00e7\u00e3o inicial e continuada de professores de&nbsp;Qu\u00edmica e a pesquisa em torno desta tem\u00e1tica, em especial a import\u00e2ncia da&nbsp;reflex\u00e3o e o desenvolvimento do conhecimento pedag\u00f3gico do conte\u00fado (PCK) na forma\u00e7\u00e3o de professores de Ci\u00eancias\/Qu\u00edmica.<\/p>\n\n\n\n<p><\/p>\n","protected":false},"excerpt":{"rendered":"<p>As Linhas de Pesquisas do PROFQUI&nbsp;UEL DOCENTES: ANG\u00c9LICA CRISTINA RIVELINI.&nbsp;Licenciada&nbsp;e&nbsp;Bacharel em Qu\u00edmica. Mestre e Doutora em Ensino de Ci\u00eancias.&nbsp; Interesses de pesquisa:&nbsp;Estudos sobre o sujeito e discurso a partir de temas como: An\u00e1lise de M\u00eddia; Pedagogia Cultural no Ensino de Ci\u00eancias; Pol\u00edticas P\u00fablicas para Forma\u00e7\u00e3o inicial e continuada de professores de qu\u00edmica. ANNA PAOLA BUTERA.&nbsp;Bacharel [&hellip;]<\/p>\n","protected":false},"author":6,"featured_media":0,"parent":0,"menu_order":0,"comment_status":"closed","ping_status":"closed","template":"","meta":{"_acf_changed":false,"footnotes":""},"class_list":["post-32","page","type-page","status-publish","hentry"],"acf":[],"_links":{"self":[{"href":"https:\/\/pos.uel.br\/profqui\/wp-json\/wp\/v2\/pages\/32","targetHints":{"allow":["GET"]}}],"collection":[{"href":"https:\/\/pos.uel.br\/profqui\/wp-json\/wp\/v2\/pages"}],"about":[{"href":"https:\/\/pos.uel.br\/profqui\/wp-json\/wp\/v2\/types\/page"}],"author":[{"embeddable":true,"href":"https:\/\/pos.uel.br\/profqui\/wp-json\/wp\/v2\/users\/6"}],"replies":[{"embeddable":true,"href":"https:\/\/pos.uel.br\/profqui\/wp-json\/wp\/v2\/comments?post=32"}],"version-history":[{"count":3,"href":"https:\/\/pos.uel.br\/profqui\/wp-json\/wp\/v2\/pages\/32\/revisions"}],"predecessor-version":[{"id":116,"href":"https:\/\/pos.uel.br\/profqui\/wp-json\/wp\/v2\/pages\/32\/revisions\/116"}],"wp:attachment":[{"href":"https:\/\/pos.uel.br\/profqui\/wp-json\/wp\/v2\/media?parent=32"}],"curies":[{"name":"wp","href":"https:\/\/api.w.org\/{rel}","templated":true}]}}