{"id":85,"date":"2021-06-15T02:58:27","date_gmt":"2021-06-15T05:58:27","guid":{"rendered":"https:\/\/pos.uel.br\/ppgsoc\/pagina-inicial\/"},"modified":"2023-12-12T14:57:58","modified_gmt":"2023-12-12T17:57:58","slug":"pagina-inicial","status":"publish","type":"page","link":"https:\/\/pos.uel.br\/ppgsoc\/","title":{"rendered":"P\u00e1gina inicial"},"content":{"rendered":"\n<div class=\"wp-block-columns is-layout-flex wp-container-core-columns-is-layout-9d6595d7 wp-block-columns-is-layout-flex\">\n<div class=\"wp-block-column is-layout-flow wp-block-column-is-layout-flow\">\n<div class=\"wp-block-columns is-layout-flex wp-container-core-columns-is-layout-9d6595d7 wp-block-columns-is-layout-flex\">\n<div class=\"wp-block-column has-primary-accent-background-color has-background is-layout-flow wp-block-column-is-layout-flow\" style=\"flex-basis:1%\"><\/div>\n\n\n\n<div class=\"wp-block-column is-layout-flow wp-block-column-is-layout-flow\" style=\"flex-basis:99%\">\n<div class=\"wp-block-uel-card\">\n<h3 class=\"wp-block-heading is-style-highlighted-heading\" id=\"noticias\">Not\u00edcias<\/h3>\n\n\n\n<div style=\"height:25px\" aria-hidden=\"true\" class=\"wp-block-spacer\"><\/div>\n\n\n\n<div class=\"wp-block-columns is-layout-flex wp-container-core-columns-is-layout-9d6595d7 wp-block-columns-is-layout-flex\">\n<div class=\"wp-block-column is-layout-flow wp-block-column-is-layout-flow\" style=\"flex-basis:100%\">\n<div class=\"wp-block-group\"><div class=\"wp-block-group__inner-container is-layout-flow wp-block-group-is-layout-flow\"><ul class=\"wp-block-latest-posts__list is-grid columns-3 has-dates wp-block-latest-posts\"><li><div class=\"wp-block-latest-posts__featured-image aligncenter\"><a href=\"https:\/\/pos.uel.br\/ppgsoc\/sem-categoria\/2026\/02\/23\/ppgsoc-marca-presenca-em-seminario-na-usp-sobre-legitimidade-e-atendimento-de-emergencia-policial\/\" aria-label=\"PPGSOC marca presen\u00e7a em semin\u00e1rio na USP sobre legitimidade e atendimento de emerg\u00eancia policial\"><img loading=\"lazy\" decoding=\"async\" width=\"150\" height=\"150\" src=\"https:\/\/pos.uel.br\/ppgsoc\/wp-content\/uploads\/2026\/02\/esem-150x150.jpeg\" class=\"attachment-thumbnail size-thumbnail wp-post-image\" alt=\"\" style=\"max-width:150px;max-height:150px;\" srcset=\"https:\/\/pos.uel.br\/ppgsoc\/wp-content\/uploads\/2026\/02\/esem-150x150.jpeg 150w, https:\/\/pos.uel.br\/ppgsoc\/wp-content\/uploads\/2026\/02\/esem.jpeg 225w\" sizes=\"auto, (max-width: 150px) 100vw, 150px\" \/><\/a><\/div><a class=\"wp-block-latest-posts__post-title\" href=\"https:\/\/pos.uel.br\/ppgsoc\/sem-categoria\/2026\/02\/23\/ppgsoc-marca-presenca-em-seminario-na-usp-sobre-legitimidade-e-atendimento-de-emergencia-policial\/\">PPGSOC marca presen\u00e7a em semin\u00e1rio na USP sobre legitimidade e atendimento de emerg\u00eancia policial<\/a><time datetime=\"2026-02-23T16:57:00-03:00\" class=\"wp-block-latest-posts__post-date\">23 de fevereiro de 2026<\/time><\/li>\n<li><div class=\"wp-block-latest-posts__featured-image aligncenter\"><a href=\"https:\/\/pos.uel.br\/ppgsoc\/sem-categoria\/2026\/01\/26\/censo-da-pos-graduacao-stricto-sensu-da-capes-esta-em-andamento\/\" aria-label=\"Censo da P\u00f3s-Gradua\u00e7\u00e3o stricto sensu da CAPES est\u00e1 em andamento!\"><img loading=\"lazy\" decoding=\"async\" width=\"150\" height=\"150\" src=\"https:\/\/pos.uel.br\/ppgsoc\/wp-content\/uploads\/2026\/01\/Identidade_Visual_CAPES-150x150.png\" class=\"attachment-thumbnail size-thumbnail wp-post-image\" alt=\"\" style=\"max-width:150px;max-height:150px;\" \/><\/a><\/div><a class=\"wp-block-latest-posts__post-title\" href=\"https:\/\/pos.uel.br\/ppgsoc\/sem-categoria\/2026\/01\/26\/censo-da-pos-graduacao-stricto-sensu-da-capes-esta-em-andamento\/\">Censo da P\u00f3s-Gradua\u00e7\u00e3o stricto sensu da CAPES est\u00e1 em andamento!<\/a><time datetime=\"2026-01-26T18:20:29-03:00\" class=\"wp-block-latest-posts__post-date\">26 de janeiro de 2026<\/time><\/li>\n<li><div class=\"wp-block-latest-posts__featured-image aligncenter\"><a href=\"https:\/\/pos.uel.br\/ppgsoc\/sem-categoria\/2026\/01\/13\/apos-o-feminicidio-quem-cuida-de-quem-fica-a-restituicao-de-direitos-como-desafio-central-das-politicas-publicas\/\" aria-label=\"Ap\u00f3s o feminic\u00eddio, quem cuida de quem fica? A restitui\u00e7\u00e3o de direitos como desafio central das pol\u00edticas p\u00fablicas\"><img loading=\"lazy\" decoding=\"async\" width=\"150\" height=\"150\" src=\"https:\/\/pos.uel.br\/ppgsoc\/wp-content\/uploads\/2022\/02\/Logo_Folha-768x510-1-150x150.jpeg\" class=\"attachment-thumbnail size-thumbnail wp-post-image\" alt=\"\" style=\"max-width:150px;max-height:150px;\" \/><\/a><\/div><a class=\"wp-block-latest-posts__post-title\" href=\"https:\/\/pos.uel.br\/ppgsoc\/sem-categoria\/2026\/01\/13\/apos-o-feminicidio-quem-cuida-de-quem-fica-a-restituicao-de-direitos-como-desafio-central-das-politicas-publicas\/\">Ap\u00f3s o feminic\u00eddio, quem cuida de quem fica? A restitui\u00e7\u00e3o de direitos como desafio central das pol\u00edticas p\u00fablicas<\/a><time datetime=\"2026-01-13T20:22:57-03:00\" class=\"wp-block-latest-posts__post-date\">13 de janeiro de 2026<\/time><\/li>\n<\/ul><\/div><\/div>\n<\/div>\n<\/div>\n\n\n\n<p class=\"has-text-align-right has-primary-accent-color has-text-color\" style=\"font-size:14px\"><a href=\"https:\/\/pos.uel.br\/ppgsoc\/posts\"><strong>Ver todos<\/strong><\/a><\/p>\n<\/div>\n<\/div>\n<\/div>\n<\/div>\n<\/div>\n\n\n\n<div class=\"wp-block-columns is-layout-flex wp-container-core-columns-is-layout-9d6595d7 wp-block-columns-is-layout-flex\">\n<div class=\"wp-block-column has-primary-accent-background-color has-background is-layout-flow wp-block-column-is-layout-flow\" style=\"flex-basis:1%\"><\/div>\n\n\n\n<div class=\"wp-block-column is-layout-flow wp-block-column-is-layout-flow\" style=\"flex-basis:99%\">\n<div class=\"wp-block-uel-card\">\n<h3 class=\"wp-block-heading has-primary-accent-color has-text-color\" id=\"editais\">Editais<\/h3>\n\n\n<div class=\"editais-block\"><a class=\"editais-block__item-block\" href=\"https:\/\/pos.uel.br\/ppgsoc\/wp-content\/uploads\/2026\/03\/edital-22-2026^LJ-distribuicao-de-bolsas-doutorado.pdf\"><div class=\"editais-block__titulo\"><span>Edital n\u00ba 022\/2026 \u2013 PPGSOC\/UEL Distribui\u00e7\u00e3o de Bolsas de Doutorado Conforme Classifica\u00e7\u00e3o Publicada no Edital n\u00b0 018\/2026-PPGSOC\/UEL<\/span><\/div><div class=\"editais-block__resumo\"><span>A Comiss\u00e3o Permanente de Bolsas do Programa de P\u00f3s-gradua\u00e7\u00e3o em Sociologia da UEL, no uso de suas atribui\u00e7\u00f5es administrativas, torna p\u00fablica a distribui\u00e7\u00e3o de bolsas CAPES\/DS recebidas pelo PPGSOC, conforme as regras do regimento interno do Programa de P\u00f3s-Gradua\u00e7\u00e3o e a classifica\u00e7\u00e3o dos estudantes inscritos no Edital n\u00ba 018\/2026 e classificados no Edital n\u00ba 008\/2026.<\/span><\/div><div class=\"editais-block__publicado\"><span>1 m\u00eas atr\u00e1s<\/span><\/div><\/a><a class=\"editais-block__item-block\" href=\"https:\/\/pos.uel.br\/ppgsoc\/wp-content\/uploads\/2026\/03\/edital-21-2026_distribuicao-de-bolsas^LJ-mestrado.pdf\"><div class=\"editais-block__titulo\"><span>Edital n\u00ba 021\/2026 \u2013 PPGSOC\/UEL Distribui\u00e7\u00e3o de Bolsas de Mestrado Conforme Classifica\u00e7\u00e3o Publicada no Edital n\u00b0 015\/2026-PPGSOC\/UEL<\/span><\/div><div class=\"editais-block__resumo\"><span>A Comiss\u00e3o Permanente de Bolsas do Programa de P\u00f3s-gradua\u00e7\u00e3o em Sociologia da UEL, no uso de suas atribui\u00e7\u00f5es administrativas, torna p\u00fablica a distribui\u00e7\u00e3o de bolsas CAPES\/DS recebidas pelo PPGSOC, conforme as regras do regimento interno do Programa de P\u00f3s-Gradua\u00e7\u00e3o e a classifica\u00e7\u00e3o dos estudantes inscritos no Edital n\u00ba 007\/2026 e classificados no Edital n\u00ba 15\/2026.<\/span><\/div><div class=\"editais-block__publicado\"><span>1 m\u00eas atr\u00e1s<\/span><\/div><\/a><a class=\"editais-block__item-block\" href=\"https:\/\/pos.uel.br\/ppgsoc\/wp-content\/uploads\/2026\/03\/edital-020-2026^Lretificacao-do-resultado-renovacao-bolsas-doutorado.pdf\"><div class=\"editais-block__titulo\"><span>Edital\u00ba 020\/2026 \u2013 PPGSOC\/UEL Retifica\u00e7\u00e3o do Edital Definitivo de Renova\u00e7\u00e3o de Bolsas de Doutorado<\/span><\/div><div class=\"editais-block__resumo\"><span>A Comiss\u00e3o Permanente de Bolsas do Programa de P\u00f3s-gradua\u00e7\u00e3o em Sociologia da UEL, no uso de suas atribui\u00e7\u00f5es administrativas, torna p\u00fablica a retifica\u00e7\u00e3o do Edital n\u00ba 018\/2026, que trata da renova\u00e7\u00e3o de bolsas DS\/CAPES e CNPq de Doutorado.<\/span><\/div><div class=\"editais-block__publicado\"><span>1 m\u00eas atr\u00e1s<\/span><\/div><\/a><\/div>\n\n\n<p class=\"has-text-align-right has-primary-accent-color has-text-color\" style=\"font-size:14px\"><a href=\"https:\/\/pos.uel.br\/ppgsoc\/editais\" target=\"_blank\" rel=\"noreferrer noopener\"><strong>Ver todos<\/strong><\/a><\/p>\n<\/div>\n<\/div>\n<\/div>\n\n\n\n<div style=\"height:25px\" aria-hidden=\"true\" class=\"wp-block-spacer\"><\/div>\n\n\n\n<div class=\"wp-block-columns is-layout-flex wp-container-core-columns-is-layout-9d6595d7 wp-block-columns-is-layout-flex\">\n<div class=\"wp-block-column has-primary-accent-background-color has-background is-layout-flow wp-block-column-is-layout-flow\" style=\"flex-basis:1%\"><\/div>\n\n\n\n<div class=\"wp-block-column is-layout-flow wp-block-column-is-layout-flow\" style=\"flex-basis:99%\">\n<div class=\"wp-block-uel-card\">\n<h3 class=\"wp-block-heading is-style-highlighted-heading\" id=\"defesas-e-qualificacoes\">Defesas e qualifica\u00e7\u00f5es<\/h3>\n\n\n<div class=\"defesas-qualificacoes\"><a class=\"defesas-qualificacoes__item-block\" href=\"https:\/\/pos.uel.br\/ppgsoc\/defesas-qualificacoes\/agricultura-familiar-agrotoxicos-e-politicas-publicas-continuidades-e-rupturas-entre-os-governos-bolsonaro-e-lula\/\"><div><span>12\/03 15:00<\/span><\/div><div class=\"defesas-qualificacoes__titulo\"><span>Agricultura familiar, agrot\u00f3xicos e pol\u00edticas p\u00fablicas: continuidades e rupturas entre os governos Bolsonaro e Lula<\/span><\/div><div class=\"defesas-qualificacoes__aluno\"><span>Giovanna Gomes Previdello<\/span><\/div><\/a><a class=\"defesas-qualificacoes__item-block\" href=\"https:\/\/pos.uel.br\/ppgsoc\/defesas-qualificacoes\/a-bncc-2018-2024-como-expressao-da-agenda-globalmente-estruturada-para-a-educacao-padronizacao-curricular-e-disputas-de-sentido-nas-ciencias-humanas-e-sociais-aplicadas\/\"><div><span>16\/12 19:30<\/span><\/div><div class=\"defesas-qualificacoes__titulo\"><span>A BNCC (2018-2024) como express\u00e3o da Agenda Globalmente Estruturada para a Educa\u00e7\u00e3o: padroniza\u00e7\u00e3o curricular e disputas de sentido nas Ci\u00eancias Humanas e Sociais Aplicadas<\/span><\/div><div class=\"defesas-qualificacoes__aluno\"><span>Leonardo Augusto De Campos<\/span><\/div><\/a><a class=\"defesas-qualificacoes__item-block\" href=\"https:\/\/pos.uel.br\/ppgsoc\/defesas-qualificacoes\/o-processo-de-requalificacao-da-nobreza-urbana-e-a-trialetica-espacial-bourdieusiana-o-caso-da-nova-prochet-em-londrina-pr-2\/\"><div><span>11\/12 14:00<\/span><\/div><div class=\"defesas-qualificacoes__titulo\"><span>O Processo de Requalifica\u00e7\u00e3o da Nobreza Urbana e a Trial\u00e9tica Espacial Bourdieusiana: O Caso da &#8220;Nova Prochet&#8221; em Londrina-PR<\/span><\/div><div class=\"defesas-qualificacoes__aluno\"><span>Andr\u00e9 Luis Spera<\/span><\/div><\/a><\/div>\n\n\n<p class=\"has-text-align-right has-primary-accent-color has-text-color\" style=\"font-size:14px\"><strong><a href=\"https:\/\/pos.uel.br\/ppgsoc\/defesas-qualificacoes\/\" data-type=\"URL\" data-id=\"https:\/\/pos.uel.br\/ppgsoc\/defesas-qualificacoes\/\" target=\"_blank\" rel=\"noreferrer noopener\">Ver todos<\/a><\/strong><\/p>\n<\/div>\n<\/div>\n<\/div>\n","protected":false},"excerpt":{"rendered":"","protected":false},"author":8,"featured_media":0,"parent":0,"menu_order":0,"comment_status":"closed","ping_status":"closed","template":"page-templates\/template-without-title.php","meta":{"_acf_changed":false,"footnotes":""},"class_list":["post-85","page","type-page","status-publish","hentry"],"acf":[],"_links":{"self":[{"href":"https:\/\/pos.uel.br\/ppgsoc\/wp-json\/wp\/v2\/pages\/85","targetHints":{"allow":["GET"]}}],"collection":[{"href":"https:\/\/pos.uel.br\/ppgsoc\/wp-json\/wp\/v2\/pages"}],"about":[{"href":"https:\/\/pos.uel.br\/ppgsoc\/wp-json\/wp\/v2\/types\/page"}],"author":[{"embeddable":true,"href":"https:\/\/pos.uel.br\/ppgsoc\/wp-json\/wp\/v2\/users\/8"}],"replies":[{"embeddable":true,"href":"https:\/\/pos.uel.br\/ppgsoc\/wp-json\/wp\/v2\/comments?post=85"}],"version-history":[{"count":140,"href":"https:\/\/pos.uel.br\/ppgsoc\/wp-json\/wp\/v2\/pages\/85\/revisions"}],"predecessor-version":[{"id":3180,"href":"https:\/\/pos.uel.br\/ppgsoc\/wp-json\/wp\/v2\/pages\/85\/revisions\/3180"}],"wp:attachment":[{"href":"https:\/\/pos.uel.br\/ppgsoc\/wp-json\/wp\/v2\/media?parent=85"}],"curies":[{"name":"wp","href":"https:\/\/api.w.org\/{rel}","templated":true}]}}