{"id":71,"date":"2021-05-16T12:20:54","date_gmt":"2021-05-16T15:20:54","guid":{"rendered":"https:\/\/pos.uel.br\/ppgsoc\/?page_id=71"},"modified":"2024-08-14T08:43:45","modified_gmt":"2024-08-14T11:43:45","slug":"projetos-de-pesquisa","status":"publish","type":"page","link":"https:\/\/pos.uel.br\/ppgsoc\/projetos-de-pesquisa\/","title":{"rendered":"Projetos de pesquisa"},"content":{"rendered":"\n<div class=\"wp-block-cover alignfull is-light\"><span aria-hidden=\"true\" class=\"wp-block-cover__background has-background-dim\"><\/span><img decoding=\"async\" class=\"wp-block-cover__image-background wp-image-671\" alt=\"\" src=\"https:\/\/pos.uel.br\/ppgsoc\/wp-content\/uploads\/2021\/07\/pexels-pixabay-207662-scaled.jpg\" style=\"object-position:52% 8%\" data-object-fit=\"cover\" data-object-position=\"52% 8%\" \/><div class=\"wp-block-cover__inner-container is-layout-flow wp-block-cover-is-layout-flow\">\n<p class=\"has-text-align-center has-large-font-size\"><strong><mark style=\"background-color:#808080\" class=\"has-inline-color has-site-background-color\">Projetos de pesquisa <\/mark><\/strong><\/p>\n<\/div><\/div>\n\n\n\n<div style=\"height:50px\" aria-hidden=\"true\" class=\"wp-block-spacer\"><\/div>\n\n\n\n<div class=\"wp-block-columns is-layout-flex wp-container-core-columns-is-layout-9d6595d7 wp-block-columns-is-layout-flex\">\n<div class=\"wp-block-column is-layout-flow wp-block-column-is-layout-flow\">\n<div class=\"wp-block-group\"><div class=\"wp-block-group__inner-container is-layout-flow wp-block-group-is-layout-flow\">\n<div class=\"wp-block-group\"><div class=\"wp-block-group__inner-container is-layout-flow wp-block-group-is-layout-flow\">\n<h4 class=\"wp-block-heading\">Linha 1 &#8211; Estado, Governan\u00e7a e Democracia<\/h4>\n\n\n\n<div style=\"height:25px\" aria-hidden=\"true\" class=\"wp-block-spacer\"><\/div>\n<\/div><\/div>\n<\/div><\/div>\n\n\n\n<div class=\"wp-block-uel-card\">\n<h5 class=\"wp-block-heading\"> <span class=\"has-inline-color has-primary-accent-color\">Carla Cec\u00edlia Rodrigues Almeida<\/span> <\/h5>\n\n\n\n<ul class=\"wp-block-list\">\n<li><span class=\"has-inline-color has-secondary-text-color\">Efeitos dos conselhos gestores nas administra\u00e7\u00f5es p\u00fablicas municipais e na pol\u00edtica de assist\u00eancia social;<\/span><\/li>\n\n\n\n<li><span class=\"has-inline-color has-secondary-text-color\">Uma an\u00e1lise longitudinal da participa\u00e7\u00e3o como pol\u00edtica p\u00fablica no Brasil (1988-2020);<\/span><\/li>\n\n\n\n<li><span class=\"has-inline-color has-secondary-text-color\">Democracia, participa\u00e7\u00e3o e pol\u00edticas p\u00fablicas;<\/span><\/li>\n<\/ul>\n\n\n\n<p class=\"has-text-color\" style=\"color:#ffffff\">.<\/p>\n<\/div>\n\n\n\n<div class=\"wp-block-uel-card\">\n<h5 class=\"wp-block-heading\"> <span class=\"has-inline-color has-primary-accent-color\">Cl\u00e1udia Siqueira Baltar<\/span> <\/h5>\n\n\n\n<ul class=\"wp-block-list\">\n<li><span class=\"has-inline-color has-secondary-text-color\">Imigrantes internacionais contempor\u00e2neos no estado do Paran\u00e1: perfil sociodemogr\u00e1fico, distribui\u00e7\u00e3o espacial e inser\u00e7\u00e3o socioecon\u00f4mica entre 2015 e 2020.<\/span> <a href=\"https:\/\/www.sistemasweb.uel.br\/system\/prj\/pes\/pdf\/pes_pesquisa_12526.pdf\" data-type=\"URL\" data-id=\"https:\/\/www.sistemasweb.uel.br\/system\/prj\/pes\/pdf\/pes_pesquisa_12526.pdf\" target=\"_blank\" rel=\"noreferrer noopener\">(veja aqui)<\/a>;<\/li>\n\n\n\n<li><span class=\"has-inline-color has-secondary-text-color\">Observat\u00f3rio das migra\u00e7\u00f5es de Londrina.<\/span><a href=\"https:\/\/www.sistemasweb.uel.br\/system\/prj\/pes\/pdf\/pes_pesquisa_10218.pdf\" data-type=\"URL\" data-id=\"https:\/\/www.sistemasweb.uel.br\/system\/prj\/pes\/pdf\/pes_pesquisa_10218.pdf\" target=\"_blank\" rel=\"noreferrer noopener\"> (veja aqui)<\/a>.<\/li>\n<\/ul>\n\n\n\n<p><\/p>\n<\/div>\n\n\n\n<div class=\"wp-block-uel-card\">\n<h5 class=\"wp-block-heading\"><span class=\"has-inline-color has-primary-accent-color\">Cl\u00e9ber da Silva Lopes<\/span><\/h5>\n\n\n\n<ul class=\"wp-block-list\">\n<li><span class=\"has-inline-color has-secondary-text-color\">Quando a Pol\u00edcia Militar vai \u00e0 escola: uma avalia\u00e7\u00e3o de impacto do programa Escola Segura na cidade de Londrina\/PR. <a href=\"https:\/\/www.sistemasweb.uel.br\/system\/prj\/pes\/pdf\/pes_pesquisa_12355.pdf\" data-type=\"URL\" data-id=\"https:\/\/www.sistemasweb.uel.br\/system\/prj\/pes\/pdf\/pes_pesquisa_12355.pdf\" target=\"_blank\" rel=\"noreferrer noopener\">(veja aqui)<\/a><\/span>;<\/li>\n\n\n\n<li><span class=\"has-inline-color has-secondary-text-color\">Redes que protegem, redes que matam. (<a href=\"https:\/\/www.sistemasweb.uel.br\/system\/prj\/pes\/pdf\/pes_pesquisa_11841.pdf\" data-type=\"URL\" data-id=\"https:\/\/www.sistemasweb.uel.br\/system\/prj\/pes\/pdf\/pes_pesquisa_11841.pdf\" target=\"_blank\" rel=\"noreferrer noopener\">veja aqui)<\/a><\/span>.<\/li>\n<\/ul>\n\n\n\n<div style=\"height:11px\" aria-hidden=\"true\" class=\"wp-block-spacer\"><\/div>\n<\/div>\n\n\n\n<div class=\"wp-block-uel-card\">\n<h5 class=\"wp-block-heading\"><span class=\"has-inline-color has-primary-accent-color\">Fernanda Forte de Carvalho<\/span><\/h5>\n\n\n\n<ul class=\"wp-block-list\">\n<li>A reforma trabalhista e a pandemia do coronav\u00edrus \u2013 COVID 19: impactos sobre a a\u00e7\u00e3o coletiva da CUT e do macrossetor ind\u00fastria 2010. <a href=\"https:\/\/drive.google.com\/file\/d\/14dQmkdwLncL83BaQUkD_A1EUVeMdIWY2\/view?usp=sharing\">(veja aqui)<\/a>.<\/li>\n\n\n\n<li><span class=\"has-inline-color has-secondary-text-color\">Cadeias globais de valor, financeiriza\u00e7\u00e3o da produ\u00e7\u00e3o e novas formas de assalariamento.<\/span> <a href=\"https:\/\/www.sistemasweb.uel.br\/system\/prj\/pes\/pdf\/pes_pesquisa_12439.pdf]\" data-type=\"URL\" data-id=\"https:\/\/www.sistemasweb.uel.br\/system\/prj\/pes\/pdf\/pes_pesquisa_12439.pdf]\">(veja aqui)<\/a>.<\/li>\n<\/ul>\n<\/div>\n\n\n\n<div class=\"wp-block-uel-card\">\n<h5 class=\"wp-block-heading\"><span class=\"has-inline-color has-primary-accent-color\">Ileizi Luciana Fiorelli Silva<\/span><\/h5>\n\n\n\n<ul class=\"wp-block-list\">\n<li><span class=\"has-inline-color has-secondary-text-color\">A Sociologia no ensino m\u00e9dio ap\u00f3s a publica\u00e7\u00e3o da BNCC em 2018: monitoramento dos referenciais curriculares nos Estados. <\/span> <a href=\"https:\/\/www.sistemasweb.uel.br\/system\/prj\/pes\/pdf\/pes_pesquisa_12650.pdf\" data-type=\"URL\" data-id=\"https:\/\/www.sistemasweb.uel.br\/system\/prj\/pes\/pdf\/pes_pesquisa_12650.pdf\" target=\"_blank\" rel=\"noreferrer noopener\">(veja aqui)<\/a>;<\/li>\n\n\n\n<li>Inova\u00e7\u00f5es em Ci\u00eancias Sociais na educa\u00e7\u00e3o escolar: um estudo sobre os nexos contempor\u00e2neos entre forma\u00e7\u00e3o docente e pr\u00e1tica de ensino. <a href=\"https:\/\/drive.google.com\/file\/d\/1Y02AZUcBWo06mFT2k30kxJCa1Xa4_c5R\/view?usp=sharing\">(veja aqui)<\/a>.<\/li>\n<\/ul>\n\n\n\n<div style=\"height:29px\" aria-hidden=\"true\" class=\"wp-block-spacer\"><\/div>\n<\/div>\n\n\n\n<div class=\"wp-block-uel-card\">\n<h5 class=\"wp-block-heading\"><span class=\"has-inline-color has-primary-accent-color\">Raquel Kritsch<\/span><\/h5>\n\n\n\n<ul class=\"wp-block-list\">\n<li><span class=\"has-inline-color has-secondary-text-color\">Para al\u00e9m da constela\u00e7\u00e3o nacional? Disputas em torno da cidadania, do cosmopolitismo e dos direitos humanos na teoria pol\u00edtica contempor\u00e2nea III. <\/span><a href=\"https:\/\/www.sistemasweb.uel.br\/system\/prj\/pes\/pdf\/pes_pesquisa_11420.pdf]\" data-type=\"URL\" data-id=\"https:\/\/www.sistemasweb.uel.br\/system\/prj\/pes\/pdf\/pes_pesquisa_11420.pdf]\" target=\"_blank\" rel=\"noreferrer noopener\">(veja aqui)<\/a>;<\/li>\n\n\n\n<li>Estado, cidadania e democracia: rumo \u00e0 nova era da pol\u00edtica digital? Problemas, tens\u00f5es e aporias da Teoria Pol\u00edtica Contempor\u00e2nea. <a href=\"https:\/\/drive.google.com\/file\/d\/1dBxv8hopwbA1edgw6z2Syl4HpkFKqcbN\/view?usp=sharing\">(veja aqui)<\/a>.<\/li>\n<\/ul>\n<\/div>\n\n\n\n<div class=\"wp-block-group\"><div class=\"wp-block-group__inner-container is-layout-flow wp-block-group-is-layout-flow\">\n<div class=\"wp-block-uel-card\">\n<h5 class=\"wp-block-heading\"><span class=\"has-inline-color has-primary-accent-color\">Simone Wolff<\/span><\/h5>\n\n\n\n<ul class=\"wp-block-list\">\n<li><span class=\"has-inline-color has-secondary-text-color\">Cadeias globais de valor, financeiriza\u00e7\u00e3o da produ\u00e7\u00e3o e novas formas de assalariamento.<\/span> <a href=\"https:\/\/www.sistemasweb.uel.br\/system\/prj\/pes\/pdf\/pes_pesquisa_12439.pdf]\" data-type=\"URL\" data-id=\"https:\/\/www.sistemasweb.uel.br\/system\/prj\/pes\/pdf\/pes_pesquisa_12439.pdf]\">(veja aqui)<\/a>.<\/li>\n<\/ul>\n\n\n\n<div style=\"height:23px\" aria-hidden=\"true\" class=\"wp-block-spacer\"><\/div>\n<\/div>\n<\/div><\/div>\n\n\n\n<div class=\"wp-block-group\"><div class=\"wp-block-group__inner-container is-layout-flow wp-block-group-is-layout-flow\"><\/div><\/div>\n<\/div>\n\n\n\n<div class=\"wp-block-column is-layout-flow wp-block-column-is-layout-flow\">\n<h4 class=\"wp-block-heading\">Linha 2 &#8211; Desigualdades, Cidadania e Cultura<\/h4>\n\n\n\n<div style=\"height:25px\" aria-hidden=\"true\" class=\"wp-block-spacer\"><\/div>\n\n\n\n<div class=\"wp-block-uel-card\">\n<h5 class=\"wp-block-heading\"><span class=\"has-inline-color has-primary-accent-color\">\u00c2ngela Maria de Sousa Lima<\/span><\/h5>\n\n\n\n<ul class=\"wp-block-list\">\n<li>Laborat\u00f3rio de Escreviv\u00eancias Socioantropol\u00f3gicas e Educacionais (LAB-ESCREVIV\u00caNCIAS). <a href=\"https:\/\/drive.google.com\/file\/d\/1d1OzzwWB852Z6sKFES2v1yxC9SukANrX\/view?usp=sharing\">(veja aqui)<\/a>;<\/li>\n\n\n\n<li>A Sociologia no Ensino M\u00e9dio ap\u00f3s a publica\u00e7\u00e3o da BNCC em 2018: monitoramento dos referenciais curriculares nos estados. <a href=\"https:\/\/drive.google.com\/file\/d\/1PQEZcUt7LDWxR7HWAURfjVjLi8v47BDw\/view?usp=sharing\">(veja aqui)<\/a>.<\/li>\n<\/ul>\n\n\n\n<p class=\"has-text-color\" style=\"color:#ffffff\">.<\/p>\n<\/div>\n\n\n\n<div class=\"wp-block-uel-card\">\n<h5 class=\"wp-block-heading\"><span class=\"has-inline-color has-primary-accent-color\">Carla Delgado de Souza<\/span><\/h5>\n\n\n\n<ul class=\"wp-block-list\">\n<li>As subjetividades e os processos de subjetiva\u00e7\u00e3o na vida social: um entendimento da ag\u00eancia como parte integrante da an\u00e1lise antropol\u00f3gica. <a href=\"https:\/\/drive.google.com\/file\/d\/1hWAGwd2oVhc0LHq-YNAgkWs8ldd_HLSl\/view?usp=sharing\">(veja aqui)<\/a>.<\/li>\n<\/ul>\n\n\n\n<p class=\"has-text-color\" style=\"color:#ffffff\">.<\/p>\n<\/div>\n\n\n\n<div class=\"wp-block-uel-card\">\n<h5 class=\"wp-block-heading\"><span class=\"has-inline-color has-primary-accent-color\">Claudinei Carlos Spirandelli<\/span><\/h5>\n\n\n\n<ul class=\"wp-block-list\">\n<li><span class=\"has-inline-color has-secondary-text-color\">Escritores e suas obras: an\u00e1lises sociol\u00f3gicas sobre a produ\u00e7\u00e3o cultural liter\u00e1ria em Londrina &#8211; PR (1950-2010). <\/span><a href=\"https:\/\/www.sistemasweb.uel.br\/system\/prj\/pes\/pdf\/pes_pesquisa_12478.pdf\" data-type=\"URL\" data-id=\"https:\/\/www.sistemasweb.uel.br\/system\/prj\/pes\/pdf\/pes_pesquisa_12478.pdf\" target=\"_blank\" rel=\"noreferrer noopener\"><span class=\"has-inline-color has-primary-accent-color\">(veja aqui)<\/span><\/a>;<\/li>\n\n\n\n<li><span class=\"has-inline-color has-secondary-text-color\">Imigrantes internacionais contempor\u00e2neos no estado do Paran\u00e1: perfil sociodemogr\u00e1fico, distribui\u00e7\u00e3o espacial e inser\u00e7\u00e3o socioecon\u00f4mica entre 2015 e 2020.<\/span> <a href=\"https:\/\/www.sistemasweb.uel.br\/system\/prj\/pes\/pdf\/pes_pesquisa_12526.pdf\" data-type=\"URL\" data-id=\"https:\/\/www.sistemasweb.uel.br\/system\/prj\/pes\/pdf\/pes_pesquisa_12526.pdf\" target=\"_blank\" rel=\"noreferrer noopener\">(veja aqui)<\/a>.<\/li>\n<\/ul>\n\n\n\n<div style=\"height:46px\" aria-hidden=\"true\" class=\"wp-block-spacer\"><\/div>\n<\/div>\n\n\n\n<div class=\"wp-block-uel-card\">\n<h5 class=\"wp-block-heading\"><span class=\"has-inline-color has-primary-accent-color\">&nbsp;Eliel Ribeiro Machado<\/span><\/h5>\n\n\n\n<ul class=\"wp-block-list\">\n<li><span class=\"has-inline-color has-secondary-text-color\">Movimentos sociais e mercantiliza\u00e7\u00e3o dos direitos: Estado burgu\u00eas, estatismo autorit\u00e1rio e capitalismo monopolista no Brasil.<\/span> <a href=\"https:\/\/www.sistemasweb.uel.br\/system\/prj\/pes\/pdf\/pes_pesquisa_12334.pdf\" data-type=\"URL\" data-id=\"https:\/\/www.sistemasweb.uel.br\/system\/prj\/pes\/pdf\/pes_pesquisa_12334.pdf\" target=\"_blank\" rel=\"noreferrer noopener\">(veja aqui)<\/a><\/li>\n<\/ul>\n\n\n\n<p class=\"has-text-color\" style=\"color:#ffffff\">.<\/p>\n<\/div>\n\n\n\n<div class=\"wp-block-uel-card\">\n<h5 class=\"wp-block-heading\"><span class=\"has-inline-color has-primary-accent-color\">F\u00e1bio Lanza<\/span><\/h5>\n\n\n\n<ul class=\"wp-block-list\">\n<li><span class=\"has-inline-color has-secondary-text-color\">Laborat\u00f3rio de estudos sobre as religi\u00f5es e as religiosidades \u2013 LERR: sedimenta\u00e7\u00f5es e transforma\u00e7\u00f5es no campo religioso (2018-2021).<\/span> <a href=\"https:\/\/www.sistemasweb.uel.br\/system\/prj\/pes\/pdf\/pes_pesquisa_11496.pdf\" data-type=\"URL\" data-id=\"https:\/\/www.sistemasweb.uel.br\/system\/prj\/pes\/pdf\/pes_pesquisa_11496.pdf\" target=\"_blank\" rel=\"noreferrer noopener\">(veja aqui)<\/a>;<\/li>\n\n\n\n<li>Os documentos in\u00e9ditos dos arquivos do SNI (Paran\u00e1-BR),&nbsp; do projeto Opening the Archives e da CIA (EUA). <a href=\"https:\/\/drive.google.com\/file\/d\/19kqISSLCmSjc2UTCW5TQignKxFJPbt2W\/view?usp=sharing\">(veja aqui)<\/a>.<\/li>\n<\/ul>\n<\/div>\n\n\n\n<div class=\"wp-block-uel-card\">\n<h5 class=\"wp-block-heading\"><span class=\"has-inline-color has-primary-accent-color\">&nbsp;Fernando Kulaitis<\/span><\/h5>\n\n\n\n<ul class=\"wp-block-list\">\n<li><span class=\"has-inline-color has-secondary-text-color\">Topografia social bourdieusiana e as pol\u00edticas da cidade. <\/span><a href=\"https:\/\/www.sistemasweb.uel.br\/system\/prj\/pes\/pdf\/pes_pesquisa_12632.pdf\" data-type=\"URL\" data-id=\"https:\/\/www.sistemasweb.uel.br\/system\/prj\/pes\/pdf\/pes_pesquisa_12632.pdf\" target=\"_blank\" rel=\"noreferrer noopener\">(veja aqui)<\/a><\/li>\n<\/ul>\n\n\n\n<div style=\"height:27px\" aria-hidden=\"true\" class=\"wp-block-spacer\"><\/div>\n<\/div>\n\n\n\n<div class=\"wp-block-uel-card\">\n<h5 class=\"wp-block-heading\"><span class=\"has-inline-color has-primary-accent-color\">Maria Nilza da Silva<\/span><\/h5>\n\n\n\n<ul class=\"wp-block-list\">\n<li><span class=\"has-inline-color has-secondary-text-color\">A\u00e7\u00f5es Afirmativas na Universidade Estadual de Londrina: Acesso dos negros de quaisquer percursos escolares.<\/span> <a href=\"https:\/\/www.sistemasweb.uel.br\/system\/prj\/pes\/pdf\/pes_pesquisa_11856.pdf\" data-type=\"URL\" data-id=\"https:\/\/www.sistemasweb.uel.br\/system\/prj\/pes\/pdf\/pes_pesquisa_11856.pdf\" target=\"_blank\" rel=\"noreferrer noopener\">(veja aqui)<\/a>;<\/li>\n\n\n\n<li>A\u00e7\u00f5es afirmativas e produ\u00e7\u00e3o intelectual: as Universidades Estaduais das Regi\u00f5es Sul e Sudeste. <a href=\"https:\/\/drive.google.com\/file\/d\/1R36yMvOUgpm5UmnXfq2yyBQzmt92GzXC\/view?usp=sharing\">(veja aqui)<\/a>.<\/li>\n<\/ul>\n\n\n\n<div style=\"height:10px\" aria-hidden=\"true\" class=\"wp-block-spacer\"><\/div>\n\n\n\n<p><\/p>\n<\/div>\n\n\n\n<div class=\"wp-block-uel-card\">\n<h5 class=\"wp-block-heading\"><span class=\"has-inline-color has-primary-accent-color\">Rafael Braz da Silva<\/span><\/h5>\n\n\n\n<ul class=\"wp-block-list\">\n<li><span class=\"has-inline-color has-secondary-text-color\">As Quest\u00f5es Socioambientais em Londrina e Regi\u00e3o.<\/span> <a href=\"https:\/\/www.sistemasweb.uel.br\/system\/prj\/pes\/pdf\/pes_pesquisa_12187.pdf\" data-type=\"URL\" target=\"_blank\" rel=\"noreferrer noopener\">(veja aqui)<\/a>;<\/li>\n\n\n\n<li>A justi\u00e7a ambiental na cidade de Londrina: um estudo com base nos dados do Censo 2010. <a href=\"https:\/\/drive.google.com\/file\/d\/1iARjk31xarkGIV9Lp6tASXkKYMy242Gs\/view?usp=sharing\">(veja aqui).<\/a><\/li>\n<\/ul>\n<\/div>\n\n\n\n<div class=\"wp-block-uel-card\">\n<h5 class=\"wp-block-heading\"><span class=\"has-inline-color has-primary-accent-color\">Silvana Aparecida Mariano<\/span><\/h5>\n\n\n\n<ul class=\"wp-block-list\">\n<li><span class=\"has-inline-color has-secondary-text-color\">Desigualdades de g\u00eanero e autonomia das mulheres no Brasil: conex\u00f5es e descompassos com os Objetivos do Desenvolvimento Sustent\u00e1vel.<\/span> <a href=\"https:\/\/www.sistemasweb.uel.br\/system\/prj\/pes\/pdf\/pes_pesquisa_12525.pdf\" data-type=\"URL\" data-id=\"https:\/\/www.sistemasweb.uel.br\/system\/prj\/pes\/pdf\/pes_pesquisa_12525.pdf\" target=\"_blank\" rel=\"noreferrer noopener\">(veja aqui)<\/a>;<\/li>\n\n\n\n<li>Igualdade de g\u00eanero e Desenvolvimento Humano Sustent\u00e1vel: investigando a viol\u00eancia. <a href=\"https:\/\/drive.google.com\/file\/d\/14duHLtULMbWlvQV2IhOeAM9JtJ2rCDMA\/view?usp=sharing\">(veja aqui)<\/a>;<\/li>\n\n\n\n<li>LESFEM &#8211; Laborat\u00f3rio de Estudos de Feminic\u00eddios. <a href=\"https:\/\/drive.google.com\/file\/d\/1KMZKF-7y9OfBgMraXMSakJt0b6blumaC\/view?usp=sharing\">(veja aqui)<\/a>.<\/li>\n<\/ul>\n<\/div>\n<\/div>\n<\/div>\n\n\n\n<p><\/p>\n","protected":false},"excerpt":{"rendered":"<p>Linha 1 &#8211; Estado, Governan\u00e7a e Democracia Linha 2 &#8211; Desigualdades, Cidadania e Cultura<\/p>\n","protected":false},"author":7,"featured_media":0,"parent":0,"menu_order":0,"comment_status":"closed","ping_status":"closed","template":"page-templates\/template-without-title.php","meta":{"_acf_changed":false,"footnotes":""},"class_list":["post-71","page","type-page","status-publish","hentry"],"acf":[],"_links":{"self":[{"href":"https:\/\/pos.uel.br\/ppgsoc\/wp-json\/wp\/v2\/pages\/71","targetHints":{"allow":["GET"]}}],"collection":[{"href":"https:\/\/pos.uel.br\/ppgsoc\/wp-json\/wp\/v2\/pages"}],"about":[{"href":"https:\/\/pos.uel.br\/ppgsoc\/wp-json\/wp\/v2\/types\/page"}],"author":[{"embeddable":true,"href":"https:\/\/pos.uel.br\/ppgsoc\/wp-json\/wp\/v2\/users\/7"}],"replies":[{"embeddable":true,"href":"https:\/\/pos.uel.br\/ppgsoc\/wp-json\/wp\/v2\/comments?post=71"}],"version-history":[{"count":84,"href":"https:\/\/pos.uel.br\/ppgsoc\/wp-json\/wp\/v2\/pages\/71\/revisions"}],"predecessor-version":[{"id":3439,"href":"https:\/\/pos.uel.br\/ppgsoc\/wp-json\/wp\/v2\/pages\/71\/revisions\/3439"}],"wp:attachment":[{"href":"https:\/\/pos.uel.br\/ppgsoc\/wp-json\/wp\/v2\/media?parent=71"}],"curies":[{"name":"wp","href":"https:\/\/api.w.org\/{rel}","templated":true}]}}