{"id":226,"date":"2021-07-20T17:13:38","date_gmt":"2021-07-20T20:13:38","guid":{"rendered":"https:\/\/pos.uel.br\/ppgsoc\/?page_id=226"},"modified":"2026-01-14T17:44:02","modified_gmt":"2026-01-14T20:44:02","slug":"estudante-especial","status":"publish","type":"page","link":"https:\/\/pos.uel.br\/ppgsoc\/estudante-especial\/","title":{"rendered":"Estudante especial ou de outra IES"},"content":{"rendered":"\n<div class=\"wp-block-cover alignfull is-light\"><img decoding=\"async\" class=\"wp-block-cover__image-background wp-image-692\" alt=\"\" src=\"https:\/\/pos.uel.br\/ppgsoc\/wp-content\/uploads\/2021\/07\/pexels-pixabay-415071-1-scaled.jpg\" style=\"object-position:51% 83%\" data-object-fit=\"cover\" data-object-position=\"51% 83%\" \/><span aria-hidden=\"true\" class=\"wp-block-cover__background has-background-dim\"><\/span><div class=\"wp-block-cover__inner-container is-layout-flow wp-block-cover-is-layout-flow\">\n<p class=\"has-text-align-center has-site-background-color has-text-color has-large-font-size\"><strong>Estudante especial ou de outra IES<\/strong><\/p>\n<\/div><\/div>\n\n\n\n<div style=\"height:50px\" aria-hidden=\"true\" class=\"wp-block-spacer\"><\/div>\n\n\n\n<div class=\"wp-block-uel-card\">\n<div class=\"wp-block-media-text alignwide is-stacked-on-mobile\"><figure class=\"wp-block-media-text__media\"><img decoding=\"async\" src=\"https:\/\/pos.uel.br\/ppgsoc\/wp-content\/uploads\/2021\/08\/pexels-eren-li-7188818-scaled.jpg\" alt=\"\" class=\"wp-image-802 size-full\" \/><\/figure><div class=\"wp-block-media-text__content\">\n<p><strong>Estudantes especiais<\/strong> s\u00e3o aqueles\/as matriculados\/as em disciplina\/s eletivas isolada\/s do programa, n\u00e3o podendo ultrapassar 50% dos cr\u00e9ditos exigidos pelo Mestrado e 40% pelo Doutorado em disciplinas eletivas. O ingresso como estudante especial ocorre semestralmente por meio de Processos de Sele\u00e7\u00e3o definido em editais espec\u00edficos. Podem participar da sele\u00e7\u00e3o candidatos\/as que tenham conclu\u00eddo curso de gradua\u00e7\u00e3o ou que concluir\u00e3o at\u00e9 o t\u00e9rmino da matr\u00edcula como estudante especial. A sele\u00e7\u00e3o \u00e9 feita pelo\/a docente respons\u00e1vel pela disciplina, com base na avalia\u00e7\u00e3o do Curr\u00edculo Lattes documentado. Os editais dos Processos de Sele\u00e7\u00e3o de Estudantes Especiais podem ser acessados na <a href=\"https:\/\/pos.uel.br\/ppgsoc\/\" data-type=\"URL\" data-id=\"https:\/\/pos.uel.br\/ppgsoc\/\" target=\"_blank\" rel=\"noreferrer noopener\">p\u00e1gina inicial.<\/a><\/p>\n<\/div><\/div>\n\n\n\n<div style=\"height:40px\" aria-hidden=\"true\" class=\"wp-block-spacer\"><\/div>\n\n\n\n<p><strong>Estudantes regulares de mestrado ou de doutorado de outras IES<\/strong> tamb\u00e9m podem cursar disciplinas como estudantes especiais, ofertadas a qualquer momento no per\u00edodo letivo, desde que sejam autorizados pelo docente respons\u00e1vel pela disciplina e pelo Coordenador do PPPGSOC\/UEL. Veja o quadro e os programas das disciplinas ofertadas no <a href=\"https:\/\/pos.uel.br\/ppgsoc\/mestrado-2\/\" target=\"_blank\" rel=\"noreferrer noopener\">mestrado (clicar aqui)<\/a> e no <a href=\"https:\/\/pos.uel.br\/ppgsoc\/doutorado-2\/\" target=\"_blank\" rel=\"noreferrer noopener\">doutorado (clicar aqui)<\/a>. Para 2026\/1, a solicita\u00e7\u00e3o de matr\u00edcula de estudantes regulares de mestrado ou doutorado dever\u00e1 ser realizada at\u00e9 <strong><strong>27 de fevereiro de 2026<\/strong><\/strong>. Instru\u00e7\u00f5es de como realizar a requisi\u00e7\u00e3o de matr\u00edcula est\u00e3o dispon\u00edveis <a href=\"https:\/\/drive.google.com\/file\/d\/1GRENONRMbWeit-vSmea96uDlBNXcwCRw\/view?usp=sharing\">aqui (clicar)<\/a>.<\/p>\n<\/div>\n\n\n\n<p><\/p>\n","protected":false},"excerpt":{"rendered":"","protected":false},"author":9,"featured_media":0,"parent":0,"menu_order":0,"comment_status":"closed","ping_status":"closed","template":"page-templates\/template-without-title.php","meta":{"_acf_changed":false,"footnotes":""},"class_list":["post-226","page","type-page","status-publish","hentry"],"acf":[],"_links":{"self":[{"href":"https:\/\/pos.uel.br\/ppgsoc\/wp-json\/wp\/v2\/pages\/226","targetHints":{"allow":["GET"]}}],"collection":[{"href":"https:\/\/pos.uel.br\/ppgsoc\/wp-json\/wp\/v2\/pages"}],"about":[{"href":"https:\/\/pos.uel.br\/ppgsoc\/wp-json\/wp\/v2\/types\/page"}],"author":[{"embeddable":true,"href":"https:\/\/pos.uel.br\/ppgsoc\/wp-json\/wp\/v2\/users\/9"}],"replies":[{"embeddable":true,"href":"https:\/\/pos.uel.br\/ppgsoc\/wp-json\/wp\/v2\/comments?post=226"}],"version-history":[{"count":25,"href":"https:\/\/pos.uel.br\/ppgsoc\/wp-json\/wp\/v2\/pages\/226\/revisions"}],"predecessor-version":[{"id":3955,"href":"https:\/\/pos.uel.br\/ppgsoc\/wp-json\/wp\/v2\/pages\/226\/revisions\/3955"}],"wp:attachment":[{"href":"https:\/\/pos.uel.br\/ppgsoc\/wp-json\/wp\/v2\/media?parent=226"}],"curies":[{"name":"wp","href":"https:\/\/api.w.org\/{rel}","templated":true}]}}