{"id":185,"date":"2021-07-20T15:03:45","date_gmt":"2021-07-20T18:03:45","guid":{"rendered":"https:\/\/pos.uel.br\/ppgsoc\/?page_id=185"},"modified":"2024-09-09T10:26:04","modified_gmt":"2024-09-09T13:26:04","slug":"linhas-de-pesquisa","status":"publish","type":"page","link":"https:\/\/pos.uel.br\/ppgsoc\/linhas-de-pesquisa\/","title":{"rendered":"Linhas de pesquisa"},"content":{"rendered":"\n<div class=\"wp-block-cover alignfull is-light\"><span aria-hidden=\"true\" class=\"wp-block-cover__background has-background-dim\"><\/span><img decoding=\"async\" class=\"wp-block-cover__image-background wp-image-651\" alt=\"\" src=\"https:\/\/pos.uel.br\/ppgsoc\/wp-content\/uploads\/2021\/07\/pexels-cottonbro-4861373-scaled.jpg\" style=\"object-position:53% 84%\" data-object-fit=\"cover\" data-object-position=\"53% 84%\" \/><div class=\"wp-block-cover__inner-container is-layout-flow wp-block-cover-is-layout-flow\">\n<p class=\"has-text-align-center has-large-font-size\"><font color=\"white\"><strong>Linhas de pesquisa <\/strong><\/font><\/p>\n<\/div><\/div>\n\n\n\n<div style=\"height:50px\" aria-hidden=\"true\" class=\"wp-block-spacer\"><\/div>\n\n\n\n<p>No contexto da P\u00f3s-gradua\u00e7\u00e3o Stricto Sensu no Brasil, a Linha de Pesquisa \u00e9 o vetor de organiza\u00e7\u00e3o e direcionamento das atividades acad\u00eamicas e cient\u00edficas.<\/p>\n\n\n\n<p><br>Cada Linha de Pesquisa possui um eixo tem\u00e1tico estruturado que orienta e agrupa as pesquisas desenvolvidas. Tem a finalidade de promover a produ\u00e7\u00e3o de conhecimento cient\u00edfico de forma sistem\u00e1tica e cont\u00ednua, favorecendo a especializa\u00e7\u00e3o e a profundidade nos estudos de determinada \u00e1rea.<\/p>\n\n\n\n<p><br>As Linhas de Pesquisa s\u00e3o estabelecidas de acordo com os interesses cient\u00edficos do corpo docente. Assim, cada Linha de Pesquisa tem uma identidade pr\u00f3pria, marcada pelos Projetos de Pesquisa e Grupos de Pesquisa liderados pelos\/as docentes que as comp\u00f5em.<\/p>\n\n\n\n<p><br>Para que um novo Projeto de Pesquisa seja acolhido no PPGSOC, por exemplo, \u00e9 necess\u00e1rio definir o que se pretende investigar em \u00e1reas ou t\u00f3picos espec\u00edficos da Linha 1 \u2013 Estado, Governan\u00e7a e Democracia, ou da Linha 2 -Desigualdades, Cidadania e Cultura.<\/p>\n\n\n\n<p><br>Cada Linha de Pesquisa contribui para a identidade e o foco do PPGSOC, permitindo uma articula\u00e7\u00e3o coerente entre os Projetos de Pesquisa, produ\u00e7\u00e3o discente e atividades acad\u00eamicas que, em geral, devem estar alinhadas \u00e0s pesquisas dos\/as orientadores\/as.<\/p>\n\n\n\n<p><br>Al\u00e9m disso, quanto mais resguardada a identidade da Linha de Pesquisa, maior \u00e9 a facilidade em estabelecer colabora\u00e7\u00e3o entre pesquisadores\/as, promovendo a forma\u00e7\u00e3o de grupos de pesquisa e redes de coopera\u00e7\u00e3o cient\u00edfica.<\/p>\n\n\n\n<p><br>Em s\u00edntese, as Linhas de Pesquisa proporcionam um foco bem definido para as investiga\u00e7\u00f5es cient\u00edficas, promovendo a excel\u00eancia acad\u00eamica e a relev\u00e2ncia social das pesquisas desenvolvidas.<\/p>\n\n\n\n<p>Docentes tem seus<strong> <a href=\"https:\/\/pos.uel.br\/ppgsoc\/grupos-de-pesquisa-2\/\">grupos de pesquisa<\/a><\/strong> registrados CNPq e tamb\u00e9m coordenam ou participam de <a href=\"https:\/\/pos.uel.br\/ppgsoc\/projetos-de-pesquisa\/\"><strong>projetos de pesquisa<\/strong><\/a> e\/ou <strong><a href=\"https:\/\/pos.uel.br\/ppgsoc\/projetos-de-extensao\/\">extens\u00e3o<\/a>.<\/strong> <\/p>\n\n\n\n<p>O Programa de P\u00f3s-Gradua\u00e7\u00e3o em Sociologia est\u00e1 organizado em duas linhas:<\/p>\n\n\n\n<div style=\"height:10px\" aria-hidden=\"true\" class=\"wp-block-spacer\"><\/div>\n\n\n\n<div class=\"wp-block-columns is-layout-flex wp-container-core-columns-is-layout-9d6595d7 wp-block-columns-is-layout-flex\">\n<div class=\"wp-block-column is-layout-flow wp-block-column-is-layout-flow\" style=\"flex-basis:100%\">\n<div class=\"wp-block-uel-card\">\n<div class=\"wp-block-columns alignwide is-layout-flex wp-container-core-columns-is-layout-9d6595d7 wp-block-columns-is-layout-flex\">\n<div class=\"wp-block-column is-layout-flow wp-block-column-is-layout-flow\" style=\"flex-basis:50%\"><div class=\"wp-block-image is-style-default\">\n<figure class=\"aligncenter size-large\"><img loading=\"lazy\" decoding=\"async\" width=\"949\" height=\"1024\" src=\"https:\/\/pos.uel.br\/ppgsoc\/wp-content\/uploads\/2021\/08\/Linha-Estado-Governanca-e-Democracia-1_-1-949x1024.jpg\" alt=\"\" class=\"wp-image-1626\" srcset=\"https:\/\/pos.uel.br\/ppgsoc\/wp-content\/uploads\/2021\/08\/Linha-Estado-Governanca-e-Democracia-1_-1-949x1024.jpg 949w, https:\/\/pos.uel.br\/ppgsoc\/wp-content\/uploads\/2021\/08\/Linha-Estado-Governanca-e-Democracia-1_-1-278x300.jpg 278w, https:\/\/pos.uel.br\/ppgsoc\/wp-content\/uploads\/2021\/08\/Linha-Estado-Governanca-e-Democracia-1_-1-768x829.jpg 768w, https:\/\/pos.uel.br\/ppgsoc\/wp-content\/uploads\/2021\/08\/Linha-Estado-Governanca-e-Democracia-1_-1-1423x1536.jpg 1423w, https:\/\/pos.uel.br\/ppgsoc\/wp-content\/uploads\/2021\/08\/Linha-Estado-Governanca-e-Democracia-1_-1-1897x2048.jpg 1897w\" sizes=\"auto, (max-width: 949px) 100vw, 949px\" \/><\/figure>\n<\/div><\/div>\n\n\n\n<div class=\"wp-block-column is-layout-flow wp-block-column-is-layout-flow\" style=\"flex-basis:50%\">\n<h4 class=\"wp-block-heading\"><a rel=\"noreferrer noopener\" href=\"https:\/\/pos.uel.br\/ppgsoc\/grupos-de-pesquisa-2\/\" data-type=\"URL\" data-id=\"https:\/\/pos.uel.br\/ppgsoc\/grupos-de-pesquisa-2\/\" target=\"_blank\"><span class=\"has-inline-color has-primary-accent-color\"> <strong>Linha 1 &#8211; Estado, Governan\u00e7a e Democracia<\/strong><\/span><\/a><\/h4>\n\n\n\n<p class=\"has-secondary-text-color has-text-color\">Esta linha estuda os processos de governan\u00e7a em \u00e1reas como educa\u00e7\u00e3o, sa\u00fade, seguran\u00e7a, moradia, regula\u00e7\u00e3o do trabalho e gera\u00e7\u00e3o de emprego e renda, com foco nas desigualdades de poder e de recursos pol\u00edticos que impulsionam e\/ou emperram a efetiva\u00e7\u00e3o de direitos e a constru\u00e7\u00e3o da democracia nas sociedades contempor\u00e2neas. As pesquisas analisam a participa\u00e7\u00e3o de m\u00faltiplos atores &#8211; estatais e n\u00e3o-estatais, nacionais e transnacionais, formais e informais &#8211; que podem demandar, decidir, implementar e controlar pol\u00edticas p\u00fablicas em contextos complexos marcados por prefer\u00eancias heterog\u00eaneas, conflitos, dispers\u00e3o do poder e interdepend\u00eancia. As rela\u00e7\u00f5es de poder est\u00e3o no centro das pesquisas, que est\u00e3o interessadas primordialmente em entender os processos de governan\u00e7a e redefini\u00e7\u00e3o dos pap\u00e9is do Estado a partir das condi\u00e7\u00f5es s\u00f3cio-hist\u00f3ricas, sociopol\u00edticas, socioecon\u00f4micas e socioculturais onde eles ocorrem.<\/p>\n\n\n\n<h2 class=\"wp-block-heading\"><a href=\"https:\/\/pos.uel.br\/ppgsoc\/docentes\/\" data-type=\"page\" data-id=\"118\">Docentes<\/a> &#8211; <a href=\"https:\/\/pos.uel.br\/ppgsoc\/grupos-de-pesquisa-2\/\" data-type=\"page\" data-id=\"153\">Grupos de Pesquisa<\/a><\/h2>\n\n\n\n<ul class=\"wp-block-list\">\n<li><a href=\"http:\/\/lattes.cnpq.br\/0095300351088336\">Carla Cecilia Rodrigues Almeida<\/a> <\/li>\n\n\n\n<li><a href=\"http:\/\/lattes.cnpq.br\/6604773748336954\">Cl\u00e1udia Siqueira Baltar<\/a> &#8211; <a href=\"http:\/\/dgp.cnpq.br\/dgp\/espelhogrupo\/9470495387341835\">LEPP &#8211; Laborat\u00f3rio de Estudos de Popula\u00e7\u00e3o e Pol\u00edticas P\u00fablicas<\/a> \/ <a href=\"http:\/\/dgp.cnpq.br\/dgp\/espelhogrupo\/1228673057159451\">Observat\u00f3rio de Popula\u00e7\u00f5es e Pol\u00edticas P\u00fablicas<\/a><\/li>\n\n\n\n<li><a href=\"http:\/\/lattes.cnpq.br\/3195611596157559\">Cl\u00e9ber Lopes<\/a> &#8211; <a href=\"http:\/\/www.legsuel.org\/\" target=\"_blank\" rel=\"noreferrer noopener\">Laborat\u00f3rio de Estudos sobre Governan\u00e7a da Seguran\u00e7a \u2013 LEGS.<\/a><\/li>\n\n\n\n<li><a href=\"http:\/\/lattes.cnpq.br\/6723085917601942\">F\u00e1bio Lanza<\/a> &#8211; <a href=\"http:\/\/dgp.cnpq.br\/dgp\/espelhogrupo\/6362802432804695\" target=\"_blank\" rel=\"noreferrer noopener\">Sociabilidades e as dimens\u00f5es do simb\u00f3lico: cultura, educa\u00e7\u00e3o, sa\u00fade e religiosidades.<\/a> \/ <a href=\"http:\/\/dgp.cnpq.br\/dgp\/espelhogrupo\/7884061001140167\">LENPES Laborat\u00f3rio de Ensino, Pesquisa e Extens\u00e3o de Sociologia<\/a> \/ <a href=\"http:\/\/dgp.cnpq.br\/dgp\/espelhogrupo\/7077278870190324\">Educa\u00e7\u00e3o e Religi\u00e3o<\/a> \/ <\/li>\n\n\n\n<li><a href=\"http:\/\/lattes.cnpq.br\/1205275443903038\">Fernanda Forte de Carvalho<\/a> &#8211; <a href=\"http:\/\/dgp.cnpq.br\/dgp\/espelhogrupo\/3851295186036005\">GENTT &#8211; Grupo de Estudos sobre Novas Tecnologias e Trabalho<\/a><\/li>\n\n\n\n<li><a href=\"http:\/\/lattes.cnpq.br\/4575417876701950\">Ileizi Luciana Fiorelli Silva<\/a> &#8211; <a href=\"http:\/\/dgp.cnpq.br\/dgp\/espelhogrupo\/7884061001140167\">LENPES Laborat\u00f3rio de Ensino, Pesquisa e Extens\u00e3o de Sociologia<\/a><\/li>\n\n\n\n<li><a href=\"http:\/\/lattes.cnpq.br\/4325382490690331\">Raquel Kritsch<\/a> &#8211; <a href=\"http:\/\/dgp.cnpq.br\/dgp\/espelhogrupo\/2183170671585864\">Grupo de Pesquisa Estudos em Teoria Pol\u00edtica (GETePol)<\/a> \/ <a href=\"http:\/\/dgp.cnpq.br\/dgp\/espelhogrupo\/0004931884313923\">Grupo de Pesquisa teoria&amp;pol\u00edtica.edu<\/a><\/li>\n\n\n\n<li><a href=\"http:\/\/lattes.cnpq.br\/4277743946402184\">Simone Wolff<\/a> &#8211; <a href=\"http:\/\/dgp.cnpq.br\/dgp\/espelhogrupo\/3851295186036005\">GENTT &#8211; Grupo de Estudos sobre Novas Tecnologias e Trabalho<\/a><\/li>\n<\/ul>\n<\/div>\n<\/div>\n\n\n\n<div class=\"wp-block-columns is-layout-flex wp-container-core-columns-is-layout-9d6595d7 wp-block-columns-is-layout-flex\">\n<div class=\"wp-block-column is-layout-flow wp-block-column-is-layout-flow\"><\/div>\n\n\n\n<div class=\"wp-block-column is-layout-flow wp-block-column-is-layout-flow\">\n<p class=\"has-text-align-right\"><a href=\"https:\/\/pos.uel.br\/ppgsoc\/projetos-de-pesquisa\/\"><strong>Consulte tamb\u00e9m os Projetos de Pesquisa.<\/strong><\/a><\/p>\n<\/div>\n<\/div>\n<\/div>\n<\/div>\n<\/div>\n\n\n\n<div class=\"wp-block-uel-card\">\n<div class=\"wp-block-columns alignwide is-layout-flex wp-container-core-columns-is-layout-9d6595d7 wp-block-columns-is-layout-flex\">\n<div class=\"wp-block-column is-layout-flow wp-block-column-is-layout-flow\" style=\"flex-basis:50%\">\n<h4 class=\"wp-block-heading\"><a rel=\"noreferrer noopener\" href=\"https:\/\/pos.uel.br\/ppgsoc\/grupos-de-pesquisa-2\/\" data-type=\"URL\" data-id=\"https:\/\/pos.uel.br\/ppgsoc\/grupos-de-pesquisa-2\/\" target=\"_blank\"><span class=\"has-inline-color has-primary-accent-color\">Linha 2: Desigualdades, Cidadania e Cultura<\/span><\/a><\/h4>\n\n\n\n<p class=\"has-secondary-text-color has-text-color\">Esta linha promove estudos sobre as din\u00e2micas e processos de produ\u00e7\u00e3o e reprodu\u00e7\u00e3o das desigualdades sociais em suas m\u00faltiplas dimens\u00f5es associadas \u00e0s persist\u00eancias das assimetrias, como tamb\u00e9m \u00e0s resist\u00eancias e \u00e0s mudan\u00e7as sociais; sobre as din\u00e2micas e processos identit\u00e1rios, religiosos, de forma\u00e7\u00e3o de grupos intelectuais, com \u00eanfase em categorias como classe, ra\u00e7a, etnia, g\u00eanero, gera\u00e7\u00e3o, religi\u00e3o, entre outros; e, ainda, sobre as din\u00e2micas s\u00f3cio-pol\u00edticas de agenciamento dos sujeitos individuais e coletivos, envolvendo tanto os atores e movimentos sociais como feminismos, movimento negro e movimentos LGBT e outros, como as pol\u00edticas voltadas \u00e0s \u201cminorias sociais\u201d em vista da constru\u00e7\u00e3o da cidadania e da democracia. Atrav\u00e9s de diferentes vertentes te\u00f3ricas, orienta\u00e7\u00f5es, enfoques metodol\u00f3gicos e perspectivas transversais dos fen\u00f4menos sociais, culturais e pol\u00edticos, a linha contempla debates sobre formas de desigualdades, de assimetrias e de discrimina\u00e7\u00f5es na sociedade moderna. As tem\u00e1ticas abarcam rela\u00e7\u00f5es e conflitos \u00e9tnicos, raciais, culturais, de g\u00eanero e de gera\u00e7\u00f5es; territ\u00f3rios e segrega\u00e7\u00f5es raciais; popula\u00e7\u00f5es tradicionais e migra\u00e7\u00f5es; finalmente, movimentos art\u00edsticos e intelectuais.<\/p>\n\n\n\n<h2 class=\"wp-block-heading\"><a href=\"https:\/\/pos.uel.br\/ppgsoc\/docentes\/\" data-type=\"page\" data-id=\"118\">Docentes<\/a> &#8211; <a href=\"https:\/\/pos.uel.br\/ppgsoc\/grupos-de-pesquisa-2\/\" data-type=\"page\" data-id=\"153\">Grupos de Pesquisa<\/a><\/h2>\n<\/div>\n\n\n\n<div class=\"wp-block-column is-layout-flow wp-block-column-is-layout-flow\" style=\"flex-basis:50%\"><div class=\"wp-block-image is-style-default\">\n<figure class=\"aligncenter size-large\"><img loading=\"lazy\" decoding=\"async\" width=\"945\" height=\"1024\" src=\"https:\/\/pos.uel.br\/ppgsoc\/wp-content\/uploads\/2021\/08\/Linha-Desigualdades-Cidadania-e-Cultura_-1-945x1024.jpg\" alt=\"\" class=\"wp-image-1627\" srcset=\"https:\/\/pos.uel.br\/ppgsoc\/wp-content\/uploads\/2021\/08\/Linha-Desigualdades-Cidadania-e-Cultura_-1-945x1024.jpg 945w, https:\/\/pos.uel.br\/ppgsoc\/wp-content\/uploads\/2021\/08\/Linha-Desigualdades-Cidadania-e-Cultura_-1-277x300.jpg 277w, https:\/\/pos.uel.br\/ppgsoc\/wp-content\/uploads\/2021\/08\/Linha-Desigualdades-Cidadania-e-Cultura_-1-768x832.jpg 768w, https:\/\/pos.uel.br\/ppgsoc\/wp-content\/uploads\/2021\/08\/Linha-Desigualdades-Cidadania-e-Cultura_-1-1418x1536.jpg 1418w, https:\/\/pos.uel.br\/ppgsoc\/wp-content\/uploads\/2021\/08\/Linha-Desigualdades-Cidadania-e-Cultura_-1-1890x2048.jpg 1890w\" sizes=\"auto, (max-width: 945px) 100vw, 945px\" \/><\/figure>\n<\/div><\/div>\n<\/div>\n\n\n\n<ul class=\"wp-block-list\">\n<li><a href=\"http:\/\/buscatextual.cnpq.br\/buscatextual\/visualizacv.do?id=K4138551E8\" target=\"_blank\" rel=\"noreferrer noopener\">\u00c2ngela Maria de Souza Lima<\/a> &#8211; <a href=\"http:\/\/dgp.cnpq.br\/dgp\/espelhogrupo\/7884061001140167\">LENPES Laborat\u00f3rio de Ensino, Pesquisa e Extens\u00e3o de Sociologia<\/a> \/ <a href=\"http:\/\/dgp.cnpq.br\/dgp\/espelhogrupo\/7870751681649582\">A\u00e7\u00f5es afirmativas para o ensino superior<\/a><\/li>\n\n\n\n<li><a href=\"http:\/\/lattes.cnpq.br\/8732487438842187\">Carla Delgado de Souza<\/a><\/li>\n\n\n\n<li><a href=\"http:\/\/buscatextual.cnpq.br\/buscatextual\/visualizacv.do?id=K4703456T6\" target=\"_blank\" rel=\"noreferrer noopener\">Claudinei Carlos Spirandelli<\/a> &#8211; <a href=\"http:\/\/dgp.cnpq.br\/dgp\/espelhogrupo\/9033990908253299\">Desenvolvimento social e desenvolvimento humano<\/a><\/li>\n\n\n\n<li><a href=\"http:\/\/buscatextual.cnpq.br\/buscatextual\/visualizacv.do?id=K4700394T8\" target=\"_blank\" rel=\"noreferrer noopener\">Eliel Ribeiro Machado<\/a>&nbsp; &#8211; <a href=\"http:\/\/dgp.cnpq.br\/dgp\/espelhogrupo\/3545920793676826\" target=\"_blank\" rel=\"noreferrer noopener\">GEPAL \u2013 Grupo de Estudos de Pol\u00edtica da Am\u00e9rica Latina.<\/a><\/li>\n\n\n\n<li><a href=\"http:\/\/buscatextual.cnpq.br\/buscatextual\/visualizacv.do?id=K4228401H4\" target=\"_blank\" rel=\"noreferrer noopener\">Fernando Kulaitis<\/a>&nbsp;&#8211; <a href=\"http:\/\/dgp.cnpq.br\/dgp\/espelhogrupo\/5847455520995721\" target=\"_blank\" rel=\"noreferrer noopener\">Espa\u00e7o social, estruturas e pr\u00e1ticas urbanas.<\/a><\/li>\n\n\n\n<li><a href=\"http:\/\/lattes.cnpq.br\/2994707153442186\" target=\"_blank\" rel=\"noreferrer noopener\">Maria Nilza da Silva<\/a> &#8211; <a href=\"http:\/\/dgp.cnpq.br\/dgp\/espelhogrupo\/3646143708755715\">LEAFRO &#8211; Laborat\u00f3rio de Estudos Afro-Brasileiros e Africanos<\/a> \/ <\/li>\n\n\n\n<li><a href=\"http:\/\/lattes.cnpq.br\/0457303540134674\" target=\"_blank\" rel=\"noreferrer noopener\">Rafael Braz da Silva<\/a>&nbsp; &#8211; <a href=\"http:\/\/dgp.cnpq.br\/dgp\/espelhogrupo\/8928694754299754\">Iniciativa Socioambiental<\/a> \/ <a href=\"http:\/\/dgp.cnpq.br\/dgp\/espelhogrupo\/6362802432804695\" target=\"_blank\" rel=\"noreferrer noopener\">Sociabilidades e as dimens\u00f5es do simb\u00f3lico: cultura, educa\u00e7\u00e3o, sa\u00fade e religiosidades.<\/a><\/li>\n\n\n\n<li><a href=\"http:\/\/lattes.cnpq.br\/3865408105800004\" target=\"_blank\" rel=\"noreferrer noopener\">Silvana Aparecida Mariano<\/a> &#8211; <a href=\"http:\/\/dgp.cnpq.br\/dgp\/espelhogrupo\/0076508730122748\" target=\"_blank\" rel=\"noreferrer noopener\">G\u00eanero, Corporalidades, Direitos Humanos e Pol\u00edticas P\u00fablicas.<\/a><\/li>\n<\/ul>\n\n\n\n<p><a href=\"https:\/\/pos.uel.br\/ppgsoc\/projetos-de-pesquisa\/\"><strong>Consulte tamb\u00e9m os Projetos de Pesquisa.<\/strong><\/a><\/p>\n<\/div>\n\n\n\n<p><\/p>\n","protected":false},"excerpt":{"rendered":"<p>No contexto da P\u00f3s-gradua\u00e7\u00e3o Stricto Sensu no Brasil, a Linha de Pesquisa \u00e9 o vetor de organiza\u00e7\u00e3o e direcionamento das atividades acad\u00eamicas e cient\u00edficas. Cada Linha de Pesquisa possui um eixo tem\u00e1tico estruturado que orienta e agrupa as pesquisas desenvolvidas. Tem a finalidade de promover a produ\u00e7\u00e3o de conhecimento cient\u00edfico de forma sistem\u00e1tica e cont\u00ednua, [&hellip;]<\/p>\n","protected":false},"author":9,"featured_media":0,"parent":0,"menu_order":0,"comment_status":"closed","ping_status":"closed","template":"page-templates\/template-without-title.php","meta":{"_acf_changed":false,"footnotes":""},"class_list":["post-185","page","type-page","status-publish","hentry"],"acf":[],"_links":{"self":[{"href":"https:\/\/pos.uel.br\/ppgsoc\/wp-json\/wp\/v2\/pages\/185","targetHints":{"allow":["GET"]}}],"collection":[{"href":"https:\/\/pos.uel.br\/ppgsoc\/wp-json\/wp\/v2\/pages"}],"about":[{"href":"https:\/\/pos.uel.br\/ppgsoc\/wp-json\/wp\/v2\/types\/page"}],"author":[{"embeddable":true,"href":"https:\/\/pos.uel.br\/ppgsoc\/wp-json\/wp\/v2\/users\/9"}],"replies":[{"embeddable":true,"href":"https:\/\/pos.uel.br\/ppgsoc\/wp-json\/wp\/v2\/comments?post=185"}],"version-history":[{"count":37,"href":"https:\/\/pos.uel.br\/ppgsoc\/wp-json\/wp\/v2\/pages\/185\/revisions"}],"predecessor-version":[{"id":3535,"href":"https:\/\/pos.uel.br\/ppgsoc\/wp-json\/wp\/v2\/pages\/185\/revisions\/3535"}],"wp:attachment":[{"href":"https:\/\/pos.uel.br\/ppgsoc\/wp-json\/wp\/v2\/media?parent=185"}],"curies":[{"name":"wp","href":"https:\/\/api.w.org\/{rel}","templated":true}]}}