{"id":1747,"date":"2021-08-30T02:58:59","date_gmt":"2021-08-30T05:58:59","guid":{"rendered":"https:\/\/pos.uel.br\/ppgsoc\/pagina-inicial-english\/"},"modified":"2021-12-02T17:08:42","modified_gmt":"2021-12-02T20:08:42","slug":"pagina-inicial-english","status":"publish","type":"page","link":"https:\/\/pos.uel.br\/ppgsoc\/en\/pagina-inicial-english\/","title":{"rendered":"Graduate Program in Sociology"},"content":{"rendered":"\n<div class=\"wp-block-uel-card\">\n<h3 class=\"has-primary-accent-color has-text-color wp-block-heading\">Public Notices<\/h3>\n\n\n<div class=\"editais-block\"><a class=\"editais-block__item-block\" href=\"https:\/\/pos.uel.br\/ppgsoc\/wp-content\/uploads\/2026\/03\/edital-22-2026^LJ-distribuicao-de-bolsas-doutorado.pdf\"><div class=\"editais-block__titulo\"><span>Edital n\u00ba 022\/2026 \u2013 PPGSOC\/UEL Distribui\u00e7\u00e3o de Bolsas de Doutorado Conforme Classifica\u00e7\u00e3o Publicada no Edital n\u00b0 018\/2026-PPGSOC\/UEL<\/span><\/div><div class=\"editais-block__resumo\"><span>A Comiss\u00e3o Permanente de Bolsas do Programa de P\u00f3s-gradua\u00e7\u00e3o em Sociologia da UEL, no uso de suas atribui\u00e7\u00f5es administrativas, torna p\u00fablica a distribui\u00e7\u00e3o de bolsas CAPES\/DS recebidas pelo PPGSOC, conforme as regras do regimento interno do Programa de P\u00f3s-Gradua\u00e7\u00e3o e a classifica\u00e7\u00e3o dos estudantes inscritos no Edital n\u00ba 018\/2026 e classificados no Edital n\u00ba 008\/2026.<\/span><\/div><div class=\"editais-block__publicado\"><span>1 m\u00eas atr\u00e1s<\/span><\/div><\/a><a class=\"editais-block__item-block\" href=\"https:\/\/pos.uel.br\/ppgsoc\/wp-content\/uploads\/2026\/03\/edital-21-2026_distribuicao-de-bolsas^LJ-mestrado.pdf\"><div class=\"editais-block__titulo\"><span>Edital n\u00ba 021\/2026 \u2013 PPGSOC\/UEL Distribui\u00e7\u00e3o de Bolsas de Mestrado Conforme Classifica\u00e7\u00e3o Publicada no Edital n\u00b0 015\/2026-PPGSOC\/UEL<\/span><\/div><div class=\"editais-block__resumo\"><span>A Comiss\u00e3o Permanente de Bolsas do Programa de P\u00f3s-gradua\u00e7\u00e3o em Sociologia da UEL, no uso de suas atribui\u00e7\u00f5es administrativas, torna p\u00fablica a distribui\u00e7\u00e3o de bolsas CAPES\/DS recebidas pelo PPGSOC, conforme as regras do regimento interno do Programa de P\u00f3s-Gradua\u00e7\u00e3o e a classifica\u00e7\u00e3o dos estudantes inscritos no Edital n\u00ba 007\/2026 e classificados no Edital n\u00ba 15\/2026.<\/span><\/div><div class=\"editais-block__publicado\"><span>1 m\u00eas atr\u00e1s<\/span><\/div><\/a><a class=\"editais-block__item-block\" href=\"https:\/\/pos.uel.br\/ppgsoc\/wp-content\/uploads\/2026\/03\/edital-020-2026^Lretificacao-do-resultado-renovacao-bolsas-doutorado.pdf\"><div class=\"editais-block__titulo\"><span>Edital\u00ba 020\/2026 \u2013 PPGSOC\/UEL Retifica\u00e7\u00e3o do Edital Definitivo de Renova\u00e7\u00e3o de Bolsas de Doutorado<\/span><\/div><div class=\"editais-block__resumo\"><span>A Comiss\u00e3o Permanente de Bolsas do Programa de P\u00f3s-gradua\u00e7\u00e3o em Sociologia da UEL, no uso de suas atribui\u00e7\u00f5es administrativas, torna p\u00fablica a retifica\u00e7\u00e3o do Edital n\u00ba 018\/2026, que trata da renova\u00e7\u00e3o de bolsas DS\/CAPES e CNPq de Doutorado.<\/span><\/div><div class=\"editais-block__publicado\"><span>1 m\u00eas atr\u00e1s<\/span><\/div><\/a><\/div>\n\n\n<p class=\"has-text-align-right has-primary-accent-color has-text-color\" style=\"font-size:14px\"><a href=\"https:\/\/pos.uel.br\/ppgsoc\/editais\" target=\"_blank\" rel=\"noreferrer noopener\"><strong>Ver todos<\/strong><\/a><\/p>\n<\/div>\n\n\n\n<div class=\"wp-block-uel-card\">\n<h3 class=\"is-style-highlighted-heading wp-block-heading\">Viva and Qualifying Examinations<\/h3>\n\n\n<div class=\"defesas-qualificacoes\"><a class=\"defesas-qualificacoes__item-block\" href=\"https:\/\/pos.uel.br\/ppgsoc\/defesas-qualificacoes\/agricultura-familiar-agrotoxicos-e-politicas-publicas-continuidades-e-rupturas-entre-os-governos-bolsonaro-e-lula\/\"><div><span>12\/03 15:00<\/span><\/div><div class=\"defesas-qualificacoes__titulo\"><span>Agricultura familiar, agrot\u00f3xicos e pol\u00edticas p\u00fablicas: continuidades e rupturas entre os governos Bolsonaro e Lula<\/span><\/div><div class=\"defesas-qualificacoes__aluno\"><span>Giovanna Gomes Previdello<\/span><\/div><\/a><a class=\"defesas-qualificacoes__item-block\" href=\"https:\/\/pos.uel.br\/ppgsoc\/defesas-qualificacoes\/a-bncc-2018-2024-como-expressao-da-agenda-globalmente-estruturada-para-a-educacao-padronizacao-curricular-e-disputas-de-sentido-nas-ciencias-humanas-e-sociais-aplicadas\/\"><div><span>16\/12 19:30<\/span><\/div><div class=\"defesas-qualificacoes__titulo\"><span>A BNCC (2018-2024) como express\u00e3o da Agenda Globalmente Estruturada para a Educa\u00e7\u00e3o: padroniza\u00e7\u00e3o curricular e disputas de sentido nas Ci\u00eancias Humanas e Sociais Aplicadas<\/span><\/div><div class=\"defesas-qualificacoes__aluno\"><span>Leonardo Augusto De Campos<\/span><\/div><\/a><a class=\"defesas-qualificacoes__item-block\" href=\"https:\/\/pos.uel.br\/ppgsoc\/defesas-qualificacoes\/o-processo-de-requalificacao-da-nobreza-urbana-e-a-trialetica-espacial-bourdieusiana-o-caso-da-nova-prochet-em-londrina-pr-2\/\"><div><span>11\/12 14:00<\/span><\/div><div class=\"defesas-qualificacoes__titulo\"><span>O Processo de Requalifica\u00e7\u00e3o da Nobreza Urbana e a Trial\u00e9tica Espacial Bourdieusiana: O Caso da &#8220;Nova Prochet&#8221; em Londrina-PR<\/span><\/div><div class=\"defesas-qualificacoes__aluno\"><span>Andr\u00e9 Luis Spera<\/span><\/div><\/a><\/div>\n\n\n<p class=\"has-text-align-right has-primary-accent-color has-text-color\" style=\"font-size:14px\"><strong><a href=\"https:\/\/pos.uel.br\/ppgsoc\/defesas-qualificacoes\/\" data-type=\"URL\" data-id=\"https:\/\/pos.uel.br\/ppgsoc\/defesas-qualificacoes\/\" target=\"_blank\" rel=\"noreferrer noopener\">Ver todos<\/a><\/strong><\/p>\n<\/div>\n","protected":false},"excerpt":{"rendered":"","protected":false},"author":3,"featured_media":0,"parent":0,"menu_order":0,"comment_status":"closed","ping_status":"closed","template":"","meta":{"_acf_changed":false,"footnotes":""},"class_list":["post-1747","page","type-page","status-publish","hentry"],"acf":[],"_links":{"self":[{"href":"https:\/\/pos.uel.br\/ppgsoc\/wp-json\/wp\/v2\/pages\/1747","targetHints":{"allow":["GET"]}}],"collection":[{"href":"https:\/\/pos.uel.br\/ppgsoc\/wp-json\/wp\/v2\/pages"}],"about":[{"href":"https:\/\/pos.uel.br\/ppgsoc\/wp-json\/wp\/v2\/types\/page"}],"author":[{"embeddable":true,"href":"https:\/\/pos.uel.br\/ppgsoc\/wp-json\/wp\/v2\/users\/3"}],"replies":[{"embeddable":true,"href":"https:\/\/pos.uel.br\/ppgsoc\/wp-json\/wp\/v2\/comments?post=1747"}],"version-history":[{"count":8,"href":"https:\/\/pos.uel.br\/ppgsoc\/wp-json\/wp\/v2\/pages\/1747\/revisions"}],"predecessor-version":[{"id":2160,"href":"https:\/\/pos.uel.br\/ppgsoc\/wp-json\/wp\/v2\/pages\/1747\/revisions\/2160"}],"wp:attachment":[{"href":"https:\/\/pos.uel.br\/ppgsoc\/wp-json\/wp\/v2\/media?parent=1747"}],"curies":[{"name":"wp","href":"https:\/\/api.w.org\/{rel}","templated":true}]}}