{"id":155,"date":"2021-07-20T14:45:27","date_gmt":"2021-07-20T17:45:27","guid":{"rendered":"https:\/\/pos.uel.br\/ppgsoc\/?page_id=155"},"modified":"2021-08-11T09:16:09","modified_gmt":"2021-08-11T12:16:09","slug":"publicacoes-2","status":"publish","type":"page","link":"https:\/\/pos.uel.br\/ppgsoc\/publicacoes-2\/","title":{"rendered":"Publica\u00e7\u00f5es"},"content":{"rendered":"\n<div class=\"wp-block-cover has-background-dim\"><img decoding=\"async\" class=\"wp-block-cover__image-background wp-image-683\" alt=\"\" src=\"https:\/\/pos.uel.br\/ppgsoc\/wp-content\/uploads\/2021\/07\/pexels-polina-zimmerman-3747465-1-scaled.jpg\" data-object-fit=\"cover\"\/><div class=\"wp-block-cover__inner-container is-layout-flow wp-block-cover-is-layout-flow\">\n<p class=\"has-text-align-center has-large-font-size\"><strong>Publica\u00e7\u00f5es <\/strong><\/p>\n<\/div><\/div>\n\n\n\n<div style=\"height:50px\" aria-hidden=\"true\" class=\"wp-block-spacer\"><\/div>\n\n\n\n<div class=\"wp-block-columns is-layout-flex wp-container-core-columns-is-layout-9d6595d7 wp-block-columns-is-layout-flex\">\n<div class=\"wp-block-column is-layout-flow wp-block-column-is-layout-flow\">\n<div class=\"wp-block-uel-card\">\n<h5 class=\"wp-block-heading\">Linha 1 &#8211; Estado, Governan\u00e7a e Democracia <\/h5>\n\n\n\n<p>Produ\u00e7\u00e3o bibliogr\u00e1fica de 2020<\/p>\n\n\n\n<figure class=\"wp-block-table is-style-stripes\"><table class=\"has-secondary-text-color has-text-color\"><tbody><tr><td><a rel=\"noreferrer noopener\" href=\"http:\/\/lattes.cnpq.br\/0095300351088336\" target=\"_blank\">ALMEIDA, Carla<\/a>. (resenha) Paths For Building Strong Participatory Institutions in Latin America. BRAZILIAN POLITICAL SCIENCE REVIEW, v. 14, p. 1-7, 2020.<\/td><td><\/td><\/tr><tr><td><a rel=\"noreferrer noopener\" href=\"http:\/\/lattes.cnpq.br\/0095300351088336\" target=\"_blank\">ALMEIDA, Carla<\/a>. O que sabemos sobre as institui\u00e7\u00f5es participativas? Tr\u00eas aprendizados. In: Ana Claudia Teixeira; Carla Almeida; Jos\u00e9 Antonio Moroni. (Org.). A democracia necess\u00e1ria e desejada: dilemas e perspectivas. 1ed.Marilia: Lutas Anticapital, 2020, v. , p. 69-79.<\/td><td><\/td><\/tr><tr><td><a rel=\"noreferrer noopener\" href=\"http:\/\/lattes.cnpq.br\/0095300351088336\" target=\"_blank\">ALMEIDA, Carla<\/a>; HOLANDA, C. B. . Fundadoras da Ci\u00eancia Pol\u00edtica no Brasil: campo, trajet\u00f3rias e condi\u00e7\u00e3o feminina. In: Fl\u00e1via Biroli; Luciana Tatagiba; Carla Almeida; Cristina Buarque de Holanda; Vanessa Elias de Oliveira. (Org.). Mulheres, Poder e Ci\u00eancia Pol\u00edtica &#8211; Debates e Trajet\u00f3rias. 1ed.Campinas: Editora da Unicamp, 2020, v. , p. 223-247.<\/td><td><\/td><\/tr><tr><td><a rel=\"noreferrer noopener\" href=\"http:\/\/lattes.cnpq.br\/0095300351088336\" target=\"_blank\">ALMEIDA, Carla<\/a>; LUCHMANN, LIGIA ; MARTELLI, CARLA . A pandemia e seus impactos no Brasil. Middle Atlantic Review of Latin American Studies, v. 4, p. 20-25, 2020<\/td><td><\/td><\/tr><tr><td><a rel=\"noreferrer noopener\" href=\"http:\/\/lattes.cnpq.br\/0422531962673004\" target=\"_blank\">ALVES NETO, HENRIQUE FERNANDES<\/a>; BIGOTTO, Francisco ; DOMINGUES, Cao ; GOMES, Elias Evangelista ; SOUSA, Marquilandes Borges de ; VITIELLO, M\u00e1rcio Abondanza . Voc\u00ea no mundo: territ\u00f3rio, fronteira e poder : conflitos do mundo capitalista. 1. ed. Jo\u00e3o Pessoa: MVC, 2020. v. 1. 160p .<\/td><td><\/td><\/tr><tr><td><a rel=\"noreferrer noopener\" href=\"http:\/\/lattes.cnpq.br\/0422531962673004\" target=\"_blank\">ALVES NETO, HENRIQUE FERNANDES<\/a>; BIGOTTO, Francisco ; DOMINGUES, Cao ; GOMES, Elias Evangelista ; SOUSA, Marquilandes Borges de ; VITIELLO, M\u00e1rcio Abondanza . Voc\u00ea no mundo: territ\u00f3rio, fronteira e poder : conflitos do mundo capitalista : manual do professor. 1. ed. Jo\u00e3o Pessoa: MVC, 2020. v. 1. 240p .<\/td><td><\/td><\/tr><tr><td><a rel=\"noreferrer noopener\" href=\"http:\/\/lattes.cnpq.br\/0422531962673004\" target=\"_blank\">ALVES NETO, HENRIQUE FERNANDES<\/a>; BIGOTTO, Francisco ; DOMINGUES, Cao ; GOMES, Elias Evangelista ; SOUSA, Marquilandes Borges de ; VITIELLO, M\u00e1rcio Abondanza . Voc\u00ea no mundo: o mundo do trabalho e da produ\u00e7\u00e3o. 1. ed. Jo\u00e3o Pessoa: MVC, 2020. v. 1. 160p .<\/td><td><\/td><\/tr><tr><td><a rel=\"noreferrer noopener\" href=\"http:\/\/lattes.cnpq.br\/0422531962673004\" target=\"_blank\">ALVES NETO, HENRIQUE FERNANDES<\/a>; BIGOTTO, Francisco ; DOMINGUES, Cao ; GOMES, Elias Evangelista ; SOUSA, Marquilandes Borges de ; VITIELLO, M\u00e1rcio Abondanza . Voc\u00ea no mundo: o mundo do trabalho e da produ\u00e7\u00e3o : manual do professor. 1. ed. Jo\u00e3o Pessoa: MVC, 2020. v. 1. 232p <\/td><td><\/td><\/tr><tr><td><a rel=\"noreferrer noopener\" href=\"http:\/\/lattes.cnpq.br\/0422531962673004\" target=\"_blank\">ALVES NETO, HENRIQUE FERNANDES<\/a>; BIGOTTO, Francisco ; DOMINGUES, Cao ; GOMES, Elias Evangelista ; SOUSA, Marquilandes Borges de ; VITIELLO, M\u00e1rcio Abondanza . Voc\u00ea no mundo : cultura, mobilidade e natureza : povos em deslocamento: manual do professor. 1. ed. Jo\u00e3o Pessoa: MVC, 2020. v. 1. 232p .<\/td><td><\/td><\/tr><tr><td><a rel=\"noreferrer noopener\" href=\"http:\/\/lattes.cnpq.br\/0422531962673004\" target=\"_blank\">ALVES NETO, HENRIQUE FERNANDES<\/a>; BIGOTTO, Francisco ; DOMINGUES, Cao ; GOMES, Elias Evangelista ; SOUSA, Marquilandes Borges de ; VITIELLO, M\u00e1rcio Abondanza . Voc\u00ea no mundo : tempo, espa\u00e7o e sociedade. 1. ed. Jo\u00e3o Pessoa: MVC, 2020. v. 1. 160p.<\/td><td><\/td><\/tr><tr><td><a rel=\"noreferrer noopener\" href=\"http:\/\/lattes.cnpq.br\/0422531962673004\" target=\"_blank\">ALVES NETO, HENRIQUE FERNANDES<\/a>; BIGOTTO, Francisco ; DOMINGUES, Cao ; GOMES, Elias Evangelista ; SOUSA, Marquilandes Borges de ; VITIELLO, M\u00e1rcio Abondanza . Voc\u00ea no mundo : tempo, espa\u00e7o e sociedade: manual do professor. 1. ed. Jo\u00e3o Pessoa: MVC, 2020. v. 1. 240p <\/td><td><\/td><\/tr><tr><td><a rel=\"noreferrer noopener\" href=\"http:\/\/lattes.cnpq.br\/0422531962673004\" target=\"_blank\">ALVES NETO, HENRIQUE FERNANDES<\/a>; BIGOTTO, Francisco ; DOMINGUES, Cao ; GOMES, Elias Evangelista ; SOUSA, Marquilandes Borges de ; VITIELLO, M\u00e1rcio Abondanza . Voc\u00ea no mundo : mundo integrado : retratos do s\u00e9culo XXI. 1. ed. Jo\u00e3o Pessoa: MVC, 2020. v. 1. 160p .<\/td><td><\/td><\/tr><tr><td><a rel=\"noreferrer noopener\" href=\"http:\/\/lattes.cnpq.br\/0422531962673004\" target=\"_blank\">ALVES NETO, HENRIQUE FERNANDES<\/a>; BIGOTTO, Francisco ; DOMINGUES, Cao ; GOMES, Elias Evangelista ; SOUSA, Marquilandes Borges de ; VITIELLO, M\u00e1rcio Abondanza . Voc\u00ea no mundo : mundo integrado : retratos do s\u00e9culo XXI: manual do professor. 1. ed. Jo\u00e3o Pessoa: MVC, 2020. v. 1. 232p .<\/td><td><\/td><\/tr><tr><td><a rel=\"noreferrer noopener\" href=\"http:\/\/lattes.cnpq.br\/0422531962673004\" target=\"_blank\">ALVES NETO, HENRIQUE FERNANDES<\/a>; BIGOTTO, Francisco ; DOMINGUES, Cao ; GOMES, Elias Evangelista ; SOUSA, Marquilandes Borges de ; VITIELLO, M\u00e1rcio Abondanza . Voc\u00ea no mundo : construindo um pa\u00eds : pol\u00edtica, territ\u00f3rio e fluxos. 1. ed. Jo\u00e3o Pessoa: MVC, 2020. v. 1. 160p <\/td><td><\/td><\/tr><tr><td><a rel=\"noreferrer noopener\" href=\"http:\/\/lattes.cnpq.br\/0422531962673004\" target=\"_blank\">ALVES NETO, HENRIQUE FERNANDES<\/a>; BIGOTTO, Francisco ; DOMINGUES, Cao ; GOMES, Elias Evangelista ; SOUSA, Marquilandes Borges de ; VITIELLO, M\u00e1rcio Abondanza . Voc\u00ea no mundo : construindo um pa\u00eds : pol\u00edtica, territ\u00f3rio e fluxos: manual do professor. 1. ed. Jo\u00e3o Pessoa: MVC, 2020. v. 1. 240p <\/td><td><\/td><\/tr><tr><td><a rel=\"noreferrer noopener\" href=\"http:\/\/lattes.cnpq.br\/0422531962673004\" target=\"_blank\">ALVES NETO, HENRIQUE FERNANDES<\/a>; BIGOTTO, Francisco ; DOMINGUES, Cao ; GOMES, Elias Evangelista ; SOUSA, Marquilandes Borges de ; VITIELLO, M\u00e1rcio Abondanza . Voc\u00ea no mundo : cultura, mobilidade e natureza : povos em deslocamento. 1. ed. Jo\u00e3o Pessoa: MVC, 2020. v. 1. 160p .<\/td><td><\/td><\/tr><tr><td><a rel=\"noreferrer noopener\" href=\"http:\/\/lattes.cnpq.br\/0422531962673004\" target=\"_blank\">ALVES NETO, HENRIQUE FERNANDES<\/a>; SILVA, I. L. F. . O PROCESSO DE ELABORA\u00c7\u00c3O DA BASE NACIONAL COMUM CURRICULAR (BNCC) NO BRASIL E A SOCIOLOGIA (2014 a 2018). Revista Espa\u00e7o do Curr\u00edculo, v. 13, p. 262-284, 2020.<br>BACHETT, H. ;&nbsp;LOPES, C. S.&nbsp;. O poder de revista da seguran\u00e7a privada: os fundamentos e limites das revistas realizadas em consumidores. Revista Brasileira de Ci\u00eancias Policiais, v. 11, p. 203-226, 2020.<\/td><td><\/td><\/tr><tr><td><a rel=\"noreferrer noopener\" href=\"http:\/\/lattes.cnpq.br\/6604773748336954\" target=\"_blank\">BALTAR, CL\u00c1UDIA SIQUEIRA<\/a>;&nbsp;<a rel=\"noreferrer noopener\" href=\"http:\/\/lattes.cnpq.br\/3031581015222553\" target=\"_blank\">BALTAR, R.<\/a>&nbsp;. Covid-19, distanciamento social e o risco de &#8216;desfilia\u00e7\u00e3o social&#8217;: refletindo sobre implica\u00e7\u00f5es e significados para os imigrantes internacionais a partir do Brasil e do Paran\u00e1. In: Rosana Baeninger; Lu\u00eds Renato Vedovato; Shailen Nandy; Lu\u00edz Felipe Magalh\u00e3es; Catarina Von Zuben; Paolo Parise; Nat\u00e1lia Dem\u00e9trio; Joice Domeniconi. (Org.). Migra\u00e7\u00f5es internacionais e a pandemia de Covid-19. 1ed.Campinas: NEPO\/UNICAMP, 2020, v. 1, p. 473-486.<\/td><td><\/td><\/tr><tr><td><a rel=\"noreferrer noopener\" href=\"http:\/\/lattes.cnpq.br\/6604773748336954\" target=\"_blank\">BALTAR, CL\u00c1UDIA SIQUEIRA<\/a>;&nbsp;<a rel=\"noreferrer noopener\" href=\"http:\/\/lattes.cnpq.br\/3031581015222553\" target=\"_blank\">BALTAR, R.<\/a>&nbsp;;&nbsp;<a rel=\"noreferrer noopener\" href=\"http:\/\/lattes.cnpq.br\/0425133153453333\" target=\"_blank\">BAENINGER, R.<\/a>&nbsp;;&nbsp;<a rel=\"noreferrer noopener\" href=\"http:\/\/lattes.cnpq.br\/3031581015222553\" target=\"_blank\">BRUMES, K. R.<\/a>&nbsp;; SILVA, M. ; DEMETRIO, N. B. ; DOMENICONI, J. ; ZUBEN, C. V. ; DIAS, S. A. ; WOLFF, J. P. . Atlas Tem\u00e1tico: Observat\u00f3rio das Migra\u00e7\u00f5es em S\u00e3o Paulo e Observat\u00f3rio das Migra\u00e7\u00f5es de Londrina. Migra\u00e7\u00f5es Internacionais, Regi\u00e3o Sul. 1. ed. Campinas: NEPO\/UNICAMP, 2020. v. 1. 200p&nbsp;<\/td><td><\/td><\/tr><tr><td><a rel=\"noreferrer noopener\" href=\"http:\/\/lattes.cnpq.br\/6604773748336954\" target=\"_blank\">BALTAR, CL\u00c1UDIA SIQUEIRA<\/a>;&nbsp;<a rel=\"noreferrer noopener\" href=\"http:\/\/lattes.cnpq.br\/3031581015222553\" target=\"_blank\">BALTAR, RONALDO<\/a>&nbsp;;&nbsp;<a rel=\"noreferrer noopener\" href=\"http:\/\/lattes.cnpq.br\/3031581015222553\" target=\"_blank\">BRUMES, K. R.<\/a>&nbsp;. Estado, organiza\u00e7\u00f5es internacionais e ag\u00eancia na migra\u00e7\u00e3o internacional: contribui\u00e7\u00f5es a partir dos alem\u00e3es su\u00e1bios no Paran\u00e1 no p\u00f3s-guerra. REVISTA IDEIAS, v. 11, p. 1-32, 2020.<\/td><td><\/td><\/tr><tr><td>BIROLI, F. (Org.) ;&nbsp;<a rel=\"noreferrer noopener\" href=\"http:\/\/lattes.cnpq.br\/1131994029298592\" target=\"_blank\">TATAGIBA, L.<\/a>&nbsp;(Org.) ;&nbsp;ALMEIDA, Carla&nbsp;(Org.) ; HOLANDA, C. B. (Org.) ; OLIVEIRA, V. E. (Org.) . Mulheres, Poder e Ci\u00eancia Pol\u00edtica &#8211; Debates e Trajet\u00f3rias. 1. ed. Campinas: Editora da Unicamp, 2020. 375p <\/td><td><\/td><\/tr><tr><td><a rel=\"noreferrer noopener\" href=\"http:\/\/lattes.cnpq.br\/3031581015222553\" target=\"_blank\">BRUMES, K. R.<\/a>&nbsp;;&nbsp;BALTAR, CL\u00c1UDIA SIQUEIRA&nbsp;; DIONIZIO, L. A. . Socia\u00e7\u00e3o migrante: coopera\u00e7\u00e3o e colabora\u00e7\u00e3o para uma intera\u00e7\u00e3o. In: Karla Ros\u00e1rio Brumes; Alides Baptista Chimin Junior. (Org.). Debates geogr\u00e1ficos e a produ\u00e7\u00e3o de contraespa\u00e7os. 1ed.Jundia\u00ed &#8211; SP: Paco Editorial, 2020, v. 1, p. 215-230p.<\/td><td><\/td><\/tr><tr><td><a rel=\"noreferrer noopener\" href=\"http:\/\/lattes.cnpq.br\/4325382490690331\" target=\"_blank\">KRITSCH, RAQUEL<\/a>; VENTURA, R. W. . Cuidado e Justi\u00e7a: Contribui\u00e7\u00f5es dos Estudos Feministas \u00e0 Teoria Pol\u00edtica. In: Constanza Barbato. (Org.). El cuidado es pol\u00edtico: reflexiones transversales en tiempos de precariedad. 1ed.Buenos Aires: Poliedro Editorial de la Universidad de San Isidro, 2020, v. 1, p. 137-176.<\/td><td><\/td><\/tr><tr><td><a rel=\"noreferrer noopener\" href=\"http:\/\/lattes.cnpq.br\/3195611596157559\" target=\"_blank\">LOPES, C. S.<\/a>. O controle da seguran\u00e7a privada no Brasil \u00e9 fict\u00edcio. Folha de S\u00e3o Paulo, 27 nov. 2020<\/td><td><\/td><\/tr><tr><td><a rel=\"noreferrer noopener\" href=\"http:\/\/lattes.cnpq.br\/3195611596157559\" target=\"_blank\">LOPES, C. S.<\/a>. Os poderes dos seguran\u00e7as particulares no policiamento das propriedades privadas de massa. REVISTA SOCIEDADE E ESTADO, v. 35, p. 381-410, 2020.<\/td><td><\/td><\/tr><tr><td><a rel=\"noreferrer noopener\" href=\"http:\/\/lattes.cnpq.br\/0917902127205089\" target=\"_blank\">NALIN, Luan.<\/a>;&nbsp;<a rel=\"noreferrer noopener\" href=\"http:\/\/lattes.cnpq.br\/0869727854459086\" target=\"_blank\">SILVA, A. O. G.<\/a>&nbsp;. Estigma, r\u00f3tulo e discrimina\u00e7\u00e3o: uma an\u00e1lise das intera\u00e7\u00f5es sociais dos alunos do ensino m\u00e9dio \u00e0 luz da import\u00e2ncia do ensino de sociologia. REVISTA MAGISTRO (UNIGRANRO), v. 2, p. 179-203, 2020.<\/td><td><\/td><\/tr><tr><td>PATRIARCA, G. A. C. ;&nbsp;LOPES, C. S.&nbsp;. Empresas militares e de seguran\u00e7a privada nos mares: novos posicionamentos sobre os servi\u00e7os de prote\u00e7\u00e3o armada contra a pirataria mar\u00edtima. MON\u00c7\u00d5ES: REVISTA DE RELA\u00c7\u00d5ES INTERNACIONAIS DA UFGD, v. 9, p. 172-200, 2020.<\/td><td><\/td><\/tr><tr><td><a rel=\"noreferrer noopener\" href=\"http:\/\/lattes.cnpq.br\/0484354272039533\" target=\"_blank\">REZENDE, M. J.<\/a>. Regimes ditatoriais, belicosidades, controles autorit\u00e1rios e os seus reflexos negativos na constru\u00e7\u00e3o de pol\u00edticas de desenvolvimento humano. Cuardenos de Marte: Revista Latinoamericana de sociolog\u00eda de la guerra, v. 1, p. 317-352, 2020.<\/td><td><\/td><\/tr><tr><td><a rel=\"noreferrer noopener\" href=\"http:\/\/lattes.cnpq.br\/0484354272039533\" target=\"_blank\">REZENDE, MARIA JOS\u00c9 DE<\/a>. Caderno Educa\u00e7\u00e3o em Direitos Humanos e governan\u00e7a: algumas similitudes com documentos da UNESCO e do Programa das Na\u00e7\u00f5es Unidas para o Desenvolvimento. EDUCA\u00c7\u00c3O E PESQUISA, v. 46, p. 1-17, 2020.<\/td><td><\/td><\/tr><tr><td><a rel=\"noreferrer noopener\" href=\"http:\/\/lattes.cnpq.br\/0484354272039533\" target=\"_blank\">REZENDE, MARIA JOS\u00c9 DE<\/a>. Educa\u00e7\u00e3o, direitos humanos e diretrizes da ONU. Revista del Cisen Tramas\/Mapeov\u00e1, v. 8, p. 131-145, 2020.<\/td><td><\/td><\/tr><tr><td><a rel=\"noreferrer noopener\" href=\"http:\/\/lattes.cnpq.br\/0484354272039533\" target=\"_blank\">REZENDE, MARIA JOS\u00c9 DE<\/a>. Pacifica\u00e7\u00e3o, diminui\u00e7\u00e3o da belicosidade e desenvolvimento humano em um mundo organizado pela tradi\u00e7\u00e3o militar e armamentista. DILEMAS: REVISTA DE ESTUDOS DE CONFLITO E CONTROLE SOCIAL, v. 14, p. 401-424, 2021.<\/td><td><\/td><\/tr><tr><td><a rel=\"noreferrer noopener\" href=\"http:\/\/lattes.cnpq.br\/0484354272039533\" target=\"_blank\">REZENDE, MARIA JOS\u00c9 DE<\/a>. POR QUE A EDUCA\u00c7\u00c3O EM E PARA OS DIREITOS HUMANOS EXIGE A INDISSOCIABILIDADE ENTRE ENSINO E PESQUISA?. In: LYRA DE ARA\u00daJO, Ang\u00e9lica et al.. (Org.). M\u00faltiplos olhares sobre internacionaliza\u00e7\u00e3o em letras espanhol e ci\u00eancias sociais (Brasil-Argentina) : pesquisa, ensino e extens\u00e3o. 1ed.Curitiba Paran\u00e1: Dial\u00e9tica e Realidade, 2020, v. 1, p. 297-307.<\/td><td><\/td><\/tr><tr><td><a rel=\"noreferrer noopener\" href=\"http:\/\/lattes.cnpq.br\/0484354272039533\" target=\"_blank\">REZENDE, MARIA JOS\u00c9 DE<\/a>. Por que os escritos de Guerreiro Ramos e J\u00falio Barbosa ajudam a decifrar os Relat\u00f3rios Regionais do Desenvolvimento Humano (PNUD\/ONU). ESTUDOS DE SOCIOLOGIA (UFPE), v. 1, p. 267-293, 2020.<\/td><td><\/td><\/tr><tr><td><a rel=\"noreferrer noopener\" href=\"http:\/\/lattes.cnpq.br\/0484354272039533\" target=\"_blank\">REZENDE, MARIA JOS\u00c9 DE<\/a>; ARISTIZABAL, M. F. V. . Enfoque territorial e diretrizes da FAO na execu\u00e7\u00e3o do Projeto SEMILLAS em comunidades rurais do Equador. Otra Economia Revista Latinoamericana de Econom\u00eda Social y Solidaria, v. 13, p. 47-66, 2020.<\/td><td><\/td><\/tr><tr><td><a rel=\"noreferrer noopener\" href=\"http:\/\/lattes.cnpq.br\/4575417876701950\" target=\"_blank\">SILVA, Ileizi L. F.<\/a>. BNCC, O Ensino de Sociologia e a:. In: Ant\u00f4nio Alberto Brunetta; Cristiano das Neves Bodart; Marcelo Pinheiro Cigales. (Org.). Dicion\u00e1rio do Ensino de Sociologia. 1ed.Macei\u00f3: Caf\u00e9 com Sociologia, 2020, v. 1, p. 51-55.<\/td><td><\/td><\/tr><tr><td><a rel=\"noreferrer noopener\" href=\"http:\/\/lattes.cnpq.br\/4575417876701950\" target=\"_blank\">SILVA, Ileizi L. F.<\/a>; ALVES NETO, H. F. . O PROCESSO DE ELABORA\u00c7\u00c3O DA BASE NACIONAL COMUM CURRICULAR (BNCC) NO BRASIL E A SOCIOLOGIA (2014 a 2018). Revista Espa\u00e7o do Curr\u00edculo, v. 13, p. 262-283, 2020.<\/td><td><\/td><\/tr><tr><td><a rel=\"noreferrer noopener\" href=\"http:\/\/lattes.cnpq.br\/4575417876701950\" target=\"_blank\">SILVA, Ileizi L. F.<\/a>; PATROCINO, L. G. . EXERC\u00cdCIO DE PESQUISA SOCIOL\u00d3GICA: O CASO DA VARI\u00c1VEL RENDA DE ESTUDANTES DE ESCOLAS P\u00daBLICAS DE LONDRINA E REGI\u00c3O. In: Angelica Lyra de Araujo; Valdirene Zorzo-Veloso; Angela Maria de Sousa Lima; et al. (Org.). M\u00faltiplos olhares sobre internacionaliza\u00e7\u00e3o em letras espanhol e ci\u00eancias sociais (Brasil-Argentina): pesquisa, ensino e extens\u00e3o. 1ed.Curitiba: Dial\u00e9tica &amp; Realidade, 2020, v. 1, p. 619-629.<\/td><td><\/td><\/tr><tr><td><a rel=\"noreferrer noopener\" href=\"http:\/\/lattes.cnpq.br\/4575417876701950\" target=\"_blank\">SILVA, Ileizi L. F.<\/a>; SOUZA, M. R. L. ; BATISTA, S. A. ; FERREIRA, Adriana de F\u00e1tima . ?Sucesso? e ?fracasso? escolar nos meios populares: um estudo de caso que desnaturaliza a percep\u00e7\u00e3o de que a origem social produz o fracasso escolar.. Thema (Pelotas), v. 17, p. 937-958, 2020.<\/td><td><\/td><\/tr><tr><td>TEIXEIRA, Ana Caludia C (Org.) ;&nbsp;ALMEIDA, Carla&nbsp;(Org.) ; MORONI, J. A. (Org.) . A democracia necess\u00e1ria e desejada: dilemas e perspectivas. 1. ed. Mar\u00edlia: Lutas Anticapital, 2020. 166p .<br>VENTURA, R. W. ;&nbsp;KRITSCH, R.&nbsp;. A radicalidade do particular &#8211; O encontro entre a \u00e9tica do cuidado e as epistemologias feministas. MAIS QUE AMELIAS, v. Especial, p. 1-35, 2020.<\/td><td><\/td><\/tr><tr><td><a rel=\"noreferrer noopener\" href=\"http:\/\/lattes.cnpq.br\/4277743946402184\" target=\"_blank\">WOLFF, S.<\/a>. AS STARTUPS NA PERSPECTIVA DAS CADEIAS GLOBAIS DE VALOR: financeiriza\u00e7\u00e3o dos trabalhos de inova\u00e7\u00e3o e a reinven\u00e7\u00e3o do sal\u00e1rio por pe\u00e7a. POL\u00cdTICA &amp; TRABALHO (UFPB. IMPRESSO), v. 51, p. 90-107, 2020.<\/td><td><\/td><\/tr><\/tbody><\/table><\/figure>\n<\/div>\n<\/div>\n\n\n\n<div class=\"wp-block-column is-layout-flow wp-block-column-is-layout-flow\">\n<div class=\"wp-block-uel-card\">\n<h5 class=\"wp-block-heading\">Linha 2 &#8211; Desigualdades, Cidadania e Cultura <\/h5>\n\n\n\n<p>Produ\u00e7\u00e3o bibliogr\u00e1fica de 2020<\/p>\n\n\n\n<figure class=\"wp-block-table is-style-stripes\"><table class=\"has-secondary-text-color has-text-color\"><tbody><tr><td>ASSIS, Lenir C. ;&nbsp;<a rel=\"noreferrer noopener\" href=\"http:\/\/lattes.cnpq.br\/6723085917601942\" target=\"_blank\">LANZA, Fabio<\/a>&nbsp;; NEVES JUNIOR, J. W. A. . A rela\u00e7\u00e3o entre a m\u00edstica, religiosidade e pol\u00edtica no processo de mobiliza\u00e7\u00e3o social do Assentamento Eli Vive (MST &#8211; Londrina-PR). MOSAICO (GOI\u00c2NIA), v. 13, p. 90-103, 2020.<\/td><td><\/td><\/tr><tr><td><a rel=\"noreferrer noopener\" href=\"http:\/\/lattes.cnpq.br\/8738089908848640\" target=\"_blank\">Aver, Gabriel Pancera<\/a>. Estado e doutrina de contrainsurg\u00eancia: o caso do Movimento de Tr\u00eas Passos. REVISTA DE CI\u00caNCIAS DO ESTADO (UFMG), v. 5, p. 1-17, 2020.<\/td><td><\/td><\/tr><tr><td>GUIMAR\u00c3ES, L. E. ;&nbsp;<a rel=\"noreferrer noopener\" href=\"http:\/\/lattes.cnpq.br\/6723085917601942\" target=\"_blank\">LANZA, Fabio<\/a>&nbsp;; BRAGA, A. M. C. ; PIOVANI, L. P. . CONFLITOS AGR\u00c1RIOS E O CATOLICISMO LIBERACIONISTA: ROMARIA DA TERRA (PR, SC) E OS ARQUIVOS DO SNI. RELEGENS THR\u00c9SKEIA: ESTUDOS E PESQUISA EM RELIGI\u00c3O, v. 9, p. 284-307, 2020.<\/td><td><\/td><\/tr><tr><td>KRUCZEVESKI, L. R. ;&nbsp;MARIANO, SILVANA&nbsp;. Os desafios na educa\u00e7\u00e3o de mulheres com altas habilidades\/superdota\u00e7\u00e3o. Brazilian Journal of Development, v. 6, p. 84434-84452, 2020.<\/td><td><\/td><\/tr><tr><td><a rel=\"noreferrer noopener\" href=\"http:\/\/lattes.cnpq.br\/5479243502286263\" target=\"_blank\">KULAITIS, FERNANDO<\/a>; KULAITIS, L. F. M. . A contribui\u00e7\u00e3o dos Planos Diretores para organiza\u00e7\u00e3o do espa\u00e7o social reificado: um estudo comparativo entre Londrina e Curitiba. In: Lucia B\u00f3gus; Iracema Brand\u00e3o Guimar\u00e3es; Zoraide Souza Pessoa. (Org.). Cidades brasileiras: temas e quest\u00f5es para debate. 1ed.S\u00e3o Paulo: EDUC, 2020, v. 1, p. 53-74.<\/td><td><\/td><\/tr><tr><td><a rel=\"noreferrer noopener\" href=\"http:\/\/lattes.cnpq.br\/6723085917601942\" target=\"_blank\">LANZA, F.<\/a>; BUSTOS, V. S. M. ; SILVA, Lucas L. ; PATROCINIO, L. G. . Diversidade Religiosa e Educa\u00e7\u00e3o P\u00fablica: invisibilidade das minorias religiosas, Estado laico e Ensino Religioso. In: Marcos Vin\u00edcius de Freitas Reis; Rog\u00e9rio Azevedo Junqueira; Fernanda da Encarna\u00e7\u00e3o dos Santos. (Org.). Diversidade e cultura: novos tempos de intoler\u00e2ncia?. 1ed.Rio Branco: Nepan, 2020, v. 3, p. 273-294.<\/td><td><\/td><\/tr><tr><td><a rel=\"noreferrer noopener\" href=\"http:\/\/lattes.cnpq.br\/6723085917601942\" target=\"_blank\">LANZA, F.<\/a>; NEVES JUNIOR, J. W. A. ; RODRIGUES, R. R. B. . A FALSIFICA\u00c7\u00c3O DO JORNAL CAT\u00d3LICO O S\u00c3O PAULO: UMA AN\u00c1LISE DA REA\u00c7\u00c3O MIDI\u00c1TICA \u00c0 EDI\u00c7\u00c3O MEA CULPA (1982). PROJETO HIST\u00d3RIA. REVISTA DO PROGRAMA DE ESTUDOS P\u00d3S-GRADUADOS DE HIST\u00d3RIA, v. 67, p. 11-41, 2020.<\/td><td><\/td><\/tr><tr><td><a rel=\"noreferrer noopener\" href=\"http:\/\/lattes.cnpq.br\/6723085917601942\" target=\"_blank\">LANZA, F.<\/a>; PATROC\u00cdNIO, LUIS GUSTAVO ; ASSIS, L. C. de . Express\u00f5es, caracter\u00edsticas e perspectivas do cristianismo da liberta\u00e7\u00e3o. Sociedade e Cultura, v. 23, p. 01-39, 2020.<\/td><td><\/td><\/tr><tr><td><a rel=\"noreferrer noopener\" href=\"http:\/\/lattes.cnpq.br\/6723085917601942\" target=\"_blank\">LANZA, FABIO<\/a>; BOSCHINI, Douglas Alexandre . Juventude, escola p\u00fablica e grupos de jovens carism\u00e1ticos: as reformas educacionais da gest\u00e3o federal (2016-2018) e a socializa\u00e7\u00e3o juvenil em Londrina PR. SERVI\u00c7O SOCIAL EM REVISTA, v. 22, p. 222-240, 2020.<\/td><td><\/td><\/tr><tr><td><a rel=\"noreferrer noopener\" href=\"http:\/\/lattes.cnpq.br\/6723085917601942\" target=\"_blank\">LANZA, FABIO<\/a>; FERNANDO, Il\u00eddio ; PATROCINO, LUIS GUSTAVO ; RODRIGUES, Franciele . Concordata Vaticano e Mo\u00e7ambique (2012): laicidade, liberdade religiosa e educa\u00e7\u00e3o. RESEARCH, SOCIETY AND DEVELOPMENT, v. 9, p. e3949108665-20, 2020.<\/td><td><\/td><\/tr><tr><td><a rel=\"noreferrer noopener\" href=\"http:\/\/lattes.cnpq.br\/6723085917601942\" target=\"_blank\">LANZA, Fabio<\/a>; NEVES JUNIOR, J. W. A. ; PIOVANI, L. P. . O Movimento pela Anistia durante a ditadura militar brasileira (1964 &#8211; 1985).. CADERNOS DE PESQUISA DO CDHIS (ONLINE), v. 33, p. 310-335, 2020.<\/td><td><\/td><\/tr><tr><td><a rel=\"noreferrer noopener\" href=\"http:\/\/lattes.cnpq.br\/6723085917601942\" target=\"_blank\">LANZA, Fabio<\/a>; PALISSER, M. H. ; BUSTOS, V. S. M. . Estudo sobre a rela\u00e7\u00e3o entre o discurso dos docentes da disciplina de Ensino Religioso e a laicidade em Londrina (PR) e regi\u00e3o (2018-2019). PLURA, Revista de Estudos de Religi\u00e3o, v. 11, p. 125-146, 2020.<\/td><td><\/td><\/tr><tr><td><a rel=\"noreferrer noopener\" href=\"http:\/\/lattes.cnpq.br\/6723085917601942\" target=\"_blank\">LANZA, FABIO<\/a>; SILVA, Carolina de Almeida . PR\u00c1XIS ITINERANTE: BUROCRACIA E ACESSIBILIDADE COMO DESAFIOS NA EDUCA\u00c7\u00c3O P\u00daBLICA SUPERIOR (EXTENS\u00c3O-UEL\/PR; 2018-2020. Revista Eletr\u00f4nica \u00e201CENSINO DE SOCIOLOGIA EM DEBATE\u00e201D, v. 1, p. 1-13, 2020.<\/td><td><\/td><\/tr><tr><td><a rel=\"noreferrer noopener\" href=\"http:\/\/lattes.cnpq.br\/6723085917601942\" target=\"_blank\">LANZA, FABIO<\/a>;&nbsp;<a rel=\"noreferrer noopener\" href=\"http:\/\/lattes.cnpq.br\/7721726000249083\" target=\"_blank\">NEVES JUNIOR, J. W. A.<\/a>&nbsp;. A Teologia da Liberta\u00e7\u00e3o e a censura militar: as concep\u00e7\u00f5es pol\u00edticas do jornal O S\u00e3o Paulo na d\u00e9cada de 1970. PASSAGENS: REVISTA INTERNACIONAL DE HIST\u00d3RIA POL\u00cdTICA E CULTURA JUR\u00cdDICA, v. 12, p. 359-379, 2020.<\/td><td><\/td><\/tr><tr><td><a rel=\"noreferrer noopener\" href=\"http:\/\/lattes.cnpq.br\/8915783215325357\" target=\"_blank\">LIMA, A. M.S.<\/a>; ARAUJO, A. L. (Org.) ; CZERNISZ, E. C. S. (Org.) ; SEGUI, E. V. (Org.) ; BIERBRAUER, F. (Org.) ; VELOSO, V. F. Z. (Org.) . M\u00daLTIPLOS OLHARES SOBRE INTERNACIONALIZA\u00c7\u00c3O EM LETRAS ESPANHOL E CI\u00caNCIAS SOCIAIS (BRASIL-ARGENTINA): PESQUISA, ENSINO E EXTENS\u00c3O. 01. ed. Curitiba: Dial\u00e9tica e Realidade, 2020. v. 01. 850p .<\/td><td><\/td><\/tr><tr><td><a rel=\"noreferrer noopener\" href=\"http:\/\/lattes.cnpq.br\/8915783215325357\" target=\"_blank\">LIMA, A. M.S.<\/a>; ARA\u00daJO, Ang\u00e9lica Lyra ; SOUSA, Claudiney Jos\u00e9 . UMA CARACTERIZA\u00c7\u00c3O SOCIOL\u00d3GICA DAS JUVENTUDES DO ENSINO M\u00c9DIO: PESQUISAR PARA QUE?. In: OLIVEIRA, Rosemary Rodrigues de; BRANCALEONI, Ana Paula Leivar; D&#8217;AGUA, Solange Vera Nunes Lima. (Org.). Inquieta\u00e7\u00f5es no campo do ensino: sujeitos e temas de pesquisa. 01ed.Porto Alegre: Fi, 2020, v. 01, p. 79-97.<\/td><td><\/td><\/tr><tr><td><a rel=\"noreferrer noopener\" href=\"http:\/\/lattes.cnpq.br\/8915783215325357\" target=\"_blank\">LIMA, \u00c2NGELA MARIA DE SOUSA<\/a>; FERREIRA, Adriana de F\u00e1tima . Texto de Apresenta\u00e7\u00e3o. Revista Eletr\u00f4nica: LENPES-PIBID de Ci\u00eancias Sociais, v. 01, p. 01-03-03, 2020<\/td><td><\/td><\/tr><tr><td><a rel=\"noreferrer noopener\" href=\"http:\/\/lattes.cnpq.br\/8915783215325357\" target=\"_blank\">LIMA, \u00c2NGELA MARIA DE SOUSA<\/a>; REZENDE, Maria Jos\u00e9 de . Trabalho faccionado domiciliar e subtra\u00e7\u00e3o de direitos: os desafios de uma agenda (RDH\/PNUD\/ONU) orientada ao desenvolvimento humano. TRABAJO Y SOCIEDAD, v. 21, p. 337-350, 2020.<\/td><td><\/td><\/tr><tr><td><a rel=\"noreferrer noopener\" href=\"http:\/\/lattes.cnpq.br\/3818843364652261\" target=\"_blank\">MACHADO, Eliel<\/a>. Partidos, movimentos sociais e revolu\u00e7\u00e3o: a dial\u00e9tica das lutas populares. In: Eliel Machado; Ronaldo Gaspar. (Org.). 100 anos da Revolu\u00e7\u00e3o de Outubro (1917-2017): balan\u00e7os e perspectivas. 1ed.Londrina: EDUEL, 2020, v. 1, p. 33-50.<\/td><td><\/td><\/tr><tr><td><a rel=\"noreferrer noopener\" href=\"http:\/\/lattes.cnpq.br\/3818843364652261\" target=\"_blank\">MACHADO, Eliel<\/a>; GASPAR, R. (Org.) ; FERREIRA, A. L. (Org.) ; SILVA, Antonio Oza\u00ed da (Org.) ; SANTOS, Ariovaldo de Oliveira (Org.) ; HADICH, C. (Org.) ; DAMASCENO, D. (Org.) ; GALASTRI, L. (Org.) ; ALMEIDA, L\u00facio Fl\u00e1vio R de (Org.) ; ARIAS NETO, J. M. (Org.) ; AMARAL, M. E. P. (Org.) ; ALMADA, P. E. R. (Org.) ; CUNHA, Paulo Ribeiro da (Org.) ;&nbsp;<a rel=\"noreferrer noopener\" href=\"http:\/\/lattes.cnpq.br\/4465023802865036\" target=\"_blank\">GON\u00c7ALVES, Renata<\/a>&nbsp;(Org.) . 100 anos da Revolu\u00e7\u00e3o Outubro (1917-2017): balan\u00e7os e perspectivas. 1. ed. Londrina: EDUEL, 2020. v. 1. 319p .<\/td><td><\/td><\/tr><tr><td>MACHADO, Lia Zanotta ; PASTANA, Debora Regina ;&nbsp;SOUZA, M\u00c1RCIO FERREIRA DE&nbsp;. Entrevista de Lia Zanotta Machado. Revista Caderno Espa\u00e7o Feminino do N\u00facleo de Estudos de G\u00eanero e Pesquisa sobre a Mulher, v. 33, p. 10-54, 2020.<\/td><td><\/td><\/tr><tr><td><a rel=\"noreferrer noopener\" href=\"http:\/\/lattes.cnpq.br\/3865408105800004\" target=\"_blank\">MARIANO, SILVANA<\/a>. Conditional cash transfers, empowerment and female autonomy: care and paid work in the Bolsa Fam\u00edlia programme, Brazil. International Journal of Sociology and Social Policy, v. 1, p. 1-17, 2020.<\/td><td><\/td><\/tr><tr><td><a rel=\"noreferrer noopener\" href=\"http:\/\/lattes.cnpq.br\/3865408105800004\" target=\"_blank\">MARIANO, SILVANA<\/a>. Pol\u00edtica p\u00fablica e perspectiva de g\u00eanero: o enfrentamento recente das desigualdades de g\u00eanero no Brasil. In: Lu\u00eds Felipe Miguel; Luciana Ballestrin. (Org.). Teoria e pol\u00edtica feminista: contribui\u00e7\u00f5es ao debate sobre g\u00eanero no Brasil. 1ed.Porto Alegre: Zouk, 2020, v. 1, p. 153-178.<\/td><td><\/td><\/tr><tr><td><a rel=\"noreferrer noopener\" href=\"http:\/\/lattes.cnpq.br\/3865408105800004\" target=\"_blank\">MARIANO, SILVANA<\/a>; DE SOUZA, M\u00c1RCIO FERREIRA. Gender and Autonomy of Women in Poverty. Women, Gender and Conditional Cash Transfers: Interdisciplinary Perspectives from Studies of Bolsa Fam\u00edlia. 1ed.New York: Routledge, 2020, v. 1, p. 108-135.<\/td><td><\/td><\/tr><tr><td><a rel=\"noreferrer noopener\" href=\"http:\/\/lattes.cnpq.br\/3865408105800004\" target=\"_blank\">MARIANO, SILVANA<\/a>;&nbsp;<a rel=\"noreferrer noopener\" href=\"http:\/\/lattes.cnpq.br\/6962057467940007\" target=\"_blank\">CARLOTO, C. M.<\/a>&nbsp;. Women, Gender and Conditional Cash Transfers: Conclusions. Women, Gender and Conditional Cash Transfers: Interdisciplinary Perspectives from Studies of Bolsa Fam\u00edlia. 1ed.New York: Routledge, 2020, v. 1, p. 182-188.<\/td><td><\/td><\/tr><tr><td>PANTA, M. A. S. ;&nbsp;<a rel=\"noreferrer noopener\" href=\"http:\/\/lattes.cnpq.br\/2994707153442186\" target=\"_blank\">SILVA, Maria Nilza da<\/a>. Segrega\u00e7\u00e3o urbana e racial na cidade. O lugar da popula\u00e7\u00e3o negra em Londrina. Revista ABPN, v. 12, p. 412, 2020.<\/td><td><\/td><\/tr><tr><td><a rel=\"noreferrer noopener\" href=\"http:\/\/lattes.cnpq.br\/1563910977768814\" target=\"_blank\">PANTA, Mariana<\/a>. Popula\u00e7\u00e3o Negra e o Direito \u00e0 Cidade: interfaces entre ra\u00e7a e espa\u00e7o urbano no Brasil. Dossi\u00ea Tem\u00e1tico &#8211; Mem\u00f3ria e Legado das Resist\u00eancias Negras. ACERVO (RIO DE JANEIRO), v. 33, p. 79-100, 2020.<\/td><td><\/td><\/tr><tr><td><a rel=\"noreferrer noopener\" href=\"http:\/\/lattes.cnpq.br\/1563910977768814\" target=\"_blank\">PANTA, Mariana<\/a>;&nbsp;<a rel=\"noreferrer noopener\" href=\"http:\/\/lattes.cnpq.br\/5185937737395138\" target=\"_blank\">PALLISSER, Nikolas<\/a>&nbsp;. O Negro em Londrina: trajet\u00f3rias e protagonismo em oito d\u00e9cadas de hist\u00f3ria. In: Marleide Rodrigues da Silva Perrude. (Org.). Caderno Pedag\u00f3gico: tecendo redes para o di\u00e1logo \u00e9tnico-racial na educa\u00e7\u00e3o. 1ed.Londrina: Universidade Estadual de Londrina, 2020, v. 1, p. 1-15.<\/td><td><\/td><\/tr><tr><td><a rel=\"noreferrer noopener\" href=\"http:\/\/lattes.cnpq.br\/1563910977768814\" target=\"_blank\">PANTA, Mariana<\/a>;&nbsp;<a rel=\"noreferrer noopener\" href=\"http:\/\/lattes.cnpq.br\/2994707153442186\" target=\"_blank\">SILVA, Maria Nilza da<\/a>&nbsp;. Cidade, Branqueamento e Colonialidade: A constru\u00e7\u00e3o dos matizes da identidade de Londrina e os impactos sobre a popula\u00e7\u00e3o negra. Dossi\u00ea Tem\u00e1tico &#8211; Racismo na Contemporaneidade: Desafios para o S\u00e9culo XXI. CR\u00cdTICA E SOCIEDADE: revista de cultura pol\u00edtica, v. 10, p. 28-49, 2020.<\/td><td><\/td><\/tr><tr><td><a rel=\"noreferrer noopener\" href=\"http:\/\/lattes.cnpq.br\/1563910977768814\" target=\"_blank\">PANTA, Mariana<\/a>;&nbsp;<a rel=\"noreferrer noopener\" href=\"http:\/\/lattes.cnpq.br\/2994707153442186\" target=\"_blank\">SILVA, Maria Nilza da<\/a>&nbsp;. Racismo na Contemporaneidade: Desafios para o S\u00e9culo XXI. CR\u00cdTICA E SOCIEDADE: revista de cultura pol\u00edtica, v. 10, p. 1-6, 2020.<\/td><td><\/td><\/tr><tr><td>Sacchet, Teresa (Org.) ;&nbsp;MARIANO, SILVANA&nbsp;(Org.) ;&nbsp;<a rel=\"noreferrer noopener\" href=\"http:\/\/lattes.cnpq.br\/6962057467940007\" target=\"_blank\">CARLOTO, C. M.<\/a>&nbsp;(Org.) . Women, Gender and Conditional Cash Transfers: Interdisciplinary Perspectives from Studies of Bolsa Fam\u00edlia. 1. ed. New York: Routledge, 2020. v. 1. 194p .<\/td><td><\/td><\/tr><tr><td>Sacchet, Teresa ;&nbsp;MARIANO, SILVANA&nbsp;;&nbsp;<a rel=\"noreferrer noopener\" href=\"http:\/\/lattes.cnpq.br\/6962057467940007\" target=\"_blank\">CARLOTO, C. M.<\/a>&nbsp;. Bolsa Fam\u00edlia: Background, Operation, and Gender Issues. In: Teresa Sacchet; Silvana Mariano; C\u00e1ssia Maria Carloto. (Org.). Women, Gender and Conditional Cash Transfers: Interdisciplinary Perspectives from Studies of Bolsa Fam\u00edlia. 1ed.New York: Routledge, 2020, v. 1, p. 10-26.<\/td><td><\/td><\/tr><tr><td><a rel=\"noreferrer noopener\" href=\"http:\/\/lattes.cnpq.br\/2994707153442186\" target=\"_blank\">SILVA, Maria Nilza da<\/a>&nbsp;;&nbsp;PANTA, Mariana&nbsp;. Racismo e A\u00e7\u00f5es Afirmativas na Educa\u00e7\u00e3o Superior: Experi\u00eancias e desafios em 15 anos das cotas raciais na UEL. In: Daniel Mato. (Org.). Educaci\u00f3n Superior y Pueblos Ind\u00edgenas y Afrodescendientes en Am\u00e9rica Latina: Las m\u00faltiples formas del racismo. 1ed.S\u00e1enz Pe\u00f1a-Pcia. Buenos Aires: Universidad Nacional de Tres de Febrero &#8211; EDUNTREF, 2020, v. , p. 221-236.<\/td><td><\/td><\/tr><tr><td><a rel=\"noreferrer noopener\" href=\"http:\/\/lattes.cnpq.br\/9542644571652868\" target=\"_blank\">SOUZA, M\u00e1rcio Ferreira de.<\/a>. Perman\u00eancia e atualidade de Max Weber no Pensamento Social Brasileiro?. In: Marcos C\u00e9sar Seneda; Henrique Florentino Faria Cust\u00f3dio. (Org.). Ci\u00eancia como voca\u00e7\u00e3o: racionalidades e irracionalidades no velho e no novo mundo. 1ed.Porto Alegre: Editora Fi, 2020, v. , p. 181-195.<\/td><td><\/td><\/tr><\/tbody><\/table><\/figure>\n<\/div>\n<\/div>\n<\/div>\n\n\n\n<p><\/p>\n","protected":false},"excerpt":{"rendered":"","protected":false},"author":9,"featured_media":0,"parent":0,"menu_order":0,"comment_status":"closed","ping_status":"closed","template":"page-templates\/template-without-title.php","meta":{"_acf_changed":false,"footnotes":""},"class_list":["post-155","page","type-page","status-publish","hentry"],"acf":[],"_links":{"self":[{"href":"https:\/\/pos.uel.br\/ppgsoc\/wp-json\/wp\/v2\/pages\/155","targetHints":{"allow":["GET"]}}],"collection":[{"href":"https:\/\/pos.uel.br\/ppgsoc\/wp-json\/wp\/v2\/pages"}],"about":[{"href":"https:\/\/pos.uel.br\/ppgsoc\/wp-json\/wp\/v2\/types\/page"}],"author":[{"embeddable":true,"href":"https:\/\/pos.uel.br\/ppgsoc\/wp-json\/wp\/v2\/users\/9"}],"replies":[{"embeddable":true,"href":"https:\/\/pos.uel.br\/ppgsoc\/wp-json\/wp\/v2\/comments?post=155"}],"version-history":[{"count":6,"href":"https:\/\/pos.uel.br\/ppgsoc\/wp-json\/wp\/v2\/pages\/155\/revisions"}],"predecessor-version":[{"id":1602,"href":"https:\/\/pos.uel.br\/ppgsoc\/wp-json\/wp\/v2\/pages\/155\/revisions\/1602"}],"wp:attachment":[{"href":"https:\/\/pos.uel.br\/ppgsoc\/wp-json\/wp\/v2\/media?parent=155"}],"curies":[{"name":"wp","href":"https:\/\/api.w.org\/{rel}","templated":true}]}}