{"id":13,"date":"2021-04-29T13:56:38","date_gmt":"2021-04-29T16:56:38","guid":{"rendered":"https:\/\/pos.uel.br\/ppgsoc\/?page_id=13"},"modified":"2026-01-23T18:10:42","modified_gmt":"2026-01-23T21:10:42","slug":"bolsas","status":"publish","type":"page","link":"https:\/\/pos.uel.br\/ppgsoc\/bolsas\/","title":{"rendered":"Bolsas"},"content":{"rendered":"\n<div style=\"height:50px\" aria-hidden=\"true\" class=\"wp-block-spacer\"><\/div>\n\n\n\n<div class=\"wp-block-cover is-light\"><img decoding=\"async\" class=\"wp-block-cover__image-background wp-image-1551\" alt=\"\" src=\"https:\/\/pos.uel.br\/ppgsoc\/wp-content\/uploads\/2021\/08\/pexels-ron-lach-8085938-scaled.jpg\" data-object-fit=\"cover\" \/><span aria-hidden=\"true\" class=\"wp-block-cover__background has-background-dim\"><\/span><div class=\"wp-block-cover__inner-container is-layout-flow wp-block-cover-is-layout-flow\">\n<p class=\"has-text-align-center has-large-font-size\"><strong>Bolsas<\/strong><\/p>\n<\/div><\/div>\n\n\n\n<div style=\"height:30px\" aria-hidden=\"true\" class=\"wp-block-spacer\"><\/div>\n\n\n\n<p class=\"has-secondary-text-color has-text-color\">O PPGSOC\/UEL disp\u00f5e de 10 bolsas de Mestrado e 6 bolsas de Doutorado do <a href=\"https:\/\/www.gov.br\/capes\/pt-br\/acesso-a-informacao\/acoes-e-programas\/bolsas\/bolsas-no-pais\/programa-de-demanda-social-ds\" target=\"_blank\" rel=\"noreferrer noopener\">Programa de Demanda Social<\/a> (DS) da CAPES. Essas bolsas s\u00e3o geridas pela <a href=\"https:\/\/pos.uel.br\/ppgsoc\/gestao\/\" data-type=\"URL\" data-id=\"https:\/\/pos.uel.br\/ppgsoc\/gestao\/\" target=\"_blank\" rel=\"noreferrer noopener\">Comiss\u00e3o de Bolsas<\/a> de acordo com os crit\u00e9rios definidos pela <a href=\"http:\/\/cad.capes.gov.br\/ato-administrativo-detalhar?idAtoAdmElastic=741#anchor\" target=\"_blank\" rel=\"noreferrer noopener\">Portaria n\u00b0 076\/2010-CAPES e<\/a> pela <a href=\"https:\/\/drive.google.com\/file\/d\/1XXsTQdsB6LX2xLiUvIOiVkDj4GLgFRUa\/view?usp=sharing\" data-type=\"link\" data-id=\"https:\/\/drive.google.com\/file\/d\/1XXsTQdsB6LX2xLiUvIOiVkDj4GLgFRUa\/view?usp=sharing\">Normativa 001\/2026-PPGSOC\/UEL<\/a>. Uma bolsa de mestrado normalmente \u00e9 reservada a estudantes estrangeiros que ingressam no PPGSOC\/UEL por meio do <a href=\"https:\/\/www.gcub.org.br\/programas\/programa-bolsas-brasil-paec-oea-gcub\/\" target=\"_blank\" rel=\"noreferrer noopener\">Programa Bolsas Brasil PAEC OEA-GCUB<\/a>. As demais bolsas s\u00e3o distribu\u00eddas\/renovadas por meio de Editais espec\u00edficos lan\u00e7ados a cada 12 meses, normalmente no in\u00edcio dos semestres letivos de ingresso de novas turmas para os cursos de Mestrado e Doutorado. O quadro abaixo apresenta a rela\u00e7\u00e3o atual de estudantes bolsistas do PPGSOC\/UEL:<\/p>\n\n\n\n<div class=\"wp-block-uel-card\">\n<h4 class=\"wp-block-heading\">Mestrado<\/h4>\n\n\n\n<figure class=\"wp-block-table is-style-stripes\"><table class=\"has-primary-text-color has-text-color\"><tbody><tr><td class=\"has-text-align-center\" data-align=\"center\"><strong> <strong>N\u00b0<\/strong> <\/strong><\/td><td class=\"has-text-align-center\" data-align=\"center\"><strong>Bolsa<\/strong><\/td><td class=\"has-text-align-center\" data-align=\"center\"><strong>Turma<\/strong><\/td><td class=\"has-text-align-left\" data-align=\"left\">                              <strong>Estudantes<\/strong><\/td><td class=\"has-text-align-center\" data-align=\"center\"><strong>In\u00edcio<\/strong>\u00b9<\/td><td class=\"has-text-align-center\" data-align=\"center\"><strong>T\u00e9rmino<\/strong><\/td><td class=\"has-text-align-center\" data-align=\"center\"><strong>Renov\u00e1vel<\/strong><\/td><\/tr><tr><td class=\"has-text-align-center\" data-align=\"center\">1<\/td><td class=\"has-text-align-center\" data-align=\"center\"> CAPES\/DS<\/td><td class=\"has-text-align-center\" data-align=\"center\">2025\/1<\/td><td class=\"has-text-align-left\" data-align=\"left\">Jo\u00e3o Victor Figueiredo de Almeida<\/td><td class=\"has-text-align-center\" data-align=\"center\">01\/03\/2025<\/td><td class=\"has-text-align-center\" data-align=\"center\">28\/02\/2026<\/td><td class=\"has-text-align-center\" data-align=\"center\">Sim<\/td><\/tr><tr><td class=\"has-text-align-center\" data-align=\"center\">2<\/td><td class=\"has-text-align-center\" data-align=\"center\"> CAPES\/DS<\/td><td class=\"has-text-align-center\" data-align=\"center\">2025\/1<\/td><td class=\"has-text-align-left\" data-align=\"left\">Giovana Pompeo Marcelino<\/td><td class=\"has-text-align-center\" data-align=\"center\">01\/03\/2025<\/td><td class=\"has-text-align-center\" data-align=\"center\">28\/02\/2026<\/td><td class=\"has-text-align-center\" data-align=\"center\">Sim<\/td><\/tr><tr><td class=\"has-text-align-center\" data-align=\"center\">3<\/td><td class=\"has-text-align-center\" data-align=\"center\"> CAPES\/DS<\/td><td class=\"has-text-align-center\" data-align=\"center\">2025\/1<\/td><td class=\"has-text-align-left\" data-align=\"left\">Danithielle Ferreira da Silva<\/td><td class=\"has-text-align-center\" data-align=\"center\">01\/03\/2025<\/td><td class=\"has-text-align-center\" data-align=\"center\">28\/02\/2026<\/td><td class=\"has-text-align-center\" data-align=\"center\">Sim<\/td><\/tr><tr><td class=\"has-text-align-center\" data-align=\"center\">4<\/td><td class=\"has-text-align-center\" data-align=\"center\"> CAPES\/DS<\/td><td class=\"has-text-align-center\" data-align=\"center\">2025\/1<\/td><td class=\"has-text-align-left\" data-align=\"left\">B\u00e1rbara Mateuzzo<\/td><td class=\"has-text-align-center\" data-align=\"center\">01\/03\/2025<\/td><td class=\"has-text-align-center\" data-align=\"center\">28\/02\/2026<\/td><td class=\"has-text-align-center\" data-align=\"center\">Sim<\/td><\/tr><tr><td class=\"has-text-align-center\" data-align=\"center\">5<\/td><td class=\"has-text-align-center\" data-align=\"center\"> CAPES\/DS<\/td><td class=\"has-text-align-center\" data-align=\"center\">2025\/1<\/td><td class=\"has-text-align-left\" data-align=\"left\">Kauane da Silva Rodrigues<\/td><td class=\"has-text-align-center\" data-align=\"center\">01\/03\/2025 <\/td><td class=\"has-text-align-center\" data-align=\"center\">28\/02\/2026<\/td><td class=\"has-text-align-center\" data-align=\"center\">Sim<\/td><\/tr><tr><td class=\"has-text-align-center\" data-align=\"center\">6<\/td><td class=\"has-text-align-center\" data-align=\"center\">  CAPES\/DS<\/td><td class=\"has-text-align-center\" data-align=\"center\">2024\/1<\/td><td class=\"has-text-align-left\" data-align=\"left\">Cl\u00e1udio Domingos Jorge<\/td><td class=\"has-text-align-center\" data-align=\"center\">01\/03\/2024 <\/td><td class=\"has-text-align-center\" data-align=\"center\">28\/02\/2026<\/td><td class=\"has-text-align-center\" data-align=\"center\">N\u00e3o<\/td><\/tr><tr><td class=\"has-text-align-center\" data-align=\"center\">7<\/td><td class=\"has-text-align-center\" data-align=\"center\"> CAPES\/DS<\/td><td class=\"has-text-align-center\" data-align=\"center\">2024\/1<\/td><td class=\"has-text-align-left\" data-align=\"left\">Ana Paula Barbosa<\/td><td class=\"has-text-align-center\" data-align=\"center\">01\/03\/2024 <\/td><td class=\"has-text-align-center\" data-align=\"center\">28\/02\/2026<\/td><td class=\"has-text-align-center\" data-align=\"center\">N\u00e3o<\/td><\/tr><tr><td class=\"has-text-align-center\" data-align=\"center\">8<\/td><td class=\"has-text-align-center\" data-align=\"center\"> CAPES\/DS<\/td><td class=\"has-text-align-center\" data-align=\"center\">2024\/1<\/td><td class=\"has-text-align-left\" data-align=\"left\">Giovanna Gomes Previdello<\/td><td class=\"has-text-align-center\" data-align=\"center\">01\/03\/2024 <\/td><td class=\"has-text-align-center\" data-align=\"center\">28\/02\/2026<\/td><td class=\"has-text-align-center\" data-align=\"center\">N\u00e3o<\/td><\/tr><tr><td class=\"has-text-align-center\" data-align=\"center\">9<\/td><td class=\"has-text-align-center\" data-align=\"center\"> CAPES\/DS<\/td><td class=\"has-text-align-center\" data-align=\"center\">2024\/1<\/td><td class=\"has-text-align-left\" data-align=\"left\">Jo\u00e3o Marcos Camargo Nalli<\/td><td class=\"has-text-align-center\" data-align=\"center\">01\/03\/2024 <\/td><td class=\"has-text-align-center\" data-align=\"center\">28\/02\/2026<\/td><td class=\"has-text-align-center\" data-align=\"center\">N\u00e3o<\/td><\/tr><tr><td class=\"has-text-align-center\" data-align=\"center\">10<\/td><td class=\"has-text-align-center\" data-align=\"center\"> CAPES\/DS<\/td><td class=\"has-text-align-center\" data-align=\"center\">2024\/1<\/td><td class=\"has-text-align-left\" data-align=\"left\">Mar Antonio<\/td><td class=\"has-text-align-center\" data-align=\"center\">01\/03\/2024 <\/td><td class=\"has-text-align-center\" data-align=\"center\">28\/02\/2026<\/td><td class=\"has-text-align-center\" data-align=\"center\">N\u00e3o<\/td><\/tr><tr><td class=\"has-text-align-center\" data-align=\"center\">11<\/td><td class=\"has-text-align-center\" data-align=\"center\">CAPES\/DS<\/td><td class=\"has-text-align-center\" data-align=\"center\">2024\/1<\/td><td class=\"has-text-align-left\" data-align=\"left\">Mariana Campidelli Ferreira<\/td><td class=\"has-text-align-center\" data-align=\"center\">01\/03\/2024<\/td><td class=\"has-text-align-center\" data-align=\"center\">28\/02\/2026<\/td><td class=\"has-text-align-center\" data-align=\"center\">N\u00e3o<\/td><\/tr><tr><td class=\"has-text-align-center\" data-align=\"center\">12<\/td><td class=\"has-text-align-center\" data-align=\"center\">CAPES\/DS<sup>2<\/sup><\/td><td class=\"has-text-align-center\" data-align=\"center\">2024\/1<\/td><td class=\"has-text-align-left\" data-align=\"left\">Jos\u00e9 Guilherme M. dos Santos<\/td><td class=\"has-text-align-center\" data-align=\"center\">01\/03\/2024<\/td><td class=\"has-text-align-center\" data-align=\"center\">28\/02\/2026<\/td><td class=\"has-text-align-center\" data-align=\"center\">N\u00e3o<\/td><\/tr><tr><td class=\"has-text-align-center\" data-align=\"center\">13<\/td><td class=\"has-text-align-center\" data-align=\"center\">CNPq<\/td><td class=\"has-text-align-center\" data-align=\"center\">2024\/1<\/td><td class=\"has-text-align-left\" data-align=\"left\">Matias Soares Furlaneto<\/td><td class=\"has-text-align-center\" data-align=\"center\">01\/04\/2024<\/td><td class=\"has-text-align-center\" data-align=\"center\">28\/02\/2026<\/td><td class=\"has-text-align-center\" data-align=\"center\">N\u00e3o<\/td><\/tr><\/tbody><\/table><\/figure>\n\n\n\n<p class=\"has-small-font-size\"> \u00b9 <sub>As datas de in\u00edcio se referem ao m\u00eas de refer\u00eancia do pagamento da primeira bolsa. Assim, a data de 01\/03\/2021, por exemplo, indica que o\/a estudante recebeu a primeira bolsa em abril de 2021 referente ao m\u00eas de mar\u00e7o. <\/sub><\/p>\n\n\n\n<p style=\"font-size:10px\"><sup>2<\/sup> Bolsa CAPES\/DS concedida pela PROPPG ao PPGSOC em julho de 2022<sup><sub>. <\/sub><\/sup><\/p>\n\n\n\n<p><\/p>\n\n\n\n<p><\/p>\n\n\n\n<p><\/p>\n\n\n\n<h4 class=\"wp-block-heading\">Doutorado<\/h4>\n\n\n\n<figure class=\"wp-block-table alignfull is-style-stripes\"><table class=\"has-primary-text-color has-text-color\"><tbody><tr><td class=\"has-text-align-center\" data-align=\"center\"><strong>N\u00b0<\/strong><\/td><td class=\"has-text-align-center\" data-align=\"center\"><strong>Bolsa<\/strong><\/td><td class=\"has-text-align-center\" data-align=\"center\"><strong>Turma<\/strong><\/td><td class=\"has-text-align-left\" data-align=\"left\">                     <strong>Estudantes<\/strong><\/td><td class=\"has-text-align-center\" data-align=\"center\"><strong>In\u00edcio\u00b9<\/strong><\/td><td class=\"has-text-align-center\" data-align=\"center\"><strong>T\u00e9rmino<\/strong><\/td><td class=\"has-text-align-center\" data-align=\"center\"><strong>Renov\u00e1vel<\/strong><\/td><\/tr><tr><td class=\"has-text-align-center\" data-align=\"center\">1<\/td><td class=\"has-text-align-center\" data-align=\"center\">  CAPES\/DS  <\/td><td class=\"has-text-align-center\" data-align=\"center\">2022\/2<\/td><td class=\"has-text-align-left\" data-align=\"left\">Tamara Vieira<\/td><td class=\"has-text-align-center\" data-align=\"center\">01\/08\/2023<\/td><td class=\"has-text-align-center\" data-align=\"center\">31\/07\/2025<\/td><td class=\"has-text-align-center\" data-align=\"center\">Sim<\/td><\/tr><tr><td class=\"has-text-align-center\" data-align=\"center\">2<\/td><td class=\"has-text-align-center\" data-align=\"center\">  CAPES\/DS  <\/td><td class=\"has-text-align-center\" data-align=\"center\"> 2022\/2<\/td><td class=\"has-text-align-left\" data-align=\"left\">Jo\u00e3o Pedro de Souza B. S. Luques<\/td><td class=\"has-text-align-center\" data-align=\"center\">01\/08\/2023<\/td><td class=\"has-text-align-center\" data-align=\"center\">31\/07\/2025<\/td><td class=\"has-text-align-center\" data-align=\"center\">Sim<\/td><\/tr><tr><td class=\"has-text-align-center\" data-align=\"center\">3<\/td><td class=\"has-text-align-center\" data-align=\"center\">  CAPES\/DS  <\/td><td class=\"has-text-align-center\" data-align=\"center\">2025\/1<\/td><td class=\"has-text-align-left\" data-align=\"left\">Ursula Boreal Lopes Brevilheri<\/td><td class=\"has-text-align-center\" data-align=\"center\">01\/03\/2025<\/td><td class=\"has-text-align-center\" data-align=\"center\">28\/02\/2026<\/td><td class=\"has-text-align-center\" data-align=\"center\">Sim<\/td><\/tr><tr><td class=\"has-text-align-center\" data-align=\"center\">4<\/td><td class=\"has-text-align-center\" data-align=\"center\">  CAPES\/DS  <\/td><td class=\"has-text-align-center\" data-align=\"center\">2022\/1<\/td><td class=\"has-text-align-left\" data-align=\"left\">Jhonny&nbsp;de Ara\u00fajo<\/td><td class=\"has-text-align-center\" data-align=\"center\">01\/09\/2023<\/td><td class=\"has-text-align-center\" data-align=\"center\">31\/07\/2025<\/td><td class=\"has-text-align-center\" data-align=\"center\">Sim<\/td><\/tr><tr><td class=\"has-text-align-center\" data-align=\"center\">5<\/td><td class=\"has-text-align-center\" data-align=\"center\">CAPES\/DS<\/td><td class=\"has-text-align-center\" data-align=\"center\">2022\/1<\/td><td class=\"has-text-align-left\" data-align=\"left\">Wander Luiz C. R. dos Santos<\/td><td class=\"has-text-align-center\" data-align=\"center\">01\/08\/2023<\/td><td class=\"has-text-align-center\" data-align=\"center\">31\/07\/2025<\/td><td class=\"has-text-align-center\" data-align=\"center\">Sim<\/td><\/tr><tr><td class=\"has-text-align-center\" data-align=\"center\">6<\/td><td class=\"has-text-align-center\" data-align=\"center\">CAPES\/DS<\/td><td class=\"has-text-align-center\" data-align=\"center\">2022\/1<\/td><td class=\"has-text-align-left\" data-align=\"left\">Luan Carlos Nalin<\/td><td class=\"has-text-align-center\" data-align=\"center\">01\/03\/2022<\/td><td class=\"has-text-align-center\" data-align=\"center\">28\/02\/2026<\/td><td class=\"has-text-align-center\" data-align=\"center\">N\u00e3o<\/td><\/tr><tr><td class=\"has-text-align-center\" data-align=\"center\">7<\/td><td class=\"has-text-align-center\" data-align=\"center\">CAPES\/DS<sup>2<\/sup><\/td><td class=\"has-text-align-center\" data-align=\"center\">2022\/1<\/td><td class=\"has-text-align-left\" data-align=\"left\">Ana Fl\u00e1via Nicolau Conrado<\/td><td class=\"has-text-align-center\" data-align=\"center\">01\/07\/2022<\/td><td class=\"has-text-align-center\" data-align=\"center\">28\/02\/2026<\/td><td class=\"has-text-align-center\" data-align=\"center\">N\u00e3o<\/td><\/tr><tr><td class=\"has-text-align-center\" data-align=\"center\">8<\/td><td class=\"has-text-align-center\" data-align=\"center\">CAPES\/PDPG<\/td><td class=\"has-text-align-center\" data-align=\"center\">2022\/2<\/td><td class=\"has-text-align-left\" data-align=\"left\">Tito Galvanin Neto<\/td><td class=\"has-text-align-center\" data-align=\"center\">01\/01\/2023<\/td><td class=\"has-text-align-center\" data-align=\"center\">31\/07\/2025<\/td><td class=\"has-text-align-center\" data-align=\"center\">Sim<\/td><\/tr><tr><td class=\"has-text-align-center\" data-align=\"center\">9<\/td><td class=\"has-text-align-center\" data-align=\"center\">CAPES\/DS<\/td><td class=\"has-text-align-center\" data-align=\"center\">2023\/1<\/td><td class=\"has-text-align-left\" data-align=\"left\">L\u00edlian Amorim Carvalho<\/td><td class=\"has-text-align-center\" data-align=\"center\">01\/03\/2023<\/td><td class=\"has-text-align-center\" data-align=\"center\">28\/02\/2026<\/td><td class=\"has-text-align-center\" data-align=\"center\">Sim<\/td><\/tr><tr><td class=\"has-text-align-center\" data-align=\"center\">10<\/td><td class=\"has-text-align-center\" data-align=\"center\">CAPES\/DS<\/td><td class=\"has-text-align-center\" data-align=\"center\">2023\/1<\/td><td class=\"has-text-align-left\" data-align=\"left\">Lorena Ingred Moreira Pio<\/td><td class=\"has-text-align-center\" data-align=\"center\">01\/03\/2023<\/td><td class=\"has-text-align-center\" data-align=\"center\">28\/02\/2026<\/td><td class=\"has-text-align-center\" data-align=\"center\">Sim<\/td><\/tr><tr><td class=\"has-text-align-center\" data-align=\"center\">11<\/td><td class=\"has-text-align-center\" data-align=\"center\">CAPES\/DS<\/td><td class=\"has-text-align-center\" data-align=\"center\">2024\/1<\/td><td class=\"has-text-align-left\" data-align=\"left\">Felipe Santino de Araujo Silva<\/td><td class=\"has-text-align-center\" data-align=\"center\">01\/03\/2024<\/td><td class=\"has-text-align-center\" data-align=\"center\">28\/02\/2026<\/td><td class=\"has-text-align-center\" data-align=\"center\">Sim<\/td><\/tr><tr><td class=\"has-text-align-center\" data-align=\"center\">12<\/td><td class=\"has-text-align-center\" data-align=\"center\">CAPES\/DS<\/td><td class=\"has-text-align-center\" data-align=\"center\">2024\/1<\/td><td class=\"has-text-align-left\" data-align=\"left\">Stefano Marcos Cavalcanti Torres<\/td><td class=\"has-text-align-center\" data-align=\"center\">01\/03\/2024<\/td><td class=\"has-text-align-center\" data-align=\"center\">28\/02\/2026<\/td><td class=\"has-text-align-center\" data-align=\"center\">Sim<\/td><\/tr><tr><td class=\"has-text-align-center\" data-align=\"center\">13<\/td><td class=\"has-text-align-center\" data-align=\"center\">CNPq<\/td><td class=\"has-text-align-center\" data-align=\"center\">2024\/1<\/td><td class=\"has-text-align-left\" data-align=\"left\">Lucas Luis Jesus da Silva<\/td><td class=\"has-text-align-center\" data-align=\"center\">01\/04\/2024<\/td><td class=\"has-text-align-center\" data-align=\"center\">28\/02\/2026<\/td><td class=\"has-text-align-center\" data-align=\"center\">Sim<\/td><\/tr><tr><td class=\"has-text-align-center\" data-align=\"center\">14<\/td><td class=\"has-text-align-center\" data-align=\"center\">CAPES\/DS<sup>3<\/sup><\/td><td class=\"has-text-align-center\" data-align=\"center\">2025\/1<\/td><td class=\"has-text-align-left\" data-align=\"left\">Fernando Henrique Cardoso<\/td><td class=\"has-text-align-center\" data-align=\"center\">01\/04\/2025<\/td><td class=\"has-text-align-center\" data-align=\"center\">28\/02\/2026<\/td><td class=\"has-text-align-center\" data-align=\"center\">Sim<\/td><\/tr><\/tbody><\/table><\/figure>\n\n\n\n<p><\/p>\n\n\n\n<p style=\"font-size:10px\">\u00b9 As datas de in\u00edcio se referem ao m\u00eas de refer\u00eancia do pagamento da primeira bolsa. Assim, a data de 01\/03\/2021, por exemplo, indica que o\/a estudante recebeu a primeira bolsa em abril de 2021 referente ao m\u00eas de mar\u00e7o. <\/p>\n\n\n\n<p class=\"has-small-font-size\"> <sub><sup>2<\/sup> Bolsa CAPES\/DS concedida pela PROPPG ao PPGSOC em julho de 2022. <\/sub><\/p>\n\n\n\n<p style=\"font-size:11px\"><sup>3<\/sup> Bolsa concedida pela PROPPG ao PPGSOC em abril de 2025.<\/p>\n<\/div>\n\n\n\n<div class=\"wp-block-columns alignfull is-layout-flex wp-container-core-columns-is-layout-9d6595d7 wp-block-columns-is-layout-flex\">\n<div class=\"wp-block-column is-layout-flow wp-block-column-is-layout-flow\" style=\"flex-basis:100%\">\n<div class=\"wp-block-group\"><div class=\"wp-block-group__inner-container is-layout-flow wp-block-group-is-layout-flow\">\n<div class=\"wp-block-columns is-layout-flex wp-container-core-columns-is-layout-9d6595d7 wp-block-columns-is-layout-flex\">\n<div class=\"wp-block-column is-layout-flow wp-block-column-is-layout-flow\" style=\"flex-basis:100%\">\n<p><\/p>\n<\/div>\n<\/div>\n<\/div><\/div>\n\n\n\n<p><\/p>\n<\/div>\n<\/div>\n","protected":false},"excerpt":{"rendered":"<p>O PPGSOC\/UEL disp\u00f5e de 10 bolsas de Mestrado e 6 bolsas de Doutorado do Programa de Demanda Social (DS) da CAPES. Essas bolsas s\u00e3o geridas pela Comiss\u00e3o de Bolsas de acordo com os crit\u00e9rios definidos pela Portaria n\u00b0 076\/2010-CAPES e pela Normativa 001\/2026-PPGSOC\/UEL. Uma bolsa de mestrado normalmente \u00e9 reservada a estudantes estrangeiros que ingressam [&hellip;]<\/p>\n","protected":false},"author":7,"featured_media":0,"parent":0,"menu_order":0,"comment_status":"closed","ping_status":"closed","template":"page-templates\/template-without-title.php","meta":{"_acf_changed":false,"footnotes":""},"class_list":["post-13","page","type-page","status-publish","hentry"],"acf":[],"_links":{"self":[{"href":"https:\/\/pos.uel.br\/ppgsoc\/wp-json\/wp\/v2\/pages\/13","targetHints":{"allow":["GET"]}}],"collection":[{"href":"https:\/\/pos.uel.br\/ppgsoc\/wp-json\/wp\/v2\/pages"}],"about":[{"href":"https:\/\/pos.uel.br\/ppgsoc\/wp-json\/wp\/v2\/types\/page"}],"author":[{"embeddable":true,"href":"https:\/\/pos.uel.br\/ppgsoc\/wp-json\/wp\/v2\/users\/7"}],"replies":[{"embeddable":true,"href":"https:\/\/pos.uel.br\/ppgsoc\/wp-json\/wp\/v2\/comments?post=13"}],"version-history":[{"count":75,"href":"https:\/\/pos.uel.br\/ppgsoc\/wp-json\/wp\/v2\/pages\/13\/revisions"}],"predecessor-version":[{"id":3957,"href":"https:\/\/pos.uel.br\/ppgsoc\/wp-json\/wp\/v2\/pages\/13\/revisions\/3957"}],"wp:attachment":[{"href":"https:\/\/pos.uel.br\/ppgsoc\/wp-json\/wp\/v2\/media?parent=13"}],"curies":[{"name":"wp","href":"https:\/\/api.w.org\/{rel}","templated":true}]}}