{"id":124,"date":"2021-07-20T14:41:53","date_gmt":"2021-07-20T17:41:53","guid":{"rendered":"https:\/\/pos.uel.br\/ppgsoc\/?page_id=124"},"modified":"2026-03-06T14:34:41","modified_gmt":"2026-03-06T17:34:41","slug":"mestrado-2","status":"publish","type":"page","link":"https:\/\/pos.uel.br\/ppgsoc\/mestrado-2\/","title":{"rendered":"Mestrado"},"content":{"rendered":"\n<p><\/p>\n\n\n\n<div class=\"wp-block-cover alignfull is-light\"><img decoding=\"async\" class=\"wp-block-cover__image-background wp-image-632\" alt=\"\" src=\"https:\/\/pos.uel.br\/ppgsoc\/wp-content\/uploads\/2021\/07\/pexels-cottonbro-6334771-scaled.jpg\" style=\"object-position:51% 100%\" data-object-fit=\"cover\" data-object-position=\"51% 100%\" \/><span aria-hidden=\"true\" class=\"wp-block-cover__background has-background-dim\"><\/span><div class=\"wp-block-cover__inner-container is-layout-flow wp-block-cover-is-layout-flow\">\n<p class=\"has-text-align-center has-site-background-color has-text-color has-large-font-size\"><strong>Mestrado <\/strong><\/p>\n<\/div><\/div>\n\n\n\n<div style=\"height:50px\" aria-hidden=\"true\" class=\"wp-block-spacer\"><\/div>\n\n\n\n<div class=\"wp-block-uel-card\">\n<h5 class=\"wp-block-heading\" id=\"estrutura-curricular\">Estrutura Curricular <\/h5>\n\n\n\n<p class=\"has-secondary-text-color has-text-color\">O estudante de Mestrado ter\u00e1 que integralizar 64 (sessenta e quatro) cr\u00e9ditos, correspondentes a 960 (novecentas e sessenta) horas, assim distribu\u00eddas:<\/p>\n\n\n\n<ul class=\"wp-block-list\">\n<li>12 (doze) cr\u00e9ditos em disciplinas obrigat\u00f3rias;<\/li>\n\n\n\n<li>12 (doze) cr\u00e9ditos em disciplinas eletivas;<\/li>\n\n\n\n<li>40 (quarenta) cr\u00e9ditos em Disserta\u00e7\u00e3o.<\/li>\n<\/ul>\n\n\n\n<p class=\"has-secondary-text-color has-text-color\">A rela\u00e7\u00e3o completa de disciplinas obrigat\u00f3rias e eletivas pode ser consultada<span class=\"has-inline-color has-primary-accent-color\"> <a href=\"https:\/\/pos.uel.br\/ppgsoc\/wp-content\/uploads\/2021\/08\/Estrutura-curricular_Delib58-19.pdf\" data-type=\"URL\" target=\"_blank\" rel=\"noreferrer noopener\">aqui<\/a><\/span><a href=\"http:\/\/www.uel.br\/pos\/ppgsoc\/portal\/\" data-type=\"URL\" data-id=\"http:\/\/www.uel.br\/pos\/ppgsoc\/portal\/\">.<\/a><\/p>\n\n\n\n<p class=\"has-secondary-text-color has-text-color\">Dos 24 (vinte e quatro) cr\u00e9ditos a serem cumpridos em disciplinas do Mestrado, poder\u00e3o ser convalidados cr\u00e9ditos em disciplinas provenientes do Mestrado em Ci\u00eancias Sociais ou de outros programas de p\u00f3s-gradua\u00e7\u00e3o Stricto sensu com validade nacional at\u00e9 o limite m\u00e1ximo de 12 (doze) cr\u00e9ditos, desde que aprovados pela Comiss\u00e3o Coordenadora do Programa.<\/p>\n<\/div>\n\n\n\n<div class=\"wp-block-uel-card\">\n<h5 class=\"wp-block-heading\" id=\"disciplinas-ofertadas\">Disciplinas Ofertadas <\/h5>\n\n\n\n<ul class=\"wp-block-list\">\n<li><a href=\"https:\/\/pos.uel.br\/ppgsoc\/wp-content\/uploads\/2021\/08\/Grade_disciplinas_PPGSOC_2021_1.pdf\" data-type=\"URL\" target=\"_blank\" rel=\"noreferrer noopener\">1\u00b0. Sem. 2021<\/a><\/li>\n\n\n\n<li><a href=\"https:\/\/pos.uel.br\/ppgsoc\/wp-content\/uploads\/2021\/08\/Quadro-de-Disciplinas-do-Programa-de-Pos-graduacao-em-Sociologia_2021_2.pdf\" data-type=\"URL\" target=\"_blank\" rel=\"noreferrer noopener\">2\u00b0. Sem. 2021<\/a><\/li>\n\n\n\n<li><a rel=\"noreferrer noopener\" href=\"https:\/\/pos.uel.br\/ppgsoc\/wp-content\/uploads\/2022\/01\/Quadro_horarios_disciplinas_2022_1.pdf\" target=\"_blank\">1\u00b0. Sem. 2022<\/a><\/li>\n\n\n\n<li><a rel=\"noreferrer noopener\" href=\"https:\/\/pos.uel.br\/ppgsoc\/wp-content\/uploads\/2022\/06\/Quadro_horarios_disciplinas_2022_2.pdf\" target=\"_blank\">2\u00b0. Sem. 2022<\/a><\/li>\n\n\n\n<li><a href=\"https:\/\/pos.uel.br\/ppgsoc\/wp-content\/uploads\/2023\/03\/Quadro_horarios_disciplinas_2023_1.pdf\" data-type=\"URL\" target=\"_blank\" rel=\"noreferrer noopener\">1\u00b0. Sem. 2023<\/a><\/li>\n\n\n\n<li><a href=\"https:\/\/drive.google.com\/file\/d\/1UqWaVy_VYOA4Vf1PZ4CdTByQDpj74E5i\/view?usp=sharing\" target=\"_blank\" rel=\"noreferrer noopener\">2\u00b0. Sem. 2023<\/a><\/li>\n\n\n\n<li><a href=\"https:\/\/drive.google.com\/file\/d\/1MphJLi1FJhyC0cT0ptVRcS4JtyiVAob-\/view?usp=sharing\">1\u00b0. Sem. 2024<\/a><\/li>\n\n\n\n<li><a href=\"https:\/\/drive.google.com\/file\/d\/1MOYGtFjv5draXd9IhUigY1TDACO1lSG7\/view?usp=sharing\">2\u00b0. Sem. 2024<\/a><\/li>\n\n\n\n<li><a href=\"https:\/\/drive.google.com\/file\/d\/1mYq50W7vkugkHYIh1QfBoC9Hbi1dQV7G\/view?usp=sharing\">1\u00b0. Sem. 2025<\/a><\/li>\n\n\n\n<li><a href=\"https:\/\/drive.google.com\/file\/d\/1cJvdQm7Oco0O6OI_A0Ag7hjVP7TLku4T\/view?usp=sharing\">2\u00b0. Sem. 2025<\/a><\/li>\n\n\n\n<li><a href=\"https:\/\/drive.google.com\/file\/d\/1t3LZJZle2KQ-8wI6LRbMhbgIQrUd1Y50\/view?usp=sharing\" data-type=\"link\" data-id=\"https:\/\/drive.google.com\/file\/d\/1t3LZJZle2KQ-8wI6LRbMhbgIQrUd1Y50\/view?usp=sharing\">1\u00ba. Sem. 2026<\/a><\/li>\n<\/ul>\n<\/div>\n\n\n\n<div class=\"wp-block-uel-card\">\n<h5 class=\"wp-block-heading\" id=\"percurso-de-formacao\">Percurso de Forma\u00e7\u00e3o<mark class=\"has-inline-color has-primary-accent-color\"> <\/mark><\/h5>\n\n\n\n<p class=\"has-secondary-text-color has-text-color\">O Percurso de Forma\u00e7\u00e3o sugerido pelo PPGSOC\/UEL baseia-se na experi\u00eancia ideal de forma\u00e7\u00e3o, considerando os benef\u00edcios para estudantes e programa.<\/p>\n\n\n\n<figure class=\"wp-block-image alignfull size-large\"><a href=\"https:\/\/pos.uel.br\/ppgsoc\/wp-content\/uploads\/2021\/08\/percurso-mestrado.png\" target=\"_blank\" rel=\"noopener\"><img loading=\"lazy\" decoding=\"async\" width=\"1024\" height=\"427\" src=\"https:\/\/pos.uel.br\/ppgsoc\/wp-content\/uploads\/2021\/08\/percurso-mestrado-1024x427.png\" alt=\"\" class=\"wp-image-1699\" srcset=\"https:\/\/pos.uel.br\/ppgsoc\/wp-content\/uploads\/2021\/08\/percurso-mestrado-1024x427.png 1024w, https:\/\/pos.uel.br\/ppgsoc\/wp-content\/uploads\/2021\/08\/percurso-mestrado-300x125.png 300w, https:\/\/pos.uel.br\/ppgsoc\/wp-content\/uploads\/2021\/08\/percurso-mestrado-768x321.png 768w, https:\/\/pos.uel.br\/ppgsoc\/wp-content\/uploads\/2021\/08\/percurso-mestrado-1536x641.png 1536w, https:\/\/pos.uel.br\/ppgsoc\/wp-content\/uploads\/2021\/08\/percurso-mestrado-2048x855.png 2048w\" sizes=\"auto, (max-width: 1024px) 100vw, 1024px\" \/><\/a><\/figure>\n\n\n\n<p class=\"has-secondary-text-color has-text-color\" style=\"font-size:10px\">* Alternativamente, pode-se cursar duas eletivas de 2 cr\u00e9ditos, a depender das condi\u00e7\u00f5es de oferta<\/p>\n\n\n\n<p class=\"has-secondary-text-color has-text-color\" style=\"font-size:10px\">** O exama de qualifica\u00e7\u00e3o deve ser realizado depois de comprovada a profici\u00eanica em l\u00edngua estrangeira e a integraliza\u00e7\u00e3o dos cr\u00e9ditos em disciplina (exceto Disserta\u00e7\u00e3o), em no m\u00e1ximo 20 meses ap\u00f3s o ingresso no programa.<\/p>\n\n\n\n<p class=\"has-secondary-text-color has-text-color\" style=\"font-size:10px\">*** A defesa da disserta\u00e7\u00e3o dever\u00e1 ser realizada at\u00e9 24 meses ap\u00f3s o ingresso no programa. Este prazo poder\u00e1 ser prorrogado atrav\u00e9s de 03 (tr\u00eas) pedidos distintos de at\u00e9 04 (quatro) meses cada um, respeitando o Regimento do PPGSOC, por solicita\u00e7\u00e3o justificada pelo\/a estudante, ouvido o\/a Orientador\/a e a Coordena\u00e7\u00e3o do Programa. O segundo e o terceiro pedidos ser\u00e3o analisados pelo Colegiada Acad\u00e9mico.<\/p>\n<\/div>\n\n\n\n<p><\/p>\n","protected":false},"excerpt":{"rendered":"","protected":false},"author":9,"featured_media":0,"parent":0,"menu_order":0,"comment_status":"closed","ping_status":"closed","template":"page-templates\/template-without-title.php","meta":{"_acf_changed":false,"footnotes":""},"class_list":["post-124","page","type-page","status-publish","hentry"],"acf":[],"_links":{"self":[{"href":"https:\/\/pos.uel.br\/ppgsoc\/wp-json\/wp\/v2\/pages\/124","targetHints":{"allow":["GET"]}}],"collection":[{"href":"https:\/\/pos.uel.br\/ppgsoc\/wp-json\/wp\/v2\/pages"}],"about":[{"href":"https:\/\/pos.uel.br\/ppgsoc\/wp-json\/wp\/v2\/types\/page"}],"author":[{"embeddable":true,"href":"https:\/\/pos.uel.br\/ppgsoc\/wp-json\/wp\/v2\/users\/9"}],"replies":[{"embeddable":true,"href":"https:\/\/pos.uel.br\/ppgsoc\/wp-json\/wp\/v2\/comments?post=124"}],"version-history":[{"count":55,"href":"https:\/\/pos.uel.br\/ppgsoc\/wp-json\/wp\/v2\/pages\/124\/revisions"}],"predecessor-version":[{"id":3992,"href":"https:\/\/pos.uel.br\/ppgsoc\/wp-json\/wp\/v2\/pages\/124\/revisions\/3992"}],"wp:attachment":[{"href":"https:\/\/pos.uel.br\/ppgsoc\/wp-json\/wp\/v2\/media?parent=124"}],"curies":[{"name":"wp","href":"https:\/\/api.w.org\/{rel}","templated":true}]}}