{"id":115,"date":"2021-07-20T14:41:52","date_gmt":"2021-07-20T17:41:52","guid":{"rendered":"https:\/\/pos.uel.br\/ppgsoc\/?page_id=115"},"modified":"2025-01-09T14:26:50","modified_gmt":"2025-01-09T17:26:50","slug":"revista-mediacoes","status":"publish","type":"page","link":"https:\/\/pos.uel.br\/ppgsoc\/revista-mediacoes\/","title":{"rendered":"Revista Media\u00e7\u00f5es"},"content":{"rendered":"\n<div class=\"wp-block-cover is-light\"><span aria-hidden=\"true\" class=\"wp-block-cover__background has-background-dim\"><\/span><img loading=\"lazy\" decoding=\"async\" width=\"639\" height=\"451\" class=\"wp-block-cover__image-background wp-image-601\" alt=\"\" src=\"https:\/\/pos.uel.br\/ppgsoc\/wp-content\/uploads\/2021\/07\/Capturar.png\" style=\"object-position:49% 71%\" data-object-fit=\"cover\" data-object-position=\"49% 71%\" srcset=\"https:\/\/pos.uel.br\/ppgsoc\/wp-content\/uploads\/2021\/07\/Capturar.png 639w, https:\/\/pos.uel.br\/ppgsoc\/wp-content\/uploads\/2021\/07\/Capturar-300x212.png 300w\" sizes=\"auto, (max-width: 639px) 100vw, 639px\" \/><div class=\"wp-block-cover__inner-container is-layout-flow wp-block-cover-is-layout-flow\">\n<p class=\"has-text-align-center has-large-font-size\"><strong><font color=\"white\">Revista Media\u00e7\u00f5es <\/font><\/strong><\/p>\n<\/div><\/div>\n\n\n\n<div style=\"height:50px\" aria-hidden=\"true\" class=\"wp-block-spacer\"><\/div>\n\n\n\n<div class=\"wp-block-columns is-layout-flex wp-container-core-columns-is-layout-9d6595d7 wp-block-columns-is-layout-flex\">\n<div class=\"wp-block-column is-layout-flow wp-block-column-is-layout-flow\" style=\"flex-basis:100%\">\n<div class=\"wp-block-uel-card\">\n<div class=\"wp-block-columns alignwide is-layout-flex wp-container-core-columns-is-layout-9d6595d7 wp-block-columns-is-layout-flex\">\n<div class=\"wp-block-column is-layout-flow wp-block-column-is-layout-flow\" style=\"flex-basis:58%\">\n<p><span class=\"has-inline-color has-secondary-text-color\">Criada em 1996, <\/span><span class=\"has-inline-color has-primary-accent-color\"><a href=\"https:\/\/ojs.uel.br\/revistas\/uel\/index.php\/mediacoes\/issue\/view\/1951\">Media\u00e7\u00f5es \u2013 Revista de Ci\u00eancias Sociais<\/a><\/span><span class=\"has-inline-color has-secondary-text-color\"> \u00e9 uma publica\u00e7\u00e3o quadrimestral do Departamento de Ci\u00eancias Sociais e do Programa de P\u00f3s-Gradua\u00e7\u00e3o em Sociologia, voltada para o debate sobre temas relevantes e\/ou atuais das Ci\u00eancias Sociais e de \u00e1reas afins. <em>Media\u00e7\u00f5es<\/em> dedica-se \u00e0 miss\u00e3o de divulgar conte\u00fado cient\u00edfico de qualidade produzido por pesquisador(a)s nacionais e estrangeiro(a)s das \u00e1reas de Ci\u00eancias Sociais e de \u00e1reas afins, com o objetivo de fomentar e ampliar a produ\u00e7\u00e3o de conhecimento, contribuindo seja para a inova\u00e7\u00e3o te\u00f3rica e\/ou metodol\u00f3gica, seja para o avan\u00e7o de an\u00e1lises emp\u00edricas qualificadas na pesquisa em Ci\u00eancias Sociais e Humanas.<\/span><\/p>\n<\/div>\n\n\n\n<div class=\"wp-block-column is-layout-flow wp-block-column-is-layout-flow\" style=\"flex-basis:42%\">\n<figure class=\"wp-block-image size-large\"><img loading=\"lazy\" decoding=\"async\" width=\"725\" height=\"1024\" src=\"https:\/\/pos.uel.br\/ppgsoc\/wp-content\/uploads\/2025\/01\/cover_issue_1951_pt_BR-725x1024.jpg\" alt=\"\" class=\"wp-image-3636\" srcset=\"https:\/\/pos.uel.br\/ppgsoc\/wp-content\/uploads\/2025\/01\/cover_issue_1951_pt_BR-725x1024.jpg 725w, https:\/\/pos.uel.br\/ppgsoc\/wp-content\/uploads\/2025\/01\/cover_issue_1951_pt_BR-212x300.jpg 212w, https:\/\/pos.uel.br\/ppgsoc\/wp-content\/uploads\/2025\/01\/cover_issue_1951_pt_BR.jpg 750w\" sizes=\"auto, (max-width: 725px) 100vw, 725px\" \/><\/figure>\n<\/div>\n<\/div>\n\n\n\n<p><\/p>\n<\/div>\n<\/div>\n<\/div>\n","protected":false},"excerpt":{"rendered":"","protected":false},"author":9,"featured_media":0,"parent":0,"menu_order":0,"comment_status":"closed","ping_status":"closed","template":"page-templates\/template-without-title.php","meta":{"_acf_changed":false,"footnotes":""},"class_list":["post-115","page","type-page","status-publish","hentry"],"acf":[],"_links":{"self":[{"href":"https:\/\/pos.uel.br\/ppgsoc\/wp-json\/wp\/v2\/pages\/115","targetHints":{"allow":["GET"]}}],"collection":[{"href":"https:\/\/pos.uel.br\/ppgsoc\/wp-json\/wp\/v2\/pages"}],"about":[{"href":"https:\/\/pos.uel.br\/ppgsoc\/wp-json\/wp\/v2\/types\/page"}],"author":[{"embeddable":true,"href":"https:\/\/pos.uel.br\/ppgsoc\/wp-json\/wp\/v2\/users\/9"}],"replies":[{"embeddable":true,"href":"https:\/\/pos.uel.br\/ppgsoc\/wp-json\/wp\/v2\/comments?post=115"}],"version-history":[{"count":15,"href":"https:\/\/pos.uel.br\/ppgsoc\/wp-json\/wp\/v2\/pages\/115\/revisions"}],"predecessor-version":[{"id":3637,"href":"https:\/\/pos.uel.br\/ppgsoc\/wp-json\/wp\/v2\/pages\/115\/revisions\/3637"}],"wp:attachment":[{"href":"https:\/\/pos.uel.br\/ppgsoc\/wp-json\/wp\/v2\/media?parent=115"}],"curies":[{"name":"wp","href":"https:\/\/api.w.org\/{rel}","templated":true}]}}