{"id":14,"date":"2021-04-26T20:53:24","date_gmt":"2021-04-26T23:53:24","guid":{"rendered":"https:\/\/pos.uel.br\/ppgel\/?page_id=14"},"modified":"2026-03-06T17:42:02","modified_gmt":"2026-03-06T20:42:02","slug":"corpo-docente","status":"publish","type":"page","link":"https:\/\/pos.uel.br\/ppgel\/corpo-docente\/","title":{"rendered":"Corpo Docente"},"content":{"rendered":"\n<p class=\"has-text-align-center has-medium-font-size\"><strong>\u00c1rea de Concentra\u00e7\u00e3o: Linguagem e Significa\u00e7\u00e3o<\/strong><\/p>\n\n\n\n<div style=\"height:55px\" aria-hidden=\"true\" class=\"wp-block-spacer\"><\/div>\n\n\n\n<div class=\"wp-block-columns is-layout-flex wp-container-core-columns-is-layout-9d6595d7 wp-block-columns-is-layout-flex\">\n<div class=\"wp-block-column is-layout-flow wp-block-column-is-layout-flow\">\n<div class=\"wp-block-columns is-layout-flex wp-container-core-columns-is-layout-9d6595d7 wp-block-columns-is-layout-flex\">\n<div class=\"wp-block-column is-layout-flow wp-block-column-is-layout-flow\" style=\"flex-basis:50%\">\n<figure class=\"wp-block-image size-large is-resized\"><img loading=\"lazy\" decoding=\"async\" width=\"768\" height=\"1024\" src=\"https:\/\/pos.uel.br\/ppgel\/wp-content\/uploads\/2025\/09\/Foto_GuerraJunior-1-768x1024.jpg\" alt=\"\" class=\"wp-image-1773\" style=\"width:263px;height:auto\" srcset=\"https:\/\/pos.uel.br\/ppgel\/wp-content\/uploads\/2025\/09\/Foto_GuerraJunior-1-768x1024.jpg 768w, https:\/\/pos.uel.br\/ppgel\/wp-content\/uploads\/2025\/09\/Foto_GuerraJunior-1-225x300.jpg 225w, https:\/\/pos.uel.br\/ppgel\/wp-content\/uploads\/2025\/09\/Foto_GuerraJunior-1.jpg 1153w\" sizes=\"auto, (max-width: 768px) 100vw, 768px\" \/><\/figure>\n<\/div>\n\n\n\n<div class=\"wp-block-column is-vertically-aligned-top is-layout-flow wp-block-column-is-layout-flow\" style=\"flex-basis:80%\">\n<p class=\"has-medium-font-size\"><strong>Antonio Lemes Guerra Junior <\/strong><\/p>\n\n\n\n<div class=\"wp-block-group is-vertical is-layout-flex wp-container-core-group-is-layout-8cf370e7 wp-block-group-is-layout-flex\">\n<div class=\"wp-block-group\"><div class=\"wp-block-group__inner-container is-layout-constrained wp-block-group-is-layout-constrained\">\n<div class=\"wp-block-group is-vertical is-layout-flex wp-container-core-group-is-layout-8cf370e7 wp-block-group-is-layout-flex\">\n<p>Doutorado em Estudos da Linguagem (UEL, 2015)<\/p>\n\n\n\n<p><strong>Contato<\/strong>: <a href=\"mailto:guerrajr@uel.br\">guerrajr@uel.br<\/a><\/p>\n\n\n\n<p><strong>ORCID<\/strong>: <a href=\"https:\/\/orcid.org\/0000-0002-8771-908X\">0000-0002-8771-908X<\/a><\/p>\n\n\n\n<p><strong>Linha de pesquisa<\/strong>: &nbsp;Estudos do texto\/discurso<\/p>\n\n\n\n<p><strong>Interesses:<\/strong> Estudos semi\u00f3ticos do texto; Materialidades textuais digitais; Proje\u00e7\u00f5es enunciativas e efeitos de sentido.<\/p>\n\n\n\n<figure class=\"wp-block-image size-full is-resized\"><a href=\"http:\/\/lattes.cnpq.br\/7382780768191096\" target=\"_blank\" rel=\" noreferrer noopener\"><img loading=\"lazy\" decoding=\"async\" width=\"200\" height=\"203\" src=\"https:\/\/pos.uel.br\/ppgel\/wp-content\/uploads\/2025\/04\/logo-Lattes.png\" alt=\"\" class=\"wp-image-957\" style=\"width:47px;height:auto\" \/><\/a><\/figure>\n<\/div>\n<\/div><\/div>\n<\/div>\n<\/div>\n<\/div>\n<\/div>\n\n\n\n<div class=\"wp-block-column is-layout-flow wp-block-column-is-layout-flow\">\n<div class=\"wp-block-columns is-layout-flex wp-container-core-columns-is-layout-9d6595d7 wp-block-columns-is-layout-flex\">\n<div class=\"wp-block-column is-layout-flow wp-block-column-is-layout-flow\" style=\"flex-basis:50%\">\n<figure class=\"wp-block-image size-full is-resized\"><img loading=\"lazy\" decoding=\"async\" width=\"654\" height=\"836\" src=\"https:\/\/pos.uel.br\/ppgel\/wp-content\/uploads\/2026\/03\/Foto-Dircel.jpeg\" alt=\"\" class=\"wp-image-2102\" style=\"width:217px;height:auto\" srcset=\"https:\/\/pos.uel.br\/ppgel\/wp-content\/uploads\/2026\/03\/Foto-Dircel.jpeg 654w, https:\/\/pos.uel.br\/ppgel\/wp-content\/uploads\/2026\/03\/Foto-Dircel-235x300.jpeg 235w\" sizes=\"auto, (max-width: 654px) 100vw, 654px\" \/><\/figure>\n<\/div>\n\n\n\n<div class=\"wp-block-column is-layout-flow wp-block-column-is-layout-flow\" style=\"flex-basis:80%\">\n<p class=\"has-medium-font-size\"><strong><strong>Dircel Aparecida Kailer<\/strong><\/strong><\/p>\n\n\n\n<div class=\"wp-block-group is-vertical is-layout-flex wp-container-core-group-is-layout-8cf370e7 wp-block-group-is-layout-flex\">\n<p>Doutorado em Letras e Lingu\u00edstica (UNESP, 2008)<\/p>\n\n\n\n<p><strong>P\u00f3s-doutorado:<\/strong> Socioling\u00fc\u00edstica e Dialetologia (UFRJ, 2017)<\/p>\n\n\n\n<p><strong>Contato<\/strong>: <a href=\"mailto:dikailer@uel.br\">dikailer@uel.br<\/a><\/p>\n\n\n\n<p><strong>ORCID<\/strong>: <a href=\"https:\/\/orcid.org\/0000-0002-4387-2066\">0000-0002-4387-2066<\/a><\/p>\n\n\n\n<p><strong>Linha de pesquisa<\/strong>: Descri\u00e7\u00e3o e an\u00e1lises lingu\u00edsticas<\/p>\n\n\n\n<p><strong>Interesses:<\/strong> Estudos sociolingu\u00edsticos; Estudos fon\u00e9tico-fonol\u00f3gicos; Editora\u00e7\u00e3o; Geolingu\u00edstica; Estudos Lexicais Sincr\u00f4nicos e Diacr\u00f4nicos; Dialetologia.<\/p>\n<\/div>\n\n\n\n<figure class=\"wp-block-image size-full is-resized\"><a href=\"http:\/\/lattes.cnpq.br\/4397872436640744\" target=\"_blank\" rel=\" noreferrer noopener\"><img loading=\"lazy\" decoding=\"async\" width=\"200\" height=\"203\" src=\"https:\/\/pos.uel.br\/ppgel\/wp-content\/uploads\/2025\/04\/logo-Lattes.png\" alt=\"\" class=\"wp-image-957\" style=\"width:48px;height:auto\" \/><\/a><\/figure>\n<\/div>\n<\/div>\n<\/div>\n<\/div>\n\n\n\n<div class=\"wp-block-columns is-layout-flex wp-container-core-columns-is-layout-9d6595d7 wp-block-columns-is-layout-flex\">\n<div class=\"wp-block-column is-layout-flow wp-block-column-is-layout-flow\">\n<div class=\"wp-block-columns is-layout-flex wp-container-core-columns-is-layout-9d6595d7 wp-block-columns-is-layout-flex\">\n<div class=\"wp-block-column is-layout-flow wp-block-column-is-layout-flow\" style=\"flex-basis:50%\">\n<figure class=\"wp-block-image size-full is-resized\"><img loading=\"lazy\" decoding=\"async\" width=\"189\" height=\"263\" src=\"https:\/\/pos.uel.br\/ppgel\/wp-content\/uploads\/2025\/05\/WhatsApp-Image-2025-05-05-at-10.23.43.jpeg\" alt=\"\" class=\"wp-image-1098\" style=\"width:290px;height:auto\" \/><\/figure>\n<\/div>\n\n\n\n<div class=\"wp-block-column is-vertically-aligned-top is-layout-flow wp-block-column-is-layout-flow\" style=\"flex-basis:80%\">\n<p class=\"has-medium-font-size\"><strong><strong>Edina Regina Pugas Panichi<\/strong><\/strong><\/p>\n\n\n\n<div class=\"wp-block-group is-vertical is-layout-flex wp-container-core-group-is-layout-8cf370e7 wp-block-group-is-layout-flex\">\n<div class=\"wp-block-group\"><div class=\"wp-block-group__inner-container is-layout-constrained wp-block-group-is-layout-constrained\">\n<div class=\"wp-block-group is-vertical is-layout-flex wp-container-core-group-is-layout-8cf370e7 wp-block-group-is-layout-flex\">\n<p>Doutorado em Letras (UNESP, 1994)<\/p>\n\n\n\n<p><strong>P\u00f3s-doutorado:<\/strong> Letras (UFMG, 2013)<\/p>\n\n\n\n<p><strong>Contato:<\/strong> <a href=\"mailto:edinaregina@uel.br\">edinaregina@uel.br<\/a>&nbsp;<\/p>\n\n\n\n<p><strong>ORCID: <\/strong><a href=\"https:\/\/orcid.org\/0000-0002-3887-7946\">0000-0002-3887-7946<\/a><\/p>\n\n\n\n<p><strong>Linha de pesquisa:<\/strong> Estudos do texto\/discurso<\/p>\n\n\n\n<p><strong>Interesses: <\/strong>Cr\u00edtica Gen\u00e9tica, Estil\u00edstica, Semi\u00f3tica<\/p>\n<\/div>\n<\/div><\/div>\n<\/div>\n\n\n\n<figure class=\"wp-block-image size-full is-resized\"><a href=\"http:\/\/lattes.cnpq.br\/9364996438962646\" target=\"_blank\" rel=\" noreferrer noopener\"><img loading=\"lazy\" decoding=\"async\" width=\"200\" height=\"203\" src=\"https:\/\/pos.uel.br\/ppgel\/wp-content\/uploads\/2025\/04\/logo-Lattes.png\" alt=\"\" class=\"wp-image-957\" style=\"width:47px;height:auto\" \/><\/a><\/figure>\n<\/div>\n<\/div>\n<\/div>\n\n\n\n<div class=\"wp-block-column is-layout-flow wp-block-column-is-layout-flow\">\n<div class=\"wp-block-columns is-layout-flex wp-container-core-columns-is-layout-9d6595d7 wp-block-columns-is-layout-flex\">\n<div class=\"wp-block-column is-layout-flow wp-block-column-is-layout-flow\" style=\"flex-basis:50%\">\n<figure class=\"wp-block-image size-full is-resized\"><img loading=\"lazy\" decoding=\"async\" width=\"549\" height=\"800\" src=\"https:\/\/pos.uel.br\/ppgel\/wp-content\/uploads\/2025\/05\/WhatsApp-Image-2025-05-02-at-16.25.41.jpeg\" alt=\"\" class=\"wp-image-1099\" style=\"width:290px;height:auto\" srcset=\"https:\/\/pos.uel.br\/ppgel\/wp-content\/uploads\/2025\/05\/WhatsApp-Image-2025-05-02-at-16.25.41.jpeg 549w, https:\/\/pos.uel.br\/ppgel\/wp-content\/uploads\/2025\/05\/WhatsApp-Image-2025-05-02-at-16.25.41-206x300.jpeg 206w\" sizes=\"auto, (max-width: 549px) 100vw, 549px\" \/><\/figure>\n<\/div>\n\n\n\n<div class=\"wp-block-column is-layout-flow wp-block-column-is-layout-flow\" style=\"flex-basis:80%\">\n<p class=\"has-medium-font-size\"><strong>Fabiane Cristina Altino<\/strong><\/p>\n\n\n\n<div class=\"wp-block-group is-vertical is-layout-flex wp-container-core-group-is-layout-8cf370e7 wp-block-group-is-layout-flex\">\n<p>Doutorado em Estudos da Linguagem (UEL, 2007)<\/p>\n\n\n\n<p><strong>P\u00f3s-doutorado:<\/strong> Dialetologia (UFRJ, 2015-2015); UNIVERSIT\u00c9 PARIS 13 NORD [Fran\u00e7a], 2011-2011)<\/p>\n\n\n\n<p><strong>Contato:<\/strong> <a href=\"mailto:fabiane@uel.br\">fabiane@uel.br<\/a><\/p>\n\n\n\n<p><strong>ORCID:<\/strong> <a href=\"https:\/\/orcid.org\/0000-0002-5987-2028\">0000-0002-5987-2028<\/a><\/p>\n\n\n\n<p><strong>Linha de pesquisa:<\/strong> Descri\u00e7\u00e3o e an\u00e1lises lingu\u00edsticas<\/p>\n\n\n\n<p><strong>Interesses:<\/strong> Geolingu\u00edstica; Dialetologia; Dialetometria;&nbsp; L\u00ednguas em contato; Lingu\u00edstica Hist\u00f3rica e Sociolingu\u00edstica.<\/p>\n\n\n\n<figure class=\"wp-block-image size-full is-resized\"><a href=\"http:\/\/lattes.cnpq.br\/5539075313815063\" target=\"_blank\" rel=\" noreferrer noopener\"><img loading=\"lazy\" decoding=\"async\" width=\"200\" height=\"203\" src=\"https:\/\/pos.uel.br\/ppgel\/wp-content\/uploads\/2025\/04\/logo-Lattes.png\" alt=\"\" class=\"wp-image-957\" style=\"width:47px;height:auto\" \/><\/a><\/figure>\n<\/div>\n<\/div>\n<\/div>\n<\/div>\n<\/div>\n\n\n\n<div class=\"wp-block-columns is-layout-flex wp-container-core-columns-is-layout-9d6595d7 wp-block-columns-is-layout-flex\">\n<div class=\"wp-block-column is-layout-flow wp-block-column-is-layout-flow\">\n<div class=\"wp-block-columns is-layout-flex wp-container-core-columns-is-layout-9d6595d7 wp-block-columns-is-layout-flex\">\n<div class=\"wp-block-column is-layout-flow wp-block-column-is-layout-flow\" style=\"flex-basis:50%\">\n<figure class=\"wp-block-image is-resized\"><img loading=\"lazy\" decoding=\"async\" width=\"200\" height=\"200\" src=\"https:\/\/pos.uel.br\/ppgel\/wp-content\/uploads\/2024\/10\/Isabel2023-1.jpeg\" alt=\"\" class=\"wp-image-581\" style=\"width:290px;height:auto\" srcset=\"https:\/\/pos.uel.br\/ppgel\/wp-content\/uploads\/2024\/10\/Isabel2023-1.jpeg 200w, https:\/\/pos.uel.br\/ppgel\/wp-content\/uploads\/2024\/10\/Isabel2023-1-150x150.jpeg 150w\" sizes=\"auto, (max-width: 200px) 100vw, 200px\" \/><\/figure>\n<\/div>\n\n\n\n<div class=\"wp-block-column is-vertically-aligned-top is-layout-flow wp-block-column-is-layout-flow\" style=\"flex-basis:80%\">\n<p class=\"has-medium-font-size\"><strong>Isabel Cristina Cordeiro<\/strong><\/p>\n\n\n\n<div class=\"wp-block-group is-vertical is-layout-flex wp-container-core-group-is-layout-8cf370e7 wp-block-group-is-layout-flex\">\n<div class=\"wp-block-group\"><div class=\"wp-block-group__inner-container is-layout-constrained wp-block-group-is-layout-constrained\">\n<div class=\"wp-block-group is-vertical is-layout-flex wp-container-core-group-is-layout-8cf370e7 wp-block-group-is-layout-flex\">\n<p>Doutorado em Estudos da Linguagem (UEL, 2007)<\/p>\n\n\n\n<p><strong>Contato:<\/strong> <a href=\"mailto:isacris@uel.br\">isacris@uel.br<\/a>&nbsp;<\/p>\n\n\n\n<p><strong>ORCID:<\/strong> <a href=\"https:\/\/orcid.org\/0000-0002-2391-9787\">0000-0002-2391-9787<\/a><\/p>\n\n\n\n<p><strong>Linha de pesquisa:<\/strong> <em>Estudos do texto\/discurso<\/em><\/p>\n\n\n\n<p><strong>Interesses: <\/strong>Sem\u00e2ntica Argumentativa; Lingu\u00edstica Textual; Lingu\u00edstica Cognitiva; Gram\u00e1tica e argumenta\u00e7\u00e3o.<\/p>\n\n\n\n<figure class=\"wp-block-image size-full is-resized\"><a href=\"http:\/\/lattes.cnpq.br\/9893461756658986\" target=\"_blank\" rel=\" noreferrer noopener\"><img loading=\"lazy\" decoding=\"async\" width=\"200\" height=\"203\" src=\"https:\/\/pos.uel.br\/ppgel\/wp-content\/uploads\/2025\/04\/logo-Lattes.png\" alt=\"\" class=\"wp-image-957\" style=\"width:47px;height:auto\" \/><\/a><\/figure>\n<\/div>\n<\/div><\/div>\n<\/div>\n<\/div>\n<\/div>\n<\/div>\n\n\n\n<div class=\"wp-block-column is-layout-flow wp-block-column-is-layout-flow\">\n<div class=\"wp-block-columns is-layout-flex wp-container-core-columns-is-layout-9d6595d7 wp-block-columns-is-layout-flex\">\n<div class=\"wp-block-column is-layout-flow wp-block-column-is-layout-flow\" style=\"flex-basis:50%\">\n<figure class=\"wp-block-image size-full is-resized\"><img loading=\"lazy\" decoding=\"async\" width=\"726\" height=\"996\" src=\"https:\/\/pos.uel.br\/ppgel\/wp-content\/uploads\/2025\/05\/lolyane.png\" alt=\"\" class=\"wp-image-1130\" style=\"width:290px;height:auto\" srcset=\"https:\/\/pos.uel.br\/ppgel\/wp-content\/uploads\/2025\/05\/lolyane.png 726w, https:\/\/pos.uel.br\/ppgel\/wp-content\/uploads\/2025\/05\/lolyane-219x300.png 219w\" sizes=\"auto, (max-width: 726px) 100vw, 726px\" \/><\/figure>\n<\/div>\n\n\n\n<div class=\"wp-block-column is-layout-flow wp-block-column-is-layout-flow\" style=\"flex-basis:80%\">\n<p class=\"has-medium-font-size\"><strong>Lolyane C. Guerreiro de Oliveira<\/strong><\/p>\n\n\n\n<div class=\"wp-block-group is-vertical is-layout-flex wp-container-core-group-is-layout-8cf370e7 wp-block-group-is-layout-flex\">\n<p>Doutorado em Estudos da Linguagem (UEL, 2013)<\/p>\n\n\n\n<p><strong>Contato:<\/strong> lolyane@uel.br<\/p>\n\n\n\n<p><strong>ORCID:<\/strong> <a href=\"https:\/\/orcid.org\/0000-0002-9606-6869\">0000-0002-9606-6869<\/a><\/p>\n\n\n\n<p><strong>Linha de pesquisa:<\/strong> Estudos do texto\/discurso<\/p>\n\n\n\n<p><strong>Interesses:<\/strong> &nbsp;Lingu\u00edstica Textual; Referencia\u00e7\u00e3o e Recategoriza\u00e7\u00e3o; Argumentatividade e seus efeitos de sentido; Tecnotextos.<\/p>\n\n\n\n<figure class=\"wp-block-image size-full is-resized\"><a href=\"http:\/\/lattes.cnpq.br\/2309032857021770\" target=\"_blank\" rel=\" noreferrer noopener\"><img loading=\"lazy\" decoding=\"async\" width=\"200\" height=\"203\" src=\"https:\/\/pos.uel.br\/ppgel\/wp-content\/uploads\/2025\/04\/logo-Lattes.png\" alt=\"\" class=\"wp-image-957\" style=\"width:47px;height:auto\" \/><\/a><\/figure>\n<\/div>\n<\/div>\n<\/div>\n<\/div>\n<\/div>\n\n\n\n<div class=\"wp-block-columns is-layout-flex wp-container-core-columns-is-layout-9d6595d7 wp-block-columns-is-layout-flex\">\n<div class=\"wp-block-column is-layout-flow wp-block-column-is-layout-flow\">\n<div class=\"wp-block-columns is-layout-flex wp-container-core-columns-is-layout-9d6595d7 wp-block-columns-is-layout-flex\">\n<div class=\"wp-block-column is-layout-flow wp-block-column-is-layout-flow\" style=\"flex-basis:50%\">\n<figure class=\"wp-block-image is-resized\"><img loading=\"lazy\" decoding=\"async\" width=\"200\" height=\"200\" src=\"https:\/\/pos.uel.br\/ppgel\/wp-content\/uploads\/2024\/10\/Marcelo2023-1.jpeg\" alt=\"\" class=\"wp-image-585\" style=\"width:290px;height:auto\" srcset=\"https:\/\/pos.uel.br\/ppgel\/wp-content\/uploads\/2024\/10\/Marcelo2023-1.jpeg 200w, https:\/\/pos.uel.br\/ppgel\/wp-content\/uploads\/2024\/10\/Marcelo2023-1-150x150.jpeg 150w\" sizes=\"auto, (max-width: 200px) 100vw, 200px\" \/><\/figure>\n<\/div>\n\n\n\n<div class=\"wp-block-column is-vertically-aligned-top is-layout-flow wp-block-column-is-layout-flow\" style=\"flex-basis:80%\">\n<p class=\"has-medium-font-size\"><strong>Marcelo Silveira<\/strong><\/p>\n\n\n\n<div class=\"wp-block-group is-vertical is-layout-flex wp-container-core-group-is-layout-8cf370e7 wp-block-group-is-layout-flex\">\n<div class=\"wp-block-group\"><div class=\"wp-block-group__inner-container is-layout-constrained wp-block-group-is-layout-constrained\">\n<div class=\"wp-block-group is-vertical is-layout-flex wp-container-core-group-is-layout-8cf370e7 wp-block-group-is-layout-flex\">\n<p>Doutorado em Letras &#8211; Filologia e L\u00edngua Portuguesa (USP, 2007)<\/p>\n\n\n\n<p><strong>Contato:<\/strong> celosilveira@uel.br<\/p>\n\n\n\n<p><strong>ORCID:<\/strong> <a href=\"https:\/\/orcid.org\/0000-0002-6084-1325\">0000-0002-6084-1325<\/a><\/p>\n\n\n\n<p><strong>Linha de pesquisa:<\/strong>&nbsp; Descri\u00e7\u00e3o e an\u00e1lises lingu\u00edsticas<\/p>\n\n\n\n<p><strong>Interesses:<\/strong> L\u00ednguas ind\u00edgenas; Varia\u00e7\u00e3o lingu\u00edstica e ensino; Argumenta\u00e7\u00e3o e ret\u00f3rica; Bilinguismo e multietnia; An\u00e1lise do discurso.<\/p>\n\n\n\n<figure class=\"wp-block-image size-full is-resized\"><a href=\"http:\/\/lattes.cnpq.br\/5156858264212980\" target=\"_blank\" rel=\" noreferrer noopener\"><img loading=\"lazy\" decoding=\"async\" width=\"200\" height=\"203\" src=\"https:\/\/pos.uel.br\/ppgel\/wp-content\/uploads\/2025\/04\/logo-Lattes.png\" alt=\"\" class=\"wp-image-957\" style=\"width:47px;height:auto\" \/><\/a><\/figure>\n<\/div>\n<\/div><\/div>\n<\/div>\n<\/div>\n<\/div>\n<\/div>\n\n\n\n<div class=\"wp-block-column is-layout-flow wp-block-column-is-layout-flow\">\n<div class=\"wp-block-columns is-layout-flex wp-container-core-columns-is-layout-9d6595d7 wp-block-columns-is-layout-flex\">\n<div class=\"wp-block-column is-layout-flow wp-block-column-is-layout-flow\" style=\"flex-basis:50%\">\n<figure class=\"wp-block-image is-resized\"><img loading=\"lazy\" decoding=\"async\" width=\"200\" height=\"200\" src=\"https:\/\/pos.uel.br\/ppgel\/wp-content\/uploads\/2024\/10\/MariaIsabel2023-1.jpeg\" alt=\"\" class=\"wp-image-586\" style=\"width:290px;height:auto\" srcset=\"https:\/\/pos.uel.br\/ppgel\/wp-content\/uploads\/2024\/10\/MariaIsabel2023-1.jpeg 200w, https:\/\/pos.uel.br\/ppgel\/wp-content\/uploads\/2024\/10\/MariaIsabel2023-1-150x150.jpeg 150w\" sizes=\"auto, (max-width: 200px) 100vw, 200px\" \/><\/figure>\n<\/div>\n\n\n\n<div class=\"wp-block-column is-layout-flow wp-block-column-is-layout-flow\" style=\"flex-basis:80%\">\n<p class=\"has-medium-font-size\"><strong>Maria Isabel Borges<\/strong><\/p>\n\n\n\n<div class=\"wp-block-group is-vertical is-layout-flex wp-container-core-group-is-layout-8cf370e7 wp-block-group-is-layout-flex\">\n<p>Doutorado em Lingu\u00edstica (Universidade Federal de Santa Catarina, 2009)<\/p>\n\n\n\n<p><strong>Contato:<\/strong> mariaborges@uel.br<\/p>\n\n\n\n<p><strong>ORCID:<\/strong> <a href=\"https:\/\/orcid.org\/0000-0002-3470-9566\">0000-0002-3470-9566<\/a><\/p>\n\n\n\n<p><strong>Linha de pesquisa:<\/strong>&nbsp; Estudos do texto\/discurso<\/p>\n\n\n\n<p><strong>Interesses:<\/strong> Lingu\u00edstica; Ensino de L\u00edngua Portuguesa; Morfossintaxe; Gram\u00e1tica; G\u00eaneros Quadrin\u00edsticos; Texto e Discurso; An\u00e1lise de Personagens em Quadrinhos.<\/p>\n\n\n\n<figure class=\"wp-block-image size-full is-resized\"><a href=\"http:\/\/lattes.cnpq.br\/7120412982970882\" target=\"_blank\" rel=\" noreferrer noopener\"><img loading=\"lazy\" decoding=\"async\" width=\"200\" height=\"203\" src=\"https:\/\/pos.uel.br\/ppgel\/wp-content\/uploads\/2025\/04\/logo-Lattes.png\" alt=\"\" class=\"wp-image-957\" style=\"width:47px;height:auto\" \/><\/a><\/figure>\n<\/div>\n<\/div>\n<\/div>\n<\/div>\n<\/div>\n\n\n\n<div class=\"wp-block-columns is-layout-flex wp-container-core-columns-is-layout-9d6595d7 wp-block-columns-is-layout-flex\">\n<div class=\"wp-block-column is-layout-flow wp-block-column-is-layout-flow\">\n<div class=\"wp-block-columns is-layout-flex wp-container-core-columns-is-layout-9d6595d7 wp-block-columns-is-layout-flex\">\n<div class=\"wp-block-column is-layout-flow wp-block-column-is-layout-flow\" style=\"flex-basis:50%\">\n<figure class=\"wp-block-image is-resized\"><img loading=\"lazy\" decoding=\"async\" width=\"200\" height=\"200\" src=\"https:\/\/pos.uel.br\/ppgel\/wp-content\/uploads\/2024\/10\/WhatsApp-Image-2024-10-23-at-15.59.09-3.jpeg\" alt=\"\" class=\"wp-image-599\" style=\"width:290px;height:auto\" srcset=\"https:\/\/pos.uel.br\/ppgel\/wp-content\/uploads\/2024\/10\/WhatsApp-Image-2024-10-23-at-15.59.09-3.jpeg 200w, https:\/\/pos.uel.br\/ppgel\/wp-content\/uploads\/2024\/10\/WhatsApp-Image-2024-10-23-at-15.59.09-3-150x150.jpeg 150w\" sizes=\"auto, (max-width: 200px) 100vw, 200px\" \/><\/figure>\n<\/div>\n\n\n\n<div class=\"wp-block-column is-vertically-aligned-top is-layout-flow wp-block-column-is-layout-flow\" style=\"flex-basis:80%\">\n<p class=\"has-medium-font-size\"><strong>Ot\u00e1vio Goes de Andrade<\/strong><\/p>\n\n\n\n<div class=\"wp-block-group is-vertical is-layout-flex wp-container-core-group-is-layout-8cf370e7 wp-block-group-is-layout-flex\">\n<div class=\"wp-block-group\"><div class=\"wp-block-group__inner-container is-layout-constrained wp-block-group-is-layout-constrained\">\n<div class=\"wp-block-group is-vertical is-layout-flex wp-container-core-group-is-layout-8cf370e7 wp-block-group-is-layout-flex\">\n<div class=\"wp-block-group is-vertical is-layout-flex wp-container-core-group-is-layout-8cf370e7 wp-block-group-is-layout-flex\">\n<p>Doutorado em Estudos da Linguagem (UEL, 2010)<\/p>\n\n\n\n<p><strong>P\u00f3s-doutorado:<\/strong> Letras (UFSC, 2019)<\/p>\n\n\n\n<p><strong>Contato:<\/strong> goes@uel.br<\/p>\n\n\n\n<p><strong>ORCID:<\/strong> <a href=\"https:\/\/orcid.org\/0000-0002-2774-6254\">0000-0002-2774-6254<\/a><\/p>\n\n\n\n<p><strong>Linha de pesquisa:<\/strong>&nbsp; Descri\u00e7\u00e3o e\/ou an\u00e1lise de l\u00edngua estrangeira; Linguagem e Direito.<\/p>\n\n\n\n<p><strong>Interesses:<\/strong> Lingu\u00edstica Contrastiva; L\u00e9xico; Interl\u00edngua; Lexicografia; L\u00ednguas Orais-Auditivas; L\u00ednguas Visuais-Espaciais; Pol\u00edticas Lingu\u00edsticas; L\u00ednguas Estrangeiras; Aquisi\u00e7\u00e3o de Segunda L\u00edngua.<\/p>\n<\/div>\n\n\n\n<figure class=\"wp-block-image size-full is-resized\"><a href=\"http:\/\/lattes.cnpq.br\/1943376494360290\" target=\"_blank\" rel=\" noreferrer noopener\"><img loading=\"lazy\" decoding=\"async\" width=\"200\" height=\"203\" src=\"https:\/\/pos.uel.br\/ppgel\/wp-content\/uploads\/2025\/04\/logo-Lattes.png\" alt=\"\" class=\"wp-image-957\" style=\"width:47px;height:auto\" \/><\/a><\/figure>\n<\/div>\n<\/div><\/div>\n<\/div>\n<\/div>\n<\/div>\n<\/div>\n\n\n\n<div class=\"wp-block-column is-layout-flow wp-block-column-is-layout-flow\">\n<div class=\"wp-block-columns is-layout-flex wp-container-core-columns-is-layout-9d6595d7 wp-block-columns-is-layout-flex\">\n<div class=\"wp-block-column is-layout-flow wp-block-column-is-layout-flow\" style=\"flex-basis:50%\">\n<figure class=\"wp-block-image\"><img loading=\"lazy\" decoding=\"async\" width=\"200\" height=\"200\" src=\"https:\/\/pos.uel.br\/ppgel\/wp-content\/uploads\/2024\/10\/Rose2023-1.jpeg\" alt=\"\" class=\"wp-image-595\" srcset=\"https:\/\/pos.uel.br\/ppgel\/wp-content\/uploads\/2024\/10\/Rose2023-1.jpeg 200w, https:\/\/pos.uel.br\/ppgel\/wp-content\/uploads\/2024\/10\/Rose2023-1-150x150.jpeg 150w\" sizes=\"auto, (max-width: 200px) 100vw, 200px\" \/><\/figure>\n<\/div>\n\n\n\n<div class=\"wp-block-column is-layout-flow wp-block-column-is-layout-flow\" style=\"flex-basis:80%\">\n<p class=\"has-medium-font-size\"><strong>Rosemeri P Baltazar Machado<\/strong><\/p>\n\n\n\n<div class=\"wp-block-group\"><div class=\"wp-block-group__inner-container is-layout-constrained wp-block-group-is-layout-constrained\">\n<div class=\"wp-block-group is-vertical is-layout-flex wp-container-core-group-is-layout-8cf370e7 wp-block-group-is-layout-flex\">\n<p>Doutorado em Estudos da Linguagem (UEL, 2007)<\/p>\n\n\n\n<p><strong>P\u00f3s-doutorado:<\/strong> Estudos da Linguagem (UESB, 2025)<\/p>\n\n\n\n<p><strong>Contato:<\/strong> rosemeri@uel.br<\/p>\n\n\n\n<p><strong>ORCID:<\/strong>&nbsp; <a href=\"https:\/\/orcid.org\/0000-0002-3000-9941\">0000-0002-3000-9941<\/a><\/p>\n\n\n\n<p><strong>Linha de pesquisa:<\/strong>&nbsp; Estudos do texto\/discurso.<\/p>\n\n\n\n<p><strong>Interesses:<\/strong> An\u00e1lise de Discurso; G\u00eaneros Textuais; Sexualidade; Processos de Significa\u00e7\u00e3o; Efeitos de Sentido; Preconceito; Forma\u00e7\u00f5es Ideol\u00f3gicas; Heterogeneidade; M\u00eddia; Publicidade;&nbsp; Identidade.<\/p>\n\n\n\n<figure class=\"wp-block-image size-full is-resized\"><a href=\"http:\/\/lattes.cnpq.br\/4807654796089331\" target=\"_blank\" rel=\" noreferrer noopener\"><img loading=\"lazy\" decoding=\"async\" width=\"200\" height=\"203\" src=\"https:\/\/pos.uel.br\/ppgel\/wp-content\/uploads\/2025\/04\/logo-Lattes.png\" alt=\"\" class=\"wp-image-957\" style=\"width:47px;height:auto\" \/><\/a><\/figure>\n<\/div>\n<\/div><\/div>\n<\/div>\n<\/div>\n<\/div>\n<\/div>\n\n\n\n<div class=\"wp-block-columns is-layout-flex wp-container-core-columns-is-layout-9d6595d7 wp-block-columns-is-layout-flex\">\n<div class=\"wp-block-column is-layout-flow wp-block-column-is-layout-flow\">\n<div class=\"wp-block-columns is-layout-flex wp-container-core-columns-is-layout-9d6595d7 wp-block-columns-is-layout-flex\">\n<div class=\"wp-block-column is-layout-flow wp-block-column-is-layout-flow\" style=\"flex-basis:50%\">\n<figure class=\"wp-block-image is-resized\"><img loading=\"lazy\" decoding=\"async\" width=\"200\" height=\"200\" src=\"https:\/\/pos.uel.br\/ppgel\/wp-content\/uploads\/2024\/10\/Vanderci.jpeg\" alt=\"\" class=\"wp-image-589\" style=\"width:290px;height:auto\" srcset=\"https:\/\/pos.uel.br\/ppgel\/wp-content\/uploads\/2024\/10\/Vanderci.jpeg 200w, https:\/\/pos.uel.br\/ppgel\/wp-content\/uploads\/2024\/10\/Vanderci-150x150.jpeg 150w\" sizes=\"auto, (max-width: 200px) 100vw, 200px\" \/><\/figure>\n<\/div>\n\n\n\n<div class=\"wp-block-column is-vertically-aligned-top is-layout-flow wp-block-column-is-layout-flow\" style=\"flex-basis:80%\">\n<p class=\"has-medium-font-size\"><strong>Vanderci de Andrade Aguilera<\/strong><\/p>\n\n\n\n<div class=\"wp-block-group is-vertical is-layout-flex wp-container-core-group-is-layout-8cf370e7 wp-block-group-is-layout-flex\">\n<div class=\"wp-block-group\"><div class=\"wp-block-group__inner-container is-layout-constrained wp-block-group-is-layout-constrained\">\n<div class=\"wp-block-group is-vertical is-layout-flex wp-container-core-group-is-layout-8cf370e7 wp-block-group-is-layout-flex\">\n<div class=\"wp-block-group is-vertical is-layout-flex wp-container-core-group-is-layout-8cf370e7 wp-block-group-is-layout-flex\">\n<p>Doutorado em Letras (UNESP, 1990)<\/p>\n\n\n\n<p><strong>P\u00f3s-doutorado:<\/strong> Letras (Universidad de Alcal\u00e1 de Henares, 2007)<\/p>\n\n\n\n<p><strong>Contato:<\/strong> vanderci@uel.br<\/p>\n\n\n\n<p><strong>ORCID:<\/strong>&nbsp; <a href=\"https:\/\/orcid.org\/0000-0003-3052-3710\">https:\/\/orcid.org\/0000-0003-3052-3710<\/a><\/p>\n\n\n\n<p><strong>Linha de pesquisa:<\/strong>&nbsp; Descri\u00e7\u00e3o e an\u00e1lises lingu\u00edsticas<\/p>\n\n\n\n<p><strong>Interesses:<\/strong> Geolingu\u00edstica; Atlas Lingu\u00edstico; Estudos Lexicais Sincr\u00f4nicos e Diacr\u00f4nicos; Varia\u00e7\u00e3o Lingu\u00edstica; Dialetologia; Hist\u00f3ria da L\u00edngua Portuguesa; Filologia; Topon\u00edmia.<\/p>\n<\/div>\n\n\n\n<figure class=\"wp-block-image size-full is-resized\"><a href=\"http:\/\/lattes.cnpq.br\/8323910235303866\" target=\"_blank\" rel=\" noreferrer noopener\"><img loading=\"lazy\" decoding=\"async\" width=\"200\" height=\"203\" src=\"https:\/\/pos.uel.br\/ppgel\/wp-content\/uploads\/2025\/04\/logo-Lattes.png\" alt=\"\" class=\"wp-image-957\" style=\"width:47px;height:auto\" \/><\/a><\/figure>\n<\/div>\n<\/div><\/div>\n<\/div>\n<\/div>\n<\/div>\n<\/div>\n\n\n\n<div class=\"wp-block-column is-layout-flow wp-block-column-is-layout-flow\"><\/div>\n<\/div>\n\n\n\n<p class=\"has-text-align-center has-medium-font-size\"><strong>\u00c1rea de Concentra\u00e7\u00e3o: Linguagem e Educa\u00e7\u00e3o<\/strong><br><a href=\"http:\/\/lattes.cnpq.br\/4397872436640744\" target=\"_blank\" rel=\"noreferrer noopener\"><\/a><\/p>\n\n\n\n<div style=\"height:74px\" aria-hidden=\"true\" class=\"wp-block-spacer\"><\/div>\n\n\n\n<div class=\"wp-block-group\"><div class=\"wp-block-group__inner-container is-layout-constrained wp-block-group-is-layout-constrained\">\n<div class=\"wp-block-columns is-layout-flex wp-container-core-columns-is-layout-9d6595d7 wp-block-columns-is-layout-flex\">\n<div class=\"wp-block-column is-layout-flow wp-block-column-is-layout-flow\">\n<div class=\"wp-block-columns is-layout-flex wp-container-core-columns-is-layout-9d6595d7 wp-block-columns-is-layout-flex\">\n<div class=\"wp-block-column is-layout-flow wp-block-column-is-layout-flow\" style=\"flex-basis:50%\">\n<figure class=\"wp-block-image is-resized\"><img loading=\"lazy\" decoding=\"async\" width=\"200\" height=\"200\" src=\"https:\/\/pos.uel.br\/ppgel\/wp-content\/uploads\/2024\/10\/Foto-Andreia-2-1-1.jpeg\" alt=\"\" class=\"wp-image-580\" style=\"width:290px;height:auto\" srcset=\"https:\/\/pos.uel.br\/ppgel\/wp-content\/uploads\/2024\/10\/Foto-Andreia-2-1-1.jpeg 200w, https:\/\/pos.uel.br\/ppgel\/wp-content\/uploads\/2024\/10\/Foto-Andreia-2-1-1-150x150.jpeg 150w\" sizes=\"auto, (max-width: 200px) 100vw, 200px\" \/><\/figure>\n<\/div>\n\n\n\n<div class=\"wp-block-column is-layout-flow wp-block-column-is-layout-flow\" style=\"flex-basis:80%\">\n<p class=\"has-medium-font-size\"><strong>Andr\u00e9ia da C Malheiros Santana<\/strong><\/p>\n\n\n\n<div class=\"wp-block-group is-vertical is-layout-flex wp-container-core-group-is-layout-8cf370e7 wp-block-group-is-layout-flex\">\n<p>Doutora em Educa\u00e7\u00e3o (UNESP, 2011)<\/p>\n\n\n\n<p><strong>P\u00f3s-doutorado:<\/strong> Educa\u00e7\u00e3o (UFSCar, 2012-2013); <em>Lettres et Civilisations \u00c9trang\u00e8res<\/em> (UNIVLYON2 [Fran\u00e7a], 2023-2024)<\/p>\n\n\n\n<p><strong>Contato<\/strong>: andreiacunha@uel.br<\/p>\n\n\n\n<p><strong>ORCID:<\/strong> <a href=\"https:\/\/orcid.org\/0000-0003-0231-6570\">0000-0003-0231-6570<\/a><\/p>\n\n\n\n<p><strong>Linha de pesquisa<\/strong>: Ensino\/aprendizagem e forma\u00e7\u00e3o do professor de portuguesa e de outras linguagens<\/p>\n\n\n\n<p><strong>Interesses: <\/strong>Material Did\u00e1tico em L\u00edngua Materna; Forma\u00e7\u00e3o de Professores; Ensino de L\u00edngua Portuguesa; Letramentos Acad\u00eamicos e Publiciza\u00e7\u00e3o Cient\u00edfica; Avalia\u00e7\u00e3o do Ensino.<\/p>\n\n\n\n<figure class=\"wp-block-image size-full is-resized\"><a href=\"http:\/\/lattes.cnpq.br\/4835407468291098\" target=\"_blank\" rel=\" noreferrer noopener\"><img loading=\"lazy\" decoding=\"async\" width=\"200\" height=\"203\" src=\"https:\/\/pos.uel.br\/ppgel\/wp-content\/uploads\/2025\/04\/logo-Lattes.png\" alt=\"\" class=\"wp-image-957\" style=\"width:47px;height:auto\" \/><\/a><\/figure>\n<\/div>\n<\/div>\n<\/div>\n<\/div>\n\n\n\n<div class=\"wp-block-column is-layout-flow wp-block-column-is-layout-flow\">\n<div class=\"wp-block-columns is-layout-flex wp-container-core-columns-is-layout-9d6595d7 wp-block-columns-is-layout-flex\">\n<div class=\"wp-block-column is-layout-flow wp-block-column-is-layout-flow\" style=\"flex-basis:50%\">\n<figure class=\"wp-block-image is-resized\"><img loading=\"lazy\" decoding=\"async\" width=\"200\" height=\"200\" src=\"https:\/\/pos.uel.br\/ppgel\/wp-content\/uploads\/2024\/10\/Claudia2023-1.jpeg\" alt=\"\" class=\"wp-image-601\" style=\"width:290px;height:auto\" srcset=\"https:\/\/pos.uel.br\/ppgel\/wp-content\/uploads\/2024\/10\/Claudia2023-1.jpeg 200w, https:\/\/pos.uel.br\/ppgel\/wp-content\/uploads\/2024\/10\/Claudia2023-1-150x150.jpeg 150w\" sizes=\"auto, (max-width: 200px) 100vw, 200px\" \/><\/figure>\n<\/div>\n\n\n\n<div class=\"wp-block-column is-layout-flow wp-block-column-is-layout-flow\" style=\"flex-basis:80%\">\n<p class=\"has-medium-font-size\"><strong>Cl\u00e1udia Cristina Ferreira<\/strong><\/p>\n\n\n\n<div class=\"wp-block-group is-vertical is-layout-flex wp-container-core-group-is-layout-8cf370e7 wp-block-group-is-layout-flex\">\n<p>Doutorado em Estudos da Linguagem (UEL, 2007)<\/p>\n\n\n\n<p><strong>P\u00f3s-doutorado:<\/strong> Estudos da Tradu\u00e7\u00e3o (UFSC, 2019-2020); Letras (MACKENZIE, 2024).<\/p>\n\n\n\n<p><strong>Contato:<\/strong> <a href=\"mailto:claucrisfer@uel.br\">claucrisfer@uel.br<\/a>&nbsp;&nbsp;<\/p>\n\n\n\n<p><strong>ORCID:<\/strong> <a href=\"https:\/\/orcid.org\/0000-0003-4605-3733\">0000-0003-4605-3733<\/a><\/p>\n\n\n\n<p><strong>Linha de pesquisa:<\/strong> Ensino\/aprendizagem e forma\u00e7\u00e3o do professor de l\u00edngua estrangeira<\/p>\n\n\n\n<p><strong>Interesses:<\/strong> Multimodalidade; Letramentos; Matizes culturais no processo de ensino e aprendizagem, na forma\u00e7\u00e3o de professores e no fazer tradut\u00f3rio.<\/p>\n\n\n\n<figure class=\"wp-block-image size-full is-resized\"><a href=\"https:\/\/buscatextual.cnpq.br\/buscatextual\/visualizacv.do\" target=\"_blank\" rel=\" noreferrer noopener\"><img loading=\"lazy\" decoding=\"async\" width=\"200\" height=\"203\" src=\"https:\/\/pos.uel.br\/ppgel\/wp-content\/uploads\/2025\/04\/logo-Lattes.png\" alt=\"\" class=\"wp-image-957\" style=\"width:47px;height:auto\" \/><\/a><\/figure>\n<\/div>\n<\/div>\n<\/div>\n<\/div>\n<\/div>\n\n\n\n<div class=\"wp-block-columns is-layout-flex wp-container-core-columns-is-layout-9d6595d7 wp-block-columns-is-layout-flex\">\n<div class=\"wp-block-column is-layout-flow wp-block-column-is-layout-flow\">\n<div class=\"wp-block-columns is-layout-flex wp-container-core-columns-is-layout-9d6595d7 wp-block-columns-is-layout-flex\">\n<div class=\"wp-block-column is-layout-flow wp-block-column-is-layout-flow\" style=\"flex-basis:50%\">\n<figure class=\"wp-block-image size-full\"><img loading=\"lazy\" decoding=\"async\" width=\"540\" height=\"675\" src=\"https:\/\/pos.uel.br\/ppgel\/wp-content\/uploads\/2025\/05\/WhatsApp-Image-2025-04-30-at-10.57.59.jpeg\" alt=\"\" class=\"wp-image-1100\" srcset=\"https:\/\/pos.uel.br\/ppgel\/wp-content\/uploads\/2025\/05\/WhatsApp-Image-2025-04-30-at-10.57.59.jpeg 540w, https:\/\/pos.uel.br\/ppgel\/wp-content\/uploads\/2025\/05\/WhatsApp-Image-2025-04-30-at-10.57.59-240x300.jpeg 240w\" sizes=\"auto, (max-width: 540px) 100vw, 540px\" \/><\/figure>\n<\/div>\n\n\n\n<div class=\"wp-block-column is-layout-flow wp-block-column-is-layout-flow\" style=\"flex-basis:80%\">\n<p class=\"has-medium-font-size\"><strong>Eliana Maria S Donaio Ruiz<\/strong><\/p>\n\n\n\n<div class=\"wp-block-group is-vertical is-layout-flex wp-container-core-group-is-layout-8cf370e7 wp-block-group-is-layout-flex\">\n<div class=\"wp-block-group is-vertical is-layout-flex wp-container-core-group-is-layout-8cf370e7 wp-block-group-is-layout-flex\">\n<p>Doutorado em Lingu\u00edstica (UNICAMP, 1998)<\/p>\n\n\n\n<p><strong>P\u00f3s-doutorado: <\/strong>Lingu\u00edstica Aplicada (UNICAMP, 2010-2012)<\/p>\n\n\n\n<p><strong>Contato: <\/strong><a href=\"mailto:elianaruiz@uel.br\">elianaruiz@uel.br<\/a>&nbsp;<\/p>\n\n\n\n<p><strong>ORCID: <\/strong><a href=\"https:\/\/orcid.org\/0000-0002-7169-8464\">0000-0002-7169-8464<\/a><\/p>\n\n\n\n<p><strong>Linha de pesquisa: <\/strong>Ensino\/aprendizagem e forma\u00e7\u00e3o do professor de portuguesa e de outras linguagens<\/p>\n\n\n\n<p><strong>Interesses: <\/strong>Didatiza\u00e7\u00e3o da escrita; Escrita escolar colaborativa; Ensino de l\u00edngua portuguesa; Pedagogia dos multiletramentos; Tecnologia digital no ensino de l\u00edngua portuguesa; Forma\u00e7\u00e3o do professor de l\u00edngua&nbsp;portuguesa.<\/p>\n\n\n\n<figure class=\"wp-block-image size-full is-resized\"><a href=\"http:\/\/lattes.cnpq.br\/3603229478975999\" target=\"_blank\" rel=\" noreferrer noopener\"><img loading=\"lazy\" decoding=\"async\" width=\"200\" height=\"203\" src=\"https:\/\/pos.uel.br\/ppgel\/wp-content\/uploads\/2025\/04\/logo-Lattes.png\" alt=\"\" class=\"wp-image-957\" style=\"width:47px;height:auto\" \/><\/a><\/figure>\n<\/div>\n<\/div>\n<\/div>\n<\/div>\n<\/div>\n\n\n\n<div class=\"wp-block-column is-layout-flow wp-block-column-is-layout-flow\">\n<div class=\"wp-block-columns is-layout-flex wp-container-core-columns-is-layout-9d6595d7 wp-block-columns-is-layout-flex\">\n<div class=\"wp-block-column is-layout-flow wp-block-column-is-layout-flow\" style=\"flex-basis:50%\">\n<figure class=\"wp-block-image size-large\"><img loading=\"lazy\" decoding=\"async\" width=\"1024\" height=\"1024\" src=\"https:\/\/pos.uel.br\/ppgel\/wp-content\/uploads\/2026\/03\/Foto-Joyce-1024x1024.jpeg\" alt=\"\" class=\"wp-image-2101\" srcset=\"https:\/\/pos.uel.br\/ppgel\/wp-content\/uploads\/2026\/03\/Foto-Joyce-1024x1024.jpeg 1024w, https:\/\/pos.uel.br\/ppgel\/wp-content\/uploads\/2026\/03\/Foto-Joyce-300x300.jpeg 300w, https:\/\/pos.uel.br\/ppgel\/wp-content\/uploads\/2026\/03\/Foto-Joyce-150x150.jpeg 150w, https:\/\/pos.uel.br\/ppgel\/wp-content\/uploads\/2026\/03\/Foto-Joyce-768x768.jpeg 768w, https:\/\/pos.uel.br\/ppgel\/wp-content\/uploads\/2026\/03\/Foto-Joyce.jpeg 1440w\" sizes=\"auto, (max-width: 1024px) 100vw, 1024px\" \/><\/figure>\n<\/div>\n\n\n\n<div class=\"wp-block-column is-layout-flow wp-block-column-is-layout-flow\" style=\"flex-basis:80%\">\n<p class=\"has-medium-font-size\"><strong>Joyce Elaine de Almeida<\/strong><\/p>\n\n\n\n<div class=\"wp-block-group is-vertical is-layout-flex wp-container-core-group-is-layout-8cf370e7 wp-block-group-is-layout-flex\">\n<p>Doutorado em Lingu\u00edstica e L\u00edngua Portuguesa (UNESP, 2005)<\/p>\n\n\n\n<p><strong>P\u00f3s-doutorado:<\/strong> Lingu\u00edstica (UnB, 2013-2014)<\/p>\n\n\n\n<p><strong>Contato:<\/strong> <a href=\"mailto:joyal@uel.br\">joyal@uel.br<\/a>&nbsp;<\/p>\n\n\n\n<p><strong>ORCID<\/strong>: <a href=\"https:\/\/orcid.org\/0000-0001-5102-5847\">0000-0001-5102-5847<\/a><\/p>\n\n\n\n<p><strong>Linha de pesquisa: <\/strong>Ensino\/aprendizagem e forma\u00e7\u00e3o do professor de l\u00edngua portuguesa e de outras linguagens<\/p>\n\n\n\n<p><strong>Interesses:<\/strong> Varia\u00e7\u00e3o lingu\u00edstica no contexto escolar; Sociolingu\u00edstica Educacional; Varia\u00e7\u00e3o Lingu\u00edstica em L\u00edngua Estrangeira<\/p>\n\n\n\n<figure class=\"wp-block-image size-full is-resized\"><a href=\"http:\/\/lattes.cnpq.br\/6092970593937003\" target=\"_blank\" rel=\" noreferrer noopener\"><img loading=\"lazy\" decoding=\"async\" width=\"200\" height=\"203\" src=\"https:\/\/pos.uel.br\/ppgel\/wp-content\/uploads\/2025\/04\/logo-Lattes.png\" alt=\"\" class=\"wp-image-957\" style=\"width:47px;height:auto\" \/><\/a><\/figure>\n<\/div>\n<\/div>\n<\/div>\n<\/div>\n<\/div>\n\n\n\n<div class=\"wp-block-columns is-layout-flex wp-container-core-columns-is-layout-9d6595d7 wp-block-columns-is-layout-flex\">\n<div class=\"wp-block-column is-layout-flow wp-block-column-is-layout-flow\">\n<div class=\"wp-block-columns is-layout-flex wp-container-core-columns-is-layout-9d6595d7 wp-block-columns-is-layout-flex\">\n<div class=\"wp-block-column is-layout-flow wp-block-column-is-layout-flow\" style=\"flex-basis:50%\">\n<figure class=\"wp-block-image is-resized\"><img loading=\"lazy\" decoding=\"async\" width=\"200\" height=\"200\" src=\"https:\/\/pos.uel.br\/ppgel\/wp-content\/uploads\/2024\/10\/Juliana2023-1.jpeg\" alt=\"\" class=\"wp-image-583\" style=\"width:290px;height:auto\" srcset=\"https:\/\/pos.uel.br\/ppgel\/wp-content\/uploads\/2024\/10\/Juliana2023-1.jpeg 200w, https:\/\/pos.uel.br\/ppgel\/wp-content\/uploads\/2024\/10\/Juliana2023-1-150x150.jpeg 150w\" sizes=\"auto, (max-width: 200px) 100vw, 200px\" \/><\/figure>\n<\/div>\n\n\n\n<div class=\"wp-block-column is-layout-flow wp-block-column-is-layout-flow\" style=\"flex-basis:80%\">\n<p class=\"has-medium-font-size\"><strong>Juliana R Assun\u00e7\u00e3o Tonelli<\/strong><\/p>\n\n\n\n<div class=\"wp-block-group is-vertical is-layout-flex wp-container-core-group-is-layout-8cf370e7 wp-block-group-is-layout-flex\">\n<div class=\"wp-block-group is-vertical is-layout-flex wp-container-core-group-is-layout-8cf370e7 wp-block-group-is-layout-flex\">\n<p>Doutorado em Estudos da Linguagem (UEL, 2012)<\/p>\n\n\n\n<p><strong>P\u00f3s-doutorado: <\/strong>Did\u00e1tica das L\u00ednguas (UNIGE, 2013 [Gen\u00e9bra]); Letras (UnB, 2018); Letras (UNEMAT, 2019).<\/p>\n\n\n\n<p><strong>Contato:<\/strong> <a href=\"mailto:jtonelli@uel.br\">jtonelli@uel.br<\/a><\/p>\n\n\n\n<p><strong>ORCID:<\/strong> <a href=\"https:\/\/orcid.org\/0000-0001-5102-5847\">0000-0001-5102-5847<\/a><\/p>\n\n\n\n<p><strong>Linha de pesquisa:<\/strong> Ensino\/aprendizagem e forma\u00e7\u00e3o do professor de l\u00edngua estrangeira<\/p>\n\n\n\n<p><strong>Interesses:<\/strong> Educa\u00e7\u00e3o lingu\u00edstica em l\u00ednguas com crian\u00e7as pequenas; Ensino de l\u00ednguas para contextos de crian\u00e7as migrantes; Forma\u00e7\u00e3o docente para a educa\u00e7\u00e3o em l\u00ednguas com crian\u00e7as pequenas; Educa\u00e7\u00e3o em l\u00ednguas e inclus\u00e3o.<\/p>\n\n\n\n<figure class=\"wp-block-image size-full is-resized\"><a href=\"http:\/\/lattes.cnpq.br\/0567446304006032\" target=\"_blank\" rel=\" noreferrer noopener\"><img loading=\"lazy\" decoding=\"async\" width=\"200\" height=\"203\" src=\"https:\/\/pos.uel.br\/ppgel\/wp-content\/uploads\/2025\/04\/logo-Lattes.png\" alt=\"\" class=\"wp-image-957\" style=\"width:47px;height:auto\" \/><\/a><\/figure>\n<\/div>\n<\/div>\n<\/div>\n<\/div>\n<\/div>\n\n\n\n<div class=\"wp-block-column is-layout-flow wp-block-column-is-layout-flow\">\n<div class=\"wp-block-columns is-layout-flex wp-container-core-columns-is-layout-9d6595d7 wp-block-columns-is-layout-flex\">\n<div class=\"wp-block-column is-layout-flow wp-block-column-is-layout-flow\" style=\"flex-basis:50%\">\n<figure class=\"wp-block-image is-resized\"><img loading=\"lazy\" decoding=\"async\" width=\"200\" height=\"200\" src=\"https:\/\/pos.uel.br\/ppgel\/wp-content\/uploads\/2024\/10\/Michele-1.jpeg\" alt=\"\" class=\"wp-image-587\" style=\"width:290px;height:auto\" srcset=\"https:\/\/pos.uel.br\/ppgel\/wp-content\/uploads\/2024\/10\/Michele-1.jpeg 200w, https:\/\/pos.uel.br\/ppgel\/wp-content\/uploads\/2024\/10\/Michele-1-150x150.jpeg 150w\" sizes=\"auto, (max-width: 200px) 100vw, 200px\" \/><\/figure>\n<\/div>\n\n\n\n<div class=\"wp-block-column is-layout-flow wp-block-column-is-layout-flow\" style=\"flex-basis:80%\">\n<p class=\"has-medium-font-size\"><strong>Michele Salles El Kadri<\/strong><\/p>\n\n\n\n<div class=\"wp-block-group is-vertical is-layout-flex wp-container-core-group-is-layout-8cf370e7 wp-block-group-is-layout-flex\">\n<p>Doutorado em Estudos da Linguagem (UEL, <strong>&nbsp;<\/strong>2014)<\/p>\n\n\n\n<p><strong>P\u00f3s-doutorado: <\/strong>Lingu\u00edstica Aplicada (Unicamp, 2018) e Educa\u00e7\u00e3o (UFES, 2020)<\/p>\n\n\n\n<p><strong>Contato:<\/strong> misalles@uel.br<\/p>\n\n\n\n<p><strong>ORCID:<\/strong>&nbsp;<a href=\"https:\/\/orcid.org\/0000-0002-5836-4988\">0000-0002-5836-4988<\/a><\/p>\n\n\n\n<p><strong>Linha de pesquisa:<\/strong>&nbsp; Ensino\/aprendizagem e forma\u00e7\u00e3o do professor de l\u00edngua estrangeira<\/p>\n\n\n\n<p><strong>Interesses:<\/strong> Ensino de L\u00ednguas; Forma\u00e7\u00e3o de Professores; Modelos e Pr\u00e1ticas Internacionais e Nacionais; Pedagogia de Multiletramentos; Cren\u00e7as e Ideologias Docentes; Implementa\u00e7\u00e3o de Escolas Bil\u00edngues<\/p>\n\n\n\n<figure class=\"wp-block-image size-full is-resized\"><a href=\"http:\/\/lattes.cnpq.br\/0616673725766329\" target=\"_blank\" rel=\" noreferrer noopener\"><img loading=\"lazy\" decoding=\"async\" width=\"200\" height=\"203\" src=\"https:\/\/pos.uel.br\/ppgel\/wp-content\/uploads\/2025\/04\/logo-Lattes.png\" alt=\"\" class=\"wp-image-957\" style=\"width:47px;height:auto\" \/><\/a><\/figure>\n<\/div>\n<\/div>\n<\/div>\n<\/div>\n<\/div>\n\n\n\n<div class=\"wp-block-columns is-layout-flex wp-container-core-columns-is-layout-9d6595d7 wp-block-columns-is-layout-flex\">\n<div class=\"wp-block-column is-layout-flow wp-block-column-is-layout-flow\">\n<div class=\"wp-block-columns is-layout-flex wp-container-core-columns-is-layout-9d6595d7 wp-block-columns-is-layout-flex\">\n<div class=\"wp-block-column is-layout-flow wp-block-column-is-layout-flow\" style=\"flex-basis:50%\">\n<figure class=\"wp-block-image size-large is-resized\"><img loading=\"lazy\" decoding=\"async\" width=\"768\" height=\"1024\" src=\"https:\/\/pos.uel.br\/ppgel\/wp-content\/uploads\/2025\/09\/Paula-768x1024.jpg\" alt=\"\" class=\"wp-image-1784\" style=\"width:290px;height:auto\" srcset=\"https:\/\/pos.uel.br\/ppgel\/wp-content\/uploads\/2025\/09\/Paula-768x1024.jpg 768w, https:\/\/pos.uel.br\/ppgel\/wp-content\/uploads\/2025\/09\/Paula-225x300.jpg 225w, https:\/\/pos.uel.br\/ppgel\/wp-content\/uploads\/2025\/09\/Paula.jpg 960w\" sizes=\"auto, (max-width: 768px) 100vw, 768px\" \/><\/figure>\n<\/div>\n\n\n\n<div class=\"wp-block-column is-layout-flow wp-block-column-is-layout-flow\" style=\"flex-basis:80%\">\n<p class=\"has-medium-font-size\"><strong><strong>Paula Baracat De Grande<\/strong><\/strong><\/p>\n\n\n\n<div class=\"wp-block-group is-vertical is-layout-flex wp-container-core-group-is-layout-8cf370e7 wp-block-group-is-layout-flex\">\n<div class=\"wp-block-group is-vertical is-layout-flex wp-container-core-group-is-layout-8cf370e7 wp-block-group-is-layout-flex\">\n<p>Doutorado em Lingu\u00edstica Aplicada (UNICAMP, 2015)<br><\/p>\n\n\n\n<p><strong>P\u00f3s-doutorado:<\/strong> Estudos da Linguagem (UEL, 2018)<\/p>\n\n\n\n<p><strong>Contato:<\/strong> <a href=\"mailto:pauladegrande@uel.br\">pauladegrande@uel.br<\/a><\/p>\n\n\n\n<p><strong>ORCID:<\/strong> <a href=\"https:\/\/orcid.org\/0009-0004-7570-0906\">0009-0004-7570-0906<\/a><\/p>\n\n\n\n<p><strong>Linha de pesquisa:<\/strong>&nbsp; Ensino\/aprendizagem e forma\u00e7\u00e3o do professor de l\u00edngua portuguesa e de outras linguagens<\/p>\n\n\n\n<p><strong>Interesses:<\/strong> Letramentos, Forma\u00e7\u00e3o do professor de l\u00edngua materna, Ensino de l\u00edngua portuguesa, Letramentos acad\u00eamico-cient\u00edficos, Divulga\u00e7\u00e3o Cient\u00edfica.<\/p>\n\n\n\n<figure class=\"wp-block-image size-full is-resized\"><a href=\"https:\/\/lattes.cnpq.br\/1815820136586725\" target=\"_blank\" rel=\" noreferrer noopener\"><img loading=\"lazy\" decoding=\"async\" width=\"200\" height=\"203\" src=\"https:\/\/pos.uel.br\/ppgel\/wp-content\/uploads\/2025\/04\/logo-Lattes.png\" alt=\"\" class=\"wp-image-957\" style=\"width:47px;height:auto\" \/><\/a><\/figure>\n<\/div>\n<\/div>\n<\/div>\n<\/div>\n<\/div>\n\n\n\n<div class=\"wp-block-column is-layout-flow wp-block-column-is-layout-flow\">\n<div class=\"wp-block-columns is-layout-flex wp-container-core-columns-is-layout-9d6595d7 wp-block-columns-is-layout-flex\">\n<div class=\"wp-block-column is-layout-flow wp-block-column-is-layout-flow\" style=\"flex-basis:50%\">\n<figure class=\"wp-block-image size-large is-resized\"><img loading=\"lazy\" decoding=\"async\" width=\"1024\" height=\"1024\" src=\"https:\/\/pos.uel.br\/ppgel\/wp-content\/uploads\/2025\/09\/Samantha-1024x1024.jpg\" alt=\"\" class=\"wp-image-1788\" style=\"width:290px;height:auto\" srcset=\"https:\/\/pos.uel.br\/ppgel\/wp-content\/uploads\/2025\/09\/Samantha-1024x1024.jpg 1024w, https:\/\/pos.uel.br\/ppgel\/wp-content\/uploads\/2025\/09\/Samantha-300x300.jpg 300w, https:\/\/pos.uel.br\/ppgel\/wp-content\/uploads\/2025\/09\/Samantha-150x150.jpg 150w, https:\/\/pos.uel.br\/ppgel\/wp-content\/uploads\/2025\/09\/Samantha-768x768.jpg 768w, https:\/\/pos.uel.br\/ppgel\/wp-content\/uploads\/2025\/09\/Samantha-1536x1536.jpg 1536w, https:\/\/pos.uel.br\/ppgel\/wp-content\/uploads\/2025\/09\/Samantha.jpg 1600w\" sizes=\"auto, (max-width: 1024px) 100vw, 1024px\" \/><\/figure>\n<\/div>\n\n\n\n<div class=\"wp-block-column is-layout-flow wp-block-column-is-layout-flow\" style=\"flex-basis:80%\">\n<p class=\"has-medium-font-size\"><strong><strong>Samantha Gon\u00e7alves Ramos<\/strong><\/strong><\/p>\n\n\n\n<div class=\"wp-block-group is-vertical is-layout-flex wp-container-core-group-is-layout-8cf370e7 wp-block-group-is-layout-flex\">\n<p>Doutorado em Estudos da Linguagem (UEL, 2011)<\/p>\n\n\n\n<p><strong>P\u00f3s-doutorado:<\/strong> Educa\u00e7\u00e3o (Universidade Aberta de Portugal, 2022)<\/p>\n\n\n\n<p><strong>Contato:<\/strong><a href=\"saramos@uel.br\"> saramos@uel.br<\/a><\/p>\n\n\n\n<p><strong>ORCID:<\/strong> <a href=\"https:\/\/orcid.org\/0000-0001-9528-2271\">0000-0001-9528-2271<\/a>&nbsp;<\/p>\n\n\n\n<p><strong>Linha de pesquisa:<\/strong> &nbsp;Ensino\/aprendizagem e forma\u00e7\u00e3o do professor de l\u00edngua estrangeira&nbsp;<\/p>\n\n\n\n<p><strong>Interesses:<\/strong> Forma\u00e7\u00e3o de professores de l\u00ednguas;&nbsp; tecnologia educacional;&nbsp; intelig\u00eancia artificial; novos letramentos.<\/p>\n\n\n\n<figure class=\"wp-block-image size-full is-resized\"><a href=\"http:\/\/lattes.cnpq.br\/5389821486907152\" target=\"_blank\" rel=\" noreferrer noopener\"><img loading=\"lazy\" decoding=\"async\" width=\"200\" height=\"203\" src=\"https:\/\/pos.uel.br\/ppgel\/wp-content\/uploads\/2025\/04\/logo-Lattes.png\" alt=\"\" class=\"wp-image-957\" style=\"width:47px;height:auto\" \/><\/a><\/figure>\n<\/div>\n<\/div>\n<\/div>\n<\/div>\n<\/div>\n\n\n\n<div class=\"wp-block-columns is-layout-flex wp-container-core-columns-is-layout-9d6595d7 wp-block-columns-is-layout-flex\">\n<div class=\"wp-block-column is-layout-flow wp-block-column-is-layout-flow\">\n<div class=\"wp-block-columns is-layout-flex wp-container-core-columns-is-layout-9d6595d7 wp-block-columns-is-layout-flex\">\n<div class=\"wp-block-column is-layout-flow wp-block-column-is-layout-flow\" style=\"flex-basis:50%\">\n<figure class=\"wp-block-image size-large is-resized\"><img loading=\"lazy\" decoding=\"async\" width=\"768\" height=\"1024\" src=\"https:\/\/pos.uel.br\/ppgel\/wp-content\/uploads\/2025\/05\/WhatsApp-Image-2025-04-30-at-10.58.49-768x1024.jpeg\" alt=\"\" class=\"wp-image-1102\" style=\"width:290px;height:auto\" srcset=\"https:\/\/pos.uel.br\/ppgel\/wp-content\/uploads\/2025\/05\/WhatsApp-Image-2025-04-30-at-10.58.49-768x1024.jpeg 768w, https:\/\/pos.uel.br\/ppgel\/wp-content\/uploads\/2025\/05\/WhatsApp-Image-2025-04-30-at-10.58.49-225x300.jpeg 225w, https:\/\/pos.uel.br\/ppgel\/wp-content\/uploads\/2025\/05\/WhatsApp-Image-2025-04-30-at-10.58.49.jpeg 1104w\" sizes=\"auto, (max-width: 768px) 100vw, 768px\" \/><\/figure>\n<\/div>\n\n\n\n<div class=\"wp-block-column is-layout-flow wp-block-column-is-layout-flow\" style=\"flex-basis:80%\">\n<p class=\"has-medium-font-size\"><strong>Sheila Oliveira Lima<\/strong><\/p>\n\n\n\n<div class=\"wp-block-group is-vertical is-layout-flex wp-container-core-group-is-layout-8cf370e7 wp-block-group-is-layout-flex\">\n<div class=\"wp-block-group is-vertical is-layout-flex wp-container-core-group-is-layout-8cf370e7 wp-block-group-is-layout-flex\">\n<p>Doutorado em Educa\u00e7\u00e3o (USP, 2006)<\/p>\n\n\n\n<p><strong>P\u00f3s-doutorado:<\/strong> Did\u00e1tica de L\u00edngua e Literatura (Universidad de Buenos Aires, 2023)<\/p>\n\n\n\n<p><strong>Contato:<\/strong> sheilalima@uel.br<\/p>\n\n\n\n<p><strong>ORCID:<\/strong> <a href=\"https:\/\/orcid.org\/0000-0002-0993-8228\">0000-0002-0993-8228<\/a><\/p>\n\n\n\n<p><strong>Linha de pesquisa:<\/strong>&nbsp; Ensino\/aprendizagem e forma\u00e7\u00e3o do professor de l\u00edngua portuguesa e de outras linguagens<\/p>\n\n\n\n<p><strong>Interesses:<\/strong> Forma\u00e7\u00e3o de Leitores; Letramento; Oralidade; Ensino de Literatura; Ensino de L\u00edngua Portuguesa; Ensino de Literatura; Pr\u00e1ticas Docentes; Pol\u00edticas P\u00fablicas de Leitura; Leitura Liter\u00e1ria; Forma\u00e7\u00e3o de Professores de L\u00edngua Portuguesa.<\/p>\n\n\n\n<figure class=\"wp-block-image size-full is-resized\"><a href=\"http:\/\/lattes.cnpq.br\/7552098448712248\" target=\"_blank\" rel=\" noreferrer noopener\"><img loading=\"lazy\" decoding=\"async\" width=\"200\" height=\"203\" src=\"https:\/\/pos.uel.br\/ppgel\/wp-content\/uploads\/2025\/04\/logo-Lattes.png\" alt=\"\" class=\"wp-image-957\" style=\"width:47px;height:auto\" \/><\/a><\/figure>\n<\/div>\n<\/div>\n<\/div>\n<\/div>\n<\/div>\n\n\n\n<div class=\"wp-block-column is-layout-flow wp-block-column-is-layout-flow\">\n<div class=\"wp-block-columns is-layout-flex wp-container-core-columns-is-layout-9d6595d7 wp-block-columns-is-layout-flex\">\n<div class=\"wp-block-column is-layout-flow wp-block-column-is-layout-flow\" style=\"flex-basis:50%\">\n<figure class=\"wp-block-image size-large is-resized\"><img loading=\"lazy\" decoding=\"async\" width=\"680\" height=\"1024\" src=\"https:\/\/pos.uel.br\/ppgel\/wp-content\/uploads\/2025\/09\/foto-1-680x1024.jpg\" alt=\"\" class=\"wp-image-1779\" style=\"width:290px;height:auto\" srcset=\"https:\/\/pos.uel.br\/ppgel\/wp-content\/uploads\/2025\/09\/foto-1-680x1024.jpg 680w, https:\/\/pos.uel.br\/ppgel\/wp-content\/uploads\/2025\/09\/foto-1-199x300.jpg 199w, https:\/\/pos.uel.br\/ppgel\/wp-content\/uploads\/2025\/09\/foto-1-768x1156.jpg 768w, https:\/\/pos.uel.br\/ppgel\/wp-content\/uploads\/2025\/09\/foto-1-1020x1536.jpg 1020w, https:\/\/pos.uel.br\/ppgel\/wp-content\/uploads\/2025\/09\/foto-1-1360x2048.jpg 1360w, https:\/\/pos.uel.br\/ppgel\/wp-content\/uploads\/2025\/09\/foto-1-scaled.jpg 1700w\" sizes=\"auto, (max-width: 680px) 100vw, 680px\" \/><\/figure>\n<\/div>\n\n\n\n<div class=\"wp-block-column is-layout-flow wp-block-column-is-layout-flow\" style=\"flex-basis:80%\">\n<p class=\"has-medium-font-size\"><strong>Su\u00e9len Maria Rocha<\/strong><\/p>\n\n\n\n<div class=\"wp-block-group is-vertical is-layout-flex wp-container-core-group-is-layout-8cf370e7 wp-block-group-is-layout-flex\">\n<div class=\"wp-block-group is-vertical is-layout-flex wp-container-core-group-is-layout-8cf370e7 wp-block-group-is-layout-flex\">\n<p>Doutorado em Letras (USP, 2023)- PDSE -Universidade de Genebra, Su\u00ed\u00e7a<\/p>\n\n\n\n<p><strong>Contato:<\/strong> <a href=\"mailto:suelen.rocha@uel.br\">suelen.rocha@uel.br<\/a><\/p>\n\n\n\n<p><strong>ORCID:<\/strong> <a href=\"https:\/\/orcid.org\/0000-0001-6652-872X\">0000-0001-6652-872X<\/a><\/p>\n\n\n\n<p><strong>Linha de pesquisa:<\/strong> Ensino\/aprendizagem e forma\u00e7\u00e3o do professor de l\u00edngua portuguesa e de outras linguagens<\/p>\n\n\n\n<p><strong>Interesses:<\/strong> Ensino\/Aprendizagem de L\u00ednguas, Forma\u00e7\u00e3o de Professores de l\u00ednguas, G\u00eaneros textuais, Lingu\u00edstica Aplicada, Multiculturalismo, Educa\u00e7\u00e3o Ambiental.<\/p>\n\n\n\n<figure class=\"wp-block-image size-full is-resized\"><a href=\"http:\/\/lattes.cnpq.br\/7316306842386515 \" target=\"_blank\" rel=\" noreferrer noopener\"><img loading=\"lazy\" decoding=\"async\" width=\"200\" height=\"203\" src=\"https:\/\/pos.uel.br\/ppgel\/wp-content\/uploads\/2025\/04\/logo-Lattes.png\" alt=\"\" class=\"wp-image-957\" style=\"width:47px;height:auto\" \/><\/a><\/figure>\n<\/div>\n\n\n\n<p><\/p>\n<\/div>\n<\/div>\n<\/div>\n<\/div>\n<\/div>\n\n\n\n<div class=\"wp-block-columns is-layout-flex wp-container-core-columns-is-layout-9d6595d7 wp-block-columns-is-layout-flex\">\n<div class=\"wp-block-column is-layout-flow wp-block-column-is-layout-flow\">\n<div class=\"wp-block-columns is-layout-flex wp-container-core-columns-is-layout-9d6595d7 wp-block-columns-is-layout-flex\">\n<div class=\"wp-block-column is-layout-flow wp-block-column-is-layout-flow\" style=\"flex-basis:50%\">\n<figure class=\"wp-block-image size-full is-resized\"><img loading=\"lazy\" decoding=\"async\" width=\"200\" height=\"200\" src=\"https:\/\/pos.uel.br\/ppgel\/wp-content\/uploads\/2024\/10\/Telma2023-1.jpeg\" alt=\"\" class=\"wp-image-596\" style=\"width:290px;height:auto\" srcset=\"https:\/\/pos.uel.br\/ppgel\/wp-content\/uploads\/2024\/10\/Telma2023-1.jpeg 200w, https:\/\/pos.uel.br\/ppgel\/wp-content\/uploads\/2024\/10\/Telma2023-1-150x150.jpeg 150w\" sizes=\"auto, (max-width: 200px) 100vw, 200px\" \/><\/figure>\n<\/div>\n\n\n\n<div class=\"wp-block-column is-layout-flow wp-block-column-is-layout-flow\" style=\"flex-basis:80%\">\n<p class=\"has-medium-font-size\"><strong>Telma Nunes Gimenez<\/strong><\/p>\n\n\n\n<div class=\"wp-block-group is-vertical is-layout-flex wp-container-core-group-is-layout-8cf370e7 wp-block-group-is-layout-flex\">\n<p>Doutorado em Linguistics and Modern English Language (Lancaster University, 1994)<\/p>\n\n\n\n<p><strong>P\u00f3s-doutorado:<\/strong> Linguistics (Kettering Foundation, 1997) e (University of London, 2014)<\/p>\n\n\n\n<p><strong>Contato:<\/strong> tgimenez@uel.br<\/p>\n\n\n\n<p><strong>ORCID:<\/strong>&nbsp;<a href=\"https:\/\/orcid.org\/0000-0001-6143-3895\">0000-0001-6143-3895<\/a><\/p>\n\n\n\n<p><strong>Linha de pesquisa:<\/strong>&nbsp; Ensino\/aprendizagem e forma\u00e7\u00e3o do professor de l\u00edngua estrangeira<\/p>\n\n\n\n<p><strong>Interesses:<\/strong> Ensino\/Aprendizagem de L\u00ednguas Estrangeiras; Forma\u00e7\u00e3o de Professores; Pol\u00edticas Educacionais; Globaliza\u00e7\u00e3o; Internacionaliza\u00e7\u00e3o do Ensino Superior; Pol\u00edticas Lingu\u00edsticas; Educa\u00e7\u00e3o Bil\u00edngue; Lingu\u00edstica Aplicada; Tecnologias Educacionais.<\/p>\n\n\n\n<figure class=\"wp-block-image size-full is-resized\"><a href=\"http:\/\/lattes.cnpq.br\/3089947385390266\" target=\"_blank\" rel=\" noreferrer noopener\"><img loading=\"lazy\" decoding=\"async\" width=\"200\" height=\"203\" src=\"https:\/\/pos.uel.br\/ppgel\/wp-content\/uploads\/2025\/04\/logo-Lattes.png\" alt=\"\" class=\"wp-image-957\" style=\"width:47px;height:auto\" \/><\/a><\/figure>\n<\/div>\n<\/div>\n<\/div>\n<\/div>\n\n\n\n<div class=\"wp-block-column is-layout-flow wp-block-column-is-layout-flow\">\n<div class=\"wp-block-columns is-layout-flex wp-container-core-columns-is-layout-9d6595d7 wp-block-columns-is-layout-flex\">\n<div class=\"wp-block-column is-layout-flow wp-block-column-is-layout-flow\" style=\"flex-basis:50%\">\n<figure class=\"wp-block-image is-resized\"><img loading=\"lazy\" decoding=\"async\" width=\"200\" height=\"200\" src=\"https:\/\/pos.uel.br\/ppgel\/wp-content\/uploads\/2024\/10\/Vera2023-1.jpeg\" alt=\"\" class=\"wp-image-597\" style=\"width:290px;height:auto\" srcset=\"https:\/\/pos.uel.br\/ppgel\/wp-content\/uploads\/2024\/10\/Vera2023-1.jpeg 200w, https:\/\/pos.uel.br\/ppgel\/wp-content\/uploads\/2024\/10\/Vera2023-1-150x150.jpeg 150w\" sizes=\"auto, (max-width: 200px) 100vw, 200px\" \/><\/figure>\n<\/div>\n\n\n\n<div class=\"wp-block-column is-layout-flow wp-block-column-is-layout-flow\" style=\"flex-basis:80%\">\n<p class=\"has-medium-font-size\"><strong>Vera L\u00facia Lopes Cristov\u00e3o<\/strong><\/p>\n\n\n\n<div class=\"wp-block-group is-vertical is-layout-flex wp-container-core-group-is-layout-8cf370e7 wp-block-group-is-layout-flex\">\n<div class=\"wp-block-group is-vertical is-layout-flex wp-container-core-group-is-layout-8cf370e7 wp-block-group-is-layout-flex\">\n<p>Doutorado em Lingu\u00edstica Aplicada e Estudos da Linguagem (PUC, 2002)<\/p>\n\n\n\n<p><strong>P\u00f3s-doutorado:<\/strong> Educa\u00e7\u00e3o e Psicologia (Universidade de Aveiro, 2022), Estudos Lingu\u00edsticos (UFMG, 2012), G\u00eaneros Textuais (Universidade da Calif\u00f3rnia &#8211; Santa B\u00e1rbara, 2012), Lingu\u00edstica Aplicada (PUC-SP, 2008)<\/p>\n\n\n\n<p><strong>Contato:<\/strong> cristova@uel.br<\/p>\n\n\n\n<p><strong>ORCID:<\/strong> <a href=\"https:\/\/orcid.org\/0000-0001-7875-6930\">0000-0001-7875-6930<\/a><\/p>\n\n\n\n<p><strong>Linha de pesquisa:<\/strong> Ensino\/aprendizagem e forma\u00e7\u00e3o do professor de l\u00edngua estrangeira<\/p>\n\n\n\n<p><strong>Interesses:<\/strong> G\u00eaneros Textuais; Letramentos Acad\u00eamico-Cient\u00edficos; Ensino\/Aprendizagem\/Avalia\u00e7\u00e3o de L\u00ednguas Estrangeiras; Forma\u00e7\u00e3o de Professores; Didatiza\u00e7\u00e3o de G\u00eaneros; Educa\u00e7\u00e3o em L\u00edngua Estrangeira; Lingu\u00edstica Aplicada.<\/p>\n\n\n\n<figure class=\"wp-block-image size-full is-resized\"><a href=\"http:\/\/lattes.cnpq.br\/1931255173410776\" target=\"_blank\" rel=\" noreferrer noopener\"><img loading=\"lazy\" decoding=\"async\" width=\"200\" height=\"203\" src=\"https:\/\/pos.uel.br\/ppgel\/wp-content\/uploads\/2025\/04\/logo-Lattes.png\" alt=\"\" class=\"wp-image-957\" style=\"width:47px;height:auto\" \/><\/a><\/figure>\n<\/div>\n<\/div>\n<\/div>\n<\/div>\n<\/div>\n<\/div>\n<\/div><\/div>\n\n\n\n<hr class=\"wp-block-separator has-alpha-channel-opacity\" \/>\n\n\n\n<p><\/p>\n","protected":false},"excerpt":{"rendered":"<p>\u00c1rea de Concentra\u00e7\u00e3o: Linguagem e Significa\u00e7\u00e3o Antonio Lemes Guerra Junior Doutorado em Estudos da Linguagem (UEL, 2015) Contato: guerrajr@uel.br ORCID: 0000-0002-8771-908X Linha de pesquisa: &nbsp;Estudos do texto\/discurso Interesses: Estudos semi\u00f3ticos do texto; Materialidades textuais digitais; Proje\u00e7\u00f5es enunciativas e efeitos de sentido. Dircel Aparecida Kailer Doutorado em Letras e Lingu\u00edstica (UNESP, 2008) P\u00f3s-doutorado: Socioling\u00fc\u00edstica e Dialetologia [&hellip;]<\/p>\n","protected":false},"author":1,"featured_media":0,"parent":0,"menu_order":0,"comment_status":"closed","ping_status":"closed","template":"","meta":{"footnotes":""},"class_list":["post-14","page","type-page","status-publish","hentry"],"_links":{"self":[{"href":"https:\/\/pos.uel.br\/ppgel\/wp-json\/wp\/v2\/pages\/14","targetHints":{"allow":["GET"]}}],"collection":[{"href":"https:\/\/pos.uel.br\/ppgel\/wp-json\/wp\/v2\/pages"}],"about":[{"href":"https:\/\/pos.uel.br\/ppgel\/wp-json\/wp\/v2\/types\/page"}],"author":[{"embeddable":true,"href":"https:\/\/pos.uel.br\/ppgel\/wp-json\/wp\/v2\/users\/1"}],"replies":[{"embeddable":true,"href":"https:\/\/pos.uel.br\/ppgel\/wp-json\/wp\/v2\/comments?post=14"}],"version-history":[{"count":49,"href":"https:\/\/pos.uel.br\/ppgel\/wp-json\/wp\/v2\/pages\/14\/revisions"}],"predecessor-version":[{"id":2104,"href":"https:\/\/pos.uel.br\/ppgel\/wp-json\/wp\/v2\/pages\/14\/revisions\/2104"}],"wp:attachment":[{"href":"https:\/\/pos.uel.br\/ppgel\/wp-json\/wp\/v2\/media?parent=14"}],"curies":[{"name":"wp","href":"https:\/\/api.w.org\/{rel}","templated":true}]}}