{"id":2236,"date":"2025-07-04T15:41:28","date_gmt":"2025-07-04T18:41:28","guid":{"rendered":"https:\/\/pos.uel.br\/ppgeciv\/?page_id=2236"},"modified":"2025-09-02T11:32:17","modified_gmt":"2025-09-02T14:32:17","slug":"editais-2","status":"publish","type":"page","link":"https:\/\/pos.uel.br\/ppgeciv\/editais-2\/","title":{"rendered":"Eventos, Not\u00edcias e Editais"},"content":{"rendered":"\n<p><\/p>\n\n\n\n<h2 class=\"wp-block-heading\">Eventos e Not\u00edcias<\/h2>\n\n\n<div class=\"ne-lista\"><article class=\"ne-item\"><a class=\"ne-thumb-link\" href=\"https:\/\/pos.uel.br\/ppgeciv\/noticias-e-eventos\/?id=4132&#038;voltar=https:\/\/pos.uel.br\/ppgeciv\/\"><div class=\"ne-thumb ne-thumb-ph\"><\/div><\/a><div class=\"ne-info\"><h3 class=\"ne-titulo\"><a href=\"https:\/\/pos.uel.br\/ppgeciv\/noticias-e-eventos\/?id=4132&#038;voltar=https:\/\/pos.uel.br\/ppgeciv\/\">Convite \u2013 Recep\u00e7\u00e3o aos Ingressantes da P\u00f3s-Gradua\u00e7\u00e3o UEL<\/a><\/h3><div class=\"ne-meta small\">24\/03\/2026 \u2022 08:45 \u2022 Anfiteatro Cyro Grossi. \u2022 Comunicado<\/div><\/div><\/article><article class=\"ne-item\"><a class=\"ne-thumb-link\" href=\"https:\/\/pos.uel.br\/ppgeciv\/noticias-e-eventos\/?id=4129&#038;voltar=https:\/\/pos.uel.br\/ppgeciv\/\"><div class=\"ne-thumb ne-thumb-ph\"><\/div><\/a><div class=\"ne-info\"><h3 class=\"ne-titulo\"><a href=\"https:\/\/pos.uel.br\/ppgeciv\/noticias-e-eventos\/?id=4129&#038;voltar=https:\/\/pos.uel.br\/ppgeciv\/\">Egresso do PPGECiv ser\u00e1 homenageado na Brazil Conference 2026 por pesquisa sobre cirurgias card\u00edacas infantis<\/a><\/h3><div class=\"ne-meta small\">Publicado em: 25\/02\/2026 \u2022 Palestra<\/div><\/div><\/article><article class=\"ne-item\"><a class=\"ne-thumb-link\" href=\"https:\/\/pos.uel.br\/ppgeciv\/noticias-e-eventos\/?id=3897&#038;voltar=https:\/\/pos.uel.br\/ppgeciv\/\"><img decoding=\"async\" class=\"ne-thumb\" src=\"https:\/\/pos.uel.br\/ppgeciv\/wp-content\/uploads\/2025\/09\/paulo2-768x432.webp\" alt=\"\"><\/a><div class=\"ne-info\"><h3 class=\"ne-titulo\"><a href=\"https:\/\/pos.uel.br\/ppgeciv\/noticias-e-eventos\/?id=3897&#038;voltar=https:\/\/pos.uel.br\/ppgeciv\/\">Egresso do doutorado do PPGECiv  tem estudo reconhecido pelo Legislativo Municipal de Londrina<\/a><\/h3><div class=\"ne-meta small\">Publicado em: 29\/09\/2025 \u2022 Comunicado<\/div><\/div><\/article><article class=\"ne-item\"><a class=\"ne-thumb-link\" href=\"https:\/\/pos.uel.br\/ppgeciv\/noticias-e-eventos\/?id=3883&#038;voltar=https:\/\/pos.uel.br\/ppgeciv\/\"><img decoding=\"async\" class=\"ne-thumb\" src=\"https:\/\/pos.uel.br\/ppgeciv\/wp-content\/uploads\/2025\/09\/congresso_ambiental-768x300.jpg\" alt=\"\"><\/a><div class=\"ne-info\"><h3 class=\"ne-titulo\"><a href=\"https:\/\/pos.uel.br\/ppgeciv\/noticias-e-eventos\/?id=3883&#038;voltar=https:\/\/pos.uel.br\/ppgeciv\/\">5\u00ba Congresso Internacional de Engenharia Ambiental, Luso-brasileiro<\/a><\/h3><div class=\"ne-meta small\">Curitiba \u2022 Congresso<\/div><\/div><\/article><article class=\"ne-item\"><a class=\"ne-thumb-link\" href=\"https:\/\/pos.uel.br\/ppgeciv\/noticias-e-eventos\/?id=3878&#038;voltar=https:\/\/pos.uel.br\/ppgeciv\/\"><img decoding=\"async\" class=\"ne-thumb\" src=\"https:\/\/pos.uel.br\/ppgeciv\/wp-content\/uploads\/2025\/09\/Paulo_imgem-768x461.webp\" alt=\"\"><\/a><div class=\"ne-info\"><h3 class=\"ne-titulo\"><a href=\"https:\/\/pos.uel.br\/ppgeciv\/noticias-e-eventos\/?id=3878&#038;voltar=https:\/\/pos.uel.br\/ppgeciv\/\">Egresso do Doutorado do PPGECiv \u00e9 eleito para Sociedade Cient\u00edfica Mundial<\/a><\/h3><div class=\"ne-meta small\">Publicado em: 15\/09\/2025 \u2022 Comunicado<\/div><\/div><\/article><article class=\"ne-item\"><a class=\"ne-thumb-link\" href=\"https:\/\/pos.uel.br\/ppgeciv\/noticias-e-eventos\/?id=3863&#038;voltar=https:\/\/pos.uel.br\/ppgeciv\/\"><img decoding=\"async\" class=\"ne-thumb\" src=\"https:\/\/pos.uel.br\/ppgeciv\/wp-content\/uploads\/2025\/09\/selecao2026-768x383.png\" alt=\"\"><\/a><div class=\"ne-info\"><h3 class=\"ne-titulo\"><a href=\"https:\/\/pos.uel.br\/ppgeciv\/noticias-e-eventos\/?id=3863&#038;voltar=https:\/\/pos.uel.br\/ppgeciv\/\">Processo Seletivo 2026<\/a><\/h3><div class=\"ne-meta small\">Publicado em: 03\/09\/2025 \u2022 Comunicado<\/div><\/div><\/article><article class=\"ne-item\"><a class=\"ne-thumb-link\" href=\"https:\/\/pos.uel.br\/ppgeciv\/noticias-e-eventos\/?id=3839&#038;voltar=https:\/\/pos.uel.br\/ppgeciv\/\"><img decoding=\"async\" class=\"ne-thumb\" src=\"https:\/\/pos.uel.br\/ppgeciv\/wp-content\/uploads\/2025\/09\/1726264743996-768x768.jpeg\" alt=\"\"><\/a><div class=\"ne-info\"><h3 class=\"ne-titulo\"><a href=\"https:\/\/pos.uel.br\/ppgeciv\/noticias-e-eventos\/?id=3839&#038;voltar=https:\/\/pos.uel.br\/ppgeciv\/\">Compartilhando experi\u00eancias em pesquisas na Engenharia Civil<\/a><\/h3><div class=\"ne-meta small\">08\/09\/2025 \u2022 09:00 \u2022 Sala Teleconfer\u00eancia - CTU \u2022 Palestra<\/div><\/div><\/article><\/div>    <style>\n      .ne-lista{display:grid;gap:16px}\n      .ne-item{display:grid;grid-template-columns:120px 1fr;gap:12px;align-items:start;border:1px solid #eee;border-radius:12px;padding:10px;background:#fff}\n      .ne-thumb{width:120px;height:80px;object-fit:cover;border-radius:8px;background:#f0f0f0}\n      .ne-thumb-ph{display:block}\n      .ne-titulo{margin:0 0 6px}\n      .ne-meta.small{font-size:.92rem;opacity:.85}\n      .ne-info a{color:#0e6946;text-decoration:none}\n      .ne-info a:hover{text-decoration:underline}\n      @media (max-width:640px){\n        .ne-item{grid-template-columns:1fr}\n        .ne-thumb{width:100%;height:180px}\n      }\n    <\/style>\n    \n\n\n\n<h2 class=\"wp-block-heading\">Editais<\/h2>\n\n\n<div style=\"display:flex;flex-wrap:wrap;gap:20px;\"><div style=\"width:300px;background:#f9f9f9;border-radius:8px;padding:15px;box-shadow:0 2px 6px rgba(0,0,0,0.1);\"><a href=\"https:\/\/pos.uel.br\/ppgeciv\/visualizar-edital\/?id=4144\" style=\"text-decoration:none;color:#006633;\"><img decoding=\"async\" src=\"\" style=\"width:100%;border-radius:6px;margin-bottom:10px;\" alt=\"Resultado da classifica\u00e7\u00e3o de candidatos \u00e0 Bolsa de Demanda Social (BDS) &#8211; Mestrado e Doutorado\"\/><h3 style=\"margin:0 0 8px;font-size:16px;\">Resultado da classifica\u00e7\u00e3o de candidatos \u00e0 Bolsa de Demanda Social (BDS) &#8211; Mestrado e Doutorado<\/h3><div style=\"font-size:12px;color:#666;margin-bottom:8px;\">Bolsas<\/div><p style=\"font-size:13px;color:#444;margin:0 0 8px;\">Comunica o resultado final da sele\u00e7\u00e3o de candidatos \u00e0 Bolsa de Demanda Social (BDS) \u2013 Mestrado e Doutorado, conforme Edital&hellip;<\/p><span style=\"font-weight:bold;\">Leia mais<\/span><\/a><\/div><div style=\"width:300px;background:#f9f9f9;border-radius:8px;padding:15px;box-shadow:0 2px 6px rgba(0,0,0,0.1);\"><a href=\"https:\/\/pos.uel.br\/ppgeciv\/visualizar-edital\/?id=4135\" style=\"text-decoration:none;color:#006633;\"><h3 style=\"margin:0 0 8px;font-size:16px;\">EDITAL PPGECiv N\u00ba 02\/2026 &#8211; Classifica\u00e7\u00e3o para bolsas de Mestrado e Doutorado<\/h3><div style=\"font-size:12px;color:#666;margin-bottom:8px;\">Bolsas<\/div><p style=\"font-size:13px;color:#444;margin:0 0 8px;\">O Programa de P\u00f3s-Gradua\u00e7\u00e3o em Engenharia Civil \u2013 comunica a abertura de inscri\u00e7\u00f5es para CLASSIFICA\u00c7\u00c3O de alunos para concorrerem a&hellip;<\/p><span style=\"font-weight:bold;\">Leia mais<\/span><\/a><\/div><div style=\"width:300px;background:#f9f9f9;border-radius:8px;padding:15px;box-shadow:0 2px 6px rgba(0,0,0,0.1);\"><a href=\"https:\/\/pos.uel.br\/ppgeciv\/visualizar-edital\/?id=4123\" style=\"text-decoration:none;color:#006633;\"><img decoding=\"async\" src=\"\" style=\"width:100%;border-radius:6px;margin-bottom:10px;\" alt=\"Processo Seletivo para Alunos 2026\/1 Especiais\"\/><h3 style=\"margin:0 0 8px;font-size:16px;\">Processo Seletivo para Alunos 2026\/1 Especiais<\/h3><div style=\"font-size:12px;color:#666;margin-bottom:8px;\">Sele\u00e7\u00e3o de Aluno Especial<\/div><p style=\"font-size:13px;color:#444;margin:0 0 8px;\">O Edital 01\/2026 - Processo Seletivo para Alunos 2026\/1 Especiais - estabelece normas e procedimentos de sele\u00e7\u00e3o para cursar disciplina,&hellip;<\/p><span style=\"font-weight:bold;\">Leia mais<\/span><\/a><\/div><div style=\"width:300px;background:#f9f9f9;border-radius:8px;padding:15px;box-shadow:0 2px 6px rgba(0,0,0,0.1);\"><a href=\"https:\/\/pos.uel.br\/ppgeciv\/visualizar-edital\/?id=4103\" style=\"text-decoration:none;color:#006633;\"><h3 style=\"margin:0 0 8px;font-size:16px;\">RESULTADO PDSE<\/h3><div style=\"font-size:12px;color:#666;margin-bottom:8px;\">Sele\u00e7\u00e3o de Aluno Regular<\/div><p style=\"font-size:13px;color:#444;margin:0 0 8px;\">ATA DE SELE\u00c7\u00c3O DE CANDIDATURAS AO PROGRAMA DE DOUTORADO SANDU\u00cdCHE NO EXTERIOR \u2013 PDSE - Edital CAPES 17\/2025- Edital PROPPG&hellip;<\/p><span style=\"font-weight:bold;\">Leia mais<\/span><\/a><\/div><div style=\"width:300px;background:#f9f9f9;border-radius:8px;padding:15px;box-shadow:0 2px 6px rgba(0,0,0,0.1);\"><a href=\"https:\/\/pos.uel.br\/ppgeciv\/visualizar-edital\/?id=4100\" style=\"text-decoration:none;color:#006633;\"><img decoding=\"async\" src=\"\" style=\"width:100%;border-radius:6px;margin-bottom:10px;\" alt=\"Resultado do Processo Seletivo 2026\"\/><h3 style=\"margin:0 0 8px;font-size:16px;\">Resultado do Processo Seletivo 2026<\/h3><div style=\"font-size:12px;color:#666;margin-bottom:8px;\">Sele\u00e7\u00e3o de Aluno Regular<\/div><p style=\"font-size:13px;color:#444;margin:0 0 8px;\">A Comiss\u00e3o Coordenadora do Programa de P\u00f3s-Gradua\u00e7\u00e3o em Engenharia Civil, da Universidade Estadual de Londrina-UEL, no uso de suas atribui\u00e7\u00f5es&hellip;<\/p><span style=\"font-weight:bold;\">Leia mais<\/span><\/a><\/div><div style=\"width:300px;background:#f9f9f9;border-radius:8px;padding:15px;box-shadow:0 2px 6px rgba(0,0,0,0.1);\"><a href=\"https:\/\/pos.uel.br\/ppgeciv\/visualizar-edital\/?id=4097\" style=\"text-decoration:none;color:#006633;\"><h3 style=\"margin:0 0 8px;font-size:16px;\">RETIFICA\u00c7\u00c3O DO EDITAL N\u00ba 10\/2025 \u2013 HOMOLOGA\u00c7\u00c3O DAS INSCRI\u00c7\u00d5ES E HOR\u00c1RIO DAS ARGUI\u00c7\u00d5ES (MESTRADO)<\/h3><div style=\"font-size:12px;color:#666;margin-bottom:8px;\">Sele\u00e7\u00e3o de Aluno Regular<\/div><p style=\"font-size:13px;color:#444;margin:0 0 8px;\">O Programa de P\u00f3s-Gradua\u00e7\u00e3o em Engenharia Civil da Universidade Estadual de Londrina (PPGECiv\/UEL) torna p\u00fablica a retifica\u00e7\u00e3o do Edital n\u00ba&hellip;<\/p><span style=\"font-weight:bold;\">Leia mais<\/span><\/a><\/div><div style=\"width:300px;background:#f9f9f9;border-radius:8px;padding:15px;box-shadow:0 2px 6px rgba(0,0,0,0.1);\"><a href=\"https:\/\/pos.uel.br\/ppgeciv\/visualizar-edital\/?id=4095\" style=\"text-decoration:none;color:#006633;\"><h3 style=\"margin:0 0 8px;font-size:16px;\">RETIFICA\u00c7\u00c3O DO EDITAL N\u00ba 11\/2025 \u2013 HOMOLOGA\u00c7\u00c3O DAS INSCRI\u00c7\u00d5ES E HOR\u00c1RIO DAS ARGUI\u00c7\u00d5ES (DOUTORADO)<\/h3><div style=\"font-size:12px;color:#666;margin-bottom:8px;\">Sele\u00e7\u00e3o de Aluno Regular<\/div><p style=\"font-size:13px;color:#444;margin:0 0 8px;\">O Programa de P\u00f3s-Gradua\u00e7\u00e3o em Engenharia Civil da Universidade Estadual de Londrina (PPGECiv\/UEL) torna p\u00fablica a retifica\u00e7\u00e3o do Edital n\u00ba&hellip;<\/p><span style=\"font-weight:bold;\">Leia mais<\/span><\/a><\/div><div style=\"width:300px;background:#f9f9f9;border-radius:8px;padding:15px;box-shadow:0 2px 6px rgba(0,0,0,0.1);\"><a href=\"https:\/\/pos.uel.br\/ppgeciv\/visualizar-edital\/?id=4067\" style=\"text-decoration:none;color:#006633;\"><img decoding=\"async\" src=\"\" style=\"width:100%;border-radius:6px;margin-bottom:10px;\" alt=\"Homologa\u00e7\u00e3o das Inscri\u00e7\u00f5es dos(as) Candidatos(as) ao Mestrado e\u00a0\u00a0Hor\u00e1rio das Argui\u00e7\u00f5es &#8211; Sele\u00e7\u00e3o 2026\"\/><h3 style=\"margin:0 0 8px;font-size:16px;\">Homologa\u00e7\u00e3o das Inscri\u00e7\u00f5es dos(as) Candidatos(as) ao Mestrado e\u00a0\u00a0Hor\u00e1rio das Argui\u00e7\u00f5es &#8211; Sele\u00e7\u00e3o 2026<\/h3><div style=\"font-size:12px;color:#666;margin-bottom:8px;\">Sele\u00e7\u00e3o de Aluno Regular<\/div><p style=\"font-size:13px;color:#444;margin:0 0 8px;\">Edital n. 10\/2025 PPGECiv<\/p><span style=\"font-weight:bold;\">Leia mais<\/span><\/a><\/div><div style=\"width:300px;background:#f9f9f9;border-radius:8px;padding:15px;box-shadow:0 2px 6px rgba(0,0,0,0.1);\"><a href=\"https:\/\/pos.uel.br\/ppgeciv\/visualizar-edital\/?id=4065\" style=\"text-decoration:none;color:#006633;\"><img decoding=\"async\" src=\"\" style=\"width:100%;border-radius:6px;margin-bottom:10px;\" alt=\"Homologa\u00e7\u00e3o das Inscri\u00e7\u00f5es dos(as) Candidatos(as) ao Doutorado e Hor\u00e1rio das Argui\u00e7\u00f5es &#8211; Sele\u00e7\u00e3o 2026\"\/><h3 style=\"margin:0 0 8px;font-size:16px;\">Homologa\u00e7\u00e3o das Inscri\u00e7\u00f5es dos(as) Candidatos(as) ao Doutorado e Hor\u00e1rio das Argui\u00e7\u00f5es &#8211; Sele\u00e7\u00e3o 2026<\/h3><div style=\"font-size:12px;color:#666;margin-bottom:8px;\">Sele\u00e7\u00e3o de Aluno Regular<\/div><p style=\"font-size:13px;color:#444;margin:0 0 8px;\">Edital n. 11\/2025 - PPGECiv<\/p><span style=\"font-weight:bold;\">Leia mais<\/span><\/a><\/div><div style=\"width:300px;background:#f9f9f9;border-radius:8px;padding:15px;box-shadow:0 2px 6px rgba(0,0,0,0.1);\"><a href=\"https:\/\/pos.uel.br\/ppgeciv\/visualizar-edital\/?id=3906\" style=\"text-decoration:none;color:#006633;\"><img decoding=\"async\" src=\"https:\/\/pos.uel.br\/ppgeciv\/wp-content\/uploads\/2025\/10\/capes-PDSE-300x100.png\" style=\"width:100%;border-radius:6px;margin-bottom:10px;\" alt=\"Edital PPGECiv 09\/2025 &#8211; Bolsa Doutorado Sandu\u00edche PDSE\/CAPES\"\/><h3 style=\"margin:0 0 8px;font-size:16px;\">Edital PPGECiv 09\/2025 &#8211; Bolsa Doutorado Sandu\u00edche PDSE\/CAPES<\/h3><div style=\"font-size:12px;color:#666;margin-bottom:8px;\">Bolsas<\/div><p style=\"font-size:13px;color:#444;margin:0 0 8px;\">Edital de sele\u00e7\u00e3o interna para candidatos \u00e0 bolsas de Doutorado Sandu\u00edche PDSE\/CAPES 2025\/2026<\/p><span style=\"font-weight:bold;\">Leia mais<\/span><\/a><\/div><div style=\"width:300px;background:#f9f9f9;border-radius:8px;padding:15px;box-shadow:0 2px 6px rgba(0,0,0,0.1);\"><a href=\"https:\/\/pos.uel.br\/ppgeciv\/visualizar-edital\/?id=3847\" style=\"text-decoration:none;color:#006633;\"><h3 style=\"margin:0 0 8px;font-size:16px;\">Processo Seletivo 2026 &#8211; Edital 08\/2025 &#8211; PPGECiv<\/h3><div style=\"font-size:12px;color:#666;margin-bottom:8px;\">Sele\u00e7\u00e3o de Aluno Regular<\/div><p style=\"font-size:13px;color:#444;margin:0 0 8px;\">Este edital estabelece normas e procedimentos de inscri\u00e7\u00e3o e sele\u00e7\u00e3o para o ingresso no Programa de P\u00f3s-Gradua\u00e7\u00e3o Stricto sensu em&hellip;<\/p><span style=\"font-weight:bold;\">Leia mais<\/span><\/a><\/div><div style=\"width:300px;background:#f9f9f9;border-radius:8px;padding:15px;box-shadow:0 2px 6px rgba(0,0,0,0.1);\"><a href=\"https:\/\/pos.uel.br\/ppgeciv\/visualizar-edital\/?id=3801\" style=\"text-decoration:none;color:#006633;\"><h3 style=\"margin:0 0 8px;font-size:16px;\">Resultado e Convoca\u00e7\u00e3o &#8211; Alunos Especiais 2025\/2<\/h3><div style=\"font-size:12px;color:#666;margin-bottom:8px;\">Sele\u00e7\u00e3o de Aluno Especial<\/div><p style=\"font-size:13px;color:#444;margin:0 0 8px;\">A Comiss\u00e3o Coordenadora do Curso de P\u00f3s-Gradua\u00e7\u00e3o Mestrado E Doutorado Em Engenharia Civil, da Universidade Estadual de Londrina-UEL, no uso&hellip;<\/p><span style=\"font-weight:bold;\">Leia mais<\/span><\/a><\/div><div style=\"width:300px;background:#f9f9f9;border-radius:8px;padding:15px;box-shadow:0 2px 6px rgba(0,0,0,0.1);\"><a href=\"https:\/\/pos.uel.br\/ppgeciv\/visualizar-edital\/?id=2234\" style=\"text-decoration:none;color:#006633;\"><h3 style=\"margin:0 0 8px;font-size:16px;\">Processo Seletivo para Aluno Especial 2025\/2<\/h3><div style=\"font-size:12px;color:#666;margin-bottom:8px;\">Sele\u00e7\u00e3o de Aluno Especial<\/div><p style=\"font-size:13px;color:#444;margin:0 0 8px;\">Estabelece normas e procedimentos de sele\u00e7\u00e3o para cursar disciplina, como Estudante Especial, no Programa de P\u00f3s-Gradua\u00e7\u00e3o em Engenharia Civil<\/p><span style=\"font-weight:bold;\">Leia mais<\/span><\/a><\/div><div style=\"width:300px;background:#f9f9f9;border-radius:8px;padding:15px;box-shadow:0 2px 6px rgba(0,0,0,0.1);\"><a href=\"https:\/\/pos.uel.br\/ppgeciv\/visualizar-edital\/?id=2301\" style=\"text-decoration:none;color:#006633;\"><img decoding=\"async\" src=\"\" style=\"width:100%;border-radius:6px;margin-bottom:10px;\" alt=\"EDITAL PPGECiv N.5\/2025 \u2013 BOLSA DE DOUTORADO\"\/><h3 style=\"margin:0 0 8px;font-size:16px;\">EDITAL PPGECiv N.5\/2025 \u2013 BOLSA DE DOUTORADO<\/h3><div style=\"font-size:12px;color:#666;margin-bottom:8px;\">Bolsas<\/div><p style=\"font-size:13px;color:#444;margin:0 0 8px;\">ABERTURA DE INSCRI\u00c7\u00c3O PARA CLASSIFICA\u00c7\u00c3O DE ALUNOS PARA BOLSAS DE DOUTORADO<\/p><span style=\"font-weight:bold;\">Leia mais<\/span><\/a><\/div><div style=\"width:300px;background:#f9f9f9;border-radius:8px;padding:15px;box-shadow:0 2px 6px rgba(0,0,0,0.1);\"><a href=\"https:\/\/pos.uel.br\/ppgeciv\/visualizar-edital\/?id=2303\" style=\"text-decoration:none;color:#006633;\"><h3 style=\"margin:0 0 8px;font-size:16px;\">Resultado do Edital PPGECiv n.04\/2025<\/h3><div style=\"font-size:12px;color:#666;margin-bottom:8px;\">Bolsas<\/div><p style=\"font-size:13px;color:#444;margin:0 0 8px;\">Resultado para a CLASSIFICA\u00c7\u00c3O de alunos para concorrerem a bolsas de Demanda Social (BDS-CAPES) e Da Funda\u00e7\u00e3o Arauc\u00e1ria \u2013 Mestrado&hellip;<\/p><span style=\"font-weight:bold;\">Leia mais<\/span><\/a><\/div><div style=\"width:300px;background:#f9f9f9;border-radius:8px;padding:15px;box-shadow:0 2px 6px rgba(0,0,0,0.1);\"><a href=\"https:\/\/pos.uel.br\/ppgeciv\/visualizar-edital\/?id=2300\" style=\"text-decoration:none;color:#006633;\"><img decoding=\"async\" src=\"\" style=\"width:100%;border-radius:6px;margin-bottom:10px;\" alt=\"Resultado do Edital n.05\/PPGECIV\"\/><h3 style=\"margin:0 0 8px;font-size:16px;\">Resultado do Edital n.05\/PPGECIV<\/h3><div style=\"font-size:12px;color:#666;margin-bottom:8px;\">Bolsas<\/div><p style=\"font-size:13px;color:#444;margin:0 0 8px;\">Resultado paraa CLASSIFICA\u00c7\u00c3O de alunos para concorrerem a bolsas de Demanda Social (BDS-CAPES)<\/p><span style=\"font-weight:bold;\">Leia mais<\/span><\/a><\/div><div style=\"width:300px;background:#f9f9f9;border-radius:8px;padding:15px;box-shadow:0 2px 6px rgba(0,0,0,0.1);\"><a href=\"https:\/\/pos.uel.br\/ppgeciv\/visualizar-edital\/?id=2304\" style=\"text-decoration:none;color:#006633;\"><h3 style=\"margin:0 0 8px;font-size:16px;\">EDITAL PPGECiv N.4\/2025 ABERTURA DE INSCRI\u00c7\u00c3O PARA CLASSIFICA\u00c7\u00c3O DE ALUNOS PARA BOLSAS DE DOUTORADO<\/h3><div style=\"font-size:12px;color:#666;margin-bottom:8px;\">Bolsas<\/div><p style=\"font-size:13px;color:#444;margin:0 0 8px;\">Edital de abertura de inscri\u00e7\u00f5es para CLASSIFICA\u00c7\u00c3O de alunos para concorrerem a bolsas de Demanda Social (BDS-CAPES) e Da Funda\u00e7\u00e3o&hellip;<\/p><span style=\"font-weight:bold;\">Leia mais<\/span><\/a><\/div><\/div>\n\n\n\n<p><\/p>\n","protected":false},"excerpt":{"rendered":"<p>Eventos e Not\u00edcias Editais<\/p>\n","protected":false},"author":7,"featured_media":0,"parent":0,"menu_order":0,"comment_status":"closed","ping_status":"closed","template":"","meta":{"_acf_changed":false,"footnotes":""},"class_list":["post-2236","page","type-page","status-publish","hentry"],"acf":[],"_links":{"self":[{"href":"https:\/\/pos.uel.br\/ppgeciv\/wp-json\/wp\/v2\/pages\/2236","targetHints":{"allow":["GET"]}}],"collection":[{"href":"https:\/\/pos.uel.br\/ppgeciv\/wp-json\/wp\/v2\/pages"}],"about":[{"href":"https:\/\/pos.uel.br\/ppgeciv\/wp-json\/wp\/v2\/types\/page"}],"author":[{"embeddable":true,"href":"https:\/\/pos.uel.br\/ppgeciv\/wp-json\/wp\/v2\/users\/7"}],"replies":[{"embeddable":true,"href":"https:\/\/pos.uel.br\/ppgeciv\/wp-json\/wp\/v2\/comments?post=2236"}],"version-history":[{"count":5,"href":"https:\/\/pos.uel.br\/ppgeciv\/wp-json\/wp\/v2\/pages\/2236\/revisions"}],"predecessor-version":[{"id":3846,"href":"https:\/\/pos.uel.br\/ppgeciv\/wp-json\/wp\/v2\/pages\/2236\/revisions\/3846"}],"wp:attachment":[{"href":"https:\/\/pos.uel.br\/ppgeciv\/wp-json\/wp\/v2\/media?parent=2236"}],"curies":[{"name":"wp","href":"https:\/\/api.w.org\/{rel}","templated":true}]}}