{"id":937,"date":"2023-02-18T16:01:35","date_gmt":"2023-02-18T19:01:35","guid":{"rendered":"https:\/\/pos.uel.br\/ppgci\/?page_id=937"},"modified":"2023-02-18T17:53:34","modified_gmt":"2023-02-18T20:53:34","slug":"disciplinas-optativas-2015","status":"publish","type":"page","link":"https:\/\/pos.uel.br\/ppgci\/disciplinas-optativas-2015\/","title":{"rendered":"Disciplinas optativas 2015"},"content":{"rendered":"\n<div class=\"wp-block-uel-card\">\n<h2 class=\"has-text-align-center has-primary-accent-color has-text-color wp-block-heading\">Disciplinas Optativas, 1\u00ba Semestre de 2015<\/h2>\n\n\n\n<div class=\"wp-block-columns has-site-background-background-color has-background is-layout-flex wp-container-core-columns-is-layout-9d6595d7 wp-block-columns-is-layout-flex\">\n<div class=\"wp-block-column is-vertically-aligned-center is-layout-flow wp-block-column-is-layout-flow\" style=\"flex-basis:33.33%\">\n<p class=\"has-text-align-center\">2CIN186\u00a0Comportamento E Compet\u00eancia Informacionais<\/p>\n<\/div>\n\n\n\n<div class=\"wp-block-column is-layout-flow wp-block-column-is-layout-flow\" style=\"flex-basis:66.66%\">\n<p><strong>Ementa<\/strong>: Comportamento humano para identifica\u00e7\u00e3o de necessidades informacionais, acesso e uso da informa\u00e7\u00e3o. A compet\u00eancia informacional nos processos de aprendizado, investiga\u00e7\u00e3o, cria\u00e7\u00e3o, solu\u00e7\u00e3o de problemas e tomada de decis\u00e3o.<\/p>\n\n\n\n<p><strong>Docente:<\/strong>&nbsp;Linete Bartalo<br><strong>Cr\u00e9ditos\/Horas:<\/strong>&nbsp;4cr. \/ 60h<\/p>\n<\/div>\n<\/div>\n\n\n\n<div class=\"wp-block-columns has-site-background-background-color has-background is-layout-flex wp-container-core-columns-is-layout-9d6595d7 wp-block-columns-is-layout-flex\">\n<div class=\"wp-block-column is-vertically-aligned-center is-layout-flow wp-block-column-is-layout-flow\" style=\"flex-basis:33.33%\">\n<p class=\"has-text-align-center\">2CIN253\u00a0Bases Conceituais Da Organiza\u00e7\u00e3o E Representa\u00e7\u00e3o Do Conhecimento: Abordagem Terminol\u00f3gica<\/p>\n<\/div>\n\n\n\n<div class=\"wp-block-column is-layout-flow wp-block-column-is-layout-flow\" style=\"flex-basis:66.66%\">\n<p><strong>Ementa<\/strong>: Organiza\u00e7\u00e3o e Representa\u00e7\u00e3o do Conhecimento: estrutura e funcionalidade no \u00e2mbito da Ci\u00eancia da Informa\u00e7\u00e3o.<\/p>\n\n\n\n<p><strong>Docente:<\/strong>&nbsp;Br\u00edgida Maria Nogueira Cervantes<br><strong>Cr\u00e9ditos\/Horas:<\/strong>&nbsp;4cr. \/ 60h<\/p>\n<\/div>\n<\/div>\n\n\n\n<div class=\"wp-block-columns has-site-background-background-color has-background is-layout-flex wp-container-core-columns-is-layout-9d6595d7 wp-block-columns-is-layout-flex\">\n<div class=\"wp-block-column is-vertically-aligned-center is-layout-flow wp-block-column-is-layout-flow\" style=\"flex-basis:33.33%\">\n<p class=\"has-text-align-center\">2CIN254\u00a0Redes De Conhecimento<\/p>\n<\/div>\n\n\n\n<div class=\"wp-block-column is-layout-flow wp-block-column-is-layout-flow\" style=\"flex-basis:66.66%\">\n<p><strong>Ementa<\/strong>: Compartilhamento de informa\u00e7\u00e3o e do conhecimento em redes sociais. A teoria de redes e o m\u00e9todo An\u00e1lise de Redes Sociais (ARS).<\/p>\n\n\n\n<p><strong>Docente:<\/strong>&nbsp;Maria In\u00eas Toma\u00e9l<br><strong>Cr\u00e9ditos\/Horas:<\/strong>&nbsp;2cr. \/ 30h<\/p>\n<\/div>\n<\/div>\n\n\n\n<div class=\"wp-block-columns has-site-background-background-color has-background is-layout-flex wp-container-core-columns-is-layout-9d6595d7 wp-block-columns-is-layout-flex\">\n<div class=\"wp-block-column is-vertically-aligned-center is-layout-flow wp-block-column-is-layout-flow\" style=\"flex-basis:33.33%\">\n<p class=\"has-text-align-center\">2CIN257\u00a0Minera\u00e7\u00e3o De Sentido<\/p>\n<\/div>\n\n\n\n<div class=\"wp-block-column is-layout-flow wp-block-column-is-layout-flow\" style=\"flex-basis:66.66%\">\n<p><strong>Ementa<\/strong>: Extra\u00e7\u00e3o de informa\u00e7\u00e3o de bases de dados n\u00e3o estruturadas usando ferramentas de mecanismos de busca e clusteriza\u00e7\u00e3o. Aplica\u00e7\u00e3o pr\u00e1tica do YACY, SOLR a problemas da Ci\u00eancia da Informa\u00e7\u00e3o.<\/p>\n\n\n\n<p><strong>Docente:<\/strong>&nbsp;Benjamin Luiz Franklin (convidado)<br><strong>Cr\u00e9ditos\/Horas:<\/strong>&nbsp;3cr. \/ 45h<\/p>\n<\/div>\n<\/div>\n<\/div>\n\n\n\n<div class=\"wp-block-uel-card\">\n<h2 class=\"has-text-align-center has-primary-accent-color has-text-color wp-block-heading\">Disciplinas Optativas, 2\u00ba Semestre de 2015<\/h2>\n\n\n\n<div class=\"wp-block-columns has-site-background-background-color has-background is-layout-flex wp-container-core-columns-is-layout-9d6595d7 wp-block-columns-is-layout-flex\">\n<div class=\"wp-block-column is-vertically-aligned-center is-layout-flow wp-block-column-is-layout-flow\" style=\"flex-basis:33.33%\">\n<p class=\"has-text-align-center\">2CIN153\u00a0Mem\u00f3ria Organizacional E Informa\u00e7\u00e3o<\/p>\n<\/div>\n\n\n\n<div class=\"wp-block-column is-layout-flow wp-block-column-is-layout-flow\" style=\"flex-basis:66.66%\">\n<p><strong>Ementa<\/strong>: Aspectos da utiliza\u00e7\u00e3o da mem\u00f3ria organizacional e individual para a estrat\u00e9gia da organiza\u00e7\u00e3o. A mem\u00f3ria individual como recurso de conhecimento nas organiza\u00e7\u00f5es.<\/p>\n\n\n\n<p><strong>Docente:<\/strong>&nbsp;Let\u00edcia Gorri Molina<br><strong>Cr\u00e9ditos\/Horas:<\/strong>&nbsp;3cr. \/ 45h<\/p>\n<\/div>\n<\/div>\n\n\n\n<div class=\"wp-block-columns has-site-background-background-color has-background is-layout-flex wp-container-core-columns-is-layout-9d6595d7 wp-block-columns-is-layout-flex\">\n<div class=\"wp-block-column is-vertically-aligned-center is-layout-flow wp-block-column-is-layout-flow\" style=\"flex-basis:33.33%\">\n<p class=\"has-text-align-center\">2CIN185\u00a0Representa\u00e7\u00e3o Da Informa\u00e7\u00e3o E Lingu\u00edstica Textual<\/p>\n<\/div>\n\n\n\n<div class=\"wp-block-column is-layout-flow wp-block-column-is-layout-flow\" style=\"flex-basis:66.66%\">\n<p><strong>Ementa<\/strong>: O uso da Linguagem natural no \u00e2mbito dos processos e produtos de representa\u00e7\u00e3o para a recupera\u00e7\u00e3o da informa\u00e7\u00e3o. Pressupostos da Lingu\u00edstica Textual para a representa\u00e7\u00e3o e recupera\u00e7\u00e3o da informa\u00e7\u00e3o.<\/p>\n\n\n\n<p><strong>Docente:<\/strong>&nbsp;Rosane Suely Alvares Lunardelli<br><strong>Cr\u00e9ditos\/Horas:<\/strong>&nbsp;3cr. \/ 45h<\/p>\n<\/div>\n<\/div>\n\n\n\n<div class=\"wp-block-columns has-site-background-background-color has-background is-layout-flex wp-container-core-columns-is-layout-9d6595d7 wp-block-columns-is-layout-flex\">\n<div class=\"wp-block-column is-vertically-aligned-center is-layout-flow wp-block-column-is-layout-flow\" style=\"flex-basis:33.33%\">\n<p class=\"has-text-align-center\">2CIN191\u00a0Media\u00e7\u00e3o Informacional E Comunicacional<\/p>\n<\/div>\n\n\n\n<div class=\"wp-block-column is-layout-flow wp-block-column-is-layout-flow\" style=\"flex-basis:66.66%\">\n<p><strong>Ementa<\/strong>: Media\u00e7\u00e3o e seus conceitos em diferentes \u00e1reas. Media\u00e7\u00e3o informacional e comunicacional nos espa\u00e7os de leitura, informa\u00e7\u00e3o e aprendizagem.<\/p>\n\n\n\n<p><strong>Docente:<\/strong>&nbsp;Sueli Bortolin<br><strong>Cr\u00e9ditos\/Horas:<\/strong>&nbsp;2cr. \/ 30h<\/p>\n<\/div>\n<\/div>\n\n\n\n<div class=\"wp-block-columns has-site-background-background-color has-background is-layout-flex wp-container-core-columns-is-layout-9d6595d7 wp-block-columns-is-layout-flex\">\n<div class=\"wp-block-column is-vertically-aligned-center is-layout-flow wp-block-column-is-layout-flow\" style=\"flex-basis:33.33%\">\n<p class=\"has-text-align-center\">2CIN203\u00a0T\u00f3picos Especiais Em Ci\u00eancia Da Informa\u00e7\u00e3o: Surveys No \u00c2mbito Da Ci\u00eancia Da Informa\u00e7\u00e3o<\/p>\n<\/div>\n\n\n\n<div class=\"wp-block-column is-layout-flow wp-block-column-is-layout-flow\" style=\"flex-basis:66.66%\">\n<p><strong>Ementa<\/strong>: O m\u00e9todo survey para obten\u00e7\u00e3o de dados de pesquisa. Planejamento e etapas para operacionaliza\u00e7\u00e3o e aplica\u00e7\u00e3o de instrumentos do tipo survey. Ferramentas online para cria\u00e7\u00e3o e gerenciamento de surveys.<\/p>\n\n\n\n<p><strong>Docente:<\/strong>&nbsp;Renata Gon\u00e7alves Curty<br><strong>Cr\u00e9ditos\/Horas:<\/strong>&nbsp;1cr. \/ 15h<\/p>\n<\/div>\n<\/div>\n\n\n\n<div class=\"wp-block-columns has-site-background-background-color has-background is-layout-flex wp-container-core-columns-is-layout-9d6595d7 wp-block-columns-is-layout-flex\">\n<div class=\"wp-block-column is-vertically-aligned-center is-layout-flow wp-block-column-is-layout-flow\" style=\"flex-basis:33.33%\">\n<p class=\"has-text-align-center\">2CIN256\u00a0Produtos E Servi\u00e7os De Informa\u00e7\u00e3o No Compartilhamento Da Informa\u00e7\u00e3o<\/p>\n<\/div>\n\n\n\n<div class=\"wp-block-column is-layout-flow wp-block-column-is-layout-flow\" style=\"flex-basis:66.66%\">\n<p><strong>Ementa<\/strong>: Produtos e servi\u00e7os de informa\u00e7\u00e3o no compartilhamento da informa\u00e7\u00e3o: aspectos te\u00f3ricos e pr\u00e1ticos. Acesso e uso no contexto da recupera\u00e7\u00e3o e do compartilhamento da informa\u00e7\u00e3o.<\/p>\n\n\n\n<p><strong>Docente:<\/strong>&nbsp;Thais Batista Zaninelli<br><strong>Cr\u00e9ditos\/Horas:<\/strong>&nbsp;3cr. \/ 45h<\/p>\n<\/div>\n<\/div>\n\n\n\n<div class=\"wp-block-columns has-site-background-background-color has-background is-layout-flex wp-container-core-columns-is-layout-9d6595d7 wp-block-columns-is-layout-flex\">\n<div class=\"wp-block-column is-vertically-aligned-center is-layout-flow wp-block-column-is-layout-flow\" style=\"flex-basis:33.33%\">\n<p class=\"has-text-align-center\">2CIN258\u00a0Classifica\u00e7\u00e3o De Documentos Fotogr\u00e1ficos<\/p>\n<\/div>\n\n\n\n<div class=\"wp-block-column is-layout-flow wp-block-column-is-layout-flow\" style=\"flex-basis:66.66%\">\n<p><strong>Ementa<\/strong>: Considerando a natureza nuclear da classifica\u00e7\u00e3o na organiza\u00e7\u00e3o de informa\u00e7\u00f5es e do conhecimento e a fotografia como um documento imag\u00e9tico que se encontra em diferentes ambi\u00eancias informacionais, a disciplina prop\u00f5e uma abordagem da no\u00e7\u00e3o de classifica\u00e7\u00e3o na Arquivologia, Biblioteconomia e Museologia a partir de textos cl\u00e1ssicos que visam demonstrar a import\u00e2ncia desta atividade para os tr\u00eas campos e, concomitantemente, refletir sobre a classifica\u00e7\u00e3o de documentos fotogr\u00e1ficos, destacando sua produ\u00e7\u00e3o, organiza\u00e7\u00e3o e recupera\u00e7\u00e3o de acordo com os crit\u00e9rios e fundamentos de cada campo abordado.<\/p>\n\n\n\n<p><strong>Docente:<\/strong>&nbsp;Ana Cristina De Albuquerque<br><strong>Cr\u00e9ditos\/Horas:<\/strong>&nbsp;4cr. \/ 60h<\/p>\n<\/div>\n<\/div>\n\n\n\n<div class=\"wp-block-columns has-site-background-background-color has-background is-layout-flex wp-container-core-columns-is-layout-9d6595d7 wp-block-columns-is-layout-flex\">\n<div class=\"wp-block-column is-vertically-aligned-center is-layout-flow wp-block-column-is-layout-flow\" style=\"flex-basis:33.33%\">\n<p class=\"has-text-align-center\">2CIN260\u00a0Os \u00cdndices Contempor\u00e2neos E A Organiza\u00e7\u00e3o Do Conhecimento No Ciberespa\u00e7o<\/p>\n<\/div>\n\n\n\n<div class=\"wp-block-column is-layout-flow wp-block-column-is-layout-flow\" style=\"flex-basis:66.66%\">\n<p><strong>Ementa<\/strong>: A ontologia do ciberespa\u00e7o e a cartografia da web. A organiza\u00e7\u00e3o do conhecimento e o sujeito informacional. Os \u00edndices contempor\u00e2neos no ciberespa\u00e7o.<\/p>\n\n\n\n<p><strong>Docente:<\/strong>&nbsp;Silvana Drumond Monteiro<br><strong>Cr\u00e9ditos\/Horas:<\/strong>&nbsp;4cr. \/ 60h<\/p>\n<\/div>\n<\/div>\n<\/div>\n","protected":false},"excerpt":{"rendered":"","protected":false},"author":9,"featured_media":0,"parent":0,"menu_order":0,"comment_status":"closed","ping_status":"closed","template":"","meta":{"footnotes":""},"class_list":["post-937","page","type-page","status-publish","hentry"],"_links":{"self":[{"href":"https:\/\/pos.uel.br\/ppgci\/wp-json\/wp\/v2\/pages\/937","targetHints":{"allow":["GET"]}}],"collection":[{"href":"https:\/\/pos.uel.br\/ppgci\/wp-json\/wp\/v2\/pages"}],"about":[{"href":"https:\/\/pos.uel.br\/ppgci\/wp-json\/wp\/v2\/types\/page"}],"author":[{"embeddable":true,"href":"https:\/\/pos.uel.br\/ppgci\/wp-json\/wp\/v2\/users\/9"}],"replies":[{"embeddable":true,"href":"https:\/\/pos.uel.br\/ppgci\/wp-json\/wp\/v2\/comments?post=937"}],"version-history":[{"count":8,"href":"https:\/\/pos.uel.br\/ppgci\/wp-json\/wp\/v2\/pages\/937\/revisions"}],"predecessor-version":[{"id":1006,"href":"https:\/\/pos.uel.br\/ppgci\/wp-json\/wp\/v2\/pages\/937\/revisions\/1006"}],"wp:attachment":[{"href":"https:\/\/pos.uel.br\/ppgci\/wp-json\/wp\/v2\/media?parent=937"}],"curies":[{"name":"wp","href":"https:\/\/api.w.org\/{rel}","templated":true}]}}