{"id":929,"date":"2023-02-18T16:00:04","date_gmt":"2023-02-18T19:00:04","guid":{"rendered":"https:\/\/pos.uel.br\/ppgci\/?page_id=929"},"modified":"2023-02-18T17:11:04","modified_gmt":"2023-02-18T20:11:04","slug":"disciplinas-optativas-2019","status":"publish","type":"page","link":"https:\/\/pos.uel.br\/ppgci\/disciplinas-optativas-2019\/","title":{"rendered":"Disciplinas optativas 2019"},"content":{"rendered":"\n<div class=\"wp-block-uel-card\">\n<h2 class=\"has-text-align-center has-primary-accent-color has-text-color wp-block-heading\">Disciplinas Optativas, 1\u00ba Semestre de 2019<\/h2>\n\n\n\n<div class=\"wp-block-columns has-site-background-background-color has-background is-layout-flex wp-container-core-columns-is-layout-9d6595d7 wp-block-columns-is-layout-flex\">\n<div class=\"wp-block-column is-vertically-aligned-center is-layout-flow wp-block-column-is-layout-flow\" style=\"flex-basis:33.33%\">\n<p class=\"has-text-align-center\">2CIN276 &#8211; LINHA 1 &#8211;&nbsp;FUNDAMENTOS SEMI\u00d3TICOS DA ORGANIZA\u00c7\u00c3O DO CONHECIMENTO<\/p>\n<\/div>\n\n\n\n<div class=\"wp-block-column is-layout-flow wp-block-column-is-layout-flow\" style=\"flex-basis:66.66%\">\n<p><strong>Ementa<\/strong>: Informa\u00e7\u00e3o como sistema de linguagem. Teoria dos signos de C. S. Peirce e o percurso entre a informa\u00e7\u00e3o e o conhecimento. O car\u00e1ter normativo da semi\u00f3tica na representa\u00e7\u00e3o e na organiza\u00e7\u00e3o do conhecimento. Possibilidades anal\u00edticas da abordagem semi\u00f3tica para os diferentes processos de investiga\u00e7\u00e3o, defini\u00e7\u00e3o terminol\u00f3gica, descri\u00e7\u00e3o de dados, metodologias de registro e vincula\u00e7\u00e3o epistemol\u00f3gica da informa\u00e7\u00e3o.<\/p>\n\n\n\n<p><strong>Docente:<\/strong>&nbsp;Miguel Luiz Contani<br><strong>Cr\u00e9ditos\/Horas:<\/strong>&nbsp;4cr. \/ 60h<\/p>\n<\/div>\n<\/div>\n\n\n\n<div class=\"wp-block-columns has-site-background-background-color has-background is-layout-flex wp-container-core-columns-is-layout-9d6595d7 wp-block-columns-is-layout-flex\">\n<div class=\"wp-block-column is-vertically-aligned-center is-layout-flow wp-block-column-is-layout-flow\" style=\"flex-basis:33.33%\">\n<p class=\"has-text-align-center\">2CIN275 &#8211; LINHA 2 &#8211;&nbsp;FORMA\u00c7\u00c3O DE HABILIDADES PARA A COMPET\u00caNCIA EM INFORMA\u00c7\u00c3O<\/p>\n<\/div>\n\n\n\n<div class=\"wp-block-column is-layout-flow wp-block-column-is-layout-flow\" style=\"flex-basis:66.66%\">\n<p><strong>Ementa<\/strong>: O processo de forma\u00e7\u00e3o e desenvolvimento de habilidades informacionais para a compet\u00eancia em informa\u00e7\u00e3o em diferentes contextos.<\/p>\n\n\n\n<p><strong>Docente:<\/strong>&nbsp;Profa. Dra. Adriana Rosecler Alcar\u00e1 Engelmann<br><strong>Cr\u00e9ditos\/Horas:<\/strong>&nbsp;3cr. \/ 45h<\/p>\n<\/div>\n<\/div>\n\n\n\n<div class=\"wp-block-columns has-site-background-background-color has-background is-layout-flex wp-container-core-columns-is-layout-9d6595d7 wp-block-columns-is-layout-flex\">\n<div class=\"wp-block-column is-vertically-aligned-center is-layout-flow wp-block-column-is-layout-flow\" style=\"flex-basis:33.33%\">\n<p class=\"has-text-align-center\">2CIN232&nbsp;T\u00d3PICOS ESPECIAIS EM CI\u00caNCIA DA INFORMA\u00c7\u00c3O: CATALOGA\u00c7\u00c3O E LINKED DATA<\/p>\n<\/div>\n\n\n\n<div class=\"wp-block-column is-layout-flow wp-block-column-is-layout-flow\" style=\"flex-basis:66.66%\">\n<p><strong>Ementa<\/strong>: Cataloga\u00e7\u00e3o. Metadados. Linked Data. Modelos de dados. Iniciativas Linked Data em institui\u00e7\u00f5es de patrim\u00f4nio cultural.<\/p>\n\n\n\n<p><strong>Docente:<\/strong>Profa. Dra. Ana Carolina Simionato (UFSCar)<br><strong>Cr\u00e9ditos\/Horas:<\/strong>&nbsp;2cr. \/ 30h<\/p>\n<\/div>\n<\/div>\n\n\n\n<div class=\"wp-block-columns has-site-background-background-color has-background is-layout-flex wp-container-core-columns-is-layout-9d6595d7 wp-block-columns-is-layout-flex\">\n<div class=\"wp-block-column is-vertically-aligned-center is-layout-flow wp-block-column-is-layout-flow\" style=\"flex-basis:33.33%\">\n<p class=\"has-text-align-center\">2CIN235&nbsp;T\u00d3PICOS ESPECIAIS EM CI\u00caNCIA DA INFORMA\u00c7\u00c3O: TECNOLOGIAS DE REPRESENTA\u00c7\u00c3O E ORGANIZA\u00c7\u00c3O<\/p>\n<\/div>\n\n\n\n<div class=\"wp-block-column is-layout-flow wp-block-column-is-layout-flow\" style=\"flex-basis:66.66%\">\n<p><strong>Ementa<\/strong>: Estudos das Tecnologias de Representa\u00e7\u00e3o e Organiza\u00e7\u00e3o e an\u00e1lise de seus impactos no campo da Ci\u00eancia da Informa\u00e7\u00e3o.<\/p>\n\n\n\n<p><strong>Docente:<\/strong>&nbsp;Rog\u00e9rio Aparecido S\u00e1 Ramalho (UFSCar)<br><strong>Cr\u00e9ditos\/Horas:<\/strong>&nbsp;2cr. \/ 30h<\/p>\n<\/div>\n<\/div>\n\n\n\n<div class=\"wp-block-columns has-site-background-background-color has-background is-layout-flex wp-container-core-columns-is-layout-9d6595d7 wp-block-columns-is-layout-flex\">\n<div class=\"wp-block-column is-vertically-aligned-center is-layout-flow wp-block-column-is-layout-flow\" style=\"flex-basis:33.33%\">\n<p class=\"has-text-align-center\">2CIN211&nbsp;T\u00d3PICOS ESPECIAIS EM CI\u00caNCIA DA INFORMA\u00c7\u00c3O: INFORMA\u00c7\u00c3O CIENT\u00cdFICA, TECNOL\u00d3GICA E EMPRESARIAL: AVALIA\u00c7\u00c3O E MONITORAMENTO<\/p>\n<\/div>\n\n\n\n<div class=\"wp-block-column is-layout-flow wp-block-column-is-layout-flow\" style=\"flex-basis:66.66%\">\n<p><strong>Ementa<\/strong>: Informa\u00e7\u00e3o: conceitua\u00e7\u00e3o, tipologia e fun\u00e7\u00e3o. Produ\u00e7\u00e3o, dissemina\u00e7\u00e3o e acesso \u00e0 Informa\u00e7\u00e3o: a produ\u00e7\u00e3o cient\u00edfica como meio de divulga\u00e7\u00e3o da informa\u00e7\u00e3o em C&amp;T e a patente como estrat\u00e9gia de domina\u00e7\u00e3o tecnol\u00f3gica. Os processos e as t\u00e9cnicas de avalia\u00e7\u00e3o e de monitoramento da produ\u00e7\u00e3o cient\u00edfica como instrumento para o desenvolvimento da ci\u00eancia e da tecnologia e, para a gest\u00e3o de processos decis\u00f3rios das organiza\u00e7\u00f5es; as m\u00e9tricas e os indicadores de produ\u00e7\u00e3o cient\u00edfica, t\u00e9cnica e tecnol\u00f3gica.<\/p>\n\n\n\n<p><strong>Docente:<\/strong>&nbsp;Adilson Luiz Pinto (UFSC)<br><strong>Cr\u00e9ditos\/Horas:<\/strong>&nbsp;2cr. \/ 30h<\/p>\n<\/div>\n<\/div>\n\n\n\n<div class=\"wp-block-columns has-site-background-background-color has-background is-layout-flex wp-container-core-columns-is-layout-9d6595d7 wp-block-columns-is-layout-flex\">\n<div class=\"wp-block-column is-vertically-aligned-center is-layout-flow wp-block-column-is-layout-flow\" style=\"flex-basis:33.33%\">\n<p class=\"has-text-align-center\">2CIN236&nbsp;ENCONTRABILIDADE DA INFORMA\u00c7\u00c3O<\/p>\n<\/div>\n\n\n\n<div class=\"wp-block-column is-layout-flow wp-block-column-is-layout-flow\" style=\"flex-basis:66.66%\">\n<p><strong>Ementa<\/strong>: Abordagem te\u00f3rico-pr\u00e1tica da Encontrabilidade da Informa\u00e7\u00e3o no contexto da Ci\u00eancia da Informa\u00e7\u00e3o. Atributos da Encontrabilidade da Informa\u00e7\u00e3o e suas rela\u00e7\u00f5es com a Arquitetura da Informa\u00e7\u00e3o, com \u00eanfase na aplica\u00e7\u00e3o em ambientes informacionais.<br><strong>Docente:<\/strong>&nbsp;Prof. Dr. Fernando Vechiato (UFRN)<br><strong>Cr\u00e9ditos\/Horas:<\/strong>&nbsp;2cr. \/ 30h<\/p>\n<\/div>\n<\/div>\n<\/div>\n\n\n\n<div class=\"wp-block-uel-card\">\n<h2 class=\"has-text-align-center has-primary-accent-color has-text-color wp-block-heading\">Disciplinas Optativas, 2\u00ba Semestre de 2019<\/h2>\n\n\n\n<div class=\"wp-block-columns has-site-background-background-color has-background is-layout-flex wp-container-core-columns-is-layout-9d6595d7 wp-block-columns-is-layout-flex\">\n<div class=\"wp-block-column is-vertically-aligned-center is-layout-flow wp-block-column-is-layout-flow\" style=\"flex-basis:33.33%\">\n<p class=\"has-text-align-center\">2CIN185&nbsp;REPRESENTA\u00c7\u00c3O DA INFORMA\u00c7\u00c3O E LINGU\u00cdSTICA TEXTUAL<\/p>\n<\/div>\n\n\n\n<div class=\"wp-block-column is-layout-flow wp-block-column-is-layout-flow\" style=\"flex-basis:66.66%\">\n<p><strong>Ementa<\/strong>: O uso da Linguagem natural no \u00e2mbito dos processos e produtos de representa\u00e7\u00e3o para a recupera\u00e7\u00e3o da informa\u00e7\u00e3o. Pressupostos da Lingu\u00edstica Textual para a representa\u00e7\u00e3o e recupera\u00e7\u00e3o da informa\u00e7\u00e3o.<\/p>\n\n\n\n<p><strong>Docente:<\/strong>&nbsp;Rosane Suely Alvares Lunardelli<br><strong>Cr\u00e9ditos\/Horas:<\/strong>&nbsp;3cr. \/ 45h<\/p>\n<\/div>\n<\/div>\n\n\n\n<div class=\"wp-block-columns has-site-background-background-color has-background is-layout-flex wp-container-core-columns-is-layout-9d6595d7 wp-block-columns-is-layout-flex\">\n<div class=\"wp-block-column is-vertically-aligned-center is-layout-flow wp-block-column-is-layout-flow\" style=\"flex-basis:33.33%\">\n<p class=\"has-text-align-center\">2CIN253&nbsp;BASES CONCEITUAIS DA ORGANIZA\u00c7\u00c3O E REPRESENTA\u00c7\u00c3O DO CONHECIMENTO: ABORDAGEM TERMINOL\u00d3GICA<\/p>\n<\/div>\n\n\n\n<div class=\"wp-block-column is-layout-flow wp-block-column-is-layout-flow\" style=\"flex-basis:66.66%\">\n<p><strong>Ementa<\/strong>: Organiza\u00e7\u00e3o e Representa\u00e7\u00e3o do Conhecimento: estrutura e funcionalidade no \u00e2mbito da Ci\u00eancia da Informa\u00e7\u00e3o. .<\/p>\n\n\n\n<p><strong>Docente:<\/strong>&nbsp;Profa. Dra. Br\u00edgida Maria Nogueira Cervantes<br><strong>Cr\u00e9ditos\/Horas:<\/strong>&nbsp;2cr. \/ 30h<\/p>\n<\/div>\n<\/div>\n\n\n\n<div class=\"wp-block-columns has-site-background-background-color has-background is-layout-flex wp-container-core-columns-is-layout-9d6595d7 wp-block-columns-is-layout-flex\">\n<div class=\"wp-block-column is-vertically-aligned-center is-layout-flow wp-block-column-is-layout-flow\" style=\"flex-basis:33.33%\">\n<p class=\"has-text-align-center\">2CIN239&nbsp;T\u00d3PICOS ESPECIAIS EM CI\u00caNCIA DA INFORMA\u00c7\u00c3O: PR\u00c1TICAS INFORMACIONAIS E AS ABORDAGENS DOS ESTUDOS DE USU\u00c1RIOS DA INFORMA\u00c7\u00c3O<\/p>\n<\/div>\n\n\n\n<div class=\"wp-block-column is-layout-flow wp-block-column-is-layout-flow\" style=\"flex-basis:66.66%\">\n<p><strong>Ementa<\/strong>: Pr\u00e1ticas informacionais e aspectos socioculturais. Abordagens dos estudos de usu\u00e1rios da informa\u00e7\u00e3o e a rela\u00e7\u00e3o com os paradigmas da Ci\u00eancia da Informa\u00e7\u00e3o.<\/p>\n\n\n\n<p><strong>Docente:<\/strong>&nbsp;Profa. Dra Ilemar Christina Lansoni Wey Berti<br><strong>Cr\u00e9ditos\/Horas:<\/strong>&nbsp;2cr. \/ 30h<\/p>\n<\/div>\n<\/div>\n\n\n\n<div class=\"wp-block-columns has-site-background-background-color has-background is-layout-flex wp-container-core-columns-is-layout-9d6595d7 wp-block-columns-is-layout-flex\">\n<div class=\"wp-block-column is-vertically-aligned-center is-layout-flow wp-block-column-is-layout-flow\" style=\"flex-basis:33.33%\">\n<p class=\"has-text-align-center\">2CIN240&nbsp;T\u00d3PICOS ESPECIAIS EM CI\u00caNCIA DA INFORMA\u00c7\u00c3O: BIBLIOGRAFIA: INFLEX\u00d5ES CONCEITUAIS, HIST\u00d3RICAS E DISCIPLINARES<\/p>\n<\/div>\n\n\n\n<div class=\"wp-block-column is-layout-flow wp-block-column-is-layout-flow\" style=\"flex-basis:66.66%\">\n<p><strong>Ementa<\/strong>: Bibliografia: conceito ou conceitos? Bibliografia: breve hist\u00f3ria e natureza. Bibli\u00f3grafos, sistemas e produtos bibliogr\u00e1ficos. O m\u00e9todo bibliogr\u00e1fico de Conrad Gesner (S\u00e9c. XVI) e a constitui\u00e7\u00e3o da disciplina bibliogr\u00e1fica. A Bibliografia na It\u00e1lia: contribui\u00e7\u00f5es de Alfredo Serrai. Alguns enfoques e abordagens da\/para Bibliografia: hist\u00f3ria do livro, sociologia dos textos, raridade bibliogr\u00e1fica, media\u00e7\u00e3o, mem\u00f3ria, e organiza\u00e7\u00e3o do conhecimento. A Bibliografia e os seus gestos entre arte, t\u00e9cnica e tecnologia. Desafios para o estabelecimento de um consenso sobre o conceito e o escopo da Bibliografia. Semin\u00e1rio Internacional&nbsp;A Arte da Bibliografia: em busca do desenvolvimento e do reposicionamento do campo no Brasil. Prospectos de estudos no \u00e2mbito da Bibliografia e do campo informacional.<\/p>\n\n\n\n<p><strong>Docente:<\/strong>&nbsp;Prof. Dr. Andr\u00e9 Vieira de Freitas Araujo (UFRJ)<br><strong>Cr\u00e9ditos\/Horas:<\/strong>&nbsp;1cr. \/ 15h<\/p>\n<\/div>\n<\/div>\n\n\n\n<div class=\"wp-block-columns has-site-background-background-color has-background is-layout-flex wp-container-core-columns-is-layout-9d6595d7 wp-block-columns-is-layout-flex\">\n<div class=\"wp-block-column is-vertically-aligned-center is-layout-flow wp-block-column-is-layout-flow\" style=\"flex-basis:33.33%\">\n<p class=\"has-text-align-center\">2CIN229&nbsp;T\u00d3PICOS ESPECIAIS EM CI\u00caNCIA DA INFORMA\u00c7\u00c3O: MEDIA\u00c7\u00c3O CULTURAL NO \u00c2MBITO DA CI\u00caNCIA DA INFORMA\u00c7\u00c3O<\/p>\n<\/div>\n\n\n\n<div class=\"wp-block-column is-layout-flow wp-block-column-is-layout-flow\" style=\"flex-basis:66.66%\">\n<p><strong>Ementa<\/strong>: Conceito de Media\u00e7\u00e3o Cultural. Informa\u00e7\u00e3o, Cultura e Sociedade. Media\u00e7\u00e3o Cultural em diferentes ambientes informacionais.<\/p>\n\n\n\n<p><strong>Docente:<\/strong>&nbsp;Profa. Dra. Luciane de F\u00e1tima Beckman Cavalcante<br><strong>Cr\u00e9ditos\/Horas:<\/strong>&nbsp;3cr. \/ 45h<\/p>\n<\/div>\n<\/div>\n\n\n\n<div class=\"wp-block-columns has-site-background-background-color has-background is-layout-flex wp-container-core-columns-is-layout-9d6595d7 wp-block-columns-is-layout-flex\">\n<div class=\"wp-block-column is-vertically-aligned-center is-layout-flow wp-block-column-is-layout-flow\" style=\"flex-basis:33.33%\">\n<p class=\"has-text-align-center\">2CIN289&nbsp;T\u00d3PICOS ESPECIAIS EM CI\u00caNCIA DA INFORMA\u00c7\u00c3O: REDES E SISTEMAS DO PATRIM\u00d4NIO CULTURAL: MEM\u00d3RIA, MUSEU E INFORMA\u00c7\u00c3O<\/p>\n<\/div>\n\n\n\n<div class=\"wp-block-column is-layout-flow wp-block-column-is-layout-flow\" style=\"flex-basis:66.66%\">\n<p><strong>Ementa<\/strong>: Uma abordagem hist\u00f3rica-sociol\u00f3gica da rela\u00e7\u00e3o entre institui\u00e7\u00f5es e pr\u00e1ticas de informa\u00e7\u00e3o em sua inser\u00e7\u00e3o em contextos sociais e no imagin\u00e1rio. Se quer contribuir a uma melhor compreens\u00e3o dos processos comunicativos constru\u00eddos a partir da necessidade social de informa\u00e7\u00e3o e das demandas correlacionadas, que constituem os perfis dos usu\u00e1rios em diversos contextos hist\u00f3ricos e culturais. Atrav\u00e9s da reflex\u00e3o sobre as din\u00e2micas do colecionismo que as diversas modalidades produtivas oferecem ao longo do tempo, a disciplina discute como forma constru\u00eddas no passado e hoje as narrativas da mem\u00f3ria com base nas cole\u00e7\u00f5es, principalmente atrav\u00e9s de sua exposi\u00e7\u00e3o e media\u00e7\u00e3o com os p\u00fablicos.<\/p>\n\n\n\n<p><strong>Docente:<\/strong>&nbsp;Profa. Dra. Giulia Crippa (Universidade de Bolonha)<br><strong>Cr\u00e9ditos\/Horas:<\/strong>&nbsp;1cr. \/ 15h<\/p>\n<\/div>\n<\/div>\n\n\n\n<div class=\"wp-block-columns has-site-background-background-color has-background is-layout-flex wp-container-core-columns-is-layout-9d6595d7 wp-block-columns-is-layout-flex\">\n<div class=\"wp-block-column is-vertically-aligned-center is-layout-flow wp-block-column-is-layout-flow\" style=\"flex-basis:33.33%\">\n<p class=\"has-text-align-center\">2CIN233&nbsp;T\u00d3PICOS ESPECIAIS EM CI\u00caNCIA DA INFORMA\u00c7\u00c3O: POL\u00cdTICAS DE INFORMA\u00c7\u00c3O E GEST\u00c3O P\u00daBLICA<\/p>\n<\/div>\n\n\n\n<div class=\"wp-block-column is-layout-flow wp-block-column-is-layout-flow\" style=\"flex-basis:66.66%\">\n<p><strong>Ementa<\/strong>: Regimes e ambientes de informa\u00e7\u00e3o: conceitos; Pol\u00edtica de informa\u00e7\u00e3o; Governan\u00e7a informacional nos \u00e2mbitos p\u00fablico e privado; Modelo de regimes informacionais; Exig\u00eancias da sociedade democr\u00e1tica; Iniciativas p\u00fablicas de busca de transpar\u00eancia.<\/p>\n\n\n\n<p><strong>Docente:<\/strong>&nbsp;Profa. Dra. Terezinha Elisabeth da Silva<br><strong>Cr\u00e9ditos\/Horas:<\/strong>&nbsp;2cr. \/ 30h<\/p>\n<\/div>\n<\/div>\n<\/div>\n","protected":false},"excerpt":{"rendered":"","protected":false},"author":9,"featured_media":0,"parent":0,"menu_order":0,"comment_status":"closed","ping_status":"closed","template":"","meta":{"footnotes":""},"class_list":["post-929","page","type-page","status-publish","hentry"],"_links":{"self":[{"href":"https:\/\/pos.uel.br\/ppgci\/wp-json\/wp\/v2\/pages\/929","targetHints":{"allow":["GET"]}}],"collection":[{"href":"https:\/\/pos.uel.br\/ppgci\/wp-json\/wp\/v2\/pages"}],"about":[{"href":"https:\/\/pos.uel.br\/ppgci\/wp-json\/wp\/v2\/types\/page"}],"author":[{"embeddable":true,"href":"https:\/\/pos.uel.br\/ppgci\/wp-json\/wp\/v2\/users\/9"}],"replies":[{"embeddable":true,"href":"https:\/\/pos.uel.br\/ppgci\/wp-json\/wp\/v2\/comments?post=929"}],"version-history":[{"count":6,"href":"https:\/\/pos.uel.br\/ppgci\/wp-json\/wp\/v2\/pages\/929\/revisions"}],"predecessor-version":[{"id":976,"href":"https:\/\/pos.uel.br\/ppgci\/wp-json\/wp\/v2\/pages\/929\/revisions\/976"}],"wp:attachment":[{"href":"https:\/\/pos.uel.br\/ppgci\/wp-json\/wp\/v2\/media?parent=929"}],"curies":[{"name":"wp","href":"https:\/\/api.w.org\/{rel}","templated":true}]}}