{"id":927,"date":"2023-02-18T15:59:34","date_gmt":"2023-02-18T18:59:34","guid":{"rendered":"https:\/\/pos.uel.br\/ppgci\/?page_id=927"},"modified":"2023-02-18T17:21:03","modified_gmt":"2023-02-18T20:21:03","slug":"disciplinas-optativas-2020","status":"publish","type":"page","link":"https:\/\/pos.uel.br\/ppgci\/disciplinas-optativas-2020\/","title":{"rendered":"Disciplinas optativas 2020"},"content":{"rendered":"\n<div class=\"wp-block-uel-card\">\n<h2 class=\"has-text-align-center has-primary-accent-color has-text-color wp-block-heading\">Disciplinas Optativas, 1\u00ba Semestre de 2020<\/h2>\n\n\n\n<div class=\"wp-block-columns has-site-background-background-color has-background is-layout-flex wp-container-core-columns-is-layout-9d6595d7 wp-block-columns-is-layout-flex\">\n<div class=\"wp-block-column is-vertically-aligned-center is-layout-flow wp-block-column-is-layout-flow\" style=\"flex-basis:33.33%\">\n<p class=\"has-text-align-center\">2CIN276 &#8211; LINHA 1 &#8211;&nbsp;FUNDAMENTOS SEMI\u00d3TICOS DA ORGANIZA\u00c7\u00c3O DO CONHECIMENTO<\/p>\n<\/div>\n\n\n\n<div class=\"wp-block-column is-layout-flow wp-block-column-is-layout-flow\" style=\"flex-basis:66.66%\">\n<p><strong>Ementa<\/strong>: Informa\u00e7\u00e3o como sistema de linguagem. Teoria dos signos de C. S. Peirce e o percurso entre a informa\u00e7\u00e3o e o conhecimento. O car\u00e1ter normativo da semi\u00f3tica na representa\u00e7\u00e3o e na organiza\u00e7\u00e3o do conhecimento. Possibilidades anal\u00edticas da abordagem semi\u00f3tica para os diferentes processos de investiga\u00e7\u00e3o, defini\u00e7\u00e3o terminol\u00f3gica, descri\u00e7\u00e3o de dados, metodologias de registro e vincula\u00e7\u00e3o epistemol\u00f3gica da informa\u00e7\u00e3o.<\/p>\n\n\n\n<p><strong>Docente:<\/strong>&nbsp;Prof. Dr. Miguel Luiz Contani<br><strong>Cr\u00e9ditos\/Horas:<\/strong>&nbsp;4cr. \/ 60h<\/p>\n<\/div>\n<\/div>\n\n\n\n<div class=\"wp-block-columns has-site-background-background-color has-background is-layout-flex wp-container-core-columns-is-layout-9d6595d7 wp-block-columns-is-layout-flex\">\n<div class=\"wp-block-column is-vertically-aligned-center is-layout-flow wp-block-column-is-layout-flow\" style=\"flex-basis:33.33%\">\n<p class=\"has-text-align-center\">2CIN271&nbsp;MEDIA\u00c7\u00c3O ORAL DA INFORMA\u00c7\u00c3O<\/p>\n<\/div>\n\n\n\n<div class=\"wp-block-column is-layout-flow wp-block-column-is-layout-flow\" style=\"flex-basis:66.66%\">\n<p><strong>Ementa<\/strong>: Media\u00e7\u00e3o oral da informa\u00e7\u00e3o, a oralisfera e a performance do mediador oral na constru\u00e7\u00e3o de fontes orais.<\/p>\n\n\n\n<p><strong>Docente:<\/strong>&nbsp;Profa. Dra. Sueli Bortolin e Prof. Dr. Jo\u00e3o Arlindo dos Santos Neto<br><strong>Cr\u00e9ditos\/Horas:<\/strong>&nbsp;2cr. \/ 30h<\/p>\n<\/div>\n<\/div>\n\n\n\n<div class=\"wp-block-columns has-site-background-background-color has-background is-layout-flex wp-container-core-columns-is-layout-9d6595d7 wp-block-columns-is-layout-flex\">\n<div class=\"wp-block-column is-vertically-aligned-center is-layout-flow wp-block-column-is-layout-flow\" style=\"flex-basis:33.33%\">\n<p class=\"has-text-align-center\">2CIN275 &#8211; LINHA 2 &#8211;&nbsp;FORMA\u00c7\u00c3O DE HABILIDADES PARA A COMPET\u00caNCIA EM INFORMA\u00c7\u00c3O<\/p>\n<\/div>\n\n\n\n<div class=\"wp-block-column is-layout-flow wp-block-column-is-layout-flow\" style=\"flex-basis:66.66%\">\n<p><strong>Ementa<\/strong>: O processo de forma\u00e7\u00e3o e desenvolvimento de habilidades informacionais para a compet\u00eancia em informa\u00e7\u00e3o em diferentes contextos.<\/p>\n\n\n\n<p><strong>Docente:<\/strong>&nbsp;Profa. Dra. Adriana Rosecler Alcar\u00e1 Engelmann<br><strong>Cr\u00e9ditos\/Horas:<\/strong>&nbsp;3cr. \/ 45h<\/p>\n<\/div>\n<\/div>\n\n\n\n<div class=\"wp-block-columns has-site-background-background-color has-background is-layout-flex wp-container-core-columns-is-layout-9d6595d7 wp-block-columns-is-layout-flex\">\n<div class=\"wp-block-column is-vertically-aligned-center is-layout-flow wp-block-column-is-layout-flow\" style=\"flex-basis:33.33%\">\n<p class=\"has-text-align-center\">2CIN153 &#8211; LINHA 2 &#8211;&nbsp;MEM\u00d3RIA ORGANIZACIONAL E INFORMA\u00c7\u00c3O<\/p>\n<\/div>\n\n\n\n<div class=\"wp-block-column is-layout-flow wp-block-column-is-layout-flow\" style=\"flex-basis:66.66%\">\n<p><strong>Ementa<\/strong>: Aspectos da utiliza\u00e7\u00e3o da mem\u00f3ria organizacional e individual para a estrat\u00e9gia da organiza\u00e7\u00e3o. A mem\u00f3ria individual como recurso de conhecimento nas organiza\u00e7\u00f5es.<\/p>\n\n\n\n<p><strong>Docente:<\/strong>&nbsp;Profa. Dra. Let\u00edcia Gorri Molina e Profa. Dra. Juliana Cardoso dos Santos<br><strong>Cr\u00e9ditos\/Horas:<\/strong>&nbsp;3cr. \/ 45h<\/p>\n<\/div>\n<\/div>\n\n\n\n<div class=\"wp-block-columns has-site-background-background-color has-background is-layout-flex wp-container-core-columns-is-layout-9d6595d7 wp-block-columns-is-layout-flex\">\n<div class=\"wp-block-column is-vertically-aligned-center is-layout-flow wp-block-column-is-layout-flow\" style=\"flex-basis:33.33%\">\n<p class=\"has-text-align-center\">2CIN291&nbsp;T\u00d3PICOS ESPECIAIS EM CI\u00caNCIA DA INFORMA\u00c7\u00c3O: T\u00d3P. ESP. EM DIMENS\u00d5ES DA PESQUISA EM CI\u00caNCIA DA INFORMA\u00c7\u00c3O<\/p>\n<\/div>\n\n\n\n<div class=\"wp-block-column is-layout-flow wp-block-column-is-layout-flow\" style=\"flex-basis:66.66%\">\n<p><strong>Ementa<\/strong>: An\u00e1lise sobre a natureza e a estrutura da pesquisa cient\u00edfica, com \u00eanfase nos seus aspectos din\u00e2micos relacionados \u00e0s dimens\u00f5es epistemol\u00f3gica, te\u00f3rica, pr\u00e1tica, morfol\u00f3gica, \u00e9tica e social. Identifica\u00e7\u00e3o de formas de encaminhamento das pesquisas e dos procedimentos relacionados \u00e0s op\u00e7\u00f5es metodol\u00f3gicas dos trabalhos cient\u00edficos.<\/p>\n\n\n\n<p><strong>Docente:<\/strong>&nbsp;Profa. Dra. Leilah Santiago Bufrem (UFP)<br><strong>Cr\u00e9ditos\/Horas:<\/strong>&nbsp;1cr. \/ 15h<\/p>\n<\/div>\n<\/div>\n\n\n\n<div class=\"wp-block-columns has-site-background-background-color has-background is-layout-flex wp-container-core-columns-is-layout-9d6595d7 wp-block-columns-is-layout-flex\">\n<div class=\"wp-block-column is-vertically-aligned-center is-layout-flow wp-block-column-is-layout-flow\" style=\"flex-basis:33.33%\">\n<p class=\"has-text-align-center\">2CIN230&nbsp;T\u00d3PICOS ESPECIAIS EM CI\u00caNCIA DA INFORMA\u00c7\u00c3O: ORGANIZA\u00c7\u00c3O, ACESSO E APROPRIA\u00c7\u00c3O DA INFORMA\u00c7\u00c3O E DO CONHECIMENTO<\/p>\n<\/div>\n\n\n\n<div class=\"wp-block-column is-layout-flow wp-block-column-is-layout-flow\" style=\"flex-basis:66.66%\">\n<p><strong>Ementa<\/strong>: Conceitos, m\u00e9todos, pr\u00e1ticas e tecnologias. Relev\u00e2ncia e uso da informa\u00e7\u00e3o. Modelos de busca e recupera\u00e7\u00e3o da informa\u00e7\u00e3o. Recursos computacionais na minera\u00e7\u00e3o e an\u00e1lise de dados. \u00c9tica da Informa\u00e7\u00e3o. Organiza\u00e7\u00e3o e gest\u00e3o da informa\u00e7\u00e3o e do conhecimento na Web de dados para tomada de decis\u00e3o \u2013 contribui\u00e7\u00f5es da Ci\u00eancia da Informa\u00e7\u00e3o.<\/p>\n\n\n\n<p><strong>Docente:<\/strong>&nbsp;Francisco Carlos Paletta<br><strong>Cr\u00e9ditos\/Horas:<\/strong>&nbsp;2cr. \/ 30h<\/p>\n<\/div>\n<\/div>\n<\/div>\n\n\n\n<p><\/p>\n\n\n\n<div class=\"wp-block-uel-card\">\n<h2 class=\"has-text-align-center has-primary-accent-color has-text-color wp-block-heading\">Disciplinas Optativas, 2\u00ba Semestre de 2020<\/h2>\n\n\n\n<div class=\"wp-block-columns has-site-background-background-color has-background is-layout-flex wp-container-core-columns-is-layout-9d6595d7 wp-block-columns-is-layout-flex\">\n<div class=\"wp-block-column is-vertically-aligned-center is-layout-flow wp-block-column-is-layout-flow\" style=\"flex-basis:33.33%\">\n<p class=\"has-text-align-center\">2CIN000&nbsp;&#8211; T\u00d3PICOS EM COMPARTILHAMENTO DA INFORMA\u00c7\u00c3O E DO CONHECIMENTO<\/p>\n<\/div>\n\n\n\n<div class=\"wp-block-column is-layout-flow wp-block-column-is-layout-flow\" style=\"flex-basis:66.66%\">\n<p><strong>Ementa<\/strong>: Aspectos te\u00f3ricos, epistemol\u00f3gicos e metodol\u00f3gicos do Compartilhamento da Informa\u00e7\u00e3o e do Conhecimento.<\/p>\n\n\n\n<p><strong>Docente<\/strong>: Christina Lansoni Wey Berti<\/p>\n\n\n\n<p><strong>Cr\u00e9ditos\/Horas<\/strong>: 3cr. \/ 45h<\/p>\n<\/div>\n<\/div>\n\n\n\n<div class=\"wp-block-columns has-site-background-background-color has-background is-layout-flex wp-container-core-columns-is-layout-9d6595d7 wp-block-columns-is-layout-flex\">\n<div class=\"wp-block-column is-vertically-aligned-center is-layout-flow wp-block-column-is-layout-flow\" style=\"flex-basis:33.33%\">\n<p class=\"has-text-align-center\">2CIN185&nbsp;&#8211; REPRESENTA\u00c7\u00c3O DA INFORMA\u00c7\u00c3O E LINGUISTICA TEXTUAL<\/p>\n<\/div>\n\n\n\n<div class=\"wp-block-column is-layout-flow wp-block-column-is-layout-flow\" style=\"flex-basis:66.66%\">\n<p><strong>Ementa<\/strong>: O uso da Linguagem natural no \u00e2mbito dos processos e produtos de representa\u00e7\u00e3o para a recupera\u00e7\u00e3o da informa\u00e7\u00e3o. Pressupostos da Lingu\u00edstica Textual para a representa\u00e7\u00e3o e recupera\u00e7\u00e3o da informa\u00e7\u00e3o.<\/p>\n\n\n\n<p><strong>Docente<\/strong>: Rosane Suely Alvares Lunardelli<\/p>\n\n\n\n<p><strong>Cr\u00e9ditos\/Horas<\/strong>: 3cr. \/ 45h<\/p>\n<\/div>\n<\/div>\n\n\n\n<div class=\"wp-block-columns has-site-background-background-color has-background is-layout-flex wp-container-core-columns-is-layout-9d6595d7 wp-block-columns-is-layout-flex\">\n<div class=\"wp-block-column is-vertically-aligned-center is-layout-flow wp-block-column-is-layout-flow\" style=\"flex-basis:33.33%\">\n<p class=\"has-text-align-center\">2CIN292&nbsp;&#8211; T\u00d3PICOS ESPECIAIS EM CI\u00caNCIA DA INFORMA\u00c7\u00c3O: TEORIA CR\u00cdTICA DA INFORMA\u00c7\u00c3O<\/p>\n<\/div>\n\n\n\n<div class=\"wp-block-column is-layout-flow wp-block-column-is-layout-flow\" style=\"flex-basis:66.66%\">\n<p><strong>Ementa<\/strong>: Apresenta uma proposta de teoria cr\u00edtica da informa\u00e7\u00e3o, partindo da perspectiva da teoria cr\u00edtica desenvolvida por fil\u00f3sofos da Escola de Frankfurt para tratar de dois conceitos caros ao campo da ci\u00eancia da informa\u00e7\u00e3o brasileira: os conceitos de regime de informa\u00e7\u00e3o e de compet\u00eancia cr\u00edtica em informa\u00e7\u00e3o.<\/p>\n\n\n\n<p><strong>Docente<\/strong>: Prof. Dr. Arthur Bezerra e Profa. Dra. Luciane Beckman Cavalcante<\/p>\n\n\n\n<p><strong>Cr\u00e9ditos\/Horas<\/strong>: 3cr. \/ 45h<\/p>\n<\/div>\n<\/div>\n<\/div>\n\n\n\n<p><\/p>\n","protected":false},"excerpt":{"rendered":"","protected":false},"author":9,"featured_media":0,"parent":0,"menu_order":0,"comment_status":"closed","ping_status":"closed","template":"","meta":{"footnotes":""},"class_list":["post-927","page","type-page","status-publish","hentry"],"_links":{"self":[{"href":"https:\/\/pos.uel.br\/ppgci\/wp-json\/wp\/v2\/pages\/927","targetHints":{"allow":["GET"]}}],"collection":[{"href":"https:\/\/pos.uel.br\/ppgci\/wp-json\/wp\/v2\/pages"}],"about":[{"href":"https:\/\/pos.uel.br\/ppgci\/wp-json\/wp\/v2\/types\/page"}],"author":[{"embeddable":true,"href":"https:\/\/pos.uel.br\/ppgci\/wp-json\/wp\/v2\/users\/9"}],"replies":[{"embeddable":true,"href":"https:\/\/pos.uel.br\/ppgci\/wp-json\/wp\/v2\/comments?post=927"}],"version-history":[{"count":14,"href":"https:\/\/pos.uel.br\/ppgci\/wp-json\/wp\/v2\/pages\/927\/revisions"}],"predecessor-version":[{"id":982,"href":"https:\/\/pos.uel.br\/ppgci\/wp-json\/wp\/v2\/pages\/927\/revisions\/982"}],"wp:attachment":[{"href":"https:\/\/pos.uel.br\/ppgci\/wp-json\/wp\/v2\/media?parent=927"}],"curies":[{"name":"wp","href":"https:\/\/api.w.org\/{rel}","templated":true}]}}