{"id":85,"date":"2021-06-15T02:58:11","date_gmt":"2021-06-15T05:58:11","guid":{"rendered":"https:\/\/pos.uel.br\/ppgci\/pagina-inicial\/"},"modified":"2026-02-19T15:29:44","modified_gmt":"2026-02-19T18:29:44","slug":"pagina-inicial","status":"publish","type":"page","link":"https:\/\/pos.uel.br\/ppgci\/","title":{"rendered":"P\u00e1gina inicial"},"content":{"rendered":"\n<div class=\"wp-block-columns is-layout-flex wp-container-core-columns-is-layout-9d6595d7 wp-block-columns-is-layout-flex\">\n<div class=\"wp-block-column is-layout-flow wp-block-column-is-layout-flow\" style=\"flex-basis:100%\">\n<div class=\"wp-block-group is-nowrap is-layout-flex wp-container-core-group-is-layout-ad2f72ca wp-block-group-is-layout-flex\">\n<div class=\"wp-block-columns is-layout-flex wp-container-core-columns-is-layout-9d6595d7 wp-block-columns-is-layout-flex\">\n<div class=\"wp-block-column is-layout-flow wp-block-column-is-layout-flow\" style=\"flex-basis:100%\">\n<div class=\"wp-block-group alignwide is-vertical is-content-justification-right is-layout-flex wp-container-core-group-is-layout-b6c475e2 wp-block-group-is-layout-flex\">\n<div class=\"wp-block-columns is-layout-flex wp-container-core-columns-is-layout-9d6595d7 wp-block-columns-is-layout-flex\">\n<div class=\"wp-block-column is-layout-flow wp-block-column-is-layout-flow\" style=\"flex-basis:100%\">\n<div class=\"wp-block-columns is-layout-flex wp-container-core-columns-is-layout-9d6595d7 wp-block-columns-is-layout-flex\">\n<div class=\"wp-block-column is-layout-flow wp-block-column-is-layout-flow\">\n<div class=\"wp-block-columns is-layout-flex wp-container-core-columns-is-layout-9d6595d7 wp-block-columns-is-layout-flex\">\n<div class=\"wp-block-column is-layout-flow wp-block-column-is-layout-flow\" style=\"flex-basis:100%\">\n<div class=\"wp-block-uel-card\">\n<h3 class=\"wp-block-heading is-style-highlighted-heading\">Not\u00edcias<\/h3>\n\n\n\n<div class=\"wp-block-columns is-layout-flex wp-container-core-columns-is-layout-9d6595d7 wp-block-columns-is-layout-flex\">\n<div class=\"wp-block-column is-layout-flow wp-block-column-is-layout-flow\" style=\"flex-basis:66.66%\"><ul class=\"wp-block-latest-posts__list has-dates alignleft mb-0 pb-0 wp-block-latest-posts\"><li><a class=\"wp-block-latest-posts__post-title\" href=\"https:\/\/pos.uel.br\/ppgci\/sem-categoria\/2026\/03\/21\/programa-de-bolsas-de-mestrado-e-doutorado-capes-demanda-social-2026\/\">Programa de Bolsas de Mestrado e Doutorado CAPES\/Demanda Social 2026<\/a><time datetime=\"2026-03-21T13:45:18-03:00\" class=\"wp-block-latest-posts__post-date\">21 de mar\u00e7o de 2026<\/time><\/li>\n<li><a class=\"wp-block-latest-posts__post-title\" href=\"https:\/\/pos.uel.br\/ppgci\/sem-categoria\/2026\/02\/09\/edital-no-01-2026-estudante-especial-1o-semestre-2026\/\">ESTUDANTE ESPECIAL DE MESTRADO E DOUTORADO EM CI\u00caNCIA DA INFORMA\u00c7\u00c3O 2026\/01<\/a><time datetime=\"2026-02-09T19:20:08-03:00\" class=\"wp-block-latest-posts__post-date\">9 de fevereiro de 2026<\/time><\/li>\n<li><a class=\"wp-block-latest-posts__post-title\" href=\"https:\/\/pos.uel.br\/ppgci\/sem-categoria\/2025\/10\/23\/selecao-interna-de-candidatos-ao-programa-de-doutorado-sanduiche-no-exterior\/\">SELE\u00c7\u00c3O INTERNA DE CANDIDATOS AO PROGRAMA DE DOUTORADO SANDU\u00cdCHE NO EXTERIOR<\/a><time datetime=\"2025-10-23T22:47:20-03:00\" class=\"wp-block-latest-posts__post-date\">23 de outubro de 2025<\/time><\/li>\n<li><a class=\"wp-block-latest-posts__post-title\" href=\"https:\/\/pos.uel.br\/ppgci\/sem-categoria\/2025\/10\/21\/iii-forum-nacional-de-organizacao-e-representacao-do-conhecimento-e-da-informacao\/\">III F\u00f3rum Nacional de Organiza\u00e7\u00e3o e Representa\u00e7\u00e3o do Conhecimento e da Informa\u00e7\u00e3o<\/a><time datetime=\"2025-10-21T22:21:00-03:00\" class=\"wp-block-latest-posts__post-date\">21 de outubro de 2025<\/time><\/li>\n<li><a class=\"wp-block-latest-posts__post-title\" href=\"https:\/\/pos.uel.br\/ppgci\/noticias\/2025\/09\/02\/ingresso-estudante-regular-2026-1\/\">INGRESSO ESTUDANTE REGULAR 2026\/1<\/a><time datetime=\"2025-09-02T09:32:42-03:00\" class=\"wp-block-latest-posts__post-date\">2 de setembro de 2025<\/time><\/li>\n<\/ul><\/div>\n\n\n\n<div class=\"wp-block-column is-layout-flow wp-block-column-is-layout-flow\" style=\"flex-basis:33.33%\">\n<figure class=\"wp-block-image size-large\"><img loading=\"lazy\" decoding=\"async\" width=\"724\" height=\"1024\" src=\"https:\/\/pos.uel.br\/ppgci\/wp-content\/uploads\/2025\/10\/Banner-Processo-Seletivo-724x1024.jpeg\" alt=\"\" class=\"wp-image-1925\" srcset=\"https:\/\/pos.uel.br\/ppgci\/wp-content\/uploads\/2025\/10\/Banner-Processo-Seletivo-724x1024.jpeg 724w, https:\/\/pos.uel.br\/ppgci\/wp-content\/uploads\/2025\/10\/Banner-Processo-Seletivo-212x300.jpeg 212w, https:\/\/pos.uel.br\/ppgci\/wp-content\/uploads\/2025\/10\/Banner-Processo-Seletivo-768x1086.jpeg 768w, https:\/\/pos.uel.br\/ppgci\/wp-content\/uploads\/2025\/10\/Banner-Processo-Seletivo-1086x1536.jpeg 1086w, https:\/\/pos.uel.br\/ppgci\/wp-content\/uploads\/2025\/10\/Banner-Processo-Seletivo.jpeg 1131w\" sizes=\"auto, (max-width: 724px) 100vw, 724px\" \/><\/figure>\n<\/div>\n<\/div>\n<\/div>\n<\/div>\n<\/div>\n<\/div>\n<\/div>\n\n\n\n<div class=\"wp-block-uel-card\">\n<h3 class=\"wp-block-heading is-style-highlighted-heading\">Editais<\/h3>\n\n\n<div class=\"editais-block\"><a class=\"editais-block__item-block\" href=\"https:\/\/pos.uel.br\/ppgci\/wp-content\/uploads\/2026\/03\/Edital-resultado-de-bolsas-2026.pdf\"><div class=\"editais-block__titulo\"><span>EDITAL 05\/2026 \u2013 Resultado da Sele\u00e7\u00e3o do Programa de Bolsas de Mestrado e Doutorado DEMANDA SOCIAL CAPES<\/span><\/div><div class=\"editais-block__resumo\"><span>O Programa de P\u00f3s-gradua\u00e7\u00e3o em Ci\u00eancia da Informa\u00e7\u00e3o da UEL, faz saber aos interessados, estudantes dos cursos de Mestrado e Doutorado em Ci\u00eancia da Informa\u00e7\u00e3o, o resultado, em ordem de classifica\u00e7\u00e3o, da sele\u00e7\u00e3o de candidatos \u00e0s bolsas de estudo Demanda Social CAPES.<\/span><\/div><div class=\"editais-block__publicado\"><span>1 m\u00eas atr\u00e1s<\/span><\/div><\/a><a class=\"editais-block__item-block\" href=\"https:\/\/pos.uel.br\/ppgci\/wp-content\/uploads\/2026\/03\/EDITAL_BOLSASMD_26_publi-com-link-ane.pdf\"><div class=\"editais-block__titulo\"><span>EDITAL N\u00ba 04\/26 &#8211; PROGRAMA DE BOLSAS E DOUTORADO CAPES\/DEMANDA SOCIAL<\/span><\/div><div class=\"editais-block__resumo\"><span>O Programa de P\u00f3s-gradua\u00e7\u00e3o em Ci\u00eancia da Informa\u00e7\u00e3o da UEL faz saber aos interessados, ingressantes no Mestrado e Doutorado em 2026, que estar\u00e3o abertas nos dias 21 de mar\u00e7o at\u00e9 as 12h (IMPRETERIVELMENTE) do dia 23 de mar\u00e7o de 2026, as inscri\u00e7\u00f5es de candidatos ao Programa de Bolsas de Mestrado e Doutorado CAPES\/Demanda Social.<\/span><\/div><div class=\"editais-block__publicado\"><span>1 m\u00eas atr\u00e1s<\/span><\/div><\/a><a class=\"editais-block__item-block\" href=\"https:\/\/pos.uel.br\/ppgci\/wp-content\/uploads\/2026\/03\/Edital-aluno-especial-03-2026.pdf\"><div class=\"editais-block__titulo\"><span>EDITAL N\u00b0 03\/2026 &#8211; DIVULGA\u00c7\u00c3O DE RESULTADO E CONVOCA\u00c7\u00c3O PARA MATR\u00cdCULA<\/span><\/div><div class=\"editais-block__resumo\"><span>A Comiss\u00e3o Coordenadora do Programa de P\u00f3s-Gradua\u00e7\u00e3o em\r\nCi\u00eancia da Informa\u00e7\u00e3o, da Universidade Estadual de Londrina-UEL, no uso de suas\r\natribui\u00e7\u00f5es administrativas e em conformidade com o Edital de abertura de vagas,\r\nTORNA P\u00daBLICO o resultado da sele\u00e7\u00e3o e convoca para matr\u00edcula os\/as\r\ncandidatos\/as selecionados\/as para cursar disciplina no Programa como \u201cEstudante\r\nEspecial\u201d, com in\u00edcio no primeiro semestre de 2026.<\/span><\/div><div class=\"editais-block__publicado\"><span>2 meses atr\u00e1s<\/span><\/div><\/a><a class=\"editais-block__item-block\" href=\"https:\/\/pos.uel.br\/ppgci\/wp-content\/uploads\/2026\/02\/Edital-de-isencao-aluno-especial-1-2026.pdf\"><div class=\"editais-block__titulo\"><span>EDITAL N\u00ba 02\/2026 &#8211; PEDIDOS DE INSEN\u00c7\u00c3O DEFERIDOS<\/span><\/div><div class=\"editais-block__resumo\"><span>Divulga a rela\u00e7\u00e3o dos candidatos com pedido de isen\u00e7\u00e3o deferidos ou indeferidos (Doa\u00e7\u00e3o de Sangue, Medula \u00d3ssea e Prestador de Servi\u00e7o Eleitoral) PEDIDOS DE ISEN\u00c7\u00c3O DEFERIDOS E INDEFERIDOS.<\/span><\/div><div class=\"editais-block__publicado\"><span>2 meses atr\u00e1s<\/span><\/div><\/a><\/div><\/div>\n<\/div>\n<\/div>\n<\/div>\n<\/div>\n<\/div>\n<\/div>\n<\/div>\n<\/div>\n\n\n\n<div class=\"wp-block-uel-card\">\n<h3 class=\"wp-block-heading\" id=\"horadisciplinas\"><mark style=\"background-color:#ffffff\" class=\"has-inline-color has-primary-accent-color\">Oferta de Disciplinas<\/mark><mark style=\"background-color:#faf9f9\" class=\"has-inline-color has-primary-accent-color\"><mark style=\"background-color:#faf9f9\" class=\"has-inline-color has-primary-accent-color\"><mark style=\"background-color:#faf9f9\" class=\"has-inline-color has-primary-accent-color\"><\/mark><\/mark><\/mark><\/h3>\n\n\n\n<div class=\"wp-block-uel-card\">\n<h3 class=\"wp-block-heading\" id=\"horadisciplinas\"><mark style=\"background-color:#ffffff\" class=\"has-inline-color has-primary-accent-color\">Agenda das Disciplinas 2026\/<\/mark><mark style=\"background-color:#faf9f9\" class=\"has-inline-color has-primary-accent-color\">1<\/mark><\/h3>\n\n\n\n<div class=\"wp-block-group\"><div class=\"wp-block-group__inner-container is-layout-constrained wp-block-group-is-layout-constrained\">\n<p>Confira aqui: <mark class=\"has-inline-color has-primary-accent-color\"><a href=\"https:\/\/pos.uel.br\/ppgci\/?page_id=1704\"><strong>disciplinas e hor\u00e1rios do 1\u00ba semestre &#8211; PPGCI UEL 2026<\/strong><\/a><\/mark><\/p>\n<\/div><\/div>\n<\/div>\n\n\n\n<p><\/p>\n<\/div>\n\n\n\n<p>Acompanhe-nos nas redes sociais:<\/p>\n\n\n\n<ul class=\"wp-block-social-links is-layout-flex wp-block-social-links-is-layout-flex\"><li class=\"wp-social-link wp-social-link-instagram  wp-block-social-link\"><a href=\"https:\/\/www.instagram.com\/ppgci_uel\/\" class=\"wp-block-social-link-anchor\"><svg width=\"24\" height=\"24\" viewBox=\"0 0 24 24\" version=\"1.1\" xmlns=\"http:\/\/www.w3.org\/2000\/svg\" aria-hidden=\"true\" focusable=\"false\"><path d=\"M12,4.622c2.403,0,2.688,0.009,3.637,0.052c0.877,0.04,1.354,0.187,1.671,0.31c0.42,0.163,0.72,0.358,1.035,0.673 c0.315,0.315,0.51,0.615,0.673,1.035c0.123,0.317,0.27,0.794,0.31,1.671c0.043,0.949,0.052,1.234,0.052,3.637 s-0.009,2.688-0.052,3.637c-0.04,0.877-0.187,1.354-0.31,1.671c-0.163,0.42-0.358,0.72-0.673,1.035 c-0.315,0.315-0.615,0.51-1.035,0.673c-0.317,0.123-0.794,0.27-1.671,0.31c-0.949,0.043-1.233,0.052-3.637,0.052 s-2.688-0.009-3.637-0.052c-0.877-0.04-1.354-0.187-1.671-0.31c-0.42-0.163-0.72-0.358-1.035-0.673 c-0.315-0.315-0.51-0.615-0.673-1.035c-0.123-0.317-0.27-0.794-0.31-1.671C4.631,14.688,4.622,14.403,4.622,12 s0.009-2.688,0.052-3.637c0.04-0.877,0.187-1.354,0.31-1.671c0.163-0.42,0.358-0.72,0.673-1.035 c0.315-0.315,0.615-0.51,1.035-0.673c0.317-0.123,0.794-0.27,1.671-0.31C9.312,4.631,9.597,4.622,12,4.622 M12,3 C9.556,3,9.249,3.01,8.289,3.054C7.331,3.098,6.677,3.25,6.105,3.472C5.513,3.702,5.011,4.01,4.511,4.511 c-0.5,0.5-0.808,1.002-1.038,1.594C3.25,6.677,3.098,7.331,3.054,8.289C3.01,9.249,3,9.556,3,12c0,2.444,0.01,2.751,0.054,3.711 c0.044,0.958,0.196,1.612,0.418,2.185c0.23,0.592,0.538,1.094,1.038,1.594c0.5,0.5,1.002,0.808,1.594,1.038 c0.572,0.222,1.227,0.375,2.185,0.418C9.249,20.99,9.556,21,12,21s2.751-0.01,3.711-0.054c0.958-0.044,1.612-0.196,2.185-0.418 c0.592-0.23,1.094-0.538,1.594-1.038c0.5-0.5,0.808-1.002,1.038-1.594c0.222-0.572,0.375-1.227,0.418-2.185 C20.99,14.751,21,14.444,21,12s-0.01-2.751-0.054-3.711c-0.044-0.958-0.196-1.612-0.418-2.185c-0.23-0.592-0.538-1.094-1.038-1.594 c-0.5-0.5-1.002-0.808-1.594-1.038c-0.572-0.222-1.227-0.375-2.185-0.418C14.751,3.01,14.444,3,12,3L12,3z M12,7.378 c-2.552,0-4.622,2.069-4.622,4.622S9.448,16.622,12,16.622s4.622-2.069,4.622-4.622S14.552,7.378,12,7.378z M12,15 c-1.657,0-3-1.343-3-3s1.343-3,3-3s3,1.343,3,3S13.657,15,12,15z M16.804,6.116c-0.596,0-1.08,0.484-1.08,1.08 s0.484,1.08,1.08,1.08c0.596,0,1.08-0.484,1.08-1.08S17.401,6.116,16.804,6.116z\"><\/path><\/svg><span class=\"wp-block-social-link-label screen-reader-text\">Instagram<\/span><\/a><\/li>\n\n<li class=\"wp-social-link wp-social-link-facebook  wp-block-social-link\"><a href=\"https:\/\/www.facebook.com\/uelppgci\" class=\"wp-block-social-link-anchor\"><svg width=\"24\" height=\"24\" viewBox=\"0 0 24 24\" version=\"1.1\" xmlns=\"http:\/\/www.w3.org\/2000\/svg\" aria-hidden=\"true\" focusable=\"false\"><path d=\"M12 2C6.5 2 2 6.5 2 12c0 5 3.7 9.1 8.4 9.9v-7H7.9V12h2.5V9.8c0-2.5 1.5-3.9 3.8-3.9 1.1 0 2.2.2 2.2.2v2.5h-1.3c-1.2 0-1.6.8-1.6 1.6V12h2.8l-.4 2.9h-2.3v7C18.3 21.1 22 17 22 12c0-5.5-4.5-10-10-10z\"><\/path><\/svg><span class=\"wp-block-social-link-label screen-reader-text\">Facebook<\/span><\/a><\/li>\n\n<li class=\"wp-social-link wp-social-link-youtube  wp-block-social-link\"><a href=\"https:\/\/www.youtube.com\/c\/PPGCIUEL\" class=\"wp-block-social-link-anchor\"><svg width=\"24\" height=\"24\" viewBox=\"0 0 24 24\" version=\"1.1\" xmlns=\"http:\/\/www.w3.org\/2000\/svg\" aria-hidden=\"true\" focusable=\"false\"><path d=\"M21.8,8.001c0,0-0.195-1.378-0.795-1.985c-0.76-0.797-1.613-0.801-2.004-0.847c-2.799-0.202-6.997-0.202-6.997-0.202 h-0.009c0,0-4.198,0-6.997,0.202C4.608,5.216,3.756,5.22,2.995,6.016C2.395,6.623,2.2,8.001,2.2,8.001S2,9.62,2,11.238v1.517 c0,1.618,0.2,3.237,0.2,3.237s0.195,1.378,0.795,1.985c0.761,0.797,1.76,0.771,2.205,0.855c1.6,0.153,6.8,0.201,6.8,0.201 s4.203-0.006,7.001-0.209c0.391-0.047,1.243-0.051,2.004-0.847c0.6-0.607,0.795-1.985,0.795-1.985s0.2-1.618,0.2-3.237v-1.517 C22,9.62,21.8,8.001,21.8,8.001z M9.935,14.594l-0.001-5.62l5.404,2.82L9.935,14.594z\"><\/path><\/svg><span class=\"wp-block-social-link-label screen-reader-text\">Canal PPGCI UEL<\/span><\/a><\/li><\/ul>\n","protected":false},"excerpt":{"rendered":"<p>Acompanhe-nos nas redes sociais:<\/p>\n","protected":false},"author":0,"featured_media":0,"parent":0,"menu_order":0,"comment_status":"closed","ping_status":"closed","template":"page-templates\/template-without-title.php","meta":{"footnotes":""},"class_list":["post-85","page","type-page","status-publish","hentry"],"_links":{"self":[{"href":"https:\/\/pos.uel.br\/ppgci\/wp-json\/wp\/v2\/pages\/85","targetHints":{"allow":["GET"]}}],"collection":[{"href":"https:\/\/pos.uel.br\/ppgci\/wp-json\/wp\/v2\/pages"}],"about":[{"href":"https:\/\/pos.uel.br\/ppgci\/wp-json\/wp\/v2\/types\/page"}],"replies":[{"embeddable":true,"href":"https:\/\/pos.uel.br\/ppgci\/wp-json\/wp\/v2\/comments?post=85"}],"version-history":[{"count":72,"href":"https:\/\/pos.uel.br\/ppgci\/wp-json\/wp\/v2\/pages\/85\/revisions"}],"predecessor-version":[{"id":2006,"href":"https:\/\/pos.uel.br\/ppgci\/wp-json\/wp\/v2\/pages\/85\/revisions\/2006"}],"wp:attachment":[{"href":"https:\/\/pos.uel.br\/ppgci\/wp-json\/wp\/v2\/media?parent=85"}],"curies":[{"name":"wp","href":"https:\/\/api.w.org\/{rel}","templated":true}]}}