{"id":751,"date":"2023-02-07T14:04:03","date_gmt":"2023-02-07T17:04:03","guid":{"rendered":"https:\/\/pos.uel.br\/ppgci\/?page_id=751"},"modified":"2023-02-27T11:33:47","modified_gmt":"2023-02-27T14:33:47","slug":"selecao-2023-1o-semestre","status":"publish","type":"page","link":"https:\/\/pos.uel.br\/ppgci\/selecao-2023-1o-semestre\/","title":{"rendered":"Sele\u00e7\u00e3o 2023, 1\u00ba Semestre"},"content":{"rendered":"\n<h3 class=\"has-text-align-center wp-block-heading\"><strong>Estudante Especial &#8211; Inscri\u00e7\u00f5es para o 1\u00ba Semestre de 2023<\/strong><\/h3>\n\n\n\n<p><\/p>\n\n\n\n<p><strong>Per\u00edodo de Inscri\u00e7\u00e3o:<\/strong>&nbsp;do dia 9 a 13 de fevereiro de 2023 via <a rel=\"noreferrer noopener\" href=\"http:\/\/www.uel.br\/proppg\/inscricoes\" data-type=\"URL\" data-id=\"http:\/\/www.uel.br\/proppg\/inscricoes\" target=\"_blank\">Web<\/a>.<\/p>\n\n\n\n<p><strong>Per\u00edodo da entrega da documenta\u00e7\u00e3o:&nbsp;<\/strong>do dia&nbsp;9 a 13 de fevereiro de 2023.<\/p>\n\n\n\n<p><\/p>\n\n\n\n<p><strong>Quem poder\u00e1 se candidatar?<\/strong><\/p>\n\n\n\n<p>As inscri\u00e7\u00f5es ser\u00e3o realizadas somente via Internet e estar\u00e3o abertas a candidatos que possuam curso de gradua\u00e7\u00e3o conclu\u00eddo que seja reconhecido pelo \u00f3rg\u00e3o competente, de forma a atender a Resolu\u00e7\u00e3o 007\/2017 da CES\/CNE.<\/p>\n\n\n\n<p><\/p>\n\n\n\n<p><strong>Documentos para Inscri\u00e7\u00e3o:<\/strong><\/p>\n\n\n\n<ol class=\"wp-block-list\">\n<li>Ficha de inscri\u00e7\u00e3o preenchida;<\/li>\n\n\n\n<li>Comprovante de recolhimento do pre\u00e7o p\u00fablico de inscri\u00e7\u00e3o correspondente ao valor de R$ 162,00 (cento e sessenta e dois reais);<\/li>\n\n\n\n<li>Fotoc\u00f3pia da C\u00e9dula de Identidade &#8211; Obrigat\u00f3rio o RG para fins acad\u00eamicos;<\/li>\n\n\n\n<li>Fotoc\u00f3pia do CPF: quando na C\u00e9dula de Identidade n\u00e3o constar o n\u00ba do CPF, fica obrigat\u00f3ria a apresenta\u00e7\u00e3o de c\u00f3pia leg\u00edvel do mesmo ou Comprovante de Situa\u00e7\u00e3o Cadastral no CPF, retirado do&nbsp;<a href=\"https:\/\/www.receita.fazenda.gov.br\/Aplicacoes\/SSL\/ATCTA\/CPF\/ConsultaSituacao\/ConsultaPublica.asp\">site da Receita Federal<\/a>;<\/li>\n\n\n\n<li>Documento Militar (M), para os que possuem menos de 45 anos de idade;<\/li>\n\n\n\n<li>Certid\u00e3o de Nascimento ou Casamento (frente e verso, sem tarja nem dobras);<\/li>\n\n\n\n<li>C\u00f3pia do hist\u00f3rico escolar da Gradua\u00e7\u00e3o;<\/li>\n\n\n\n<li>C\u00f3pia frente e verso do diploma do curso de gradua\u00e7\u00e3o (autenticada para aqueles emitidos por outras IES). Caso o candidato ainda n\u00e3o possua o diploma, dever\u00e1 apresentar documento de cola\u00e7\u00e3o de grau;<\/li>\n\n\n\n<li>Candidatos estrangeiros dever\u00e3o apresentar: 1. c\u00f3pia do passaporte; 2. c\u00f3pia autenticada do diploma de gradua\u00e7\u00e3o (idioma de origem); 3. c\u00f3pia autenticada da tradu\u00e7\u00e3o juramentada do diploma de gradua\u00e7\u00e3o; 4. c\u00f3pia autenticada da Certid\u00e3o de Nascimento ou Casamento (idioma de origem); 5. c\u00f3pia autenticada da tradu\u00e7\u00e3o juramentada da Certid\u00e3o de Nascimento ou Casamento; 6. c\u00f3pia do CPF; 7. visto de perman\u00eancia no pa\u00eds, atualizado.&nbsp;<\/li>\n\n\n\n<li>Arquivo do Curr\u00edculo cadastrado na&nbsp;<strong>Plataforma Lattes<\/strong>&nbsp;(htpp:\/\/lattes.cnpq.br)&nbsp;<strong>DOCUMENTADO<\/strong>.<\/li>\n<\/ol>\n\n\n\n<p><\/p>\n\n\n\n<p><strong>Resultado Final<\/strong><\/p>\n\n\n\n<p>Dispon\u00edvel em&nbsp;<strong>27 de fevereiro de 2023<\/strong>, por meio de Edital a ser publicado via internet, a partir das 16h.&nbsp;<strong>N\u00e3o ser\u00e1<\/strong>&nbsp;informado resultado por telefone.<\/p>\n\n\n\n<p><\/p>\n\n\n\n<p><strong>Per\u00edodo de Matr\u00edcula<\/strong><\/p>\n\n\n\n<p>Os candidatos aprovados e classificados no processo seletivo dever\u00e3o efetivar a matr\u00edcula nos dias 1 e 2 de mar\u00e7o de 2023, via&nbsp;<a href=\"https:\/\/www.sistemasweb.uel.br\/portaldoestudantepos\/\" target=\"_blank\" rel=\"noreferrer noopener\">Web<\/a>. O candidato aprovado e classificado ter\u00e1 que se cadastrar previamente para ter acesso ao Portal do Estudante de P\u00f3s-Gradua\u00e7\u00e3o&nbsp;<strong>e realizar a matr\u00edcula<\/strong>.&nbsp;<\/p>\n\n\n\n<p><\/p>\n\n\n\n<p><strong>Disciplinas ofertadas no 1\u00ba Semestre de 2023<\/strong><\/p>\n\n\n\n<figure class=\"wp-block-table\"><table><tbody><tr><td class=\"has-text-align-center\" data-align=\"center\"><strong>C\u00f3digo Disciplina<\/strong><strong><\/strong><\/td><td class=\"has-text-align-center\" data-align=\"center\"><strong>Nome da disciplina<\/strong><strong><\/strong><\/td><td class=\"has-text-align-center\" data-align=\"center\"><strong>Docente<\/strong><strong><\/strong><\/td><td class=\"has-text-align-center\" data-align=\"center\"><strong>Cr\u00e9ditos<\/strong><strong><\/strong><\/td><td class=\"has-text-align-center\" data-align=\"center\"><strong>Per\u00edodo de oferta<\/strong><strong><\/strong><\/td><td class=\"has-text-align-center\" data-align=\"center\"><strong>Vagas Mest.<\/strong><strong><\/strong><\/td><td class=\"has-text-align-center\" data-align=\"center\"><strong>Vagas Dout.<\/strong><strong><\/strong><\/td><\/tr><tr><td class=\"has-text-align-center\" data-align=\"center\"><strong>2CIN275<\/strong> &nbsp;<\/td><td class=\"has-text-align-center\" data-align=\"center\">Forma\u00e7\u00e3o de Habilidades para Compet\u00eancia em Informa\u00e7\u00e3o.<\/td><td class=\"has-text-align-center\" data-align=\"center\">Profa. Dra. Adriana Rosecler Alcar\u00e1 Engelmann<\/td><td class=\"has-text-align-center\" data-align=\"center\"><strong>Cr\u00e9ditos\/Horas:<\/strong>&nbsp;3cr. \/ 45h<\/td><td class=\"has-text-align-center\" data-align=\"center\">Quarta-feira &#8211; <em>Mar\u00e7o\/maio<\/em> Das 14h \u00e1s 18h <strong>&nbsp;<\/strong> &nbsp;<\/td><td class=\"has-text-align-center\" data-align=\"center\">10<\/td><td class=\"has-text-align-center\" data-align=\"center\">10<\/td><\/tr><tr><td class=\"has-text-align-center\" data-align=\"center\"><strong>2CIN314<\/strong><\/td><td class=\"has-text-align-center\" data-align=\"center\">T\u00f3picos especiais em Ci\u00eancia da Informa\u00e7\u00e3o: A No\u00e7\u00e3o Foucaultiana de Autor na Organiza\u00e7\u00e3o do Conhecimento.<\/td><td class=\"has-text-align-center\" data-align=\"center\">&nbsp; Prof. Dr. F\u00e1bio Furlanete<\/td><td class=\"has-text-align-center\" data-align=\"center\"><strong>Cr\u00e9ditos\/Horas<\/strong><strong>:<\/strong>&nbsp;2cr. \/ 30h<\/td><td class=\"has-text-align-center\" data-align=\"center\">Quinta-feira &#8211; <em>Mar\u00e7o\/Maio<\/em> Das 14h \u00e1s 18h <em>&nbsp;<\/em> &nbsp;<\/td><td class=\"has-text-align-center\" data-align=\"center\">10<\/td><td class=\"has-text-align-center\" data-align=\"center\">10<\/td><\/tr><tr><td class=\"has-text-align-center\" data-align=\"center\"><strong>2CIN153<\/strong><\/td><td class=\"has-text-align-center\" data-align=\"center\">Mem\u00f3ria Organizacional e Informa\u00e7\u00e3o.<\/td><td class=\"has-text-align-center\" data-align=\"center\">Profa. Dra. Let\u00edcia Gorri Molina<\/td><td class=\"has-text-align-center\" data-align=\"center\">Cr\u00e9ditos\/Horas: 3cr.\/45h &nbsp;<\/td><td class=\"has-text-align-center\" data-align=\"center\">Ter\u00e7a-feira &#8211; <em>Maio\/Junho<\/em> Das 14h \u00e1s 18h &nbsp;<\/td><td class=\"has-text-align-center\" data-align=\"center\">10<\/td><td class=\"has-text-align-center\" data-align=\"center\">10<\/td><\/tr><tr><td class=\"has-text-align-center\" data-align=\"center\"><strong>2CIN315<\/strong><\/td><td class=\"has-text-align-center\" data-align=\"center\">T\u00f3picos especiais em Ci\u00eancia da informa\u00e7\u00e3o: A Nova Gest\u00e3o do Conhecimento.<\/td><td class=\"has-text-align-center\" data-align=\"center\">Profa. Dra. Ana Paula Perfetto Demarchi &nbsp;<\/td><td class=\"has-text-align-center\" data-align=\"center\">Cr\u00e9ditos\/Horas: 2cr.\/30hs &nbsp;<\/td><td class=\"has-text-align-center\" data-align=\"center\">Quarta-feira &#8211; <em>Junho\/Julho<\/em> Das 14h \u00e1s 18h <em>&nbsp;<\/em> &nbsp;<\/td><td class=\"has-text-align-center\" data-align=\"center\">10<\/td><td class=\"has-text-align-center\" data-align=\"center\">10<\/td><\/tr><tr><td class=\"has-text-align-center\" data-align=\"center\"><strong>2CIN316<\/strong><\/td><td class=\"has-text-align-center\" data-align=\"center\">T\u00f3picos Especiais em Ci\u00eancia da Informa\u00e7\u00e3o: Dial\u00e9tica do Conhecimento no processo de Representa\u00e7\u00e3o da Informa\u00e7\u00e3o<\/td><td class=\"has-text-align-center\" data-align=\"center\">Prof. Dr. M\u00e1rio Gaudencio (UFERSA)<\/td><td class=\"has-text-align-center\" data-align=\"center\">Cr\u00e9ditos\/Horas: 2cr.\/30h &nbsp;<\/td><td class=\"has-text-align-center\" data-align=\"center\">Disciplina concentrada: 28 e 29 de mar\u00e7o de 2023 Das 9h \u00e1s 12h Das 14h \u00e0s 18h<\/td><td class=\"has-text-align-center\" data-align=\"center\">10<\/td><td class=\"has-text-align-center\" data-align=\"center\">10<\/td><\/tr><\/tbody><\/table><\/figure>\n\n\n\n<p><\/p>\n\n\n\n<p><strong>Cronograma<\/strong><\/p>\n\n\n\n<figure class=\"wp-block-table alignleft\"><table><tbody><tr><td class=\"has-text-align-center\" data-align=\"center\"><strong>PROCEDIMENTOS<\/strong><\/td><td class=\"has-text-align-center\" data-align=\"center\"><strong>DATAS &#8211; 2023<\/strong><\/td><\/tr><tr><td class=\"has-text-align-center\" data-align=\"center\">Per\u00edodo para solicitar isen\u00e7\u00e3o do pre\u00e7o p\u00fablico de inscri\u00e7\u00e3o<br>(doador de sangue e presta\u00e7\u00e3o de servi\u00e7o eleitoral)<\/td><td class=\"has-text-align-center\" data-align=\"center\">&nbsp;31\/01\/2023 a 02\/02\/2023<\/td><\/tr><tr><td class=\"has-text-align-center\" data-align=\"center\">Resultado dos pedidos de isen\u00e7\u00f5es<\/td><td class=\"has-text-align-center\" data-align=\"center\">&nbsp;06\/02\/2023<\/td><\/tr><tr><td class=\"has-text-align-center\" data-align=\"center\">Per\u00edodo para recurso ao resultado das isen\u00e7\u00f5es<\/td><td class=\"has-text-align-center\" data-align=\"center\">&nbsp;07\/02\/2023<\/td><\/tr><tr><td class=\"has-text-align-center\" data-align=\"center\">Resultado do recurso das isen\u00e7\u00f5es<\/td><td class=\"has-text-align-center\" data-align=\"center\">&nbsp;08\/02\/2023<\/td><\/tr><tr><td class=\"has-text-align-center\" data-align=\"center\">Per\u00edodo de inscri\u00e7\u00e3o<\/td><td class=\"has-text-align-center\" data-align=\"center\">09\/02\/2023 a 13\/02\/2023 at\u00e9 \u00e0s 18h<\/td><\/tr><tr><td class=\"has-text-align-center\" data-align=\"center\">Per\u00edodo para envio, por email, da documenta\u00e7\u00e3o exigida<\/td><td class=\"has-text-align-center\" data-align=\"center\">09\/02\/2023 a 13\/02\/2023 at\u00e9 \u00e0s 18h<\/td><\/tr><tr><td class=\"has-text-align-center\" data-align=\"center\">Per\u00edodo de Sele\u00e7\u00e3o&nbsp;&nbsp;&nbsp;&nbsp;&nbsp;<\/td><td class=\"has-text-align-center\" data-align=\"center\">14\/02\/2023 a 20\/02\/2023<\/td><\/tr><tr><td class=\"has-text-align-center\" data-align=\"center\">Publica\u00e7\u00e3o do resultado preliminar&nbsp;&nbsp;&nbsp;&nbsp;<\/td><td class=\"has-text-align-center\" data-align=\"center\">A partir das 16h do dia 23\/02\/2023<\/td><\/tr><tr><td class=\"has-text-align-center\" data-align=\"center\">Recurso<\/td><td class=\"has-text-align-center\" data-align=\"center\">24\/02\/2023 at\u00e9 as 18h<\/td><\/tr><tr><td class=\"has-text-align-center\" data-align=\"center\">Publica\u00e7\u00e3o do resultado final<\/td><td class=\"has-text-align-center\" data-align=\"center\">A partir das 16h do dia 27\/02\/2023<\/td><\/tr><tr><td class=\"has-text-align-center\" data-align=\"center\">Matr\u00edcula dos aprovados<\/td><td class=\"has-text-align-center\" data-align=\"center\">01 e 02 de mar\u00e7o de 2023<\/td><\/tr><tr><td class=\"has-text-align-center\" data-align=\"center\">Envio, via SEDEX, da documenta\u00e7\u00e3o para confirma\u00e7\u00e3o de matr\u00edcula<\/td><td class=\"has-text-align-center\" data-align=\"center\">01 e 02 de mar\u00e7o de 2023<\/td><\/tr><\/tbody><\/table><\/figure>\n\n\n\n<p><\/p>\n\n\n\n<p><\/p>\n\n\n\n<p><\/p>\n\n\n\n<p><\/p>\n\n\n\n<p><\/p>\n\n\n\n<p><\/p>\n\n\n\n<p><\/p>\n\n\n\n<p><\/p>\n\n\n\n<p><\/p>\n\n\n\n<p><\/p>\n\n\n\n<p><\/p>\n\n\n\n<p><\/p>\n\n\n\n<p><\/p>\n\n\n\n<p><\/p>\n\n\n\n<p><\/p>\n\n\n\n<p><strong>Consulte o Edital na \u00cdntegra<\/strong><\/p>\n\n\n\n<div class=\"wp-block-buttons is-layout-flex wp-block-buttons-is-layout-flex\">\n<div class=\"wp-block-button has-custom-width wp-block-button__width-100\"><a class=\"wp-block-button__link has-site-background-color has-primary-accent-background-color has-text-color has-background wp-element-button\" href=\"https:\/\/pos.uel.br\/ppgci\/wp-content\/uploads\/2023\/02\/EDITAL-01-ESTUDANTE-ESPECIAL_Selecao-2023-1o-Semestre.pdf\" target=\"_blank\" rel=\"noreferrer noopener\">EDITAL PARA SELE\u00c7\u00c3O DE ESTUDANTE ESPECIAL 2023 &#8211; 1\u00ba SEMESTRE<\/a><\/div>\n<\/div>\n\n\n\n<p><\/p>\n\n\n\n<p><strong>Consulte o Resultado de Isen\u00e7\u00e3o<\/strong><\/p>\n\n\n\n<div class=\"wp-block-buttons is-layout-flex wp-block-buttons-is-layout-flex\">\n<div class=\"wp-block-button has-custom-width wp-block-button__width-100\"><a class=\"wp-block-button__link has-primary-accent-background-color has-background wp-element-button\" href=\"https:\/\/pos.uel.br\/ppgci\/wp-content\/uploads\/2023\/02\/Lista-de-pedido-de-isencao-Selecao-2023-1o-Semestre.pdf\" target=\"_blank\" rel=\"noreferrer noopener\">PEDIDOS DE ISEN\u00c7\u00c3O DEFERIDOS PARA SELE\u00c7\u00c3O DE ESTUDANTE ESPECIAL 2023 &#8211; 1\u00ba SEMESTRE<\/a><\/div>\n<\/div>\n\n\n\n<p><\/p>\n\n\n\n<p><strong>Consulte o Resultado e Convoca\u00e7\u00e3o para Matr\u00edcula dos Estudantes Especiais 2023 &#8211; 1\u00ba Semestre<\/strong><\/p>\n\n\n\n<div class=\"wp-block-buttons is-layout-flex wp-block-buttons-is-layout-flex\">\n<div class=\"wp-block-button has-custom-width wp-block-button__width-100\"><a class=\"wp-block-button__link has-site-background-color has-primary-accent-background-color has-text-color has-background wp-element-button\" href=\"https:\/\/pos.uel.br\/ppgci\/wp-content\/uploads\/2023\/02\/Edital-PPGCI-05-2023_Estudante-especial_Resultado.pdf\" target=\"_blank\" rel=\"noreferrer noopener\">RESULTADO ESTUDANTE ESPECIAL 2023 &#8211; 1\u00ba SEMESTRE<\/a><\/div>\n<\/div>\n","protected":false},"excerpt":{"rendered":"<p>Estudante Especial &#8211; Inscri\u00e7\u00f5es para o 1\u00ba Semestre de 2023 Per\u00edodo de Inscri\u00e7\u00e3o:&nbsp;do dia 9 a 13 de fevereiro de 2023 via Web. Per\u00edodo da entrega da documenta\u00e7\u00e3o:&nbsp;do dia&nbsp;9 a 13 de fevereiro de 2023. Quem poder\u00e1 se candidatar? As inscri\u00e7\u00f5es ser\u00e3o realizadas somente via Internet e estar\u00e3o abertas a candidatos que possuam curso de [&hellip;]<\/p>\n","protected":false},"author":9,"featured_media":0,"parent":0,"menu_order":0,"comment_status":"closed","ping_status":"closed","template":"","meta":{"footnotes":""},"class_list":["post-751","page","type-page","status-publish","hentry"],"_links":{"self":[{"href":"https:\/\/pos.uel.br\/ppgci\/wp-json\/wp\/v2\/pages\/751","targetHints":{"allow":["GET"]}}],"collection":[{"href":"https:\/\/pos.uel.br\/ppgci\/wp-json\/wp\/v2\/pages"}],"about":[{"href":"https:\/\/pos.uel.br\/ppgci\/wp-json\/wp\/v2\/types\/page"}],"author":[{"embeddable":true,"href":"https:\/\/pos.uel.br\/ppgci\/wp-json\/wp\/v2\/users\/9"}],"replies":[{"embeddable":true,"href":"https:\/\/pos.uel.br\/ppgci\/wp-json\/wp\/v2\/comments?post=751"}],"version-history":[{"count":9,"href":"https:\/\/pos.uel.br\/ppgci\/wp-json\/wp\/v2\/pages\/751\/revisions"}],"predecessor-version":[{"id":1189,"href":"https:\/\/pos.uel.br\/ppgci\/wp-json\/wp\/v2\/pages\/751\/revisions\/1189"}],"wp:attachment":[{"href":"https:\/\/pos.uel.br\/ppgci\/wp-json\/wp\/v2\/media?parent=751"}],"curies":[{"name":"wp","href":"https:\/\/api.w.org\/{rel}","templated":true}]}}