{"id":747,"date":"2023-02-07T14:03:11","date_gmt":"2023-02-07T17:03:11","guid":{"rendered":"https:\/\/pos.uel.br\/ppgci\/?page_id=747"},"modified":"2023-02-18T21:42:40","modified_gmt":"2023-02-19T00:42:40","slug":"selecao-2022-1o-semestre","status":"publish","type":"page","link":"https:\/\/pos.uel.br\/ppgci\/selecao-2022-1o-semestre\/","title":{"rendered":"Sele\u00e7\u00e3o 2022, 1\u00ba Semestre"},"content":{"rendered":"\n<h3 class=\"has-text-align-center wp-block-heading\">Estudante Especial &#8211; Inscri\u00e7\u00f5es para o 1\u00ba Semestre de 2022&nbsp;<\/h3>\n\n\n\n<p><\/p>\n\n\n\n<p><strong>Per\u00edodo de Inscri\u00e7\u00e3o:<\/strong>&nbsp;a partir das 8h do dia 16 de fevereiro at\u00e9 as 12h do dia 18 de fevereiro de 2022 via <a rel=\"noreferrer noopener\" href=\"http:\/\/www.uel.br\/proppg\/inscricoes\" data-type=\"URL\" data-id=\"http:\/\/www.uel.br\/proppg\/inscricoes\" target=\"_blank\">Web<\/a>.<\/p>\n\n\n\n<p><strong>Per\u00edodo da entrega da documenta\u00e7\u00e3o:&nbsp;<\/strong>at\u00e9 4 de mar\u00e7o de 2022.<\/p>\n\n\n\n<p><strong>Quem poder\u00e1 se candidatar?<\/strong><\/p>\n\n\n\n<p>As inscri\u00e7\u00f5es ser\u00e3o realizadas somente via Internet e estar\u00e3o abertas a candidatos que possuam curso de gradua\u00e7\u00e3o conclu\u00eddo que seja reconhecido pelo \u00f3rg\u00e3o competente, de forma a atender a Resolu\u00e7\u00e3o 007\/2017 da CES\/CNE.<\/p>\n\n\n\n<p><\/p>\n\n\n\n<p><strong>Documentos para Inscri\u00e7\u00e3o:<\/strong><\/p>\n\n\n\n<ol class=\"wp-block-list\">\n<li>Ficha de inscri\u00e7\u00e3o preenchida;<\/li>\n\n\n\n<li>Comprovante de recolhimento do pre\u00e7o p\u00fablico de inscri\u00e7\u00e3o correspondente ao valor de R$ 162,00 (cento e sessenta e dois reais);<\/li>\n\n\n\n<li>Fotoc\u00f3pia da C\u00e9dula de Identidade &#8211; Obrigat\u00f3rio o RG para fins acad\u00eamicos;<\/li>\n\n\n\n<li>Fotoc\u00f3pia do CPF: quando na C\u00e9dula de Identidade n\u00e3o constar o n\u00ba do CPF, fica obrigat\u00f3ria a apresenta\u00e7\u00e3o de c\u00f3pia leg\u00edvel do mesmo ou Comprovante de Situa\u00e7\u00e3o Cadastral no CPF, retirado do&nbsp;<a href=\"https:\/\/www.receita.fazenda.gov.br\/Aplicacoes\/SSL\/ATCTA\/CPF\/ConsultaSituacao\/ConsultaPublica.asp\">site da Receita Federal<\/a>;<\/li>\n\n\n\n<li>Documento Militar (M), para os que possuem menos de 45 anos de idade;<\/li>\n\n\n\n<li>Certid\u00e3o de Nascimento ou Casamento (frente e verso, sem tarja nem dobras);<\/li>\n\n\n\n<li>C\u00f3pia do hist\u00f3rico escolar da Gradua\u00e7\u00e3o;<\/li>\n\n\n\n<li>C\u00f3pia frente e verso do diploma do curso de gradua\u00e7\u00e3o (autenticada para aqueles emitidos por outras IES). Caso o candidato ainda n\u00e3o possua o diploma, dever\u00e1 apresentar documento de cola\u00e7\u00e3o de grau;<\/li>\n\n\n\n<li>Candidatos estrangeiros dever\u00e3o apresentar: 1. c\u00f3pia do passaporte; 2. c\u00f3pia autenticada do diploma de gradua\u00e7\u00e3o (idioma de origem); 3. c\u00f3pia autenticada da tradu\u00e7\u00e3o juramentada do diploma de gradua\u00e7\u00e3o; 4. c\u00f3pia autenticada da Certid\u00e3o de Nascimento ou Casamento (idioma de origem); 5. c\u00f3pia autenticada da tradu\u00e7\u00e3o juramentada da Certid\u00e3o de Nascimento ou Casamento; 6. c\u00f3pia do CPF; 7. visto de perman\u00eancia no pa\u00eds, atualizado.<\/li>\n<\/ol>\n\n\n\n<p><\/p>\n\n\n\n<p><strong>Resultado Final<\/strong><\/p>\n\n\n\n<p>Dispon\u00edvel em 24 de fevereiro de 2022, por meio de Edital a ser publicado via internet, a partir das 16h. N\u00e3o ser\u00e1 informado resultado por telefone.<\/p>\n\n\n\n<div class=\"wp-block-buttons is-layout-flex wp-block-buttons-is-layout-flex\">\n<div class=\"wp-block-button has-custom-width wp-block-button__width-100\"><a class=\"wp-block-button__link has-primary-accent-background-color has-background wp-element-button\" href=\"https:\/\/pos.uel.br\/ppgci\/wp-content\/uploads\/2023\/02\/02_2022_Edital-PPGCI-2022-resultado-alunos-especiais_Selecao-2022-1o-Semestre.pdf\" target=\"_blank\" rel=\"noreferrer noopener\">EDITAL DISPON\u00cdVEL AQUI<\/a><\/div>\n<\/div>\n\n\n\n<p><\/p>\n\n\n\n<p><strong>Per\u00edodo de Matr\u00edcula<\/strong><\/p>\n\n\n\n<p>Os candidatos aprovados e classificados no processo seletivo dever\u00e3o efetivar a matr\u00edcula nos dias 3 e 4 de mar\u00e7o de 2022, via&nbsp;<a href=\"https:\/\/sistemas.uel.br\/portaldepos\/index\">WEB<\/a>. O candidato aprovado e classificado ter\u00e1 que se cadastrar previamente para ter acesso ao Portal do Estudante de P\u00f3s-Gradua\u00e7\u00e3o e realizar a matr\u00edcula.&nbsp;<\/p>\n\n\n\n<p><\/p>\n\n\n\n<p><strong>Disciplinas ofertadas no 1\u00ba Semestre de 2022<\/strong><\/p>\n\n\n\n<figure class=\"wp-block-table\"><table><tbody><tr><td class=\"has-text-align-center\" data-align=\"center\"><strong>C\u00f3digo<\/strong><strong>Disciplina<\/strong><\/td><td><strong>Nome da Disciplina\/Docente<\/strong><\/td><td class=\"has-text-align-center\" data-align=\"center\"><strong>Cr\u00e9ditos<\/strong><\/td><td class=\"has-text-align-center\" data-align=\"center\"><strong>N\u00ba de Vagas<\/strong><\/td><\/tr><tr><td class=\"has-text-align-center\" data-align=\"center\">2CIN297<\/td><td>Linha 1 &#8211; T\u00f3picos Especiais em Ci\u00eancia da Informa\u00e7\u00e3o: Folksonomia e representa\u00e7\u00e3o colaborativa de conte\u00fados na Web\/ Profa. Fernanda Santos (UFRJ)<\/td><td class=\"has-text-align-center\" data-align=\"center\">2<\/td><td class=\"has-text-align-center\" data-align=\"center\">10<\/td><\/tr><tr><td class=\"has-text-align-center\" data-align=\"center\">2CIN296<\/td><td>Linha 2 &#8211; T\u00f3picos Especiais em Ci\u00eancia da Informa\u00e7\u00e3o: Mem\u00f3ria, Patrim\u00f4nio e Informa\u00e7\u00e3o: Problematiza\u00e7\u00f5es Contempor\u00e2neas \/ Prof. Marcos Soares<\/td><td class=\"has-text-align-center\" data-align=\"center\">2<\/td><td class=\"has-text-align-center\" data-align=\"center\">10<\/td><\/tr><tr><td class=\"has-text-align-center\" data-align=\"center\">2CIN230<\/td><td>Linha 1 &#8211; Organiza\u00e7\u00e3o, acesso e apropria\u00e7\u00e3o da informa\u00e7\u00e3o e do conhecimento \/ Prof Gilnei<\/td><td class=\"has-text-align-center\" data-align=\"center\">2<\/td><td class=\"has-text-align-center\" data-align=\"center\">10<\/td><\/tr><tr><td class=\"has-text-align-center\" data-align=\"center\">2CIN277<\/td><td>Linha 2 &#8211; T\u00f3picos Especiais em Ci\u00eancia da Informa\u00e7\u00e3o: A nova Gest\u00e3o da Informa\u00e7\u00e3o \/ Profa. Ana Paula Perfetto<\/td><td class=\"has-text-align-center\" data-align=\"center\">2<\/td><td class=\"has-text-align-center\" data-align=\"center\">10<\/td><\/tr><tr><td class=\"has-text-align-center\" data-align=\"center\">2CIN000<\/td><td>T\u00f3picos Especiais em Ci\u00eancia da Informa\u00e7\u00e3o: Leitura e Forma\u00e7\u00e3o Humana: media\u00e7\u00f5es \/ Prof. Rovilson Jose da Silva<\/td><td class=\"has-text-align-center\" data-align=\"center\">2<\/td><td class=\"has-text-align-center\" data-align=\"center\">10<\/td><\/tr><tr><td class=\"has-text-align-center\" data-align=\"center\">2CIN300<\/td><td>&nbsp;LINHA 1 &nbsp;&#8211; T\u00f3picos especiais em ci\u00eancia da informa\u00e7\u00e3o: a informa\u00e7\u00e3o e a ordem do discurso de Michel Foucault<\/td><td class=\"has-text-align-center\" data-align=\"center\">&nbsp;&nbsp;&nbsp;&nbsp;&nbsp;&nbsp; 2<\/td><td class=\"has-text-align-center\" data-align=\"center\">10<\/td><\/tr><tr><td class=\"has-text-align-center\" data-align=\"center\">2CIN153<\/td><td>Linha 2 &#8211; Mem\u00f3ria organizacional e Informa\u00e7\u00e3o \/ Prof. Let\u00edcia Molina<\/td><td class=\"has-text-align-center\" data-align=\"center\">3<\/td><td class=\"has-text-align-center\" data-align=\"center\">10<\/td><\/tr><tr><td class=\"has-text-align-center\" data-align=\"center\">2CINXXX<\/td><td>Linha 2 &#8211; T\u00f3picos especiais em ci\u00eancia da informa\u00e7\u00e3o:Curadoria Digital \/ Prof. Francisco Carlos Paletta<\/td><td class=\"has-text-align-center\" data-align=\"center\">3<\/td><td class=\"has-text-align-center\" data-align=\"center\">10<\/td><\/tr><\/tbody><\/table><\/figure>\n\n\n\n<p><\/p>\n\n\n\n<p><strong>Cronograma<\/strong><\/p>\n\n\n\n<figure class=\"wp-block-table alignleft\"><table><tbody><tr><td><strong>PROCEDIMENTOS<\/strong><\/td><td class=\"has-text-align-center\" data-align=\"center\"><strong>DATAS\/2022<\/strong><\/td><\/tr><tr><td>Per\u00edodo para solicitar isen\u00e7\u00e3o do pre\u00e7o p\u00fablico de Inscri\u00e7\u00e3o (doador de sangue e presta\u00e7\u00e3o de servi\u00e7o eleitoral)<\/td><td class=\"has-text-align-center\" data-align=\"center\">02 a 04 fevereiro<\/td><\/tr><tr><td>Resultado dos pedidos de isen\u00e7\u00f5es<\/td><td class=\"has-text-align-center\" data-align=\"center\">08 de fevereiro<\/td><\/tr><tr><td>Per\u00edodo para recurso ao resultado das isen\u00e7\u00f5es<\/td><td class=\"has-text-align-center\" data-align=\"center\">09 de fevereiro<\/td><\/tr><tr><td>Resultado do recurso das isen\u00e7\u00f5es<\/td><td class=\"has-text-align-center\" data-align=\"center\">11 de fevereiro,<\/td><\/tr><tr><td>Per\u00edodo de inscri\u00e7\u00e3o<\/td><td class=\"has-text-align-center\" data-align=\"center\">Das 8h do dia 16 de fevereiro\u2002\u00e0s 12h do dia 18 de fevereiro<\/td><\/tr><tr><td>Publica\u00e7\u00e3o do resultado<\/td><td class=\"has-text-align-center\" data-align=\"center\">24 de fevereiro<\/td><\/tr><tr><td>Matr\u00edcula<\/td><td class=\"has-text-align-center\" data-align=\"center\">03 e 04 de mar\u00e7o<\/td><\/tr><tr><td>Envio, via SEDEX, da documenta\u00e7\u00e3o para confirma\u00e7\u00e3o de matr\u00edcula<\/td><td class=\"has-text-align-center\" data-align=\"center\">At\u00e9 04 de mar\u00e7o<\/td><\/tr><\/tbody><\/table><\/figure>\n\n\n\n<p><\/p>\n\n\n\n<p><strong>Consulte o Edital na \u00cdntegra<\/strong><\/p>\n\n\n\n<div class=\"wp-block-buttons is-layout-flex wp-block-buttons-is-layout-flex\">\n<div class=\"wp-block-button has-custom-width wp-block-button__width-100\"><a class=\"wp-block-button__link has-primary-accent-background-color has-background wp-element-button\" href=\"https:\/\/pos.uel.br\/ppgci\/wp-content\/uploads\/2023\/02\/Edital-PPGCI-estudante-especial-2022_CIN_2022_Selecao-2022-1o-Semestre.pdf\" target=\"_blank\" rel=\"noreferrer noopener\">EDITAL PARA SELE\u00c7\u00c3O DE ESTUDANTE ESPECIAL 2022 &#8211; 1\u00ba SEMESTRE<\/a><\/div>\n<\/div>\n\n\n\n<p><\/p>\n\n\n\n<p><strong>Consulte o Edital Retificado na \u00cdntegra<\/strong><\/p>\n\n\n\n<div class=\"wp-block-buttons is-layout-flex wp-block-buttons-is-layout-flex\">\n<div class=\"wp-block-button has-custom-width wp-block-button__width-100\"><a class=\"wp-block-button__link has-primary-accent-background-color has-background wp-element-button\" href=\"https:\/\/pos.uel.br\/ppgci\/wp-content\/uploads\/2023\/02\/Edital-PPGCI-estudante-especial-2022_CIN_2022_final_retificado_Selecao-2022-1o-Semestre.pdf\" target=\"_blank\" rel=\"noreferrer noopener\">EDITAL RETIFICADO PARA SELE\u00c7\u00c3O DE ESTUDANTE ESPECIAL 2022 &#8211; 1\u00ba SEMESTRE<\/a><\/div>\n<\/div>\n\n\n\n<p><\/p>\n\n\n\n<p><strong>Consulte o hor\u00e1rio das disciplinas do 1\u00ba semestre de 2022<\/strong><\/p>\n\n\n\n<div class=\"wp-block-buttons is-layout-flex wp-block-buttons-is-layout-flex\">\n<div class=\"wp-block-button has-custom-width wp-block-button__width-100\"><a class=\"wp-block-button__link has-primary-accent-background-color has-background wp-element-button\" href=\"https:\/\/pos.uel.br\/ppgci\/wp-content\/uploads\/2023\/02\/HORARIO_PPGCI_Selecao-2022-1o-Semestre.pdf\" target=\"_blank\" rel=\"noreferrer noopener\">HOR\u00c1RIO DAS DISCIPLINAS DE ESTUDANTE ESPECIAL 2022 &#8211; 1\u00ba SEMESTRE<\/a><\/div>\n<\/div>\n","protected":false},"excerpt":{"rendered":"<p>Estudante Especial &#8211; Inscri\u00e7\u00f5es para o 1\u00ba Semestre de 2022&nbsp; Per\u00edodo de Inscri\u00e7\u00e3o:&nbsp;a partir das 8h do dia 16 de fevereiro at\u00e9 as 12h do dia 18 de fevereiro de 2022 via Web. Per\u00edodo da entrega da documenta\u00e7\u00e3o:&nbsp;at\u00e9 4 de mar\u00e7o de 2022. Quem poder\u00e1 se candidatar? As inscri\u00e7\u00f5es ser\u00e3o realizadas somente via Internet e [&hellip;]<\/p>\n","protected":false},"author":9,"featured_media":0,"parent":0,"menu_order":0,"comment_status":"closed","ping_status":"closed","template":"","meta":{"footnotes":""},"class_list":["post-747","page","type-page","status-publish","hentry"],"_links":{"self":[{"href":"https:\/\/pos.uel.br\/ppgci\/wp-json\/wp\/v2\/pages\/747","targetHints":{"allow":["GET"]}}],"collection":[{"href":"https:\/\/pos.uel.br\/ppgci\/wp-json\/wp\/v2\/pages"}],"about":[{"href":"https:\/\/pos.uel.br\/ppgci\/wp-json\/wp\/v2\/types\/page"}],"author":[{"embeddable":true,"href":"https:\/\/pos.uel.br\/ppgci\/wp-json\/wp\/v2\/users\/9"}],"replies":[{"embeddable":true,"href":"https:\/\/pos.uel.br\/ppgci\/wp-json\/wp\/v2\/comments?post=747"}],"version-history":[{"count":7,"href":"https:\/\/pos.uel.br\/ppgci\/wp-json\/wp\/v2\/pages\/747\/revisions"}],"predecessor-version":[{"id":1111,"href":"https:\/\/pos.uel.br\/ppgci\/wp-json\/wp\/v2\/pages\/747\/revisions\/1111"}],"wp:attachment":[{"href":"https:\/\/pos.uel.br\/ppgci\/wp-json\/wp\/v2\/media?parent=747"}],"curies":[{"name":"wp","href":"https:\/\/api.w.org\/{rel}","templated":true}]}}