{"id":745,"date":"2023-02-07T14:02:44","date_gmt":"2023-02-07T17:02:44","guid":{"rendered":"https:\/\/pos.uel.br\/ppgci\/?page_id=745"},"modified":"2023-02-18T21:41:11","modified_gmt":"2023-02-19T00:41:11","slug":"selecao-2020-1o-semestre","status":"publish","type":"page","link":"https:\/\/pos.uel.br\/ppgci\/selecao-2020-1o-semestre\/","title":{"rendered":"Sele\u00e7\u00e3o 2020, 1\u00ba Semestre"},"content":{"rendered":"\n<h3 class=\"has-text-align-center wp-block-heading\">Estudante Especial &#8211; Inscri\u00e7\u00f5es para o 1\u00ba Semestre de 2020&nbsp;<\/h3>\n\n\n\n<p><\/p>\n\n\n\n<p><strong>Per\u00edodo de Inscri\u00e7\u00e3o:<\/strong>&nbsp;a partir das 8h do dia 19 de fevereiro at\u00e9 as 16h do dia 21 de fevereiro de 2020 via <a rel=\"noreferrer noopener\" href=\"http:\/\/www.uel.br\/proppg\/inscricoes\" data-type=\"URL\" data-id=\"http:\/\/www.uel.br\/proppg\/inscricoes\" target=\"_blank\">Web<\/a>.<\/p>\n\n\n\n<p><strong>Per\u00edodo da entrega da documenta\u00e7\u00e3o:&nbsp;<\/strong>no per\u00edodo de 19 a 21 de fevereiro, das 8h30 \u00e0s 11h e das 13h30 \u00e0s 16h.<\/p>\n\n\n\n<p><\/p>\n\n\n\n<p><strong>Quem poder\u00e1 se candidatar?<\/strong><\/p>\n\n\n\n<p>Poder\u00e3o candidatar-se \u00e0s disciplinas, portadores de diplomas de curso superior na modalidade licenciatura ou bacharelado, reconhecidos pelo MEC e que tenham interesse nos processos pertinentes a \u00e1rea de Ci\u00eancia da Informa\u00e7\u00e3o.<\/p>\n\n\n\n<p><\/p>\n\n\n\n<p><strong>Documentos para Inscri\u00e7\u00e3o:<\/strong><\/p>\n\n\n\n<ol class=\"wp-block-list\">\n<li>Ficha de inscri\u00e7\u00e3o preenchida;<\/li>\n\n\n\n<li>Comprovante de recolhimento do pre\u00e7o p\u00fablico de inscri\u00e7\u00e3o correspondente ao valor de R$ 162,00 (cento e sessenta e dois reais);<\/li>\n\n\n\n<li>Curriculum Lattes documentado.<\/li>\n<\/ol>\n\n\n\n<p><\/p>\n\n\n\n<p><strong>Resultado Final<\/strong><\/p>\n\n\n\n<p>Dispon\u00edvel em 02 de mar\u00e7o de 2020, por meio de Edital a ser publicado via internet, ap\u00f3s as 16h. N\u00e3o ser\u00e1 informado resultado por telefone.<\/p>\n\n\n\n<div class=\"wp-block-buttons is-layout-flex wp-block-buttons-is-layout-flex\">\n<div class=\"wp-block-button has-custom-width wp-block-button__width-100\"><a class=\"wp-block-button__link has-primary-accent-background-color has-background wp-element-button\" href=\"https:\/\/pos.uel.br\/ppgci\/wp-content\/uploads\/2023\/02\/Edital-PPGCI-002-2020-resultado-e-convocacao-alunos-especiais_Selecao-2020-1o-Semestre.pdf\" target=\"_blank\" rel=\"noreferrer noopener\">EDITAL DISPON\u00cdVEL AQUI<\/a><\/div>\n<\/div>\n\n\n\n<p><\/p>\n\n\n\n<p><strong>Per\u00edodo de Matr\u00edcula<\/strong><\/p>\n\n\n\n<p>Os candidatos aprovados e classificados no processo seletivo dever\u00e3o efetivar a matr\u00edcula no dia 05 de mar\u00e7o, via WEB. Mais informa\u00e7\u00f5es pelo telefone: (43) 3371-4665<\/p>\n\n\n\n<p><\/p>\n\n\n\n<p><strong>Disciplinas Optativas, 1\u00ba Semestre de 2020<\/strong><\/p>\n\n\n\n<p><\/p>\n\n\n\n<div class=\"wp-block-columns has-site-background-background-color has-background is-layout-flex wp-container-core-columns-is-layout-9d6595d7 wp-block-columns-is-layout-flex\">\n<div class=\"wp-block-column is-vertically-aligned-center is-layout-flow wp-block-column-is-layout-flow\" style=\"flex-basis:33.33%\">\n<p class=\"has-text-align-center\">2CIN276&nbsp;FUNDAMENTOS SEMI\u00d3TICOS DA ORGANIZA\u00c7\u00c3O DO CONHECIMENTO<\/p>\n<\/div>\n\n\n\n<div class=\"wp-block-column is-layout-flow wp-block-column-is-layout-flow\" style=\"flex-basis:66.66%\">\n<p>Informa\u00e7\u00e3o como sistema de linguagem. Teoria dos signos de C. S. Peirce e o percurso entre a informa\u00e7\u00e3o e o conhecimento. O car\u00e1ter normativo da semi\u00f3tica na representa\u00e7\u00e3o e na organiza\u00e7\u00e3o do conhecimento. Possibilidades anal\u00edticas da abordagem semi\u00f3tica para os diferentes processos de investiga\u00e7\u00e3o, defini\u00e7\u00e3o terminol\u00f3gica, descri\u00e7\u00e3o de dados, metodologias de registro e vincula\u00e7\u00e3o epistemol\u00f3gica da informa\u00e7\u00e3o.<br><strong>Docente:<\/strong>Prof. Dr. Miguel Luiz Contani<br><strong>Cr\u00e9ditos\/Horas:<\/strong>&nbsp;4cr. \/ 60h<strong>Dias e Hor\u00e1rios:<\/strong>&nbsp;Segundas-feiras &#8211; 14h \u00e0s 18h<br><strong>Per\u00edodo:<\/strong>&nbsp;13 de abril a 27 de julho<\/p>\n<\/div>\n<\/div>\n\n\n\n<div class=\"wp-block-columns has-site-background-background-color has-background is-layout-flex wp-container-core-columns-is-layout-9d6595d7 wp-block-columns-is-layout-flex\">\n<div class=\"wp-block-column is-vertically-aligned-center is-layout-flow wp-block-column-is-layout-flow\" style=\"flex-basis:33.33%\">\n<p class=\"has-text-align-center\">2CIN271&nbsp;MEDIA\u00c7\u00c3O ORAL DA INFORMA\u00c7\u00c3O<\/p>\n<\/div>\n\n\n\n<div class=\"wp-block-column is-layout-flow wp-block-column-is-layout-flow\" style=\"flex-basis:66.66%\">\n<p>Media\u00e7\u00e3o oral da informa\u00e7\u00e3o, a oralisfera e a performance do mediador oral na constru\u00e7\u00e3o de fontes orais.<br><strong>Docente:<\/strong>Profa. Dra. Sueli Bortolin e Prof. Dr. Jo\u00e3o Arlindo dos Santos Neto<br><strong>Cr\u00e9ditos\/Horas:<\/strong>&nbsp;2cr. \/ 30h<strong>Dias e Hor\u00e1rios<\/strong>&nbsp;Segundas-feiras &#8211; 08h \u00e0s 12h<br><strong>Per\u00edodo:<\/strong>&nbsp;16 de mar\u00e7o a 20 de abril<\/p>\n<\/div>\n<\/div>\n\n\n\n<div class=\"wp-block-columns has-site-background-background-color has-background is-layout-flex wp-container-core-columns-is-layout-9d6595d7 wp-block-columns-is-layout-flex\">\n<div class=\"wp-block-column is-vertically-aligned-center is-layout-flow wp-block-column-is-layout-flow\" style=\"flex-basis:33.33%\">\n<p class=\"has-text-align-center\">2CIN275&nbsp;FORMA\u00c7\u00c3O DE HABILIDADES PARA A COMPET\u00caNCIA EM INFORMA\u00c7\u00c3O<\/p>\n<\/div>\n\n\n\n<div class=\"wp-block-column is-layout-flow wp-block-column-is-layout-flow\" style=\"flex-basis:66.66%\">\n<p>O processo de forma\u00e7\u00e3o e desenvolvimento de habilidades informacionais para a compet\u00eancia em informa\u00e7\u00e3o em diferentes contextos.<br><strong>Docente:<\/strong>&nbsp;Profa. Dra. Adriana Rosecler Alcar\u00e1 Engelmann<br><strong>Cr\u00e9ditos\/Horas:<\/strong>&nbsp;3cr. \/ 45h<strong>Dias e Hor\u00e1rios:<\/strong>&nbsp;Ter\u00e7as-feiras &#8211; 08h \u00e0s 12h e 14h \u00e0s 18h<br><strong>Per\u00edodo:<\/strong>&nbsp;09 de junho a 30 de junho<\/p>\n<\/div>\n<\/div>\n\n\n\n<div class=\"wp-block-columns has-site-background-background-color has-background is-layout-flex wp-container-core-columns-is-layout-9d6595d7 wp-block-columns-is-layout-flex\">\n<div class=\"wp-block-column is-vertically-aligned-center is-layout-flow wp-block-column-is-layout-flow\" style=\"flex-basis:33.33%\">\n<p class=\"has-text-align-center\">2CIN153&nbsp;MEM\u00d3RIA ORGANIZACIONAL E INFORMA\u00c7\u00c3O<\/p>\n<\/div>\n\n\n\n<div class=\"wp-block-column is-layout-flow wp-block-column-is-layout-flow\" style=\"flex-basis:66.66%\">\n<p>Aspectos da utiliza\u00e7\u00e3o da mem\u00f3ria organizacional e individual para a estrat\u00e9gia da organiza\u00e7\u00e3o. A mem\u00f3ria individual como recurso de conhecimento nas organiza\u00e7\u00f5es.<br><strong>Docente:<\/strong>Profa. Dra. Let\u00edcia Gorri Molina e Profa. Dra. Juliana Cardoso dos Santos<br><strong>Cr\u00e9ditos\/Horas:<\/strong>&nbsp;3cr. \/ 45h<strong>Dias e Hor\u00e1rios<\/strong>&nbsp;quartas-feiras &#8211; 14h \u00e0s 18h<br><strong>Per\u00edodo:<\/strong>&nbsp;06 de maio a 01 de julho<\/p>\n<\/div>\n<\/div>\n\n\n\n<div class=\"wp-block-columns has-site-background-background-color has-background is-layout-flex wp-container-core-columns-is-layout-9d6595d7 wp-block-columns-is-layout-flex\">\n<div class=\"wp-block-column is-vertically-aligned-center is-layout-flow wp-block-column-is-layout-flow\" style=\"flex-basis:33.33%\">\n<p class=\"has-text-align-center\">2CIN235&nbsp;T\u00d3PICOS ESPECIAIS EM CI\u00caNCIA DA INFORMA\u00c7\u00c3O: TECNOLOGIAS DE REPRESENTA\u00c7\u00c3O E ORGANIZA\u00c7\u00c3O<\/p>\n<\/div>\n\n\n\n<div class=\"wp-block-column is-layout-flow wp-block-column-is-layout-flow\" style=\"flex-basis:66.66%\">\n<p>An\u00e1lise dos aspectos te\u00f3ricos que fundamentam os processos de recupera\u00e7\u00e3o da informa\u00e7\u00e3o e s seus impactos na \u00e1rea de Ci\u00eancia da Informa\u00e7\u00e3o.<br><strong>Docente:<\/strong>&nbsp;Prof. Dr. Rog\u00e9rio Aparecido S\u00e1 Ramalho (UFSCar)<br><strong>Cr\u00e9ditos\/Horas:<\/strong>&nbsp;2cr. \/ 30h<strong>Hor\u00e1rio:<\/strong>14h \u00e0s 18h<br><strong>Per\u00edodo:<\/strong>&nbsp;19, 20 e 21 de maio (CONCENTRADA)<\/p>\n<\/div>\n<\/div>\n\n\n\n<div class=\"wp-block-columns has-site-background-background-color has-background is-layout-flex wp-container-core-columns-is-layout-9d6595d7 wp-block-columns-is-layout-flex\">\n<div class=\"wp-block-column is-vertically-aligned-center is-layout-flow wp-block-column-is-layout-flow\" style=\"flex-basis:33.33%\">\n<p class=\"has-text-align-center\">2CIN230&nbsp;T\u00d3PICOS ESPECIAIS EM CI\u00caNCIA DA INFORMA\u00c7\u00c3O: ORGANIZA\u00c7\u00c3O, ACESSO E APROPRIA\u00c7\u00c3O DA INFORMA\u00c7\u00c3O E DO CONHECIMENTO<\/p>\n<\/div>\n\n\n\n<div class=\"wp-block-column is-layout-flow wp-block-column-is-layout-flow\" style=\"flex-basis:66.66%\">\n<p>Conceitos, m\u00e9todos, pr\u00e1ticas e tecnologias. Relev\u00e2ncia e uso da informa\u00e7\u00e3o. Modelos de busca e recupera\u00e7\u00e3o da informa\u00e7\u00e3o. Recursos computacionais na minera\u00e7\u00e3o e an\u00e1lise de dados. \u00c9tica da Informa\u00e7\u00e3o. Organiza\u00e7\u00e3o e gest\u00e3o da informa\u00e7\u00e3o e do conhecimento na Web de dados para tomada de decis\u00e3o \u2013 contribui\u00e7\u00f5es da Ci\u00eancia da Informa\u00e7\u00e3o.&nbsp;<strong>Docente:<\/strong>&nbsp;Prof. Dr. Francisco Carlos Paletta (USP)<br><strong>Cr\u00e9ditos\/Horas:<\/strong>&nbsp;2cr. \/ 30h<strong>Hor\u00e1rio:<\/strong>14h \u00e0s 18h<br><strong>Per\u00edodo:<\/strong>&nbsp;01, 02 e 03 de junho (CONCENTRADA)<\/p>\n<\/div>\n<\/div>\n\n\n\n<div class=\"wp-block-columns has-site-background-background-color has-background is-layout-flex wp-container-core-columns-is-layout-9d6595d7 wp-block-columns-is-layout-flex\">\n<div class=\"wp-block-column is-vertically-aligned-center is-layout-flow wp-block-column-is-layout-flow\" style=\"flex-basis:33.33%\">\n<p class=\"has-text-align-center\">2CIN292&nbsp;T\u00d3PICOS ESPECIAIS EM CI\u00caNCIA DA INFORMA\u00c7\u00c3O: TEORIA CR\u00cdTICA DA INFORMA\u00c7\u00c3O<\/p>\n<\/div>\n\n\n\n<div class=\"wp-block-column is-layout-flow wp-block-column-is-layout-flow\" style=\"flex-basis:66.66%\">\n<p><strong>Docente:<\/strong>&nbsp;Luciane de F\u00e1tima Beckman Cavalcante<br><strong>Cr\u00e9ditos\/Horas:<\/strong>&nbsp;1cr. \/ 15h<strong>Hor\u00e1rio:<\/strong>14h \u00e0s 18h<br><strong>Per\u00edodo:<\/strong>&nbsp;06, 07 e 08 de abril (CONCENTRADA)<\/p>\n<\/div>\n<\/div>\n\n\n\n<p><\/p>\n\n\n\n<p><strong>Observa\u00e7\u00e3o:<\/strong>&nbsp;O calend\u00e1rio e hor\u00e1rio das aulas poder\u00e3o ser alterados de acordo com a disponibilidade dos professores.&nbsp;<br><strong>N\u00famero de Vagas:<\/strong>&nbsp;10 vagas para Mestrado Acad\u00eamico e at\u00e9 10 vagas para Doutorado.<\/p>\n\n\n\n<p><strong>ATEN\u00c7\u00c3O:<\/strong>&nbsp;O candidato poder\u00e1 optar por at\u00e9 02 (duas) disciplinas, com a explicita\u00e7\u00e3o obrigat\u00f3ria da ordem de prefer\u00eancia.<\/p>\n\n\n\n<p><\/p>\n\n\n\n<p><strong>Cronograma<\/strong><\/p>\n\n\n\n<figure class=\"wp-block-table alignleft\"><table><tbody><tr><td class=\"has-text-align-center\" data-align=\"center\">19 a 21 de fevereiro de 2020<\/td><td class=\"has-text-align-center\" data-align=\"center\">Inscri\u00e7\u00e3o via Web<\/td><\/tr><tr><td class=\"has-text-align-center\" data-align=\"center\">19 a 21 de fevereiro de 2020 <br>8h30 \u00e0s 11h e 13h30 \u00e0s 16h<\/td><td class=\"has-text-align-center\" data-align=\"center\">Entrega da Documenta\u00e7\u00e3o<\/td><\/tr><tr><td class=\"has-text-align-center\" data-align=\"center\">27 e 28 de fevereiro de 2020<\/td><td class=\"has-text-align-center\" data-align=\"center\">An\u00e1lise e avalia\u00e7\u00e3o do curr\u00edculo<\/td><\/tr><tr><td class=\"has-text-align-center\" data-align=\"center\">02 de mar\u00e7o de 2020<\/td><td class=\"has-text-align-center\" data-align=\"center\">Publica\u00e7\u00e3o do resultado no site<\/td><\/tr><tr><td class=\"has-text-align-center\" data-align=\"center\">05 de mar\u00e7o de 2020<\/td><td class=\"has-text-align-center\" data-align=\"center\">Matr\u00edcula via Web&nbsp;<\/td><\/tr><\/tbody><\/table><\/figure>\n\n\n\n<p><\/p>\n\n\n\n<p><\/p>\n\n\n\n<p><\/p>\n\n\n\n<p><\/p>\n\n\n\n<p><\/p>\n\n\n\n<p><\/p>\n\n\n\n<p><\/p>\n\n\n\n<p><strong>Consulte o Edital na \u00cdntegra<\/strong><\/p>\n\n\n\n<div class=\"wp-block-buttons is-layout-flex wp-block-buttons-is-layout-flex\">\n<div class=\"wp-block-button has-custom-width wp-block-button__width-100\"><a class=\"wp-block-button__link has-primary-accent-background-color has-background wp-element-button\" href=\"https:\/\/pos.uel.br\/ppgci\/wp-content\/uploads\/2023\/02\/EDITAL-PPGCI-001-2020-estudante-especial_Selecao-2020-1o-Semestre.pdf\" target=\"_blank\" rel=\"noreferrer noopener\">EDITAL PARA SELE\u00c7\u00c3O DE ESTUDANTE ESPECIAL 2020 &#8211; 1\u00ba SEMESTRE<\/a><\/div>\n<\/div>\n","protected":false},"excerpt":{"rendered":"<p>Estudante Especial &#8211; Inscri\u00e7\u00f5es para o 1\u00ba Semestre de 2020&nbsp; Per\u00edodo de Inscri\u00e7\u00e3o:&nbsp;a partir das 8h do dia 19 de fevereiro at\u00e9 as 16h do dia 21 de fevereiro de 2020 via Web. Per\u00edodo da entrega da documenta\u00e7\u00e3o:&nbsp;no per\u00edodo de 19 a 21 de fevereiro, das 8h30 \u00e0s 11h e das 13h30 \u00e0s 16h. Quem [&hellip;]<\/p>\n","protected":false},"author":9,"featured_media":0,"parent":0,"menu_order":0,"comment_status":"closed","ping_status":"closed","template":"","meta":{"footnotes":""},"class_list":["post-745","page","type-page","status-publish","hentry"],"_links":{"self":[{"href":"https:\/\/pos.uel.br\/ppgci\/wp-json\/wp\/v2\/pages\/745","targetHints":{"allow":["GET"]}}],"collection":[{"href":"https:\/\/pos.uel.br\/ppgci\/wp-json\/wp\/v2\/pages"}],"about":[{"href":"https:\/\/pos.uel.br\/ppgci\/wp-json\/wp\/v2\/types\/page"}],"author":[{"embeddable":true,"href":"https:\/\/pos.uel.br\/ppgci\/wp-json\/wp\/v2\/users\/9"}],"replies":[{"embeddable":true,"href":"https:\/\/pos.uel.br\/ppgci\/wp-json\/wp\/v2\/comments?post=745"}],"version-history":[{"count":11,"href":"https:\/\/pos.uel.br\/ppgci\/wp-json\/wp\/v2\/pages\/745\/revisions"}],"predecessor-version":[{"id":1109,"href":"https:\/\/pos.uel.br\/ppgci\/wp-json\/wp\/v2\/pages\/745\/revisions\/1109"}],"wp:attachment":[{"href":"https:\/\/pos.uel.br\/ppgci\/wp-json\/wp\/v2\/media?parent=745"}],"curies":[{"name":"wp","href":"https:\/\/api.w.org\/{rel}","templated":true}]}}