{"id":743,"date":"2023-02-07T14:02:22","date_gmt":"2023-02-07T17:02:22","guid":{"rendered":"https:\/\/pos.uel.br\/ppgci\/?page_id=743"},"modified":"2023-02-18T21:40:01","modified_gmt":"2023-02-19T00:40:01","slug":"selecao-2019-2o-semestre","status":"publish","type":"page","link":"https:\/\/pos.uel.br\/ppgci\/selecao-2019-2o-semestre\/","title":{"rendered":"Sele\u00e7\u00e3o 2019, 2\u00ba Semestre"},"content":{"rendered":"\n<h3 class=\"has-text-align-center wp-block-heading\">Estudante Especial &#8211; Inscri\u00e7\u00f5es para o 2\u00ba Semestre de 2019<\/h3>\n\n\n\n<p><\/p>\n\n\n\n<p><strong>Per\u00edodo de Inscri\u00e7\u00e3o:<\/strong>&nbsp;a partir das 8h do dia 22 de julho at\u00e9 as 16h do dia 24 de julho de 2019 via <a rel=\"noreferrer noopener\" href=\"http:\/\/www.uel.br\/proppg\/portalnovo\/pages\/inscricoes-programas-cursos\/inscricoes-por-nivel.php\" data-type=\"URL\" data-id=\"http:\/\/www.uel.br\/proppg\/portalnovo\/pages\/inscricoes-programas-cursos\/inscricoes-por-nivel.php\" target=\"_blank\">Web<\/a>.<\/p>\n\n\n\n<p><\/p>\n\n\n\n<p><strong>Quem poder\u00e1 se candidatar?<\/strong><\/p>\n\n\n\n<p>Poder\u00e3o candidatar-se \u00e0s disciplinas, portadores de diplomas de curso superior na modalidade licenciatura ou bacharelado, reconhecidos pelo MEC e que tenham interesse nos processos pertinentes a \u00e1rea de Ci\u00eancia da Informa\u00e7\u00e3o.<\/p>\n\n\n\n<p><\/p>\n\n\n\n<p><strong>Documentos para Inscri\u00e7\u00e3o:<\/strong><\/p>\n\n\n\n<ol class=\"wp-block-list\">\n<li>Ficha de inscri\u00e7\u00e3o preenchida;<\/li>\n\n\n\n<li>Comprovante de recolhimento do pre\u00e7o p\u00fablico de inscri\u00e7\u00e3o correspondente ao valor de R$ 162,00 (cento e sessenta e dois reais);<\/li>\n\n\n\n<li>Curriculum Lattes documentado.<\/li>\n<\/ol>\n\n\n\n<p><\/p>\n\n\n\n<p><strong>Resultado Final<\/strong><\/p>\n\n\n\n<p>Dispon\u00edvel em 29 de julho de 2019, por meio de Edital a ser publicado via internet, ap\u00f3s as 16h. N\u00e3o ser\u00e1 informado resultado por telefone.<\/p>\n\n\n\n<div class=\"wp-block-buttons is-layout-flex wp-block-buttons-is-layout-flex\">\n<div class=\"wp-block-button has-custom-width wp-block-button__width-100\"><a class=\"wp-block-button__link has-primary-accent-background-color has-background wp-element-button\" href=\"https:\/\/pos.uel.br\/ppgci\/wp-content\/uploads\/2023\/02\/Edital-Aluno-Especial-2019.2_Selecao-2019-2o-Semestre_Resultado-final.pdf\" target=\"_blank\" rel=\"noreferrer noopener\">EDITAL DISPON\u00cdVEL AQUI<\/a><\/div>\n<\/div>\n\n\n\n<p><\/p>\n\n\n\n<p><strong>Per\u00edodo e Local de Matr\u00edcula<\/strong><\/p>\n\n\n\n<p>Os candidatos aprovados e classificados no processo seletivo dever\u00e3o efetivar a matr\u00edcula nos dias 01 e 02 de agosto de 2019, via WEB e dever\u00e1 ainda no mesmo per\u00edodo, 5\u00aa e 6\u00aa feira, no hor\u00e1rio das 14h \u00e0s 18h, entregar os documentos na Secretaria do Programa, no Centro de Educa\u00e7\u00e3o, Comunica\u00e7\u00e3o e Artes\/CECA &#8211; Campus Universit\u00e1rio onde o curso est\u00e1 vinculado. Mais informa\u00e7\u00f5es pelo telefone: (43) 3371-5914 ou (43) 3371-4665<\/p>\n\n\n\n<p><\/p>\n\n\n\n<p><strong>Disciplinas Optativas, 2\u00ba Semestre de 2019<\/strong><\/p>\n\n\n\n<p><\/p>\n\n\n\n<div class=\"wp-block-columns has-site-background-background-color has-background is-layout-flex wp-container-core-columns-is-layout-9d6595d7 wp-block-columns-is-layout-flex\">\n<div class=\"wp-block-column is-vertically-aligned-center is-layout-flow wp-block-column-is-layout-flow\" style=\"flex-basis:33.33%\">\n<p class=\"has-text-align-center\">2CIN229 MESTRADO E DOUTORADO&nbsp;&nbsp;MEDIA\u00c7\u00c3O CULTURAL NO \u00c2MBITO DA CI\u00caNCIA DA INFORMA\u00c7\u00c3O<\/p>\n<\/div>\n\n\n\n<div class=\"wp-block-column is-layout-flow wp-block-column-is-layout-flow\" style=\"flex-basis:66.66%\">\n<p>Conceito de Media\u00e7\u00e3o Cultural. Informa\u00e7\u00e3o, Cultura e Sociedade. Media\u00e7\u00e3o Cultural em diferentes ambientes informacionais.<br><strong>Docente:<\/strong>&nbsp;Profa. Dra. Luciane de F\u00e1tima Beckman Cavalcante (UEL)<br><strong>Cr\u00e9ditos\/Horas:<\/strong>&nbsp;3cr. \/ 45h<strong>Dias e Hor\u00e1rios:<\/strong>&nbsp;Segundas-feiras, das 14hs \u00e0s 18h<br><strong>Data de In\u00edcio:<\/strong>&nbsp;02 de setembro de 2019<\/p>\n<\/div>\n<\/div>\n\n\n\n<div class=\"wp-block-columns has-site-background-background-color has-background is-layout-flex wp-container-core-columns-is-layout-9d6595d7 wp-block-columns-is-layout-flex\">\n<div class=\"wp-block-column is-vertically-aligned-center is-layout-flow wp-block-column-is-layout-flow\" style=\"flex-basis:33.33%\">\n<p class=\"has-text-align-center\">*2CIN233 MESTRADO E DOUTORADO&nbsp;POL\u00cdTICAS DE INFORMA\u00c7\u00c3O E GEST\u00c3O&nbsp; P\u00daBLICA<\/p>\n<\/div>\n\n\n\n<div class=\"wp-block-column is-layout-flow wp-block-column-is-layout-flow\" style=\"flex-basis:66.66%\">\n<p><strong>Docente:<\/strong>&nbsp;Profa. Dra. Terezinha Elisabeth da Silva (UEL)<br><strong>Cr\u00e9ditos\/Horas:<\/strong>&nbsp;2cr. \/ 30h<strong>Dias e Hor\u00e1rios &#8211; DISCIPLINA CONCENTRADA:<\/strong>&nbsp;das 14hs \u00e0s 18h<br><strong>Data de In\u00edcio:<\/strong>&nbsp;23 a 27 de setembro de 2019<\/p>\n<\/div>\n<\/div>\n\n\n\n<div class=\"wp-block-columns has-site-background-background-color has-background is-layout-flex wp-container-core-columns-is-layout-9d6595d7 wp-block-columns-is-layout-flex\">\n<div class=\"wp-block-column is-vertically-aligned-center is-layout-flow wp-block-column-is-layout-flow\" style=\"flex-basis:33.33%\">\n<p class=\"has-text-align-center\">2CIN239 MESTRADO E DOUTORADO&nbsp;T\u00d3PICOS ESPECIAIS EM CI\u00caNCIA DA INFORMA\u00c7\u00c3O: PR\u00c1TICAS INFORMACIONAIS E AS ABORDAGENS DOS ESTUDOS DE USU\u00c1RIOS DA INFORMA\u00c7\u00c3O<\/p>\n<\/div>\n\n\n\n<div class=\"wp-block-column is-vertically-aligned-center is-layout-flow wp-block-column-is-layout-flow\" style=\"flex-basis:66.66%\">\n<p><strong>Docente:<\/strong>&nbsp;Profa. Dra. Ilemar Christina Lansoni Wey Berti (UEL)<br><strong>Cr\u00e9ditos\/Horas:<\/strong>&nbsp;2cr. \/ 30h<strong>Dias e Hor\u00e1rios:<\/strong>&nbsp;Sextas-feiras, das 08hs \u00e0s 12hs<br><strong>Data de In\u00edcio:<\/strong>&nbsp;30 de agosto de 2019<\/p>\n<\/div>\n<\/div>\n\n\n\n<div class=\"wp-block-columns has-site-background-background-color has-background is-layout-flex wp-container-core-columns-is-layout-9d6595d7 wp-block-columns-is-layout-flex\">\n<div class=\"wp-block-column is-vertically-aligned-center is-layout-flow wp-block-column-is-layout-flow\" style=\"flex-basis:33.33%\">\n<p class=\"has-text-align-center\">*2CIN240 MESTRADO E DOUTORADO&nbsp;BIBLIOGRAFIA: INFLEX\u00d5ES CONCEITUAIS, HIST\u00d3RICAS E DISCIPLINARES<\/p>\n<\/div>\n\n\n\n<div class=\"wp-block-column is-layout-flow wp-block-column-is-layout-flow\" style=\"flex-basis:66.66%\">\n<p><strong>Docente:<\/strong>&nbsp;Prof. Dr. Andr\u00e9 Vieira de Freitas Araujo (UFRJ)<br><strong>Cr\u00e9ditos\/Horas:<\/strong>&nbsp;1cr. \/ 15h<strong>Dias e Hor\u00e1rios &#8211; DISCIPLINA CONCENTRADA:<\/strong>&nbsp;das 08hs \u00e0s 12hs<br><strong>Data de In\u00edcio:<\/strong>&nbsp;22 e 23 de agosto de 2019<\/p>\n<\/div>\n<\/div>\n\n\n\n<div class=\"wp-block-columns has-site-background-background-color has-background is-layout-flex wp-container-core-columns-is-layout-9d6595d7 wp-block-columns-is-layout-flex\">\n<div class=\"wp-block-column is-vertically-aligned-center is-layout-flow wp-block-column-is-layout-flow\" style=\"flex-basis:33.33%\">\n<p class=\"has-text-align-center\">2CIN253 MESTRADO E DOUTORADO&nbsp;BASES CONCEITUAIS DA ORGANIZA\u00c7\u00c3O E REPRESENTA\u00c7\u00c3O DO CONHECIMENTO: ABORDAGEM TERMINOL\u00d3GICA<\/p>\n<\/div>\n\n\n\n<div class=\"wp-block-column is-layout-flow wp-block-column-is-layout-flow\" style=\"flex-basis:66.66%\">\n<p>Estrutura e funcionalidade da Organiza\u00e7\u00e3o e Representa\u00e7\u00e3o da Informa\u00e7\u00e3o e do Conhecimento com \u00eanfase na abordagem terminol\u00f3gica.<br><strong>Docente:<\/strong>&nbsp;Profa. Dra. Br\u00edgida Maria Nogueira Cervantes (UEL) e Prof. Dr. Decio Wey Berti Jr.(UEL)<br><strong>Cr\u00e9ditos\/Horas:<\/strong>&nbsp;2cr. \/ 30h<strong>Dias e Hor\u00e1rios:<\/strong>&nbsp;Quintas-feiras, das 14hs \u00e0s 18h<br><strong>Data de In\u00edcio:<\/strong>&nbsp;07 de novembro de 2019<\/p>\n<\/div>\n<\/div>\n\n\n\n<div class=\"wp-block-columns has-site-background-background-color has-background is-layout-flex wp-container-core-columns-is-layout-9d6595d7 wp-block-columns-is-layout-flex\">\n<div class=\"wp-block-column is-vertically-aligned-center is-layout-flow wp-block-column-is-layout-flow\" style=\"flex-basis:33.33%\">\n<p class=\"has-text-align-center\">2CIN185 MESTRADO E DOUTORADO&nbsp;REPRESENTA\u00c7\u00c3O DA INFORMA\u00c7\u00c3O E LINGU\u00cdSTICA TEXTUAL<\/p>\n<\/div>\n\n\n\n<div class=\"wp-block-column is-layout-flow wp-block-column-is-layout-flow\" style=\"flex-basis:66.66%\">\n<p>O uso da Linguagem natural no \u00e2mbito dos processos e produtos de representa\u00e7\u00e3o para a recupera\u00e7\u00e3o da informa\u00e7\u00e3o. Pressupostos da Lingu\u00edstica Textual para a representa\u00e7\u00e3o e recupera\u00e7\u00e3o da informa\u00e7\u00e3o.<br><strong>Docente:<\/strong>&nbsp;Profa. Dra. Rosane Suely Alvares Lunardelli (UEL)<br><strong>Cr\u00e9ditos\/Horas:<\/strong>&nbsp;3cr. \/ 45h<strong>Dias e Hor\u00e1rios:<\/strong>&nbsp;Quartas-feiras, das 14hs \u00e0s 18h<br><strong>Data de In\u00edcio:<\/strong>&nbsp;14 de agosto de 2019<\/p>\n<\/div>\n<\/div>\n\n\n\n<p><\/p>\n\n\n\n<p>*Disciplinas Concentradas<\/p>\n\n\n\n<p><strong>Data de In\u00edcio:<\/strong>&nbsp;05 de agosto de 2019<br><strong>N\u00famero de Vagas:<\/strong>&nbsp;7 vagas para mestrado e 7 vagas para doutorado.<\/p>\n\n\n\n<p><strong>ATEN\u00c7\u00c3O:<\/strong>&nbsp;O candidato poder\u00e1 optar por at\u00e9 02 (duas) disciplinas, com a explicita\u00e7\u00e3o obrigat\u00f3ria da ordem de prefer\u00eancia.<\/p>\n\n\n\n<p><\/p>\n\n\n\n<p><strong>Cronograma<\/strong><\/p>\n\n\n\n<figure class=\"wp-block-table alignleft\"><table><tbody><tr><td class=\"has-text-align-left\" data-align=\"left\">22\/07\/2019 a 24\/07\/2019<\/td><td class=\"has-text-align-left\" data-align=\"left\">Inscri\u00e7\u00e3o via Web<\/td><\/tr><tr><td class=\"has-text-align-left\" data-align=\"left\">22\/07\/2019 a 24\/07\/2019<br>das 08h30 \u00e0s 11h30<\/td><td class=\"has-text-align-left\" data-align=\"left\">Entrega da Documenta\u00e7\u00e3o<\/td><\/tr><tr><td class=\"has-text-align-left\" data-align=\"left\">25 e 26\/07\/2019<\/td><td class=\"has-text-align-left\" data-align=\"left\">An\u00e1lise e avalia\u00e7\u00e3o do curr\u00edculo<\/td><\/tr><tr><td class=\"has-text-align-left\" data-align=\"left\">29\/07\/2019<\/td><td class=\"has-text-align-left\" data-align=\"left\">Publica\u00e7\u00e3o do resultado no site da PROPPG<\/td><\/tr><tr><td class=\"has-text-align-left\" data-align=\"left\">01 e 02\/08\/2019<\/td><td class=\"has-text-align-left\" data-align=\"left\">Matr\u00edcula via Web e entrega dos documentos na Secretaria do PPGCI\/CECA<\/td><\/tr><\/tbody><\/table><\/figure>\n\n\n\n<p><\/p>\n\n\n\n<p><\/p>\n\n\n\n<p><\/p>\n\n\n\n<p><\/p>\n\n\n\n<p><\/p>\n\n\n\n<p><\/p>\n\n\n\n<p><\/p>\n\n\n\n<p><strong>Consulte o Edital na \u00cdntegra<\/strong><\/p>\n\n\n\n<div class=\"wp-block-buttons is-layout-flex wp-block-buttons-is-layout-flex\">\n<div class=\"wp-block-button has-custom-width wp-block-button__width-100\"><a class=\"wp-block-button__link has-primary-accent-background-color has-background wp-element-button\" href=\"https:\/\/pos.uel.br\/ppgci\/wp-content\/uploads\/2023\/02\/EDITAL-PPGCI-005-2019_Selecao-2019-2o-Semestre_Edital.pdf\" target=\"_blank\" rel=\"noreferrer noopener\">EDITAL PARA SELE\u00c7\u00c3O DE ESTUDANTE ESPECIAL 2019 &#8211; 2\u00ba SEMESTRE<\/a><\/div>\n<\/div>\n","protected":false},"excerpt":{"rendered":"<p>Estudante Especial &#8211; Inscri\u00e7\u00f5es para o 2\u00ba Semestre de 2019 Per\u00edodo de Inscri\u00e7\u00e3o:&nbsp;a partir das 8h do dia 22 de julho at\u00e9 as 16h do dia 24 de julho de 2019 via Web. Quem poder\u00e1 se candidatar? Poder\u00e3o candidatar-se \u00e0s disciplinas, portadores de diplomas de curso superior na modalidade licenciatura ou bacharelado, reconhecidos pelo MEC [&hellip;]<\/p>\n","protected":false},"author":9,"featured_media":0,"parent":0,"menu_order":0,"comment_status":"closed","ping_status":"closed","template":"","meta":{"footnotes":""},"class_list":["post-743","page","type-page","status-publish","hentry"],"_links":{"self":[{"href":"https:\/\/pos.uel.br\/ppgci\/wp-json\/wp\/v2\/pages\/743","targetHints":{"allow":["GET"]}}],"collection":[{"href":"https:\/\/pos.uel.br\/ppgci\/wp-json\/wp\/v2\/pages"}],"about":[{"href":"https:\/\/pos.uel.br\/ppgci\/wp-json\/wp\/v2\/types\/page"}],"author":[{"embeddable":true,"href":"https:\/\/pos.uel.br\/ppgci\/wp-json\/wp\/v2\/users\/9"}],"replies":[{"embeddable":true,"href":"https:\/\/pos.uel.br\/ppgci\/wp-json\/wp\/v2\/comments?post=743"}],"version-history":[{"count":10,"href":"https:\/\/pos.uel.br\/ppgci\/wp-json\/wp\/v2\/pages\/743\/revisions"}],"predecessor-version":[{"id":1108,"href":"https:\/\/pos.uel.br\/ppgci\/wp-json\/wp\/v2\/pages\/743\/revisions\/1108"}],"wp:attachment":[{"href":"https:\/\/pos.uel.br\/ppgci\/wp-json\/wp\/v2\/media?parent=743"}],"curies":[{"name":"wp","href":"https:\/\/api.w.org\/{rel}","templated":true}]}}