{"id":736,"date":"2023-02-07T13:59:45","date_gmt":"2023-02-07T16:59:45","guid":{"rendered":"https:\/\/pos.uel.br\/ppgci\/?page_id=736"},"modified":"2023-02-18T21:15:26","modified_gmt":"2023-02-19T00:15:26","slug":"selecao-2018-1o-semestre","status":"publish","type":"page","link":"https:\/\/pos.uel.br\/ppgci\/selecao-2018-1o-semestre\/","title":{"rendered":"Sele\u00e7\u00e3o 2018, 1\u00ba Semestre"},"content":{"rendered":"\n<h3 class=\"has-text-align-center wp-block-heading\">Estudante Especial &#8211; Inscri\u00e7\u00f5es para o 1\u00ba Semestre de 2018<\/h3>\n\n\n\n<p><\/p>\n\n\n\n<p><strong>Per\u00edodo de Inscri\u00e7\u00e3o:<\/strong>\u00a0a partir das 8hs do dia 27 de fevereiro at\u00e9 as 16hs do dia 01 de mar\u00e7o de 2018 via <a rel=\"noreferrer noopener\" href=\"http:\/\/www.uel.br\/proppg\/portalnovo\/pages\/inscricoes-programas-cursos\/inscricoes-por-nivel.php\" data-type=\"URL\" data-id=\"http:\/\/www.uel.br\/proppg\/portalnovo\/pages\/inscricoes-programas-cursos\/inscricoes-por-nivel.php\" target=\"_blank\">Web<\/a>.<\/p>\n\n\n\n<p><\/p>\n\n\n\n<p><strong>Quem poder\u00e1 se candidatar?<\/strong><\/p>\n\n\n\n<p>Poder\u00e3o candidatar-se \u00e0s disciplinas, portadores de diplomas de curso superior na modalidade licenciatura ou bacharelado, reconhecidos pelo MEC e que tenham interesse nos processos pertinentes a \u00e1rea de Ci\u00eancia da Informa\u00e7\u00e3o.<\/p>\n\n\n\n<p><\/p>\n\n\n\n<p><strong>Documentos para Inscri\u00e7\u00e3o:<\/strong><\/p>\n\n\n\n<ol class=\"wp-block-list\">\n<li>Ficha de inscri\u00e7\u00e3o preenchida;<\/li>\n\n\n\n<li>Comprovante de recolhimento do pre\u00e7o p\u00fablico de inscri\u00e7\u00e3o correspondente ao valor de R$ 162,00 (cento e sessenta e dois reais);<\/li>\n\n\n\n<li>Curriculum Lattes documentado.<\/li>\n<\/ol>\n\n\n\n<p><\/p>\n\n\n\n<p><strong>Resultado Final<\/strong><\/p>\n\n\n\n<p>Dispon\u00edvel em 8 de mar\u00e7o de 2018, por meio de Edital a ser publicado via internet, ap\u00f3s as 14h. N\u00e3o ser\u00e1 informado resultado por telefone.<\/p>\n\n\n\n<div class=\"wp-block-buttons is-layout-flex wp-block-buttons-is-layout-flex\">\n<div class=\"wp-block-button has-custom-width wp-block-button__width-100\"><a class=\"wp-block-button__link has-primary-accent-background-color has-background wp-element-button\" href=\"https:\/\/pos.uel.br\/ppgci\/wp-content\/uploads\/2023\/02\/Edital-033-2018_Selecao-2018-1o-Semestre_Resultado.pdf\" target=\"_blank\" rel=\"noreferrer noopener\">EDITAL DISPON\u00cdVEL AQUI<\/a><\/div>\n<\/div>\n\n\n\n<p><\/p>\n\n\n\n<p><strong>Per\u00edodo e Local de Matr\u00edcula<\/strong><\/p>\n\n\n\n<p>Os candidatos aprovados e classificados no processo seletivo dever\u00e3o efetivar a matr\u00edcula nos dias 12 e 13 de mar\u00e7o de 2018, via WEB e dever\u00e1 ainda no mesmo per\u00edodo, 2\u00aa e 3\u00aa feira, no hor\u00e1rio das 14h \u00e0s 17h30, entregar os documentos na Secretaria do Programa, no Centro de Educa\u00e7\u00e3o, Comunica\u00e7\u00e3o e Artes\/CECA &#8211; Campus Universit\u00e1rio onde o curso est\u00e1 vinculado. Mais informa\u00e7\u00f5es pelo telefone: (43) 3371-5914.<\/p>\n\n\n\n<p><\/p>\n\n\n\n<p><strong>Disciplinas Ofertadas para 1\u00ba semestre de 2018<\/strong><\/p>\n\n\n\n<p><\/p>\n\n\n\n<div class=\"wp-block-columns has-site-background-background-color has-background is-layout-flex wp-container-core-columns-is-layout-9d6595d7 wp-block-columns-is-layout-flex\">\n<div class=\"wp-block-column is-vertically-aligned-center is-layout-flow wp-block-column-is-layout-flow\" style=\"flex-basis:33.33%\">\n<p class=\"has-text-align-center\">2CIN204\u00a0T\u00d3PICOS ESPECIAIS EM CI\u00caNCIA DA INFORMA\u00c7\u00c3O: REDA\u00c7\u00c3O CIENT\u00cdFICA: ORGANIZA\u00c7\u00c3O E ESTILO<\/p>\n<\/div>\n\n\n\n<div class=\"wp-block-column is-layout-flow wp-block-column-is-layout-flow\" style=\"flex-basis:66.66%\">\n<p><strong>Docente:<\/strong>&nbsp;Miguel Luiz Contani<br><strong>Dias e Hor\u00e1rios:<\/strong>&nbsp;segundas-feiras &#8211; 14h \u00e0s 18h<br><strong>Cr\u00e9ditos\/Horas:<\/strong>&nbsp;4cr. \/ 60h<\/p>\n\n\n\n<p><strong>Data de In\u00edcio:<\/strong>&nbsp;12 de mar\u00e7o de 2018<br><strong>N\u00famero de Vagas:<\/strong>&nbsp;at\u00e9 6 vagas.<\/p>\n<\/div>\n<\/div>\n\n\n\n<div class=\"wp-block-columns has-site-background-background-color has-background is-layout-flex wp-container-core-columns-is-layout-9d6595d7 wp-block-columns-is-layout-flex\">\n<div class=\"wp-block-column is-vertically-aligned-center is-layout-flow wp-block-column-is-layout-flow\" style=\"flex-basis:33.33%\">\n<p class=\"has-text-align-center\">2CIN212\u00a0T\u00d3PICOS ESPECIAIS EM CI\u00caNCIA DA INFORMA\u00c7\u00c3O: ORGANIZA\u00c7\u00c3O E REPRESENTA\u00c7\u00c3O DO CONHECIMENTO<\/p>\n<\/div>\n\n\n\n<div class=\"wp-block-column is-layout-flow wp-block-column-is-layout-flow\" style=\"flex-basis:66.66%\">\n<p><strong>Docente:<\/strong>&nbsp;Br\u00edgida Maria Nogueira Cervantes<br><strong>Dias e Hor\u00e1rios:<\/strong>&nbsp;quintas-feiras &#8211; 14h \u00e0s 18h<br><strong>Cr\u00e9ditos\/Horas:<\/strong>&nbsp;2cr. \/ 30h<\/p>\n\n\n\n<p><strong>Data de In\u00edcio:<\/strong>&nbsp;5 de abril de 2018<br><strong>N\u00famero de Vagas:<\/strong>&nbsp;at\u00e9 6 vagas.<\/p>\n<\/div>\n<\/div>\n\n\n\n<div class=\"wp-block-columns has-site-background-background-color has-background is-layout-flex wp-container-core-columns-is-layout-9d6595d7 wp-block-columns-is-layout-flex\">\n<div class=\"wp-block-column is-vertically-aligned-center is-layout-flow wp-block-column-is-layout-flow\" style=\"flex-basis:33.33%\">\n<p class=\"has-text-align-center\">2CIN220\u00a0T\u00d3PICOS ESPECIAIS EM CI\u00caNCIA DA INFORMA\u00c7\u00c3O:A COMUNICA\u00c7\u00c3O N\u00c3O VERBAL NA APRESENTA\u00c7\u00c3O DE TRABALHOS CIENT\u00cdFICOS<\/p>\n<\/div>\n\n\n\n<div class=\"wp-block-column is-layout-flow wp-block-column-is-layout-flow\" style=\"flex-basis:66.66%\">\n<p><strong>Docente:<\/strong>&nbsp;Rosane Suely \u00c1lvares Lunardelli<br><strong>Dias e Hor\u00e1rios:<\/strong>&nbsp;ter\u00e7as-feiras &#8211; 14h \u00e0s 18h<br><strong>Cr\u00e9ditos\/Horas:<\/strong>&nbsp;1cr. \/ 15h<\/p>\n\n\n\n<p><strong>Data de In\u00edcio:<\/strong>&nbsp;8 de maio de 2018<br><strong>N\u00famero de Vagas:<\/strong>&nbsp;at\u00e9 6 vagas.<\/p>\n<\/div>\n<\/div>\n\n\n\n<div class=\"wp-block-columns has-site-background-background-color has-background is-layout-flex wp-container-core-columns-is-layout-9d6595d7 wp-block-columns-is-layout-flex\">\n<div class=\"wp-block-column is-vertically-aligned-center is-layout-flow wp-block-column-is-layout-flow\" style=\"flex-basis:33.33%\">\n<p class=\"has-text-align-center\">2CIN222\u00a0T\u00d3PICOS ESPECIAIS EM CI\u00caNCIA DA INFORMA\u00c7\u00c3O: FORMA\u00c7\u00c3O DE HABILIDADES PARA A COMPET\u00caNCIA EM INFORMA\u00c7\u00c3O<\/p>\n<\/div>\n\n\n\n<div class=\"wp-block-column is-layout-flow wp-block-column-is-layout-flow\" style=\"flex-basis:66.66%\">\n<p><strong>Docente:<\/strong>&nbsp;Adriana Rosecler Alcar\u00e1 Engelmann<br><strong>Dias e Hor\u00e1rios:<\/strong>&nbsp;ter\u00e7as-feiras &#8211; 08h \u00e0s 12h<br><strong>Cr\u00e9ditos\/Horas:<\/strong>&nbsp;1cr. \/ 15h<\/p>\n\n\n\n<p><strong>Data de In\u00edcio:<\/strong>&nbsp;27 de mar\u00e7o de 2018<br><strong>N\u00famero de Vagas:<\/strong>&nbsp;at\u00e9 6 vagas.<\/p>\n<\/div>\n<\/div>\n\n\n\n<div class=\"wp-block-columns has-site-background-background-color has-background is-layout-flex wp-container-core-columns-is-layout-9d6595d7 wp-block-columns-is-layout-flex\">\n<div class=\"wp-block-column is-vertically-aligned-center is-layout-flow wp-block-column-is-layout-flow\" style=\"flex-basis:33.33%\">\n<p class=\"has-text-align-center\">2CIN223\u00a0T\u00d3PICOS ESPECIAIS EM CI\u00caNCIA DA INFORMA\u00c7\u00c3O: M\u00c9TRICAS E INDICADORES CIENT\u00cdFICOS<\/p>\n<\/div>\n\n\n\n<div class=\"wp-block-column is-layout-flow wp-block-column-is-layout-flow\" style=\"flex-basis:66.66%\">\n<p><strong>Docente:<\/strong>&nbsp;Renata Gan\u00e7alves Curty<br><strong>Dias e Hor\u00e1rios:<\/strong>&nbsp;sextas-feiras &#8211; 08h \u00e0s 12h<br><strong>Cr\u00e9ditos\/Horas:<\/strong>&nbsp;1cr. \/ 15h<\/p>\n\n\n\n<p><strong>Data de In\u00edcio:<\/strong>&nbsp;06 de abril de 2018<br><strong>N\u00famero de Vagas:<\/strong>&nbsp;at\u00e9 6 vagas.<\/p>\n<\/div>\n<\/div>\n\n\n\n<div class=\"wp-block-columns has-site-background-background-color has-background is-layout-flex wp-container-core-columns-is-layout-9d6595d7 wp-block-columns-is-layout-flex\">\n<div class=\"wp-block-column is-vertically-aligned-center is-layout-flow wp-block-column-is-layout-flow\" style=\"flex-basis:33.33%\">\n<p class=\"has-text-align-center\">2CIN266\u00a0T\u00d3PICOS ESPECIAIS EM CI\u00caNCIA DA INFORMA\u00c7\u00c3O: DESIGN THINKING E O PROCESSO DE INOVA\u00c7\u00c3O EM SERVI\u00c7OS DE INFORMA\u00c7\u00c3O<\/p>\n<\/div>\n\n\n\n<div class=\"wp-block-column is-layout-flow wp-block-column-is-layout-flow\" style=\"flex-basis:66.66%\">\n<p><strong>Docente:<\/strong>&nbsp;Thais Batista Zaninelli<br><strong>Dias e Hor\u00e1rios:<\/strong>&nbsp;ter\u00e7as-feiras &#8211; 08h \u00e0s 12h<br><strong>Cr\u00e9ditos\/Horas:<\/strong>&nbsp;3cr. \/ 45h<\/p>\n\n\n\n<p><strong>Data de In\u00edcio:<\/strong>&nbsp;17 de abril de 2018<br><strong>N\u00famero de Vagas:<\/strong>&nbsp;at\u00e9 6 vagas.<\/p>\n<\/div>\n<\/div>\n\n\n\n<p><\/p>\n\n\n\n<p><strong>ATEN\u00c7\u00c3O:<\/strong>\u00a0O candidato poder\u00e1 optar por at\u00e9 02 (duas) disciplinas, com a explicita\u00e7\u00e3o obrigat\u00f3ria da ordem de prefer\u00eancia.<\/p>\n\n\n\n<p><\/p>\n\n\n\n<p><strong>Cronograma<\/strong><\/p>\n\n\n\n<figure class=\"wp-block-table alignleft\"><table><tbody><tr><td class=\"has-text-align-center\" data-align=\"center\">27\/02\/2018 a 01\/03\/2018<\/td><td>Inscri\u00e7\u00e3o via Web<\/td><\/tr><tr><td class=\"has-text-align-center\" data-align=\"center\">27\/02\/2018 a 01\/03\/2018<br>das 14hs \u00e0s 17h30<\/td><td>Entrega da Documenta\u00e7\u00e3o<\/td><\/tr><tr><td class=\"has-text-align-center\" data-align=\"center\">05\/03\/2018<\/td><td>An\u00e1lise e avalia\u00e7\u00e3o do curr\u00edculo<\/td><\/tr><tr><td class=\"has-text-align-center\" data-align=\"center\">08\/03\/2018<\/td><td>Publica\u00e7\u00e3o do resultado no site da PROPPG<\/td><\/tr><tr><td class=\"has-text-align-center\" data-align=\"center\">12 e 13\/03\/2018<\/td><td>Matr\u00edcula via Web e entrega dos documentos na Secretaria do PPGCI\/CECA<\/td><\/tr><\/tbody><\/table><\/figure>\n\n\n\n<p><\/p>\n\n\n\n<p><\/p>\n\n\n\n<p><\/p>\n\n\n\n<p><\/p>\n\n\n\n<p><\/p>\n\n\n\n<p><\/p>\n\n\n\n<p><\/p>\n\n\n\n<p><strong>Consulte o Edital na Integra<\/strong><\/p>\n\n\n\n<div class=\"wp-block-buttons is-layout-flex wp-block-buttons-is-layout-flex\">\n<div class=\"wp-block-button has-custom-width wp-block-button__width-100\"><a class=\"wp-block-button__link has-primary-accent-background-color has-background wp-element-button\" href=\"https:\/\/pos.uel.br\/ppgci\/wp-content\/uploads\/2023\/02\/Edital-026-2018_Selecao-2018-1o-Semestre_Edital.pdf\" target=\"_blank\" rel=\"noreferrer noopener\">EDITAL PARA SELE\u00c7\u00c3O DE ESTUDANTE ESPECIAL 2018 &#8211; 1\u00ba SEMESTRE<\/a><\/div>\n<\/div>\n","protected":false},"excerpt":{"rendered":"<p>Estudante Especial &#8211; Inscri\u00e7\u00f5es para o 1\u00ba Semestre de 2018 Per\u00edodo de Inscri\u00e7\u00e3o:\u00a0a partir das 8hs do dia 27 de fevereiro at\u00e9 as 16hs do dia 01 de mar\u00e7o de 2018 via Web. Quem poder\u00e1 se candidatar? Poder\u00e3o candidatar-se \u00e0s disciplinas, portadores de diplomas de curso superior na modalidade licenciatura ou bacharelado, reconhecidos pelo MEC [&hellip;]<\/p>\n","protected":false},"author":9,"featured_media":0,"parent":0,"menu_order":0,"comment_status":"closed","ping_status":"closed","template":"","meta":{"footnotes":""},"class_list":["post-736","page","type-page","status-publish","hentry"],"_links":{"self":[{"href":"https:\/\/pos.uel.br\/ppgci\/wp-json\/wp\/v2\/pages\/736","targetHints":{"allow":["GET"]}}],"collection":[{"href":"https:\/\/pos.uel.br\/ppgci\/wp-json\/wp\/v2\/pages"}],"about":[{"href":"https:\/\/pos.uel.br\/ppgci\/wp-json\/wp\/v2\/types\/page"}],"author":[{"embeddable":true,"href":"https:\/\/pos.uel.br\/ppgci\/wp-json\/wp\/v2\/users\/9"}],"replies":[{"embeddable":true,"href":"https:\/\/pos.uel.br\/ppgci\/wp-json\/wp\/v2\/comments?post=736"}],"version-history":[{"count":6,"href":"https:\/\/pos.uel.br\/ppgci\/wp-json\/wp\/v2\/pages\/736\/revisions"}],"predecessor-version":[{"id":1086,"href":"https:\/\/pos.uel.br\/ppgci\/wp-json\/wp\/v2\/pages\/736\/revisions\/1086"}],"wp:attachment":[{"href":"https:\/\/pos.uel.br\/ppgci\/wp-json\/wp\/v2\/media?parent=736"}],"curies":[{"name":"wp","href":"https:\/\/api.w.org\/{rel}","templated":true}]}}