{"id":732,"date":"2023-02-07T13:58:54","date_gmt":"2023-02-07T16:58:54","guid":{"rendered":"https:\/\/pos.uel.br\/ppgci\/?page_id=732"},"modified":"2023-02-18T21:24:00","modified_gmt":"2023-02-19T00:24:00","slug":"selecao-2017-1o-semestre","status":"publish","type":"page","link":"https:\/\/pos.uel.br\/ppgci\/selecao-2017-1o-semestre\/","title":{"rendered":"Sele\u00e7\u00e3o 2017, 1\u00ba Semestre"},"content":{"rendered":"\n<h3 class=\"has-text-align-center wp-block-heading\">Estudante Especial &#8211; Inscri\u00e7\u00f5es para o 1\u00ba Semestre de 2017<\/h3>\n\n\n\n<p><\/p>\n\n\n\n<p><strong>Per\u00edodo de Inscri\u00e7\u00e3o:<\/strong>\u00a0a partir das 8hs do dia 20 at\u00e9 as 16hs do dia 22 de Fevereiro de 2017 via <a rel=\"noreferrer noopener\" href=\"http:\/\/www.uel.br\/proppg\/inscricoes\" data-type=\"URL\" data-id=\"http:\/\/www.uel.br\/proppg\/inscricoes\" target=\"_blank\">Web<\/a>.<\/p>\n\n\n\n<p><\/p>\n\n\n\n<p><strong>Quem poder\u00e1 se candidatar?<\/strong><\/p>\n\n\n\n<p>Poder\u00e3o candidatar-se \u00e0s disciplinas, portadores de diplomas de curso superior na modalidade licenciatura ou bacharelado, reconhecidos pelo MEC e que tenham interesse nos processos pertinentes a \u00e1rea de Ci\u00eancia da Informa\u00e7\u00e3o.<\/p>\n\n\n\n<p><\/p>\n\n\n\n<p><strong>Documentos para Inscri\u00e7\u00e3o:<\/strong><\/p>\n\n\n\n<ol class=\"wp-block-list\">\n<li>Ficha de inscri\u00e7\u00e3o preenchida;<\/li>\n\n\n\n<li>Comprovante de recolhimento do pre\u00e7o p\u00fablico de inscri\u00e7\u00e3o correspondente ao valor de R$ 162,00 (cento e sessenta e dois reais);<\/li>\n\n\n\n<li>Curriculum Lattes documentado.<\/li>\n<\/ol>\n\n\n\n<p><\/p>\n\n\n\n<p><strong>Resultado Final<\/strong><\/p>\n\n\n\n<p>Dispon\u00edvel em 12 de Mar\u00e7o de 2017, por meio de Edital a ser publicado via internet, ap\u00f3s as 14h. N\u00e3o ser\u00e1 informado resultado por telefone.<\/p>\n\n\n\n<div class=\"wp-block-buttons is-layout-flex wp-block-buttons-is-layout-flex\">\n<div class=\"wp-block-button has-custom-width wp-block-button__width-100\"><a class=\"wp-block-button__link has-primary-accent-background-color has-background wp-element-button\" href=\"https:\/\/pos.uel.br\/ppgci\/wp-content\/uploads\/2023\/02\/Edital-043-2017_Selecao-2017-1o-Semestre_Resultado-final.pdf\" target=\"_blank\" rel=\"noreferrer noopener\">EDITAL DISPON\u00cdVEL AQUI<\/a><\/div>\n<\/div>\n\n\n\n<p><\/p>\n\n\n\n<p><strong>Per\u00edodo e Local de Matr\u00edcula<\/strong><\/p>\n\n\n\n<p>Os candidatos aprovados e classificados no processo seletivo dever\u00e3o efetivar a matr\u00edcula nos dias 13 e 14 de mar\u00e7o de 2017, via WEB e dever\u00e1 ainda no mesmo per\u00edodo, 2\u00aa e 3\u00aa feira, no hor\u00e1rio das 14h \u00e0s 17h30, entregar os documentos na Secretaria do Programa, no Centro de Educa\u00e7\u00e3o, Comunica\u00e7\u00e3o e Artes\/CECA &#8211; Campus Universit\u00e1rio onde o curso est\u00e1 vinculado. Mais informa\u00e7\u00f5es pelo telefone: (43) 3371-5914.<\/p>\n\n\n\n<p><\/p>\n\n\n\n<p><strong>Disciplinas Ofertadas para 1\u00ba semestre de 2017<\/strong><\/p>\n\n\n\n<p><\/p>\n\n\n\n<div class=\"wp-block-columns has-site-background-background-color has-background is-layout-flex wp-container-core-columns-is-layout-9d6595d7 wp-block-columns-is-layout-flex\">\n<div class=\"wp-block-column is-vertically-aligned-center is-layout-flow wp-block-column-is-layout-flow\" style=\"flex-basis:33.33%\">\n<p class=\"has-text-align-center\">2CIN210\u00a0T\u00d3PICOS ESPECIAIS EM CI\u00caNCIA DA INFORMA\u00c7\u00c3O: ASPECTOS L\u00d3GICOS E LINGU\u00cdSTICOS DO PROJETO DE PESQUISA<\/p>\n<\/div>\n\n\n\n<div class=\"wp-block-column is-layout-flow wp-block-column-is-layout-flow\" style=\"flex-basis:66.66%\">\n<p><strong>Docente:<\/strong>&nbsp;Silvana Drumond Monteiro<br><strong>Dias e Hor\u00e1rios:<\/strong>&nbsp;&#8211;<br><strong>Cr\u00e9ditos\/Horas:<\/strong>&nbsp;2cr. \/ 30h<\/p>\n\n\n\n<p><strong>Data de In\u00edcio:<\/strong>&nbsp;&#8211;<br><strong>N\u00famero de Vagas:<\/strong>&nbsp;at\u00e9 6 vagas.<\/p>\n<\/div>\n<\/div>\n\n\n\n<div class=\"wp-block-columns has-site-background-background-color has-background is-layout-flex wp-container-core-columns-is-layout-9d6595d7 wp-block-columns-is-layout-flex\">\n<div class=\"wp-block-column is-vertically-aligned-center is-layout-flow wp-block-column-is-layout-flow\" style=\"flex-basis:33.33%\">\n<p class=\"has-text-align-center\">2CIN211\u00a0T\u00d3PICOS ESPECIAIS EM CI\u00caNCIA DA INFORMA\u00c7\u00c3O: INFORMA\u00c7\u00c3O CIENT\u00cdFICA, TECNOL\u00d3GICA E EMPRESARIAL: AVALIA\u00c7\u00c3O E MONITORAMENTO<\/p>\n<\/div>\n\n\n\n<div class=\"wp-block-column is-layout-flow wp-block-column-is-layout-flow\" style=\"flex-basis:66.66%\">\n<p><strong>Docente:<\/strong>&nbsp;Adilson Luiz Pinto (convidado)<br><strong>Dias e Hor\u00e1rios:<\/strong>&nbsp;&#8211;<br><strong>Cr\u00e9ditos\/Horas:<\/strong>&nbsp;2cr. \/ 30h<\/p>\n\n\n\n<p><strong>Data de In\u00edcio:<\/strong>&nbsp;&#8211;<br><strong>N\u00famero de Vagas:<\/strong>&nbsp;at\u00e9 6 vagas.<\/p>\n<\/div>\n<\/div>\n\n\n\n<div class=\"wp-block-columns has-site-background-background-color has-background is-layout-flex wp-container-core-columns-is-layout-9d6595d7 wp-block-columns-is-layout-flex\">\n<div class=\"wp-block-column is-vertically-aligned-center is-layout-flow wp-block-column-is-layout-flow\" style=\"flex-basis:33.33%\">\n<p class=\"has-text-align-center\">2CIN212\u00a0T\u00d3PICOS ESPECIAIS EM CI\u00caNCIA DA INFORMA\u00c7\u00c3O: ORGANIZA\u00c7\u00c3O E REPRESENTA\u00c7\u00c3O DO CONHECIMENTO<\/p>\n<\/div>\n\n\n\n<div class=\"wp-block-column is-layout-flow wp-block-column-is-layout-flow\" style=\"flex-basis:66.66%\">\n<p><strong>Docente:<\/strong>&nbsp;Br\u00edgida Maria Nogueira Cervantes<br><strong>Dias e Hor\u00e1rios:<\/strong>&nbsp;&#8211;<br><strong>Cr\u00e9ditos\/Horas:<\/strong>&nbsp;2cr. \/ 30h<\/p>\n\n\n\n<p><strong>Data de In\u00edcio:<\/strong>&nbsp;&#8211;<br><strong>N\u00famero de Vagas:<\/strong>&nbsp;at\u00e9 6 vagas.<\/p>\n<\/div>\n<\/div>\n\n\n\n<div class=\"wp-block-columns has-site-background-background-color has-background is-layout-flex wp-container-core-columns-is-layout-9d6595d7 wp-block-columns-is-layout-flex\">\n<div class=\"wp-block-column is-vertically-aligned-center is-layout-flow wp-block-column-is-layout-flow\" style=\"flex-basis:33.33%\">\n<p class=\"has-text-align-center\">2CIN213\u00a0T\u00d3PICOS ESPECIAIS EM CI\u00caNCIA DA INFORMA\u00c7\u00c3O: INFORMA\u00c7\u00c3O ORAL E CI\u00caNCIA DA INFORMA\u00c7\u00c3O: REFLEX\u00d5ES TE\u00d3RICOS-PR\u00c1TICAS<\/p>\n<\/div>\n\n\n\n<div class=\"wp-block-column is-layout-flow wp-block-column-is-layout-flow\" style=\"flex-basis:66.66%\">\n<p><strong>Docente:<\/strong>&nbsp;Simone Borges Paiva (convidado)<br><strong>Dias e Hor\u00e1rios:<\/strong>&nbsp;&#8211;<br><strong>Cr\u00e9ditos\/Horas:<\/strong>&nbsp;1cr. \/ 15h<\/p>\n\n\n\n<p><strong>Data de In\u00edcio:<\/strong>&nbsp;&#8211;<br><strong>N\u00famero de Vagas:<\/strong>&nbsp;at\u00e9 6 vagas.<\/p>\n<\/div>\n<\/div>\n\n\n\n<div class=\"wp-block-columns has-site-background-background-color has-background is-layout-flex wp-container-core-columns-is-layout-9d6595d7 wp-block-columns-is-layout-flex\">\n<div class=\"wp-block-column is-vertically-aligned-center is-layout-flow wp-block-column-is-layout-flow\" style=\"flex-basis:33.33%\">\n<p class=\"has-text-align-center\">2CIN214\u00a0T\u00d3PICOS ESPECIAIS EM CI\u00caNCIA DA INFORMA\u00c7\u00c3O: COMPET\u00caNCIA EM INFORMA\u00c7\u00c3O EM M\u00daLTIPLOS CONTEXTOS<\/p>\n<\/div>\n\n\n\n<div class=\"wp-block-column is-layout-flow wp-block-column-is-layout-flow\" style=\"flex-basis:66.66%\">\n<p><strong>Docente:<\/strong>&nbsp;Luciane De F\u00e1tima Beckman Cavalcante<br><strong>Dias e Hor\u00e1rios:<\/strong>&nbsp;&#8211;<br><strong>Cr\u00e9ditos\/Horas:<\/strong>&nbsp;1cr. \/ 15h<\/p>\n\n\n\n<p><strong>Data de In\u00edcio:<\/strong>&nbsp;&#8211;<br><strong>N\u00famero de Vagas:<\/strong>&nbsp;at\u00e9 6 vagas.<\/p>\n<\/div>\n<\/div>\n\n\n\n<p><\/p>\n\n\n\n<p><strong>ATEN\u00c7\u00c3O:<\/strong>\u00a0O candidato poder\u00e1 optar por at\u00e9 02 (duas) disciplinas, com a explicita\u00e7\u00e3o obrigat\u00f3ria da ordem de prefer\u00eancia.<\/p>\n\n\n\n<p><\/p>\n\n\n\n<p><strong>Cronograma<\/strong><\/p>\n\n\n\n<figure class=\"wp-block-table alignleft\"><table><tbody><tr><td class=\"has-text-align-center\" data-align=\"center\">20 a 22\/02\/2017<\/td><td>Inscri\u00e7\u00e3o via Web<\/td><\/tr><tr><td class=\"has-text-align-center\" data-align=\"center\">20 a 22\/02\/2017<br>das 14hs \u00e0s 17h30<\/td><td>Entrega da Documenta\u00e7\u00e3o<\/td><\/tr><tr><td class=\"has-text-align-center\" data-align=\"center\">25\/02\/2017<\/td><td>An\u00e1lise e avalia\u00e7\u00e3o do curr\u00edculo<\/td><\/tr><tr><td class=\"has-text-align-center\" data-align=\"center\">12\/03\/2017<\/td><td>Publica\u00e7\u00e3o do resultado no site da PROPPG<\/td><\/tr><tr><td class=\"has-text-align-center\" data-align=\"center\">13 e 14\/04\/2017<br>das 14h30 \u00e0s 16h30<\/td><td>Matr\u00edcula via Web e entrega dos documentos na Secretaria do PPGCI\/CECA<\/td><\/tr><\/tbody><\/table><\/figure>\n\n\n\n<p><\/p>\n\n\n\n<p><\/p>\n\n\n\n<p><\/p>\n\n\n\n<p><\/p>\n\n\n\n<p><\/p>\n\n\n\n<p><\/p>\n\n\n\n<p><\/p>\n\n\n\n<p><\/p>\n\n\n\n<p><strong>Consulte o Edital na Integra<\/strong><\/p>\n\n\n\n<div class=\"wp-block-buttons is-layout-flex wp-block-buttons-is-layout-flex\">\n<div class=\"wp-block-button has-custom-width wp-block-button__width-100\"><a class=\"wp-block-button__link has-primary-accent-background-color has-background wp-element-button\" href=\"https:\/\/pos.uel.br\/ppgci\/wp-content\/uploads\/2023\/02\/Edital-030-2017_Selecao-2017-1o-Semestre_Edital.pdf\" target=\"_blank\" rel=\"noreferrer noopener\">EDITAL PARA SELE\u00c7\u00c3O DE ESTUDANTE ESPECIAL 2017 &#8211; 1\u00ba SEMESTRE<\/a><\/div>\n<\/div>\n","protected":false},"excerpt":{"rendered":"<p>Estudante Especial &#8211; Inscri\u00e7\u00f5es para o 1\u00ba Semestre de 2017 Per\u00edodo de Inscri\u00e7\u00e3o:\u00a0a partir das 8hs do dia 20 at\u00e9 as 16hs do dia 22 de Fevereiro de 2017 via Web. Quem poder\u00e1 se candidatar? Poder\u00e3o candidatar-se \u00e0s disciplinas, portadores de diplomas de curso superior na modalidade licenciatura ou bacharelado, reconhecidos pelo MEC e que [&hellip;]<\/p>\n","protected":false},"author":9,"featured_media":0,"parent":0,"menu_order":0,"comment_status":"closed","ping_status":"closed","template":"","meta":{"footnotes":""},"class_list":["post-732","page","type-page","status-publish","hentry"],"_links":{"self":[{"href":"https:\/\/pos.uel.br\/ppgci\/wp-json\/wp\/v2\/pages\/732","targetHints":{"allow":["GET"]}}],"collection":[{"href":"https:\/\/pos.uel.br\/ppgci\/wp-json\/wp\/v2\/pages"}],"about":[{"href":"https:\/\/pos.uel.br\/ppgci\/wp-json\/wp\/v2\/types\/page"}],"author":[{"embeddable":true,"href":"https:\/\/pos.uel.br\/ppgci\/wp-json\/wp\/v2\/users\/9"}],"replies":[{"embeddable":true,"href":"https:\/\/pos.uel.br\/ppgci\/wp-json\/wp\/v2\/comments?post=732"}],"version-history":[{"count":6,"href":"https:\/\/pos.uel.br\/ppgci\/wp-json\/wp\/v2\/pages\/732\/revisions"}],"predecessor-version":[{"id":1093,"href":"https:\/\/pos.uel.br\/ppgci\/wp-json\/wp\/v2\/pages\/732\/revisions\/1093"}],"wp:attachment":[{"href":"https:\/\/pos.uel.br\/ppgci\/wp-json\/wp\/v2\/media?parent=732"}],"curies":[{"name":"wp","href":"https:\/\/api.w.org\/{rel}","templated":true}]}}