{"id":524,"date":"2022-10-06T16:33:58","date_gmt":"2022-10-06T19:33:58","guid":{"rendered":"https:\/\/pos.uel.br\/ppgci\/?page_id=524"},"modified":"2023-02-18T16:11:58","modified_gmt":"2023-02-18T19:11:58","slug":"disciplinas-obrigatorias","status":"publish","type":"page","link":"https:\/\/pos.uel.br\/ppgci\/disciplinas-obrigatorias\/","title":{"rendered":"Disciplinas Obrigat\u00f3rias"},"content":{"rendered":"\n<div class=\"wp-block-uel-card\">\n<h3 class=\"has-text-align-center is-style-highlighted-heading wp-block-heading\">Disciplinas Obrigat\u00f3rias &#8211; Mestrado<\/h3>\n\n\n\n<div class=\"wp-block-columns has-site-background-background-color has-background is-layout-flex wp-container-core-columns-is-layout-9d6595d7 wp-block-columns-is-layout-flex\">\n<div class=\"wp-block-column is-vertically-aligned-center is-layout-flow wp-block-column-is-layout-flow\" style=\"flex-basis:33.33%\">\n<p class=\"has-text-align-center\">2CIN159 &#8211; DISSERTA\u00c7\u00c3O I<\/p>\n<\/div>\n\n\n\n<div class=\"wp-block-column is-layout-flow wp-block-column-is-layout-flow\" style=\"flex-basis:66.66%\">\n<p><strong>Ementa<\/strong>: Desenvolvimento da disserta\u00e7\u00e3o.<\/p>\n\n\n\n<p><strong>Cr\u00e9ditos\/Horas<\/strong>: 9cr. \/ 135h<\/p>\n<\/div>\n<\/div>\n\n\n\n<div class=\"wp-block-columns has-site-background-background-color has-background is-layout-flex wp-container-core-columns-is-layout-9d6595d7 wp-block-columns-is-layout-flex\">\n<div class=\"wp-block-column is-vertically-aligned-center is-layout-flow wp-block-column-is-layout-flow\" style=\"flex-basis:33.33%\">\n<p class=\"has-text-align-center\">2CIN160 &#8211; DISSERTA\u00c7\u00c3O II<\/p>\n<\/div>\n\n\n\n<div class=\"wp-block-column is-layout-flow wp-block-column-is-layout-flow\" style=\"flex-basis:66.66%\">\n<p><strong>Ementa<\/strong>: Desenvolvimento da disserta\u00e7\u00e3o.<\/p>\n\n\n\n<p><strong>Cr\u00e9ditos\/Horas<\/strong>: 9cr. \/ 135h<\/p>\n<\/div>\n<\/div>\n\n\n\n<div class=\"wp-block-columns has-site-background-background-color has-background is-layout-flex wp-container-core-columns-is-layout-9d6595d7 wp-block-columns-is-layout-flex\">\n<div class=\"wp-block-column is-vertically-aligned-center is-layout-flow wp-block-column-is-layout-flow\" style=\"flex-basis:33.33%\">\n<p class=\"has-text-align-center\">2CIN161 &#8211; DISSERTA\u00c7\u00c3O III<\/p>\n<\/div>\n\n\n\n<div class=\"wp-block-column is-layout-flow wp-block-column-is-layout-flow\" style=\"flex-basis:66.66%\">\n<p><strong>Ementa<\/strong>: Desenvolvimento da disserta\u00e7\u00e3o.<\/p>\n\n\n\n<p><strong>Cr\u00e9ditos\/Horas<\/strong>: 9cr. \/ 135h<\/p>\n<\/div>\n<\/div>\n\n\n\n<div class=\"wp-block-columns has-site-background-background-color has-background is-layout-flex wp-container-core-columns-is-layout-9d6595d7 wp-block-columns-is-layout-flex\">\n<div class=\"wp-block-column is-vertically-aligned-center is-layout-flow wp-block-column-is-layout-flow\" style=\"flex-basis:33.33%\">\n<p class=\"has-text-align-center\">2CIN162 &#8211; DISSERTA\u00c7\u00c3O IV<\/p>\n<\/div>\n\n\n\n<div class=\"wp-block-column is-layout-flow wp-block-column-is-layout-flow\" style=\"flex-basis:66.66%\">\n<p><strong>Ementa<\/strong>: Desenvolvimento da disserta\u00e7\u00e3o.<\/p>\n\n\n\n<p><strong>Cr\u00e9ditos\/Horas<\/strong>: 9cr. \/ 135h<\/p>\n<\/div>\n<\/div>\n\n\n\n<div class=\"wp-block-columns has-site-background-background-color has-background is-layout-flex wp-container-core-columns-is-layout-9d6595d7 wp-block-columns-is-layout-flex\">\n<div class=\"wp-block-column is-vertically-aligned-center is-layout-flow wp-block-column-is-layout-flow\" style=\"flex-basis:33.33%\">\n<p class=\"has-text-align-center\">2CIN181 &#8211; FUNDAMENTOS DA CI\u00caNCIA DA INFORMA\u00c7\u00c3O<\/p>\n<\/div>\n\n\n\n<div class=\"wp-block-column is-layout-flow wp-block-column-is-layout-flow\" style=\"flex-basis:66.66%\">\n<p><strong>Ementa<\/strong>: Ci\u00eancia da Informa\u00e7\u00e3o: conceitos, aspectos sociais e hist\u00f3ricos. Paradigmas atuais da Ci\u00eancia da Informa\u00e7\u00e3o. Configura\u00e7\u00f5es do objeto de estudo da informa\u00e7\u00e3o.<\/p>\n\n\n\n<p><strong>Cr\u00e9ditos\/Horas<\/strong>: 4cr. \/ 60h<\/p>\n<\/div>\n<\/div>\n\n\n\n<div class=\"wp-block-columns has-site-background-background-color has-background is-layout-flex wp-container-core-columns-is-layout-9d6595d7 wp-block-columns-is-layout-flex\">\n<div class=\"wp-block-column is-vertically-aligned-center is-layout-flow wp-block-column-is-layout-flow\" style=\"flex-basis:33.33%\">\n<p class=\"has-text-align-center\">2CIN252 &#8211; PESQUISA EM CI\u00caNCIA DA INFORMA\u00c7\u00c3O<\/p>\n<\/div>\n\n\n\n<div class=\"wp-block-column is-layout-flow wp-block-column-is-layout-flow\" style=\"flex-basis:66.66%\">\n<p><strong>Ementa<\/strong>: Pesquisa em ci\u00eancia da informa\u00e7\u00e3o. M\u00e9todos e t\u00e9cnicas de pesquisa utilizados em ci\u00eancia da informa\u00e7\u00e3o. Elabora\u00e7\u00e3o do projeto de pesquisa.<\/p>\n\n\n\n<p><strong>Cr\u00e9ditos\/Horas<\/strong>: 5cr. \/ 75h<\/p>\n<\/div>\n<\/div>\n<\/div>\n\n\n\n<div class=\"wp-block-uel-card\">\n<h3 class=\"has-text-align-center is-style-highlighted-heading wp-block-heading\">Disciplinas Obrigat\u00f3rias &#8211; Doutorado<\/h3>\n\n\n\n<div class=\"wp-block-columns has-site-background-background-color has-background is-layout-flex wp-container-core-columns-is-layout-9d6595d7 wp-block-columns-is-layout-flex\">\n<div class=\"wp-block-column is-vertically-aligned-center is-layout-flow wp-block-column-is-layout-flow\" style=\"flex-basis:33.33%\">\n<p class=\"has-text-align-center\">2CIN280&nbsp;&#8211; TESE I<\/p>\n<\/div>\n\n\n\n<div class=\"wp-block-column is-layout-flow wp-block-column-is-layout-flow\" style=\"flex-basis:66.66%\">\n<p><strong>Ementa<\/strong>: Desenvolvimento da tese.<\/p>\n\n\n\n<p><strong>Cr\u00e9ditos\/Horas<\/strong>: 8cr. \/ 120h<\/p>\n<\/div>\n<\/div>\n\n\n\n<div class=\"wp-block-columns has-site-background-background-color has-background is-layout-flex wp-container-core-columns-is-layout-9d6595d7 wp-block-columns-is-layout-flex\">\n<div class=\"wp-block-column is-vertically-aligned-center is-layout-flow wp-block-column-is-layout-flow\" style=\"flex-basis:33.33%\">\n<p class=\"has-text-align-center\">2CIN281 &#8211; TESE II<\/p>\n<\/div>\n\n\n\n<div class=\"wp-block-column is-layout-flow wp-block-column-is-layout-flow\" style=\"flex-basis:66.66%\">\n<p><strong>Ementa<\/strong>: Desenvolvimento da tese.<\/p>\n\n\n\n<p><strong>Cr\u00e9ditos\/Horas<\/strong>: 8cr. \/ 120h<\/p>\n<\/div>\n<\/div>\n\n\n\n<div class=\"wp-block-columns has-site-background-background-color has-background is-layout-flex wp-container-core-columns-is-layout-9d6595d7 wp-block-columns-is-layout-flex\">\n<div class=\"wp-block-column is-vertically-aligned-center is-layout-flow wp-block-column-is-layout-flow\" style=\"flex-basis:33.33%\">\n<p class=\"has-text-align-center\">2CIN282 &#8211; TESE III<\/p>\n<\/div>\n\n\n\n<div class=\"wp-block-column is-layout-flow wp-block-column-is-layout-flow\" style=\"flex-basis:66.66%\">\n<p><strong>Ementa<\/strong>: Desenvolvimento da tese.<\/p>\n\n\n\n<p><strong>Cr\u00e9ditos\/Horas<\/strong>: 8cr. \/ 120h<\/p>\n<\/div>\n<\/div>\n\n\n\n<div class=\"wp-block-columns has-site-background-background-color has-background is-layout-flex wp-container-core-columns-is-layout-9d6595d7 wp-block-columns-is-layout-flex\">\n<div class=\"wp-block-column is-vertically-aligned-center is-layout-flow wp-block-column-is-layout-flow\" style=\"flex-basis:33.33%\">\n<p class=\"has-text-align-center\">2CIN283 &#8211; TESE IV<\/p>\n<\/div>\n\n\n\n<div class=\"wp-block-column is-layout-flow wp-block-column-is-layout-flow\" style=\"flex-basis:66.66%\">\n<p><strong>Ementa<\/strong>: Desenvolvimento da tese.<\/p>\n\n\n\n<p><strong>Cr\u00e9ditos\/Horas<\/strong>: 8cr. \/ 120h<\/p>\n<\/div>\n<\/div>\n\n\n\n<div class=\"wp-block-columns has-site-background-background-color has-background is-layout-flex wp-container-core-columns-is-layout-9d6595d7 wp-block-columns-is-layout-flex\">\n<div class=\"wp-block-column is-vertically-aligned-center is-layout-flow wp-block-column-is-layout-flow\" style=\"flex-basis:33.33%\">\n<p class=\"has-text-align-center\">2CIN284 &#8211; TESE V<\/p>\n<\/div>\n\n\n\n<div class=\"wp-block-column is-layout-flow wp-block-column-is-layout-flow\" style=\"flex-basis:66.66%\">\n<p><strong>Ementa<\/strong>: Desenvolvimento da tese.<\/p>\n\n\n\n<p><strong>Cr\u00e9ditos\/Horas<\/strong>: 8cr. \/ 120h<\/p>\n<\/div>\n<\/div>\n\n\n\n<div class=\"wp-block-columns has-site-background-background-color has-background is-layout-flex wp-container-core-columns-is-layout-9d6595d7 wp-block-columns-is-layout-flex\">\n<div class=\"wp-block-column is-vertically-aligned-center is-layout-flow wp-block-column-is-layout-flow\" style=\"flex-basis:33.33%\">\n<p class=\"has-text-align-center\">2CIN285 &#8211; TESE VI<\/p>\n<\/div>\n\n\n\n<div class=\"wp-block-column is-layout-flow wp-block-column-is-layout-flow\" style=\"flex-basis:66.66%\">\n<p><strong>Ementa<\/strong>: Desenvolvimento da tese.<\/p>\n\n\n\n<p><strong>Cr\u00e9ditos\/Horas<\/strong>: 8cr. \/ 120h<\/p>\n<\/div>\n<\/div>\n\n\n\n<div class=\"wp-block-columns has-site-background-background-color has-background is-layout-flex wp-container-core-columns-is-layout-9d6595d7 wp-block-columns-is-layout-flex\">\n<div class=\"wp-block-column is-vertically-aligned-center is-layout-flow wp-block-column-is-layout-flow\" style=\"flex-basis:33.33%\">\n<p class=\"has-text-align-center\">2CIN286 &#8211; TESE VII<\/p>\n<\/div>\n\n\n\n<div class=\"wp-block-column is-layout-flow wp-block-column-is-layout-flow\" style=\"flex-basis:66.66%\">\n<p><strong>Ementa<\/strong>: Desenvolvimento da tese.<\/p>\n\n\n\n<p><strong>Cr\u00e9ditos\/Horas<\/strong>: 8cr. \/ 120h<\/p>\n<\/div>\n<\/div>\n\n\n\n<div class=\"wp-block-columns has-site-background-background-color has-background is-layout-flex wp-container-core-columns-is-layout-9d6595d7 wp-block-columns-is-layout-flex\">\n<div class=\"wp-block-column is-vertically-aligned-center is-layout-flow wp-block-column-is-layout-flow\" style=\"flex-basis:33.33%\">\n<p class=\"has-text-align-center\">2CIN287 &#8211; TESE VIII<\/p>\n<\/div>\n\n\n\n<div class=\"wp-block-column is-layout-flow wp-block-column-is-layout-flow\" style=\"flex-basis:66.66%\">\n<p><strong>Ementa<\/strong>: Desenvolvimento da tese.<\/p>\n\n\n\n<p><strong>Cr\u00e9ditos\/Horas<\/strong>: 8cr. \/ 120h<\/p>\n<\/div>\n<\/div>\n\n\n\n<div class=\"wp-block-columns has-site-background-background-color has-background is-layout-flex wp-container-core-columns-is-layout-9d6595d7 wp-block-columns-is-layout-flex\">\n<div class=\"wp-block-column is-vertically-aligned-center is-layout-flow wp-block-column-is-layout-flow\" style=\"flex-basis:33.33%\">\n<p class=\"has-text-align-center\">2CIN181 &#8211; FUNDAMENTOS DA CI\u00caNCIA DA INFORMA\u00c7\u00c3O<\/p>\n<\/div>\n\n\n\n<div class=\"wp-block-column is-layout-flow wp-block-column-is-layout-flow\" style=\"flex-basis:66.66%\">\n<p><strong>Ementa<\/strong>: Ci\u00eancia da Informa\u00e7\u00e3o: conceitos, aspectos sociais e hist\u00f3ricos. Paradigmas atuais da Ci\u00eancia da Informa\u00e7\u00e3o. Configura\u00e7\u00f5es do objeto de estudo da informa\u00e7\u00e3o.<\/p>\n\n\n\n<p><strong>Cr\u00e9ditos\/Horas<\/strong>: 4cr. \/ 60h<\/p>\n<\/div>\n<\/div>\n\n\n\n<div class=\"wp-block-columns has-site-background-background-color has-background is-layout-flex wp-container-core-columns-is-layout-9d6595d7 wp-block-columns-is-layout-flex\">\n<div class=\"wp-block-column is-vertically-aligned-center is-layout-flow wp-block-column-is-layout-flow\" style=\"flex-basis:33.33%\">\n<p class=\"has-text-align-center\">2CIN252 &#8211; PESQUISA EM CI\u00caNCIA DA INFORMA\u00c7\u00c3O<\/p>\n<\/div>\n\n\n\n<div class=\"wp-block-column is-layout-flow wp-block-column-is-layout-flow\" style=\"flex-basis:66.66%\">\n<p><strong>Ementa<\/strong>: Pesquisa em ci\u00eancia da informa\u00e7\u00e3o. M\u00e9todos e t\u00e9cnicas de pesquisa utilizados em ci\u00eancia da informa\u00e7\u00e3o. Elabora\u00e7\u00e3o do projeto de pesquisa.<\/p>\n\n\n\n<p><strong>Cr\u00e9ditos\/Horas<\/strong>: 5cr. \/ 75h<\/p>\n<\/div>\n<\/div>\n\n\n\n<div class=\"wp-block-columns has-site-background-background-color has-background is-layout-flex wp-container-core-columns-is-layout-9d6595d7 wp-block-columns-is-layout-flex\">\n<div class=\"wp-block-column is-vertically-aligned-center is-layout-flow wp-block-column-is-layout-flow\" style=\"flex-basis:33.33%\">\n<p class=\"has-text-align-center\">2CIN268 &#8211; SEMIN\u00c1RIOS AVAN\u00c7ADOS EM CI\u00caNCIA DA INFORMA\u00c7\u00c3O<\/p>\n<\/div>\n\n\n\n<div class=\"wp-block-column is-layout-flow wp-block-column-is-layout-flow\" style=\"flex-basis:66.66%\">\n<p><strong>Ementa<\/strong>: Apresentar discuss\u00f5es aprofundadas nas Linhas de Pesquisa do Programa. Abordar, a partir de semin\u00e1rios, oficinas e estudos de casos as contribui\u00e7\u00f5es de temas relevantes para o desenvolvimento das pesquisas dos doutorandos.<\/p>\n\n\n\n<p><strong>Cr\u00e9ditos\/Horas<\/strong>: 5cr. \/ 75h<\/p>\n<\/div>\n<\/div>\n\n\n\n<div class=\"wp-block-columns has-site-background-background-color has-background is-layout-flex wp-container-core-columns-is-layout-9d6595d7 wp-block-columns-is-layout-flex\">\n<div class=\"wp-block-column is-vertically-aligned-center is-layout-flow wp-block-column-is-layout-flow\" style=\"flex-basis:33.33%\">\n<p class=\"has-text-align-center\">2CIN267 &#8211; DOC\u00caNCIA EM CI\u00caNCIA DA INFORMA\u00c7\u00c3O<\/p>\n<\/div>\n\n\n\n<div class=\"wp-block-column is-layout-flow wp-block-column-is-layout-flow\" style=\"flex-basis:66.66%\">\n<p><strong>Ementa<\/strong>: Concep\u00e7\u00f5es pedag\u00f3gicas e metodol\u00f3gicas para o desenvolvimento da did\u00e1tica para a pr\u00e1tica docente no Ensino Superior.<\/p>\n\n\n\n<p><strong>Cr\u00e9ditos\/Horas<\/strong>: 2cr. \/ 30h<\/p>\n<\/div>\n<\/div>\n<\/div>\n","protected":false},"excerpt":{"rendered":"","protected":false},"author":11,"featured_media":0,"parent":0,"menu_order":0,"comment_status":"closed","ping_status":"closed","template":"","meta":{"footnotes":""},"class_list":["post-524","page","type-page","status-publish","hentry"],"_links":{"self":[{"href":"https:\/\/pos.uel.br\/ppgci\/wp-json\/wp\/v2\/pages\/524","targetHints":{"allow":["GET"]}}],"collection":[{"href":"https:\/\/pos.uel.br\/ppgci\/wp-json\/wp\/v2\/pages"}],"about":[{"href":"https:\/\/pos.uel.br\/ppgci\/wp-json\/wp\/v2\/types\/page"}],"author":[{"embeddable":true,"href":"https:\/\/pos.uel.br\/ppgci\/wp-json\/wp\/v2\/users\/11"}],"replies":[{"embeddable":true,"href":"https:\/\/pos.uel.br\/ppgci\/wp-json\/wp\/v2\/comments?post=524"}],"version-history":[{"count":4,"href":"https:\/\/pos.uel.br\/ppgci\/wp-json\/wp\/v2\/pages\/524\/revisions"}],"predecessor-version":[{"id":948,"href":"https:\/\/pos.uel.br\/ppgci\/wp-json\/wp\/v2\/pages\/524\/revisions\/948"}],"wp:attachment":[{"href":"https:\/\/pos.uel.br\/ppgci\/wp-json\/wp\/v2\/media?parent=524"}],"curies":[{"name":"wp","href":"https:\/\/api.w.org\/{rel}","templated":true}]}}