{"id":43,"date":"2021-04-29T14:10:18","date_gmt":"2021-04-29T17:10:18","guid":{"rendered":"https:\/\/pos.uel.br\/ppgci\/?page_id=43"},"modified":"2023-02-18T18:18:31","modified_gmt":"2023-02-18T21:18:31","slug":"regimento-resolucoes-e-normas-2","status":"publish","type":"page","link":"https:\/\/pos.uel.br\/ppgci\/regimento-resolucoes-e-normas-2\/","title":{"rendered":"Regimento, resolu\u00e7\u00f5es e normas"},"content":{"rendered":"\n<div class=\"wp-block-uel-card\">\n<div class=\"wp-block-buttons is-layout-flex wp-block-buttons-is-layout-flex\">\n<div class=\"wp-block-button is-style-fill\"><a class=\"wp-block-button__link has-primary-accent-color has-site-background-background-color has-text-color has-background wp-element-button\" href=\"https:\/\/pos.uel.br\/ppgci\/wp-content\/uploads\/2022\/10\/RESOLUCAO-CEPE-No-0044-2018.pdf\" style=\"border-radius:0px\" target=\"_blank\" rel=\"noreferrer noopener\">REESTRUTURA\u00c7\u00c3O DO PROGRAMA DE P\u00d3S-GRADUA\u00c7\u00c3O EM CI\u00caNCIA DA INFORMA\u00c7\u00c3O, MESTRADO E DOUTORADO ACAD\u00caMICO &#8211; RESOLU\u00c7\u00c3O CEPE N\u00ba 0044\/2018<\/a><\/div>\n\n\n\n<div class=\"wp-block-button is-style-fill\"><a class=\"wp-block-button__link has-primary-accent-color has-site-background-background-color has-text-color has-background wp-element-button\" href=\"https:\/\/pos.uel.br\/ppgci\/wp-content\/uploads\/2022\/10\/RESOLUCAO-CEPE-No-0043-2018.pdf\" style=\"border-radius:0px\" target=\"_blank\" rel=\"noreferrer noopener\">CRIA\u00c7\u00c3O DO PROGRAMA DE P\u00d3S-GRADUA\u00c7\u00c3O STRICTO SENSU EM CI\u00caNCIA DA INFORMA\u00c7\u00c3O, MESTRADO E DOUTORADO ACAD\u00caMICO &#8211; RESOLU\u00c7\u00c3O CEPE N\u00ba 0043\/2018<\/a><\/div>\n\n\n\n<div class=\"wp-block-button has-custom-width wp-block-button__width-100 is-style-fill\"><a class=\"wp-block-button__link has-primary-accent-color has-site-background-background-color has-text-color has-background wp-element-button\" href=\"https:\/\/pos.uel.br\/ppgci\/wp-content\/uploads\/2022\/10\/DELIBERACAO-\u2013-Camara-de-Pos-Graduacao-No-12-2015.pdf\" style=\"border-radius:0px\" target=\"_blank\" rel=\"noreferrer noopener\">REESTRUTURA\u00c7\u00c3O DO PROGRAMA DE P\u00d3S-GRADUA\u00c7\u00c3O EM CI\u00caNCIA DA INFORMA\u00c7\u00c3O, MESTRADO ACAD\u00caMICO &#8211; 12\/2015<\/a><\/div>\n\n\n\n<div class=\"wp-block-button has-custom-width wp-block-button__width-100 is-style-fill\"><a class=\"wp-block-button__link has-primary-accent-color has-site-background-background-color has-text-color has-background wp-element-button\" href=\"https:\/\/pos.uel.br\/ppgci\/wp-content\/uploads\/2022\/10\/DELIBERACAO-\u2013-Camara-de-Pos-Graduacao-No-11-2014.pdf\" style=\"border-radius:0px\" target=\"_blank\" rel=\"noreferrer noopener\">REESTRUTURA\u00c7\u00c3O DO PROGRAMA DE P\u00d3S-GRADUA\u00c7\u00c3O EM CI\u00caNCIA DA INFORMA\u00c7\u00c3O, MESTRADO ACAD\u00caMICO &#8211; 11\/2014<\/a><\/div>\n\n\n\n<div class=\"wp-block-button has-custom-width wp-block-button__width-100 is-style-fill\"><a class=\"wp-block-button__link has-primary-accent-color has-site-background-background-color has-text-color has-background wp-element-button\" href=\"https:\/\/pos.uel.br\/ppgci\/wp-content\/uploads\/2022\/10\/DELIBERACAO-\u2013-Camara-de-Pos-Graduacao-No-05-2012.pdf\" style=\"border-radius:0px\" target=\"_blank\" rel=\"noreferrer noopener\">REESTRUTURA\u00c7\u00c3O DO PROGRAMA DE P\u00d3S-GRADUA\u00c7\u00c3O EM CI\u00caNCIA DA INFORMA\u00c7\u00c3O, MESTRADO ACAD\u00caMICO &#8211; 05\/2012<\/a><\/div>\n\n\n\n<div class=\"wp-block-button is-style-fill\"><a class=\"wp-block-button__link has-primary-accent-color has-site-background-background-color has-text-color has-background wp-element-button\" href=\"https:\/\/pos.uel.br\/ppgci\/wp-content\/uploads\/2022\/10\/RESOLUCAO-CEPE-No-0039-2010.pdf\" style=\"border-radius:0px\" target=\"_blank\" rel=\"noreferrer noopener\">APROVA\u00c7\u00c3O DO REGIMENTO DO PROGRAMA DE P\u00d3S-GRADUA\u00c7\u00c3O STRICTO SENSU EM CI\u00caNCIA DA INFORMA\u00c7\u00c3O, MESTRADO ACAD\u00caMICO &#8211; RESOLU\u00c7\u00c3O CEPE N\u00ba 0039\/2010<\/a><\/div>\n\n\n\n<div class=\"wp-block-button is-style-fill\"><a class=\"wp-block-button__link has-primary-accent-color has-site-background-background-color has-text-color has-background wp-element-button\" href=\"https:\/\/pos.uel.br\/ppgci\/wp-content\/uploads\/2022\/10\/RESOLUCAO-CEPE-No-0038-2010.pdf\" style=\"border-radius:0px\" target=\"_blank\" rel=\"noreferrer noopener\">CRIA\u00c7\u00c3O DO PROGRAMA DE P\u00d3S-GRADUA\u00c7\u00c3O STRICTO SENSU EM CI\u00caNCIA DA INFORMA\u00c7\u00c3O, MESTRADO ACAD\u00caMICO, COM \u00c1REA DE CONCENTRA\u00c7\u00c3O EM ORGANIZA\u00c7\u00c3O, ACESSO E APROPRIA\u00c7\u00c3O DA INFORMA\u00c7\u00c3O DO CONHECIMENTO &#8211; RESOLU\u00c7\u00c3O CEPE N\u00ba 0038\/2010<\/a><\/div>\n<\/div>\n<\/div>\n","protected":false},"excerpt":{"rendered":"","protected":false},"author":7,"featured_media":0,"parent":0,"menu_order":0,"comment_status":"closed","ping_status":"closed","template":"","meta":{"footnotes":""},"class_list":["post-43","page","type-page","status-publish","hentry"],"_links":{"self":[{"href":"https:\/\/pos.uel.br\/ppgci\/wp-json\/wp\/v2\/pages\/43","targetHints":{"allow":["GET"]}}],"collection":[{"href":"https:\/\/pos.uel.br\/ppgci\/wp-json\/wp\/v2\/pages"}],"about":[{"href":"https:\/\/pos.uel.br\/ppgci\/wp-json\/wp\/v2\/types\/page"}],"author":[{"embeddable":true,"href":"https:\/\/pos.uel.br\/ppgci\/wp-json\/wp\/v2\/users\/7"}],"replies":[{"embeddable":true,"href":"https:\/\/pos.uel.br\/ppgci\/wp-json\/wp\/v2\/comments?post=43"}],"version-history":[{"count":4,"href":"https:\/\/pos.uel.br\/ppgci\/wp-json\/wp\/v2\/pages\/43\/revisions"}],"predecessor-version":[{"id":1026,"href":"https:\/\/pos.uel.br\/ppgci\/wp-json\/wp\/v2\/pages\/43\/revisions\/1026"}],"wp:attachment":[{"href":"https:\/\/pos.uel.br\/ppgci\/wp-json\/wp\/v2\/media?parent=43"}],"curies":[{"name":"wp","href":"https:\/\/api.w.org\/{rel}","templated":true}]}}