{"id":426,"date":"2022-10-05T14:27:24","date_gmt":"2022-10-05T17:27:24","guid":{"rendered":"https:\/\/pos.uel.br\/ppgci\/?page_id=426"},"modified":"2024-05-27T16:52:15","modified_gmt":"2024-05-27T19:52:15","slug":"docentes-do-ppgci","status":"publish","type":"page","link":"https:\/\/pos.uel.br\/ppgci\/docentes-do-ppgci\/","title":{"rendered":"Docentes"},"content":{"rendered":"\n<div class=\"wp-block-uel-card\">\n<div class=\"wp-block-columns is-layout-flex wp-container-core-columns-is-layout-9d6595d7 wp-block-columns-is-layout-flex\">\n<div class=\"wp-block-column is-layout-flow wp-block-column-is-layout-flow\" style=\"flex-basis:100%\">\n<div class=\"wp-block-uel-card\">\n<p class=\"has-text-align-center has-medium-font-size\">Linha de Pesquisa 1:<strong>&nbsp;Organiza\u00e7\u00e3o e representa\u00e7\u00e3o do conhecimento<\/strong><\/p>\n\n\n\n<p>A linha visa estudar as diferentes formas de organiza\u00e7\u00e3o e representa\u00e7\u00e3o que contribuem para o desenvolvimento da estrutura\u00e7\u00e3o da informa\u00e7\u00e3o e do conhecimento decorrentes da investiga\u00e7\u00e3o dos processos de an\u00e1lise, pesquisa terminol\u00f3gica, tratamento documental, e representa\u00e7\u00e3o da informa\u00e7\u00e3o e do conhecimento, associadas \u00e0 investiga\u00e7\u00e3o te\u00f3rico-metodol\u00f3gica de tecnologias da informa\u00e7\u00e3o e comunica\u00e7\u00e3o.<\/p>\n<\/div>\n<\/div>\n<\/div>\n\n\n\n<div class=\"wp-block-media-text alignwide is-stacked-on-mobile\" style=\"grid-template-columns:23% auto\"><figure class=\"wp-block-media-text__media\"><img loading=\"lazy\" decoding=\"async\" width=\"768\" height=\"1024\" src=\"https:\/\/pos.uel.br\/ppgci\/wp-content\/uploads\/2022\/10\/Ana-Cristina-e1665083314268-768x1024.jpg\" alt=\"\" class=\"wp-image-511 size-full\" srcset=\"https:\/\/pos.uel.br\/ppgci\/wp-content\/uploads\/2022\/10\/Ana-Cristina-e1665083314268-768x1023.jpg 768w, https:\/\/pos.uel.br\/ppgci\/wp-content\/uploads\/2022\/10\/Ana-Cristina-e1665083314268-225x300.jpg 225w, https:\/\/pos.uel.br\/ppgci\/wp-content\/uploads\/2022\/10\/Ana-Cristina-e1665083314268-1153x1536.jpg 1153w, https:\/\/pos.uel.br\/ppgci\/wp-content\/uploads\/2022\/10\/Ana-Cristina-e1665083314268.jpg 1200w\" sizes=\"auto, (max-width: 768px) 100vw, 768px\" \/><\/figure><div class=\"wp-block-media-text__content\">\n<h3 class=\"wp-block-heading is-style-highlighted-heading\"><strong>Profa. Dra.&nbsp;Ana Cristina de Albuquerque<\/strong><\/h3>\n\n\n\n<p>Doutorado em Ci\u00eancia da Informa\u00e7\u00e3o.<\/p>\n\n\n\n<p>Email:&nbsp;<a href=\"mailto:albuanati@uel.br\" target=\"_blank\" rel=\"noreferrer noopener\">albuanati@uel.br<\/a><\/p>\n\n\n\n<p class=\"has-text-align-center\"><strong>Temas de Pesquisa:<\/strong><\/p>\n\n\n\n<div class=\"wp-block-group\"><div class=\"wp-block-group__inner-container is-layout-flow wp-block-group-is-layout-flow\">\n<ul class=\"wp-block-list\">\n<li>Representa\u00e7\u00e3o tem\u00e1tica de recursos imag\u00e9ticos;<\/li>\n\n\n\n<li>Teoria da classifica\u00e7\u00e3o;<\/li>\n\n\n\n<li>Organiza\u00e7\u00e3o do Conhecimento na Arquivologia, Biblioteconomia e Museologia;<\/li>\n\n\n\n<li>Documenta\u00e7\u00e3o Museol\u00f3gica.<\/li>\n<\/ul>\n<\/div><\/div>\n\n\n\n<div class=\"wp-block-columns is-layout-flex wp-container-core-columns-is-layout-9d6595d7 wp-block-columns-is-layout-flex\">\n<div class=\"wp-block-column is-layout-flow wp-block-column-is-layout-flow\" style=\"flex-basis:100%\">\n<div class=\"wp-block-columns is-layout-flex wp-container-core-columns-is-layout-9d6595d7 wp-block-columns-is-layout-flex\">\n<div class=\"wp-block-column is-layout-flow wp-block-column-is-layout-flow\"><div class=\"wp-block-image\">\n<figure class=\"aligncenter size-full is-resized\"><a href=\"https:\/\/orcid.org\/0000-0003-3506-0479\" target=\"_blank\" rel=\"https:\/\/orcid.org\/0000-0003-3506-0479 noopener\"><img loading=\"lazy\" decoding=\"async\" width=\"227\" height=\"76\" src=\"https:\/\/pos.uel.br\/ppgci\/wp-content\/uploads\/2022\/10\/orcid.jpg\" alt=\"\" class=\"wp-image-495\" style=\"width:112px;height:37px\" \/><\/a><\/figure>\n<\/div><\/div>\n\n\n\n<div class=\"wp-block-column is-layout-flow wp-block-column-is-layout-flow\"><div class=\"wp-block-image\">\n<figure class=\"aligncenter size-full\"><a href=\"http:\/\/lattes.cnpq.br\/4752632781155101\" target=\"_blank\" rel=\"http:\/\/lattes.cnpq.br\/4752632781155101 noreferrer noopener\"><img loading=\"lazy\" decoding=\"async\" width=\"159\" height=\"38\" src=\"https:\/\/pos.uel.br\/ppgci\/wp-content\/uploads\/2022\/10\/lattes.jpg\" alt=\"\" class=\"wp-image-494\" \/><\/a><\/figure>\n<\/div><\/div>\n\n\n\n<div class=\"wp-block-column is-layout-flow wp-block-column-is-layout-flow\"><div class=\"wp-block-image\">\n<figure class=\"aligncenter size-full is-resized\"><a href=\"https:\/\/dgp.cnpq.br\/dgp\/espelhogrupo\/0263328016944796\" target=\"_blank\" rel=\"https:\/\/dgp.cnpq.br\/dgp\/espelhogrupo\/0263328016944796 noopener\"><img loading=\"lazy\" decoding=\"async\" width=\"168\" height=\"49\" src=\"https:\/\/pos.uel.br\/ppgci\/wp-content\/uploads\/2022\/10\/gp-icon.jpg\" alt=\"\" class=\"wp-image-485\" style=\"width:144px;height:42px\" \/><\/a><\/figure>\n<\/div><\/div>\n<\/div>\n<\/div>\n<\/div>\n<\/div><\/div>\n\n\n\n<hr class=\"wp-block-separator has-alpha-channel-opacity is-style-wide\" \/>\n\n\n\n<div class=\"wp-block-media-text alignwide is-stacked-on-mobile\" style=\"grid-template-columns:25% auto\"><figure class=\"wp-block-media-text__media\"><img loading=\"lazy\" decoding=\"async\" width=\"230\" height=\"329\" src=\"https:\/\/pos.uel.br\/ppgci\/wp-content\/uploads\/2022\/09\/Brigida.jpg\" alt=\"\" class=\"wp-image-330 size-full\" srcset=\"https:\/\/pos.uel.br\/ppgci\/wp-content\/uploads\/2022\/09\/Brigida.jpg 230w, https:\/\/pos.uel.br\/ppgci\/wp-content\/uploads\/2022\/09\/Brigida-210x300.jpg 210w\" sizes=\"auto, (max-width: 230px) 100vw, 230px\" \/><\/figure><div class=\"wp-block-media-text__content\">\n<h3 class=\"wp-block-heading is-style-highlighted-heading\">Profa. Dra.&nbsp;Br\u00edgida Maria Nogueira Cervantes<\/h3>\n\n\n\n<p>Doutorado em Ci\u00eancia da Informa\u00e7\u00e3o.<\/p>\n\n\n\n<p>Email:&nbsp;<a href=\"mailto:brigida@uel.br\" target=\"_blank\" rel=\"noreferrer noopener\">brigida@uel.br<\/a><\/p>\n\n\n\n<p class=\"has-text-align-center\"><strong>Temas de Pesquisa:<\/strong><\/p>\n\n\n\n<div class=\"wp-block-group\"><div class=\"wp-block-group__inner-container is-layout-flow wp-block-group-is-layout-flow\">\n<div class=\"wp-block-group\"><div class=\"wp-block-group__inner-container is-layout-flow wp-block-group-is-layout-flow\">\n<ul class=\"wp-block-list\">\n<li>An\u00e1lise de dom\u00ednio e vocabul\u00e1rio de dom\u00ednio;<\/li>\n\n\n\n<li>Linguagem de indexa\u00e7\u00e3o e pol\u00edtica de indexa\u00e7\u00e3o;<\/li>\n\n\n\n<li>Tesauros, mapas conceituais, taxonomias, ontologias;<\/li>\n\n\n\n<li>Terminologia e terminografia.<\/li>\n<\/ul>\n<\/div><\/div>\n<\/div><\/div>\n\n\n\n<div class=\"wp-block-columns is-layout-flex wp-container-core-columns-is-layout-9d6595d7 wp-block-columns-is-layout-flex\">\n<div class=\"wp-block-column is-layout-flow wp-block-column-is-layout-flow\" style=\"flex-basis:100%\">\n<div class=\"wp-block-columns is-layout-flex wp-container-core-columns-is-layout-9d6595d7 wp-block-columns-is-layout-flex\">\n<div class=\"wp-block-column is-layout-flow wp-block-column-is-layout-flow\"><div class=\"wp-block-image\">\n<figure class=\"aligncenter size-full is-resized\"><a href=\"https:\/\/orcid.org\/0000-0001-7356-1798\" target=\"_blank\" rel=\"https:\/\/orcid.org\/0000-0001-7356-1798 noopener\"><img loading=\"lazy\" decoding=\"async\" width=\"227\" height=\"76\" src=\"https:\/\/pos.uel.br\/ppgci\/wp-content\/uploads\/2022\/10\/orcid.jpg\" alt=\"\" class=\"wp-image-495\" style=\"width:109px;height:36px\" \/><\/a><\/figure>\n<\/div><\/div>\n\n\n\n<div class=\"wp-block-column is-layout-flow wp-block-column-is-layout-flow\"><div class=\"wp-block-image\">\n<figure class=\"aligncenter size-full\"><a href=\"http:\/\/lattes.cnpq.br\/8546252377315420\" target=\"_blank\" rel=\"http:\/\/lattes.cnpq.br\/8546252377315420 noopener\"><img loading=\"lazy\" decoding=\"async\" width=\"159\" height=\"38\" src=\"https:\/\/pos.uel.br\/ppgci\/wp-content\/uploads\/2022\/10\/lattes.jpg\" alt=\"\" class=\"wp-image-494\" \/><\/a><\/figure>\n<\/div><\/div>\n\n\n\n<div class=\"wp-block-column is-layout-flow wp-block-column-is-layout-flow\"><div class=\"wp-block-image\">\n<figure class=\"aligncenter size-full is-resized\"><a href=\"https:\/\/dgp.cnpq.br\/dgp\/espelhogrupo\/6490861648635501\" target=\"_blank\" rel=\"https:\/\/dgp.cnpq.br\/dgp\/espelhogrupo\/6490861648635501 noopener\"><img loading=\"lazy\" decoding=\"async\" width=\"168\" height=\"49\" src=\"https:\/\/pos.uel.br\/ppgci\/wp-content\/uploads\/2022\/10\/gp-icon.jpg\" alt=\"\" class=\"wp-image-485\" style=\"width:144px;height:42px\" \/><\/a><\/figure>\n<\/div><\/div>\n<\/div>\n<\/div>\n<\/div>\n<\/div><\/div>\n\n\n\n<hr class=\"wp-block-separator has-alpha-channel-opacity is-style-wide\" \/>\n\n\n\n<div class=\"wp-block-media-text alignwide is-stacked-on-mobile\" style=\"grid-template-columns:22% auto\"><figure class=\"wp-block-media-text__media\"><img loading=\"lazy\" decoding=\"async\" width=\"132\" height=\"212\" src=\"https:\/\/pos.uel.br\/ppgci\/wp-content\/uploads\/2022\/09\/Fabio.png\" alt=\"\" class=\"wp-image-335 size-full\" \/><\/figure><div class=\"wp-block-media-text__content\">\n<h3 class=\"wp-block-heading is-style-highlighted-heading\">Prof. Dr. F\u00e1bio Parra Furlanete<\/h3>\n\n\n\n<p>Doutorado em M\u00fasica.<\/p>\n\n\n\n<p>Email:&nbsp;<a href=\"mailto:ffurlanete@uel.br\" target=\"_blank\" rel=\"noreferrer noopener\">ffurlanete@uel.br<\/a>&nbsp;<\/p>\n\n\n\n<p class=\"has-text-align-center\"><strong>Temas de Pesquisa:<\/strong><\/p>\n\n\n\n<div class=\"wp-block-group\"><div class=\"wp-block-group__inner-container is-layout-flow wp-block-group-is-layout-flow\">\n<div class=\"wp-block-group\"><div class=\"wp-block-group__inner-container is-layout-flow wp-block-group-is-layout-flow\">\n<ul class=\"wp-block-list\">\n<li>Filosofia e \u00e9tica da informa\u00e7\u00e3o;<\/li>\n\n\n\n<li>An\u00e1lise de dom\u00ednio e o tratamento informacional da m\u00fasica;<\/li>\n\n\n\n<li>Informa\u00e7\u00e3o, comunica\u00e7\u00e3o e experi\u00eancia est\u00e9tica;<\/li>\n\n\n\n<li>Recupera\u00e7\u00e3o de informa\u00e7\u00e3o musical.<\/li>\n<\/ul>\n<\/div><\/div>\n<\/div><\/div>\n\n\n\n<div class=\"wp-block-columns is-layout-flex wp-container-core-columns-is-layout-9d6595d7 wp-block-columns-is-layout-flex\">\n<div class=\"wp-block-column is-layout-flow wp-block-column-is-layout-flow\" style=\"flex-basis:100%\">\n<div class=\"wp-block-columns is-layout-flex wp-container-core-columns-is-layout-9d6595d7 wp-block-columns-is-layout-flex\">\n<div class=\"wp-block-column is-layout-flow wp-block-column-is-layout-flow\"><div class=\"wp-block-image\">\n<figure class=\"aligncenter size-full is-resized\"><a href=\"https:\/\/orcid.org\/0000-0002-6677-6755\" target=\"_blank\" rel=\"https:\/\/orcid.org\/0000-0002-6677-6755 noopener\"><img loading=\"lazy\" decoding=\"async\" width=\"227\" height=\"76\" src=\"https:\/\/pos.uel.br\/ppgci\/wp-content\/uploads\/2022\/10\/orcid.jpg\" alt=\"\" class=\"wp-image-495\" style=\"width:112px;height:37px\" \/><\/a><\/figure>\n<\/div><\/div>\n\n\n\n<div class=\"wp-block-column is-layout-flow wp-block-column-is-layout-flow\"><div class=\"wp-block-image\">\n<figure class=\"aligncenter size-full\"><a href=\"http:\/\/lattes.cnpq.br\/9104492904998473\" target=\"_blank\" rel=\"http:\/\/lattes.cnpq.br\/9104492904998473 noopener\"><img loading=\"lazy\" decoding=\"async\" width=\"159\" height=\"38\" src=\"https:\/\/pos.uel.br\/ppgci\/wp-content\/uploads\/2022\/10\/lattes.jpg\" alt=\"\" class=\"wp-image-494\" \/><\/a><\/figure>\n<\/div><\/div>\n\n\n\n<div class=\"wp-block-column is-layout-flow wp-block-column-is-layout-flow\"><div class=\"wp-block-image\">\n<figure class=\"aligncenter size-full is-resized\"><a href=\"https:\/\/dgp.cnpq.br\/dgp\/espelhogrupo\/0211957874997773\" target=\"_blank\" rel=\"https:\/\/dgp.cnpq.br\/dgp\/espelhogrupo\/0211957874997773 noopener\"><img loading=\"lazy\" decoding=\"async\" width=\"168\" height=\"49\" src=\"https:\/\/pos.uel.br\/ppgci\/wp-content\/uploads\/2022\/10\/gp-icon.jpg\" alt=\"\" class=\"wp-image-485\" style=\"width:144px;height:42px\" \/><\/a><\/figure>\n<\/div><\/div>\n<\/div>\n<\/div>\n<\/div>\n<\/div><\/div>\n\n\n\n<hr class=\"wp-block-separator has-alpha-channel-opacity is-style-wide\" \/>\n\n\n\n<div class=\"wp-block-media-text alignwide is-stacked-on-mobile\" style=\"grid-template-columns:25% auto\"><figure class=\"wp-block-media-text__media\"><img loading=\"lazy\" decoding=\"async\" width=\"237\" height=\"330\" src=\"https:\/\/pos.uel.br\/ppgci\/wp-content\/uploads\/2022\/09\/Paletta.jpg\" alt=\"\" class=\"wp-image-337 size-full\" srcset=\"https:\/\/pos.uel.br\/ppgci\/wp-content\/uploads\/2022\/09\/Paletta.jpg 237w, https:\/\/pos.uel.br\/ppgci\/wp-content\/uploads\/2022\/09\/Paletta-215x300.jpg 215w\" sizes=\"auto, (max-width: 237px) 100vw, 237px\" \/><\/figure><div class=\"wp-block-media-text__content\">\n<h3 class=\"wp-block-heading is-style-highlighted-heading\">Prof. Dr. Francisco Carlos Paletta<\/h3>\n\n\n\n<p>Doutorado em Tecnologia Nuclear.<\/p>\n\n\n\n<p>Email:&nbsp;<a href=\"mailto:fcpaletta@usp.br\">fcpaletta@usp.br<\/a><\/p>\n\n\n\n<p class=\"has-text-align-center\"><strong>Temas de Pesquisa:<\/strong><\/p>\n\n\n\n<div class=\"wp-block-group\"><div class=\"wp-block-group__inner-container is-layout-flow wp-block-group-is-layout-flow\">\n<div class=\"wp-block-group\"><div class=\"wp-block-group__inner-container is-layout-flow wp-block-group-is-layout-flow\">\n<div class=\"wp-block-group\"><div class=\"wp-block-group__inner-container is-layout-flow wp-block-group-is-layout-flow\">\n<ul class=\"wp-block-list\">\n<li>Organiza\u00e7\u00e3o da Informa\u00e7\u00e3o e do Conhecimento nas Organiza\u00e7\u00f5es;<\/li>\n\n\n\n<li>Recupera\u00e7\u00e3o da Informa\u00e7\u00e3o na Web de Dados;<\/li>\n\n\n\n<li>Ci\u00eancia de Dados, Big Data e Intelig\u00eancia Artificial: Conex\u00f5es com a Ci\u00eancia da Informa\u00e7\u00e3o;<\/li>\n\n\n\n<li>Curadoria Digital;<\/li>\n\n\n\n<li>Humanidades Digitais.<\/li>\n<\/ul>\n<\/div><\/div>\n<\/div><\/div>\n\n\n\n<div class=\"wp-block-columns is-layout-flex wp-container-core-columns-is-layout-9d6595d7 wp-block-columns-is-layout-flex\">\n<div class=\"wp-block-column is-layout-flow wp-block-column-is-layout-flow\"><div class=\"wp-block-image\">\n<figure class=\"aligncenter size-full is-resized\"><a href=\"https:\/\/orcid.org\/0000-0002-4112-5198\" target=\"_blank\" rel=\"noopener\"><img loading=\"lazy\" decoding=\"async\" width=\"227\" height=\"76\" src=\"https:\/\/pos.uel.br\/ppgci\/wp-content\/uploads\/2022\/10\/orcid.jpg\" alt=\"\" class=\"wp-image-495\" style=\"width:112px;height:37px\" \/><\/a><\/figure>\n<\/div><\/div>\n\n\n\n<div class=\"wp-block-column is-layout-flow wp-block-column-is-layout-flow\"><div class=\"wp-block-image\">\n<figure class=\"aligncenter size-full\"><a href=\"http:\/\/lattes.cnpq.br\/2141243303464173\" target=\"_blank\" rel=\"noopener\"><img loading=\"lazy\" decoding=\"async\" width=\"159\" height=\"38\" src=\"https:\/\/pos.uel.br\/ppgci\/wp-content\/uploads\/2022\/10\/lattes.jpg\" alt=\"\" class=\"wp-image-494\" \/><\/a><\/figure>\n<\/div><\/div>\n\n\n\n<div class=\"wp-block-column is-layout-flow wp-block-column-is-layout-flow\"><div class=\"wp-block-image\">\n<figure class=\"aligncenter size-full is-resized\"><a href=\"https:\/\/dgp.cnpq.br\/dgp\/espelhogrupo\/1137720761096165\" target=\"_blank\" rel=\"https:\/\/dgp.cnpq.br\/dgp\/espelhogrupo\/1137720761096165 noopener\"><img loading=\"lazy\" decoding=\"async\" width=\"168\" height=\"49\" src=\"https:\/\/pos.uel.br\/ppgci\/wp-content\/uploads\/2022\/10\/gp-icon.jpg\" alt=\"\" class=\"wp-image-485\" style=\"width:144px;height:42px\" \/><\/a><\/figure>\n<\/div><\/div>\n<\/div>\n<\/div><\/div>\n<\/div><\/div>\n\n\n\n<hr class=\"wp-block-separator has-alpha-channel-opacity is-style-wide\" \/>\n\n\n\n<div class=\"wp-block-media-text alignwide is-stacked-on-mobile\" style=\"grid-template-columns:24% auto\"><figure class=\"wp-block-media-text__media\"><img loading=\"lazy\" decoding=\"async\" width=\"676\" height=\"1024\" src=\"https:\/\/pos.uel.br\/ppgci\/wp-content\/uploads\/2022\/09\/Gilnei-1-676x1024.jpeg\" alt=\"\" class=\"wp-image-338 size-full\" srcset=\"https:\/\/pos.uel.br\/ppgci\/wp-content\/uploads\/2022\/09\/Gilnei-1-676x1024.jpeg 676w, https:\/\/pos.uel.br\/ppgci\/wp-content\/uploads\/2022\/09\/Gilnei-1-198x300.jpeg 198w, https:\/\/pos.uel.br\/ppgci\/wp-content\/uploads\/2022\/09\/Gilnei-1-768x1164.jpeg 768w, https:\/\/pos.uel.br\/ppgci\/wp-content\/uploads\/2022\/09\/Gilnei-1.jpeg 900w\" sizes=\"auto, (max-width: 676px) 100vw, 676px\" \/><\/figure><div class=\"wp-block-media-text__content\">\n<h3 class=\"wp-block-heading is-style-highlighted-heading\"><strong>Prof. Dr.&nbsp;<\/strong>Gilnei Machado <\/h3>\n\n\n\n<p>P\u00f3s-doutorado em Geografia. Doutorado em Geografia.<\/p>\n\n\n\n<p>Email:&nbsp;<a rel=\"noreferrer noopener\" href=\"mailto:gilnei@uel.br\" target=\"_blank\">gilnei@uel.br<\/a><\/p>\n\n\n\n<p class=\"has-text-align-center\"><strong>Temas de Pesquisa:<\/strong><\/p>\n\n\n\n<div class=\"wp-block-group\"><div class=\"wp-block-group__inner-container is-layout-flow wp-block-group-is-layout-flow\">\n<div class=\"wp-block-group\"><div class=\"wp-block-group__inner-container is-layout-flow wp-block-group-is-layout-flow\">\n<ul class=\"wp-block-list\">\n<li>Organiza\u00e7\u00e3o e an\u00e1lise de dados socioambientais;<\/li>\n\n\n\n<li>Bancos de dados georreferenciados;<\/li>\n\n\n\n<li>Cidades inteligentes.<\/li>\n<\/ul>\n<\/div><\/div>\n<\/div><\/div>\n\n\n\n<div class=\"wp-block-columns is-layout-flex wp-container-core-columns-is-layout-9d6595d7 wp-block-columns-is-layout-flex\">\n<div class=\"wp-block-column is-layout-flow wp-block-column-is-layout-flow\"><div class=\"wp-block-image\">\n<figure class=\"aligncenter size-full is-resized\"><a href=\"https:\/\/orcid.org\/0000-0001-9649-7223\" target=\"_blank\" rel=\"noopener\"><img loading=\"lazy\" decoding=\"async\" width=\"227\" height=\"76\" src=\"https:\/\/pos.uel.br\/ppgci\/wp-content\/uploads\/2022\/10\/orcid.jpg\" alt=\"\" class=\"wp-image-495\" style=\"width:112px;height:37px\" \/><\/a><\/figure>\n<\/div><\/div>\n\n\n\n<div class=\"wp-block-column is-layout-flow wp-block-column-is-layout-flow\"><div class=\"wp-block-image\">\n<figure class=\"aligncenter size-full\"><a href=\"http:\/\/lattes.cnpq.br\/2601219157653725\" target=\"_blank\" rel=\"noreferrer noopener\"><img loading=\"lazy\" decoding=\"async\" width=\"159\" height=\"38\" src=\"https:\/\/pos.uel.br\/ppgci\/wp-content\/uploads\/2022\/10\/lattes.jpg\" alt=\"\" class=\"wp-image-494\" \/><\/a><\/figure>\n<\/div><\/div>\n\n\n\n<div class=\"wp-block-column is-layout-flow wp-block-column-is-layout-flow\"><div class=\"wp-block-image\">\n<figure class=\"aligncenter size-full is-resized\"><a href=\"https:\/\/dgp.cnpq.br\/dgp\/espelhogrupo\/4998426361691642\" target=\"_blank\" rel=\"https:\/\/dgp.cnpq.br\/dgp\/espelhogrupo\/4998426361691642 noopener\"><img loading=\"lazy\" decoding=\"async\" width=\"168\" height=\"49\" src=\"https:\/\/pos.uel.br\/ppgci\/wp-content\/uploads\/2022\/10\/gp-icon.jpg\" alt=\"\" class=\"wp-image-485\" style=\"width:144px;height:42px\" \/><\/a><\/figure>\n<\/div><\/div>\n<\/div>\n<\/div><\/div>\n\n\n\n<hr class=\"wp-block-separator alignfull has-alpha-channel-opacity is-style-wide\" \/>\n\n\n\n<div class=\"wp-block-media-text alignwide is-stacked-on-mobile\" style=\"grid-template-columns:24% auto\"><figure class=\"wp-block-media-text__media\"><img loading=\"lazy\" decoding=\"async\" width=\"573\" height=\"713\" src=\"https:\/\/pos.uel.br\/ppgci\/wp-content\/uploads\/2022\/09\/Miguel.jpg\" alt=\"\" class=\"wp-image-342 size-full\" srcset=\"https:\/\/pos.uel.br\/ppgci\/wp-content\/uploads\/2022\/09\/Miguel.jpg 573w, https:\/\/pos.uel.br\/ppgci\/wp-content\/uploads\/2022\/09\/Miguel-241x300.jpg 241w\" sizes=\"auto, (max-width: 573px) 100vw, 573px\" \/><\/figure><div class=\"wp-block-media-text__content\">\n<h3 class=\"wp-block-heading is-style-highlighted-heading\"><strong>Prof. Dr.&nbsp;<\/strong>Miguel Luiz Contani<\/h3>\n\n\n\n<p>Doutorado em Comunica\u00e7\u00e3o e Semi\u00f3tica.<\/p>\n\n\n\n<p>Email:&nbsp;<a href=\"mailto:mcluiz@uel.br\" target=\"_blank\" rel=\"noreferrer noopener\">mcluiz@uel.br<\/a><\/p>\n\n\n\n<p class=\"has-text-align-center\"><strong>Temas de Pesquisa:<\/strong><\/p>\n\n\n\n<div class=\"wp-block-group\"><div class=\"wp-block-group__inner-container is-layout-flow wp-block-group-is-layout-flow\">\n<div class=\"wp-block-group\"><div class=\"wp-block-group__inner-container is-layout-flow wp-block-group-is-layout-flow\">\n<div class=\"wp-block-group\"><div class=\"wp-block-group__inner-container is-layout-flow wp-block-group-is-layout-flow\">\n<ul class=\"wp-block-list\">\n<li>Minera\u00e7\u00e3o de sentido e teoria do conceito;<\/li>\n\n\n\n<li>Descri\u00e7\u00e3o da informa\u00e7\u00e3o e an\u00e1lise de impacto nos c\u00f3digos imag\u00e9ticos;<\/li>\n\n\n\n<li>Organiza\u00e7\u00e3o da informa\u00e7\u00e3o e do conhecimento em sistemas urbanos.<\/li>\n<\/ul>\n<\/div><\/div>\n<\/div><\/div>\n\n\n\n<div class=\"wp-block-columns is-layout-flex wp-container-core-columns-is-layout-9d6595d7 wp-block-columns-is-layout-flex\">\n<div class=\"wp-block-column is-layout-flow wp-block-column-is-layout-flow\"><div class=\"wp-block-image\">\n<figure class=\"aligncenter size-full is-resized\"><a href=\"https:\/\/orcid.org\/0000-0002-4472-8672\" target=\"_blank\" rel=\"noopener\"><img loading=\"lazy\" decoding=\"async\" width=\"227\" height=\"76\" src=\"https:\/\/pos.uel.br\/ppgci\/wp-content\/uploads\/2022\/10\/orcid.jpg\" alt=\"\" class=\"wp-image-495\" style=\"width:112px;height:37px\" \/><\/a><\/figure>\n<\/div><\/div>\n\n\n\n<div class=\"wp-block-column is-layout-flow wp-block-column-is-layout-flow\"><div class=\"wp-block-image\">\n<figure class=\"aligncenter size-full\"><a href=\"http:\/\/lattes.cnpq.br\/7236712895240356\" target=\"_blank\" rel=\"noreferrer noopener\"><img loading=\"lazy\" decoding=\"async\" width=\"159\" height=\"38\" src=\"https:\/\/pos.uel.br\/ppgci\/wp-content\/uploads\/2022\/10\/lattes.jpg\" alt=\"\" class=\"wp-image-494\" \/><\/a><\/figure>\n<\/div><\/div>\n\n\n\n<div class=\"wp-block-column is-layout-flow wp-block-column-is-layout-flow\"><div class=\"wp-block-image\">\n<figure class=\"aligncenter size-full is-resized\"><a href=\"http:\/\/dgp.cnpq.br\/dgp\/espelhogrupo\/6490861648635501\" target=\"_blank\" rel=\"http:\/\/dgp.cnpq.br\/dgp\/espelhogrupo\/6490861648635501 noopener\"><img loading=\"lazy\" decoding=\"async\" width=\"168\" height=\"49\" src=\"https:\/\/pos.uel.br\/ppgci\/wp-content\/uploads\/2022\/10\/gp-icon.jpg\" alt=\"\" class=\"wp-image-485\" style=\"width:144px;height:42px\" \/><\/a><\/figure>\n<\/div><\/div>\n<\/div>\n<\/div><\/div>\n<\/div><\/div>\n\n\n\n<hr class=\"wp-block-separator has-alpha-channel-opacity is-style-wide\" \/>\n\n\n\n<div class=\"wp-block-media-text alignwide is-stacked-on-mobile\" style=\"grid-template-columns:24% auto\"><figure class=\"wp-block-media-text__media\"><img loading=\"lazy\" decoding=\"async\" width=\"682\" height=\"1024\" src=\"https:\/\/pos.uel.br\/ppgci\/wp-content\/uploads\/2022\/09\/Fernanda-Santos-PPGCI-UEL.jpeg\" alt=\"\" class=\"wp-image-344 size-full\" srcset=\"https:\/\/pos.uel.br\/ppgci\/wp-content\/uploads\/2022\/09\/Fernanda-Santos-PPGCI-UEL.jpeg 682w, https:\/\/pos.uel.br\/ppgci\/wp-content\/uploads\/2022\/09\/Fernanda-Santos-PPGCI-UEL-200x300.jpeg 200w\" sizes=\"auto, (max-width: 682px) 100vw, 682px\" \/><\/figure><div class=\"wp-block-media-text__content\">\n<h3 class=\"wp-block-heading is-style-highlighted-heading\">Profa. Dra. Raimunda Fernanda dos Santos<\/h3>\n\n\n\n<p>Doutorado em Ci\u00eancia da Informa\u00e7\u00e3o.&nbsp;<\/p>\n\n\n\n<p>Email:&nbsp;<a href=\"mailto:fernanda@facc.ufrj.br\">fernanda@facc.ufrj.br<\/a><\/p>\n\n\n\n<p class=\"has-text-align-center\"><strong>Temas de Pesquisa:<\/strong><\/p>\n\n\n\n<div class=\"wp-block-group\"><div class=\"wp-block-group__inner-container is-layout-flow wp-block-group-is-layout-flow\">\n<div class=\"wp-block-group\"><div class=\"wp-block-group__inner-container is-layout-flow wp-block-group-is-layout-flow\">\n<div class=\"wp-block-group\"><div class=\"wp-block-group__inner-container is-layout-flow wp-block-group-is-layout-flow\">\n<div class=\"wp-block-group\"><div class=\"wp-block-group__inner-container is-layout-flow wp-block-group-is-layout-flow\">\n<ul class=\"wp-block-list\">\n<li>Organiza\u00e7\u00e3o e Representa\u00e7\u00e3o da Informa\u00e7\u00e3o e do Conhecimento;<\/li>\n\n\n\n<li>Recupera\u00e7\u00e3o da Informa\u00e7\u00e3o;<\/li>\n\n\n\n<li>Intelig\u00eancia Artificial;<\/li>\n\n\n\n<li>Modelos e sistemas colaborativos de representa\u00e7\u00e3o da informa\u00e7\u00e3o;<\/li>\n\n\n\n<li>Folksonomias;<\/li>\n\n\n\n<li>Pol\u00edtica de indexa\u00e7\u00e3o H\u00edbrida;<\/li>\n\n\n\n<li>Sistemas de Organiza\u00e7\u00e3o do Conhecimento;<\/li>\n\n\n\n<li>Sistemas de Recupera\u00e7\u00e3o da Informa\u00e7\u00e3o;<\/li>\n\n\n\n<li>Servi\u00e7os de Informa\u00e7\u00e3o.<\/li>\n<\/ul>\n<\/div><\/div>\n<\/div><\/div>\n<\/div><\/div>\n\n\n\n<div class=\"wp-block-columns is-layout-flex wp-container-core-columns-is-layout-9d6595d7 wp-block-columns-is-layout-flex\">\n<div class=\"wp-block-column is-layout-flow wp-block-column-is-layout-flow\"><div class=\"wp-block-image\">\n<figure class=\"aligncenter size-full is-resized\"><a href=\"https:\/\/orcid.org\/0000-0002-7750-3269\" target=\"_blank\" rel=\"noopener\"><img loading=\"lazy\" decoding=\"async\" width=\"227\" height=\"76\" src=\"https:\/\/pos.uel.br\/ppgci\/wp-content\/uploads\/2022\/10\/orcid.jpg\" alt=\"\" class=\"wp-image-495\" style=\"width:112px;height:37px\" \/><\/a><\/figure>\n<\/div><\/div>\n\n\n\n<div class=\"wp-block-column is-layout-flow wp-block-column-is-layout-flow\"><div class=\"wp-block-image\">\n<figure class=\"aligncenter size-full\"><a href=\"http:\/\/lattes.cnpq.br\/6543436156553138\" target=\"_blank\" rel=\"noopener\"><img loading=\"lazy\" decoding=\"async\" width=\"159\" height=\"38\" src=\"https:\/\/pos.uel.br\/ppgci\/wp-content\/uploads\/2022\/10\/lattes.jpg\" alt=\"\" class=\"wp-image-494\" \/><\/a><\/figure>\n<\/div><\/div>\n\n\n\n<div class=\"wp-block-column is-layout-flow wp-block-column-is-layout-flow\"><div class=\"wp-block-image\">\n<figure class=\"aligncenter size-full is-resized\"><a href=\"https:\/\/dgp.cnpq.br\/dgp\/espelhogrupo\/8700865134850810\" target=\"_blank\" rel=\"https:\/\/dgp.cnpq.br\/dgp\/espelhogrupo\/8700865134850810 noopener\"><img loading=\"lazy\" decoding=\"async\" width=\"168\" height=\"49\" src=\"https:\/\/pos.uel.br\/ppgci\/wp-content\/uploads\/2022\/10\/gp-icon.jpg\" alt=\"\" class=\"wp-image-485\" style=\"width:144px;height:42px\" \/><\/a><\/figure>\n<\/div><\/div>\n<\/div>\n<\/div><\/div>\n<\/div><\/div>\n\n\n\n<hr class=\"wp-block-separator has-alpha-channel-opacity is-style-wide\" \/>\n\n\n\n<div class=\"wp-block-media-text alignwide is-stacked-on-mobile\" style=\"grid-template-columns:24% auto\"><figure class=\"wp-block-media-text__media\"><img loading=\"lazy\" decoding=\"async\" width=\"479\" height=\"693\" src=\"https:\/\/pos.uel.br\/ppgci\/wp-content\/uploads\/2022\/09\/Rogerio.jpg\" alt=\"\" class=\"wp-image-346 size-full\" srcset=\"https:\/\/pos.uel.br\/ppgci\/wp-content\/uploads\/2022\/09\/Rogerio.jpg 479w, https:\/\/pos.uel.br\/ppgci\/wp-content\/uploads\/2022\/09\/Rogerio-207x300.jpg 207w\" sizes=\"auto, (max-width: 479px) 100vw, 479px\" \/><\/figure><div class=\"wp-block-media-text__content\">\n<h3 class=\"wp-block-heading is-style-highlighted-heading\">Prof. Dr. Rog\u00e9rio Aparecido S\u00e1 Ramalho<\/h3>\n\n\n\n<p>P\u00f3s-Doutorado em Ci\u00eancia da Informa\u00e7\u00e3o.&nbsp;Doutorado em Ci\u00eancia da Informa\u00e7\u00e3o.<\/p>\n\n\n\n<p>Email:&nbsp;<a href=\"mailto:gilnei@uel.br\"><\/a><a href=\"mailto:ramalho@ufscar.br\">ramalho@ufscar.br<\/a><\/p>\n\n\n\n<p class=\"has-text-align-center\"><strong>Temas de Pesquisa:<\/strong><\/p>\n\n\n\n<div class=\"wp-block-group\"><div class=\"wp-block-group__inner-container is-layout-flow wp-block-group-is-layout-flow\">\n<div class=\"wp-block-group\"><div class=\"wp-block-group__inner-container is-layout-flow wp-block-group-is-layout-flow\">\n<div class=\"wp-block-group\"><div class=\"wp-block-group__inner-container is-layout-flow wp-block-group-is-layout-flow\">\n<ul class=\"wp-block-list\">\n<li>Sistemas de Organiza\u00e7\u00e3o do Conhecimento;<\/li>\n\n\n\n<li>Tecnologias Disruptivas e Intelig\u00eancia Artificial;<\/li>\n\n\n\n<li>Inova\u00e7\u00e3o e Representa\u00e7\u00e3o do Conhecimento.<\/li>\n<\/ul>\n<\/div><\/div>\n<\/div><\/div>\n\n\n\n<div class=\"wp-block-columns is-layout-flex wp-container-core-columns-is-layout-9d6595d7 wp-block-columns-is-layout-flex\">\n<div class=\"wp-block-column is-layout-flow wp-block-column-is-layout-flow\"><div class=\"wp-block-image\">\n<figure class=\"aligncenter size-full is-resized\"><a href=\"https:\/\/orcid.org\/0000-0002-8491-3514\" target=\"_blank\" rel=\"noopener\"><img loading=\"lazy\" decoding=\"async\" width=\"227\" height=\"76\" src=\"https:\/\/pos.uel.br\/ppgci\/wp-content\/uploads\/2022\/10\/orcid.jpg\" alt=\"\" class=\"wp-image-495\" style=\"width:112px;height:37px\" \/><\/a><\/figure>\n<\/div><\/div>\n\n\n\n<div class=\"wp-block-column is-layout-flow wp-block-column-is-layout-flow\"><div class=\"wp-block-image\">\n<figure class=\"aligncenter size-full\"><a href=\"http:\/\/lattes.cnpq.br\/5602653417743793\" target=\"_blank\" rel=\"noopener\"><img loading=\"lazy\" decoding=\"async\" width=\"159\" height=\"38\" src=\"https:\/\/pos.uel.br\/ppgci\/wp-content\/uploads\/2022\/10\/lattes.jpg\" alt=\"\" class=\"wp-image-494\" \/><\/a><\/figure>\n<\/div><\/div>\n\n\n\n<div class=\"wp-block-column is-layout-flow wp-block-column-is-layout-flow\"><div class=\"wp-block-image\">\n<figure class=\"aligncenter size-full is-resized\"><a href=\"https:\/\/dgp.cnpq.br\/dgp\/espelhogrupo\/0139787774784633\" target=\"_blank\" rel=\"https:\/\/dgp.cnpq.br\/dgp\/espelhogrupo\/0139787774784633 noopener\"><img loading=\"lazy\" decoding=\"async\" width=\"168\" height=\"49\" src=\"https:\/\/pos.uel.br\/ppgci\/wp-content\/uploads\/2022\/10\/gp-icon.jpg\" alt=\"\" class=\"wp-image-485\" style=\"width:144px;height:42px\" \/><\/a><\/figure>\n<\/div><\/div>\n<\/div>\n<\/div><\/div>\n<\/div><\/div>\n\n\n\n<hr class=\"wp-block-separator has-alpha-channel-opacity is-style-wide\" \/>\n\n\n\n<div class=\"wp-block-media-text alignwide is-stacked-on-mobile\" style=\"grid-template-columns:24% auto\"><figure class=\"wp-block-media-text__media\"><img loading=\"lazy\" decoding=\"async\" width=\"768\" height=\"1024\" src=\"https:\/\/pos.uel.br\/ppgci\/wp-content\/uploads\/2022\/10\/Rosane-768x1024.jpg\" alt=\"\" class=\"wp-image-664 size-full\" srcset=\"https:\/\/pos.uel.br\/ppgci\/wp-content\/uploads\/2022\/10\/Rosane-768x1024.jpg 768w, https:\/\/pos.uel.br\/ppgci\/wp-content\/uploads\/2022\/10\/Rosane-225x300.jpg 225w, https:\/\/pos.uel.br\/ppgci\/wp-content\/uploads\/2022\/10\/Rosane.jpg 960w\" sizes=\"auto, (max-width: 768px) 100vw, 768px\" \/><\/figure><div class=\"wp-block-media-text__content\">\n<h3 class=\"wp-block-heading is-style-highlighted-heading\">Profa. Dra. Rosane S. Alvares Lunardelli<\/h3>\n\n\n\n<p>P\u00f3s-doutorado em Ci\u00eancia da Informa\u00e7\u00e3o. Doutorado em Estudos da Linguagem.<\/p>\n\n\n\n<p>Email:&nbsp;<a href=\"mailto:lunardelli@uel.br\">lunardelli@uel.br<\/a><\/p>\n\n\n\n<p class=\"has-text-align-center\"><strong>Temas de Pesquisa:<\/strong><\/p>\n\n\n\n<div class=\"wp-block-group\"><div class=\"wp-block-group__inner-container is-layout-flow wp-block-group-is-layout-flow\">\n<div class=\"wp-block-group\"><div class=\"wp-block-group__inner-container is-layout-flow wp-block-group-is-layout-flow\">\n<div class=\"wp-block-group\"><div class=\"wp-block-group__inner-container is-layout-flow wp-block-group-is-layout-flow\">\n<div class=\"wp-block-group\"><div class=\"wp-block-group__inner-container is-layout-flow wp-block-group-is-layout-flow\">\n<div class=\"wp-block-group\"><div class=\"wp-block-group__inner-container is-layout-flow wp-block-group-is-layout-flow\">\n<ul class=\"wp-block-list\">\n<li>Organiza\u00e7\u00e3o e Representa\u00e7\u00e3o da Informa\u00e7\u00e3o e do Conhecimento em diversos contextos;<\/li>\n\n\n\n<li>A literatura de Cordel no contexto da Ci\u00eancia da Informa\u00e7\u00e3o;<\/li>\n\n\n\n<li>Processos e produtos de s\u00edntese documental na perspectiva da Arquivologia e Biblioteconomia;<\/li>\n\n\n\n<li>O profissional da Informa\u00e7\u00e3o e a comunica\u00e7\u00e3o n\u00e3o verbal.<\/li>\n<\/ul>\n<\/div><\/div>\n<\/div><\/div>\n<\/div><\/div>\n<\/div><\/div>\n\n\n\n<div class=\"wp-block-columns is-layout-flex wp-container-core-columns-is-layout-9d6595d7 wp-block-columns-is-layout-flex\">\n<div class=\"wp-block-column is-layout-flow wp-block-column-is-layout-flow\"><div class=\"wp-block-image\">\n<figure class=\"aligncenter size-full is-resized\"><a href=\"https:\/\/orcid.org\/0000-0002-5405-072X\" target=\"_blank\" rel=\"noopener\"><img loading=\"lazy\" decoding=\"async\" width=\"227\" height=\"76\" src=\"https:\/\/pos.uel.br\/ppgci\/wp-content\/uploads\/2022\/10\/orcid.jpg\" alt=\"\" class=\"wp-image-495\" style=\"width:112px;height:37px\" \/><\/a><\/figure>\n<\/div><\/div>\n\n\n\n<div class=\"wp-block-column is-layout-flow wp-block-column-is-layout-flow\"><div class=\"wp-block-image\">\n<figure class=\"aligncenter size-full is-resized\"><a href=\"http:\/\/lattes.cnpq.br\/6305738943036308\"><img loading=\"lazy\" decoding=\"async\" width=\"159\" height=\"38\" src=\"https:\/\/pos.uel.br\/ppgci\/wp-content\/uploads\/2022\/10\/lattes.jpg\" alt=\"\" class=\"wp-image-494\" style=\"width:159px;height:38px\" \/><\/a><\/figure>\n<\/div><\/div>\n\n\n\n<div class=\"wp-block-column is-layout-flow wp-block-column-is-layout-flow\"><div class=\"wp-block-image\">\n<figure class=\"aligncenter size-full is-resized\"><img loading=\"lazy\" decoding=\"async\" width=\"168\" height=\"49\" src=\"https:\/\/pos.uel.br\/ppgci\/wp-content\/uploads\/2022\/10\/gp-icon.jpg\" alt=\"\" class=\"wp-image-485\" style=\"width:144px;height:42px\" \/><\/figure>\n<\/div><\/div>\n<\/div>\n<\/div><\/div>\n<\/div><\/div>\n\n\n\n<hr class=\"wp-block-separator has-alpha-channel-opacity is-style-wide\" \/>\n<\/div>\n\n\n\n<div class=\"wp-block-uel-card\">\n<div class=\"wp-block-columns is-layout-flex wp-container-core-columns-is-layout-9d6595d7 wp-block-columns-is-layout-flex\">\n<div class=\"wp-block-column is-layout-flow wp-block-column-is-layout-flow\" style=\"flex-basis:100%\">\n<div class=\"wp-block-uel-card\">\n<p class=\"has-text-align-center has-medium-font-size\">Linha de Pesquisa 2:<strong>&nbsp;Compartilhamento da Informa\u00e7\u00e3o e do Conhecimento<\/strong><\/p>\n\n\n\n<p>A linha visa desenvolver estudos orientados \u00e0 informa\u00e7\u00e3o e ao conhecimento como objetos de interven\u00e7\u00e3o e transforma\u00e7\u00e3o cient\u00edfica, tecnol\u00f3gica e social. As pesquisas convergem para: acesso e apropria\u00e7\u00e3o da informa\u00e7\u00e3o e do conhecimento; ambientes, canais e fluxos da informa\u00e7\u00e3o; servi\u00e7os e produtos de informa\u00e7\u00e3o e quest\u00f5es pertinentes a redes de conhecimento, media\u00e7\u00e3o da informa\u00e7\u00e3o e produ\u00e7\u00e3o cient\u00edfica.<\/p>\n<\/div>\n<\/div>\n<\/div>\n\n\n\n<div class=\"wp-block-media-text alignwide is-stacked-on-mobile\" style=\"grid-template-columns:24% auto\"><figure class=\"wp-block-media-text__media\"><img loading=\"lazy\" decoding=\"async\" width=\"415\" height=\"595\" src=\"https:\/\/pos.uel.br\/ppgci\/wp-content\/uploads\/2022\/09\/FotoAdriana2022.png\" alt=\"\" class=\"wp-image-356 size-full\" srcset=\"https:\/\/pos.uel.br\/ppgci\/wp-content\/uploads\/2022\/09\/FotoAdriana2022.png 415w, https:\/\/pos.uel.br\/ppgci\/wp-content\/uploads\/2022\/09\/FotoAdriana2022-209x300.png 209w\" sizes=\"auto, (max-width: 415px) 100vw, 415px\" \/><\/figure><div class=\"wp-block-media-text__content\">\n<h3 class=\"wp-block-heading is-style-highlighted-heading\">Profa. Dra.&nbsp;Adriana Rosecler Alcar\u00e1<\/h3>\n\n\n\n<p>Doutorado em Psicologia.<\/p>\n\n\n\n<p>Email:&nbsp;<a href=\"mailto:alcara@uel.br\">alcara@uel.br<\/a><\/p>\n\n\n\n<p class=\"has-text-align-center\"><strong>Temas de Pesquisa:<\/strong><\/p>\n\n\n\n<div class=\"wp-block-group\"><div class=\"wp-block-group__inner-container is-layout-flow wp-block-group-is-layout-flow\">\n<ul class=\"wp-block-list\">\n<li>Busca e uso da informa\u00e7\u00e3o em diferentes contextos;<\/li>\n\n\n\n<li>Forma\u00e7\u00e3o de habilidades para a compet\u00eancia em informa\u00e7\u00e3o em ambientes acad\u00eamicos e demais espa\u00e7os sociais;<\/li>\n\n\n\n<li>Compet\u00eancia em informa\u00e7\u00e3o e contextos inclusivos;<\/li>\n\n\n\n<li>Compet\u00eancia em informa\u00e7\u00e3o e atua\u00e7\u00e3o profissional;<\/li>\n\n\n\n<li>Compet\u00eancia em informa\u00e7\u00e3o e motiva\u00e7\u00e3o.<\/li>\n<\/ul>\n\n\n\n<div class=\"wp-block-columns is-layout-flex wp-container-core-columns-is-layout-9d6595d7 wp-block-columns-is-layout-flex\">\n<div class=\"wp-block-column is-layout-flow wp-block-column-is-layout-flow\"><div class=\"wp-block-image\">\n<figure class=\"aligncenter size-full is-resized\"><a href=\"https:\/\/orcid.org\/0000-0003-4639-0967\" target=\"_blank\" rel=\"noopener\"><img loading=\"lazy\" decoding=\"async\" width=\"227\" height=\"76\" src=\"https:\/\/pos.uel.br\/ppgci\/wp-content\/uploads\/2022\/10\/orcid.jpg\" alt=\"\" class=\"wp-image-495\" style=\"width:112px;height:37px\" \/><\/a><\/figure>\n<\/div><\/div>\n\n\n\n<div class=\"wp-block-column is-layout-flow wp-block-column-is-layout-flow\"><div class=\"wp-block-image\">\n<figure class=\"aligncenter size-full\"><a href=\"http:\/\/lattes.cnpq.br\/3588218110877458\" target=\"_blank\" rel=\"noopener\"><img loading=\"lazy\" decoding=\"async\" width=\"159\" height=\"38\" src=\"https:\/\/pos.uel.br\/ppgci\/wp-content\/uploads\/2022\/10\/lattes.jpg\" alt=\"\" class=\"wp-image-494\" \/><\/a><\/figure>\n<\/div><\/div>\n\n\n\n<div class=\"wp-block-column is-layout-flow wp-block-column-is-layout-flow\"><div class=\"wp-block-image\">\n<figure class=\"aligncenter size-full is-resized\"><a href=\"https:\/\/dgp.cnpq.br\/dgp\/espelhogrupo\/8785596429519631\" target=\"_blank\" rel=\"https:\/\/dgp.cnpq.br\/dgp\/espelhogrupo\/8785596429519631 noopener\"><img loading=\"lazy\" decoding=\"async\" width=\"168\" height=\"49\" src=\"https:\/\/pos.uel.br\/ppgci\/wp-content\/uploads\/2022\/10\/gp-icon.jpg\" alt=\"\" class=\"wp-image-485\" style=\"width:144px;height:42px\" \/><\/a><\/figure>\n<\/div><\/div>\n<\/div>\n<\/div><\/div>\n<\/div><\/div>\n\n\n\n<hr class=\"wp-block-separator has-alpha-channel-opacity is-style-wide\" \/>\n\n\n\n<div class=\"wp-block-media-text alignwide is-stacked-on-mobile\" style=\"grid-template-columns:25% auto\"><figure class=\"wp-block-media-text__media\"><img loading=\"lazy\" decoding=\"async\" width=\"334\" height=\"461\" src=\"https:\/\/pos.uel.br\/ppgci\/wp-content\/uploads\/2022\/09\/Ana-Paula.jpeg\" alt=\"\" class=\"wp-image-357 size-full\" srcset=\"https:\/\/pos.uel.br\/ppgci\/wp-content\/uploads\/2022\/09\/Ana-Paula.jpeg 334w, https:\/\/pos.uel.br\/ppgci\/wp-content\/uploads\/2022\/09\/Ana-Paula-217x300.jpeg 217w\" sizes=\"auto, (max-width: 334px) 100vw, 334px\" \/><\/figure><div class=\"wp-block-media-text__content\">\n<h3 class=\"wp-block-heading is-style-highlighted-heading\">Profa. Dra Ana Paula Perfetto Demarchi<\/h3>\n\n\n\n<p>P\u00f3s-doutorado em Gest\u00e3o do conhecimento. Doutora em Engenharia e Gest\u00e3o do conhecimento.<\/p>\n\n\n\n<p>Email:&nbsp;<a rel=\"noreferrer noopener\" href=\"mailto:perfeto@uel.br\" target=\"_blank\">perfeto@uel.br<\/a><\/p>\n\n\n\n<p class=\"has-text-align-center\"><strong>Temas de Pesquisa:<\/strong><\/p>\n\n\n\n<div class=\"wp-block-group\"><div class=\"wp-block-group__inner-container is-layout-flow wp-block-group-is-layout-flow\">\n<div class=\"wp-block-group\"><div class=\"wp-block-group__inner-container is-layout-flow wp-block-group-is-layout-flow\">\n<ul class=\"wp-block-list\">\n<li>Inova\u00e7\u00e3o pelo Design Thinking;<\/li>\n\n\n\n<li>Nova Gest\u00e3o do Conhecimento;<\/li>\n\n\n\n<li>Representa\u00e7\u00e3o da Informa\u00e7\u00e3o.<\/li>\n<\/ul>\n<\/div><\/div>\n\n\n\n<div class=\"wp-block-columns is-layout-flex wp-container-core-columns-is-layout-9d6595d7 wp-block-columns-is-layout-flex\">\n<div class=\"wp-block-column is-layout-flow wp-block-column-is-layout-flow\"><div class=\"wp-block-image\">\n<figure class=\"aligncenter size-full is-resized\"><a href=\"https:\/\/orcid.org\/0000-0001-9087-5254\" target=\"_blank\" rel=\"noopener\"><img loading=\"lazy\" decoding=\"async\" width=\"227\" height=\"76\" src=\"https:\/\/pos.uel.br\/ppgci\/wp-content\/uploads\/2022\/10\/orcid.jpg\" alt=\"\" class=\"wp-image-495\" style=\"width:112px;height:37px\" \/><\/a><\/figure>\n<\/div><\/div>\n\n\n\n<div class=\"wp-block-column is-layout-flow wp-block-column-is-layout-flow\"><div class=\"wp-block-image\">\n<figure class=\"aligncenter size-full is-resized\"><a href=\"http:\/\/lattes.cnpq.br\/9303836829970241\" target=\"_blank\" rel=\"noopener\"><img loading=\"lazy\" decoding=\"async\" width=\"159\" height=\"38\" src=\"https:\/\/pos.uel.br\/ppgci\/wp-content\/uploads\/2022\/10\/lattes.jpg\" alt=\"\" class=\"wp-image-494\" style=\"width:159px;height:38px\" \/><\/a><\/figure>\n<\/div><\/div>\n\n\n\n<div class=\"wp-block-column is-layout-flow wp-block-column-is-layout-flow\"><div class=\"wp-block-image\">\n<figure class=\"aligncenter size-full is-resized\"><a href=\"https:\/\/dgp.cnpq.br\/dgp\/espelhogrupo\/8349671299031819\" target=\"_blank\" rel=\"https:\/\/dgp.cnpq.br\/dgp\/espelhogrupo\/8349671299031819 noopener\"><img loading=\"lazy\" decoding=\"async\" width=\"168\" height=\"49\" src=\"https:\/\/pos.uel.br\/ppgci\/wp-content\/uploads\/2022\/10\/gp-icon.jpg\" alt=\"\" class=\"wp-image-485\" style=\"width:144px;height:42px\" \/><\/a><\/figure>\n<\/div><\/div>\n<\/div>\n<\/div><\/div>\n<\/div><\/div>\n\n\n\n<hr class=\"wp-block-separator has-alpha-channel-opacity is-style-wide\" \/>\n\n\n\n<div class=\"wp-block-media-text alignwide is-stacked-on-mobile\" style=\"grid-template-columns:25% auto\"><figure class=\"wp-block-media-text__media\"><img loading=\"lazy\" decoding=\"async\" width=\"629\" height=\"939\" src=\"https:\/\/pos.uel.br\/ppgci\/wp-content\/uploads\/2022\/09\/Cris-Berti.jpg\" alt=\"\" class=\"wp-image-358 size-full\" srcset=\"https:\/\/pos.uel.br\/ppgci\/wp-content\/uploads\/2022\/09\/Cris-Berti.jpg 629w, https:\/\/pos.uel.br\/ppgci\/wp-content\/uploads\/2022\/09\/Cris-Berti-201x300.jpg 201w\" sizes=\"auto, (max-width: 629px) 100vw, 629px\" \/><\/figure><div class=\"wp-block-media-text__content\">\n<h3 class=\"wp-block-heading is-style-highlighted-heading\">Profa. Dra. Ilemar Christina Lansoni Wey Berti<\/h3>\n\n\n\n<p>P\u00f3s-doutorado em Ci\u00eancia da Informa\u00e7\u00e3o. Doutorado em Ci\u00eancia da Informa\u00e7\u00e3o.<\/p>\n\n\n\n<p>Email: <a rel=\"noreferrer noopener\" href=\"mailto:christinaberti@uel.br\" target=\"_blank\">christinaberti@uel.br<\/a>&nbsp;<\/p>\n\n\n\n<p class=\"has-text-align-center\"><strong>Temas de Pesquisa:<\/strong><\/p>\n\n\n\n<div class=\"wp-block-group\"><div class=\"wp-block-group__inner-container is-layout-flow wp-block-group-is-layout-flow\">\n<div class=\"wp-block-group\"><div class=\"wp-block-group__inner-container is-layout-flow wp-block-group-is-layout-flow\">\n<div class=\"wp-block-group\"><div class=\"wp-block-group__inner-container is-layout-flow wp-block-group-is-layout-flow\">\n<div class=\"wp-block-group\"><div class=\"wp-block-group__inner-container is-layout-flow wp-block-group-is-layout-flow\">\n<div class=\"wp-block-group\"><div class=\"wp-block-group__inner-container is-layout-flow wp-block-group-is-layout-flow\">\n<ul class=\"wp-block-list\">\n<li>Estudos de usu\u00e1rios;<\/li>\n\n\n\n<li>Pr\u00e1ticas informacionais;<\/li>\n\n\n\n<li>Pol\u00edticas e Regimes de informa\u00e7\u00e3o;\u00a0<\/li>\n\n\n\n<li>Doc\u00eancia em Ci\u00eancia da informa\u00e7\u00e3o.<\/li>\n<\/ul>\n<\/div><\/div>\n<\/div><\/div>\n<\/div><\/div>\n<\/div><\/div>\n\n\n\n<div class=\"wp-block-columns is-layout-flex wp-container-core-columns-is-layout-9d6595d7 wp-block-columns-is-layout-flex\">\n<div class=\"wp-block-column is-layout-flow wp-block-column-is-layout-flow\"><div class=\"wp-block-image\">\n<figure class=\"aligncenter size-full is-resized\"><a href=\"https:\/\/orcid.org\/0000-0002-1222-6045\" target=\"_blank\" rel=\"noopener\"><img loading=\"lazy\" decoding=\"async\" width=\"227\" height=\"76\" src=\"https:\/\/pos.uel.br\/ppgci\/wp-content\/uploads\/2022\/10\/orcid.jpg\" alt=\"\" class=\"wp-image-495\" style=\"width:112px;height:37px\" \/><\/a><\/figure>\n<\/div><\/div>\n\n\n\n<div class=\"wp-block-column is-layout-flow wp-block-column-is-layout-flow\"><div class=\"wp-block-image\">\n<figure class=\"aligncenter size-full is-resized\"><a href=\"http:\/\/lattes.cnpq.br\/5248079505422092\" target=\"_blank\" rel=\"noopener\"><img loading=\"lazy\" decoding=\"async\" width=\"159\" height=\"38\" src=\"https:\/\/pos.uel.br\/ppgci\/wp-content\/uploads\/2022\/10\/lattes.jpg\" alt=\"\" class=\"wp-image-494\" style=\"width:159px;height:38px\" \/><\/a><\/figure>\n<\/div><\/div>\n\n\n\n<div class=\"wp-block-column is-layout-flow wp-block-column-is-layout-flow\"><div class=\"wp-block-image\">\n<figure class=\"aligncenter size-full is-resized\"><a href=\"https:\/\/dgp.cnpq.br\/dgp\/espelhogrupo\/1394039327208786\" target=\"_blank\" rel=\"https:\/\/dgp.cnpq.br\/dgp\/espelhogrupo\/1394039327208786 noopener\"><img loading=\"lazy\" decoding=\"async\" width=\"168\" height=\"49\" src=\"https:\/\/pos.uel.br\/ppgci\/wp-content\/uploads\/2022\/10\/gp-icon.jpg\" alt=\"\" class=\"wp-image-485\" style=\"width:144px;height:42px\" \/><\/a><\/figure>\n<\/div><\/div>\n<\/div>\n<\/div><\/div>\n<\/div><\/div>\n\n\n\n<hr class=\"wp-block-separator has-alpha-channel-opacity is-style-wide\" \/>\n\n\n\n<div class=\"wp-block-media-text alignwide is-stacked-on-mobile\" style=\"grid-template-columns:25% auto\"><figure class=\"wp-block-media-text__media\"><img loading=\"lazy\" decoding=\"async\" width=\"419\" height=\"607\" src=\"https:\/\/pos.uel.br\/ppgci\/wp-content\/uploads\/2022\/09\/Joao.jpg\" alt=\"\" class=\"wp-image-359 size-full\" srcset=\"https:\/\/pos.uel.br\/ppgci\/wp-content\/uploads\/2022\/09\/Joao.jpg 419w, https:\/\/pos.uel.br\/ppgci\/wp-content\/uploads\/2022\/09\/Joao-207x300.jpg 207w\" sizes=\"auto, (max-width: 419px) 100vw, 419px\" \/><\/figure><div class=\"wp-block-media-text__content\">\n<h3 class=\"wp-block-heading is-style-highlighted-heading\">Prof. Dr. Jo\u00e3o Arlindo Santos Neto<\/h3>\n\n\n\n<p>Doutorado em Ci\u00eancia da Informa\u00e7\u00e3o.<\/p>\n\n\n\n<p>Email: <a rel=\"noreferrer noopener\" href=\"mailto:santosneto@ufpa.br\" target=\"_blank\">santosneto@ufpa.br<\/a><\/p>\n\n\n\n<p class=\"has-text-align-center\"><strong>Temas de Pesquisa:<\/strong><\/p>\n\n\n\n<div class=\"wp-block-group\"><div class=\"wp-block-group__inner-container is-layout-flow wp-block-group-is-layout-flow\">\n<div class=\"wp-block-group\"><div class=\"wp-block-group__inner-container is-layout-flow wp-block-group-is-layout-flow\">\n<div class=\"wp-block-group\"><div class=\"wp-block-group__inner-container is-layout-flow wp-block-group-is-layout-flow\">\n<div class=\"wp-block-group\"><div class=\"wp-block-group__inner-container is-layout-flow wp-block-group-is-layout-flow\">\n<div class=\"wp-block-group\"><div class=\"wp-block-group__inner-container is-layout-flow wp-block-group-is-layout-flow\">\n<ul class=\"wp-block-list\">\n<li>Media\u00e7\u00e3o da informa\u00e7\u00e3o;<\/li>\n\n\n\n<li>Media\u00e7\u00e3o da informa\u00e7\u00e3o &#8211; Estudos M\u00e9tricos da Informa\u00e7\u00e3o;<\/li>\n\n\n\n<li>Forma\u00e7\u00e3o do profissional da informa\u00e7\u00e3o;<\/li>\n\n\n\n<li>Recursos e servi\u00e7os informacionais;<\/li>\n\n\n\n<li>Fontes de informa\u00e7\u00e3o;<\/li>\n\n\n\n<li>Uso de m\u00eddias e redes sociais por equipamentos informacionais.<\/li>\n<\/ul>\n<\/div><\/div>\n<\/div><\/div>\n<\/div><\/div>\n<\/div><\/div>\n\n\n\n<div class=\"wp-block-columns is-layout-flex wp-container-core-columns-is-layout-9d6595d7 wp-block-columns-is-layout-flex\">\n<div class=\"wp-block-column is-layout-flow wp-block-column-is-layout-flow\"><div class=\"wp-block-image\">\n<figure class=\"aligncenter size-full is-resized\"><a href=\"http:\/\/orcid.org\/0000-0003-1833-911X\" target=\"_blank\" rel=\"noopener\"><img loading=\"lazy\" decoding=\"async\" width=\"227\" height=\"76\" src=\"https:\/\/pos.uel.br\/ppgci\/wp-content\/uploads\/2022\/10\/orcid.jpg\" alt=\"\" class=\"wp-image-495\" style=\"width:112px;height:37px\" \/><\/a><\/figure>\n<\/div><\/div>\n\n\n\n<div class=\"wp-block-column is-layout-flow wp-block-column-is-layout-flow\"><div class=\"wp-block-image\">\n<figure class=\"aligncenter size-full\"><a href=\"http:\/\/lattes.cnpq.br\/9296179246118904\" target=\"_blank\" rel=\"noopener\"><img loading=\"lazy\" decoding=\"async\" width=\"159\" height=\"38\" src=\"https:\/\/pos.uel.br\/ppgci\/wp-content\/uploads\/2022\/10\/lattes.jpg\" alt=\"\" class=\"wp-image-494\" \/><\/a><\/figure>\n<\/div><\/div>\n\n\n\n<div class=\"wp-block-column is-layout-flow wp-block-column-is-layout-flow\"><div class=\"wp-block-image\">\n<figure class=\"aligncenter size-full is-resized\"><a href=\"https:\/\/dgp.cnpq.br\/dgp\/espelhogrupo\/1281625035952300\" target=\"_blank\" rel=\"https:\/\/dgp.cnpq.br\/dgp\/espelhogrupo\/1281625035952300 noopener\"><img loading=\"lazy\" decoding=\"async\" width=\"168\" height=\"49\" src=\"https:\/\/pos.uel.br\/ppgci\/wp-content\/uploads\/2022\/10\/gp-icon.jpg\" alt=\"\" class=\"wp-image-485\" style=\"width:144px;height:42px\" \/><\/a><\/figure>\n<\/div>\n\n<div class=\"wp-block-image\">\n<figure class=\"aligncenter size-full is-resized\"><a href=\"https:\/\/dgp.cnpq.br\/dgp\/espelhogrupo\/9440883077609263\" target=\"_blank\" rel=\"https:\/\/dgp.cnpq.br\/dgp\/espelhogrupo\/9440883077609263 noopener\"><img loading=\"lazy\" decoding=\"async\" width=\"168\" height=\"49\" src=\"https:\/\/pos.uel.br\/ppgci\/wp-content\/uploads\/2022\/10\/gp-icon.jpg\" alt=\"\" class=\"wp-image-485\" style=\"width:144px;height:42px\" \/><\/a><\/figure>\n<\/div><\/div>\n<\/div>\n<\/div><\/div>\n<\/div><\/div>\n\n\n\n<hr class=\"wp-block-separator has-alpha-channel-opacity is-style-wide\" \/>\n\n\n\n<div class=\"wp-block-media-text alignwide is-stacked-on-mobile\" style=\"grid-template-columns:25% auto\"><figure class=\"wp-block-media-text__media\"><img loading=\"lazy\" decoding=\"async\" width=\"506\" height=\"674\" src=\"https:\/\/pos.uel.br\/ppgci\/wp-content\/uploads\/2022\/09\/Leticia.jpg\" alt=\"\" class=\"wp-image-360 size-full\" srcset=\"https:\/\/pos.uel.br\/ppgci\/wp-content\/uploads\/2022\/09\/Leticia.jpg 506w, https:\/\/pos.uel.br\/ppgci\/wp-content\/uploads\/2022\/09\/Leticia-225x300.jpg 225w\" sizes=\"auto, (max-width: 506px) 100vw, 506px\" \/><\/figure><div class=\"wp-block-media-text__content\">\n<h3 class=\"wp-block-heading is-style-highlighted-heading\">Profa. Dra. Let\u00edcia Gorri Molina<\/h3>\n\n\n\n<p>Doutorado em Ci\u00eancia da Informa\u00e7\u00e3o.<\/p>\n\n\n\n<p>Email:&nbsp;<a href=\"mailto:leticiamolina@uel.br\">leticiamolina@uel.br<\/a><\/p>\n\n\n\n<p class=\"has-text-align-center\"><strong>Temas de Pesquisa:<\/strong><\/p>\n\n\n\n<div class=\"wp-block-group\"><div class=\"wp-block-group__inner-container is-layout-flow wp-block-group-is-layout-flow\">\n<div class=\"wp-block-group\"><div class=\"wp-block-group__inner-container is-layout-flow wp-block-group-is-layout-flow\">\n<div class=\"wp-block-group\"><div class=\"wp-block-group__inner-container is-layout-flow wp-block-group-is-layout-flow\">\n<div class=\"wp-block-group\"><div class=\"wp-block-group__inner-container is-layout-flow wp-block-group-is-layout-flow\">\n<ul class=\"wp-block-list\">\n<li>Mem\u00f3ria organizacional e institucional;<\/li>\n\n\n\n<li>Gest\u00e3o do conhecimento;<\/li>\n\n\n\n<li>Mem\u00f3ria Institucional;<\/li>\n\n\n\n<li>Mem\u00f3ria e arquivo.<\/li>\n<\/ul>\n<\/div><\/div>\n<\/div><\/div>\n<\/div><\/div>\n\n\n\n<div class=\"wp-block-columns is-layout-flex wp-container-core-columns-is-layout-9d6595d7 wp-block-columns-is-layout-flex\">\n<div class=\"wp-block-column is-layout-flow wp-block-column-is-layout-flow\"><div class=\"wp-block-image\">\n<figure class=\"aligncenter size-full is-resized\"><a href=\"https:\/\/orcid.org\/0000-0002-3383-1594\" target=\"_blank\" rel=\"noopener\"><img loading=\"lazy\" decoding=\"async\" width=\"227\" height=\"76\" src=\"https:\/\/pos.uel.br\/ppgci\/wp-content\/uploads\/2022\/10\/orcid.jpg\" alt=\"\" class=\"wp-image-495\" style=\"width:112px;height:37px\" \/><\/a><\/figure>\n<\/div><\/div>\n\n\n\n<div class=\"wp-block-column is-layout-flow wp-block-column-is-layout-flow\"><div class=\"wp-block-image\">\n<figure class=\"aligncenter size-full\"><a href=\"http:\/\/lattes.cnpq.br\/4749820780558382\" target=\"_blank\" rel=\"noopener\"><img loading=\"lazy\" decoding=\"async\" width=\"159\" height=\"38\" src=\"https:\/\/pos.uel.br\/ppgci\/wp-content\/uploads\/2022\/10\/lattes.jpg\" alt=\"\" class=\"wp-image-494\" \/><\/a><\/figure>\n<\/div><\/div>\n\n\n\n<div class=\"wp-block-column is-layout-flow wp-block-column-is-layout-flow\"><div class=\"wp-block-image\">\n<figure class=\"aligncenter size-full is-resized\"><img loading=\"lazy\" decoding=\"async\" width=\"168\" height=\"49\" src=\"https:\/\/pos.uel.br\/ppgci\/wp-content\/uploads\/2022\/10\/gp-icon.jpg\" alt=\"\" class=\"wp-image-485\" style=\"width:144px;height:42px\" \/><\/figure>\n<\/div><\/div>\n<\/div>\n<\/div><\/div>\n<\/div><\/div>\n\n\n\n<hr class=\"wp-block-separator has-alpha-channel-opacity is-style-wide\" \/>\n\n\n\n<div class=\"wp-block-media-text alignwide is-stacked-on-mobile\" style=\"grid-template-columns:24% auto\"><figure class=\"wp-block-media-text__media\"><img loading=\"lazy\" decoding=\"async\" width=\"522\" height=\"679\" src=\"https:\/\/pos.uel.br\/ppgci\/wp-content\/uploads\/2022\/09\/Luciane.jpg\" alt=\"\" class=\"wp-image-361 size-full\" srcset=\"https:\/\/pos.uel.br\/ppgci\/wp-content\/uploads\/2022\/09\/Luciane.jpg 522w, https:\/\/pos.uel.br\/ppgci\/wp-content\/uploads\/2022\/09\/Luciane-231x300.jpg 231w\" sizes=\"auto, (max-width: 522px) 100vw, 522px\" \/><\/figure><div class=\"wp-block-media-text__content\">\n<h3 class=\"wp-block-heading is-style-highlighted-heading\"><strong>Profa. Dra. Luciane de F\u00e1tima Beckman Cavalcante<\/strong><\/h3>\n\n\n\n<p>Doutorado em Ci\u00eancia da Informa\u00e7\u00e3o.<\/p>\n\n\n\n<p>Email:&nbsp;<a href=\"mailto:luciane@uel.br\">luciane@uel.br<\/a><\/p>\n\n\n\n<p class=\"has-text-align-center\"><strong>Temas de Pesquisa:<\/strong><\/p>\n\n\n\n<div class=\"wp-block-group\"><div class=\"wp-block-group__inner-container is-layout-flow wp-block-group-is-layout-flow\">\n<div class=\"wp-block-group\"><div class=\"wp-block-group__inner-container is-layout-flow wp-block-group-is-layout-flow\">\n<ul class=\"wp-block-list\">\n<li>Comportamento Informacional;<\/li>\n\n\n\n<li>Compet\u00eancia em Informa\u00e7\u00e3o;<\/li>\n\n\n\n<li>Informa\u00e7\u00e3o e Conhecimento em ambientes culturais;<\/li>\n\n\n\n<li>Media\u00e7\u00e3o Cultural;<\/li>\n\n\n\n<li>Bibliotecas, comunit\u00e1rias e vilas culturais.<\/li>\n<\/ul>\n<\/div><\/div>\n\n\n\n<div class=\"wp-block-columns is-layout-flex wp-container-core-columns-is-layout-9d6595d7 wp-block-columns-is-layout-flex\">\n<div class=\"wp-block-column is-layout-flow wp-block-column-is-layout-flow\"><div class=\"wp-block-image\">\n<figure class=\"aligncenter size-full is-resized\"><a href=\"https:\/\/orcid.org\/0000-0002-3314-003X\" target=\"_blank\" rel=\"noreferrer noopener\"><img loading=\"lazy\" decoding=\"async\" width=\"227\" height=\"76\" src=\"https:\/\/pos.uel.br\/ppgci\/wp-content\/uploads\/2022\/10\/orcid.jpg\" alt=\"\" class=\"wp-image-495\" style=\"width:112px;height:37px\" \/><\/a><\/figure>\n<\/div><\/div>\n\n\n\n<div class=\"wp-block-column is-layout-flow wp-block-column-is-layout-flow\"><div class=\"wp-block-image\">\n<figure class=\"aligncenter size-full\"><a href=\"http:\/\/lattes.cnpq.br\/5012034338598304\" target=\"_blank\" rel=\"noopener\"><img loading=\"lazy\" decoding=\"async\" width=\"159\" height=\"38\" src=\"https:\/\/pos.uel.br\/ppgci\/wp-content\/uploads\/2022\/10\/lattes.jpg\" alt=\"\" class=\"wp-image-494\" \/><\/a><\/figure>\n<\/div><\/div>\n\n\n\n<div class=\"wp-block-column is-layout-flow wp-block-column-is-layout-flow\"><div class=\"wp-block-image\">\n<figure class=\"aligncenter size-full is-resized\"><a href=\"https:\/\/dgp.cnpq.br\/dgp\/espelhogrupo\/1394039327208786\" target=\"_blank\" rel=\"https:\/\/dgp.cnpq.br\/dgp\/espelhogrupo\/1394039327208786 noopener\"><img loading=\"lazy\" decoding=\"async\" width=\"168\" height=\"49\" src=\"https:\/\/pos.uel.br\/ppgci\/wp-content\/uploads\/2022\/10\/gp-icon.jpg\" alt=\"\" class=\"wp-image-485\" style=\"width:144px;height:42px\" \/><\/a><\/figure>\n<\/div><\/div>\n<\/div>\n<\/div><\/div>\n<\/div><\/div>\n\n\n\n<hr class=\"wp-block-separator alignfull has-alpha-channel-opacity is-style-wide\" \/>\n\n\n\n<hr class=\"wp-block-separator has-alpha-channel-opacity is-style-wide\" \/>\n\n\n\n<div class=\"wp-block-media-text alignwide is-stacked-on-mobile\" style=\"grid-template-columns:24% auto\"><figure class=\"wp-block-media-text__media\"><img loading=\"lazy\" decoding=\"async\" width=\"204\" height=\"267\" src=\"https:\/\/pos.uel.br\/ppgci\/wp-content\/uploads\/2022\/09\/Sueli.jpg\" alt=\"\" class=\"wp-image-363 size-full\" \/><\/figure><div class=\"wp-block-media-text__content\">\n<h3 class=\"wp-block-heading is-style-highlighted-heading\">Profa. Dra. Sueli Bortolin<\/h3>\n\n\n\n<p>Doutorado em Ci\u00eancia da Informa\u00e7\u00e3o.&nbsp;<\/p>\n\n\n\n<p>Email:&nbsp;<a href=\"mailto:bortolin@uel.br\">bortolin@uel.br<\/a><\/p>\n\n\n\n<p class=\"has-text-align-center\"><strong>Temas de Pesquisa:<\/strong><\/p>\n\n\n\n<div class=\"wp-block-group\"><div class=\"wp-block-group__inner-container is-layout-flow wp-block-group-is-layout-flow\">\n<div class=\"wp-block-group\"><div class=\"wp-block-group__inner-container is-layout-flow wp-block-group-is-layout-flow\">\n<div class=\"wp-block-group\"><div class=\"wp-block-group__inner-container is-layout-flow wp-block-group-is-layout-flow\">\n<div class=\"wp-block-group\"><div class=\"wp-block-group__inner-container is-layout-flow wp-block-group-is-layout-flow\">\n<ul class=\"wp-block-list\">\n<li>Media\u00e7\u00e3o da leitura;<\/li>\n\n\n\n<li>Media\u00e7\u00e3o oral da informa\u00e7\u00e3o e literatura em ambiente digital;<\/li>\n\n\n\n<li>Media\u00e7\u00e3o radiof\u00f4nica;<\/li>\n\n\n\n<li>Biblioteca P\u00fablica e Escolar;<\/li>\n\n\n\n<li>Informa\u00e7\u00e3o Social;<\/li>\n\n\n\n<li>Mem\u00f3rias (da leitura e da literatura);<\/li>\n\n\n\n<li>Biblioteca p\u00fablica e escolar.<\/li>\n<\/ul>\n<\/div><\/div>\n<\/div><\/div>\n<\/div><\/div>\n\n\n\n<div class=\"wp-block-columns is-layout-flex wp-container-core-columns-is-layout-9d6595d7 wp-block-columns-is-layout-flex\">\n<div class=\"wp-block-column is-layout-flow wp-block-column-is-layout-flow\"><div class=\"wp-block-image\">\n<figure class=\"aligncenter size-full is-resized\"><a href=\"https:\/\/orcid.org\/0000-0001-7411-2716\" target=\"_blank\" rel=\"noopener\"><img loading=\"lazy\" decoding=\"async\" width=\"227\" height=\"76\" src=\"https:\/\/pos.uel.br\/ppgci\/wp-content\/uploads\/2022\/10\/orcid.jpg\" alt=\"\" class=\"wp-image-495\" style=\"width:112px;height:37px\" \/><\/a><\/figure>\n<\/div><\/div>\n\n\n\n<div class=\"wp-block-column is-layout-flow wp-block-column-is-layout-flow\"><div class=\"wp-block-image\">\n<figure class=\"aligncenter size-full\"><a href=\"http:\/\/lattes.cnpq.br\/9391057804931698\" target=\"_blank\" rel=\"noopener\"><img loading=\"lazy\" decoding=\"async\" width=\"159\" height=\"38\" src=\"https:\/\/pos.uel.br\/ppgci\/wp-content\/uploads\/2022\/10\/lattes.jpg\" alt=\"\" class=\"wp-image-494\" \/><\/a><\/figure>\n<\/div><\/div>\n\n\n\n<div class=\"wp-block-column is-layout-flow wp-block-column-is-layout-flow\"><div class=\"wp-block-image\">\n<figure class=\"aligncenter size-full is-resized\"><a href=\"https:\/\/dgp.cnpq.br\/dgp\/espelhogrupo\/1281625035952300\" target=\"_blank\" rel=\"https:\/\/dgp.cnpq.br\/dgp\/espelhogrupo\/1281625035952300 noopener\"><img loading=\"lazy\" decoding=\"async\" width=\"168\" height=\"49\" src=\"https:\/\/pos.uel.br\/ppgci\/wp-content\/uploads\/2022\/10\/gp-icon.jpg\" alt=\"\" class=\"wp-image-485\" style=\"width:144px;height:42px\" \/><\/a><\/figure>\n<\/div><\/div>\n<\/div>\n<\/div><\/div>\n<\/div><\/div>\n\n\n\n<hr class=\"wp-block-separator has-alpha-channel-opacity is-style-wide\" \/>\n\n\n\n<div class=\"wp-block-media-text alignwide is-stacked-on-mobile\" style=\"grid-template-columns:24% auto\"><figure class=\"wp-block-media-text__media\"><img loading=\"lazy\" decoding=\"async\" width=\"518\" height=\"660\" src=\"https:\/\/pos.uel.br\/ppgci\/wp-content\/uploads\/2022\/09\/teresinha.jpg\" alt=\"\" class=\"wp-image-364 size-full\" srcset=\"https:\/\/pos.uel.br\/ppgci\/wp-content\/uploads\/2022\/09\/teresinha.jpg 518w, https:\/\/pos.uel.br\/ppgci\/wp-content\/uploads\/2022\/09\/teresinha-235x300.jpg 235w\" sizes=\"auto, (max-width: 518px) 100vw, 518px\" \/><\/figure><div class=\"wp-block-media-text__content\">\n<h3 class=\"wp-block-heading is-style-highlighted-heading\">Profa. Dra. Terezinha Elisabeth da Silva<\/h3>\n\n\n\n<p>P\u00f3s-Doutorado em Ci\u00eancia da Informa\u00e7\u00e3o. Doutorado em Multimeios.<\/p>\n\n\n\n<p>Email:&nbsp;<a href=\"mailto:gilnei@uel.br\"><\/a><a href=\"mailto:ramalho@ufscar.br\"><\/a><a href=\"mailto:terezinha.elisabeth@camara.leg.br\">terezinha.elisabeth@camara.leg.br<\/a><\/p>\n\n\n\n<p class=\"has-text-align-center\"><strong>Temas de Pesquisa:<\/strong><\/p>\n\n\n\n<div class=\"wp-block-group\"><div class=\"wp-block-group__inner-container is-layout-flow wp-block-group-is-layout-flow\">\n<div class=\"wp-block-group\"><div class=\"wp-block-group__inner-container is-layout-flow wp-block-group-is-layout-flow\">\n<div class=\"wp-block-group\"><div class=\"wp-block-group__inner-container is-layout-flow wp-block-group-is-layout-flow\">\n<div class=\"wp-block-group\"><div class=\"wp-block-group__inner-container is-layout-flow wp-block-group-is-layout-flow\">\n<ul class=\"wp-block-list\">\n<li>Gest\u00e3o da Informa\u00e7\u00e3o e do Conhecimento;<\/li>\n\n\n\n<li>Informa\u00e7\u00e3o p\u00fablica;<\/li>\n\n\n\n<li>Pol\u00edticas de informa\u00e7\u00e3o;<\/li>\n\n\n\n<li>Acesso aberto e dados abertos.<\/li>\n<\/ul>\n<\/div><\/div>\n<\/div><\/div>\n<\/div><\/div>\n\n\n\n<div class=\"wp-block-columns is-layout-flex wp-container-core-columns-is-layout-9d6595d7 wp-block-columns-is-layout-flex\">\n<div class=\"wp-block-column is-layout-flow wp-block-column-is-layout-flow\"><div class=\"wp-block-image\">\n<figure class=\"aligncenter size-full is-resized\"><a href=\"https:\/\/orcid.org\/0000-0002-6176-7462\" target=\"_blank\" rel=\"noopener\"><img loading=\"lazy\" decoding=\"async\" width=\"227\" height=\"76\" src=\"https:\/\/pos.uel.br\/ppgci\/wp-content\/uploads\/2022\/10\/orcid.jpg\" alt=\"\" class=\"wp-image-495\" style=\"width:112px;height:37px\" \/><\/a><\/figure>\n<\/div><\/div>\n\n\n\n<div class=\"wp-block-column is-layout-flow wp-block-column-is-layout-flow\"><div class=\"wp-block-image\">\n<figure class=\"aligncenter size-full\"><a href=\"http:\/\/lattes.cnpq.br\/9293403585384915\" target=\"_blank\" rel=\"noopener\"><img loading=\"lazy\" decoding=\"async\" width=\"159\" height=\"38\" src=\"https:\/\/pos.uel.br\/ppgci\/wp-content\/uploads\/2022\/10\/lattes.jpg\" alt=\"\" class=\"wp-image-494\" \/><\/a><\/figure>\n<\/div><\/div>\n\n\n\n<div class=\"wp-block-column is-layout-flow wp-block-column-is-layout-flow\"><div class=\"wp-block-image\">\n<figure class=\"aligncenter size-full is-resized\"><a href=\"https:\/\/dgp.cnpq.br\/dgp\/espelhogrupo\/4452777451319667\" target=\"_blank\" rel=\"https:\/\/dgp.cnpq.br\/dgp\/espelhogrupo\/4452777451319667 noopener\"><img loading=\"lazy\" decoding=\"async\" width=\"168\" height=\"49\" src=\"https:\/\/pos.uel.br\/ppgci\/wp-content\/uploads\/2022\/10\/gp-icon.jpg\" alt=\"\" class=\"wp-image-485\" style=\"width:144px;height:42px\" \/><\/a><\/figure>\n<\/div>\n\n<div class=\"wp-block-image\">\n<figure class=\"aligncenter size-full is-resized\"><a href=\"https:\/\/dgp.cnpq.br\/dgp\/espelhogrupo\/8453725784524941\" target=\"_blank\" rel=\"https:\/\/dgp.cnpq.br\/dgp\/espelhogrupo\/8453725784524941 noopener\"><img loading=\"lazy\" decoding=\"async\" width=\"168\" height=\"49\" src=\"https:\/\/pos.uel.br\/ppgci\/wp-content\/uploads\/2022\/10\/gp-icon.jpg\" alt=\"\" class=\"wp-image-485\" style=\"width:144px;height:42px\" \/><\/a><\/figure>\n<\/div><\/div>\n<\/div>\n<\/div><\/div>\n<\/div><\/div>\n\n\n\n<hr class=\"wp-block-separator has-alpha-channel-opacity is-style-wide\" \/>\n\n\n\n<div class=\"wp-block-media-text alignwide is-stacked-on-mobile\" style=\"grid-template-columns:24% auto\"><figure class=\"wp-block-media-text__media\"><img loading=\"lazy\" decoding=\"async\" width=\"512\" height=\"629\" src=\"https:\/\/pos.uel.br\/ppgci\/wp-content\/uploads\/2022\/09\/Thais.jpg\" alt=\"\" class=\"wp-image-365 size-full\" srcset=\"https:\/\/pos.uel.br\/ppgci\/wp-content\/uploads\/2022\/09\/Thais.jpg 512w, https:\/\/pos.uel.br\/ppgci\/wp-content\/uploads\/2022\/09\/Thais-244x300.jpg 244w\" sizes=\"auto, (max-width: 512px) 100vw, 512px\" \/><\/figure><div class=\"wp-block-media-text__content\">\n<h3 class=\"wp-block-heading is-style-highlighted-heading\">Profa. Dra. Thais Batista Zaninelli<\/h3>\n\n\n\n<p>P\u00f3s-Doutorado em Ci\u00eancia da Informa\u00e7\u00e3o.&nbsp;Doutora em Engenharia e Gest\u00e3o Industrial.<\/p>\n\n\n\n<p>Email:&nbsp;<a href=\"mailto:tbz@uel.br\">tbz@uel.br<\/a><\/p>\n\n\n\n<p class=\"has-text-align-center\"><strong>Temas de Pesquisa:<\/strong><\/p>\n\n\n\n<div class=\"wp-block-group\"><div class=\"wp-block-group__inner-container is-layout-flow wp-block-group-is-layout-flow\">\n<div class=\"wp-block-group\"><div class=\"wp-block-group__inner-container is-layout-flow wp-block-group-is-layout-flow\">\n<div class=\"wp-block-group\"><div class=\"wp-block-group__inner-container is-layout-flow wp-block-group-is-layout-flow\">\n<div class=\"wp-block-group\"><div class=\"wp-block-group__inner-container is-layout-flow wp-block-group-is-layout-flow\">\n<div class=\"wp-block-group\"><div class=\"wp-block-group__inner-container is-layout-flow wp-block-group-is-layout-flow\">\n<ul class=\"wp-block-list\">\n<li>Inova\u00e7\u00e3o em servi\u00e7os;<\/li>\n\n\n\n<li>Produtos e servi\u00e7os de informa\u00e7\u00e3o;<\/li>\n\n\n\n<li>Processo de desenvolvimento de novos servi\u00e7os;<\/li>\n\n\n\n<li>Design Thinking.<\/li>\n<\/ul>\n<\/div><\/div>\n<\/div><\/div>\n<\/div><\/div>\n<\/div><\/div>\n\n\n\n<div class=\"wp-block-columns is-layout-flex wp-container-core-columns-is-layout-9d6595d7 wp-block-columns-is-layout-flex\">\n<div class=\"wp-block-column is-layout-flow wp-block-column-is-layout-flow\"><div class=\"wp-block-image\">\n<figure class=\"aligncenter size-full is-resized\"><a href=\"https:\/\/orcid.org\/0000-0001-5865-3109\" target=\"_blank\" rel=\"noopener\"><img loading=\"lazy\" decoding=\"async\" width=\"227\" height=\"76\" src=\"https:\/\/pos.uel.br\/ppgci\/wp-content\/uploads\/2022\/10\/orcid.jpg\" alt=\"\" class=\"wp-image-495\" style=\"width:112px;height:37px\" \/><\/a><\/figure>\n<\/div><\/div>\n\n\n\n<div class=\"wp-block-column is-layout-flow wp-block-column-is-layout-flow\"><div class=\"wp-block-image\">\n<figure class=\"aligncenter size-full\"><a href=\"http:\/\/lattes.cnpq.br\/5491080011415256\" target=\"_blank\" rel=\"noopener\"><img loading=\"lazy\" decoding=\"async\" width=\"159\" height=\"38\" src=\"https:\/\/pos.uel.br\/ppgci\/wp-content\/uploads\/2022\/10\/lattes.jpg\" alt=\"\" class=\"wp-image-494\" \/><\/a><\/figure>\n<\/div><\/div>\n\n\n\n<div class=\"wp-block-column is-layout-flow wp-block-column-is-layout-flow\"><div class=\"wp-block-image\">\n<figure class=\"aligncenter size-full is-resized\"><a href=\"https:\/\/dgp.cnpq.br\/dgp\/espelhogrupo\/0250248085626194\" target=\"_blank\" rel=\"https:\/\/dgp.cnpq.br\/dgp\/espelhogrupo\/0250248085626194 noopener\"><img loading=\"lazy\" decoding=\"async\" width=\"168\" height=\"49\" src=\"https:\/\/pos.uel.br\/ppgci\/wp-content\/uploads\/2022\/10\/gp-icon.jpg\" alt=\"\" class=\"wp-image-485\" style=\"width:144px;height:42px\" \/><\/a><\/figure>\n<\/div><\/div>\n<\/div>\n<\/div><\/div>\n<\/div><\/div>\n\n\n\n<hr class=\"wp-block-separator has-alpha-channel-opacity is-style-wide\" \/>\n\n\n\n<div class=\"wp-block-media-text alignwide is-stacked-on-mobile\" style=\"grid-template-columns:24% auto\"><figure class=\"wp-block-media-text__media\"><img loading=\"lazy\" decoding=\"async\" width=\"554\" height=\"617\" src=\"https:\/\/pos.uel.br\/ppgci\/wp-content\/uploads\/2022\/09\/Rovilson.jpg\" alt=\"\" class=\"wp-image-366 size-full\" srcset=\"https:\/\/pos.uel.br\/ppgci\/wp-content\/uploads\/2022\/09\/Rovilson.jpg 554w, https:\/\/pos.uel.br\/ppgci\/wp-content\/uploads\/2022\/09\/Rovilson-269x300.jpg 269w\" sizes=\"auto, (max-width: 554px) 100vw, 554px\" \/><\/figure><div class=\"wp-block-media-text__content\">\n<h3 class=\"wp-block-heading is-style-highlighted-heading\">Prof. Dr. Rovilson Jos\u00e9 da Silva<\/h3>\n\n\n\n<p>P\u00f3s-doutorado em Ci\u00eancia da Informa\u00e7\u00e3o. Doutorado em Educa\u00e7\u00e3o.<\/p>\n\n\n\n<p>Email:&nbsp;<a href=\"mailto:rovilson@uel.br\">rovilson@uel.br<\/a><\/p>\n\n\n\n<p class=\"has-text-align-center\"><strong>Temas de Pesquisa:<\/strong><\/p>\n\n\n\n<div class=\"wp-block-group\"><div class=\"wp-block-group__inner-container is-layout-flow wp-block-group-is-layout-flow\">\n<div class=\"wp-block-group\"><div class=\"wp-block-group__inner-container is-layout-flow wp-block-group-is-layout-flow\">\n<div class=\"wp-block-group\"><div class=\"wp-block-group__inner-container is-layout-flow wp-block-group-is-layout-flow\">\n<div class=\"wp-block-group\"><div class=\"wp-block-group__inner-container is-layout-flow wp-block-group-is-layout-flow\">\n<div class=\"wp-block-group\"><div class=\"wp-block-group__inner-container is-layout-flow wp-block-group-is-layout-flow\">\n<ul class=\"wp-block-list\">\n<li>Biblioteca escolar e p\u00fablica;<\/li>\n\n\n\n<li>Media\u00e7\u00e3o pedag\u00f3gica da leitura;<\/li>\n\n\n\n<li>Literatura e a Ci\u00eancia da Informa\u00e7\u00e3o;<\/li>\n\n\n\n<li>Pr\u00e1ticas leitoras: sujeitos e ambientes;<\/li>\n\n\n\n<li>Forma\u00e7\u00e3o de mediadores para institui\u00e7\u00f5es educativas e culturais.<\/li>\n<\/ul>\n<\/div><\/div>\n<\/div><\/div>\n<\/div><\/div>\n<\/div><\/div>\n\n\n\n<div class=\"wp-block-columns is-layout-flex wp-container-core-columns-is-layout-9d6595d7 wp-block-columns-is-layout-flex\">\n<div class=\"wp-block-column is-layout-flow wp-block-column-is-layout-flow\"><div class=\"wp-block-image\">\n<figure class=\"aligncenter size-full is-resized\"><a href=\"https:\/\/orcid.org\/0000-0002-8756-9421\" target=\"_blank\" rel=\"noopener\"><img loading=\"lazy\" decoding=\"async\" width=\"227\" height=\"76\" src=\"https:\/\/pos.uel.br\/ppgci\/wp-content\/uploads\/2022\/10\/orcid.jpg\" alt=\"\" class=\"wp-image-495\" style=\"width:112px;height:37px\" \/><\/a><\/figure>\n<\/div><\/div>\n\n\n\n<div class=\"wp-block-column is-layout-flow wp-block-column-is-layout-flow\"><div class=\"wp-block-image\">\n<figure class=\"aligncenter size-full is-resized\"><a href=\"http:\/\/lattes.cnpq.br\/7093169997866163\" target=\"_blank\" rel=\"noopener\"><img loading=\"lazy\" decoding=\"async\" width=\"159\" height=\"38\" src=\"https:\/\/pos.uel.br\/ppgci\/wp-content\/uploads\/2022\/10\/lattes.jpg\" alt=\"\" class=\"wp-image-494\" style=\"width:159px;height:38px\" \/><\/a><\/figure>\n<\/div><\/div>\n\n\n\n<div class=\"wp-block-column is-layout-flow wp-block-column-is-layout-flow\"><div class=\"wp-block-image\">\n<figure class=\"aligncenter size-full is-resized\"><a href=\"https:\/\/dgp.cnpq.br\/dgp\/espelhogrupo\/6133344164445192\" target=\"_blank\" rel=\"https:\/\/dgp.cnpq.br\/dgp\/espelhogrupo\/6133344164445192 noopener\"><img loading=\"lazy\" decoding=\"async\" width=\"168\" height=\"49\" src=\"https:\/\/pos.uel.br\/ppgci\/wp-content\/uploads\/2022\/10\/gp-icon.jpg\" alt=\"\" class=\"wp-image-485\" style=\"width:144px;height:42px\" \/><\/a><\/figure>\n<\/div><\/div>\n<\/div>\n<\/div><\/div>\n<\/div><\/div>\n\n\n\n<hr class=\"wp-block-separator has-alpha-channel-opacity is-style-wide\" \/>\n<\/div>\n","protected":false},"excerpt":{"rendered":"","protected":false},"author":11,"featured_media":0,"parent":0,"menu_order":0,"comment_status":"closed","ping_status":"closed","template":"","meta":{"footnotes":""},"class_list":["post-426","page","type-page","status-publish","hentry"],"_links":{"self":[{"href":"https:\/\/pos.uel.br\/ppgci\/wp-json\/wp\/v2\/pages\/426","targetHints":{"allow":["GET"]}}],"collection":[{"href":"https:\/\/pos.uel.br\/ppgci\/wp-json\/wp\/v2\/pages"}],"about":[{"href":"https:\/\/pos.uel.br\/ppgci\/wp-json\/wp\/v2\/types\/page"}],"author":[{"embeddable":true,"href":"https:\/\/pos.uel.br\/ppgci\/wp-json\/wp\/v2\/users\/11"}],"replies":[{"embeddable":true,"href":"https:\/\/pos.uel.br\/ppgci\/wp-json\/wp\/v2\/comments?post=426"}],"version-history":[{"count":43,"href":"https:\/\/pos.uel.br\/ppgci\/wp-json\/wp\/v2\/pages\/426\/revisions"}],"predecessor-version":[{"id":1615,"href":"https:\/\/pos.uel.br\/ppgci\/wp-json\/wp\/v2\/pages\/426\/revisions\/1615"}],"wp:attachment":[{"href":"https:\/\/pos.uel.br\/ppgci\/wp-json\/wp\/v2\/media?parent=426"}],"curies":[{"name":"wp","href":"https:\/\/api.w.org\/{rel}","templated":true}]}}