{"id":882,"date":"2023-09-04T22:13:28","date_gmt":"2023-09-05T01:13:28","guid":{"rendered":"https:\/\/pos.uel.br\/ppga\/?page_id=882"},"modified":"2025-02-25T19:23:35","modified_gmt":"2025-02-25T22:23:35","slug":"processo-seletivo-para-alunos-regulares-turma-2024","status":"publish","type":"page","link":"https:\/\/pos.uel.br\/ppga\/processo-seletivo-para-alunos-regulares-turma-2024\/","title":{"rendered":"Processo Seletivo &#8211; Turma 2024"},"content":{"rendered":"\n<div class=\"wp-block-uel-card\">\n<h4 class=\"wp-block-heading\">Processo Seletivo para Alunos Regulares &#8211; Turma 2024 &#8211; (FINALIZADO)<\/h4>\n\n\n\n<p><strong>Verifique o cronograma na tabela abaixo para ter acesso aos editais das etapas do processo.<\/strong><\/p>\n<\/div>\n\n\n\n<figure class=\"wp-block-table is-style-stripes\"><table><tbody><tr><td><strong><mark class=\"has-inline-color has-primary-accent-color\">PROCEDIMENTOS<\/mark><\/strong><\/td><td class=\"has-text-align-center\" data-align=\"center\"><strong><mark class=\"has-inline-color has-primary-accent-color\">DATAS IMPORTANTES<\/mark><\/strong><\/td><td><strong><mark class=\"has-inline-color has-primary-accent-color\">ARQUIVO<\/mark><\/strong><\/td><\/tr><tr><td>Per\u00edodo para Requerimento de Isen\u00e7\u00e3o da Taxa de Inscri\u00e7\u00e3o (todas as modalidades)<\/td><td class=\"has-text-align-center\" data-align=\"center\">de 06\/09\/2023 a 11\/09\/2023<\/td><td><\/td><\/tr><tr><td><a href=\"https:\/\/pos.uel.br\/ppga\/wp-content\/uploads\/2023\/09\/Edital_082023_PPGA-UEL_Processo_Seletivo_Regulares_ISENCAO_INSCRICAO_assinado.pdf\"><strong>Edital com Resultado dos Requerimentos de Isen\u00e7\u00e3o da Taxa de Inscri\u00e7\u00e3o<\/strong><\/a><\/td><td class=\"has-text-align-center\" data-align=\"center\"><strong>13\/09\/2023<\/strong><\/td><td><a href=\"https:\/\/pos.uel.br\/ppga\/wp-content\/uploads\/2023\/09\/Edital_082023_PPGA-UEL_Processo_Seletivo_Regulares_ISENCAO_INSCRICAO_assinado.pdf\"><strong>PDF<\/strong><\/a><\/td><\/tr><tr><td>Interposi\u00e7\u00e3o de Recurso ao Resultado dos Requerimentos de Isen\u00e7\u00e3o da Taxa de Inscri\u00e7\u00e3o<\/td><td class=\"has-text-align-center\" data-align=\"center\">14\/09\/2023<\/td><td><\/td><\/tr><tr><td>Edital com Resposta aos Recursos Interpostos ao Resultado dos Requerimentos de Isen\u00e7\u00e3o da Taxa de Inscri\u00e7\u00e3o<\/td><td class=\"has-text-align-center\" data-align=\"center\">16\/09\/2023<\/td><td><\/td><\/tr><tr><td>Per\u00edodo de Inscri\u00e7\u00e3o<\/td><td class=\"has-text-align-center\" data-align=\"center\">de 20\/09\/2023 a 30\/10\/2023<\/td><td><\/td><\/tr><tr><td>Per\u00edodo de envio de documentos para homologa\u00e7\u00e3o da inscri\u00e7\u00e3o<\/td><td class=\"has-text-align-center\" data-align=\"center\">de 20\/09\/2023 a 30\/10\/2023<\/td><td><\/td><\/tr><tr><td>Per\u00edodo de an\u00e1lise das Comiss\u00f5es das A\u00e7\u00f5es Afirmativas<strong>*<\/strong><\/td><td class=\"has-text-align-center\" data-align=\"center\">de 31\/10\/2023 a 14\/11\/2023<\/td><td><\/td><\/tr><tr><td><a href=\"https:\/\/pos.uel.br\/ppga\/wp-content\/uploads\/2023\/11\/Edital_102023_PPGA-UEL_Processo_Seletivo_Regulares_COTAS_assinado.pdf\" data-type=\"link\" data-id=\"https:\/\/pos.uel.br\/ppga\/wp-content\/uploads\/2023\/11\/Edital_102023_PPGA-UEL_Processo_Seletivo_Regulares_COTAS_assinado.pdf\"><strong>Resultado da An\u00e1lise das Comiss\u00f5es de A\u00e7\u00f5es Afirmativas (cotas ind\u00edgenas e deficientes)<\/strong><\/a><\/td><td class=\"has-text-align-center\" data-align=\"center\"><strong>14\/11\/2023<\/strong><\/td><td><a href=\"https:\/\/pos.uel.br\/ppga\/wp-content\/uploads\/2023\/11\/Edital_102023_PPGA-UEL_Processo_Seletivo_Regulares_COTAS_assinado.pdf\"><strong>PDF<\/strong><\/a><\/td><\/tr><tr><td><a href=\"https:\/\/pos.uel.br\/ppga\/wp-content\/uploads\/2023\/11\/Edital_112023_PPGA-UEL_Processo_Seletivo_Regulares_COTAS_assinado.pdf\" data-type=\"link\" data-id=\"https:\/\/pos.uel.br\/ppga\/wp-content\/uploads\/2023\/11\/Edital_112023_PPGA-UEL_Processo_Seletivo_Regulares_COTAS_assinado.pdf\"><strong>Resultado da An\u00e1lise das Comiss\u00f5es de A\u00e7\u00f5es Afirmativas (cotas negros)*<\/strong><\/a><\/td><td class=\"has-text-align-center\" data-align=\"center\"><strong>16\/11\/2023<\/strong><\/td><td><strong><a href=\"https:\/\/pos.uel.br\/ppga\/wp-content\/uploads\/2023\/11\/Edital_112023_PPGA-UEL_Processo_Seletivo_Regulares_COTAS_assinado.pdf\">PDF<\/a><\/strong><\/td><\/tr><tr><td>Interposi\u00e7\u00e3o de Recursos ao Resultado da An\u00e1lise das Comiss\u00f5es das A\u00e7\u00f5es Afirmativas<strong>*<\/strong><\/td><td class=\"has-text-align-center\" data-align=\"center\">17\/11\/2023<\/td><td><\/td><\/tr><tr><td><strong><a href=\"https:\/\/pos.uel.br\/ppga\/wp-content\/uploads\/2023\/11\/Edital_132023_PPGA-UEL_Processo_Seletivo_Regulares_COTAS_-_ANALISE_DE_RECURSO_assinado.pdf\" data-type=\"link\" data-id=\"https:\/\/pos.uel.br\/ppga\/wp-content\/uploads\/2023\/11\/Edital_132023_PPGA-UEL_Processo_Seletivo_Regulares_COTAS_-_ANALISE_DE_RECURSO_assinado.pdf\">Resultado da An\u00e1lise dos Recursos Interpostos \u00e0 Comiss\u00f5es das A\u00e7\u00f5es Afirmativas*<\/a><\/strong><\/td><td class=\"has-text-align-center\" data-align=\"center\"><strong>21\/11\/2023<\/strong><\/td><td><a href=\"https:\/\/pos.uel.br\/ppga\/wp-content\/uploads\/2023\/11\/Edital_132023_PPGA-UEL_Processo_Seletivo_Regulares_COTAS_-_ANALISE_DE_RECURSO_assinado.pdf\" data-type=\"link\" data-id=\"https:\/\/pos.uel.br\/ppga\/wp-content\/uploads\/2023\/11\/Edital_132023_PPGA-UEL_Processo_Seletivo_Regulares_COTAS_-_ANALISE_DE_RECURSO_assinado.pdf\"><strong>PDF<\/strong><\/a><\/td><\/tr><tr><td>Per\u00edodo de Sele\u00e7\u00e3o para o Mestrado<\/td><td class=\"has-text-align-center\" data-align=\"center\">de 17\/11\/2023 a 08\/12\/2023<\/td><td><\/td><\/tr><tr><td>Etapa I: Confer\u00eancia dos Documentos (eliminat\u00f3ria)<\/td><td class=\"has-text-align-center\" data-align=\"center\">de 14\/11\/2023 a 17\/11\/2023<\/td><td><\/td><\/tr><tr><td><a href=\"https:\/\/pos.uel.br\/ppga\/wp-content\/uploads\/2023\/11\/Edital_122023_PPGA-UEL_Processo_Seletivo_Regulares_CONFERENCIA_DE_DOCUMENTOS_assinado.pdf\" data-type=\"link\" data-id=\"https:\/\/pos.uel.br\/ppga\/wp-content\/uploads\/2023\/11\/Edital_122023_PPGA-UEL_Processo_Seletivo_Regulares_CONFERENCIA_DE_DOCUMENTOS_assinado.pdf\"><strong>Divulga\u00e7\u00e3o do Resultado da Etapa I (Confer\u00eancia dos Documentos)<\/strong><\/a><\/td><td class=\"has-text-align-center\" data-align=\"center\"><strong>17\/11\/2023<\/strong><\/td><td><a href=\"https:\/\/pos.uel.br\/ppga\/wp-content\/uploads\/2023\/11\/Edital_122023_PPGA-UEL_Processo_Seletivo_Regulares_CONFERENCIA_DE_DOCUMENTOS_assinado.pdf\" data-type=\"link\" data-id=\"https:\/\/pos.uel.br\/ppga\/wp-content\/uploads\/2023\/11\/Edital_122023_PPGA-UEL_Processo_Seletivo_Regulares_CONFERENCIA_DE_DOCUMENTOS_assinado.pdf\"><strong>PDF<\/strong><\/a><\/td><\/tr><tr><td>Interposi\u00e7\u00e3o de Recurso ao Resultado da Etapa I<\/td><td class=\"has-text-align-center\" data-align=\"center\">de 18\/11\/2023 a 19\/11\/2023<\/td><td><\/td><\/tr><tr><td>An\u00e1lise dos Recursos Interpostos ao Resultado da Etapa I<\/td><td class=\"has-text-align-center\" data-align=\"center\">de 20\/11\/2023 a 21\/11\/2023<\/td><td><\/td><\/tr><tr><td>Edital com Resposta aos Recursos Interpostos ao Resultado da Etapa I<\/td><td class=\"has-text-align-center\" data-align=\"center\">21\/11\/2023<\/td><td><\/td><\/tr><tr><td>Etapa II: Roteiro Descritivo de Projeto de Pesquisa (eliminat\u00f3ria)<\/td><td class=\"has-text-align-center\" data-align=\"center\">de 17\/11\/2023 a 22\/11\/2023<\/td><td><\/td><\/tr><tr><td><a href=\"https:\/\/pos.uel.br\/ppga\/wp-content\/uploads\/2023\/11\/Edital_142023_PPGA-UEL_Processo_Seletivo_Regulares_RESULTADO_DA_ETAPA_II_assinado.pdf\" data-type=\"link\" data-id=\"https:\/\/pos.uel.br\/ppga\/wp-content\/uploads\/2023\/11\/Edital_142023_PPGA-UEL_Processo_Seletivo_Regulares_RESULTADO_DA_ETAPA_II_assinado.pdf\"><strong>Divulga\u00e7\u00e3o do Resultado da Etapa II (Roteiro Descritivo de Projeto de Pesquisa)<\/strong><\/a><\/td><td class=\"has-text-align-center\" data-align=\"center\"><strong>23\/11\/2023<\/strong><\/td><td><a href=\"https:\/\/pos.uel.br\/ppga\/wp-content\/uploads\/2023\/11\/Edital_142023_PPGA-UEL_Processo_Seletivo_Regulares_RESULTADO_DA_ETAPA_II_assinado.pdf\" data-type=\"link\" data-id=\"https:\/\/pos.uel.br\/ppga\/wp-content\/uploads\/2023\/11\/Edital_142023_PPGA-UEL_Processo_Seletivo_Regulares_RESULTADO_DA_ETAPA_II_assinado.pdf\"><strong>PDF<\/strong><\/a><\/td><\/tr><tr><td>Interposi\u00e7\u00e3o de Recurso ao Resultado da Etapa II<\/td><td class=\"has-text-align-center\" data-align=\"center\">de 24\/11\/2023 a 25\/11\/2023<\/td><td><\/td><\/tr><tr><td>An\u00e1lise dos Recursos Interpostos ao Resultado da Etapa II<\/td><td class=\"has-text-align-center\" data-align=\"center\">de 26\/11\/2023 a 27\/11\/2023<\/td><td><\/td><\/tr><tr><td><a href=\"https:\/\/pos.uel.br\/ppga\/wp-content\/uploads\/2023\/11\/Edital_152023_PPGA-UEL_RESULTADO_DA_ETAPA_II_-_ANALISE_DE_RECURSO_assinado.pdf\" data-type=\"link\" data-id=\"https:\/\/pos.uel.br\/ppga\/wp-content\/uploads\/2023\/11\/Edital_152023_PPGA-UEL_RESULTADO_DA_ETAPA_II_-_ANALISE_DE_RECURSO_assinado.pdf\"><strong>Edital com Resposta aos Recursos Interpostos ao Resultado da Etapa II<\/strong><\/a><\/td><td class=\"has-text-align-center\" data-align=\"center\"><strong>27\/11\/2023<\/strong><\/td><td><a href=\"https:\/\/pos.uel.br\/ppga\/wp-content\/uploads\/2023\/11\/Edital_152023_PPGA-UEL_RESULTADO_DA_ETAPA_II_-_ANALISE_DE_RECURSO_assinado.pdf\" data-type=\"link\" data-id=\"https:\/\/pos.uel.br\/ppga\/wp-content\/uploads\/2023\/11\/Edital_152023_PPGA-UEL_RESULTADO_DA_ETAPA_II_-_ANALISE_DE_RECURSO_assinado.pdf\"><strong>PDF<\/strong><\/a><\/td><\/tr><tr><td>Etapa III: Argui\u00e7\u00e3o (eliminat\u00f3ria)<\/td><td class=\"has-text-align-center\" data-align=\"center\">de 28\/11\/2023 a 01\/12\/2023<\/td><td><\/td><\/tr><tr><td><strong><a href=\"https:\/\/pos.uel.br\/ppga\/wp-content\/uploads\/2023\/12\/Edital_172023_PPGA-UEL_Processo_Seletivo_Regulares_RESULTADO_DA_ETAPA_III_29_assinado.pdf\">Divulga\u00e7\u00e3o do Resultado da Etapa III (Argui\u00e7\u00e3o)<\/a><\/strong><\/td><td class=\"has-text-align-center\" data-align=\"center\"><strong>04\/12\/2023<\/strong><\/td><td><strong><a href=\"https:\/\/pos.uel.br\/ppga\/wp-content\/uploads\/2023\/12\/Edital_172023_PPGA-UEL_Processo_Seletivo_Regulares_RESULTADO_DA_ETAPA_III_29_assinado.pdf\">PDF<\/a><\/strong><\/td><\/tr><tr><td>Interposi\u00e7\u00e3o de Recurso ao Resultado da Etapa III<\/td><td class=\"has-text-align-center\" data-align=\"center\">de 05\/12\/2023 a 06\/12\/2023<\/td><td><\/td><\/tr><tr><td>An\u00e1lise dos Recursos Interpostos ao Resultado da Etapa III<\/td><td class=\"has-text-align-center\" data-align=\"center\">07\/12\/2023<\/td><td><\/td><\/tr><tr><td>Edital com Resposta aos Recursos Interpostos ao Resultado da Etapa III<\/td><td class=\"has-text-align-center\" data-align=\"center\">08\/12\/2023<\/td><td><\/td><\/tr><tr><td>Etapa IV: Curr\u00edculo Lattes Documentado (classificat\u00f3ria)<\/td><td class=\"has-text-align-center\" data-align=\"center\">de 17\/11\/2023 a 24\/11\/2023<\/td><td><\/td><\/tr><tr><td><strong><a href=\"https:\/\/pos.uel.br\/ppga\/wp-content\/uploads\/2023\/12\/Edital_182023_PPGA-UEL_Processo_Seletivo_Regulares_RESULTADO_DA_ETAPA_IV_29_assinado.pdf\">Divulga\u00e7\u00e3o do Resultado da Etapa IV (Curr\u00edculo Lattes Documentado)<\/a><\/strong><\/td><td class=\"has-text-align-center\" data-align=\"center\"><strong>04\/12\/2023<\/strong><\/td><td><strong><a href=\"https:\/\/pos.uel.br\/ppga\/wp-content\/uploads\/2023\/12\/Edital_182023_PPGA-UEL_Processo_Seletivo_Regulares_RESULTADO_DA_ETAPA_IV_29_assinado.pdf\">PDF<\/a><\/strong><\/td><\/tr><tr><td>Interposi\u00e7\u00e3o de Recurso ao Resultado da Etapa IV<\/td><td class=\"has-text-align-center\" data-align=\"center\">de 05\/12\/2023 a 06\/12\/2023<\/td><td><\/td><\/tr><tr><td>An\u00e1lise dos Recursos Interpostos ao Resultado da Etapa IV<\/td><td class=\"has-text-align-center\" data-align=\"center\">07\/12\/2023<\/td><td><\/td><\/tr><tr><td>Edital com Resposta aos Recursos Interpostos ao Resultado da Etapa IV<\/td><td class=\"has-text-align-center\" data-align=\"center\">08\/12\/2023<\/td><td><\/td><\/tr><tr><td><a href=\"https:\/\/pos.uel.br\/ppga\/wp-content\/uploads\/2023\/12\/Edital_192023_PPGA-UEL_Processo_Seletivo_Regulares_RESULTADO_FINAL_assinado.pdf\"><strong>Divulga\u00e7\u00e3o do Edital de Resultado Final<\/strong><\/a><\/td><td class=\"has-text-align-center\" data-align=\"center\">12\/12\/2023<\/td><td><a href=\"http:\/\/A Comiss\u00e3o Coordenadora do Programa de P\u00f3s-Gradua\u00e7\u00e3o em Administra\u00e7\u00e3o, da Universidade Estadual de Londrina \u2013 UEL, no uso de suas atribui\u00e7\u00f5es administrativas e em conformidade com o Edital PPGA N\u00ba 07\/2023, torna p\u00fablico o Resultado Final do Processo Seletivo - Turma 2024.\"><strong>PDF<\/strong><\/a><\/td><\/tr><tr><td><a href=\"https:\/\/pos.uel.br\/ppga\/wp-content\/uploads\/2023\/12\/Edital_202023_PPGA-UEL_Processo_Seletivo_Regulares_CONVOCACAO_MATRICULA_assinado.pdf\" data-type=\"link\" data-id=\"https:\/\/pos.uel.br\/ppga\/wp-content\/uploads\/2023\/12\/Edital_202023_PPGA-UEL_Processo_Seletivo_Regulares_CONVOCACAO_MATRICULA_assinado.pdf\"><strong>Convoca\u00e7\u00e3o para Matr\u00edcula<\/strong><\/a><\/td><td class=\"has-text-align-center\" data-align=\"center\">12\/12\/2023<\/td><td><strong><a href=\"https:\/\/pos.uel.br\/ppga\/wp-content\/uploads\/2023\/12\/Edital_202023_PPGA-UEL_Processo_Seletivo_Regulares_CONVOCACAO_MATRICULA_assinado.pdf\">PDF<\/a><\/strong><\/td><\/tr><tr><td>Per\u00edodo de Matr\u00edcula<\/td><td class=\"has-text-align-center\" data-align=\"center\"><strong>de 26\/01\/2024 a 30\/01\/2024<\/strong><\/td><td><\/td><\/tr><tr><td>In\u00edcio do Semestre Letivo<\/td><td class=\"has-text-align-center\" data-align=\"center\"><strong>04\/03\/2024<\/strong><\/td><td><\/td><\/tr><\/tbody><\/table><figcaption class=\"wp-element-caption\">*datas retificadas pelo Edital PPGA 09\/2023<\/figcaption><\/figure>\n\n\n\n<hr class=\"wp-block-separator has-alpha-channel-opacity\" \/>\n\n\n\n<div class=\"wp-block-group\"><div class=\"wp-block-group__inner-container is-layout-constrained wp-block-group-is-layout-constrained\">\n<h4 class=\"wp-block-heading is-style-default has-primary-accent-color has-site-background-background-color has-text-color has-background\"><a href=\"https:\/\/pos.uel.br\/ppga\/wp-content\/uploads\/2023\/09\/092023_Edital_PPGA-UEL_Selecao_Alunos_Regulares_Retificacao_Comissao_Heteroidentificacao_assinado.pdf\">ATEN\u00c7\u00c3O: Retifica\u00e7\u00e3o do Edital de Abertura (Comiss\u00e3o de Heteroidentifica\u00e7\u00e3o)<\/a><\/h4>\n\n\n\n<h4 class=\"wp-block-heading is-style-default has-primary-accent-color has-site-background-background-color has-text-color has-background\"><a href=\"https:\/\/pos.uel.br\/ppga\/wp-content\/uploads\/2023\/09\/072023_Edital_PPGA-UEL_Selecao_Alunos_Regulares.pdf\">Edital de Abertura<\/a><\/h4>\n\n\n\n<h4 class=\"wp-block-heading is-style-default has-primary-accent-color has-site-background-background-color has-text-color has-background\"><a href=\"https:\/\/pos.uel.br\/ppga\/corpo-docente\/\">Corpo Docente do PPGA<\/a><\/h4>\n\n\n\n<h4 class=\"wp-block-heading is-style-default has-primary-accent-color has-site-background-background-color has-text-color has-background\"><a href=\"http:\/\/www.uel.br\/eventos\/insc\/?id=8526\">Requerimento de Isen\u00e7\u00e3o Cad\u00danico &#8211; 06 a 11\/09\/2023<\/a><\/h4>\n\n\n\n<h4 class=\"wp-block-heading is-style-default has-primary-accent-color has-site-background-background-color has-text-color has-background\"><a href=\"https:\/\/pos.uel.br\/ppga\/wp-content\/uploads\/2023\/09\/FORMULARIO-PPGA-UEL-DE-AVALIACAO-DE-ATIVIDADES-CADASTRADAS-NO-CURRICULO-LATTES.docx\">Formul\u00e1rio PPGA-UEL de Avalia\u00e7\u00e3o de Atividades Cadastradas no Curr\u00edculo Lattes<\/a> (arquivo docx)<\/h4>\n\n\n\n<h4 class=\"wp-block-heading is-style-default has-primary-accent-color has-site-background-background-color has-text-color has-background\"><a href=\"https:\/\/pos.uel.br\/ppga\/wp-content\/uploads\/2023\/09\/FORMULARIO-PPGA-UEL-DE-AVALIACAO-DE-ATIVIDADES-CADASTRADAS-NO-CURRICULO-LATTES.pdf\">Formul\u00e1rio PPGA-UEL de Avalia\u00e7\u00e3o de Atividades Cadastradas no Curr\u00edculo Lattes<\/a> (arquivo pdf)<\/h4>\n<\/div><\/div>\n","protected":false},"excerpt":{"rendered":"<p>PROCEDIMENTOS DATAS IMPORTANTES ARQUIVO Per\u00edodo para Requerimento de Isen\u00e7\u00e3o da Taxa de Inscri\u00e7\u00e3o (todas as modalidades) de 06\/09\/2023 a 11\/09\/2023 Edital com Resultado dos Requerimentos de Isen\u00e7\u00e3o da Taxa de Inscri\u00e7\u00e3o 13\/09\/2023 PDF Interposi\u00e7\u00e3o de Recurso ao Resultado dos Requerimentos de Isen\u00e7\u00e3o da Taxa de Inscri\u00e7\u00e3o 14\/09\/2023 Edital com Resposta aos Recursos Interpostos ao Resultado [&hellip;]<\/p>\n","protected":false},"author":8,"featured_media":0,"parent":0,"menu_order":0,"comment_status":"closed","ping_status":"closed","template":"","meta":{"footnotes":""},"class_list":["post-882","page","type-page","status-publish","hentry"],"acf":[],"_links":{"self":[{"href":"https:\/\/pos.uel.br\/ppga\/wp-json\/wp\/v2\/pages\/882","targetHints":{"allow":["GET"]}}],"collection":[{"href":"https:\/\/pos.uel.br\/ppga\/wp-json\/wp\/v2\/pages"}],"about":[{"href":"https:\/\/pos.uel.br\/ppga\/wp-json\/wp\/v2\/types\/page"}],"author":[{"embeddable":true,"href":"https:\/\/pos.uel.br\/ppga\/wp-json\/wp\/v2\/users\/8"}],"replies":[{"embeddable":true,"href":"https:\/\/pos.uel.br\/ppga\/wp-json\/wp\/v2\/comments?post=882"}],"version-history":[{"count":29,"href":"https:\/\/pos.uel.br\/ppga\/wp-json\/wp\/v2\/pages\/882\/revisions"}],"predecessor-version":[{"id":1959,"href":"https:\/\/pos.uel.br\/ppga\/wp-json\/wp\/v2\/pages\/882\/revisions\/1959"}],"wp:attachment":[{"href":"https:\/\/pos.uel.br\/ppga\/wp-json\/wp\/v2\/media?parent=882"}],"curies":[{"name":"wp","href":"https:\/\/api.w.org\/{rel}","templated":true}]}}