{"id":865,"date":"2023-06-29T21:01:57","date_gmt":"2023-06-30T00:01:57","guid":{"rendered":"https:\/\/pos.uel.br\/ppga\/?page_id=865"},"modified":"2024-05-09T15:26:46","modified_gmt":"2024-05-09T18:26:46","slug":"autoavaliacao","status":"publish","type":"page","link":"https:\/\/pos.uel.br\/ppga\/autoavaliacao\/","title":{"rendered":"Planejamento e Autoavalia\u00e7\u00e3o"},"content":{"rendered":"\n<figure class=\"wp-block-table\"><table><tbody><tr><td><strong>COMISS\u00c3O DE PLANEJAMENTO E AUTOAVALIA\u00c7\u00c3O DO PPGA<\/strong><\/td><\/tr><tr><td>Prof. Dr. Paulo Marcelo Ferrarese Pegino (Coordenador)<\/td><\/tr><tr><td>Prof. Dr. Eduardo Augusto do Ros\u00e1rio Contani (Vice-Coordenador)<\/td><\/tr><tr><td>Profa. Dra. Luana Maia Woida (Representante da Linha GOR)<\/td><\/tr><tr><td>Prof. Dr. Lu\u00eds Miguel Luzio dos Santos (Representante da Linha OPS)<\/td><\/tr><tr><td>Ana Claudia Ribeiro (Representante Discente)<\/td><\/tr><\/tbody><\/table><\/figure>\n\n\n\n<div style=\"height:100px\" aria-hidden=\"true\" class=\"wp-block-spacer\"><\/div>\n\n\n\n<h2 class=\"wp-block-heading\"><strong>Conselho  Consultivo do PPGA<\/strong><\/h2>\n\n\n\n<p>Em novembro de 2023, o PPGA deliberou e aprovou a cria\u00e7\u00e3o de um Conselho Consultivo, formado por egressos, docentes e representantes setoriais da sociedade. O papel do Conselho \u00e9 o de auxiliar no planejamento estrat\u00e9gico do PPGA e na avalia\u00e7\u00e3o da evolu\u00e7\u00e3o do Programa em face do planejamento constru\u00eddo.<\/p>\n\n\n\n<figure class=\"wp-block-table\"><table><tbody><tr><td><strong>Conselheiro\/a<\/strong><\/td><td><\/td><td><\/td><\/tr><tr><td><strong>B\u00e1rbara Galleli Dias<\/strong><\/td><td><em>PPGADM &#8211; UFPR<\/em><\/td><td>Egressa do PPGA<\/td><\/tr><tr><td><strong>Elve Miguel Cenci<\/strong><\/td><td><em>PPG Direito Negocial &#8211; UEL<\/em><\/td><td>Docente Nucleador<\/td><\/tr><tr><td><strong>Fabr\u00edcio Pires Bianchi<\/strong><\/td><td><em>Gerente Sebrae &#8211; Regional Norte<\/em><\/td><td>Representante da Sociedade Civil<\/td><\/tr><tr><td><strong>Jos\u00e9 Roberto Savoia<\/strong><\/td><td><em>PPG FEA &#8211; USP<\/em><\/td><td>Docente Nucleador<\/td><\/tr><tr><td><strong>Maria Tereza Paschoal de Moraes<\/strong><\/td><td><em>Secret\u00e1ria de Educa\u00e7\u00e3o do Munic\u00edpio de Londrina<\/em><\/td><td>Representante do Setor P\u00fablico<\/td><\/tr><tr><td><strong>Mario Nei Pacagnan<\/strong><\/td><td><em>Diretor de Produtos da ACIL<\/em> <em>(Associa\u00e7\u00e3o Comercial de Londrina)<\/em><\/td><td>Representante do Setor Produtivo<\/td><\/tr><tr><td><strong>Mauro Guilherme Maidana Capelari<\/strong><\/td><td><em>PPG-CDS &#8211; UNB<\/em><\/td><td>Egresso do PPGA<\/td><\/tr><\/tbody><\/table><\/figure>\n\n\n\n<p><\/p>\n\n\n\n<h2 class=\"wp-block-heading\"><strong>Grupo de Trabalho de Internacionaliza\u00e7\u00e3o do PPGA<\/strong><\/h2>\n\n\n\n<figure class=\"wp-block-table\"><table><tbody><tr><td><strong>Membros<\/strong><\/td><td><strong>Categoria<\/strong><\/td><\/tr><tr><td>Paulo Marcelo Ferrarese Pegino<\/td><td>Docente<\/td><\/tr><tr><td>Paula Carolina Rocha Menezes<\/td><td>Discente<\/td><\/tr><tr><td>Zero Dalmaso Carmona<\/td><td>Discente<\/td><\/tr><tr><td>Weslei Antonio de Souza Andrade<\/td><td>Discente<\/td><\/tr><\/tbody><\/table><\/figure>\n","protected":false},"excerpt":{"rendered":"<p>COMISS\u00c3O DE PLANEJAMENTO E AUTOAVALIA\u00c7\u00c3O DO PPGA Prof. Dr. Paulo Marcelo Ferrarese Pegino (Coordenador) Prof. Dr. Eduardo Augusto do Ros\u00e1rio Contani (Vice-Coordenador) Profa. Dra. Luana Maia Woida (Representante da Linha GOR) Prof. Dr. Lu\u00eds Miguel Luzio dos Santos (Representante da Linha OPS) Ana Claudia Ribeiro (Representante Discente) Conselho Consultivo do PPGA Em novembro de 2023, [&hellip;]<\/p>\n","protected":false},"author":8,"featured_media":0,"parent":0,"menu_order":0,"comment_status":"closed","ping_status":"closed","template":"","meta":{"footnotes":""},"class_list":["post-865","page","type-page","status-publish","hentry"],"acf":[],"_links":{"self":[{"href":"https:\/\/pos.uel.br\/ppga\/wp-json\/wp\/v2\/pages\/865","targetHints":{"allow":["GET"]}}],"collection":[{"href":"https:\/\/pos.uel.br\/ppga\/wp-json\/wp\/v2\/pages"}],"about":[{"href":"https:\/\/pos.uel.br\/ppga\/wp-json\/wp\/v2\/types\/page"}],"author":[{"embeddable":true,"href":"https:\/\/pos.uel.br\/ppga\/wp-json\/wp\/v2\/users\/8"}],"replies":[{"embeddable":true,"href":"https:\/\/pos.uel.br\/ppga\/wp-json\/wp\/v2\/comments?post=865"}],"version-history":[{"count":8,"href":"https:\/\/pos.uel.br\/ppga\/wp-json\/wp\/v2\/pages\/865\/revisions"}],"predecessor-version":[{"id":1327,"href":"https:\/\/pos.uel.br\/ppga\/wp-json\/wp\/v2\/pages\/865\/revisions\/1327"}],"wp:attachment":[{"href":"https:\/\/pos.uel.br\/ppga\/wp-json\/wp\/v2\/media?parent=865"}],"curies":[{"name":"wp","href":"https:\/\/api.w.org\/{rel}","templated":true}]}}