{"id":69,"date":"2021-06-15T02:57:57","date_gmt":"2021-06-15T05:57:57","guid":{"rendered":"https:\/\/pos.uel.br\/ppga\/pagina-inicial\/"},"modified":"2026-04-08T13:49:21","modified_gmt":"2026-04-08T16:49:21","slug":"pagina-inicial","status":"publish","type":"page","link":"https:\/\/pos.uel.br\/ppga\/","title":{"rendered":"P\u00e1gina inicial"},"content":{"rendered":"\n<div class=\"wp-block-uel-card\">\n<div class=\"wp-block-columns is-layout-flex wp-container-core-columns-is-layout-9d6595d7 wp-block-columns-is-layout-flex\">\n<div class=\"wp-block-column is-layout-flow wp-block-column-is-layout-flow\">\n<figure class=\"wp-block-image size-full\"><img loading=\"lazy\" decoding=\"async\" width=\"897\" height=\"555\" src=\"https:\/\/pos.uel.br\/ppga\/wp-content\/uploads\/2025\/02\/Cesa-UEL-Foto-Reproducao.png\" alt=\"\" class=\"wp-image-1899\" srcset=\"https:\/\/pos.uel.br\/ppga\/wp-content\/uploads\/2025\/02\/Cesa-UEL-Foto-Reproducao.png 897w, https:\/\/pos.uel.br\/ppga\/wp-content\/uploads\/2025\/02\/Cesa-UEL-Foto-Reproducao-300x186.png 300w, https:\/\/pos.uel.br\/ppga\/wp-content\/uploads\/2025\/02\/Cesa-UEL-Foto-Reproducao-768x475.png 768w\" sizes=\"auto, (max-width: 897px) 100vw, 897px\" \/><figcaption class=\"wp-element-caption\"><em>Foto: CESA &#8211; Centro de Estudos Sociais Aplicados, casa do PPGA. Fonte: acervo UEL.<\/em><\/figcaption><\/figure>\n<\/div>\n\n\n\n<div class=\"wp-block-column is-layout-flow wp-block-column-is-layout-flow\">\n<div class=\"wp-block-uel-card\">\n<h1 class=\"wp-block-heading has-text-align-center\"><a href=\"https:\/\/pos.uel.br\/ppga\/sem-categoria-pt\/2026\/04\/08\/excelencia-reconhecida-ppga-sobe-de-nota-e-prepara-proposta-de-doutorado\/\">PPGA sobe de nota e prepara proposta de doutorado<\/a><\/h1>\n<\/div>\n\n\n\n<div class=\"wp-block-uel-card\">\n<p><strong>O PPGA-UEL tem por finalidade contribuir para a compreens\u00e3o cr\u00edtica e a busca de alternativas aos problemas te\u00f3ricos e emp\u00edricos decorrentes das inter-rela\u00e7\u00f5es entre organiza\u00e7\u00f5es, gest\u00e3o e sociedade, por meio de pesquisas e da forma\u00e7\u00e3o de profissionais e pesquisadores de alto n\u00edvel.<\/strong><\/p>\n<\/div>\n<\/div>\n<\/div>\n<\/div>\n\n\n\n<div class=\"wp-block-columns is-layout-flex wp-container-core-columns-is-layout-9d6595d7 wp-block-columns-is-layout-flex\">\n<div class=\"wp-block-column is-layout-flow wp-block-column-is-layout-flow\" style=\"flex-basis:66.66%\">\n<div class=\"wp-block-uel-card\">\n<h3 class=\"wp-block-heading is-style-highlighted-heading\">Editais<\/h3>\n\n\n<div class=\"editais-block\"><a class=\"editais-block__item-block\" href=\"https:\/\/pos.uel.br\/ppga\/wp-content\/uploads\/2026\/03\/EDITAL_PPGA_010_2026_Estudantes_Especiais_01_2026_RESULTADO_assinado-1.pdf\"><div class=\"editais-block__titulo\"><span>EDITAL PPGA 010\/2026 &#8211; Resultado da sele\u00e7\u00e3o de ESTUDANTES ESPECIAIS e convoca\u00e7\u00e3o para matr\u00edcula.<\/span><\/div><div class=\"editais-block__resumo\"><span>A Comiss\u00e3o Coordenadora do Programa de P\u00f3s-Gradua\u00e7\u00e3o em Administra\u00e7\u00e3o, da Universidade Estadual de Londrina-UEL, no uso de suas atribui\u00e7\u00f5es administrativas e em conformidade com o Edital 001\/2026, TORNA P\u00daBLICO o resultado da sele\u00e7\u00e3o e a convoca\u00e7\u00e3o para matr\u00edcula das\/os candidatas\/os aprovadas\/os para cursar disciplina no PPGA como \u201cEstudante Especial\u201d, com in\u00edcio no primeiro semestre de 2026.\r\n<\/span><\/div><div class=\"editais-block__publicado\"><span>2 meses atr\u00e1s<\/span><\/div><\/a><a class=\"editais-block__item-block\" href=\"https:\/\/pos.uel.br\/ppga\/wp-content\/uploads\/2026\/03\/Edital_092026_PPGA-UEL_Processo_Seletivo_PROTAG_-_RESULTADO_FINAL_assinado.pdf\"><div class=\"editais-block__titulo\"><span>EDITAL PPGA 009\/2026 &#8211; Resultado FINAL do Processo Seletivo (PROTAG)<\/span><\/div><div class=\"editais-block__resumo\"><span>A Comiss\u00e3o Coordenadora do Programa de P\u00f3s-Gradua\u00e7\u00e3o em Administra\u00e7\u00e3o, da Universidade Estadual de Londrina \u2013 UEL, no uso de suas atribui\u00e7\u00f5es administrativas e em conformidade com o Edital PPGA N\u00ba 32\/2025 (PROTAG), torna p\u00fablico o Resultado FINAL do Processo Seletivo.<\/span><\/div><div class=\"editais-block__publicado\"><span>2 meses atr\u00e1s<\/span><\/div><\/a><a class=\"editais-block__item-block\" href=\"https:\/\/pos.uel.br\/ppga\/wp-content\/uploads\/2026\/03\/Edital_082026_PPGA-UEL_Processo_Seletivo_PROTAG_-_RESULTADO_DA_ETAPA_IV_assinado.pdf\"><div class=\"editais-block__titulo\"><span>EDITAL PPGA 008\/2026 &#8211; Resultado da ETAPA IV &#8211; An\u00e1lise do Curr\u00edculo Lattes Documentado (PROTAG)<\/span><\/div><div class=\"editais-block__resumo\"><span>A Comiss\u00e3o Coordenadora do Programa de P\u00f3s-Gradua\u00e7\u00e3o em Administra\u00e7\u00e3o, da Universidade Estadual de Londrina \u2013 UEL, no uso de suas atribui\u00e7\u00f5es administrativas e em conformidade com o Edital PPGA N\u00ba 32\/2025 (PROTAG), torna p\u00fablico o Resultado da ETAPA IV &#8211; An\u00e1lise do Curr\u00edculo Lattes Documentado<\/span><\/div><div class=\"editais-block__publicado\"><span>2 meses atr\u00e1s<\/span><\/div><\/a><a class=\"editais-block__item-block\" href=\"https:\/\/pos.uel.br\/ppga\/wp-content\/uploads\/2026\/03\/Edital_072026_PPGA-UEL_Processo_Seletivo_PROTAG_-_RESULTADO_DA_ETAPA_III_assinado.pdf\"><div class=\"editais-block__titulo\"><span>EDITAL PPGA 007\/2026 &#8211; Resultado da ETAPA III &#8211; Entrevista (PROTAG)<\/span><\/div><div class=\"editais-block__resumo\"><span>A Comiss\u00e3o Coordenadora do Programa de P\u00f3s-Gradua\u00e7\u00e3o em Administra\u00e7\u00e3o, da Universidade Estadual de Londrina \u2013 UEL, no uso de suas atribui\u00e7\u00f5es administrativas e em conformidade com o Edital PPGA N\u00ba 32\/2025 (PROTAG), torna p\u00fablico o Resultado da ETAPA III &#8211; Entrevista<\/span><\/div><div class=\"editais-block__publicado\"><span>2 meses atr\u00e1s<\/span><\/div><\/a><a class=\"editais-block__item-block\" href=\"https:\/\/pos.uel.br\/ppga\/wp-content\/uploads\/2026\/03\/EDITAL_PPGA_006_2025_Resultado_Cadastro_de_Bolsa_assinado.pdf\"><div class=\"editais-block__titulo\"><span>EDITAL PPGA 06\/2026 &#8211; Cadastro de Reserva para Bolsas de Estudo &#8211; RESULTADO<\/span><\/div><div class=\"editais-block__resumo\"><span>A Comiss\u00e3o Coordenadora do Programa de P\u00f3s-Gradua\u00e7\u00e3o em Administra\u00e7\u00e3o da Universidade Estadual de Londrina (PPGA-UEL) e a Comiss\u00e3o de Bolsas do PPGA-UEL, em conformidade com o Edital PPGA 003\/2026, tornam p\u00fablico o resultado do Processo Seletivo para Forma\u00e7\u00e3o de Cadastro de Reserva para Bolsas de Estudo.<\/span><\/div><div class=\"editais-block__publicado\"><span>2 meses atr\u00e1s<\/span><\/div><\/a><a class=\"editais-block__item-block\" href=\"https:\/\/pos.uel.br\/ppga\/wp-content\/uploads\/2026\/02\/Edital_052026_PPGA-UEL_Processo_Seletivo_PROTAG_-_RESULTADO_DA_ETAPA_II.docx_assinado.pdf\"><div class=\"editais-block__titulo\"><span>EDITAL PPGA 005\/2026 &#8211; Resultado da ETAPA II &#8211; Avalia\u00e7\u00e3o do Projeto de Pesquisa e Convoca\u00e7\u00e3o para Entrevistas<\/span><\/div><div class=\"editais-block__resumo\"><span>A Comiss\u00e3o Coordenadora do Programa de P\u00f3s-Gradua\u00e7\u00e3o em Administra\u00e7\u00e3o, da Universidade Estadual de Londrina \u2013 UEL, no uso de suas atribui\u00e7\u00f5es administrativas e em conformidade com o Edital PPGA N\u00ba 32\/2025 (PROTAG), torna p\u00fablico o Resultado da ETAPA II &#8211; Avalia\u00e7\u00e3o do Projeto de Pesquisa e CONVOCA as\/os candidatas\/os classificadas\/os para a ETAPA III &#8211; ENTREVISTA, conforme item 3 deste edital\r\n<\/span><\/div><div class=\"editais-block__publicado\"><span>2 meses atr\u00e1s<\/span><\/div><\/a><a class=\"editais-block__item-block\" href=\"https:\/\/pos.uel.br\/ppga\/wp-content\/uploads\/2026\/02\/0042026_Edital_PPGA-UEL_Selecao_PROTAG_-_RESULTADOS_DA_ETAPA_I_-_CONFERENCIA_DE_DOCUMENTOS_assinado.pdf\"><div class=\"editais-block__titulo\"><span>Edital 004\/2026 &#8211; Estudantes Regulares (PROTAG) &#8211; Resultado da ETAPA I (confer\u00eancia de documentos)<\/span><\/div><div class=\"editais-block__resumo\"><span>A Comiss\u00e3o Coordenadora do Programa de P\u00f3s-Gradua\u00e7\u00e3o em Administra\u00e7\u00e3o, da Universidade Estadual de Londrina \u2013 UEL, no uso de suas atribui\u00e7\u00f5es administrativas e em conformidade com o Edital PPGA N\u00ba 32\/2025 (PROTAG), torna p\u00fablico o Resultado da ETAPA I &#8211; Confer\u00eancia dos Documentos.<\/span><\/div><div class=\"editais-block__publicado\"><span>2 meses atr\u00e1s<\/span><\/div><\/a><a class=\"editais-block__item-block\" href=\"https:\/\/pos.uel.br\/ppga\/wp-content\/uploads\/2026\/02\/EDITAL_PPGA_003_2026_Cadastro_de_Reserva_Bolsas_de_Estudo_assinado.pdf\"><div class=\"editais-block__titulo\"><span>Edital 003\/2026 &#8211; Bolsas de Estudo (cadastro de reserva)<\/span><\/div><div class=\"editais-block__resumo\"><span>A Comiss\u00e3o Coordenadora do Programa de P\u00f3s-Gradua\u00e7\u00e3o em Administra\u00e7\u00e3o da Universidade Estadual de Londrina (PPGA-UEL) e a Comiss\u00e3o de Bolsas do PPGA-UEL tornam p\u00fablica a inscri\u00e7\u00e3o no Processo Seletivo para Forma\u00e7\u00e3o de Cadastro de Reserva para Bolsas de Estudo.\r\n<\/span><\/div><div class=\"editais-block__publicado\"><span>2 meses atr\u00e1s<\/span><\/div><\/a><a class=\"editais-block__item-block\" href=\"https:\/\/pos.uel.br\/ppga\/wp-content\/uploads\/2026\/02\/0022026_Edital_PPGA-UEL_Processo_Seletivo_Especiais_ISENCAO_INSCRICAO_assinado.pdf\"><div class=\"editais-block__titulo\"><span>Estudantes Especiais &#8211; Pedidos de Isen\u00e7\u00e3o (Edital 001\/2026)<\/span><\/div><div class=\"editais-block__resumo\"><span>A Comiss\u00e3o Coordenadora do Programa de P\u00f3s-Gradua\u00e7\u00e3o em Administra\u00e7\u00e3o, da Universidade Estadual de Londrina \u2013 UEL, no uso de suas atribui\u00e7\u00f5es administrativas e em conformidade com o Edital PPGA N\u00ba 01\/2026, torna p\u00fablico o Resultado dos Requerimentos de Isen\u00e7\u00e3o da Taxa de Inscri\u00e7\u00e3o.<\/span><\/div><div class=\"editais-block__publicado\"><span>2 meses atr\u00e1s<\/span><\/div><\/a><a class=\"editais-block__item-block\" href=\"https:\/\/pos.uel.br\/ppga\/wp-content\/uploads\/2026\/02\/RETIFICACAO_DO_CRONOGRAMA_Edital_PPGA-UEL_Selecao_PROTAG_assinado.pdf\"><div class=\"editais-block__titulo\"><span>RETIFICA\u00c7\u00c3O DO CRONOGRAMA &#8211; EDITAL PROTAG 032\/2025<\/span><\/div><div class=\"editais-block__resumo\"><span>ATEN\u00c7\u00c3O: retifica\u00e7\u00e3o do cronograma do edital 032\/2025 &#8211; PROTAG (exclusivo para servidores p\u00fablicos do Estado do Paran\u00e1)<\/span><\/div><div class=\"editais-block__publicado\"><span>3 meses atr\u00e1s<\/span><\/div><\/a><\/div>\n\n\n<p><\/p>\n<\/div>\n\n\n\n<div class=\"wp-block-columns is-layout-flex wp-container-core-columns-is-layout-9d6595d7 wp-block-columns-is-layout-flex\">\n<div class=\"wp-block-column is-layout-flow wp-block-column-is-layout-flow\">\n<div class=\"wp-block-uel-card\">\n<h3 class=\"wp-block-heading is-style-highlighted-heading\">Defesas<\/h3>\n\n\n<div class=\"defesas-qualificacoes\"><a class=\"defesas-qualificacoes__item-block\" href=\"https:\/\/pos.uel.br\/ppga\/defesas-qualificacoes\/inovacao-publica-em-movimento-estruturas-fomento-e-desafios-na-atuacao-dos-nucleos-de-inovacao-tecnologica-nits-das-instituicoes-cientificas-tecnologicas-e-de-inovacao-icts-publicas-em-londrina\/\"><div><span>03\/02 14:00<\/span><\/div><div class=\"defesas-qualificacoes__titulo\"><span>INOVA\u00c7\u00c3O P\u00daBLICA EM MOVIMENTO: ESTRUTURAS, FOMENTO E DESAFIOS NA ATUA\u00c7\u00c3O DOS N\u00daCLEOS DE INOVA\u00c7\u00c3O TECNOL\u00d3GICA (NITS) DAS INSTITUI\u00c7\u00d5ES CIENT\u00cdFICAS, TECNOL\u00d3GICAS E DE INOVA\u00c7\u00c3O (ICTS) P\u00daBLICAS EM LONDRINA<\/span><\/div><div class=\"defesas-qualificacoes__aluno\"><span>Majeane Ara\u00fajo da Silva Menezes<\/span><\/div><\/a><a class=\"defesas-qualificacoes__item-block\" href=\"https:\/\/pos.uel.br\/ppga\/defesas-qualificacoes\/desempenho-do-omnichannel-uma-meta-analise-das-praticas-e-efeitos-no-comportamento-do-consumidor\/\"><div><span>18\/12 15:00<\/span><\/div><div class=\"defesas-qualificacoes__titulo\"><span>DESEMPENHO DO OMNICHANNEL: UMA META-AN\u00c1LISE DAS PR\u00c1TICAS E EFEITOS NO COMPORTAMENTO DO CONSUMIDOR<\/span><\/div><div class=\"defesas-qualificacoes__aluno\"><span>Natalia Maria Simoes Silva<\/span><\/div><\/a><a class=\"defesas-qualificacoes__item-block\" href=\"https:\/\/pos.uel.br\/ppga\/defesas-qualificacoes\/das-vozes-da-arquibancada-aos-sujeito-objetos-a-construcao-discursiva-do-jogador-de-futebol\/\"><div><span>17\/12 15:00<\/span><\/div><div class=\"defesas-qualificacoes__titulo\"><span>DAS VOZES DA ARQUIBANCADA AOS SUJEITO-OBJETOS: A CONSTRU\u00c7\u00c3O DISCURSIVA DO JOGADOR DE FUTEBOL.<\/span><\/div><div class=\"defesas-qualificacoes__aluno\"><span>Ana Cl\u00e1udia Ribeiro<\/span><\/div><\/a><a class=\"defesas-qualificacoes__item-block\" href=\"https:\/\/pos.uel.br\/ppga\/defesas-qualificacoes\/percepcoes-sobre-a-virtualizacao-e-ou-digitalizacao-em-uma-universidade-publica-brasileira\/\"><div><span>08\/12 15:00<\/span><\/div><div class=\"defesas-qualificacoes__titulo\"><span>PERCEP\u00c7\u00d5ES SOBRE A VIRTUALIZA\u00c7\u00c3O E\/OU DIGITALIZA\u00c7\u00c3O EM UMA UNIVERSIDADE P\u00daBLICA BRASILEIRA<\/span><\/div><div class=\"defesas-qualificacoes__aluno\"><span>Fernando Marino Ramalho<\/span><\/div><\/a><a class=\"defesas-qualificacoes__item-block\" href=\"https:\/\/pos.uel.br\/ppga\/defesas-qualificacoes\/governanca-como-pratica-governanca-e-participacao-cidada-em-cidades-inteligentes-a-luz-da-ontologia-do-lugar-de-schatzki\/\"><div><span>06\/11 14:30<\/span><\/div><div class=\"defesas-qualificacoes__titulo\"><span>GOVERNAN\u00c7A COMO PR\u00c1TICA: GOVERNAN\u00c7A E PARTICIPA\u00c7\u00c3O CIDAD\u00c3 EM CIDADES INTELIGENTES \u00c0 LUZ DA ONTOLOGIA DO LUGAR DE SCHATZKI<\/span><\/div><div class=\"defesas-qualificacoes__aluno\"><span>Natasha de Araujo Cezar<\/span><\/div><\/a><a class=\"defesas-qualificacoes__item-block\" href=\"https:\/\/pos.uel.br\/ppga\/defesas-qualificacoes\/priorizacao-de-temas-em-treinamentos-de-vendas-consultivas-um-framework-de-apoio-a-decisao\/\"><div><span>22\/10 14:00<\/span><\/div><div class=\"defesas-qualificacoes__titulo\"><span>PRIORIZA\u00c7\u00c3O DE TEMAS EM TREINAMENTOS DE VENDAS CONSULTIVAS: UM FRAMEWORK DE APOIO \u00c0 DECIS\u00c3O<\/span><\/div><div class=\"defesas-qualificacoes__aluno\"><span>Carla Daiani Dalto Tomeleri<\/span><\/div><\/a><a class=\"defesas-qualificacoes__item-block\" href=\"https:\/\/pos.uel.br\/ppga\/defesas-qualificacoes\/o-processo-de-implementacao-da-gestao-por-competencias-em-uma-prefeitura-do-norte-do-parana-relato-de-experiencia\/\"><div><span>14\/08 09:00<\/span><\/div><div class=\"defesas-qualificacoes__titulo\"><span>O PROCESSO DE IMPLEMENTA\u00c7\u00c3O DA GEST\u00c3O POR COMPET\u00caNCIAS EM UMA PREFEITURA DO NORTE DO PARAN\u00c1: RELATO DE EXPERIENCIA<\/span><\/div><div class=\"defesas-qualificacoes__aluno\"><span>Eliseu Aguiar de Gouveia<\/span><\/div><\/a><a class=\"defesas-qualificacoes__item-block\" href=\"https:\/\/pos.uel.br\/ppga\/defesas-qualificacoes\/fatores-associados-a-inovacao-e-a-criacao-de-valor-em-empresas-abertas-brasileiras-uma-analise-do-setor-de-saude\/\"><div><span>27\/05 14:00<\/span><\/div><div class=\"defesas-qualificacoes__titulo\"><span>FATORES ASSOCIADOS A INOVA\u00c7\u00c3O E A CRIA\u00c7\u00c3O DE VALOR EM EMPRESAS ABERTAS BRASILEIRAS: UMA AN\u00c1LISE DO SETOR DE SA\u00daDE<\/span><\/div><div class=\"defesas-qualificacoes__aluno\"><span>Ana Paula Tamiko Matuo<\/span><\/div><\/a><\/div><\/div>\n<\/div>\n<\/div>\n<\/div>\n\n\n\n<div class=\"wp-block-column is-layout-flow wp-block-column-is-layout-flow\" style=\"flex-basis:33.33%\">\n<div class=\"wp-block-uel-card\">\n<h3 class=\"wp-block-heading is-style-highlighted-heading\">Coordena\u00e7\u00e3o<\/h3>\n\n\n\n<ul class=\"wp-block-list\">\n<li>Dr. Paulo Marcelo Ferrarese Pegino<\/li>\n\n\n\n<li>Dr. Reginaldo Fidelis<\/li>\n\n\n\n<li>Dr. Luciano Munck<\/li>\n<\/ul>\n\n\n\n<h3 class=\"wp-block-heading is-style-highlighted-heading\">Contato<\/h3>\n\n\n\n<p><strong>Telefone:<\/strong> +55 43 33714693<br><strong>E-mail (Coordena\u00e7\u00e3o):<\/strong> <a href=\"mailto:ppga@uel.br\" target=\"_blank\" rel=\"noreferrer noopener\">ppga@uel.br<\/a><br><strong>E-mail (Secretaria):<\/strong> <a href=\"mailto:mestrados@uel.br\" target=\"_blank\" rel=\"noreferrer noopener\">mestrados@uel.br<\/a> <br><strong>Endere\u00e7o:<\/strong>&nbsp;Campus Universit\u00e1rio, Rodovia Celso Garcia Cid, PR 445, Km 380.<br>Centro de Ci\u00eancias Sociais Aplicadas.<br>Londrina, Paran\u00e1, Brasil.<br>CEP: 86057-970<\/p>\n\n\n\n<figure class=\"wp-block-image size-large\"><a href=\"https:\/\/maps.app.goo.gl\/YduMCeL1X7rbXGar7\"><img loading=\"lazy\" decoding=\"async\" width=\"1024\" height=\"586\" src=\"https:\/\/pos.uel.br\/ppga\/wp-content\/uploads\/2023\/11\/Captura-de-tela-2023-11-14-tamanho-menor-1-1024x586.png\" alt=\"\" class=\"wp-image-979\" srcset=\"https:\/\/pos.uel.br\/ppga\/wp-content\/uploads\/2023\/11\/Captura-de-tela-2023-11-14-tamanho-menor-1-1024x586.png 1024w, https:\/\/pos.uel.br\/ppga\/wp-content\/uploads\/2023\/11\/Captura-de-tela-2023-11-14-tamanho-menor-1-300x172.png 300w, https:\/\/pos.uel.br\/ppga\/wp-content\/uploads\/2023\/11\/Captura-de-tela-2023-11-14-tamanho-menor-1-768x440.png 768w, https:\/\/pos.uel.br\/ppga\/wp-content\/uploads\/2023\/11\/Captura-de-tela-2023-11-14-tamanho-menor-1.png 1300w\" sizes=\"auto, (max-width: 1024px) 100vw, 1024px\" \/><\/a><\/figure>\n<\/div>\n<\/div>\n<\/div>\n\n\n\n<div class=\"wp-block-columns is-layout-flex wp-container-core-columns-is-layout-9d6595d7 wp-block-columns-is-layout-flex\">\n<div class=\"wp-block-column is-layout-flow wp-block-column-is-layout-flow\"><div class=\"wp-block-image is-resized\">\n<figure class=\"aligncenter size-medium\"><a href=\"https:\/\/www.gov.br\/cnpq\/pt-br\" target=\"_blank\" rel=\"noreferrer noopener\"><img loading=\"lazy\" decoding=\"async\" width=\"300\" height=\"213\" src=\"https:\/\/pos.uel.br\/ppga\/wp-content\/uploads\/2022\/09\/CNPQ_Canva-removebg-preview-300x213.png\" alt=\"\" class=\"wp-image-741\" srcset=\"https:\/\/pos.uel.br\/ppga\/wp-content\/uploads\/2022\/09\/CNPQ_Canva-removebg-preview-300x213.png 300w, https:\/\/pos.uel.br\/ppga\/wp-content\/uploads\/2022\/09\/CNPQ_Canva-removebg-preview.png 593w\" sizes=\"auto, (max-width: 300px) 100vw, 300px\" \/><\/a><\/figure>\n<\/div><\/div>\n\n\n\n<div class=\"wp-block-column is-layout-flow wp-block-column-is-layout-flow\"><div class=\"wp-block-image is-resized\">\n<figure class=\"aligncenter size-medium\"><a href=\"https:\/\/www.gov.br\/capes\/pt-br\" target=\"_blank\" rel=\"noreferrer noopener\"><img loading=\"lazy\" decoding=\"async\" width=\"300\" height=\"213\" src=\"https:\/\/pos.uel.br\/ppga\/wp-content\/uploads\/2022\/09\/Capes_Canva-removebg-preview-300x213.png\" alt=\"\" class=\"wp-image-742\" srcset=\"https:\/\/pos.uel.br\/ppga\/wp-content\/uploads\/2022\/09\/Capes_Canva-removebg-preview-300x213.png 300w, https:\/\/pos.uel.br\/ppga\/wp-content\/uploads\/2022\/09\/Capes_Canva-removebg-preview.png 593w\" sizes=\"auto, (max-width: 300px) 100vw, 300px\" \/><\/a><\/figure>\n<\/div><\/div>\n\n\n\n<div class=\"wp-block-column is-layout-flow wp-block-column-is-layout-flow\"><div class=\"wp-block-image is-resized\">\n<figure class=\"aligncenter size-medium\"><a href=\"https:\/\/www.fappr.pr.gov.br\/\" target=\"_blank\" rel=\"noreferrer noopener\"><img loading=\"lazy\" decoding=\"async\" width=\"300\" height=\"213\" src=\"https:\/\/pos.uel.br\/ppga\/wp-content\/uploads\/2022\/09\/Fundacao_Canva-removebg-preview-300x213.png\" alt=\"\" class=\"wp-image-743\" srcset=\"https:\/\/pos.uel.br\/ppga\/wp-content\/uploads\/2022\/09\/Fundacao_Canva-removebg-preview-300x213.png 300w, https:\/\/pos.uel.br\/ppga\/wp-content\/uploads\/2022\/09\/Fundacao_Canva-removebg-preview.png 593w\" sizes=\"auto, (max-width: 300px) 100vw, 300px\" \/><\/a><\/figure>\n<\/div><\/div>\n\n\n\n<div class=\"wp-block-column is-layout-flow wp-block-column-is-layout-flow\"><div class=\"wp-block-image is-resized\">\n<figure class=\"aligncenter size-medium\"><a href=\"https:\/\/sites.uel.br\/proppg\/\" target=\"_blank\" rel=\"noreferrer noopener\"><img loading=\"lazy\" decoding=\"async\" width=\"300\" height=\"213\" src=\"https:\/\/pos.uel.br\/ppga\/wp-content\/uploads\/2022\/09\/PROPPG_Canva-removebg-preview-300x213.png\" alt=\"\" class=\"wp-image-744\" srcset=\"https:\/\/pos.uel.br\/ppga\/wp-content\/uploads\/2022\/09\/PROPPG_Canva-removebg-preview-300x213.png 300w, https:\/\/pos.uel.br\/ppga\/wp-content\/uploads\/2022\/09\/PROPPG_Canva-removebg-preview.png 593w\" sizes=\"auto, (max-width: 300px) 100vw, 300px\" \/><\/a><\/figure>\n<\/div><\/div>\n<\/div>\n","protected":false},"excerpt":{"rendered":"","protected":false},"author":8,"featured_media":0,"parent":0,"menu_order":0,"comment_status":"closed","ping_status":"closed","template":"page-templates\/template-without-title.php","meta":{"footnotes":""},"class_list":["post-69","page","type-page","status-publish","hentry"],"acf":[],"_links":{"self":[{"href":"https:\/\/pos.uel.br\/ppga\/wp-json\/wp\/v2\/pages\/69","targetHints":{"allow":["GET"]}}],"collection":[{"href":"https:\/\/pos.uel.br\/ppga\/wp-json\/wp\/v2\/pages"}],"about":[{"href":"https:\/\/pos.uel.br\/ppga\/wp-json\/wp\/v2\/types\/page"}],"author":[{"embeddable":true,"href":"https:\/\/pos.uel.br\/ppga\/wp-json\/wp\/v2\/users\/8"}],"replies":[{"embeddable":true,"href":"https:\/\/pos.uel.br\/ppga\/wp-json\/wp\/v2\/comments?post=69"}],"version-history":[{"count":58,"href":"https:\/\/pos.uel.br\/ppga\/wp-json\/wp\/v2\/pages\/69\/revisions"}],"predecessor-version":[{"id":2525,"href":"https:\/\/pos.uel.br\/ppga\/wp-json\/wp\/v2\/pages\/69\/revisions\/2525"}],"wp:attachment":[{"href":"https:\/\/pos.uel.br\/ppga\/wp-json\/wp\/v2\/media?parent=69"}],"curies":[{"name":"wp","href":"https:\/\/api.w.org\/{rel}","templated":true}]}}