{"id":663,"date":"2022-09-06T16:25:42","date_gmt":"2022-09-06T19:25:42","guid":{"rendered":"https:\/\/pos.uel.br\/ppga\/?page_id=663"},"modified":"2024-10-11T19:30:02","modified_gmt":"2024-10-11T22:30:02","slug":"corpo-docente","status":"publish","type":"page","link":"https:\/\/pos.uel.br\/ppga\/corpo-docente\/","title":{"rendered":"Corpo Docente"},"content":{"rendered":"\n<h2 class=\"wp-block-heading\">Linha &#8211; Gest\u00e3o de Organiza\u00e7\u00f5es<\/h2>\n\n\n\n<div class=\"wp-block-columns alignwide is-layout-flex wp-container-core-columns-is-layout-9d6595d7 wp-block-columns-is-layout-flex\">\n<div class=\"wp-block-column has-site-background-background-color has-background has-link-color wp-elements-f836d455b54ae3022c29cea44b162209 is-layout-flow wp-block-column-is-layout-flow\" style=\"padding-top:2em;padding-right:2em;padding-bottom:2em;padding-left:2em\">\n<h2 class=\"wp-block-heading has-primary-accent-color has-text-color\">Eduardo Augusto do Ros\u00e1rio Contani<\/h2>\n\n\n\n<hr class=\"wp-block-separator has-alpha-channel-opacity is-style-wide\" \/>\n\n\n\n<p class=\"has-normal-font-size\" style=\"line-height:1.5\"><strong>Temas de interesse<\/strong><\/p>\n\n\n\n<ul class=\"wp-block-list\">\n<li>Empreendedorismo e Inova\u00e7\u00e3o<\/li>\n\n\n\n<li>Pesquisa Quantitativa em Administra\u00e7\u00e3o<\/li>\n\n\n\n<li>Gest\u00e3o Financeira<\/li>\n\n\n\n<li>Governan\u00e7a Corporativa<\/li>\n<\/ul>\n\n\n\n<hr class=\"wp-block-separator has-alpha-channel-opacity is-style-wide\" \/>\n\n\n\n<div class=\"wp-block-buttons alignfull is-horizontal is-content-justification-center is-layout-flex wp-container-core-buttons-is-layout-499968f5 wp-block-buttons-is-layout-flex\">\n<div class=\"wp-block-button has-custom-width wp-block-button__width-100 is-style-outline is-style-outline--1\"><a class=\"wp-block-button__link has-white-color has-text-color has-background no-border-radius wp-element-button\" href=\"http:\/\/lattes.cnpq.br\/9581308995467871\" style=\"background-color:#000000\" target=\"_blank\" rel=\"noreferrer noopener\">Lattes<\/a><\/div>\n\n\n\n<div class=\"wp-block-button has-custom-width wp-block-button__width-100\"><a class=\"wp-block-button__link has-white-color has-text-color has-background no-border-radius wp-element-button\" href=\"https:\/\/orcid.org\/0000-0001-7200-3014\" style=\"background-color:#000000\" target=\"_blank\" rel=\"noreferrer noopener\">Orcid<\/a><\/div>\n\n\n\n<div class=\"wp-block-button has-custom-width wp-block-button__width-100\"><a class=\"wp-block-button__link has-white-color has-text-color has-background no-border-radius wp-element-button\" style=\"background-color:#000000\">contani@uel.br<\/a><\/div>\n<\/div>\n<\/div>\n\n\n\n<div class=\"wp-block-column has-site-background-background-color has-background has-link-color wp-elements-9c351b8b8b535706060a4af298037de5 is-layout-flow wp-block-column-is-layout-flow\" style=\"padding-top:2em;padding-right:2em;padding-bottom:2em;padding-left:2em\">\n<h2 class=\"wp-block-heading has-primary-accent-color has-text-color\">Elaine Maria dos Santos<\/h2>\n\n\n\n<hr class=\"wp-block-separator has-alpha-channel-opacity is-style-wide\" \/>\n\n\n\n<p class=\"has-normal-font-size\" style=\"line-height:1.5\"><strong>Temas de interesse<\/strong><\/p>\n\n\n\n<ul class=\"wp-block-list\">\n<li>Inova\u00e7\u00e3o<\/li>\n\n\n\n<li>Educa\u00e7\u00e3o em Administra\u00e7\u00e3o<\/li>\n\n\n\n<li>Gest\u00e3o P\u00fablica<\/li>\n\n\n\n<li>Empreendedorismo<\/li>\n<\/ul>\n\n\n\n<hr class=\"wp-block-separator has-alpha-channel-opacity is-style-wide\" \/>\n\n\n\n<div class=\"wp-block-buttons alignfull is-horizontal is-content-justification-center is-layout-flex wp-container-core-buttons-is-layout-499968f5 wp-block-buttons-is-layout-flex\">\n<div class=\"wp-block-button has-custom-width wp-block-button__width-100\"><a class=\"wp-block-button__link has-white-color has-text-color has-background no-border-radius wp-element-button\" href=\"http:\/\/lattes.cnpq.br\/5245546196615162\" style=\"background-color:#000000\" target=\"_blank\" rel=\"noreferrer noopener\">Lattes<\/a><\/div>\n\n\n\n<div class=\"wp-block-button has-custom-width wp-block-button__width-100\"><a class=\"wp-block-button__link has-white-color has-text-color has-background no-border-radius wp-element-button\" href=\"https:\/\/orcid.org\/0000-0002-5547-9923\" style=\"background-color:#000000\" target=\"_blank\" rel=\"noreferrer noopener\">Orcid<\/a><\/div>\n\n\n\n<div class=\"wp-block-button has-custom-width wp-block-button__width-100\"><a class=\"wp-block-button__link has-white-color has-text-color has-background no-border-radius wp-element-button\" style=\"background-color:#000000\">elainems@uel.br<\/a><\/div>\n<\/div>\n<\/div>\n\n\n\n<div class=\"wp-block-column has-site-background-background-color has-background has-link-color wp-elements-1ab7f369cb53f6095e7d4ac069810dda is-layout-flow wp-block-column-is-layout-flow\" style=\"padding-top:2em;padding-right:2em;padding-bottom:2em;padding-left:2em\">\n<h2 class=\"wp-block-heading has-primary-accent-color has-text-color\">Let\u00edcia Fernandes de Negreiros<\/h2>\n\n\n\n<hr class=\"wp-block-separator has-alpha-channel-opacity is-style-wide\" \/>\n\n\n\n<p class=\"has-normal-font-size\" style=\"line-height:1.5\"><strong>Temas de interesse<\/strong><\/p>\n\n\n\n<ul class=\"wp-block-list\">\n<li>Varejo e Vendas<\/li>\n\n\n\n<li>Lideran\u00e7a<\/li>\n\n\n\n<li>Desempenho e Gest\u00e3o P\u00fablica<\/li>\n<\/ul>\n\n\n\n<hr class=\"wp-block-separator has-alpha-channel-opacity is-style-wide\" \/>\n\n\n\n<div class=\"wp-block-buttons alignfull is-horizontal is-content-justification-center is-layout-flex wp-container-core-buttons-is-layout-499968f5 wp-block-buttons-is-layout-flex\">\n<div class=\"wp-block-button has-custom-width wp-block-button__width-100\"><a class=\"wp-block-button__link has-white-color has-text-color has-background no-border-radius wp-element-button\" href=\"http:\/\/lattes.cnpq.br\/9320414337751698\" style=\"background-color:#000000\" target=\"_blank\" rel=\"noreferrer noopener\">Lattes<\/a><\/div>\n\n\n\n<div class=\"wp-block-button has-custom-width wp-block-button__width-100\"><a class=\"wp-block-button__link has-white-color has-text-color has-background no-border-radius wp-element-button\" href=\"https:\/\/orcid.org\/0000-0002-7736-2718\" style=\"background-color:#000000\" target=\"_blank\" rel=\"noreferrer noopener\">Orcid<\/a><\/div>\n\n\n\n<div class=\"wp-block-button has-custom-width wp-block-button__width-100\"><a class=\"wp-block-button__link has-white-color has-text-color has-background no-border-radius wp-element-button\" style=\"background-color:#000000\">leticianegreiros@uenp.edu.br<\/a><\/div>\n<\/div>\n<\/div>\n\n\n\n<div class=\"wp-block-column has-site-background-background-color has-background has-link-color wp-elements-7e92e18917ded29a484ca8d34cc579de is-layout-flow wp-block-column-is-layout-flow\" style=\"padding-top:2em;padding-right:2em;padding-bottom:2em;padding-left:2em\">\n<h2 class=\"wp-block-heading has-primary-accent-color has-text-color\">Luana Maia Woida<\/h2>\n\n\n\n<hr class=\"wp-block-separator has-alpha-channel-opacity is-style-wide\" \/>\n\n\n\n<p class=\"has-normal-font-size\" style=\"line-height:1.5\"><strong>Temas de interesse<\/strong><\/p>\n\n\n\n<ul class=\"wp-block-list\">\n<li>Cultura Informacional<\/li>\n<\/ul>\n\n\n\n<hr class=\"wp-block-separator has-alpha-channel-opacity is-style-wide\" \/>\n\n\n\n<div class=\"wp-block-buttons alignfull is-horizontal is-content-justification-center is-layout-flex wp-container-core-buttons-is-layout-499968f5 wp-block-buttons-is-layout-flex\">\n<div class=\"wp-block-button has-custom-width wp-block-button__width-100\"><a class=\"wp-block-button__link has-white-color has-text-color has-background no-border-radius wp-element-button\" href=\"http:\/\/lattes.cnpq.br\/6452895202161120\" style=\"background-color:#000000\">Lattes<\/a><\/div>\n\n\n\n<div class=\"wp-block-button has-custom-width wp-block-button__width-100\"><a class=\"wp-block-button__link has-white-color has-text-color has-background no-border-radius wp-element-button\" href=\"https:\/\/orcid.org\/0000-0003-3621-9154\" style=\"background-color:#000000\">Orcid<\/a><\/div>\n\n\n\n<div class=\"wp-block-button has-custom-width wp-block-button__width-100\"><a class=\"wp-block-button__link has-white-color has-text-color has-background no-border-radius wp-element-button\" style=\"background-color:#000000\">luanamwoida@gmail.com<\/a><\/div>\n<\/div>\n<\/div>\n<\/div>\n\n\n\n<div class=\"wp-block-columns alignwide is-layout-flex wp-container-core-columns-is-layout-9d6595d7 wp-block-columns-is-layout-flex\">\n<div class=\"wp-block-column has-site-background-background-color has-background has-link-color wp-elements-3e6197a9e6e3a4ea44952115138e9b01 is-layout-flow wp-block-column-is-layout-flow\" style=\"padding-top:2em;padding-right:2em;padding-bottom:2em;padding-left:2em\">\n<h2 class=\"wp-block-heading has-primary-accent-color has-text-color\"><a href=\"http:\/\/www.uel.br\/pos\/ppga\/index.php\/pt-BR\/component\/content\/article?id=288\"><\/a>Luciano Munck<\/h2>\n\n\n\n<hr class=\"wp-block-separator has-alpha-channel-opacity is-style-wide\" \/>\n\n\n\n<p class=\"has-normal-font-size\" style=\"line-height:1.5\"><strong>Temas de interesse<\/strong><\/p>\n\n\n\n<ul class=\"wp-block-list\">\n<li>Gest\u00e3o Estrat\u00e9gica e Mudan\u00e7a<\/li>\n\n\n\n<li>Reestrutura\u00e7\u00e3o Organizacional<\/li>\n\n\n\n<li>Gest\u00e3o da Sustentabilidade<\/li>\n\n\n\n<li>Cidades Inteligentes<\/li>\n\n\n\n<li>PCCS<\/li>\n\n\n\n<li>Gest\u00e3o por Compet\u00eancias<\/li>\n<\/ul>\n\n\n\n<hr class=\"wp-block-separator has-alpha-channel-opacity is-style-wide\" \/>\n\n\n\n<div class=\"wp-block-buttons alignfull is-horizontal is-content-justification-center is-layout-flex wp-container-core-buttons-is-layout-499968f5 wp-block-buttons-is-layout-flex\">\n<div class=\"wp-block-button has-custom-width wp-block-button__width-100\"><a class=\"wp-block-button__link has-white-color has-text-color has-background no-border-radius wp-element-button\" href=\"http:\/\/lattes.cnpq.br\/2720479640903551\" style=\"background-color:#000000\" target=\"_blank\" rel=\"noreferrer noopener\">Lattes<\/a><\/div>\n\n\n\n<div class=\"wp-block-button has-custom-width wp-block-button__width-100\"><a class=\"wp-block-button__link has-white-color has-text-color has-background no-border-radius wp-element-button\" href=\"https:\/\/orcid.org\/0000-0001-5851-6315\" style=\"background-color:#000000\" target=\"_blank\" rel=\"noreferrer noopener\">Orcid<\/a><\/div>\n\n\n\n<div class=\"wp-block-button has-custom-width wp-block-button__width-100\"><a class=\"wp-block-button__link has-white-color has-text-color has-background no-border-radius wp-element-button\" style=\"background-color:#000000\">munck@uel.br<\/a><\/div>\n<\/div>\n<\/div>\n\n\n\n<div class=\"wp-block-column has-site-background-background-color has-background has-link-color wp-elements-20f892c46ce958bfd4d0e9a76a154c9b is-layout-flow wp-block-column-is-layout-flow\" style=\"padding-top:2em;padding-right:2em;padding-bottom:2em;padding-left:2em\">\n<h2 class=\"wp-block-heading has-primary-accent-color has-text-color\">Reginaldo Fidelis<\/h2>\n\n\n\n<hr class=\"wp-block-separator has-alpha-channel-opacity is-style-wide\" \/>\n\n\n\n<p class=\"has-normal-font-size\" style=\"line-height:1.5\"><strong>Temas de interesse<\/strong><\/p>\n\n\n\n<ul class=\"wp-block-list\">\n<li>M\u00e9todos de tomada de decis\u00e3o multicrit\u00e9rio nas organiza\u00e7\u00f5es<\/li>\n\n\n\n<li>Otimiza\u00e7\u00e3o de Sistemas Produtivos<\/li>\n\n\n\n<li>Gest\u00e3o de processos e opera\u00e7\u00f5es<\/li>\n<\/ul>\n\n\n\n<hr class=\"wp-block-separator has-alpha-channel-opacity is-style-wide\" \/>\n\n\n\n<div class=\"wp-block-buttons alignfull is-horizontal is-content-justification-center is-layout-flex wp-container-core-buttons-is-layout-499968f5 wp-block-buttons-is-layout-flex\">\n<div class=\"wp-block-button has-custom-width wp-block-button__width-100\"><a class=\"wp-block-button__link has-white-color has-text-color has-background no-border-radius wp-element-button\" href=\"http:\/\/lattes.cnpq.br\/6658808982677974\" style=\"background-color:#000000\" target=\"_blank\" rel=\"noreferrer noopener\">Lattes<\/a><\/div>\n\n\n\n<div class=\"wp-block-button has-custom-width wp-block-button__width-100\"><a class=\"wp-block-button__link has-white-color has-text-color has-background no-border-radius wp-element-button\" href=\"https:\/\/orcid.org\/0000-0003-0702-6353\" style=\"background-color:#000000\" target=\"_blank\" rel=\"noreferrer noopener\">Orcid<\/a><\/div>\n\n\n\n<div class=\"wp-block-button has-custom-width wp-block-button__width-100\"><a class=\"wp-block-button__link has-white-color has-text-color has-background no-border-radius wp-element-button\" style=\"background-color:#000000\">reginaldof@utfpr.edu.br<\/a><\/div>\n<\/div>\n<\/div>\n\n\n\n<div class=\"wp-block-column has-site-background-background-color has-background has-link-color wp-elements-5af9092c35decbcc5e87b8055056f2e9 is-layout-flow wp-block-column-is-layout-flow\" style=\"padding-top:2em;padding-right:2em;padding-bottom:2em;padding-left:2em\">\n<h2 class=\"wp-block-heading has-primary-accent-color has-text-color\">Saulo Fabiano Am\u00e2ncio Vieira<\/h2>\n\n\n\n<hr class=\"wp-block-separator has-alpha-channel-opacity is-style-wide\" \/>\n\n\n\n<p class=\"has-normal-font-size\" style=\"line-height:1.5\"><strong>Temas de interesse<\/strong><\/p>\n\n\n\n<ul class=\"wp-block-list\">\n<li>Gest\u00e3o P\u00fablica<\/li>\n\n\n\n<li>Custos na Gest\u00e3o P\u00fablica<\/li>\n\n\n\n<li>Efici\u00eancia na Gest\u00e3o P\u00fablica<\/li>\n\n\n\n<li>Inova\u00e7\u00e3o<\/li>\n<\/ul>\n\n\n\n<hr class=\"wp-block-separator has-alpha-channel-opacity is-style-wide\" \/>\n\n\n\n<div class=\"wp-block-buttons alignfull is-horizontal is-content-justification-center is-layout-flex wp-container-core-buttons-is-layout-499968f5 wp-block-buttons-is-layout-flex\">\n<div class=\"wp-block-button has-custom-width wp-block-button__width-100\"><a class=\"wp-block-button__link has-white-color has-text-color has-background no-border-radius wp-element-button\" href=\"http:\/\/lattes.cnpq.br\/5527654035542164\" style=\"background-color:#000000\" target=\"_blank\" rel=\"noreferrer noopener\">Lattes<\/a><\/div>\n\n\n\n<div class=\"wp-block-button has-custom-width wp-block-button__width-100\"><a class=\"wp-block-button__link has-white-color has-text-color has-background no-border-radius wp-element-button\" href=\"https:\/\/orcid.org\/0000-0003-0319-7390\" style=\"background-color:#000000\" target=\"_blank\" rel=\"noreferrer noopener\">Orcid<\/a><\/div>\n\n\n\n<div class=\"wp-block-button has-custom-width wp-block-button__width-100\"><a class=\"wp-block-button__link has-white-color has-text-color has-background no-border-radius wp-element-button\" style=\"background-color:#000000\">saulo@uel.br<\/a><\/div>\n<\/div>\n<\/div>\n\n\n\n<div class=\"wp-block-column has-site-background-background-color has-background has-link-color wp-elements-78267c2af702d98b8e3fecbf132588e3 is-layout-flow wp-block-column-is-layout-flow\" style=\"padding-top:2em;padding-right:2em;padding-bottom:2em;padding-left:2em\">\n<h2 class=\"wp-block-heading has-primary-accent-color has-text-color\">Umberto Antonio Sesso Filho<\/h2>\n\n\n\n<hr class=\"wp-block-separator has-alpha-channel-opacity is-style-wide\" \/>\n\n\n\n<p class=\"has-normal-font-size\" style=\"line-height:1.5\"><strong>Temas de interesse<\/strong><\/p>\n\n\n\n<ul class=\"wp-block-list\">\n<li>Economia Regional<\/li>\n\n\n\n<li>Economia do Meio-ambiente<\/li>\n\n\n\n<li>Sustentabilidade<\/li>\n<\/ul>\n\n\n\n<hr class=\"wp-block-separator has-alpha-channel-opacity is-style-wide\" \/>\n\n\n\n<div class=\"wp-block-buttons alignfull is-horizontal is-content-justification-center is-layout-flex wp-container-core-buttons-is-layout-499968f5 wp-block-buttons-is-layout-flex\">\n<div class=\"wp-block-button has-custom-width wp-block-button__width-100\"><a class=\"wp-block-button__link has-white-color has-text-color has-background no-border-radius wp-element-button\" href=\"http:\/\/lattes.cnpq.br\/9797690885662688\" style=\"background-color:#000000\" target=\"_blank\" rel=\"noreferrer noopener\">Lattes<\/a><\/div>\n\n\n\n<div class=\"wp-block-button has-custom-width wp-block-button__width-100\"><a class=\"wp-block-button__link has-white-color has-text-color has-background no-border-radius wp-element-button\" href=\"https:\/\/orcid.org\/0000-0003-4691-7343\" style=\"background-color:#000000\" target=\"_blank\" rel=\"noreferrer noopener\">Orcid<\/a><\/div>\n\n\n\n<div class=\"wp-block-button has-custom-width wp-block-button__width-100\"><a class=\"wp-block-button__link has-white-color has-text-color has-background no-border-radius wp-element-button\" style=\"background-color:#000000\">umasesso@uel.br<\/a><\/div>\n<\/div>\n<\/div>\n<\/div>\n\n\n\n<div class=\"wp-block-columns alignwide is-layout-flex wp-container-core-columns-is-layout-9d6595d7 wp-block-columns-is-layout-flex\"><\/div>\n\n\n\n<div class=\"wp-block-columns alignwide is-layout-flex wp-container-core-columns-is-layout-9d6595d7 wp-block-columns-is-layout-flex\"><\/div>\n\n\n\n<hr class=\"wp-block-separator has-alpha-channel-opacity is-style-wide\" \/>\n\n\n\n<h2 class=\"wp-block-heading\">Linha &#8211; Organiza\u00e7\u00f5es, Poder e Sociedade<\/h2>\n\n\n\n<div class=\"wp-block-columns alignwide is-layout-flex wp-container-core-columns-is-layout-9d6595d7 wp-block-columns-is-layout-flex\">\n<div class=\"wp-block-column has-site-background-background-color has-background has-link-color wp-elements-a1b606503fce67bce0c138f9fa22b3cf is-layout-flow wp-block-column-is-layout-flow\" style=\"padding-top:2em;padding-right:2em;padding-bottom:2em;padding-left:2em\">\n<h2 class=\"wp-block-heading has-primary-accent-color has-text-color\"><a href=\"http:\/\/www.uel.br\/pos\/ppga\/index.php\/pt-BR\/corpodocente?id=147\"><\/a>Adriana Vinholi Rampazo<\/h2>\n\n\n\n<hr class=\"wp-block-separator has-alpha-channel-opacity is-style-wide\" \/>\n\n\n\n<p class=\"has-normal-font-size\" style=\"line-height:1.5\"><strong>Temas de interesse<\/strong><\/p>\n\n\n\n<ul class=\"wp-block-list\">\n<li>Discurso<\/li>\n\n\n\n<li>Tecnologias de Poder<\/li>\n\n\n\n<li>Pedagogia do Corpo<\/li>\n\n\n\n<li>Diferen\u00e7as, principalmente sob o recorte da ra\u00e7a, g\u00eanero e sexualidade<\/li>\n<\/ul>\n\n\n\n<hr class=\"wp-block-separator has-alpha-channel-opacity is-style-wide\" \/>\n\n\n\n<div class=\"wp-block-buttons alignfull is-horizontal is-content-justification-center is-layout-flex wp-container-core-buttons-is-layout-499968f5 wp-block-buttons-is-layout-flex\">\n<div class=\"wp-block-button has-custom-width wp-block-button__width-100\"><a class=\"wp-block-button__link has-white-color has-text-color has-background no-border-radius wp-element-button\" href=\"http:\/\/lattes.cnpq.br\/0331934508302441\" style=\"background-color:#000000\" target=\"_blank\" rel=\"noreferrer noopener\">Lattes<\/a><\/div>\n\n\n\n<div class=\"wp-block-button has-custom-width wp-block-button__width-100\"><a class=\"wp-block-button__link has-white-color has-text-color has-background no-border-radius wp-element-button\" href=\"https:\/\/orcid.org\/0000-0001-8477-3964\" style=\"background-color:#000000\" target=\"_blank\" rel=\"noreferrer noopener\">Orcid<\/a><\/div>\n\n\n\n<div class=\"wp-block-button has-custom-width wp-block-button__width-100\"><a class=\"wp-block-button__link has-white-color has-text-color has-background no-border-radius wp-element-button\" style=\"background-color:#000000\">arampazo@uel.br<\/a><\/div>\n<\/div>\n<\/div>\n\n\n\n<div class=\"wp-block-column has-site-background-background-color has-background has-link-color wp-elements-1e011190ab165fd1f222e633a2bd02b7 is-layout-flow wp-block-column-is-layout-flow\" style=\"padding-top:2em;padding-right:2em;padding-bottom:2em;padding-left:2em\">\n<h2 class=\"wp-block-heading has-primary-accent-color has-text-color\"><a href=\"http:\/\/www.uel.br\/pos\/ppga\/index.php\/pt-BR\/corpodocente?id=147\"><\/a>Alessandro Gomes Enoque<\/h2>\n\n\n\n<hr class=\"wp-block-separator has-alpha-channel-opacity is-style-wide\" \/>\n\n\n\n<p class=\"has-normal-font-size\" style=\"line-height:1.5\"><strong>Temas de interesse<\/strong><\/p>\n\n\n\n<ul class=\"wp-block-list\">\n<li>Estudos sobre a Religi\u00e3o<\/li>\n\n\n\n<li>Marxismo<\/li>\n\n\n\n<li>Invisibilidade Laboral e Social<\/li>\n\n\n\n<li>Estudos Organizacionais e Sociedade<\/li>\n<\/ul>\n\n\n\n<hr class=\"wp-block-separator has-alpha-channel-opacity is-style-wide\" \/>\n\n\n\n<div class=\"wp-block-buttons alignfull is-horizontal is-content-justification-center is-layout-flex wp-container-core-buttons-is-layout-499968f5 wp-block-buttons-is-layout-flex\">\n<div class=\"wp-block-button has-custom-width wp-block-button__width-100\"><a class=\"wp-block-button__link has-white-color has-text-color has-background no-border-radius wp-element-button\" href=\"http:\/\/lattes.cnpq.br\/3430945807932551\" style=\"background-color:#000000\">Lattes<\/a><\/div>\n\n\n\n<div class=\"wp-block-button has-custom-width wp-block-button__width-100\"><a class=\"wp-block-button__link has-white-color has-text-color has-background no-border-radius wp-element-button\" href=\"https:\/\/orcid.org\/0000-0002-1766-0684\" style=\"background-color:#000000\">Orcid<\/a><\/div>\n\n\n\n<div class=\"wp-block-button has-custom-width wp-block-button__width-100\"><a class=\"wp-block-button__link has-white-color has-text-color has-background no-border-radius wp-element-button\" style=\"background-color:#000000\">alessandroenoque@ufu.br<\/a><\/div>\n<\/div>\n<\/div>\n\n\n\n<div class=\"wp-block-column has-site-background-background-color has-background has-link-color wp-elements-e8523ea95401787dfa8bccf8deb2c0d0 is-layout-flow wp-block-column-is-layout-flow\" style=\"padding-top:2em;padding-right:2em;padding-bottom:2em;padding-left:2em\">\n<h2 class=\"wp-block-heading has-primary-accent-color has-text-color\"><a href=\"http:\/\/www.uel.br\/pos\/ppga\/index.php\/pt-BR\/component\/content\/article?id=288\"><\/a><a href=\"http:\/\/www.uel.br\/pos\/ppga\/index.php\/pt-BR\/corpodocente?id=145\"><\/a>Benilson Borinelli<\/h2>\n\n\n\n<hr class=\"wp-block-separator has-alpha-channel-opacity is-style-wide\" \/>\n\n\n\n<p class=\"has-normal-font-size\" style=\"line-height:1.5\"><strong>Temas de interesse<\/strong><\/p>\n\n\n\n<ul class=\"wp-block-list\">\n<li>Pol\u00edtica Ambiental<\/li>\n\n\n\n<li>Estado<\/li>\n\n\n\n<li>\u00c1gua<\/li>\n\n\n\n<li>Desigualdade<\/li>\n\n\n\n<li>Ecologia Mundo Capitalista<\/li>\n<\/ul>\n\n\n\n<hr class=\"wp-block-separator has-alpha-channel-opacity is-style-wide\" \/>\n\n\n\n<div class=\"wp-block-buttons alignfull is-horizontal is-content-justification-center is-layout-flex wp-container-core-buttons-is-layout-499968f5 wp-block-buttons-is-layout-flex\">\n<div class=\"wp-block-button has-custom-width wp-block-button__width-100\"><a class=\"wp-block-button__link has-white-color has-text-color has-background no-border-radius wp-element-button\" href=\"http:\/\/lattes.cnpq.br\/3015870505637635\" style=\"background-color:#000000\" target=\"_blank\" rel=\"noreferrer noopener\">Lattes<\/a><\/div>\n\n\n\n<div class=\"wp-block-button has-custom-width wp-block-button__width-100\"><a class=\"wp-block-button__link has-white-color has-text-color has-background no-border-radius wp-element-button\" href=\"https:\/\/orcid.org\/0000-0002-7256-7618\" style=\"background-color:#000000\" target=\"_blank\" rel=\"noreferrer noopener\">Orcid<\/a><\/div>\n\n\n\n<div class=\"wp-block-button has-custom-width wp-block-button__width-100\"><a class=\"wp-block-button__link has-white-color has-text-color has-background no-border-radius wp-element-button\" style=\"background-color:#000000\">benilson@uel.br<\/a><\/div>\n<\/div>\n<\/div>\n\n\n\n<div class=\"wp-block-column has-site-background-background-color has-background has-link-color wp-elements-6a500114e4fe99af1d44a578ab5cb4e3 is-layout-flow wp-block-column-is-layout-flow\" style=\"padding-top:2em;padding-right:2em;padding-bottom:2em;padding-left:2em\">\n<h2 class=\"wp-block-heading has-primary-accent-color has-text-color\"><a href=\"http:\/\/www.uel.br\/pos\/ppga\/index.php\/pt-BR\/component\/content\/article?id=288\"><\/a><a href=\"http:\/\/www.uel.br\/pos\/ppga\/index.php\/pt-BR\/corpodocente?id=145\"><\/a>Carlos Eduardo de Lima<\/h2>\n\n\n\n<hr class=\"wp-block-separator has-alpha-channel-opacity is-style-wide\" \/>\n\n\n\n<p class=\"has-normal-font-size\" style=\"line-height:1.5\"><strong>Temas de interesse<\/strong><\/p>\n\n\n\n<ul class=\"wp-block-list\">\n<li>Estudos Organizacionais<\/li>\n\n\n\n<li>Forma\u00e7\u00e3o e Cultura para Sustentabilidade<\/li>\n\n\n\n<li>Interlocu\u00e7\u00e3o entre Neg\u00f3cios e Sociedade<\/li>\n\n\n\n<li>Identidade do Trabalho<\/li>\n\n\n\n<li>Pesquisa Qualitativa<\/li>\n<\/ul>\n\n\n\n<hr class=\"wp-block-separator has-alpha-channel-opacity is-style-wide\" \/>\n\n\n\n<div class=\"wp-block-buttons alignfull is-horizontal is-content-justification-center is-layout-flex wp-container-core-buttons-is-layout-499968f5 wp-block-buttons-is-layout-flex\">\n<div class=\"wp-block-button has-custom-width wp-block-button__width-100\"><a class=\"wp-block-button__link has-white-color has-text-color has-background no-border-radius wp-element-button\" href=\"http:\/\/lattes.cnpq.br\/7083419474169670\" style=\"background-color:#000000\">Lattes<\/a><\/div>\n\n\n\n<div class=\"wp-block-button has-custom-width wp-block-button__width-100\"><a class=\"wp-block-button__link has-white-color has-text-color has-background no-border-radius wp-element-button\" href=\"https:\/\/orcid.org\/0000-0001-7518-499X\" style=\"background-color:#000000\">Orcid<\/a><\/div>\n\n\n\n<div class=\"wp-block-button has-custom-width wp-block-button__width-100\"><a class=\"wp-block-button__link has-white-color has-text-color has-background no-border-radius wp-element-button\" style=\"background-color:#000000\">carloseduardodelima@gmail.com<\/a><\/div>\n<\/div>\n<\/div>\n<\/div>\n\n\n\n<div class=\"wp-block-columns alignwide is-layout-flex wp-container-core-columns-is-layout-9d6595d7 wp-block-columns-is-layout-flex\">\n<div class=\"wp-block-column has-site-background-background-color has-background has-link-color wp-elements-c3b572f09932d647a2a4cf8c9dfa4d53 is-layout-flow wp-block-column-is-layout-flow\" style=\"padding-top:2em;padding-right:2em;padding-bottom:2em;padding-left:2em\">\n<h2 class=\"wp-block-heading has-primary-accent-color has-text-color\"><a href=\"http:\/\/www.uel.br\/pos\/ppga\/index.php\/pt-BR\/corpodocente?id=32\"><\/a>Lu\u00eds Miguel Luzio dos Santos<\/h2>\n\n\n\n<hr class=\"wp-block-separator has-alpha-channel-opacity is-style-wide\" \/>\n\n\n\n<p class=\"has-normal-font-size\" style=\"line-height:1.5\"><strong>Temas de interesse<\/strong><\/p>\n\n\n\n<ul class=\"wp-block-list\">\n<li>Democracia Econ\u00f4mica<\/li>\n\n\n\n<li>Socioeconomia Solid\u00e1ria<\/li>\n\n\n\n<li>Cooperativismo e Pol\u00edticas P\u00fablicas<\/li>\n<\/ul>\n\n\n\n<hr class=\"wp-block-separator has-alpha-channel-opacity is-style-wide\" \/>\n\n\n\n<div class=\"wp-block-buttons alignfull is-horizontal is-content-justification-center is-layout-flex wp-container-core-buttons-is-layout-499968f5 wp-block-buttons-is-layout-flex\">\n<div class=\"wp-block-button has-custom-width wp-block-button__width-100\"><a class=\"wp-block-button__link has-white-color has-text-color has-background no-border-radius wp-element-button\" href=\"http:\/\/lattes.cnpq.br\/1912315132182092\" style=\"background-color:#000000\" target=\"_blank\" rel=\"noreferrer noopener\">Lattes<\/a><\/div>\n\n\n\n<div class=\"wp-block-button has-custom-width wp-block-button__width-100\"><a class=\"wp-block-button__link has-white-color has-text-color has-background no-border-radius wp-element-button\" href=\"https:\/\/orcid.org\/0000-0001-9369-0298\" style=\"background-color:#000000\" target=\"_blank\" rel=\"noreferrer noopener\">Orcid<\/a><\/div>\n\n\n\n<div class=\"wp-block-button has-custom-width wp-block-button__width-100\"><a class=\"wp-block-button__link has-white-color has-text-color has-background no-border-radius wp-element-button\" style=\"background-color:#000000\">luismiguel@uel.br<\/a><\/div>\n<\/div>\n<\/div>\n\n\n\n<div class=\"wp-block-column has-site-background-background-color has-background has-link-color wp-elements-c058c7425e238265b1ce3ec9b346805c is-layout-flow wp-block-column-is-layout-flow\" style=\"padding-top:2em;padding-right:2em;padding-bottom:2em;padding-left:2em\">\n<h2 class=\"wp-block-heading has-primary-accent-color has-text-color\"><a href=\"http:\/\/www.uel.br\/pos\/ppga\/index.php\/pt-BR\/corpodocente?id=32\"><\/a>Paulo Marcelo Ferrarese Pegino<\/h2>\n\n\n\n<hr class=\"wp-block-separator has-alpha-channel-opacity is-style-wide\" \/>\n\n\n\n<p class=\"has-normal-font-size\" style=\"line-height:1.5\"><strong>Temas de interesse<\/strong><\/p>\n\n\n\n<ul class=\"wp-block-list\">\n<li>Discurso, \u00c9tica, Cultura e Rela\u00e7\u00f5es de Poder<\/li>\n\n\n\n<li>Hermen\u00eautica, marxismo e abordagens cr\u00edticas<\/li>\n\n\n\n<li>Organiza\u00e7\u00f5es digitais e temas correlatos (cidades inteligentes, criptomoedas, n\u00f4mades digitais, entre outros)<\/li>\n<\/ul>\n\n\n\n<hr class=\"wp-block-separator has-alpha-channel-opacity is-style-wide\" \/>\n\n\n\n<div class=\"wp-block-buttons alignfull is-horizontal is-content-justification-center is-layout-flex wp-container-core-buttons-is-layout-499968f5 wp-block-buttons-is-layout-flex\">\n<div class=\"wp-block-button has-custom-width wp-block-button__width-100\"><a class=\"wp-block-button__link has-white-color has-text-color has-background no-border-radius wp-element-button\" href=\"http:\/\/lattes.cnpq.br\/5000143365122255\" style=\"background-color:#000000\">Lattes<\/a><\/div>\n\n\n\n<div class=\"wp-block-button has-custom-width wp-block-button__width-100\"><a class=\"wp-block-button__link has-white-color has-text-color has-background no-border-radius wp-element-button\" href=\"https:\/\/orcid.org\/0000-0002-0532-7008\" style=\"background-color:#000000\">Orcid<\/a><\/div>\n\n\n\n<div class=\"wp-block-button has-custom-width wp-block-button__width-100\"><a class=\"wp-block-button__link has-white-color has-text-color has-background no-border-radius wp-element-button\" style=\"background-color:#000000\">paulo.pegino@uel.br<\/a><\/div>\n<\/div>\n<\/div>\n\n\n\n<div class=\"wp-block-column has-site-background-background-color has-background has-link-color wp-elements-48a5e134d453134f556add531d1f3ea0 is-layout-flow wp-block-column-is-layout-flow\" style=\"padding-top:2em;padding-right:2em;padding-bottom:2em;padding-left:2em\">\n<h2 class=\"wp-block-heading has-primary-accent-color has-text-color\"><a href=\"http:\/\/www.uel.br\/pos\/ppga\/index.php\/pt-BR\/component\/content\/article?id=288\"><\/a>Ricardo Lebbos Favoreto<\/h2>\n\n\n\n<hr class=\"wp-block-separator has-alpha-channel-opacity is-style-wide\" \/>\n\n\n\n<p class=\"has-normal-font-size\" style=\"line-height:1.5\"><strong>Temas de interesse<\/strong><\/p>\n\n\n\n<ul class=\"wp-block-list\">\n<li>Organiza\u00e7\u00f5es e sociedade<\/li>\n\n\n\n<li>Teoriza\u00e7\u00e3o cr\u00edtica de organiza\u00e7\u00f5es<\/li>\n\n\n\n<li>Teoria das organiza\u00e7\u00f5es<\/li>\n\n\n\n<li>Gest\u00e3o organizacional<\/li>\n<\/ul>\n\n\n\n<hr class=\"wp-block-separator has-alpha-channel-opacity is-style-wide\" \/>\n\n\n\n<div class=\"wp-block-buttons alignfull is-horizontal is-content-justification-center is-layout-flex wp-container-core-buttons-is-layout-499968f5 wp-block-buttons-is-layout-flex\">\n<div class=\"wp-block-button has-custom-width wp-block-button__width-100\"><a class=\"wp-block-button__link has-white-color has-text-color has-background no-border-radius wp-element-button\" href=\"http:\/\/buscatextual.cnpq.br\/buscatextual\/visualizacv.do?id=K4209119U4\" style=\"background-color:#000000\" target=\"_blank\" rel=\"noreferrer noopener\">Lattes<\/a><\/div>\n\n\n\n<div class=\"wp-block-button has-custom-width wp-block-button__width-100\"><a class=\"wp-block-button__link has-white-color has-text-color has-background no-border-radius wp-element-button\" href=\"https:\/\/orcid.org\/0000-0002-2878-0681\" style=\"background-color:#000000\" target=\"_blank\" rel=\"noreferrer noopener\">Orcid<\/a><\/div>\n\n\n\n<div class=\"wp-block-button has-custom-width wp-block-button__width-100\"><a class=\"wp-block-button__link has-white-color has-text-color has-background no-border-radius wp-element-button\" style=\"background-color:#000000\">ricardo.lf@uel.br<\/a><\/div>\n<\/div>\n<\/div>\n\n\n\n<div class=\"wp-block-column has-site-background-background-color has-background has-link-color wp-elements-404a24ca53a4db47802ce275d9559bf3 is-layout-flow wp-block-column-is-layout-flow\" style=\"padding-top:2em;padding-right:2em;padding-bottom:2em;padding-left:2em\">\n<h2 class=\"wp-block-heading has-primary-accent-color has-text-color\"><a href=\"http:\/\/www.uel.br\/pos\/ppga\/index.php\/pt-BR\/component\/content\/article?id=288\"><\/a>Talita Ravagn\u00e3 Piga<\/h2>\n\n\n\n<hr class=\"wp-block-separator has-alpha-channel-opacity is-style-wide\" \/>\n\n\n\n<p class=\"has-normal-font-size\" style=\"line-height:1.5\"><strong>Temas de interesse<\/strong><\/p>\n\n\n\n<ul class=\"wp-block-list\">\n<li>Valores, Culturas e Identidades<\/li>\n\n\n\n<li>Sustentabilidade e Desenvolvimento sustent\u00e1vel<\/li>\n\n\n\n<li>Comportamento Organizacional<\/li>\n\n\n\n<li>Epistemologias e Ontologias em Estudos Organizacionais<\/li>\n\n\n\n<li>Organiza\u00e7\u00f5es Alternativas<\/li>\n<\/ul>\n\n\n\n<hr class=\"wp-block-separator has-alpha-channel-opacity is-style-wide\" \/>\n\n\n\n<div class=\"wp-block-buttons alignfull is-horizontal is-content-justification-center is-layout-flex wp-container-core-buttons-is-layout-499968f5 wp-block-buttons-is-layout-flex\">\n<div class=\"wp-block-button has-custom-width wp-block-button__width-100\"><a class=\"wp-block-button__link has-white-color has-text-color has-background no-border-radius wp-element-button\" href=\"http:\/\/lattes.cnpq.br\/3646643109519959\" style=\"background-color:#000000\">Lattes<\/a><\/div>\n\n\n\n<div class=\"wp-block-button has-custom-width wp-block-button__width-100\"><a class=\"wp-block-button__link has-white-color has-text-color has-background no-border-radius wp-element-button\" href=\"https:\/\/orcid.org\/0000-0002-8141-0989\" style=\"background-color:#000000\">Orcid<\/a><\/div>\n\n\n\n<div class=\"wp-block-button has-custom-width wp-block-button__width-100\"><a class=\"wp-block-button__link has-white-color has-text-color has-background no-border-radius wp-element-button\" style=\"background-color:#000000\">talitapiga@uel.br<\/a><\/div>\n<\/div>\n<\/div>\n<\/div>\n\n\n\n<p><\/p>\n","protected":false},"excerpt":{"rendered":"<p>Linha &#8211; Gest\u00e3o de Organiza\u00e7\u00f5es Eduardo Augusto do Ros\u00e1rio Contani Temas de interesse Elaine Maria dos Santos Temas de interesse Let\u00edcia Fernandes de Negreiros Temas de interesse Luana Maia Woida Temas de interesse Luciano Munck Temas de interesse Reginaldo Fidelis Temas de interesse Saulo Fabiano Am\u00e2ncio Vieira Temas de interesse Umberto Antonio Sesso Filho Temas [&hellip;]<\/p>\n","protected":false},"author":8,"featured_media":0,"parent":0,"menu_order":0,"comment_status":"closed","ping_status":"closed","template":"","meta":{"footnotes":""},"class_list":["post-663","page","type-page","status-publish","hentry"],"acf":[],"_links":{"self":[{"href":"https:\/\/pos.uel.br\/ppga\/wp-json\/wp\/v2\/pages\/663","targetHints":{"allow":["GET"]}}],"collection":[{"href":"https:\/\/pos.uel.br\/ppga\/wp-json\/wp\/v2\/pages"}],"about":[{"href":"https:\/\/pos.uel.br\/ppga\/wp-json\/wp\/v2\/types\/page"}],"author":[{"embeddable":true,"href":"https:\/\/pos.uel.br\/ppga\/wp-json\/wp\/v2\/users\/8"}],"replies":[{"embeddable":true,"href":"https:\/\/pos.uel.br\/ppga\/wp-json\/wp\/v2\/comments?post=663"}],"version-history":[{"count":43,"href":"https:\/\/pos.uel.br\/ppga\/wp-json\/wp\/v2\/pages\/663\/revisions"}],"predecessor-version":[{"id":1963,"href":"https:\/\/pos.uel.br\/ppga\/wp-json\/wp\/v2\/pages\/663\/revisions\/1963"}],"wp:attachment":[{"href":"https:\/\/pos.uel.br\/ppga\/wp-json\/wp\/v2\/media?parent=663"}],"curies":[{"name":"wp","href":"https:\/\/api.w.org\/{rel}","templated":true}]}}