{"id":630,"date":"2022-09-05T21:59:39","date_gmt":"2022-09-06T00:59:39","guid":{"rendered":"https:\/\/pos.uel.br\/ppga\/?page_id=630"},"modified":"2024-02-29T09:24:48","modified_gmt":"2024-02-29T12:24:48","slug":"atividades-especiais-obrigatorias-para-a-formacao","status":"publish","type":"page","link":"https:\/\/pos.uel.br\/ppga\/atividades-especiais-obrigatorias-para-a-formacao\/","title":{"rendered":"Atividades Especiais Obrigat\u00f3rias para a Forma\u00e7\u00e3o"},"content":{"rendered":"\n<hr class=\"wp-block-separator has-alpha-channel-opacity\" \/>\n\n\n\n<p>As atividades especiais obrigat\u00f3rias para a forma\u00e7\u00e3o est\u00e3o descriminadas na sequ\u00eancia:<\/p>\n\n\n\n<p>a) Assistir bancas de defesa p\u00fablica de disserta\u00e7\u00e3o.<\/p>\n\n\n\n<p>b) Entregar relat\u00f3rio complementar de defesa p\u00fablica de disserta\u00e7\u00e3o (conforme modelo padr\u00e3o estabelecido pelo PPGA)<\/p>\n\n\n\n<p>c) Submeter artigo em peri\u00f3dico cient\u00edfico.<\/p>\n\n\n\n<p>d) Profici\u00eancia em l\u00edngua estrangeira.<\/p>\n\n\n\n<p>e) Dep\u00f3sito, em conjunto com a disserta\u00e7\u00e3o, de artigo com mesmo tema.<\/p>\n\n\n\n<hr class=\"wp-block-separator has-alpha-channel-opacity\" \/>\n\n\n\n<h3 class=\"wp-block-heading has-primary-accent-color has-site-background-background-color has-text-color has-background\"><strong>Bancas de Defesa P\u00fablica de Disserta\u00e7\u00e3o<\/strong><\/h3>\n\n\n\n<p>Sobre as bancas de defesa p\u00fablica de disserta\u00e7\u00e3o que os discentes obrigatoriamente devem assistir:<\/p>\n\n\n\n<p>a) Os discentes dever\u00e3o obrigatoriamente assistir 3 (tr\u00eas) bancas de defesa p\u00fablica de disserta\u00e7\u00e3o.<\/p>\n\n\n\n<p>b) Ser\u00e3o aceitas apenas bancas de defesa p\u00fablica de disserta\u00e7\u00e3o do Programa de P\u00f3s-Gradua\u00e7\u00e3o em Administra\u00e7\u00e3o da Universidade Estadual de Londrina.<\/p>\n\n\n\n<p>c) Os discentes dever\u00e3o assinar a lista de presen\u00e7a das bancas de defesa p\u00fablica de disserta\u00e7\u00e3o que assistirem, com o intuito de comprovarem sua participa\u00e7\u00e3o.<\/p>\n\n\n\n<p>d) A lista de presen\u00e7a dever\u00e1 ser distribu\u00edda apenas ap\u00f3s o encerramento definitivo da banca. Em hip\u00f3tese alguma a lista dever\u00e1 ser assinada antes deste momento.<\/p>\n\n\n\n<p>e) O cumprimento desta atividade obrigat\u00f3ria constitui exig\u00eancia para o requerimento de defesa p\u00fablica de disserta\u00e7\u00e3o. Sem a comprova\u00e7\u00e3o de que assistiu 3 (tr\u00eas) bancas de defesa, o discente n\u00e3o ser\u00e1 autorizado a requerer a defesa p\u00fablica de disserta\u00e7\u00e3o.<\/p>\n\n\n\n<p>f)&nbsp; Se o discente n\u00e3o comprovar que assistiu 3 (tr\u00eas) bancas de defesa p\u00fablica de disserta\u00e7\u00e3o, conforme orienta\u00e7\u00f5es especificadas e no prazo estabelecido, ser\u00e1 automaticamente desligado do Programa de P\u00f3s-Gradua\u00e7\u00e3o em Administra\u00e7\u00e3o da Universidade Estadual de Londrina.<\/p>\n\n\n\n<hr class=\"wp-block-separator has-alpha-channel-opacity\" \/>\n\n\n\n<h3 class=\"wp-block-heading has-primary-accent-color has-site-background-background-color has-text-color has-background\"><strong>Relat\u00f3rio Complementar de Defesa P\u00fablica de Disserta\u00e7\u00e3o<\/strong><\/h3>\n\n\n\n<p>Sobre o relat\u00f3rio complementar de defesa p\u00fablica de disserta\u00e7\u00e3o:<\/p>\n\n\n\n<p>a) Para 1 (uma) das bancas de defesa acompanhadas pelos discentes, estabelece-se como obrigat\u00f3ria a realiza\u00e7\u00e3o de um relat\u00f3rio complementar de defesa p\u00fablica de disserta\u00e7\u00e3o.<\/p>\n\n\n\n<p>b) Os discentes ter\u00e3o 48 horas, ap\u00f3s a realiza\u00e7\u00e3o da banca de defesa p\u00fablica de disserta\u00e7\u00e3o escolhida para elabora\u00e7\u00e3o do relat\u00f3rio, para protocolar, via e-mail&nbsp;<a href=\"mailto:ppga@uel.br\">ppga@uel.br<\/a>, o documento, o qual est\u00e1 estruturado nos seguintes t\u00f3picos:<\/p>\n\n\n\n<p>\u2013\u00a0 Nome completo do discente.<\/p>\n\n\n\n<p>\u2013\u00a0 N\u00famero de matr\u00edcula do discente.<\/p>\n\n\n\n<p>\u2013\u00a0 T\u00edtulo da disserta\u00e7\u00e3o, cuja banca foi acompanhada.<\/p>\n\n\n\n<p>\u2013\u00a0 Resumo da disserta\u00e7\u00e3o acompanhada, que deve ser elaborado a partir da banca. O resumo deve conter: os principais elementos te\u00f3ricos da pesquisa, com seus respectivos conceitos; as principais caracter\u00edsticas metodol\u00f3gicas da pesquisa, com suas respectivas defini\u00e7\u00f5es; e, os principais dados anal\u00edticos da pesquisa.<\/p>\n\n\n\n<p>\u2013\u00a0 Resumo da fala do membro da banca externo do PPGA-UEL.<\/p>\n\n\n\n<p>\u2013\u00a0 Resumo da fala do membro da banca do PPGA-UEL.<\/p>\n\n\n\n<p>\u2013\u00a0 Resumo da fala do orientador da disserta\u00e7\u00e3o defendida.<\/p>\n\n\n\n<p>\u2013\u00a0 Avalia\u00e7\u00e3o cr\u00edtica da disserta\u00e7\u00e3o acompanhada (entre 15 e 30 linhas).<\/p>\n\n\n\n<p>c) Discentes que n\u00e3o assistiram a banca e que, por consequ\u00eancia, n\u00e3o assinaram a lista de presen\u00e7a, n\u00e3o est\u00e3o autorizados a entregar o relat\u00f3rio complementar de defesa p\u00fablica de disserta\u00e7\u00e3o. Caso o discente insista na entrega, o documento ser\u00e1 automaticamente desconsiderado.<\/p>\n\n\n\n<p>d) O documento padr\u00e3o para preenchimento do relat\u00f3rio complementar de defesa p\u00fablica de disserta\u00e7\u00e3o est\u00e1 dispon\u00edvel no site do PPGA-UEL. Relat\u00f3rios desenvolvidos em outros modelos n\u00e3o ser\u00e3o aceitos.<\/p>\n\n\n\n<p>e) O relat\u00f3rio complementar de defesa p\u00fablica de disserta\u00e7\u00e3o elaborado pelo discente ser\u00e1 avaliado pela comiss\u00e3o coordenadora do PPGA-UEL. Apenas ap\u00f3s o deferimento da comiss\u00e3o coordenadora e da confirma\u00e7\u00e3o da presen\u00e7a do discente durante toda a banca de defesa p\u00fablica de disserta\u00e7\u00e3o, a secretaria poder\u00e1 considerar a atividade especial obrigat\u00f3ria. Em caso de indeferimento, o discente n\u00e3o ter\u00e1 a atividade especial obrigat\u00f3ria lan\u00e7ada junto \u00e0 quantidade necess\u00e1ria de ser cumprida para sua forma\u00e7\u00e3o.<\/p>\n\n\n\n<p>f) Os crit\u00e9rios observados para avalia\u00e7\u00e3o dos relat\u00f3rios complementares de defesa p\u00fablica de disserta\u00e7\u00e3o ser\u00e3o os seguintes: qualidade da escrita, riqueza de vocabul\u00e1rio, coer\u00eancia com o conte\u00fado, pertin\u00eancia com os coment\u00e1rios da banca e profundidade na avalia\u00e7\u00e3o cr\u00edtica exigida.<\/p>\n\n\n\n<p>g) O cumprimento desta atividade obrigat\u00f3ria constitui exig\u00eancia para o requerimento de defesa p\u00fablica de disserta\u00e7\u00e3o. Sem a comprova\u00e7\u00e3o de que elaborou e protocolou a entrega de 1 (um) relat\u00f3rio complementar de defesa p\u00fablica de disserta\u00e7\u00e3o, o discente n\u00e3o ser\u00e1 autorizado a requerer a defesa p\u00fablica de disserta\u00e7\u00e3o.<\/p>\n\n\n\n<p>h) Se o discente n\u00e3o elaborar e protocolar a entrega de 1 (um) relat\u00f3rio complementar de defesa p\u00fablica de disserta\u00e7\u00e3o, conforme orienta\u00e7\u00f5es especificadas e no prazo estabelecido, ser\u00e1 automaticamente desligado do Programa de P\u00f3s-Gradua\u00e7\u00e3o em Administra\u00e7\u00e3o da Universidade Estadual de Londrina.<\/p>\n\n\n\n<hr class=\"wp-block-separator has-alpha-channel-opacity\" \/>\n\n\n\n<h3 class=\"wp-block-heading has-primary-accent-color has-site-background-background-color has-text-color has-background\"><strong>Submiss\u00e3o de Artigo em Peri\u00f3dico Cient\u00edfico<\/strong><\/h3>\n\n\n\n<p>Sobre a submiss\u00e3o de artigo em peri\u00f3dico cient\u00edfico:<\/p>\n\n\n\n<p>a) O peri\u00f3dico cient\u00edfico selecionado para a submiss\u00e3o do artigo pode ser nacional ou internacional<\/p>\n\n\n\n<p>b) O peri\u00f3dico cient\u00edfico selecionado para a submiss\u00e3o deve estar, pelo menos, no terceiro n\u00edvel de classifica\u00e7\u00e3o, dentre aquelas consideradas como qualificadas pela CAPES na avalia\u00e7\u00e3o oficial mais recente.<\/p>\n\n\n\n<p>c) Caso o peri\u00f3dico cient\u00edfico selecionado para a submiss\u00e3o n\u00e3o esteja no Qualis, ser\u00e1 aplicada adequa\u00e7\u00e3o de indexadores internacionais adotados e aceitos pela CAPES, nos intervalos de classifica\u00e7\u00e3o adotados pela CAPES.<\/p>\n\n\n\n<p>d) O artigo a ser submetido dever\u00e1 ser em parceria com o docente respons\u00e1vel pela orienta\u00e7\u00e3o do discente, caso contr\u00e1rio a produ\u00e7\u00e3o ser\u00e1 desconsiderada.<\/p>\n\n\n\n<p>e) A submiss\u00e3o do artigo deve ocorrer a tempo para o discente comprovar tal atividade quando requerer seu exame de qualifica\u00e7\u00e3o. Sem a submiss\u00e3o do artigo, o discente n\u00e3o ser\u00e1 autorizado a passar pelo exame de qualifica\u00e7\u00e3o.<\/p>\n\n\n\n<p>f)\u00a0Juntamente com o comprovante da submiss\u00e3o, o artigo completo dever\u00e1 ser anexado \u00e0 documenta\u00e7\u00e3o de requerimento de exame de qualifica\u00e7\u00e3o nas respectivas normas e formata\u00e7\u00e3o exigidas pela revista em que o documento foi submetido.<\/p>\n\n\n\n<p>g) Caso o discente n\u00e3o realize a submiss\u00e3o do artigo, conforme orienta\u00e7\u00f5es especificadas e no prazo estabelecido, ser\u00e1 automaticamente desligado do Programa de P\u00f3s-Gradua\u00e7\u00e3o em Administra\u00e7\u00e3o da Universidade Estadual de Londrina.<\/p>\n\n\n\n<hr class=\"wp-block-separator has-alpha-channel-opacity\" \/>\n\n\n\n<h3 class=\"wp-block-heading has-primary-accent-color has-site-background-background-color has-text-color has-background\"><strong>Profici\u00eancia em L\u00edngua Estrangeira<\/strong><\/h3>\n\n\n\n<p>Sobre a profici\u00eancia em l\u00edngua estrangeira:<\/p>\n\n\n\n<p>a) A profici\u00eancia em l\u00edngua estrangeira dever\u00e1 ser comprovada junto \u00e0 comiss\u00e3o coordenadora, via e-mail&nbsp;<a href=\"mailto:ppga@uel.br\">ppga@uel.br<\/a>, at\u00e9 o encerramento do segundo semestre letivo cursado pelo discente no programa. Este prazo aplica-se, inclusive, para discentes que reprovarem em disciplinas durante este per\u00edodo.<\/p>\n\n\n\n<p>b) Ser\u00e1 considerada como profici\u00eancia em l\u00edngua estrangeira a conquista de, pelo menos, 50% da pontua\u00e7\u00e3o total das provas aplicadas nos seguintes exames:<\/p>\n\n\n\n<p>&#8211;\u00a0 Alem\u00e3o: KDS &#8211; Kleines Deutsches Sprachdiplom.<\/p>\n\n\n\n<p>&#8211;\u00a0 Espanhol: DELE &#8211; Diploma de Espa\u00f1ol como Lengua Extranjera.<\/p>\n\n\n\n<p>&#8211;\u00a0 Franc\u00eas: DELF \u2013 Diplome d\u2019\u00c9tudes em Langue Fran\u00e7aise.<\/p>\n\n\n\n<p>&#8211;\u00a0 Franc\u00eas: DALF \u2013 Diploma Approfondi de Langue Fran\u00e7aise.<\/p>\n\n\n\n<p>&#8211;\u00a0\u00a0Ingl\u00eas: Cambrige \u2013 FCE \u2013 First certificate in English.<\/p>\n\n\n\n<p>&#8211;\u00a0 Ingl\u00eas: Cambrige \u2013 CAE \u2013 Certificate in Advanced English.<\/p>\n\n\n\n<p>&#8211;\u00a0\u00a0Ingl\u00eas: Cambrige \u2013 CPE \u2013 Certificate of Proficiency in English.<\/p>\n\n\n\n<p>&#8211;\u00a0\u00a0Ingl\u00eas: TOEFL \u2013 Test of English as a Foreign Language, em qualquer vers\u00e3o e modalidade.<\/p>\n\n\n\n<p>&#8211;\u00a0\u00a0Italiano: CELI \u2013 Certificato di Conoscenza della Lingua Italiana.<\/p>\n\n\n\n<p>&#8211;\u00a0\u00a0Italiano: CILS \u2013 Certificato di Italiano come Lingua Straniera.<\/p>\n\n\n\n<p>c) N\u00e3o ser\u00e3o aceitos documentos de certificados de profici\u00eancia nos idiomas alem\u00e3o, espanhol, franc\u00eas, ingl\u00eas e italiano diferentes dos especificados anteriormente.<\/p>\n\n\n\n<p>d) Emissores de certificados de profici\u00eancia para outros idiomas ter\u00e3o sua oficialidade consultada junto \u00e0 Assessoria de Rela\u00e7\u00f5es Internacionais da Universidade Estadual de Londrina.<\/p>\n\n\n\n<p>e) Ser\u00e3o aceitas comprova\u00e7\u00f5es de profici\u00eancia em l\u00edngua estrangeira que tenham sido emitidas em at\u00e9 24 (vinte e quatro) meses anteriores ao ingresso do discente no PPGA-UEL.<\/p>\n\n\n\n<p>f)\u00a0Caso o discente n\u00e3o tenha realizado o exame de profici\u00eancia em l\u00edngua estrangeira anteriormente ao seu ingresso no PPGA-UEL, ele dever\u00e1 cumprir com tal atividade especial dentro do prazo informado no item a) deste t\u00f3pico.<\/p>\n\n\n\n<p>g) Se o discente n\u00e3o comprovar profici\u00eancia em l\u00edngua estrangeira, conforme orienta\u00e7\u00f5es especificadas e no prazo estabelecido, ser\u00e1 automaticamente desligado do Programa de P\u00f3s-Gradua\u00e7\u00e3o em Administra\u00e7\u00e3o da Universidade Estadual de Londrina.<\/p>\n\n\n\n<hr class=\"wp-block-separator has-alpha-channel-opacity\" \/>\n\n\n\n<h3 class=\"wp-block-heading has-primary-accent-color has-site-background-background-color has-text-color has-background\"><strong>Dep\u00f3sito de Artigo com Mesmo Tema da Disserta\u00e7\u00e3o<\/strong><\/h3>\n\n\n\n<p>Sobre o dep\u00f3sito, em conjunto com a disserta\u00e7\u00e3o, de artigo com mesmo tema:<\/p>\n\n\n\n<p>a) O artigo pode contemplar apenas a parte te\u00f3rica da pesquisa desenvolvida ou contemplar toda as etapas da pesquisa desenvolvida.<\/p>\n\n\n\n<p>b) Dever\u00e1 ser informado, em formul\u00e1rio espec\u00edfico, o peri\u00f3dico cient\u00edfico selecionado para a submiss\u00e3o do artigo, o qual pode ser nacional ou internacional<\/p>\n\n\n\n<p>c) O peri\u00f3dico cient\u00edfico selecionado para a submiss\u00e3o deve estar, pelo menos, no terceiro n\u00edvel de classifica\u00e7\u00e3o, dentre aquelas consideradas como qualificadas pela CAPES na avalia\u00e7\u00e3o oficial mais recente.<\/p>\n\n\n\n<p>d) Caso o peri\u00f3dico cient\u00edfico selecionado para a submiss\u00e3o n\u00e3o esteja no Qualis, ser\u00e1 aplicada adequa\u00e7\u00e3o de indexadores internacionais adotados e aceitos pela CAPES, nos intervalos de classifica\u00e7\u00e3o adotados pela CAPES.<\/p>\n\n\n\n<p>e) O artigo depositado em conjunto com a disserta\u00e7\u00e3o deve ser desenvolvido em parceria com o docente respons\u00e1vel pela orienta\u00e7\u00e3o.<\/p>\n\n\n\n<p>f)\u00a0A elabora\u00e7\u00e3o do artigo deve ocorrer a tempo para o discente comprovar tal atividade quando requerer sua defesa p\u00fablica de disserta\u00e7\u00e3o. Sem o dep\u00f3sito do artigo, o discente n\u00e3o ser\u00e1 autorizado a passar pela defesa p\u00fablica de disserta\u00e7\u00e3o.<\/p>\n\n\n\n<p>g) O artigo completo dever\u00e1 ser anexado \u00e0 documenta\u00e7\u00e3o de requerimento de defesa p\u00fablica de disserta\u00e7\u00e3o nas respectivas normas e formata\u00e7\u00e3o exigidas pela revista em que o documento ser\u00e1 submetido.<\/p>\n\n\n\n<p>h) Caso o discente n\u00e3o deposite o artigo de mesmo tema da disserta\u00e7\u00e3o com o requerimento de defesa, conforme orienta\u00e7\u00f5es especificadas e no prazo estabelecido, ser\u00e1 automaticamente desligado do Programa de P\u00f3s-Gradua\u00e7\u00e3o em Administra\u00e7\u00e3o da Universidade Estadual de Londrina.<\/p>\n","protected":false},"excerpt":{"rendered":"<p>As atividades especiais obrigat\u00f3rias para a forma\u00e7\u00e3o est\u00e3o descriminadas na sequ\u00eancia: a) Assistir bancas de defesa p\u00fablica de disserta\u00e7\u00e3o. b) Entregar relat\u00f3rio complementar de defesa p\u00fablica de disserta\u00e7\u00e3o (conforme modelo padr\u00e3o estabelecido pelo PPGA) c) Submeter artigo em peri\u00f3dico cient\u00edfico. d) Profici\u00eancia em l\u00edngua estrangeira. e) Dep\u00f3sito, em conjunto com a disserta\u00e7\u00e3o, de artigo com [&hellip;]<\/p>\n","protected":false},"author":8,"featured_media":0,"parent":0,"menu_order":0,"comment_status":"closed","ping_status":"closed","template":"","meta":{"footnotes":""},"class_list":["post-630","page","type-page","status-publish","hentry"],"acf":[],"_links":{"self":[{"href":"https:\/\/pos.uel.br\/ppga\/wp-json\/wp\/v2\/pages\/630","targetHints":{"allow":["GET"]}}],"collection":[{"href":"https:\/\/pos.uel.br\/ppga\/wp-json\/wp\/v2\/pages"}],"about":[{"href":"https:\/\/pos.uel.br\/ppga\/wp-json\/wp\/v2\/types\/page"}],"author":[{"embeddable":true,"href":"https:\/\/pos.uel.br\/ppga\/wp-json\/wp\/v2\/users\/8"}],"replies":[{"embeddable":true,"href":"https:\/\/pos.uel.br\/ppga\/wp-json\/wp\/v2\/comments?post=630"}],"version-history":[{"count":3,"href":"https:\/\/pos.uel.br\/ppga\/wp-json\/wp\/v2\/pages\/630\/revisions"}],"predecessor-version":[{"id":1277,"href":"https:\/\/pos.uel.br\/ppga\/wp-json\/wp\/v2\/pages\/630\/revisions\/1277"}],"wp:attachment":[{"href":"https:\/\/pos.uel.br\/ppga\/wp-json\/wp\/v2\/media?parent=630"}],"curies":[{"name":"wp","href":"https:\/\/api.w.org\/{rel}","templated":true}]}}