{"id":593,"date":"2022-09-02T16:50:28","date_gmt":"2022-09-02T19:50:28","guid":{"rendered":"https:\/\/pos.uel.br\/ppga\/?page_id=593"},"modified":"2025-02-28T17:22:41","modified_gmt":"2025-02-28T20:22:41","slug":"dissertacoes-defendidas-em-2021","status":"publish","type":"page","link":"https:\/\/pos.uel.br\/ppga\/dissertacoes-defendidas-em-2021\/","title":{"rendered":"Disserta\u00e7\u00f5es defendidas em 2021"},"content":{"rendered":"\n<p><a href=\"https:\/\/pos.uel.br\/ppga\/dissertacoes-defendidas\/\">retornar ao \u00edndice de disserta\u00e7\u00f5es defendidas<\/a><\/p>\n\n\n\n<div class=\"wp-block-uel-card\">\n<h4 class=\"wp-block-heading\">17\/12\/2021<\/h4>\n\n\n\n<blockquote class=\"wp-block-quote is-layout-flow wp-block-quote-is-layout-flow\">\n<h6 class=\"wp-block-heading\"><strong>T\u00edtulo:\u00a0<a href=\"http:\/\/www.uel.br\/pos\/ppga\/attachments\/dissertacoes\/2021\/2021_Dissertacao_Juliana.pdf\">O CAMPO ISE B3: NARRATIVAS DOCUMENTAIS ANALISADAS \u00c0 LUZ DA SOCIOLOGIA BOURDIEUSIANA<\/a><\/strong><\/h6>\n\n\n\n<p><strong>Autora:&nbsp;<\/strong>JULIANA CAMARGO DE AGUIAR<strong><br>Banca:&nbsp;<\/strong>Prof. Dr. Rafael Borim de Souza (PPGA-UEL) (Orientador), Prof. Dr. Luciano Munck (PPGA-UEL) e Profa. Dra. B\u00e1rbara Galleli (UFPR)<strong><br>Palavras-chave:&nbsp;<\/strong>Sociologia Bourdieusiana, Sustentabilidade Organizacional, \u00cdndice de Sustentabilidade Empresarial, Campo<\/p>\n<\/blockquote>\n<\/div>\n\n\n\n<div class=\"wp-block-uel-card\">\n<h4 class=\"wp-block-heading\">26\/11\/2021<\/h4>\n\n\n\n<blockquote class=\"wp-block-quote is-layout-flow wp-block-quote-is-layout-flow\">\n<h6 class=\"wp-block-heading\"><strong>T\u00edtulo:\u00a0<a href=\"http:\/\/www.uel.br\/pos\/ppga\/attachments\/dissertacoes\/2021\/2021_Dissertacao_Luis.pdf\">TRABALHO, TECNOLOGIA E INOVA\u00c7\u00c3O: IMPASSES DA EXCLUS\u00c3O SOCIAL<\/a><\/strong><\/h6>\n\n\n\n<p><strong>Autor:&nbsp;<\/strong>LUIS PAULO NALLIN DE OLIVEIRA<strong><br>Banca:&nbsp;<\/strong>Profa. Dra. Sonia Regina Vargas Mansano (PPGA-UEL) (Orientadora), Prof. Dr. Luis Miguel Luzio dos Santos (PPGA-UEL) e Prof. Dr. Eduardo Augusto Tomanik (UEM)<strong><br>Palavras-chave:&nbsp;<\/strong>Tecnologia, Inova\u00e7\u00e3o, Trabalho, Exclus\u00e3o Social, Subjetividade<\/p>\n<\/blockquote>\n<\/div>\n\n\n\n<div class=\"wp-block-uel-card\">\n<h4 class=\"wp-block-heading\">25\/11\/2021<\/h4>\n\n\n\n<blockquote class=\"wp-block-quote is-layout-flow wp-block-quote-is-layout-flow\">\n<h6 class=\"wp-block-heading\"><strong>T\u00edtulo:\u00a0<a href=\"http:\/\/www.uel.br\/pos\/ppga\/attachments\/dissertacoes\/2021\/2021_Dissertacao_Joao_Gabriel.pdf\">INTERESSES, A\u00c7\u00d5ES E PR\u00c1TICAS (IN)SUSTENT\u00c1VEIS DA SAMARCO MINERA\u00c7\u00c3O S.A. EM REGISTROS FOTOGR\u00c1FICOS DO CRIME AMBIENTAL DE MARIANA: UMA CONSTRU\u00c7\u00c3O ANAL\u00cdTICA A PARTIR DA SOCIOLOGIA BOURDIEUSIANA<\/a><\/strong><\/h6>\n\n\n\n<p><strong>Autor:&nbsp;<\/strong>JO\u00c3O GABRIEL DIAS DOS SANTOS<strong><br>Banca:&nbsp;<\/strong>Prof. Dr. Rafael Borim de Souza (PPGA-UEL) (Orientador), Profa. Dra. Thais Accioly Baccaro (PPGA-UEL) e Profa. Dra. Natalia Rese (UFPR)<strong><br>Palavras-chave:&nbsp;<\/strong>Fotografia, Interesses, A\u00e7\u00e3o, Pr\u00e1tica, Crime Ambiental, Sustentabilidade, Samarco<\/p>\n<\/blockquote>\n<\/div>\n\n\n\n<div class=\"wp-block-uel-card\">\n<h4 class=\"wp-block-heading\">23\/11\/2021<\/h4>\n\n\n\n<blockquote class=\"wp-block-quote is-layout-flow wp-block-quote-is-layout-flow\">\n<h6 class=\"wp-block-heading\"><strong>T\u00edtulo:\u00a0<a href=\"http:\/\/www.uel.br\/pos\/ppga\/attachments\/dissertacoes\/2021\/2021_Dissertacao_Josiane.pdf\">GEST\u00c3O H\u00cdDRICA NO PARAN\u00c1 \u2013 UM ESTUDO \u00c0 LUZ DA ECOLOGIA-MUNDO, COM FOCO NO AGRONEG\u00d3CIO DA SOJA<\/a><\/strong><\/h6>\n\n\n\n<p><strong>Autora:&nbsp;<\/strong>JOSIANE ROWIECHI<strong><br>Banca:&nbsp;<\/strong>Prof. Dr. F\u00e1bio Luiz Zanardi Coltro (PPGA-UEL) (Orientador), Prof. Dr. Benilson Borinelli (PPGA-UEL) e Prof. Dr. Jo Klanovicz (UNICENTRO)<strong><br>Palavras-chave:&nbsp;<\/strong>Capitaloceno, Ecologia-Mundo, Gest\u00e3o da \u00c1gua, Agroneg\u00f3cio da Soja, Paran\u00e1<\/p>\n<\/blockquote>\n<\/div>\n\n\n\n<div class=\"wp-block-uel-card\">\n<h4 class=\"wp-block-heading\">22\/11\/2021<\/h4>\n\n\n\n<blockquote class=\"wp-block-quote is-layout-flow wp-block-quote-is-layout-flow\">\n<h6 class=\"wp-block-heading\"><strong>T\u00edtulo:\u00a0<a href=\"http:\/\/www.uel.br\/pos\/ppga\/attachments\/dissertacoes\/2021\/2021_Dissertacao_Glauciene.pdf\">SISTEMAS DE INOVA\u00c7\u00c3O LOCAL: UMA AN\u00c1LISE \u00c0 LUZ DA TEORIA INSTITUCIONAL<\/a><\/strong><\/h6>\n\n\n\n<p><strong>Autora:&nbsp;<\/strong>GLAUCIENE IZALTINA TASSI<strong><br>Banca:&nbsp;<\/strong>Prof. Dr. Saulo Fabiano Am\u00e2ncio Vieira (PPGA-UEL) (Orientador), Prof. Dr. Lu\u00eds Miguel Luzio dos Santos (PPGA-UEL) e Profa. Dra. Zoraide da Fonseca Costa (UNICENTRO)<strong><br>Palavras-chave:&nbsp;<\/strong>L\u00f3gica Institucional, Sistemas de Inova\u00e7\u00e3o, Desenvolvimento Tecnol\u00f3gico<\/p>\n<\/blockquote>\n<\/div>\n\n\n\n<div class=\"wp-block-uel-card\">\n<h4 class=\"wp-block-heading\">16\/09\/2021<\/h4>\n\n\n\n<blockquote class=\"wp-block-quote is-layout-flow wp-block-quote-is-layout-flow\">\n<h6 class=\"wp-block-heading\"><strong>T\u00edtulo:\u00a0<\/strong><a href=\"http:\/\/www.uel.br\/pos\/ppga\/attachments\/dissertacoes\/Dissertacao%20simone%202021.pdf\"><a href=\"http:\/\/www.uel.br\/pos\/ppga\/attachments\/dissertacoes\/Dissertacao%20simone%202021.pdf\"><strong>SECRET\u00c1RIO EXECUTIVO &#8211; UMA AN\u00c1LISE DA PROFISS\u00c3O FRENTE \u00c0S PERSPECTIVAS DA IDENTIDADE E COMPET\u00caNCIAS<\/strong><\/a><\/a><\/h6>\n\n\n\n<p><strong>Autora:&nbsp;<\/strong>Simone Rezende da Silva<strong><br>Banca:&nbsp;<\/strong>Prof. Dr. Luciano Munck (PPGA-UEL) (Orientador), Prof. Dr. Luis Miguel Luzio dos Santos (PPGA-UEL) e Profa. Dra. Keyla Cristina Almeida Portela (UEL)<strong><br>Palavras-chave:&nbsp;<\/strong>Secretariado Executivo, Compet\u00eancias, Identidade Profissional, Ressignifica\u00e7\u00e3o<\/p>\n<\/blockquote>\n<\/div>\n\n\n\n<div class=\"wp-block-uel-card\">\n<h4 class=\"wp-block-heading\">22\/04\/2021<\/h4>\n\n\n\n<blockquote class=\"wp-block-quote is-layout-flow wp-block-quote-is-layout-flow\">\n<h6 class=\"wp-block-heading\"><strong>T\u00edtulo:\u00a0<\/strong><a href=\"http:\/\/www.uel.br\/pos\/ppga\/attachments\/dissertacoes\/Dissertacao%20ewerton%202021.pdf\"><a href=\"http:\/\/www.uel.br\/pos\/ppga\/attachments\/dissertacoes\/Dissertacao%20ewerton%202021.pdf\"><strong>DISTOR\u00c7\u00d5ES COMUNICATIVAS NOS RELAT\u00d3RIOS DE SUSTENTABILIDADE DE EMPRESAS LISTADAS NA CARTEIRA ISE 2020: UMA AN\u00c1LISE PAUTADA NO PENSAMENTO HABERMASIANO<\/strong><\/a><\/a><\/h6>\n\n\n\n<p><strong>Autor:&nbsp;<\/strong>Ewerton Roberto Inoc\u00eancio<strong><br>Banca:&nbsp;<\/strong>Prof. Dr. Ricardo Lebbos Favoreto (PPGA-UEL) (Orientador), Profa. Dra. Thais Accioly Baccaro (PPGA-UEL) e Prof. Dr. Elve Miguel Cenci (UEL)<strong><br>Palavras-chave:&nbsp;<\/strong>Distor\u00e7\u00e3o Comunicativa, Relat\u00f3rio de Sustentabilidade, Administra\u00e7\u00e3o, Estudos Organizacionais<\/p>\n<\/blockquote>\n<\/div>\n\n\n\n<div class=\"wp-block-uel-card\">\n<h4 class=\"wp-block-heading\">26\/02\/2021<\/h4>\n\n\n\n<blockquote class=\"wp-block-quote is-layout-flow wp-block-quote-is-layout-flow\">\n<h6 class=\"wp-block-heading\"><strong>T\u00edtulo:\u00a0<\/strong><a href=\"http:\/\/www.uel.br\/pos\/ppga\/attachments\/dissertacoes\/Dissertacao%20renan%202021.pdf\"><a href=\"http:\/\/www.uel.br\/pos\/ppga\/attachments\/dissertacoes\/Dissertacao%20renan%202021.pdf\"><strong>REFLETINDO SOBRE OS AGIRES ORGANIZACIONAIS VOLTADOS \u00c0 SUSTENTABILIDADE: ESTUDO DE CASO EM UMA IND\u00daSTRIA DE TINTAS E RESINAS DO NORTE DO PARAN\u00c1<\/strong><\/a><\/a><\/h6>\n\n\n\n<p><strong>Autor:&nbsp;<\/strong>Renan Passos de Azevedo<br><strong>Banca:<\/strong>&nbsp;Prof. Dr. Luciano Munck (orientador) (PPGA-UEL), Profa. Dra. Let\u00edcia Fernandes de Negreiros (PPGA-UEL), Profa. Dra. N\u00e1dia Brunetta Peretti (UNOPAR)<br><strong>Palavras-chave:&nbsp;<\/strong>Sustentabilidade, Agir Organizacional, Compet\u00eancias, Avalia\u00e7\u00e3o da Sustentabilidade Organizacional, Modelo Representativo da Sustentabilidade<\/p>\n<\/blockquote>\n<\/div>\n\n\n\n<div class=\"wp-block-uel-card\">\n<h4 class=\"wp-block-heading\">26\/02\/2021&nbsp;<\/h4>\n\n\n\n<blockquote class=\"wp-block-quote is-layout-flow wp-block-quote-is-layout-flow\">\n<h6 class=\"wp-block-heading\"><strong>T\u00edtulo:\u00a0<\/strong><a href=\"http:\/\/www.uel.br\/pos\/ppga\/attachments\/dissertacoes\/Dissertacao%20viviane%202021.pdf\"><strong>CONFIGURA\u00c7\u00c3O DAS CARACTER\u00cdSTICAS ECON\u00d4MICAS, SOCIAIS E T\u00c9CNICAS DE PRODU\u00c7\u00c3O DOS PRODUTORES DE OLERICULTURA E FRUTICULTURA DE LONDRINA-PR DIANTE DA SOCIOMETRIA DE REDES<\/strong><\/a><\/h6>\n\n\n\n<p><strong>Autora:&nbsp;<\/strong>Viviane Beraldo Rosolen<br><strong>Banca:<\/strong>&nbsp;Prof. Dr. Ivan de Souza Dutra (orientador) (PPGA-UEL), Prof. Dr. Luis Miguel Luzio dos Santos (PPGA-UEL), Prof. Dr. Nilson C\u00e9sar Bert\u00f3li (UENP)&nbsp;<br><strong>Palavras-chave:&nbsp;<\/strong>Olericultura, Fruticultura, Rela\u00e7\u00f5es Sociais, Sociometria, Redes<\/p>\n<\/blockquote>\n<\/div>\n\n\n\n<div class=\"wp-block-uel-card\">\n<h4 class=\"wp-block-heading\">24\/02\/2021<\/h4>\n\n\n\n<blockquote class=\"wp-block-quote is-layout-flow wp-block-quote-is-layout-flow\">\n<h6 class=\"wp-block-heading\"><strong>T\u00edtulo:\u00a0<\/strong><a href=\"http:\/\/www.uel.br\/pos\/ppga\/attachments\/dissertacoes\/Dissertacao%20ricardo%202021.pdf\"><a href=\"http:\/\/www.uel.br\/pos\/ppga\/attachments\/dissertacoes\/Dissertacao%20ricardo%202021.pdf\"><strong>A REPRODU\u00c7\u00c3O DA SUSTENTABILIDADE: UMA DISCUSS\u00c3O A PARTIR DE NARRATIVAS DA, E REFERENTES \u00c0, SAMARCO MINERA\u00c7\u00d5ES S. A.<\/strong><\/a><\/a><\/h6>\n\n\n\n<p><strong>Autor:<\/strong>&nbsp;Ricardo Jos\u00e9 Peres<br><strong>Banca:<\/strong>&nbsp;Prof. Dr. Rafael Borim de Souza (Orientador) (PPGA-UEL), Profa. Dra. Thais Accioly Baccaro (PPGA-UEL), Profa. Dra. Patricia de Oliveira Rosa da Silva (UEL)&nbsp;<br><strong>Palavras-chave:<\/strong>&nbsp;Reprodu\u00e7\u00e3o, Sustentabilidade, Narrativas, Samarco Minera\u00e7\u00f5es S.A., Mundializa\u00e7\u00e3o, Neoliberalismo<\/p>\n<\/blockquote>\n<\/div>\n\n\n\n<div class=\"wp-block-uel-card\">\n<h4 class=\"wp-block-heading\">23\/02\/2021<\/h4>\n\n\n\n<blockquote class=\"wp-block-quote is-layout-flow wp-block-quote-is-layout-flow\">\n<h6 class=\"wp-block-heading\"><strong>T\u00edtulo:\u00a0<\/strong><a href=\"http:\/\/www.uel.br\/pos\/ppga\/attachments\/dissertacoes\/Dissertacao%20Bianca%202021.pdf\"><a href=\"http:\/\/www.uel.br\/pos\/ppga\/attachments\/dissertacoes\/Dissertacao%20Bianca%202021.pdf\"><strong>AS HIST\u00d3RIAS DA MULHER DA RO\u00c7A: DESIGUALDADES DE G\u00caNERO NO CONTEXTO RURAL<\/strong><\/a><\/a><\/h6>\n\n\n\n<p><strong>Autora:&nbsp;<\/strong>Bianca Schimdt de S\u00e1&nbsp;<br><strong>Banca:<\/strong>&nbsp;Profa. Dra. Adriana Vinholi Rampazo (Orientadora) (PPGA-UEL),&nbsp;Prof. Dr. Fabio Luiz Zanardi Coltro (PPGA-UEL), Profa. Dra. Camila Quental (Audencia Business School &#8211; Nantes, Fran\u00e7a)<br><strong>Palavras-chave:<\/strong>&nbsp;Mulheres, G\u00eanero, Desigualdade, Trabalho Rural<\/p>\n<\/blockquote>\n<\/div>\n\n\n\n<div class=\"wp-block-uel-card\">\n<h4 class=\"wp-block-heading\">19\/02\/2021<\/h4>\n\n\n\n<blockquote class=\"wp-block-quote is-layout-flow wp-block-quote-is-layout-flow\">\n<h6 class=\"wp-block-heading\"><strong>T\u00edtulo:\u00a0<\/strong><a href=\"http:\/\/www.uel.br\/pos\/ppga\/attachments\/dissertacoes\/Dissertacao%20andre%202021.pdf\"><a href=\"http:\/\/www.uel.br\/pos\/ppga\/attachments\/dissertacoes\/Dissertacao%20andre%202021.pdf\"><strong>COOPERATIVISMOS E COMPLEXIDADE: RESIST\u00caNCIA OU CONCESS\u00c3O?<\/strong><\/a><\/a><\/h6>\n\n\n\n<p><strong>Autor:&nbsp;<\/strong>Andr\u00e9 Rodrigues Silveira<br><strong>Banca:<\/strong>&nbsp;Prof. Dr. Luis Miguel Luzio dos Santos (Orientador) (PPGA-UEL),&nbsp;Prof. Dr. Fabio Luiz Zanardi Coltro (PPGA-UEL), Prof. Dr. Bernardo Carlos Spaulonci Chiachia Matos de Oliveira (City College of New York &#8211; CCNY)<br><strong>Palavras-chave:<\/strong>&nbsp;Cooperativismo, Pensamento Complexo, Crises no Capitalismo, Movimentos Sociais<\/p>\n<\/blockquote>\n<\/div>\n\n\n\n<div class=\"wp-block-uel-card\">\n<h4 class=\"wp-block-heading\">09\/02\/2021<\/h4>\n\n\n\n<blockquote class=\"wp-block-quote is-layout-flow wp-block-quote-is-layout-flow\">\n<h6 class=\"wp-block-heading\"><strong>T\u00edtulo:\u00a0<\/strong><a href=\"http:\/\/www.uel.br\/pos\/ppga\/attachments\/dissertacoes\/Dissertacao%20jean%202021.pdf\"><a href=\"http:\/\/www.uel.br\/pos\/ppga\/attachments\/dissertacoes\/Dissertacao%20jean%202021.pdf\"><strong>ESTRUTURAS E VIV\u00caNCIAS ORGANIZACIONAIS NOS DIFERENTES MODELOS COOPERATIVOS BRASILEIROS: UM ESTUDO A PARTIR DE EXPERI\u00caNCIAS PARANAENSES<\/strong><\/a><\/a><\/h6>\n\n\n\n<p><strong>Autor:<\/strong>&nbsp;Jean Carlos Mendes da Rocha&nbsp;<br><strong>Banca:<\/strong>&nbsp;Prof. Dr. Luis Miguel Luzio dos Santos (Orientador) (PPGA-UEL), Prof. Dr. F\u00e1bio Luiz Zanardi Coltro (PPGA-UEL), Prof. Dr. Jo\u00e3o Luiz Passador (FEA-USP)<br><strong>Palavras-chave:<\/strong>&nbsp;Cooperativismo, Cooperativismo no Brasil, Modelos Cooperativos, Rela\u00e7\u00f5es de Poder, Gest\u00e3o Democr\u00e1tica, Brasil&nbsp;<\/p>\n<\/blockquote>\n<\/div>\n","protected":false},"excerpt":{"rendered":"<p>retornar ao \u00edndice de disserta\u00e7\u00f5es defendidas<\/p>\n","protected":false},"author":8,"featured_media":0,"parent":0,"menu_order":0,"comment_status":"closed","ping_status":"closed","template":"","meta":{"footnotes":""},"class_list":["post-593","page","type-page","status-publish","hentry"],"acf":[],"_links":{"self":[{"href":"https:\/\/pos.uel.br\/ppga\/wp-json\/wp\/v2\/pages\/593","targetHints":{"allow":["GET"]}}],"collection":[{"href":"https:\/\/pos.uel.br\/ppga\/wp-json\/wp\/v2\/pages"}],"about":[{"href":"https:\/\/pos.uel.br\/ppga\/wp-json\/wp\/v2\/types\/page"}],"author":[{"embeddable":true,"href":"https:\/\/pos.uel.br\/ppga\/wp-json\/wp\/v2\/users\/8"}],"replies":[{"embeddable":true,"href":"https:\/\/pos.uel.br\/ppga\/wp-json\/wp\/v2\/comments?post=593"}],"version-history":[{"count":5,"href":"https:\/\/pos.uel.br\/ppga\/wp-json\/wp\/v2\/pages\/593\/revisions"}],"predecessor-version":[{"id":2087,"href":"https:\/\/pos.uel.br\/ppga\/wp-json\/wp\/v2\/pages\/593\/revisions\/2087"}],"wp:attachment":[{"href":"https:\/\/pos.uel.br\/ppga\/wp-json\/wp\/v2\/media?parent=593"}],"curies":[{"name":"wp","href":"https:\/\/api.w.org\/{rel}","templated":true}]}}