{"id":587,"date":"2022-09-02T16:41:13","date_gmt":"2022-09-02T19:41:13","guid":{"rendered":"https:\/\/pos.uel.br\/ppga\/?page_id=587"},"modified":"2025-02-28T15:03:40","modified_gmt":"2025-02-28T18:03:40","slug":"dissertacoes-defendidas-em-2022","status":"publish","type":"page","link":"https:\/\/pos.uel.br\/ppga\/dissertacoes-defendidas-em-2022\/","title":{"rendered":"Disserta\u00e7\u00f5es defendidas em 2022"},"content":{"rendered":"\n<p><a href=\"https:\/\/pos.uel.br\/ppga\/dissertacoes-defendidas\/\">retornar ao \u00edndice de disserta\u00e7\u00f5es defendidas<\/a><\/p>\n\n\n\n<div class=\"wp-block-uel-card\">\n<h4 class=\"wp-block-heading\">30\/11\/2022<\/h4>\n\n\n\n<blockquote class=\"wp-block-quote is-layout-flow wp-block-quote-is-layout-flow\">\n<h6 class=\"wp-block-heading\"><strong>T\u00edtulo:&nbsp;<\/strong> <strong><a href=\"https:\/\/sucupira.capes.gov.br\/sucupira\/public\/consultas\/coleta\/trabalhoConclusao\/viewTrabalhoConclusao.jsf?popup=true&amp;id_trabalho=12040376#\" data-type=\"link\" data-id=\"https:\/\/sucupira.capes.gov.br\/sucupira\/public\/consultas\/coleta\/trabalhoConclusao\/viewTrabalhoConclusao.jsf?popup=true&amp;id_trabalho=12040376#\">DIAGN\u00d3STICO E PROPOSI\u00c7\u00c3O DE MELHORIAS \u00c0 LUZ DA GEST\u00c3O POR COMPET\u00caNCIAS PARA UM PLANO DE CARGOS, CARREIRAS E REMUNERA\u00c7\u00d5ES: RELATO DE EXPERI\u00caNCIA EM UMA PREFEITURA MUNICIPAL<\/a><\/strong><\/h6>\n\n\n\n<p><strong>Autora:&nbsp;<\/strong> NELCI LOPES DE LIMA JUNIOR<br><strong>Banca:&nbsp; <\/strong>Dr. LUCIANO MUNCK (orientador) (PPGA-UEL), Dr. SAULO FABIANO AMANCIO VIEIRA (PPGA-UEL), Dr. BRENO AUGUSTO DINIZ PEREIRA (UFSM)<strong> <br>Palavras-chave:&nbsp;<\/strong> Plano de Carreiras, Gest\u00e3o de Pessoas por Compet\u00eancias, Gest\u00e3o P\u00fablica Municipal, Relato de Experi\u00eancia<\/p>\n<\/blockquote>\n<\/div>\n\n\n\n<div class=\"wp-block-uel-card\">\n<h4 class=\"wp-block-heading\">30\/11\/2022<\/h4>\n\n\n\n<blockquote class=\"wp-block-quote is-layout-flow wp-block-quote-is-layout-flow\">\n<h6 class=\"wp-block-heading\"><strong>T\u00edtulo:\u00a0<\/strong> <strong><a href=\"https:\/\/pos.uel.br\/ppga\/wp-content\/uploads\/2025\/02\/CSA_ADM_Me_2022_Oliveira_Mariana_C.pdf\">EDUCA\u00c7\u00c3O PARA A SUSTENTABILIDADE NOS PROGRAMAS DE P\u00d3S-GRADUA\u00c7\u00c3O EM ADMINISTRA\u00c7\u00c3O NO BRASIL: UMA AN\u00c1LISE \u00c0 LUZ DA APRENDIZAGEM TRANSFORMADORA<\/a><\/strong><\/h6>\n\n\n\n<p><strong>Autora:&nbsp;<\/strong> MARIANA CONTI OLIVEIRA<br><strong>Banca:&nbsp; <\/strong>Dra. THAIS ACCIOLY BACCARO (orientadora) (PPGA-UEL), Dr. RICARDO LEBBOS FAVORETO (PPGA-UEL), Dra. PATRICIA DE OLIVEIRA ROSA DA SILVA (Departamento de Ci\u00eancias Biol\u00f3gicas-UEL)<strong><br>Palavras-chave:&nbsp;<\/strong> Ensino da Sustentabilidade, Estrat\u00e9gias de Ensino, Metodologias, Stricto Sensu, Abordagem Qualitativa<\/p>\n<\/blockquote>\n<\/div>\n\n\n\n<div class=\"wp-block-uel-card\">\n<h4 class=\"wp-block-heading\">30\/11\/2022<\/h4>\n\n\n\n<blockquote class=\"wp-block-quote is-layout-flow wp-block-quote-is-layout-flow\">\n<h6 class=\"wp-block-heading\"><strong>T\u00edtulo:&nbsp;<\/strong> <strong><a href=\"https:\/\/sucupira.capes.gov.br\/sucupira\/public\/consultas\/coleta\/trabalhoConclusao\/viewTrabalhoConclusao.jsf?popup=true&amp;id_trabalho=12040260#\">SILENCIAMENTO E INVISIBILIZA\u00c7\u00c3O DE CORPOS NEGROS PELA MATERIALIZA\u00c7\u00c3O DA BRANQUITUDE: A ATUA\u00c7\u00c3O DE REDES DE PR\u00c1TICAS DISCURSIVAS NO ENSINO SUPERIOR<\/a><\/strong><\/h6>\n\n\n\n<p><strong>Autora:&nbsp;<\/strong> CAROLINE NAYARA MARILAC FLOR<br><strong>Banca:&nbsp; <\/strong>Dra. ADRIANA DA SILVA VINHOLI RAMPAZO (orientadora) (PPGA-UEL), Dr. PAULO MARCELO FERRARESE PEGINO (PPGA-UEL), Dra. JOSIANE SILVA DE OLIVEIRA (UEM)<strong><br>Palavras-chave:&nbsp;<\/strong> Branquitude, Silenciamento, Invisibiliza\u00e7\u00e3o, Discurso<\/p>\n<\/blockquote>\n<\/div>\n\n\n\n<div class=\"wp-block-uel-card\">\n<h4 class=\"wp-block-heading\">29\/11\/2022<\/h4>\n\n\n\n<blockquote class=\"wp-block-quote is-layout-flow wp-block-quote-is-layout-flow\">\n<h6 class=\"wp-block-heading\"><strong>T\u00edtulo:\u00a0<\/strong> <strong><a href=\"https:\/\/pos.uel.br\/ppga\/wp-content\/uploads\/2025\/02\/CSA_ADM_Me_2022_Nascimento_Vagner_M.pdf\">A MAQUINARIA RACISTA DA BRANQUITUDE ARCO-\u00cdRIS: UM EXAME DAS RELA\u00c7\u00d5ES DISCURSIVAS ENTRE HOMENS GAYS CISG\u00caNEROS BRANCOS<\/a><\/strong><\/h6>\n\n\n\n<p><strong>Autor:&nbsp;<\/strong> VAGNER DE MEIRA NASCIMENTO<br><strong>Banca:&nbsp; <\/strong>Dra. ADRIANA DA SILVA VINHOLI RAMPAZO (orientadora) (PPGA-UEL), Dr. PAULO MARCELO FERRARESE PEGINO (PPGA-UEL), Dr. RAFAEL FERNANDES DE MESQUITA (IFPI)<strong><br>Palavras-chave:&nbsp;<\/strong> Branquitude, Ra\u00e7a, Racismo, Gay<\/p>\n<\/blockquote>\n<\/div>\n\n\n\n<div class=\"wp-block-uel-card\">\n<h4 class=\"wp-block-heading\">28\/11\/2022<\/h4>\n\n\n\n<blockquote class=\"wp-block-quote is-layout-flow wp-block-quote-is-layout-flow\">\n<h6 class=\"wp-block-heading\"><strong>T\u00edtulo:&nbsp;<\/strong> <a href=\"https:\/\/sucupira.capes.gov.br\/sucupira\/public\/consultas\/coleta\/trabalhoConclusao\/viewTrabalhoConclusao.jsf?popup=true&amp;id_trabalho=12040166#\" data-type=\"link\" data-id=\"https:\/\/sucupira.capes.gov.br\/sucupira\/public\/consultas\/coleta\/trabalhoConclusao\/viewTrabalhoConclusao.jsf?popup=true&amp;id_trabalho=12040166#\"><strong>A GOVERNAN\u00c7A AUTORIT\u00c1RIA COMO ESTRAT\u00c9GIA: OS EFEITOS DA SELETIVIDADE POL\u00cdTICA NO SETOR DE RES\u00cdDUOS S\u00d3LIDOS EM LONDRINA-PR<\/strong><\/a><\/h6>\n\n\n\n<p><strong>Autor:&nbsp;<\/strong> FELIPE NEPOMUCENO COIMBRA SANTOS<br><strong>Banca:&nbsp; <\/strong>Dr. BENILSON BORINELLI (orientador) (PPGA-UEL), Dr. LUIS MIGUEL LUZIO DOS SANTOS (PPGA-UEL), Dra. SYLMARA LOPES FRANCELINO GONCALVES DIAS (USP)<strong><br>Palavras-chave:&nbsp;<\/strong> Governan\u00e7a, Metagovernan\u00e7a, Res\u00edduos S\u00f3lidos, Seletividade<\/p>\n<\/blockquote>\n<\/div>\n\n\n\n<div class=\"wp-block-uel-card\">\n<h4 class=\"wp-block-heading\">24\/11\/2022<\/h4>\n\n\n\n<blockquote class=\"wp-block-quote is-layout-flow wp-block-quote-is-layout-flow\">\n<h6 class=\"wp-block-heading\"><strong>T\u00edtulo:&nbsp;<\/strong> <a href=\"https:\/\/sucupira.capes.gov.br\/sucupira\/public\/consultas\/coleta\/trabalhoConclusao\/viewTrabalhoConclusao.jsf?popup=true&amp;id_trabalho=12039609#\" data-type=\"link\" data-id=\"https:\/\/sucupira.capes.gov.br\/sucupira\/public\/consultas\/coleta\/trabalhoConclusao\/viewTrabalhoConclusao.jsf?popup=true&amp;id_trabalho=12039609#\"><strong>A DOXA SOBRE A SUSTENTABILIDADE DA EMPRESA BRASILEIRA DE AERON\u00c1UTICA S.A (EMBRAER): NARRATIVAS DE DOCUMENTOS ANALISADAS \u00c0 LUZ DA SOCIOLOGIA BOURDIEUSIANA<\/strong><\/a><\/h6>\n\n\n\n<p><strong>Autor:&nbsp;<\/strong> RODRIGO MAIA MARINELLO<br><strong>Banca:&nbsp; <\/strong>Dr. RAFAEL BORIM DE SOUZA (orientador) (PPGA-UEL), Dr. LUIS MIGUEL LUZIO DOS SANTOS (PPGA-UEL), Dra. DANIELLE DENES DOS SANTOS CARSTENS (Universidade Positivo)<br><strong>Palavras-chave:&nbsp;<\/strong> Bourdieu, Doxa, \u00cdndice de Sustentabilidade Empresarial, Narrativas, S\u00edmbolo, Sustentabilidade<\/p>\n<\/blockquote>\n<\/div>\n\n\n\n<div class=\"wp-block-uel-card\">\n<h4 class=\"wp-block-heading\">07\/11\/2022<\/h4>\n\n\n\n<blockquote class=\"wp-block-quote is-layout-flow wp-block-quote-is-layout-flow\">\n<h6 class=\"wp-block-heading\"><strong>T\u00edtulo:&nbsp;<\/strong> <a href=\"https:\/\/sucupira.capes.gov.br\/sucupira\/public\/consultas\/coleta\/trabalhoConclusao\/viewTrabalhoConclusao.jsf?popup=true&amp;id_trabalho=12017286#\" data-type=\"link\" data-id=\"https:\/\/sucupira.capes.gov.br\/sucupira\/public\/consultas\/coleta\/trabalhoConclusao\/viewTrabalhoConclusao.jsf?popup=true&amp;id_trabalho=12017286#\"><strong>CUSTOS DIRETOS EM SA\u00daDE P\u00daBLICA: UMA AN\u00c1LISE DA EFICI\u00caNCIA DE UNIDADES B\u00c1SICAS DE SA\u00daDE EM UM MUNIC\u00cdPIO PARANAENSE<\/strong><\/a><\/h6>\n\n\n\n<p><strong>Autora:&nbsp;<\/strong> SUZANA LOUREIRO<br><strong>Banca:&nbsp; <\/strong>Dr. SAULO FABIANO AMANCIO VIEIRA (orientador) (PPGA-UEL), Dra. LETICIA FERNANDES DE NEGREIROS (PPGA-UEL), Dr. JOSE EDUARDO FERREIRA LOPES (UFU)<strong><br>Palavras-chave:&nbsp;<\/strong> administra\u00e7\u00e3o p\u00fablica, efici\u00eancia e sa\u00fade p\u00fablica, an\u00e1lise envolt\u00f3ria de dados, custos em sa\u00fade p\u00fablica, unidades b\u00e1sicas de sa\u00fade<\/p>\n<\/blockquote>\n<\/div>\n\n\n\n<div class=\"wp-block-uel-card\">\n<h4 class=\"wp-block-heading\">07\/11\/2022<\/h4>\n\n\n\n<blockquote class=\"wp-block-quote is-layout-flow wp-block-quote-is-layout-flow\">\n<h6 class=\"wp-block-heading\"><strong>T\u00edtulo:&nbsp;<\/strong> <a href=\"https:\/\/sucupira.capes.gov.br\/sucupira\/public\/consultas\/coleta\/trabalhoConclusao\/viewTrabalhoConclusao.jsf?popup=true&amp;id_trabalho=12039122#\"><strong>DETERMINA\u00c7\u00c3O DO N\u00cdVEL DE SUSTENTABILIDADE EM RESTAURANTES: MODELAGEM POR MEIO DE PR\u00c1TICAS SUSTENT\u00c1VEIS E CONJUNTOS FUZZY<\/strong><\/a><\/h6>\n\n\n\n<p><strong>Autor:&nbsp;<\/strong> THIAGO JOSE LOCURDO COSTA<br><strong>Banca:&nbsp; <\/strong>Dr. REGINALDO FIDELIS (orientador) (PPGA-UEL), Dr. SAULO FABIANO AMANCIO VIEIRA (PPGA-UEL), Dr. EDWIN VLADIMIR CARDOZA GALDAMEZ (UEM)<br><strong>Palavras-chave:&nbsp;<\/strong> sustentabilidade, restaurantes, pr\u00e1ticas, m\u00e9todo<\/p>\n<\/blockquote>\n<\/div>\n\n\n\n<div class=\"wp-block-uel-card\">\n<h4 class=\"wp-block-heading\">30\/08\/2022<\/h4>\n\n\n\n<blockquote class=\"wp-block-quote is-layout-flow wp-block-quote-is-layout-flow\">\n<h6 class=\"wp-block-heading\"><strong>T\u00edtulo:&nbsp;<\/strong> <a href=\"https:\/\/sucupira.capes.gov.br\/sucupira\/public\/consultas\/coleta\/trabalhoConclusao\/viewTrabalhoConclusao.jsf?popup=true&amp;id_trabalho=11677673#\"><strong>EDUCA\u00c7\u00c3O PARA A COOPERA\u00c7\u00c3O: UM ESTUDO SOBRE O PRINC\u00cdPIO EDUCACIONAL COOPERATIVO EM ORGANIZA\u00c7\u00d5ES PARANAENSES<\/strong><\/a><\/h6>\n\n\n\n<p><strong>Autor:&nbsp;<\/strong> CHRYSTIAN BISCARO<br><strong>Banca:<\/strong>&nbsp; LUIS MIGUEL LUZIO DOS SANTOS (orientador) (PPGA-UEL), Dra. SONIA REGINA VARGAS MANSANO (PPGA-UEL), Dr. JO\u00c3O LUIZ PASSADOR (USP)<br><strong>Palavras-chave:<\/strong>&nbsp; Educa\u00e7\u00e3o para a coopera\u00e7\u00e3o, Cooperativismo, Policrises<\/p>\n<\/blockquote>\n<\/div>\n\n\n\n<div class=\"wp-block-uel-card\">\n<h4 class=\"wp-block-heading\">15\/08\/2022<\/h4>\n\n\n\n<blockquote class=\"wp-block-quote is-layout-flow wp-block-quote-is-layout-flow\">\n<h6 class=\"wp-block-heading\"><strong>T\u00edtulo:&nbsp;<\/strong> <strong><a href=\"https:\/\/sucupira.capes.gov.br\/sucupira\/public\/consultas\/coleta\/trabalhoConclusao\/viewTrabalhoConclusao.jsf?popup=true&amp;id_trabalho=11654396#\" data-type=\"link\" data-id=\"https:\/\/sucupira.capes.gov.br\/sucupira\/public\/consultas\/coleta\/trabalhoConclusao\/viewTrabalhoConclusao.jsf?popup=true&amp;id_trabalho=11654396#\">O ATE\u00cdSMO NAS RELA\u00c7\u00d5ES SOCIAIS E DE TRABALHO<\/a><\/strong><\/h6>\n\n\n\n<p><strong>Autor:&nbsp;<\/strong> DIOGO BARROS AZEVEDO<br><strong>Banca:&nbsp; <\/strong>Dra. SONIA REGINA VARGAS MANSANO (orientadora) (PPGA-UEL), Dr. LUIS MIGUEL LUZIO DOS SANTOS (PPGA-UEL), CARLOS EDUARDO VALENTE DULLO<strong> <\/strong>(UFRGS)<strong><br>Palavras-chave:&nbsp;<\/strong>Ate\u00edsmo, Rela\u00e7\u00f5es Sociais, Trabalho, Moral, Disciplina<\/p>\n<\/blockquote>\n<\/div>\n\n\n\n<div class=\"wp-block-uel-card\">\n<h4 class=\"wp-block-heading\">23\/06\/2022<\/h4>\n\n\n\n<blockquote class=\"wp-block-quote is-layout-flow wp-block-quote-is-layout-flow\">\n<h6 class=\"wp-block-heading\"><strong>T\u00edtulo:&nbsp;<a href=\"https:\/\/sucupira.capes.gov.br\/sucupira\/public\/consultas\/coleta\/trabalhoConclusao\/viewTrabalhoConclusao.jsf?popup=true&amp;id_trabalho=11603963#\">O QUE A SAMARCO MINERA\u00c7\u00c3O S.A. FALA E DIZ SOBRE A SUSTENTABILIDADE: NARRATIVAS EMITIDAS ANTES E DEPOIS DO CRIME AMBIENTAL DE MARIANA (MG).<\/a><\/strong><\/h6>\n\n\n\n<p><strong>Autora:&nbsp;<\/strong> CAMILLA ATIBAIA CESTARI<br><strong>Banca:&nbsp; <\/strong>Dr. RAFAEL BORIM DE SOUZA (orientador) (PPGA-UEL), Dra. LUANA MAIA WOIDA (PPGA-UEL), Dra. NATALIA RESE (UFPR)<strong><br>Palavras-chave:&nbsp;<\/strong> Narrativas, Organiza\u00e7\u00f5es, Sustentabilidade, Falar, Dizer<\/p>\n<\/blockquote>\n<\/div>\n\n\n\n<div class=\"wp-block-uel-card\">\n<h4 class=\"wp-block-heading\">23\/02\/2022<\/h4>\n\n\n\n<blockquote class=\"wp-block-quote is-layout-flow wp-block-quote-is-layout-flow\">\n<h6 class=\"wp-block-heading\"><strong>T\u00edtulo:&nbsp;<a href=\"https:\/\/sucupira.capes.gov.br\/sucupira\/public\/consultas\/coleta\/trabalhoConclusao\/viewTrabalhoConclusao.jsf?popup=true&amp;id_trabalho=11438062#\">O ENQUADRAMENTO DOS CORPOS H\u00cdDRICOS, A METAGOVERNAN\u00c7A E A PRODU\u00c7\u00c3O DA NATUREZA BARATA NA BACIA HIDROGR\u00c1FICA DO RIIO TIBAGI-PR<\/a><\/strong><\/h6>\n\n\n\n<p><strong>Autora:&nbsp;<\/strong>KAUANA ROSA DA SILVA<strong><br>Banca:&nbsp;<\/strong> Dr. BENILSON BORINELLI (orientador) (PPGA-UEL),&nbsp;Dra. MARIA ELISABETE PEREIRA DOS SANTOS (UFBA),&nbsp;Dr. PAULO MARCELO FERRARESE PEGINO (PPGA-UEL)<strong><br>Palavras-chave:&nbsp;<\/strong>Metagovernan\u00e7a, Natureza Barata, Estado, Recursos H\u00eddricos, \u00c1gua<\/p>\n<\/blockquote>\n<\/div>\n\n\n\n<div class=\"wp-block-group\"><div class=\"wp-block-group__inner-container is-layout-constrained wp-block-group-is-layout-constrained\">\n<div class=\"wp-block-uel-card\">\n<h4 class=\"wp-block-heading\">22\/02\/2022<\/h4>\n\n\n\n<blockquote class=\"wp-block-quote is-layout-flow wp-block-quote-is-layout-flow\">\n<h6 class=\"wp-block-heading\"><strong><strong>T\u00edtulo:&nbsp;<strong> <a href=\"https:\/\/sucupira.capes.gov.br\/sucupira\/public\/consultas\/coleta\/trabalhoConclusao\/viewTrabalhoConclusao.jsf?popup=true&amp;id_trabalho=11438325#\" data-type=\"link\" data-id=\"https:\/\/sucupira.capes.gov.br\/sucupira\/public\/consultas\/coleta\/trabalhoConclusao\/viewTrabalhoConclusao.jsf?popup=true&amp;id_trabalho=11438325#\">ENTRE JOANA E JO\u00c3O: IMPASSES DA VULNERABILIDADE PARA UM CORPO CONSTITU\u00cdDO COMO ININTELIG\u00cdVEL<\/a><\/strong><\/strong><\/strong><\/h6>\n\n\n\n<p><strong>Autor:&nbsp;<\/strong>EDUARDO MILANI BOSELLI<br><strong>Banca:<\/strong>&nbsp;Dra. ADRIANA DA SILVA VINHOLI RAMPAZO (orientadora) (PPGA-UEL),&nbsp;Dra. ANGELA COUTO MACHADO FONSECA (UFPR),&nbsp;Dr. BENILSON BORINELLI (PPGA-UEL)<br><strong>Palavras-chave:&nbsp;<\/strong>Corpos, Inteligibilidade, Vulnerabilidade, Trabalho<\/p>\n<\/blockquote>\n<\/div>\n<\/div><\/div>\n\n\n\n<p><\/p>\n","protected":false},"excerpt":{"rendered":"<p>retornar ao \u00edndice de disserta\u00e7\u00f5es defendidas<\/p>\n","protected":false},"author":8,"featured_media":0,"parent":0,"menu_order":0,"comment_status":"closed","ping_status":"closed","template":"","meta":{"footnotes":""},"class_list":["post-587","page","type-page","status-publish","hentry"],"acf":[],"_links":{"self":[{"href":"https:\/\/pos.uel.br\/ppga\/wp-json\/wp\/v2\/pages\/587","targetHints":{"allow":["GET"]}}],"collection":[{"href":"https:\/\/pos.uel.br\/ppga\/wp-json\/wp\/v2\/pages"}],"about":[{"href":"https:\/\/pos.uel.br\/ppga\/wp-json\/wp\/v2\/types\/page"}],"author":[{"embeddable":true,"href":"https:\/\/pos.uel.br\/ppga\/wp-json\/wp\/v2\/users\/8"}],"replies":[{"embeddable":true,"href":"https:\/\/pos.uel.br\/ppga\/wp-json\/wp\/v2\/comments?post=587"}],"version-history":[{"count":29,"href":"https:\/\/pos.uel.br\/ppga\/wp-json\/wp\/v2\/pages\/587\/revisions"}],"predecessor-version":[{"id":2032,"href":"https:\/\/pos.uel.br\/ppga\/wp-json\/wp\/v2\/pages\/587\/revisions\/2032"}],"wp:attachment":[{"href":"https:\/\/pos.uel.br\/ppga\/wp-json\/wp\/v2\/media?parent=587"}],"curies":[{"name":"wp","href":"https:\/\/api.w.org\/{rel}","templated":true}]}}