{"id":503,"date":"2023-11-13T14:56:10","date_gmt":"2023-11-13T17:56:10","guid":{"rendered":"https:\/\/pos.uel.br\/ppga\/?page_id=503"},"modified":"2026-03-23T16:26:49","modified_gmt":"2026-03-23T19:26:49","slug":"corpo-discente","status":"publish","type":"page","link":"https:\/\/pos.uel.br\/ppga\/corpo-discente\/","title":{"rendered":"Discentes e Egressos"},"content":{"rendered":"\n<div class=\"wp-block-uel-card\">\n<p>Mais informa\u00e7\u00f5es sobre os discentes e egressos (em breve)<\/p>\n<\/div>\n\n\n\n<div class=\"wp-block-uel-card\">\n<p>O PPGA-UEL \u00e9 refer\u00eancia na forma\u00e7\u00e3o de mestres em Administra\u00e7\u00e3o, consolidando-se como o \u00fanico programa de Mestrado na regi\u00e3o metropolitana de Londrina. Desde 2010, j\u00e1 titulamos&nbsp;<strong>141 mestres<\/strong>, profissionais que hoje atuam em destaque nas \u00e1reas de&nbsp;<strong>pesquisa<\/strong>,&nbsp;<strong>doc\u00eancia<\/strong>&nbsp;e&nbsp;<strong>gest\u00e3o<\/strong>, tanto em organiza\u00e7\u00f5es p\u00fablicas e privadas quanto em institui\u00e7\u00f5es de ensino no Brasil e no exterior.<\/p>\n\n\n\n<p>Nosso programa atrai estudantes de&nbsp;<strong>todas as regi\u00f5es do pa\u00eds<\/strong>, al\u00e9m da regi\u00e3o de Londrina e do estado do Paran\u00e1. Essa diversidade enriquece o ambiente acad\u00eamico, promovendo trocas de experi\u00eancias e perspectivas que ampliam o aprendizado e fortalecem a forma\u00e7\u00e3o cr\u00edtica e interdisciplinar.<\/p>\n\n\n\n<p>Ao concluir o programa, nossos egressos est\u00e3o preparados para:<\/p>\n\n\n\n<ul class=\"wp-block-list\">\n<li>Ingressar em&nbsp;<strong>programas de doutorado<\/strong>&nbsp;renomados no Brasil e no exterior.<\/li>\n\n\n\n<li>Participar de&nbsp;<strong>interc\u00e2mbios sandu\u00edche<\/strong>&nbsp;e colabora\u00e7\u00f5es internacionais.<\/li>\n\n\n\n<li>Atuar como&nbsp;<strong>docentes<\/strong>&nbsp;em institui\u00e7\u00f5es de ensino superior.<\/li>\n\n\n\n<li>Desempenhar fun\u00e7\u00f5es estrat\u00e9gicas em&nbsp;<strong>organiza\u00e7\u00f5es p\u00fablicas e privadas<\/strong>, contribuindo para a inova\u00e7\u00e3o e a sustentabilidade.<\/li>\n<\/ul>\n\n\n\n<p>A s\u00f3lida forma\u00e7\u00e3o oferecida pelo PPGA-UEL combina teoria e pr\u00e1tica, preparando profissionais e pesquisadores para os desafios contempor\u00e2neos da Administra\u00e7\u00e3o. Nosso compromisso \u00e9 com a excel\u00eancia acad\u00eamica e o impacto social, formando l\u00edderes que transformam organiza\u00e7\u00f5es e contribuem para o desenvolvimento da sociedade.<\/p>\n<\/div>\n\n\n\n<div class=\"wp-block-group\"><div class=\"wp-block-group__inner-container is-layout-flow wp-block-group-is-layout-flow\">\n<div class=\"wp-block-group\"><div class=\"wp-block-group__inner-container is-layout-flow wp-block-group-is-layout-flow\">\n<h2 class=\"wp-block-heading\">Turma 2026<\/h2>\n\n\n\n<div class=\"wp-block-columns is-layout-flex wp-container-core-columns-is-layout-9d6595d7 wp-block-columns-is-layout-flex\">\n<div class=\"wp-block-column is-layout-flow wp-block-column-is-layout-flow\">\n<figure class=\"wp-block-table\"><table class=\"has-site-background-color has-primary-accent-background-color has-text-color has-background\"><tbody><tr><td class=\"has-text-align-center\" data-align=\"center\"><strong>GEST\u00c3O DE ORGANIZA\u00c7\u00d5ES<\/strong><\/td><\/tr><\/tbody><\/table><\/figure>\n\n\n\n<ol class=\"wp-block-list\">\n<li>Ang\u00e9lica Cristina Cordeiro Moreira<\/li>\n\n\n\n<li>Anuar Ancioto Issa<\/li>\n\n\n\n<li>Carlos Alberto Ferreira<\/li>\n\n\n\n<li>Cleiton Adriano Rosa Machado<\/li>\n\n\n\n<li>Fabricio Lombardi Maldonado<\/li>\n\n\n\n<li>Larissa Gabriele Carvalho Yoshida<\/li>\n\n\n\n<li>Leonardo Rodrigues Costa<\/li>\n\n\n\n<li>Marco Antonio Fortunato David<\/li>\n\n\n\n<li>Marinno Arthur G C S Berno<\/li>\n\n\n\n<li>Nathalia Fassula Venancio<\/li>\n\n\n\n<li>Wallner Eizo Okano<\/li>\n<\/ol>\n<\/div>\n\n\n\n<div class=\"wp-block-column is-layout-flow wp-block-column-is-layout-flow\">\n<figure class=\"wp-block-table\"><table class=\"has-site-background-color has-primary-accent-background-color has-text-color has-background\"><tbody><tr><td class=\"has-text-align-center\" data-align=\"center\"><strong>ORGANIZA\u00c7\u00d5ES, PODER E SOCIEDADE<\/strong><\/td><\/tr><\/tbody><\/table><\/figure>\n\n\n\n<ol class=\"wp-block-list\">\n<li>Alan Gorveia Rocha Souza<\/li>\n\n\n\n<li>Debora Patricia Yonezawa<\/li>\n\n\n\n<li>Deonisio Atanasio Dengo<\/li>\n\n\n\n<li>Diego Emerson Adancheski<\/li>\n\n\n\n<li>Erika Nara Gomes Hosaka<\/li>\n\n\n\n<li>Fabio Ribeiro Ponciano<\/li>\n\n\n\n<li>Fl\u00e1vio Regatieri de Assis<\/li>\n\n\n\n<li>Giovanna Pereira Pessoa<\/li>\n\n\n\n<li>Ingridy Praciano Fernandes Teixeira<\/li>\n\n\n\n<li>Jo\u00e3o Vitor da Silva Augusto<\/li>\n\n\n\n<li>Leandro Augusto do Amaral<\/li>\n\n\n\n<li>Luis Maravilha de Azevedo Filho<\/li>\n\n\n\n<li>Marcos Eduardo Bittencourt Bruce<\/li>\n\n\n\n<li>Maria Eduarda Gomes Semprebom<\/li>\n\n\n\n<li>Renan Casarin Munhoes<\/li>\n\n\n\n<li>Rosemary Funmilola Bohan<\/li>\n<\/ol>\n<\/div>\n<\/div>\n\n\n\n<hr class=\"wp-block-separator has-text-color has-primary-accent-color has-alpha-channel-opacity has-primary-accent-background-color has-background is-style-wide\" \/>\n<\/div><\/div>\n\n\n\n<div class=\"wp-block-group\"><div class=\"wp-block-group__inner-container is-layout-flow wp-block-group-is-layout-flow\">\n<h2 class=\"wp-block-heading\">Turma 2025<\/h2>\n\n\n\n<div class=\"wp-block-columns is-layout-flex wp-container-core-columns-is-layout-9d6595d7 wp-block-columns-is-layout-flex\">\n<div class=\"wp-block-column is-layout-flow wp-block-column-is-layout-flow\">\n<figure class=\"wp-block-table\"><table class=\"has-site-background-color has-primary-accent-background-color has-text-color has-background\"><tbody><tr><td class=\"has-text-align-center\" data-align=\"center\"><strong>GEST\u00c3O DE ORGANIZA\u00c7\u00d5ES<\/strong><\/td><\/tr><\/tbody><\/table><\/figure>\n\n\n\n<ol class=\"wp-block-list\">\n<li>Fabio Rabello Cardoso Teixeira<\/li>\n\n\n\n<li>Felipe Matsuda Kunioka<\/li>\n\n\n\n<li>Fernanda Meiliz Abe da Silva<\/li>\n\n\n\n<li>Joice Macedo Lesniovski<\/li>\n\n\n\n<li>N\u00e1gila Brand\u00e3o dos Santos<\/li>\n\n\n\n<li>Otavio Augusto Alves Heguedusch Mir<\/li>\n\n\n\n<li>Patr\u00edcia Praxedes Bonif\u00e1cio Fernand<\/li>\n\n\n\n<li>Rodrigo Calero Gluck de Souza<\/li>\n\n\n\n<li>Sarah Gimenes Vieira<\/li>\n\n\n\n<li>Suzana Fernandes Lima<\/li>\n\n\n\n<li>Viviane Galadinovic Aramcollo Rodri<\/li>\n<\/ol>\n<\/div>\n\n\n\n<div class=\"wp-block-column is-layout-flow wp-block-column-is-layout-flow\">\n<figure class=\"wp-block-table\"><table class=\"has-site-background-color has-primary-accent-background-color has-text-color has-background\"><tbody><tr><td class=\"has-text-align-center\" data-align=\"center\"><strong>ORGANIZA\u00c7\u00d5ES, PODER E SOCIEDADE<\/strong><\/td><\/tr><\/tbody><\/table><\/figure>\n\n\n\n<ol class=\"wp-block-list\">\n<li>Alexandra Paula Yusiasu dos Santos<\/li>\n\n\n\n<li>Adriellem Natalia Neves Simoes<\/li>\n\n\n\n<li>Beatriz Mariana Costanzi<\/li>\n\n\n\n<li>Caroline Araujo Ferreira<\/li>\n\n\n\n<li>Leonardo Ambrosio Dias Plath<\/li>\n\n\n\n<li>Lucas Pereira de Souza<\/li>\n\n\n\n<li>Maria Eduarda Siqueira Ferreira<\/li>\n\n\n\n<li>Oseias de Souza Pereira<\/li>\n\n\n\n<li>Paula Fernandes D\u2019Espirito<\/li>\n\n\n\n<li>Tatiane Elisabete Amaro Costa<\/li>\n\n\n\n<li>Thi\u00e9rry Willian de Moura Coelho<\/li>\n<\/ol>\n<\/div>\n<\/div>\n\n\n\n<hr class=\"wp-block-separator has-text-color has-primary-accent-color has-alpha-channel-opacity has-primary-accent-background-color has-background is-style-wide\" \/>\n<\/div><\/div>\n<\/div><\/div>\n\n\n\n<div class=\"wp-block-group\"><div class=\"wp-block-group__inner-container is-layout-flow wp-block-group-is-layout-flow\">\n<div class=\"wp-block-group\"><div class=\"wp-block-group__inner-container is-layout-flow wp-block-group-is-layout-flow\">\n<h2 class=\"wp-block-heading\">Turma 2024<\/h2>\n\n\n\n<div class=\"wp-block-columns is-layout-flex wp-container-core-columns-is-layout-9d6595d7 wp-block-columns-is-layout-flex\">\n<div class=\"wp-block-column is-layout-flow wp-block-column-is-layout-flow\">\n<figure class=\"wp-block-table\"><table class=\"has-site-background-color has-primary-accent-background-color has-text-color has-background\"><tbody><tr><td class=\"has-text-align-center\" data-align=\"center\"><strong>GEST\u00c3O DE ORGANIZA\u00c7\u00d5ES<\/strong><\/td><\/tr><\/tbody><\/table><\/figure>\n\n\n\n<ol class=\"wp-block-list\">\n<li>Carlos Renato Santos Garcia<\/li>\n\n\n\n<li>Gracieli de Abreu Simplicio<\/li>\n\n\n\n<li>Junior de Oliveira Ferreira<\/li>\n\n\n\n<li>Majeane Ara\u00fajo da Silva Menezes<\/li>\n\n\n\n<li>Mariana Liaschi Mazuchini<\/li>\n\n\n\n<li>Patr\u00edcia Dias<\/li>\n\n\n\n<li>Paula Carolina Rocha Menezes<\/li>\n\n\n\n<li>Weslei Antonio de Souza Andrade<\/li>\n<\/ol>\n<\/div>\n\n\n\n<div class=\"wp-block-column is-layout-flow wp-block-column-is-layout-flow\">\n<figure class=\"wp-block-table\"><table class=\"has-site-background-color has-primary-accent-background-color has-text-color has-background\"><tbody><tr><td class=\"has-text-align-center\" data-align=\"center\"><strong>ORGANIZA\u00c7\u00d5ES, PODER E SOCIEDADE<\/strong><\/td><\/tr><\/tbody><\/table><\/figure>\n\n\n\n<ol class=\"wp-block-list\">\n<li>Douglas Wellinson Secco<\/li>\n\n\n\n<li>Isabela Carletto Carvalho Brunelli Paccola<\/li>\n\n\n\n<li>Patricia de Almeida de Paula<\/li>\n\n\n\n<li>Zero Dalmaso Carmona<\/li>\n<\/ol>\n<\/div>\n<\/div>\n\n\n\n<hr class=\"wp-block-separator has-text-color has-primary-accent-color has-alpha-channel-opacity has-primary-accent-background-color has-background is-style-wide\" \/>\n<\/div><\/div>\n<\/div><\/div>\n\n\n\n<div class=\"wp-block-group\"><div class=\"wp-block-group__inner-container is-layout-flow wp-block-group-is-layout-flow\">\n<div class=\"wp-block-group\"><div class=\"wp-block-group__inner-container is-layout-flow wp-block-group-is-layout-flow\">\n<h2 class=\"wp-block-heading\">Turma 2023<\/h2>\n\n\n\n<div class=\"wp-block-columns is-layout-flex wp-container-core-columns-is-layout-9d6595d7 wp-block-columns-is-layout-flex\">\n<div class=\"wp-block-column is-layout-flow wp-block-column-is-layout-flow\">\n<figure class=\"wp-block-table\"><table class=\"has-site-background-color has-primary-accent-background-color has-text-color has-background\"><tbody><tr><td class=\"has-text-align-center\" data-align=\"center\"><strong>GEST\u00c3O DE ORGANIZA\u00c7\u00d5ES<\/strong><\/td><\/tr><\/tbody><\/table><\/figure>\n\n\n\n<ol class=\"wp-block-list\">\n<li>Ana Paula Tamiko Matuo<\/li>\n\n\n\n<li>Carla Daiani Dalto Tomeleri<\/li>\n\n\n\n<li>Eliseu Aguiar de Gouveia<\/li>\n\n\n\n<li>Fernando Marino Ramalho<\/li>\n\n\n\n<li>Guilherme Godoy Silva Giacheti<\/li>\n\n\n\n<li>Natalia Maria Simoes Silva<\/li>\n<\/ol>\n<\/div>\n\n\n\n<div class=\"wp-block-column is-layout-flow wp-block-column-is-layout-flow\">\n<figure class=\"wp-block-table\"><table class=\"has-site-background-color has-primary-accent-background-color has-text-color has-background\"><tbody><tr><td class=\"has-text-align-center\" data-align=\"center\"><strong>ORGANIZA\u00c7\u00d5ES, PODER E SOCIEDADE<\/strong><\/td><\/tr><\/tbody><\/table><\/figure>\n\n\n\n<ol class=\"wp-block-list\">\n<li>Ana Claudia Ribeiro<\/li>\n\n\n\n<li>Maicon Queiroz<\/li>\n\n\n\n<li>Natasha de Araujo Cezar<\/li>\n<\/ol>\n<\/div>\n<\/div>\n\n\n\n<hr class=\"wp-block-separator has-text-color has-primary-accent-color has-alpha-channel-opacity has-primary-accent-background-color has-background is-style-wide\" \/>\n<\/div><\/div>\n<\/div><\/div>\n\n\n\n<div class=\"wp-block-group\"><div class=\"wp-block-group__inner-container is-layout-flow wp-block-group-is-layout-flow\">\n<div class=\"wp-block-group\"><div class=\"wp-block-group__inner-container is-layout-flow wp-block-group-is-layout-flow\">\n<h2 class=\"wp-block-heading\">Turma 2022<\/h2>\n\n\n\n<div class=\"wp-block-columns is-layout-flex wp-container-core-columns-is-layout-9d6595d7 wp-block-columns-is-layout-flex\">\n<div class=\"wp-block-column is-layout-flow wp-block-column-is-layout-flow\">\n<figure class=\"wp-block-table\"><table class=\"has-site-background-color has-primary-accent-background-color has-text-color has-background\"><tbody><tr><td class=\"has-text-align-center\" data-align=\"center\"><strong>GEST\u00c3O DE ORGANIZA\u00c7\u00d5ES<\/strong><\/td><\/tr><\/tbody><\/table><\/figure>\n\n\n\n<ol class=\"wp-block-list\">\n<li>Claudia Abe Gargel Luengo<\/li>\n\n\n\n<li>Daniela Mayumi Yamaji<\/li>\n\n\n\n<li>Jose Hugo de Souza Goulart<\/li>\n<\/ol>\n<\/div>\n\n\n\n<div class=\"wp-block-column is-layout-flow wp-block-column-is-layout-flow\">\n<figure class=\"wp-block-table\"><table class=\"has-site-background-color has-primary-accent-background-color has-text-color has-background\"><tbody><tr><td class=\"has-text-align-center\" data-align=\"center\"><strong>ORGANIZA\u00c7\u00d5ES, PODER E SOCIEDADE<\/strong><\/td><\/tr><\/tbody><\/table><\/figure>\n\n\n\n<ol class=\"wp-block-list\">\n<li>Amanda Keren Frois<\/li>\n\n\n\n<li>Giovana Marques Sobrinho<\/li>\n\n\n\n<li>Juliana Cristina Monteiro Righetto<\/li>\n\n\n\n<li>Lucas Felipe da Silva Vaz<\/li>\n\n\n\n<li>Tales Leon Biazao Sanches<\/li>\n\n\n\n<li>Vania Antunes Domingues da Costa<\/li>\n\n\n\n<li>Yasmin Shawani Fernandes<\/li>\n<\/ol>\n<\/div>\n<\/div>\n\n\n\n<hr class=\"wp-block-separator has-text-color has-primary-accent-color has-alpha-channel-opacity has-primary-accent-background-color has-background is-style-wide\" \/>\n<\/div><\/div>\n<\/div><\/div>\n\n\n\n<div class=\"wp-block-group\"><div class=\"wp-block-group__inner-container is-layout-flow wp-block-group-is-layout-flow\">\n<div class=\"wp-block-group\"><div class=\"wp-block-group__inner-container is-layout-flow wp-block-group-is-layout-flow\">\n<h2 class=\"wp-block-heading\">Turma 2021<\/h2>\n\n\n\n<p>Em virtude da pandemia de Covid-19, n\u00e3o houve abertura de turma em 2021<\/p>\n\n\n\n<div class=\"wp-block-columns is-layout-flex wp-container-core-columns-is-layout-9d6595d7 wp-block-columns-is-layout-flex\">\n<div class=\"wp-block-column is-layout-flow wp-block-column-is-layout-flow\">\n<figure class=\"wp-block-table\"><table class=\"has-site-background-color has-primary-accent-background-color has-text-color has-background\"><tbody><tr><td class=\"has-text-align-center\" data-align=\"center\"><strong>GEST\u00c3O DE ORGANIZA\u00c7\u00d5ES<\/strong><\/td><\/tr><\/tbody><\/table><\/figure>\n<\/div>\n\n\n\n<div class=\"wp-block-column is-layout-flow wp-block-column-is-layout-flow\">\n<figure class=\"wp-block-table\"><table class=\"has-site-background-color has-primary-accent-background-color has-text-color has-background\"><tbody><tr><td class=\"has-text-align-center\" data-align=\"center\"><strong><strong><strong>POL\u00cdTICA E GEST\u00c3O SOCIOAMBIENTAL<\/strong><\/strong><\/strong><\/td><\/tr><\/tbody><\/table><\/figure>\n<\/div>\n<\/div>\n\n\n\n<hr class=\"wp-block-separator has-text-color has-primary-accent-color has-alpha-channel-opacity has-primary-accent-background-color has-background is-style-wide\" \/>\n<\/div><\/div>\n\n\n\n<div class=\"wp-block-group\"><div class=\"wp-block-group__inner-container is-layout-flow wp-block-group-is-layout-flow\">\n<h2 class=\"wp-block-heading\">Turma 2020<\/h2>\n\n\n\n<div class=\"wp-block-columns is-layout-flex wp-container-core-columns-is-layout-9d6595d7 wp-block-columns-is-layout-flex\">\n<div class=\"wp-block-column is-layout-flow wp-block-column-is-layout-flow\">\n<figure class=\"wp-block-table\"><table class=\"has-site-background-color has-primary-accent-background-color has-text-color has-background\"><tbody><tr><td class=\"has-text-align-center\" data-align=\"center\"><strong>GEST\u00c3O DE ORGANIZA\u00c7\u00d5ES<\/strong><\/td><\/tr><\/tbody><\/table><\/figure>\n\n\n\n<ol class=\"wp-block-list\">\n<li>Mariana Conti Oliveira<\/li>\n\n\n\n<li>Nelci Lopes de Lima Junior<\/li>\n\n\n\n<li>Rodrigo Maia Marinello<\/li>\n\n\n\n<li>Suzana Loureiro<\/li>\n\n\n\n<li>Vagner de Meira Nascimento<\/li>\n<\/ol>\n<\/div>\n\n\n\n<div class=\"wp-block-column is-layout-flow wp-block-column-is-layout-flow\">\n<figure class=\"wp-block-table\"><table class=\"has-site-background-color has-primary-accent-background-color has-text-color has-background\"><tbody><tr><td class=\"has-text-align-center\" data-align=\"center\"><strong><strong><strong>POL\u00cdTICA E GEST\u00c3O SOCIOAMBIENTAL<\/strong><\/strong><\/strong><\/td><\/tr><\/tbody><\/table><\/figure>\n\n\n\n<ol class=\"wp-block-list\">\n<li>Caroline Nayara Marilac Flor<\/li>\n\n\n\n<li>Chrystian Biscaro<\/li>\n\n\n\n<li>Diogo Barros Azevedo<\/li>\n\n\n\n<li>Felipe Nepomuceno Coimbra Santos<\/li>\n<\/ol>\n<\/div>\n<\/div>\n\n\n\n<hr class=\"wp-block-separator has-text-color has-primary-accent-color has-alpha-channel-opacity has-primary-accent-background-color has-background is-style-wide\" \/>\n<\/div><\/div>\n\n\n\n<div class=\"wp-block-group\"><div class=\"wp-block-group__inner-container is-layout-flow wp-block-group-is-layout-flow\">\n<h2 class=\"wp-block-heading\">Turma 2019<\/h2>\n\n\n\n<div class=\"wp-block-columns is-layout-flex wp-container-core-columns-is-layout-9d6595d7 wp-block-columns-is-layout-flex\">\n<div class=\"wp-block-column is-layout-flow wp-block-column-is-layout-flow\">\n<figure class=\"wp-block-table\"><table class=\"has-site-background-color has-primary-accent-background-color has-text-color has-background\"><tbody><tr><td class=\"has-text-align-center\" data-align=\"center\"><strong>GEST\u00c3O DE ORGANIZA\u00c7\u00d5ES<\/strong><\/td><\/tr><\/tbody><\/table><\/figure>\n\n\n\n<ol class=\"wp-block-list\">\n<li>Camilla Atibaia Cestari<\/li>\n\n\n\n<li>Ewerton Roberto Inocencio<\/li>\n\n\n\n<li>Glauciene Izaltina Tassi<\/li>\n\n\n\n<li>Joao Gabriel Dias dos Santos<\/li>\n\n\n\n<li>Juliana Camargo de Aguiar<\/li>\n\n\n\n<li>Simone Rezende da Silva<\/li>\n<\/ol>\n<\/div>\n\n\n\n<div class=\"wp-block-column is-layout-flow wp-block-column-is-layout-flow\">\n<figure class=\"wp-block-table\"><table class=\"has-site-background-color has-primary-accent-background-color has-text-color has-background\"><tbody><tr><td class=\"has-text-align-center\" data-align=\"center\"><strong><strong><strong>POL\u00cdTICA E GEST\u00c3O SOCIOAMBIENTAL<\/strong><\/strong><\/strong><\/td><\/tr><\/tbody><\/table><\/figure>\n\n\n\n<ol class=\"wp-block-list\">\n<li>Eduardo Milani Boselli<\/li>\n\n\n\n<li>Jean Carlos Mendes da Rocha<\/li>\n\n\n\n<li>Josiane Rowiechi<\/li>\n\n\n\n<li>Kauana Rosa da Silva<\/li>\n\n\n\n<li>Luis Paulo Nallin de Oliveira<\/li>\n<\/ol>\n<\/div>\n<\/div>\n\n\n\n<hr class=\"wp-block-separator has-text-color has-primary-accent-color has-alpha-channel-opacity has-primary-accent-background-color has-background is-style-wide\" \/>\n<\/div><\/div>\n\n\n\n<div class=\"wp-block-group\"><div class=\"wp-block-group__inner-container is-layout-flow wp-block-group-is-layout-flow\">\n<h2 class=\"wp-block-heading\">Turma 2018<\/h2>\n\n\n\n<div class=\"wp-block-columns is-layout-flex wp-container-core-columns-is-layout-9d6595d7 wp-block-columns-is-layout-flex\">\n<div class=\"wp-block-column is-layout-flow wp-block-column-is-layout-flow\">\n<figure class=\"wp-block-table\"><table class=\"has-site-background-color has-primary-accent-background-color has-text-color has-background\"><tbody><tr><td class=\"has-text-align-center\" data-align=\"center\"><strong>GEST\u00c3O DE ORGANIZA\u00c7\u00d5ES<\/strong><\/td><\/tr><\/tbody><\/table><\/figure>\n\n\n\n<ol class=\"wp-block-list\">\n<li>Janaina Rufini Ferreira<\/li>\n\n\n\n<li>Jefferson Henrique Correa<\/li>\n\n\n\n<li>Juliana dos Santos Menezes Marques<\/li>\n\n\n\n<li>Monica de Cassia Borges da Silva<\/li>\n\n\n\n<li>Nuria Akemi Valentim Hocama<\/li>\n\n\n\n<li>Paula Piassa das Neves<\/li>\n\n\n\n<li>Renan Passos de Azevedo<\/li>\n\n\n\n<li>Renata Depieri Viegas<\/li>\n\n\n\n<li>Ricardo Jose Peres<\/li>\n\n\n\n<li>Wagner Rodrigues<\/li>\n<\/ol>\n<\/div>\n\n\n\n<div class=\"wp-block-column is-layout-flow wp-block-column-is-layout-flow\">\n<figure class=\"wp-block-table\"><table class=\"has-site-background-color has-primary-accent-background-color has-text-color has-background\"><tbody><tr><td class=\"has-text-align-center\" data-align=\"center\"><strong><strong><strong>POL\u00cdTICA E GEST\u00c3O SOCIOAMBIENTAL<\/strong><\/strong><\/strong><\/td><\/tr><\/tbody><\/table><\/figure>\n\n\n\n<ol class=\"wp-block-list\">\n<li>Andre Rodrigues Silveira<\/li>\n\n\n\n<li>Bianca Schimdt de Sa<\/li>\n\n\n\n<li>Cesar Henrique da Silva<\/li>\n\n\n\n<li>Eduardo Camargo de Aguiar<\/li>\n\n\n\n<li>Luiz Eduardo Pereira Batista<\/li>\n\n\n\n<li>Sergio Ricardo Vitiello<\/li>\n\n\n\n<li>Viviane Beraldo Rosolen<\/li>\n<\/ol>\n<\/div>\n<\/div>\n\n\n\n<hr class=\"wp-block-separator has-text-color has-primary-accent-color has-alpha-channel-opacity has-primary-accent-background-color has-background is-style-wide\" \/>\n<\/div><\/div>\n\n\n\n<div class=\"wp-block-group\"><div class=\"wp-block-group__inner-container is-layout-flow wp-block-group-is-layout-flow\">\n<h2 class=\"wp-block-heading\">Turma 2017<\/h2>\n\n\n\n<div class=\"wp-block-columns is-layout-flex wp-container-core-columns-is-layout-9d6595d7 wp-block-columns-is-layout-flex\">\n<div class=\"wp-block-column is-layout-flow wp-block-column-is-layout-flow\">\n<figure class=\"wp-block-table\"><table class=\"has-site-background-color has-primary-accent-background-color has-text-color has-background\"><tbody><tr><td class=\"has-text-align-center\" data-align=\"center\"><strong>GEST\u00c3O DE ORGANIZA\u00c7\u00d5ES<\/strong><\/td><\/tr><\/tbody><\/table><\/figure>\n\n\n\n<ol class=\"wp-block-list\">\n<li>Alexandre Trevizan Borges<\/li>\n\n\n\n<li>Barbara Ivy Crema de Vasconcelos<\/li>\n\n\n\n<li>Beatriz Lima Zanoni<\/li>\n\n\n\n<li>Bruno Hisamatsu<\/li>\n\n\n\n<li>Jacques Haruo Fukushigue Chiba<\/li>\n\n\n\n<li>Joice Carla de Oliveira Corgosinho<\/li>\n\n\n\n<li>Maria Fernanda Alves Tomiotto<\/li>\n\n\n\n<li>Pablo Henrique Paschoal Capucho<\/li>\n\n\n\n<li>Thiago Jose Locurdo Costa<\/li>\n\n\n\n<li>Valdinei Juliano Pereira<\/li>\n<\/ol>\n<\/div>\n\n\n\n<div class=\"wp-block-column is-layout-flow wp-block-column-is-layout-flow\">\n<figure class=\"wp-block-table\"><table class=\"has-site-background-color has-primary-accent-background-color has-text-color has-background\"><tbody><tr><td class=\"has-text-align-center\" data-align=\"center\"><strong><strong><strong>POL\u00cdTICA E GEST\u00c3O SOCIOAMBIENTAL<\/strong><\/strong><\/strong><\/td><\/tr><\/tbody><\/table><\/figure>\n\n\n\n<ol class=\"wp-block-list\">\n<li>Ana Maria da Rocha Perigo<\/li>\n\n\n\n<li>Ednar Rafaela Mieko Shimohigashi<\/li>\n\n\n\n<li>Isabeli Ramos Neves Fernandes<\/li>\n\n\n\n<li>Jose Claudio Pereira<\/li>\n\n\n\n<li>Sebastian Francisco Lupera Valencia<\/li>\n<\/ol>\n<\/div>\n<\/div>\n\n\n\n<hr class=\"wp-block-separator has-text-color has-primary-accent-color has-alpha-channel-opacity has-primary-accent-background-color has-background is-style-wide\" \/>\n<\/div><\/div>\n\n\n\n<div class=\"wp-block-group\"><div class=\"wp-block-group__inner-container is-layout-flow wp-block-group-is-layout-flow\">\n<h2 class=\"wp-block-heading\">Turma 2016<\/h2>\n\n\n\n<div class=\"wp-block-columns is-layout-flex wp-container-core-columns-is-layout-9d6595d7 wp-block-columns-is-layout-flex\">\n<div class=\"wp-block-column is-layout-flow wp-block-column-is-layout-flow\">\n<figure class=\"wp-block-table\"><table class=\"has-site-background-color has-primary-accent-background-color has-text-color has-background\"><tbody><tr><td class=\"has-text-align-center\" data-align=\"center\"><strong>GEST\u00c3O DE ORGANIZA\u00c7\u00d5ES<\/strong><\/td><\/tr><\/tbody><\/table><\/figure>\n\n\n\n<ol class=\"wp-block-list\">\n<li>Aline Munhoz Santana<\/li>\n\n\n\n<li>Camila Cristina Ferreira<\/li>\n\n\n\n<li>Camila Moliani Ferri<\/li>\n\n\n\n<li>Natalia da Silva Malagutti Santos<\/li>\n\n\n\n<li>Rodrigo Libanez Melan<\/li>\n\n\n\n<li>Thiago Spiri Ferreira<\/li>\n\n\n\n<li>Tiago Rodrigues Garcia<\/li>\n<\/ol>\n<\/div>\n\n\n\n<div class=\"wp-block-column is-layout-flow wp-block-column-is-layout-flow\">\n<figure class=\"wp-block-table\"><table class=\"has-site-background-color has-primary-accent-background-color has-text-color has-background\"><tbody><tr><td class=\"has-text-align-center\" data-align=\"center\"><strong><strong><strong>POL\u00cdTICA E GEST\u00c3O SOCIOAMBIENTAL<\/strong><\/strong><\/strong><\/td><\/tr><\/tbody><\/table><\/figure>\n\n\n\n<ol class=\"wp-block-list\">\n<li>Dayane Cristina de Almeida<\/li>\n\n\n\n<li>Juliana Nakamura Gallassi<\/li>\n\n\n\n<li>Larissa Chaline Lopes Lima<\/li>\n\n\n\n<li>Lucas Henrique de Souza<\/li>\n\n\n\n<li>Luiz Fernando Camargo<\/li>\n\n\n\n<li>Maite Morgana Uhlmann<\/li>\n\n\n\n<li>Matheus Toledo Bechara<\/li>\n\n\n\n<li>Raphaela Amaoka Bernardino<\/li>\n<\/ol>\n<\/div>\n<\/div>\n\n\n\n<hr class=\"wp-block-separator has-text-color has-primary-accent-color has-alpha-channel-opacity has-primary-accent-background-color has-background is-style-wide\" \/>\n<\/div><\/div>\n\n\n\n<div class=\"wp-block-group\"><div class=\"wp-block-group__inner-container is-layout-flow wp-block-group-is-layout-flow\">\n<h2 class=\"wp-block-heading\">Turma 2015<\/h2>\n\n\n\n<div class=\"wp-block-columns is-layout-flex wp-container-core-columns-is-layout-9d6595d7 wp-block-columns-is-layout-flex\">\n<div class=\"wp-block-column is-layout-flow wp-block-column-is-layout-flow\">\n<figure class=\"wp-block-image size-full\"><img loading=\"lazy\" decoding=\"async\" width=\"800\" height=\"600\" src=\"https:\/\/pos.uel.br\/ppga\/wp-content\/uploads\/2025\/02\/Turma-2015.jpg\" alt=\"\" class=\"wp-image-2112\" srcset=\"https:\/\/pos.uel.br\/ppga\/wp-content\/uploads\/2025\/02\/Turma-2015.jpg 800w, https:\/\/pos.uel.br\/ppga\/wp-content\/uploads\/2025\/02\/Turma-2015-300x225.jpg 300w, https:\/\/pos.uel.br\/ppga\/wp-content\/uploads\/2025\/02\/Turma-2015-768x576.jpg 768w\" sizes=\"auto, (max-width: 800px) 100vw, 800px\" \/><\/figure>\n<\/div>\n\n\n\n<div class=\"wp-block-column is-layout-flow wp-block-column-is-layout-flow\">\n<figure class=\"wp-block-table\"><table class=\"has-site-background-color has-primary-accent-background-color has-text-color has-background\"><tbody><tr><td class=\"has-text-align-center\" data-align=\"center\"><strong>GEST\u00c3O DE ORGANIZA\u00c7\u00d5ES<\/strong><\/td><\/tr><\/tbody><\/table><\/figure>\n\n\n\n<ol class=\"wp-block-list\">\n<li>Caroline Moya de Morais<\/li>\n\n\n\n<li>Gabrielli Aparecida Zevericoski de Aquino<\/li>\n\n\n\n<li>Jaqueline dos Santos Ferrarezi<\/li>\n\n\n\n<li>Karina Rocha Henriques Gehlen<\/li>\n\n\n\n<li>Lucas Seolin Dias<\/li>\n\n\n\n<li>Marissa Yanara de Godoy Lima<\/li>\n\n\n\n<li>Natalia Martinez Ambrogi Woitas<\/li>\n\n\n\n<li>Rafael Jefferson Borges<\/li>\n\n\n\n<li>Rafael Leite Macedo<\/li>\n<\/ol>\n<\/div>\n\n\n\n<div class=\"wp-block-column is-layout-flow wp-block-column-is-layout-flow\">\n<figure class=\"wp-block-table\"><table class=\"has-site-background-color has-primary-accent-background-color has-text-color has-background\"><tbody><tr><td class=\"has-text-align-center\" data-align=\"center\"><strong><strong><strong>POL\u00cdTICA E GEST\u00c3O SOCIOAMBIENTAL<\/strong><\/strong><\/strong><\/td><\/tr><\/tbody><\/table><\/figure>\n\n\n\n<ol class=\"wp-block-list\">\n<li>Chayne de Lima Pereira Mahnic<\/li>\n\n\n\n<li>Eduardo de Faria Nogueira<\/li>\n\n\n\n<li>Everton Carlos dos Anjos<\/li>\n\n\n\n<li>Jessica Pereira de Mello<\/li>\n\n\n\n<li>Jessica Takano<\/li>\n\n\n\n<li>Lilian de Lima Pires<\/li>\n\n\n\n<li>Nicole Cerci Mostagi<\/li>\n\n\n\n<li>Pedro Paulo de Souza Conte<\/li>\n<\/ol>\n<\/div>\n<\/div>\n\n\n\n<hr class=\"wp-block-separator has-text-color has-primary-accent-color has-alpha-channel-opacity has-primary-accent-background-color has-background is-style-wide\" \/>\n<\/div><\/div>\n\n\n\n<div class=\"wp-block-group\"><div class=\"wp-block-group__inner-container is-layout-flow wp-block-group-is-layout-flow\">\n<h2 class=\"wp-block-heading\">Turma 2014<\/h2>\n\n\n\n<div class=\"wp-block-columns is-layout-flex wp-container-core-columns-is-layout-9d6595d7 wp-block-columns-is-layout-flex\">\n<div class=\"wp-block-column is-layout-flow wp-block-column-is-layout-flow\">\n<figure class=\"wp-block-image size-large\"><img loading=\"lazy\" decoding=\"async\" width=\"1024\" height=\"768\" src=\"https:\/\/pos.uel.br\/ppga\/wp-content\/uploads\/2025\/02\/Turma-2014-1024x768.jpeg\" alt=\"\" class=\"wp-image-2114\" srcset=\"https:\/\/pos.uel.br\/ppga\/wp-content\/uploads\/2025\/02\/Turma-2014-1024x768.jpeg 1024w, https:\/\/pos.uel.br\/ppga\/wp-content\/uploads\/2025\/02\/Turma-2014-300x225.jpeg 300w, https:\/\/pos.uel.br\/ppga\/wp-content\/uploads\/2025\/02\/Turma-2014-768x576.jpeg 768w, https:\/\/pos.uel.br\/ppga\/wp-content\/uploads\/2025\/02\/Turma-2014.jpeg 1280w\" sizes=\"auto, (max-width: 1024px) 100vw, 1024px\" \/><\/figure>\n<\/div>\n\n\n\n<div class=\"wp-block-column is-layout-flow wp-block-column-is-layout-flow\">\n<figure class=\"wp-block-table\"><table class=\"has-site-background-color has-primary-accent-background-color has-text-color has-background\"><tbody><tr><td class=\"has-text-align-center\" data-align=\"center\"><strong>GEST\u00c3O DE ORGANIZA\u00c7\u00d5ES<\/strong><\/td><\/tr><\/tbody><\/table><\/figure>\n\n\n\n<ol class=\"wp-block-list\">\n<li>Carlos Eduardo de Lima<\/li>\n\n\n\n<li>Erik Alvaro Fernandes<\/li>\n\n\n\n<li>Luisa Maria Sarabia Cavenaghi<\/li>\n\n\n\n<li>Mayara Francielle Goncalves<\/li>\n\n\n\n<li>Paulo Rafael de Souza Santana<\/li>\n\n\n\n<li>Renata Storti Pereira<\/li>\n<\/ol>\n<\/div>\n\n\n\n<div class=\"wp-block-column is-layout-flow wp-block-column-is-layout-flow\">\n<figure class=\"wp-block-table\"><table class=\"has-site-background-color has-primary-accent-background-color has-text-color has-background\"><tbody><tr><td class=\"has-text-align-center\" data-align=\"center\"><strong><strong><strong>POL\u00cdTICA E GEST\u00c3O SOCIOAMBIENTAL<\/strong><\/strong><\/strong><\/td><\/tr><\/tbody><\/table><\/figure>\n\n\n\n<ol class=\"wp-block-list\">\n<li>Dayane Freire Romagnolo<\/li>\n\n\n\n<li>Izabely Regina Gibelato<\/li>\n\n\n\n<li>Jessica Eloisa de Oliveira<\/li>\n\n\n\n<li>Natalia Nakay Guandalini<\/li>\n\n\n\n<li>Priscila Terezinha Aparecida Machado<\/li>\n<\/ol>\n<\/div>\n<\/div>\n\n\n\n<hr class=\"wp-block-separator has-text-color has-primary-accent-color has-alpha-channel-opacity has-primary-accent-background-color has-background is-style-wide\" \/>\n<\/div><\/div>\n\n\n\n<div class=\"wp-block-group\"><div class=\"wp-block-group__inner-container is-layout-flow wp-block-group-is-layout-flow\">\n<h2 class=\"wp-block-heading\">Turma 2013<\/h2>\n\n\n\n<div class=\"wp-block-columns is-layout-flex wp-container-core-columns-is-layout-9d6595d7 wp-block-columns-is-layout-flex\">\n<div class=\"wp-block-column is-layout-flow wp-block-column-is-layout-flow\">\n<figure class=\"wp-block-image size-large\"><img loading=\"lazy\" decoding=\"async\" width=\"1024\" height=\"768\" src=\"https:\/\/pos.uel.br\/ppga\/wp-content\/uploads\/2025\/02\/Turma-2013b-1024x768.jpeg\" alt=\"\" class=\"wp-image-1936\" srcset=\"https:\/\/pos.uel.br\/ppga\/wp-content\/uploads\/2025\/02\/Turma-2013b-1024x768.jpeg 1024w, https:\/\/pos.uel.br\/ppga\/wp-content\/uploads\/2025\/02\/Turma-2013b-300x225.jpeg 300w, https:\/\/pos.uel.br\/ppga\/wp-content\/uploads\/2025\/02\/Turma-2013b-768x576.jpeg 768w, https:\/\/pos.uel.br\/ppga\/wp-content\/uploads\/2025\/02\/Turma-2013b.jpeg 1280w\" sizes=\"auto, (max-width: 1024px) 100vw, 1024px\" \/><\/figure>\n<\/div>\n\n\n\n<div class=\"wp-block-column is-layout-flow wp-block-column-is-layout-flow\">\n<figure class=\"wp-block-table\"><table class=\"has-site-background-color has-primary-accent-background-color has-text-color has-background\"><tbody><tr><td class=\"has-text-align-center\" data-align=\"center\"><strong>GEST\u00c3O DE ORGANIZA\u00c7\u00d5ES<\/strong><\/td><\/tr><\/tbody><\/table><\/figure>\n\n\n\n<ol class=\"wp-block-list\">\n<li>Daniela Modolo Ribeiro de Gouvea<\/li>\n\n\n\n<li>Giovanna Migotto da Fonseca Galleli<\/li>\n\n\n\n<li>Indiara Beltrame Brancher<\/li>\n\n\n\n<li>Jaqueline Claudino da Silva<\/li>\n\n\n\n<li>Milene Rocha Lourenco Leitzke<\/li>\n<\/ol>\n<\/div>\n\n\n\n<div class=\"wp-block-column is-layout-flow wp-block-column-is-layout-flow\">\n<figure class=\"wp-block-table\"><table class=\"has-site-background-color has-primary-accent-background-color has-text-color has-background\"><tbody><tr><td class=\"has-text-align-center\" data-align=\"center\"><strong><strong><strong>POL\u00cdTICA E GEST\u00c3O SOCIOAMBIENTAL<\/strong><\/strong><\/strong><\/td><\/tr><\/tbody><\/table><\/figure>\n\n\n\n<ol class=\"wp-block-list\">\n<li>Cleber Broietti<\/li>\n\n\n\n<li>Joao Paulo Leite Barbosa<\/li>\n\n\n\n<li>Leandro Vieira Silva Matos<\/li>\n\n\n\n<li>Magda Dei Tos Barreto<\/li>\n\n\n\n<li>Marcio Luis Massaro<\/li>\n<\/ol>\n<\/div>\n<\/div>\n\n\n\n<hr class=\"wp-block-separator has-text-color has-primary-accent-color has-alpha-channel-opacity has-primary-accent-background-color has-background is-style-wide\" \/>\n<\/div><\/div>\n<\/div><\/div>\n\n\n\n<div class=\"wp-block-group\"><div class=\"wp-block-group__inner-container is-layout-flow wp-block-group-is-layout-flow\">\n<div class=\"wp-block-group\"><div class=\"wp-block-group__inner-container is-layout-flow wp-block-group-is-layout-flow\">\n<h2 class=\"wp-block-heading\">Turma 2012<\/h2>\n\n\n\n<div class=\"wp-block-columns is-layout-flex wp-container-core-columns-is-layout-9d6595d7 wp-block-columns-is-layout-flex\">\n<div class=\"wp-block-column is-layout-flow wp-block-column-is-layout-flow\">\n<figure class=\"wp-block-table\"><table class=\"has-site-background-color has-primary-accent-background-color has-text-color has-background\"><tbody><tr><td class=\"has-text-align-center\" data-align=\"center\"><strong>GEST\u00c3O DE ORGANIZA\u00c7\u00d5ES<\/strong><\/td><\/tr><\/tbody><\/table><\/figure>\n\n\n\n<ol class=\"wp-block-list\">\n<li>Elizabeth Wood Mocato de Oliveira<\/li>\n\n\n\n<li>Emilia Yoko Okayama<\/li>\n\n\n\n<li>Fernanda Gisele Basso<\/li>\n\n\n\n<li>Leticia Fernandes de Negreiros<\/li>\n\n\n\n<li>Paulo Frederico Paganini Oliveira Junior<\/li>\n<\/ol>\n<\/div>\n\n\n\n<div class=\"wp-block-column is-layout-flow wp-block-column-is-layout-flow\">\n<figure class=\"wp-block-table\"><table class=\"has-site-background-color has-primary-accent-background-color has-text-color has-background\"><tbody><tr><td class=\"has-text-align-center\" data-align=\"center\"><strong><strong>POL\u00cdTICA E GEST\u00c3O SOCIOAMBIENTAL<\/strong><\/strong><\/td><\/tr><\/tbody><\/table><\/figure>\n\n\n\n<ol class=\"wp-block-list\">\n<li>Douglas Fernando dos Santos Godoy<\/li>\n\n\n\n<li>Ivan Cesar Marconi<\/li>\n\n\n\n<li>Ivan Ferreira de Campos<\/li>\n\n\n\n<li>Maira Gagg<\/li>\n\n\n\n<li>Talita Ravagna Piga<\/li>\n<\/ol>\n<\/div>\n<\/div>\n<\/div><\/div>\n\n\n\n<hr class=\"wp-block-separator has-text-color has-primary-accent-color has-alpha-channel-opacity has-primary-accent-background-color has-background is-style-wide\" \/>\n<\/div><\/div>\n\n\n\n<div class=\"wp-block-group\"><div class=\"wp-block-group__inner-container is-layout-flow wp-block-group-is-layout-flow\">\n<div class=\"wp-block-group\"><div class=\"wp-block-group__inner-container is-layout-flow wp-block-group-is-layout-flow\">\n<h2 class=\"wp-block-heading\">Turma 2011<\/h2>\n\n\n\n<div class=\"wp-block-columns is-layout-flex wp-container-core-columns-is-layout-9d6595d7 wp-block-columns-is-layout-flex\">\n<div class=\"wp-block-column is-layout-flow wp-block-column-is-layout-flow\">\n<figure class=\"wp-block-image size-full\"><img loading=\"lazy\" decoding=\"async\" width=\"960\" height=\"720\" src=\"https:\/\/pos.uel.br\/ppga\/wp-content\/uploads\/2025\/02\/Turma-2011-1.jpeg\" alt=\"\" class=\"wp-image-1935\" srcset=\"https:\/\/pos.uel.br\/ppga\/wp-content\/uploads\/2025\/02\/Turma-2011-1.jpeg 960w, https:\/\/pos.uel.br\/ppga\/wp-content\/uploads\/2025\/02\/Turma-2011-1-300x225.jpeg 300w, https:\/\/pos.uel.br\/ppga\/wp-content\/uploads\/2025\/02\/Turma-2011-1-768x576.jpeg 768w\" sizes=\"auto, (max-width: 960px) 100vw, 960px\" \/><\/figure>\n<\/div>\n\n\n\n<div class=\"wp-block-column is-layout-flow wp-block-column-is-layout-flow\">\n<figure class=\"wp-block-table\"><table class=\"has-site-background-color has-primary-accent-background-color has-text-color has-background\"><tbody><tr><td class=\"has-text-align-center\" data-align=\"center\"><strong>GEST\u00c3O DE ORGANIZA\u00c7\u00d5ES<\/strong><\/td><\/tr><\/tbody><\/table><\/figure>\n\n\n\n<ol class=\"wp-block-list\">\n<li>Ana Claudia Bansi<\/li>\n\n\n\n<li>Barbara Galleli Dias<\/li>\n\n\n\n<li>Marcos Rubo<\/li>\n\n\n\n<li>Renato Fabiano Cintra<\/li>\n<\/ol>\n<\/div>\n\n\n\n<div class=\"wp-block-column is-layout-flow wp-block-column-is-layout-flow\">\n<figure class=\"wp-block-table\"><table class=\"has-site-background-color has-primary-accent-background-color has-text-color has-background\"><tbody><tr><td class=\"has-text-align-center\" data-align=\"center\"><strong>POL\u00cdTICA E GEST\u00c3O SOCIOAMBIENTAL<\/strong><\/td><\/tr><\/tbody><\/table><\/figure>\n\n\n\n<ol class=\"wp-block-list\">\n<li>Edna Marta Pelosi<\/li>\n\n\n\n<li>Paulo Pardo<\/li>\n\n\n\n<li>Sirlei Rose Martos<\/li>\n\n\n\n<li>Wellington Bueno<\/li>\n<\/ol>\n<\/div>\n<\/div>\n\n\n\n<hr class=\"wp-block-separator has-text-color has-primary-accent-color has-alpha-channel-opacity has-primary-accent-background-color has-background is-style-wide\" \/>\n<\/div><\/div>\n<\/div><\/div>\n\n\n\n<div class=\"wp-block-group\"><div class=\"wp-block-group__inner-container is-layout-flow wp-block-group-is-layout-flow\">\n<div class=\"wp-block-group\"><div class=\"wp-block-group__inner-container is-layout-flow wp-block-group-is-layout-flow\">\n<h2 class=\"wp-block-heading\">Turma 2010<\/h2>\n\n\n\n<div class=\"wp-block-columns is-layout-flex wp-container-core-columns-is-layout-9d6595d7 wp-block-columns-is-layout-flex\">\n<div class=\"wp-block-column is-layout-flow wp-block-column-is-layout-flow\">\n<figure class=\"wp-block-table\"><table class=\"has-site-background-color has-primary-accent-background-color has-text-color has-background\"><tbody><tr><td class=\"has-text-align-center\" data-align=\"center\"><strong>GEST\u00c3O DE ORGANIZA\u00c7\u00d5ES<\/strong><\/td><\/tr><\/tbody><\/table><\/figure>\n\n\n\n<ol class=\"wp-block-list\">\n<li>Ana Carolina Vilela de Carvalho<\/li>\n\n\n\n<li>Flavio Augusto Cella de Oliveira<\/li>\n\n\n\n<li>Morgana Lemos Monteiro de Oliveira Batistella<\/li>\n\n\n\n<li>Vivian Carolina Jacob Costa Gagliardi<\/li>\n<\/ol>\n<\/div>\n\n\n\n<div class=\"wp-block-column is-layout-flow wp-block-column-is-layout-flow\">\n<figure class=\"wp-block-table\"><table class=\"has-site-background-color has-primary-accent-background-color has-text-color has-background\"><tbody><tr><td class=\"has-text-align-center\" data-align=\"center\"><strong>POL\u00cdTICA E GEST\u00c3O SOCIOAMBIENTAL<\/strong><\/td><\/tr><\/tbody><\/table><\/figure>\n\n\n\n<ol class=\"wp-block-list\">\n<li>Bernardo Carlos Spaulonci Chiachia Matos de Oliveira<\/li>\n\n\n\n<li>Dayanne Marciane Goncalves<\/li>\n\n\n\n<li>Julimari Aparecida Bonvechio De Oliveira<\/li>\n\n\n\n<li>Livia Maria Dos Santos<\/li>\n\n\n\n<li>Mauro Guilherme Maidana Cappellaro<\/li>\n<\/ol>\n<\/div>\n<\/div>\n\n\n\n<hr class=\"wp-block-separator has-text-color has-primary-accent-color has-alpha-channel-opacity has-primary-accent-background-color has-background is-style-wide\" \/>\n<\/div><\/div>\n\n\n\n<p class=\"has-text-align-right has-small-font-size\"><em><a href=\"#discentes_intro\" data-type=\"internal\" data-id=\"#discentes_intro\">Voltar ao topo<\/a><\/em><\/p>\n<\/div><\/div>\n\n\n\n<p><\/p>\n","protected":false},"excerpt":{"rendered":"<p>Turma 2026 GEST\u00c3O DE ORGANIZA\u00c7\u00d5ES ORGANIZA\u00c7\u00d5ES, PODER E SOCIEDADE Turma 2025 GEST\u00c3O DE ORGANIZA\u00c7\u00d5ES ORGANIZA\u00c7\u00d5ES, PODER E SOCIEDADE Turma 2024 GEST\u00c3O DE ORGANIZA\u00c7\u00d5ES ORGANIZA\u00c7\u00d5ES, PODER E SOCIEDADE Turma 2023 GEST\u00c3O DE ORGANIZA\u00c7\u00d5ES ORGANIZA\u00c7\u00d5ES, PODER E SOCIEDADE Turma 2022 GEST\u00c3O DE ORGANIZA\u00c7\u00d5ES ORGANIZA\u00c7\u00d5ES, PODER E SOCIEDADE Turma 2021 Em virtude da pandemia de Covid-19, n\u00e3o houve [&hellip;]<\/p>\n","protected":false},"author":8,"featured_media":0,"parent":0,"menu_order":0,"comment_status":"closed","ping_status":"closed","template":"","meta":{"footnotes":""},"class_list":["post-503","page","type-page","status-publish","hentry"],"acf":[],"_links":{"self":[{"href":"https:\/\/pos.uel.br\/ppga\/wp-json\/wp\/v2\/pages\/503","targetHints":{"allow":["GET"]}}],"collection":[{"href":"https:\/\/pos.uel.br\/ppga\/wp-json\/wp\/v2\/pages"}],"about":[{"href":"https:\/\/pos.uel.br\/ppga\/wp-json\/wp\/v2\/types\/page"}],"author":[{"embeddable":true,"href":"https:\/\/pos.uel.br\/ppga\/wp-json\/wp\/v2\/users\/8"}],"replies":[{"embeddable":true,"href":"https:\/\/pos.uel.br\/ppga\/wp-json\/wp\/v2\/comments?post=503"}],"version-history":[{"count":45,"href":"https:\/\/pos.uel.br\/ppga\/wp-json\/wp\/v2\/pages\/503\/revisions"}],"predecessor-version":[{"id":2485,"href":"https:\/\/pos.uel.br\/ppga\/wp-json\/wp\/v2\/pages\/503\/revisions\/2485"}],"wp:attachment":[{"href":"https:\/\/pos.uel.br\/ppga\/wp-json\/wp\/v2\/media?parent=503"}],"curies":[{"name":"wp","href":"https:\/\/api.w.org\/{rel}","templated":true}]}}