{"id":2423,"date":"2025-12-09T15:06:19","date_gmt":"2025-12-09T18:06:19","guid":{"rendered":"https:\/\/pos.uel.br\/ppga\/?page_id=2423"},"modified":"2026-03-05T10:44:09","modified_gmt":"2026-03-05T13:44:09","slug":"processo-seletivo-2026-protag","status":"publish","type":"page","link":"https:\/\/pos.uel.br\/ppga\/processo-seletivo-2026-protag\/","title":{"rendered":"Processo Seletivo 2026 &#8211; PROTAG"},"content":{"rendered":"\n<div class=\"wp-block-uel-card\">\n<p><strong>O PPGA oferta 9 vagas exclusivas para servidores(as) p\u00fablicos(as) estaduais no Mestrado Acad\u00eamico em Administra\u00e7\u00e3o, por meio do Edital n\u00ba 18\/2025 \u2013 PROTAG\/SETI.<\/strong><\/p>\n\n\n\n<p><br>As vagas est\u00e3o distribu\u00eddas entre as linhas de pesquisa &#8220;Gest\u00e3o de Organiza\u00e7\u00f5es&#8221; (GOR) e &#8220;Organiza\u00e7\u00f5es, Poder e Sociedade&#8221; (OPS). Essa \u00e9 uma oportunidade gratuita de qualifica\u00e7\u00e3o stricto sensu voltada \u00e0 transforma\u00e7\u00e3o da gest\u00e3o p\u00fablica no Paran\u00e1.<\/p>\n<\/div>\n\n\n\n<h4 class=\"wp-block-heading is-style-default has-primary-accent-color has-site-background-background-color has-text-color has-background\"><a href=\"https:\/\/pos.uel.br\/ppga\/wp-content\/uploads\/2026\/03\/Edital_092026_PPGA-UEL_Processo_Seletivo_PROTAG_-_RESULTADO_FINAL_assinado.pdf\">RESULTADO FINAL DO PROCESSO SELETIVO<\/a><\/h4>\n\n\n\n<h4 class=\"wp-block-heading is-style-default has-primary-accent-color has-site-background-background-color has-text-color has-background\"><a href=\"https:\/\/pos.uel.br\/ppga\/wp-content\/uploads\/2026\/02\/RETIFICACAO_DO_CRONOGRAMA_Edital_PPGA-UEL_Selecao_PROTAG_assinado.pdf\">CRONOGRAMA RETIFICADO &#8211; INSCRI\u00c7\u00d5ES AT\u00c9 20\/02\/2026<\/a><\/h4>\n\n\n\n<h4 class=\"wp-block-heading is-style-default has-primary-accent-color has-site-background-background-color has-text-color has-background\"><a href=\"https:\/\/pos.uel.br\/ppga\/wp-content\/uploads\/2025\/12\/322025_Edital_PPGA-UEL_Selecao_PROTAG_assinado.pdf\">Edital de Abertura (PPGA UEL)<\/a><\/h4>\n\n\n\n<h4 class=\"wp-block-heading is-style-default has-primary-accent-color has-site-background-background-color has-text-color has-background\"><a href=\"https:\/\/www.administracao.pr.gov.br\/sites\/default\/arquivos_restritos\/files\/documento\/2025-11\/2025-edital_18_2025_stricto-mestrad0_seap-seti-egp.pdf\">Edital Conjunto 18\/2025 \u2013 SEAP\/SETI<\/a><\/h4>\n\n\n\n<h4 class=\"wp-block-heading is-style-default has-primary-accent-color has-site-background-background-color has-text-color has-background\">Inscri\u00e7\u00f5es no PPGA UEL: de 10\/12\/2025 a 13\/02\/2026<\/h4>\n\n\n\n<h4 class=\"wp-block-heading is-style-default has-primary-accent-color has-site-background-background-color has-text-color has-background\"><a href=\"https:\/\/forms.gle\/qp9GpMPyLBMBxKCP7\">Formul\u00e1rio de Inscri\u00e7\u00e3o<\/a><\/h4>\n\n\n\n<div class=\"wp-block-uel-card\">\n<h4 class=\"wp-block-heading\">Projeto de Pesquisa:<\/h4>\n\n\n\n<p><a href=\"https:\/\/pos.uel.br\/ppga\/wp-content\/uploads\/2025\/09\/PROJETO-DE-PESQUISA-TEMPLATE.docx\"><strong>Modelo\/Template do Projeto de Pesquisa (.docx)<\/strong><\/a><\/p>\n<\/div>\n\n\n\n<div class=\"wp-block-uel-card\">\n<h4 class=\"wp-block-heading\">Formul\u00e1rio de Avalia\u00e7\u00e3o do Lattes:<\/h4>\n\n\n\n<ul class=\"wp-block-list\">\n<li><a href=\"https:\/\/pos.uel.br\/ppga\/wp-content\/uploads\/2025\/09\/FORMULARIO-DE-AVALIACAO-DO-LATTES.docx\"><strong>WORD<\/strong><\/a><\/li>\n\n\n\n<li><a href=\"https:\/\/pos.uel.br\/ppga\/wp-content\/uploads\/2025\/09\/FORMULARIO-DE-AVALIACAO-DO-LATTES-edit.pdf\"><strong>PDF Edit\u00e1vel<\/strong><\/a><\/li>\n\n\n\n<li><a href=\"https:\/\/docs.google.com\/document\/d\/1jX5-3JLw7hu6dvRwcCgh6vLpFHXUcyIN\/edit?usp=sharing&amp;ouid=116366741381915309042&amp;rtpof=true&amp;sd=true\"><strong>Google Docs<\/strong><\/a> (\u00e9 necess\u00e1rio criar uma c\u00f3pia para pode editar)<\/li>\n<\/ul>\n<\/div>\n","protected":false},"excerpt":{"rendered":"<p>RESULTADO FINAL DO PROCESSO SELETIVO CRONOGRAMA RETIFICADO &#8211; INSCRI\u00c7\u00d5ES AT\u00c9 20\/02\/2026 Edital de Abertura (PPGA UEL) Edital Conjunto 18\/2025 \u2013 SEAP\/SETI Inscri\u00e7\u00f5es no PPGA UEL: de 10\/12\/2025 a 13\/02\/2026 Formul\u00e1rio de Inscri\u00e7\u00e3o<\/p>\n","protected":false},"author":8,"featured_media":0,"parent":0,"menu_order":0,"comment_status":"closed","ping_status":"closed","template":"","meta":{"footnotes":""},"class_list":["post-2423","page","type-page","status-publish","hentry"],"acf":[],"_links":{"self":[{"href":"https:\/\/pos.uel.br\/ppga\/wp-json\/wp\/v2\/pages\/2423","targetHints":{"allow":["GET"]}}],"collection":[{"href":"https:\/\/pos.uel.br\/ppga\/wp-json\/wp\/v2\/pages"}],"about":[{"href":"https:\/\/pos.uel.br\/ppga\/wp-json\/wp\/v2\/types\/page"}],"author":[{"embeddable":true,"href":"https:\/\/pos.uel.br\/ppga\/wp-json\/wp\/v2\/users\/8"}],"replies":[{"embeddable":true,"href":"https:\/\/pos.uel.br\/ppga\/wp-json\/wp\/v2\/comments?post=2423"}],"version-history":[{"count":10,"href":"https:\/\/pos.uel.br\/ppga\/wp-json\/wp\/v2\/pages\/2423\/revisions"}],"predecessor-version":[{"id":2477,"href":"https:\/\/pos.uel.br\/ppga\/wp-json\/wp\/v2\/pages\/2423\/revisions\/2477"}],"wp:attachment":[{"href":"https:\/\/pos.uel.br\/ppga\/wp-json\/wp\/v2\/media?parent=2423"}],"curies":[{"name":"wp","href":"https:\/\/api.w.org\/{rel}","templated":true}]}}