{"id":24,"date":"2021-04-29T12:32:17","date_gmt":"2021-04-29T15:32:17","guid":{"rendered":"https:\/\/pos.uel.br\/ppga\/?page_id=24"},"modified":"2025-02-21T16:50:57","modified_gmt":"2025-02-21T19:50:57","slug":"historico","status":"publish","type":"page","link":"https:\/\/pos.uel.br\/ppga\/historico\/","title":{"rendered":"Hist\u00f3rico"},"content":{"rendered":"\n<div style=\"height:41px\" aria-hidden=\"true\" class=\"wp-block-spacer\"><\/div>\n\n\n\n<div class=\"wp-block-uel-card\">\n<h4 class=\"wp-block-heading has-primary-accent-color has-text-color has-link-color wp-elements-0e6be0d2cea681688fd84d9db214e098\">A Hist\u00f3ria do PPGA: Uma Jornada de Inova\u00e7\u00e3o, Sustentabilidade e Pensamento Cr\u00edtico sobre a Sociedade<\/h4>\n\n\n\n<div class=\"wp-block-media-text is-stacked-on-mobile\"><figure class=\"wp-block-media-text__media\"><img loading=\"lazy\" decoding=\"async\" width=\"897\" height=\"555\" src=\"https:\/\/pos.uel.br\/ppga\/wp-content\/uploads\/2025\/02\/Cesa-UEL-Foto-Reproducao.png\" alt=\"\" class=\"wp-image-1899 size-full\" srcset=\"https:\/\/pos.uel.br\/ppga\/wp-content\/uploads\/2025\/02\/Cesa-UEL-Foto-Reproducao.png 897w, https:\/\/pos.uel.br\/ppga\/wp-content\/uploads\/2025\/02\/Cesa-UEL-Foto-Reproducao-300x186.png 300w, https:\/\/pos.uel.br\/ppga\/wp-content\/uploads\/2025\/02\/Cesa-UEL-Foto-Reproducao-768x475.png 768w\" sizes=\"auto, (max-width: 897px) 100vw, 897px\" \/><\/figure><div class=\"wp-block-media-text__content\">\n<p>A hist\u00f3ria do Programa de P\u00f3s-Gradua\u00e7\u00e3o em Administra\u00e7\u00e3o (PPGA) da Universidade Estadual de Londrina (UEL) remonta a mais de uma d\u00e9cada antes de sua cria\u00e7\u00e3o oficial. Conhe\u00e7a os marcos que moldaram esse programa de excel\u00eancia acad\u00eamica.<\/p>\n\n\n\n<p class=\"has-secondary-text-color has-text-color has-link-color wp-elements-6b9952e2ab4f48ebf624047cee5984af\"><em>imagem: Centro de Estudos Sociais Aplicados, local de funcionamento do PPGA. Fonte: arquivo UEL<\/em><\/p>\n<\/div><\/div>\n<\/div>\n\n\n\n<div class=\"wp-block-uel-card\">\n<h4 class=\"wp-block-heading has-primary-accent-color has-text-color has-link-color wp-elements-f9364138d61981ce6a02ba2e56cb2789\">A Origem do PPGA: O Programa Consorciado entre UEL e UEM (1999-2009)<br><\/h4>\n\n\n\n<p>A hist\u00f3ria do Programa de P\u00f3s-Gradua\u00e7\u00e3o em Administra\u00e7\u00e3o (PPGA) da Universidade Estadual de Londrina (UEL) remonta a mais de uma d\u00e9cada antes de sua cria\u00e7\u00e3o oficial. Nos anos 1990, docentes do Departamento de Administra\u00e7\u00e3o da UEL e da Universidade Estadual de Maring\u00e1 (UEM) uniram-se em torno de um ideal comum: a cria\u00e7\u00e3o de um mestrado em Administra\u00e7\u00e3o que atendesse \u00e0s demandas regionais e promovesse a excel\u00eancia acad\u00eamica.<\/p>\n\n\n\n<p>Entre 1998 e 1999, foi elaborado um projeto t\u00e9cnico que propunha a atua\u00e7\u00e3o conjunta das duas institui\u00e7\u00f5es. Aprovado pelo Conselho T\u00e9cnico Cient\u00edfico da CAPES\/MEC, o&nbsp;<strong>Programa de P\u00f3s-Gradua\u00e7\u00e3o em Administra\u00e7\u00e3o (PPA)<\/strong>&nbsp;foi oficialmente instalado em 14 de setembro de 1999. Esse programa consorciado entre UEL e UEM marcou o in\u00edcio de uma jornada de nove anos de colabora\u00e7\u00e3o e inova\u00e7\u00e3o.<\/p>\n\n\n\n<p>Durante a d\u00e9cada de 2000, o PPA ofereceu turmas que intercalavam semestres nas duas institui\u00e7\u00f5es, desenvolvendo capacidades excepcionais que se irradiaram pelo interior do Paran\u00e1. O programa foi um importante propulsor para o surgimento de pesquisadores, estudos e experi\u00eancias acad\u00eamicas de alto n\u00edvel na UEL, que mais tarde se consolidariam no PPGA.<\/p>\n\n\n\n<p>O legado do PPA \u00e9 ineg\u00e1vel: ele n\u00e3o apenas fortaleceu a pesquisa e a p\u00f3s-gradua\u00e7\u00e3o na regi\u00e3o, mas tamb\u00e9m pavimentou o caminho para a cria\u00e7\u00e3o do PPGA-UEL em 2009, um programa que continua a honrar e expandir os ideais de excel\u00eancia, sustentabilidade e pensamento cr\u00edtico sobre a sociedade.<\/p>\n\n\n\n<div class=\"wp-block-columns is-layout-flex wp-container-core-columns-is-layout-9d6595d7 wp-block-columns-is-layout-flex\">\n<div class=\"wp-block-column is-layout-flow wp-block-column-is-layout-flow\">\n<figure class=\"wp-block-image size-large\"><img loading=\"lazy\" decoding=\"async\" width=\"1024\" height=\"683\" src=\"https:\/\/pos.uel.br\/ppga\/wp-content\/uploads\/2025\/02\/uel-fachada-2-1024x683.jpg\" alt=\"\" class=\"wp-image-1798\" srcset=\"https:\/\/pos.uel.br\/ppga\/wp-content\/uploads\/2025\/02\/uel-fachada-2-1024x683.jpg 1024w, https:\/\/pos.uel.br\/ppga\/wp-content\/uploads\/2025\/02\/uel-fachada-2-300x200.jpg 300w, https:\/\/pos.uel.br\/ppga\/wp-content\/uploads\/2025\/02\/uel-fachada-2-768x512.jpg 768w, https:\/\/pos.uel.br\/ppga\/wp-content\/uploads\/2025\/02\/uel-fachada-2.jpg 1495w\" sizes=\"auto, (max-width: 1024px) 100vw, 1024px\" \/><figcaption class=\"wp-element-caption\">Foto: Universidade Estadual de Londrina. Fonte: <a href=\"https:\/\/www.aen.pr.gov.br\/Noticia\/Ranking-internacional-classifica-UEL-entre-melhores-universidades-brasileiras\">Ag\u00eancia Estadual de Not\u00edcias<\/a><\/figcaption><\/figure>\n<\/div>\n\n\n\n<div class=\"wp-block-column is-layout-flow wp-block-column-is-layout-flow\">\n<figure class=\"wp-block-image size-large\"><img loading=\"lazy\" decoding=\"async\" width=\"1024\" height=\"683\" src=\"https:\/\/pos.uel.br\/ppga\/wp-content\/uploads\/2025\/02\/uem-fachada-1024x683.jpg\" alt=\"\" class=\"wp-image-1796\" srcset=\"https:\/\/pos.uel.br\/ppga\/wp-content\/uploads\/2025\/02\/uem-fachada-1024x683.jpg 1024w, https:\/\/pos.uel.br\/ppga\/wp-content\/uploads\/2025\/02\/uem-fachada-300x200.jpg 300w, https:\/\/pos.uel.br\/ppga\/wp-content\/uploads\/2025\/02\/uem-fachada-768x512.jpg 768w, https:\/\/pos.uel.br\/ppga\/wp-content\/uploads\/2025\/02\/uem-fachada.jpg 1300w\" sizes=\"auto, (max-width: 1024px) 100vw, 1024px\" \/><figcaption class=\"wp-element-caption\">Foto: Universidade Estadual de Maring\u00e1. Fonte: <a href=\"https:\/\/noticias.uem.br\/index.php?option=com_content&amp;view=article&amp;id=29622:ranking-da-folha-uem-e-a-melhor-universidade-estadual-da-regiao-sul&amp;catid=986:pgina-central&amp;Itemid=211\">Not\u00edcias (UEM)<\/a><\/figcaption><\/figure>\n<\/div>\n<\/div>\n<\/div>\n\n\n\n<div class=\"wp-block-uel-card\">\n<h4 class=\"wp-block-heading has-primary-accent-color has-text-color has-link-color wp-elements-24149bcda875a77a458bd8651305ec32\">A Cria\u00e7\u00e3o do PPGA-UEL: Foco em Gest\u00e3o, Sustentabilidade e Sociedade<\/h4>\n\n\n\n<div class=\"wp-block-media-text is-stacked-on-mobile\"><figure class=\"wp-block-media-text__media\"><img loading=\"lazy\" decoding=\"async\" width=\"865\" height=\"795\" src=\"https:\/\/pos.uel.br\/ppga\/wp-content\/uploads\/2025\/02\/Resolucao-2009-fundacao-do-ppga.png\" alt=\"\" class=\"wp-image-1807 size-full\" srcset=\"https:\/\/pos.uel.br\/ppga\/wp-content\/uploads\/2025\/02\/Resolucao-2009-fundacao-do-ppga.png 865w, https:\/\/pos.uel.br\/ppga\/wp-content\/uploads\/2025\/02\/Resolucao-2009-fundacao-do-ppga-300x276.png 300w, https:\/\/pos.uel.br\/ppga\/wp-content\/uploads\/2025\/02\/Resolucao-2009-fundacao-do-ppga-768x706.png 768w\" sizes=\"auto, (max-width: 865px) 100vw, 865px\" \/><\/figure><div class=\"wp-block-media-text__content\">\n<p>Ap\u00f3s o t\u00e9rmino do programa consorciado entre UEL e UEM em 2009, docentes do Departamento de Administra\u00e7\u00e3o da UEL uniram suas expertises em \u00e1reas tradicionais e inovadoras da Administra\u00e7\u00e3o. Com foco em quest\u00f5es sociais, ambientais e outras dimens\u00f5es da sustentabilidade, eles elaboraram um projeto de mestrado contempor\u00e2neo, que deu origem ao&nbsp;<strong>Programa de P\u00f3s-Gradua\u00e7\u00e3o em Administra\u00e7\u00e3o (PPGA-UEL)<\/strong>.<\/p>\n\n\n\n<p>O PPGA-UEL foi oficialmente criado em&nbsp;<strong>19 de mar\u00e7o de 2009<\/strong>, por meio da Resolu\u00e7\u00e3o CEPE N\u00ba 0024\/2009, aprovada pelo Conselho de Ensino, Pesquisa e Extens\u00e3o da UEL e pelo Conselho T\u00e9cnico Cient\u00edfico da CAPES\/MEC. O programa, de natureza&nbsp;<strong>stricto sensu<\/strong>&nbsp;e n\u00edvel&nbsp;<strong>Mestrado Acad\u00eamico<\/strong>, foi estruturado com uma abordagem interdisciplinar, integrando epistemologias e metodologias diversas para discutir, investigar e pesquisar temas como&nbsp;<strong>organiza\u00e7\u00f5es, gest\u00e3o e sustentabilidade<\/strong>.<\/p>\n<\/div><\/div>\n\n\n\n<p><\/p>\n\n\n<div class=\"wp-block-image\">\n<figure class=\"aligncenter size-full\"><img loading=\"lazy\" decoding=\"async\" width=\"225\" height=\"225\" src=\"https:\/\/pos.uel.br\/ppga\/wp-content\/uploads\/2025\/02\/logo-antiga-2.jpg\" alt=\"\" class=\"wp-image-1806\" srcset=\"https:\/\/pos.uel.br\/ppga\/wp-content\/uploads\/2025\/02\/logo-antiga-2.jpg 225w, https:\/\/pos.uel.br\/ppga\/wp-content\/uploads\/2025\/02\/logo-antiga-2-150x150.jpg 150w\" sizes=\"auto, (max-width: 225px) 100vw, 225px\" \/><figcaption class=\"wp-element-caption\">Primeira Logo do PPGA<\/figcaption><\/figure>\n<\/div><\/div>\n\n\n\n<div class=\"wp-block-uel-card\">\n<h4 class=\"wp-block-heading has-primary-accent-color has-text-color has-link-color wp-elements-d08686089a80141f942f094fe140571a\">A Evolu\u00e7\u00e3o do PPGA-UEL: Revis\u00e3o Estrat\u00e9gica e Novos Horizontes<\/h4>\n\n\n\n<p>Em 2020, o PPGA-UEL completou&nbsp;<strong>10 anos de hist\u00f3ria<\/strong>, um marco que motivou uma revis\u00e3o estrat\u00e9gica no primeiro semestre de 2021. Esse processo resultou em uma&nbsp;<strong>nova \u00e1rea de concentra\u00e7\u00e3o<\/strong>,&nbsp;<strong>linhas de pesquisa atualizadas<\/strong>,&nbsp;<strong>disciplinas inovadoras<\/strong>&nbsp;e um&nbsp;<strong>novo regimento<\/strong>.<\/p>\n\n\n\n<p>A \u00e1rea de concentra\u00e7\u00e3o passou a priorizar as&nbsp;<strong>inter-rela\u00e7\u00f5es entre Organiza\u00e7\u00f5es, Gest\u00e3o e Sociedade<\/strong>, ampliando o olhar para fen\u00f4menos sociais que impactam direta ou indiretamente as organiza\u00e7\u00f5es e a gest\u00e3o. A sustentabilidade, embora mantida como um eixo transversal, ganhou novos contornos, integrando-se a uma vis\u00e3o mais ampla e cr\u00edtica da sociedade.<\/p>\n\n\n\n<p><strong>Linhas de Pesquisa Atualizadas:<\/strong><\/p>\n\n\n\n<ol start=\"1\" class=\"wp-block-list\">\n<li><strong>Gest\u00e3o de Organiza\u00e7\u00f5es<\/strong><\/li>\n\n\n\n<li><strong>Organiza\u00e7\u00f5es, Poder e Sociedade<\/strong><\/li>\n<\/ol>\n\n\n\n<p>A evolu\u00e7\u00e3o dos estudos desenvolvidos por docentes e discentes do PPGA-UEL impulsionou um processo cont\u00ednuo de aprimoramento do programa. Esse avan\u00e7o mant\u00e9m a sustentabilidade como um eixo transversal, integrado \u00e0s disciplinas, projetos de pesquisa e demais atividades acad\u00eamicas. No entanto, amplia seus horizontes ao direcionar maior aten\u00e7\u00e3o aos fen\u00f4menos sociais que se manifestam na sociedade, seja por meio de rela\u00e7\u00f5es diretas ou indiretas com as organiza\u00e7\u00f5es e a gest\u00e3o.<\/p>\n\n\n\n<p>Como resultado, foram estabelecidas as linhas de pesquisa\u00a0<strong>Gest\u00e3o de Organiza\u00e7\u00f5es<\/strong>\u00a0e\u00a0<strong>Organiza\u00e7\u00f5es, Poder e Sociedade<\/strong>, que sustentam a integra\u00e7\u00e3o entre a \u00e1rea de concentra\u00e7\u00e3o do PPGA-UEL e os projetos de pesquisa coordenados pelo corpo docente. Essas linhas refletem a maturidade acad\u00eamica do programa e tamb\u00e9m seu compromisso em abordar temas contempor\u00e2neos e relevantes, alinhando teoria e pr\u00e1tica para contribuir com o avan\u00e7o do conhecimento na \u00e1rea de Administra\u00e7\u00e3o.<\/p>\n\n\n\n<p>A revis\u00e3o resultou tamb\u00e9m em uma nova logo, moderna e minimalista, com foco em tr\u00eas elementos centrais que representam a ess\u00eancia do programa:\u00a0<strong>Organiza\u00e7\u00f5es<\/strong>,\u00a0<strong>Gest\u00e3o<\/strong>\u00a0e\u00a0<strong>Sociedade<\/strong>. A escolha reflete seriedade e contemporaneidade. O uso de letras mai\u00fasculas e o s\u00edmbolo &#8220;&amp;&#8221; destacam a integra\u00e7\u00e3o entre esses conceitos, refor\u00e7ando a interdisciplinaridade e a conex\u00e3o entre teoria e pr\u00e1tica.<\/p>\n\n\n\n<p>A sigla&nbsp;<strong>PPGA-UEL<\/strong>&nbsp;aparece abaixo, consolidando a identidade do programa e sua vincula\u00e7\u00e3o \u00e0 Universidade Estadual de Londrina. A aus\u00eancia de cores ou elementos gr\u00e1ficos complexos transmite sofistica\u00e7\u00e3o e versatilidade, permitindo que a logo seja aplicada em diferentes contextos sem perder impacto.<\/p>\n\n\n\n<div class=\"wp-block-columns is-layout-flex wp-container-core-columns-is-layout-9d6595d7 wp-block-columns-is-layout-flex\">\n<div class=\"wp-block-column is-layout-flow wp-block-column-is-layout-flow\"><div class=\"wp-block-image\">\n<figure class=\"aligncenter size-full\"><img loading=\"lazy\" decoding=\"async\" width=\"960\" height=\"540\" src=\"https:\/\/pos.uel.br\/ppga\/wp-content\/uploads\/2025\/02\/Nova-logo-PPGA.jpg\" alt=\"\" class=\"wp-image-1819\" srcset=\"https:\/\/pos.uel.br\/ppga\/wp-content\/uploads\/2025\/02\/Nova-logo-PPGA.jpg 960w, https:\/\/pos.uel.br\/ppga\/wp-content\/uploads\/2025\/02\/Nova-logo-PPGA-300x169.jpg 300w, https:\/\/pos.uel.br\/ppga\/wp-content\/uploads\/2025\/02\/Nova-logo-PPGA-768x432.jpg 768w\" sizes=\"auto, (max-width: 960px) 100vw, 960px\" \/><figcaption class=\"wp-element-caption\">Nova logo do PPGA<\/figcaption><\/figure>\n<\/div><\/div>\n<\/div>\n<\/div>\n","protected":false},"excerpt":{"rendered":"","protected":false},"author":7,"featured_media":0,"parent":0,"menu_order":0,"comment_status":"closed","ping_status":"closed","template":"","meta":{"footnotes":""},"class_list":["post-24","page","type-page","status-publish","hentry"],"acf":[],"_links":{"self":[{"href":"https:\/\/pos.uel.br\/ppga\/wp-json\/wp\/v2\/pages\/24","targetHints":{"allow":["GET"]}}],"collection":[{"href":"https:\/\/pos.uel.br\/ppga\/wp-json\/wp\/v2\/pages"}],"about":[{"href":"https:\/\/pos.uel.br\/ppga\/wp-json\/wp\/v2\/types\/page"}],"author":[{"embeddable":true,"href":"https:\/\/pos.uel.br\/ppga\/wp-json\/wp\/v2\/users\/7"}],"replies":[{"embeddable":true,"href":"https:\/\/pos.uel.br\/ppga\/wp-json\/wp\/v2\/comments?post=24"}],"version-history":[{"count":21,"href":"https:\/\/pos.uel.br\/ppga\/wp-json\/wp\/v2\/pages\/24\/revisions"}],"predecessor-version":[{"id":1909,"href":"https:\/\/pos.uel.br\/ppga\/wp-json\/wp\/v2\/pages\/24\/revisions\/1909"}],"wp:attachment":[{"href":"https:\/\/pos.uel.br\/ppga\/wp-json\/wp\/v2\/media?parent=24"}],"curies":[{"name":"wp","href":"https:\/\/api.w.org\/{rel}","templated":true}]}}