{"id":2264,"date":"2025-08-27T22:30:55","date_gmt":"2025-08-28T01:30:55","guid":{"rendered":"https:\/\/pos.uel.br\/ppga\/?page_id=2264"},"modified":"2025-12-05T18:42:13","modified_gmt":"2025-12-05T21:42:13","slug":"processo-seletivo-turma-2026","status":"publish","type":"page","link":"https:\/\/pos.uel.br\/ppga\/processo-seletivo-turma-2026\/","title":{"rendered":"Processo Seletivo \u2013 Turma 2026"},"content":{"rendered":"\n<div class=\"wp-block-uel-card\">\n<h3 class=\"wp-block-heading\">Processo Seletivo para Alunos Regulares \u2013 Turma 2026<\/h3>\n\n\n\n<p><strong>Abaixo, voc\u00ea encontrar\u00e1 todas as informa\u00e7\u00f5es importantes sobre o Processo Seletivo.<\/strong><\/p>\n\n\n\n<p>O Mestrado em Administra\u00e7\u00e3o da UEL \u00e9 <strong>totalmente gratuito<\/strong> e voltado para candidatos(as) com forma\u00e7\u00e3o em curso superior de <strong>qualquer \u00e1rea do conhecimento<\/strong>.<\/p>\n\n\n\n<p>As d\u00favidas sobre o processo seletivo dever\u00e3o ser enviadas para os e-mails <a href=\"mailto:ppga@uel.br\"><strong>ppga@uel.br<\/strong><\/a> e <a href=\"mailto:mestrados@uel.br\"><strong>mestrados@uel.br<\/strong><\/a>.<\/p>\n<\/div>\n\n\n\n<h4 class=\"wp-block-heading is-style-default has-primary-accent-color has-site-background-background-color has-text-color has-background\"><a href=\"https:\/\/pos.uel.br\/ppga\/ensalamento-arguicoes-entrevistas-linha-de-pesquisa-gor\/\">ARGUI\u00c7\u00d5ES &#8211; Linha GOR &#8211; Ensalamento<\/a><\/h4>\n\n\n\n<h4 class=\"wp-block-heading is-style-default has-primary-accent-color has-site-background-background-color has-text-color has-background\"><a href=\"https:\/\/pos.uel.br\/ppga\/ensalamento-arguicoes-entrevistas-linha-de-pesquisa-ops\/\">ARGUI\u00c7\u00d5ES &#8211; Linha OPS &#8211; Ensalamento<\/a><\/h4>\n\n\n\n<h4 class=\"wp-block-heading is-style-default has-primary-accent-color has-site-background-background-color has-text-color has-background\"><a href=\"https:\/\/pos.uel.br\/ppga\/wp-content\/uploads\/2025\/09\/132025-Edital-PPGA-UEL-Selecao-Alunos-Regulares-TURMA-2026.pdf\">Edital de Abertura<\/a><\/h4>\n\n\n\n<h4 class=\"wp-block-heading is-style-default has-primary-accent-color has-site-background-background-color has-text-color has-background\"><a href=\"https:\/\/sites.uel.br\/proppg\/inscricoes\/\">Inscri\u00e7\u00f5es: de 19\/09 a 29\/10\/2025<\/a><\/h4>\n\n\n\n<div class=\"wp-block-uel-card\">\n<h4 class=\"wp-block-heading\">Requerimentos de Isen\u00e7\u00e3o:<\/h4>\n\n\n\n<ul class=\"wp-block-list\">\n<li><a href=\"https:\/\/sites.uel.br\/proppg\/formularios-da-pos-graduacao\/\">Lei 19.196\/2017 &#8211; Justi\u00e7a Eleitoral do Paran\u00e1<\/a><\/li>\n\n\n\n<li><a href=\"https:\/\/sites.uel.br\/proppg\/formularios-da-pos-graduacao\/\">Lei 19.293\/2017 &#8211; Doador de sangue<\/a><\/li>\n\n\n\n<li><strong><a href=\"https:\/\/www.sistemasweb.uel.br\/index.php?contents=system\/insc\/index.php&amp;pagina=view\/inscricoes\/seleciona_evento.php&amp;cod_evento=11183\">Cad\u00danico<\/a><\/strong><\/li>\n<\/ul>\n<\/div>\n\n\n\n<div class=\"wp-block-uel-card\">\n<h4 class=\"wp-block-heading\">Projeto de Pesquisa:<\/h4>\n\n\n\n<p><a href=\"https:\/\/pos.uel.br\/ppga\/wp-content\/uploads\/2025\/09\/PROJETO-DE-PESQUISA-TEMPLATE.docx\"><strong>Modelo\/Template do Projeto de Pesquisa (.docx)<\/strong><\/a><\/p>\n<\/div>\n\n\n\n<div class=\"wp-block-uel-card\">\n<h4 class=\"wp-block-heading\">Formul\u00e1rio de Avalia\u00e7\u00e3o do Lattes:<\/h4>\n\n\n\n<ul class=\"wp-block-list\">\n<li><a href=\"https:\/\/pos.uel.br\/ppga\/wp-content\/uploads\/2025\/09\/FORMULARIO-DE-AVALIACAO-DO-LATTES.docx\"><strong>WORD<\/strong><\/a><\/li>\n\n\n\n<li><a href=\"https:\/\/pos.uel.br\/ppga\/wp-content\/uploads\/2025\/09\/FORMULARIO-DE-AVALIACAO-DO-LATTES-edit.pdf\"><strong>PDF Edit\u00e1vel<\/strong><\/a><\/li>\n\n\n\n<li><a href=\"https:\/\/docs.google.com\/document\/d\/1jX5-3JLw7hu6dvRwcCgh6vLpFHXUcyIN\/edit?usp=sharing&amp;ouid=116366741381915309042&amp;rtpof=true&amp;sd=true\"><strong>Google Docs<\/strong><\/a> (\u00e9 necess\u00e1rio criar uma c\u00f3pia para pode editar)<\/li>\n<\/ul>\n<\/div>\n\n\n\n<div class=\"wp-block-uel-card\">\n<figure class=\"wp-block-table is-style-stripes\"><table class=\"has-primary-text-color has-text-color has-link-color\"><tbody><tr><td class=\"has-text-align-left\" data-align=\"left\"><strong>PROCEDIMENTOS<\/strong><\/td><td class=\"has-text-align-center\" data-align=\"center\"><strong>DATAS<\/strong><\/td><\/tr><tr><td class=\"has-text-align-left\" data-align=\"left\"><strong>Per\u00edodo para Requerimento de Isen\u00e7\u00e3o da Taxa de Inscri\u00e7\u00e3o (todas as modalidades)<\/strong><\/td><td class=\"has-text-align-center\" data-align=\"center\"><strong>08 e 09\/09\/2025<\/strong><\/td><\/tr><tr><td class=\"has-text-align-left\" data-align=\"left\"><a href=\"https:\/\/pos.uel.br\/ppga\/wp-content\/uploads\/2025\/09\/142025_PPGA-UEL_Processo_Seletivo_Regulares_ISENCAO_INSCRICAO_assinado.pdf\"><strong>Edital com Resultado dos Requerimentos de Isen\u00e7\u00e3o da Taxa de Inscri\u00e7\u00e3o<\/strong><\/a><\/td><td class=\"has-text-align-center\" data-align=\"center\"><strong>11\/09\/2025<\/strong><\/td><\/tr><tr><td class=\"has-text-align-left\" data-align=\"left\">Interposi\u00e7\u00e3o de Recurso ao Resultado dos Requerimentos de Isen\u00e7\u00e3o da Taxa de Inscri\u00e7\u00e3o<\/td><td class=\"has-text-align-center\" data-align=\"center\">12\/09\/2025<\/td><\/tr><tr><td class=\"has-text-align-left\" data-align=\"left\">Edital com Resposta aos Recursos Interpostos contra o Resultado dos Requerimentos de Isen\u00e7\u00e3o da Taxa de Inscri\u00e7\u00e3o<\/td><td class=\"has-text-align-center\" data-align=\"center\">16\/09\/2025<\/td><\/tr><tr><td class=\"has-text-align-left\" data-align=\"left\"><strong>Per\u00edodo de Inscri\u00e7\u00e3o<\/strong> &#8211; Exclusivamente em <a href=\"https:\/\/sites.uel.br\/proppg\/inscricoes\/\"><strong>https:\/\/sites.uel.br\/proppg\/inscricoes\/<\/strong><\/a>&nbsp;<\/td><td class=\"has-text-align-center\" data-align=\"center\"><strong>de 19\/09 a 29\/10\/2025<\/strong><\/td><\/tr><tr><td class=\"has-text-align-left\" data-align=\"left\">Entrevista \u2013 A\u00e7\u00f5es Afirmativas \u2013 Comiss\u00e3o de Heteroidentifica\u00e7\u00e3o&nbsp;<\/td><td class=\"has-text-align-center\" data-align=\"center\">12\/11\/2025<\/td><\/tr><tr><td class=\"has-text-align-left\" data-align=\"left\"><a href=\"https:\/\/pos.uel.br\/ppga\/wp-content\/uploads\/2025\/11\/RESULTADO_ACOES_AFIRMATIVAS_COTAS-2.pdf\" data-type=\"link\" data-id=\"https:\/\/pos.uel.br\/ppga\/wp-content\/uploads\/2025\/11\/RESULTADO_ACOES_AFIRMATIVAS_COTAS-2.pdf\"><strong>Resultado da An\u00e1lise das Comiss\u00f5es de A\u00e7\u00f5es Afirmativas (cotas negros, ind\u00edgenas e deficientes)<\/strong><\/a><\/td><td class=\"has-text-align-center\" data-align=\"center\"><strong>18\/11\/2025<\/strong><\/td><\/tr><tr><td class=\"has-text-align-left\" data-align=\"left\"><strong><a href=\"https:\/\/pos.uel.br\/ppga\/wp-content\/uploads\/2025\/11\/Edital-152025-PPGA-UEL-Processo-Seletivo-Regulares-COTAS-Ingles.docx.pdf\"><em>Evaluation of Applicants for Affirmative Action Quotas<\/em><\/a><\/strong><\/td><td class=\"has-text-align-center\" data-align=\"center\"><\/td><\/tr><tr><td class=\"has-text-align-left\" data-align=\"left\">Interposi\u00e7\u00e3o de Recursos ao Resultado da An\u00e1lise das Comiss\u00f5es das A\u00e7\u00f5es Afirmativas<\/td><td class=\"has-text-align-center\" data-align=\"center\">19\/11\/2025<\/td><\/tr><tr><td class=\"has-text-align-left\" data-align=\"left\"><strong><a href=\"https:\/\/pos.uel.br\/ppga\/wp-content\/uploads\/2025\/11\/ACOES_AFIRMATIVAS_Recurso.pdf\">Devolutiva da An\u00e1lise dos Recursos Interpostos ao Resultado das Comiss\u00f5es das A\u00e7\u00f5es Afirmativas<\/a><\/strong><\/td><td class=\"has-text-align-center\" data-align=\"center\"><strong>24\/11\/2025<\/strong><\/td><\/tr><tr><td class=\"has-text-align-left\" data-align=\"left\"><strong>Per\u00edodo de Sele\u00e7\u00e3o para o Mestrado<\/strong><\/td><td class=\"has-text-align-center\" data-align=\"center\"><strong>de 24\/11\/2025 a 02\/12\/2025<\/strong><\/td><\/tr><tr><td class=\"has-text-align-left\" data-align=\"left\"><strong>Etapa I: Confer\u00eancia dos Documentos<\/strong> (eliminat\u00f3ria)<\/td><td class=\"has-text-align-center\" data-align=\"center\">at\u00e9 24\/11\/2025<\/td><\/tr><tr><td class=\"has-text-align-left\" data-align=\"left\"><strong><a href=\"https:\/\/pos.uel.br\/ppga\/wp-content\/uploads\/2025\/11\/182025_Edital_PPGA-UEL_Selecao_Alunos_Regulares_-_RESULTADOS_DA_ETAPA_I_-_CONFERENCIA_DE_DOCUMENTOS_RETIFICADO_assinado.pdf\">Divulga\u00e7\u00e3o do Resultado da Etapa I (Confer\u00eancia dos Documentos)<\/a><\/strong><\/td><td class=\"has-text-align-center\" data-align=\"center\"><strong>24\/11\/2025<\/strong><\/td><\/tr><tr><td class=\"has-text-align-left\" data-align=\"left\"><strong><em><a href=\"https:\/\/pos.uel.br\/ppga\/wp-content\/uploads\/2025\/11\/NOTICE_19_2025_-_Results_of_Stage_I_29_assinado-1.pdf\">Results of Stage I (Document Verification)<\/a><\/em><\/strong><\/td><td class=\"has-text-align-center\" data-align=\"center\"><\/td><\/tr><tr><td class=\"has-text-align-left\" data-align=\"left\">Interposi\u00e7\u00e3o de Recurso ao Resultado da Etapa I<\/td><td class=\"has-text-align-center\" data-align=\"center\">25\/11\/2025<\/td><\/tr><tr><td class=\"has-text-align-left\" data-align=\"left\">Edital com Resposta aos Recursos Interpostos contra o Resultado da Etapa I<\/td><td class=\"has-text-align-center\" data-align=\"center\">26\/11\/2025<\/td><\/tr><tr><td class=\"has-text-align-left\" data-align=\"left\"><strong>Etapa II: Avalia\u00e7\u00e3o do Projeto de Pesquisa<\/strong> (eliminat\u00f3ria)<\/td><td class=\"has-text-align-center\" data-align=\"center\">at\u00e9 26\/11\/2025<\/td><\/tr><tr><td class=\"has-text-align-left\" data-align=\"left\"><a href=\"https:\/\/pos.uel.br\/ppga\/wp-content\/uploads\/2025\/11\/Edital_202024_PPGA-UEL_Processo_Seletivo_Regulares_RESULTADO_DA_ETAPA_II_assinado.pdf\"><strong>Divulga\u00e7\u00e3o do Resultado da Etapa II (Avalia\u00e7\u00e3o do Projeto de Pesquisa)<\/strong><\/a><\/td><td class=\"has-text-align-center\" data-align=\"center\">26\/11\/2025<\/td><\/tr><tr><td class=\"has-text-align-left\" data-align=\"left\"><strong><em><a href=\"https:\/\/pos.uel.br\/ppga\/wp-content\/uploads\/2025\/11\/NOTICE_21_2025_-_Results_of_Stage_II_29_assinado.pdf\">Results of Stage II (<strong>Research Proposal Evaluation<\/strong>)<\/a><\/em><\/strong><\/td><td class=\"has-text-align-center\" data-align=\"center\"><\/td><\/tr><tr><td class=\"has-text-align-left\" data-align=\"left\">Interposi\u00e7\u00e3o de Recurso ao Resultado da Etapa II<\/td><td class=\"has-text-align-center\" data-align=\"center\">27\/11\/2025<\/td><\/tr><tr><td class=\"has-text-align-left\" data-align=\"left\">Edital com Resposta aos Recursos Interpostos contra o Resultado da Etapa II<\/td><td class=\"has-text-align-center\" data-align=\"center\">28\/11\/2025<\/td><\/tr><tr><td class=\"has-text-align-left\" data-align=\"left\"><strong>Etapa III: Entrevista<\/strong> (eliminat\u00f3ria)<\/td><td class=\"has-text-align-center\" data-align=\"center\">01 e 02\/12\/2025<\/td><\/tr><tr><td class=\"has-text-align-left\" data-align=\"left\"><a href=\"https:\/\/pos.uel.br\/ppga\/wp-content\/uploads\/2025\/12\/Edital_222024_PPGA-UEL_Processo_Seletivo_Regulares_RESULTADO_DA_ETAPA_III_assinado.pdf\"><strong>Divulga\u00e7\u00e3o do Resultado da Etapa III (Argui\u00e7\u00e3o)<\/strong><\/a><\/td><td class=\"has-text-align-center\" data-align=\"center\">03\/12\/2025<\/td><\/tr><tr><td class=\"has-text-align-left\" data-align=\"left\"><strong><a href=\"https:\/\/pos.uel.br\/ppga\/wp-content\/uploads\/2025\/12\/NOTICE_24_2025_-_Results_of_Stage_III_29_assinado.pdf\"><em>Results of Stage III (Interview)<\/em><\/a><\/strong><\/td><td class=\"has-text-align-center\" data-align=\"center\"><\/td><\/tr><tr><td class=\"has-text-align-left\" data-align=\"left\">Interposi\u00e7\u00e3o de Recurso ao Resultado da Etapa III<\/td><td class=\"has-text-align-center\" data-align=\"center\">04\/12\/2025<\/td><\/tr><tr><td class=\"has-text-align-left\" data-align=\"left\"><a href=\"https:\/\/pos.uel.br\/ppga\/wp-content\/uploads\/2025\/12\/Edital_262024_PPGA-UEL_Processo_Seletivo_Regulares_RESPOSTA_AO_RECURSO_DA_ETAPA_III_assinado.pdf\"><strong>Edital com Resposta aos Recursos Interpostos contra o Resultado da Etapa III<\/strong><\/a><\/td><td class=\"has-text-align-center\" data-align=\"center\">05\/12\/2025<\/td><\/tr><tr><td class=\"has-text-align-left\" data-align=\"left\"><strong>Etapa IV: An\u00e1lise do Curr\u00edculo Lattes Documentado<\/strong> (classificat\u00f3ria)<\/td><td class=\"has-text-align-center\" data-align=\"center\">at\u00e9 02\/12\/2025<\/td><\/tr><tr><td class=\"has-text-align-left\" data-align=\"left\"><a href=\"https:\/\/pos.uel.br\/ppga\/wp-content\/uploads\/2025\/12\/Edital_232024_PPGA-UEL_Processo_Seletivo_Regulares_RESULTADO_DA_ETAPA_IV_assinado.pdf\"><strong>Divulga\u00e7\u00e3o do Resultado da Etapa IV (An\u00e1lise do Curr\u00edculo Lattes Documentado)<\/strong><\/a><\/td><td class=\"has-text-align-center\" data-align=\"center\">03\/12\/2025<\/td><\/tr><tr><td class=\"has-text-align-left\" data-align=\"left\"><a href=\"https:\/\/pos.uel.br\/ppga\/wp-content\/uploads\/2025\/12\/NOTICE_25_2025_-_Results_of_Stage_IV_29_assinado.pdf\"><strong><em>Results of Stage IV (CV Evaluation)<\/em><\/strong><\/a><\/td><td class=\"has-text-align-center\" data-align=\"center\"><\/td><\/tr><tr><td class=\"has-text-align-left\" data-align=\"left\">Interposi\u00e7\u00e3o de Recurso ao Resultado da Etapa IV<\/td><td class=\"has-text-align-center\" data-align=\"center\">04\/12\/2025<\/td><\/tr><tr><td class=\"has-text-align-left\" data-align=\"left\">Edital com Resposta aos Recursos Interpostos contra o Resultado da Etapa IV<\/td><td class=\"has-text-align-center\" data-align=\"center\">05\/12\/2025<\/td><\/tr><tr><td class=\"has-text-align-left\" data-align=\"left\"><a href=\"https:\/\/pos.uel.br\/ppga\/wp-content\/uploads\/2025\/12\/Edital_272024_PPGA-UEL_Processo_Seletivo_Regulares_RESULTADO_FINAL_assinado.pdf\"><strong>Divulga\u00e7\u00e3o do Edital de Resultado Final<\/strong><\/a><\/td><td class=\"has-text-align-center\" data-align=\"center\">05\/12\/2025<\/td><\/tr><tr><td class=\"has-text-align-left\" data-align=\"left\"><strong><a href=\"https:\/\/pos.uel.br\/ppga\/wp-content\/uploads\/2025\/12\/Edital_282024_PPGA-UEL_Processo_Seletivo_Regulares_CONVOCACAO_PARA_MATRICULA_assinado.pdf\">Convoca\u00e7\u00e3o para Matr\u00edcula<\/a><\/strong><\/td><td class=\"has-text-align-center\" data-align=\"center\">05\/12\/2025<\/td><\/tr><tr><td class=\"has-text-align-left\" data-align=\"left\"><strong>Per\u00edodo de Matr\u00edcula<\/strong><\/td><td class=\"has-text-align-center\" data-align=\"center\"><strong>de 08 a 11\/12\/2025<\/strong><\/td><\/tr><tr><td class=\"has-text-align-left\" data-align=\"left\"><strong>In\u00edcio do Semestre Letivo<\/strong><\/td><td class=\"has-text-align-center\" data-align=\"center\"><strong>16\/03\/2026<\/strong><\/td><\/tr><\/tbody><\/table><\/figure>\n<\/div>\n","protected":false},"excerpt":{"rendered":"<p>ARGUI\u00c7\u00d5ES &#8211; Linha GOR &#8211; Ensalamento ARGUI\u00c7\u00d5ES &#8211; Linha OPS &#8211; Ensalamento Edital de Abertura Inscri\u00e7\u00f5es: de 19\/09 a 29\/10\/2025<\/p>\n","protected":false},"author":8,"featured_media":0,"parent":0,"menu_order":0,"comment_status":"closed","ping_status":"closed","template":"","meta":{"footnotes":""},"class_list":["post-2264","page","type-page","status-publish","hentry"],"acf":[],"_links":{"self":[{"href":"https:\/\/pos.uel.br\/ppga\/wp-json\/wp\/v2\/pages\/2264","targetHints":{"allow":["GET"]}}],"collection":[{"href":"https:\/\/pos.uel.br\/ppga\/wp-json\/wp\/v2\/pages"}],"about":[{"href":"https:\/\/pos.uel.br\/ppga\/wp-json\/wp\/v2\/types\/page"}],"author":[{"embeddable":true,"href":"https:\/\/pos.uel.br\/ppga\/wp-json\/wp\/v2\/users\/8"}],"replies":[{"embeddable":true,"href":"https:\/\/pos.uel.br\/ppga\/wp-json\/wp\/v2\/comments?post=2264"}],"version-history":[{"count":38,"href":"https:\/\/pos.uel.br\/ppga\/wp-json\/wp\/v2\/pages\/2264\/revisions"}],"predecessor-version":[{"id":2420,"href":"https:\/\/pos.uel.br\/ppga\/wp-json\/wp\/v2\/pages\/2264\/revisions\/2420"}],"wp:attachment":[{"href":"https:\/\/pos.uel.br\/ppga\/wp-json\/wp\/v2\/media?parent=2264"}],"curies":[{"name":"wp","href":"https:\/\/api.w.org\/{rel}","templated":true}]}}