{"id":2005,"date":"2025-02-25T22:06:05","date_gmt":"2025-02-26T01:06:05","guid":{"rendered":"https:\/\/pos.uel.br\/ppga\/?page_id=2005"},"modified":"2026-03-24T18:30:58","modified_gmt":"2026-03-24T21:30:58","slug":"dissertacoes-defendidas-em-2025","status":"publish","type":"page","link":"https:\/\/pos.uel.br\/ppga\/dissertacoes-defendidas-em-2025\/","title":{"rendered":"Disserta\u00e7\u00f5es defendidas em 2025"},"content":{"rendered":"\n<p><a href=\"https:\/\/pos.uel.br\/ppga\/dissertacoes-defendidas\/\">retornar ao \u00edndice de disserta\u00e7\u00f5es defendidas<\/a><\/p>\n\n\n\n<div class=\"wp-block-uel-card\">\n<h4 class=\"wp-block-heading\">18\/12\/2025<\/h4>\n\n\n\n<blockquote class=\"wp-block-quote is-layout-flow wp-block-quote-is-layout-flow\">\n<h6 class=\"wp-block-heading\">T\u00edtulo: <a href=\"https:\/\/pos.uel.br\/ppga\/wp-content\/uploads\/2026\/03\/DISSERTACAO_NATALIA-SIMOES_OFICIAL.pdf\">DESEMPENHO DO OMNICHANNEL: UMA META-AN\u00c1LISE DAS PR\u00c1TICAS E EFEITOS NO COMPORTAMENTO DO CONSUMIDOR<\/a><\/h6>\n\n\n\n<p><strong>Autora:\u00a0<\/strong>Natalia Maria Simoes Silva<br><strong>Banca:\u00a0<\/strong>Dr. EDUARDO AUGUSTO DO ROS\u00c1RIO CONTANI (orientador) (PPGA-UEL), Dr. FEDERICO NATALIO MADKUR (UEL), Dr. JULIANO DOMINGUES DA SILVA (UEM)<strong><br>Palavras-chave:\u00a0<\/strong>omnichannel; comportamento do consumidor; vendas; meta-an\u00e1lise.<\/p>\n<\/blockquote>\n<\/div>\n\n\n\n<div class=\"wp-block-uel-card\">\n<h4 class=\"wp-block-heading\">17\/12\/2025<\/h4>\n\n\n\n<blockquote class=\"wp-block-quote is-layout-flow wp-block-quote-is-layout-flow\">\n<h6 class=\"wp-block-heading\">T\u00edtulo: DAS VOZES DA ARQUIBANCADA AOS SUJEITO-OBJETOS: A CONSTRU\u00c7\u00c3O DISCURSIVA DO JOGADOR DE FUTEBOL<\/h6>\n\n\n\n<p><strong>Autora:\u00a0<\/strong>Ana Claudia Ribeiro<br><strong>Banca:\u00a0<\/strong>Dra. ADRIANA DA SILVA VINHOLI RAMPAZO (orientadora) (PPGA-UEL), Dr. CARLOS EDUARDO DE LIMA (PPGA), Dr. WILLIAM ANTONIO BORGES (UEM)<strong><br>Palavras-chave:\u00a0<\/strong>.<\/p>\n<\/blockquote>\n<\/div>\n\n\n\n<div class=\"wp-block-uel-card\">\n<h4 class=\"wp-block-heading\">08\/12\/2025<\/h4>\n\n\n\n<blockquote class=\"wp-block-quote is-layout-flow wp-block-quote-is-layout-flow\">\n<h6 class=\"wp-block-heading\">T\u00edtulo: <a href=\"https:\/\/pos.uel.br\/ppga\/wp-content\/uploads\/2026\/03\/CSA_ADM_Me_2025_Ramalho_Fernando_M.pdf\">TRANSFORMA\u00c7\u00c3O DIGITAL: PROCESSO DE VIRTUALIZA\u00c7\u00c3O E\/OU DIGITALIZA\u00c7\u00c3O EM UMA UNIVERSIDADE P\u00daBLICA BRASILEIRA<\/a><\/h6>\n\n\n\n<p><strong>Autor:\u00a0<\/strong>Fernando Marino Ramalho<br><strong>Banca:\u00a0<\/strong>Dra. ELAINE MARIA DOS SANTOS (orientadora) (PPGA-UEL), Dr. PAULO MARCELO FERRARESE PEGINO (PPGA), Dr. CLAUDIO LUIZ CHIUSOLI (UNICENTRO)<strong><br>Palavras-chave:\u00a0<\/strong>transforma\u00e7\u00e3o digital; virtualiza\u00e7\u00e3o; digitaliza\u00e7\u00e3o; universidade p\u00fablica; administra\u00e7\u00e3o.<\/p>\n<\/blockquote>\n<\/div>\n\n\n\n<div class=\"wp-block-uel-card\">\n<h4 class=\"wp-block-heading\">06\/11\/2025<\/h4>\n\n\n\n<blockquote class=\"wp-block-quote is-layout-flow wp-block-quote-is-layout-flow\">\n<h6 class=\"wp-block-heading\">T\u00edtulo: <a href=\"https:\/\/pos.uel.br\/ppga\/wp-content\/uploads\/2026\/03\/Dissertacao-Natasha-Cezar-versao-final.pdf\">GOVERNAN\u00c7A COMO PR\u00c1TICA: GOVERNAN\u00c7A E PARTICIPA\u00c7\u00c3O CIDAD\u00c3 EM CIDADES INTELIGENTES \u00c0 LUZ DA ONTOLOGIA DO LUGAR DE SCHATZKI<\/a><\/h6>\n\n\n\n<p><strong>Autora:\u00a0<\/strong>Natasha de Ara\u00fajo Cezar<br><strong>Banca:\u00a0<\/strong>Dr. PAULO MARCELO FERRARESE PEGINO (orientador) (PPGA-UEL), Dr. CLAUDIO LUIZ CHIUSOLI (UNICENTRO), Dr. RAFAEL TEZZA (UDESC)<strong><br>Palavras-chave:\u00a0<\/strong>Schatzki; governan\u00e7a; participa\u00e7\u00e3o cidad\u00e3; cidades inteligentes; pr\u00e1ticas sociais.<\/p>\n<\/blockquote>\n<\/div>\n\n\n\n<div class=\"wp-block-uel-card\">\n<h4 class=\"wp-block-heading\">22\/10\/2025<\/h4>\n\n\n\n<blockquote class=\"wp-block-quote is-layout-flow wp-block-quote-is-layout-flow\">\n<h6 class=\"wp-block-heading\">T\u00edtulo: <a href=\"https:\/\/pos.uel.br\/ppga\/wp-content\/uploads\/2026\/03\/Dissertacao-Carla-Daiani-Dalto-Tomeleri.pdf\">PRIORIZA\u00c7\u00c3O DE TEMAS EM TREINAMENTOS DE VENDAS CONSULTIVAS: UM FRAMEWORK DE APOIO \u00c0 DECIS\u00c3O<\/a><\/h6>\n\n\n\n<p><strong>Autora:\u00a0<\/strong>Carla Daiani Dalto Tomeleri<br><strong>Banca:\u00a0<\/strong>Dr. REGINALDO FID\u00c9LIS (orientador) (PPGA-UEL), Dr. LUCIANO MUNCK (PPGA), Dra. MARCO ANTONIO FERREIRA (UTFPR)<strong><br>Palavras-chave:\u00a0<\/strong>An\u00e1lise de Necessidades de Treinamento (ANT); BWM; TOPSIS; Vendas; Vendas Pessoais; Vendas Consultivas.<\/p>\n<\/blockquote>\n<\/div>\n\n\n\n<div class=\"wp-block-uel-card\">\n<h4 class=\"wp-block-heading\">14\/08\/2025<\/h4>\n\n\n\n<blockquote class=\"wp-block-quote is-layout-flow wp-block-quote-is-layout-flow\">\n<h6 class=\"wp-block-heading\">T\u00edtulo: O PROCESSO DE IMPLEMENTA\u00c7\u00c3O DA GEST\u00c3O POR COMPET\u00caNCIAS EM UMA PREFEITURA DO NORTE DO PARAN\u00c1: RELATO DE EXPERIENCIA<\/h6>\n\n\n\n<p><strong>Autor:\u00a0<\/strong>Eliseu Aguiar de Gouveia<br><strong>Banca:\u00a0<\/strong>Dr. LUCIANO MUNCK (orientador) (PPGA-UEL), Dr. EDUARDO AUGUSTO DO ROS\u00c1RIO CONTANI (PPGA), Dra. PAULA CHIES SCHOMMER (UDESC)<strong><br>Palavras-chave:\u00a0<\/strong>.<\/p>\n<\/blockquote>\n<\/div>\n\n\n\n<div class=\"wp-block-uel-card\">\n<h4 class=\"wp-block-heading\">27\/05\/2025<\/h4>\n\n\n\n<blockquote class=\"wp-block-quote is-layout-flow wp-block-quote-is-layout-flow\">\n<h6 class=\"wp-block-heading\">T\u00edtulo: <a href=\"https:\/\/pos.uel.br\/ppga\/wp-content\/uploads\/2025\/09\/ANA_PAULA_TAMIKO_MATUO_DISSERTACAO_VERSAO_DEFINITIVA.pdf\">FATORES ASSOCIADOS A INOVA\u00c7\u00c3O E A CRIA\u00c7\u00c3O DE VALOR EM EMPRESAS ABERTAS BRASILEIRAS: UMA AN\u00c1LISE DO SETOR DE SA\u00daDE<\/a><\/h6>\n\n\n\n<p><strong>Autora:&nbsp;<\/strong>Ana Paula Tamiko Matuo<br><strong>Banca:&nbsp;<\/strong>Dr. EDUARDO AUGUSTO DO ROS\u00c1RIO CONTANI (orientador) (PPGA-UEL), Dr. JOS\u00c9 ROBERTO FERREIRA SAVOIA (USP), Dra. ELAINE MARIA DOS SANTOS (PPGA-UEL)<strong><br>Palavras-chave:&nbsp;<\/strong>Inova\u00e7\u00e3o; Cria\u00e7\u00e3o de Valor; Fatores de Inova\u00e7\u00e3o; Empresas Abertas Brasileiras; Setor de Sa\u00fade.<\/p>\n<\/blockquote>\n<\/div>\n\n\n\n<div class=\"wp-block-uel-card\">\n<h4 class=\"wp-block-heading\">25\/04\/2025<\/h4>\n\n\n\n<blockquote class=\"wp-block-quote is-layout-flow wp-block-quote-is-layout-flow\">\n<h6 class=\"wp-block-heading\">T\u00edtulo: <a href=\"https:\/\/pos.uel.br\/ppga\/wp-content\/uploads\/2025\/09\/Custos-e-eficiencia_-uma-analise-do-setor-de-saude-2.pdf\">CUSTOS E EFICI\u00caNCIA NA ADMINISTRA\u00c7\u00c3O DA SA\u00daDE P\u00daBLICA: UM ESTUDO DE CASO DO ANO DE 2022 NO MUNIC\u00cdPIO DE GUAXUP\u00c9\/MG<\/a><\/h6>\n\n\n\n<p><strong>Autor:&nbsp;<\/strong>Guilherme Godoy Silva Giacheti<br><strong>Banca:&nbsp;<\/strong>Dr. SAULO FABIANO AM\u00c2NCIO VIEIRA (orientador) (PPGA-UEL), Dr. LUCIANO GOMES DOS REIS (UEL), Dra. ELAINE MARIA DOS SANTOS (PPGA-UEL)<strong><br>Palavras-chave:&nbsp;<\/strong>Administra\u00e7\u00e3o P\u00fablica; Custos em sa\u00fade p\u00fablica; M\u00e9todos de custeio; Efici\u00eancia.<\/p>\n<\/blockquote>\n<\/div>\n\n\n\n<div class=\"wp-block-uel-card\">\n<h4 class=\"wp-block-heading\">27\/02\/2025<\/h4>\n\n\n\n<blockquote class=\"wp-block-quote is-layout-flow wp-block-quote-is-layout-flow\">\n<h6 class=\"wp-block-heading\">T\u00edtulo: <a href=\"https:\/\/pos.uel.br\/ppga\/wp-content\/uploads\/2025\/04\/DISSERTACAO-LUCAS-VAZ-1.pdf\">CASO SAMARCO: AN\u00c1LISE DE NARRATIVAS \u00c0 LUZ DA TEORIA DA ESTEIRA DE PRODU\u00c7\u00c3O<\/a><\/h6>\n\n\n\n<p><strong>Autor:&nbsp;<\/strong>Lucas Felipe da Silva Vaz<br><strong>Banca:&nbsp;<\/strong>Dr. PAULO MARCELO FERRARESE PEGINO (orientador) (PPGA-UEL), Dr. JO\u00c3O MARCELO CRUBELLATE (PPA-UEM), Dr. RICARDO LEBBOS FAVORETO (PPGA-UEL)<strong><br>Palavras-chave:&nbsp;<\/strong>Teoria da Esteira de Produ\u00e7\u00e3o; Criminologia Verde; Criminologia Ambiental; Samarco.<\/p>\n<\/blockquote>\n<\/div>\n\n\n\n<div class=\"wp-block-uel-card\">\n<h4 class=\"wp-block-heading\">24\/02\/2025<\/h4>\n\n\n\n<blockquote class=\"wp-block-quote is-layout-flow wp-block-quote-is-layout-flow\">\n<h6 class=\"wp-block-heading\">T\u00edtulo: <a href=\"https:\/\/pos.uel.br\/ppga\/wp-content\/uploads\/2025\/09\/Dissertacao-Final-PPGA-Claudia-Abe-Gargel-Luengo-.pdf\">BIOG\u00c1S E M\u00c9TODO DE TOMADA DE DECIS\u00c3O MULTICRIT\u00c9RIO: EXPLORANDO TEND\u00caNCIAS, AN\u00c1LISES CIENTOM\u00c9TRICAS E APLICA\u00c7\u00c3O DE UM NOVO MODELO<\/a><\/h6>\n\n\n\n<p><strong>Autora:&nbsp;<\/strong>Cl\u00e1udia Abe Gargel Luengo<br><strong>Banca:&nbsp;<\/strong>Dr. SAULO FABIANO AM\u00c2NCIO VIEIRA (orientador) (PPGA-UEL), Dr. RENATO FABIANO CINTRA (UFGD), Dr. EDUARDO AUGUSTO DO ROS\u00c1RIO CONTANI (PPGA-UEL)<strong><br>Palavras-chave:&nbsp;<\/strong>Biocombust\u00edveis, Multi-criteria Decision Analysis (MCDA), AHP, TOPSIS, Tend\u00eancias de Pesquisa.<\/p>\n<\/blockquote>\n<\/div>\n\n\n\n<div class=\"wp-block-uel-card\">\n<h4 class=\"wp-block-heading\">24\/02\/2025<\/h4>\n\n\n\n<blockquote class=\"wp-block-quote is-layout-flow wp-block-quote-is-layout-flow\">\n<h6 class=\"wp-block-heading\">T\u00edtulo: <a href=\"https:\/\/pos.uel.br\/ppga\/wp-content\/uploads\/2025\/09\/DISSERTACAO-AMANDA-FROIS-CARDOSO.pdf\">\u201cO MESMO QUE EU TRABALHO AQUI, EU VOU TRABALHAR L\u00c1, E L\u00c1 EU SOU LIVRE\u201d \u2013 AS EXPERI\u00caNCIAS DE PRODU\u00c7\u00c3O E SOCIABILIDADE NO ASSENTAMENTO ELI VIVE<\/a><\/h6>\n\n\n\n<p><strong>Autora:&nbsp;<\/strong>Amanda Keren Frois-Cardoso<br><strong>Banca:&nbsp;<\/strong>Dr. LUIS MIGUEL LUZIO-DOS-SANTOS (orientador) (PPGA-UEL), Dr. FABIO LANZA (PPGSOC-UEL), Dr. PAULO MARCELO FERRARESE PEGINO (PPGA-UEL)<strong><br>Palavras-chave:&nbsp;<\/strong>Assentamento Eli Vive. Pensamento Complexo. Comunidade. Identidade.<\/p>\n<\/blockquote>\n<\/div>\n\n\n\n<div class=\"wp-block-uel-card\">\n<h4 class=\"wp-block-heading\">21\/02\/2025<\/h4>\n\n\n\n<blockquote class=\"wp-block-quote is-layout-flow wp-block-quote-is-layout-flow\">\n<h6 class=\"wp-block-heading\">T\u00edtulo: <a href=\"https:\/\/pos.uel.br\/ppga\/wp-content\/uploads\/2025\/09\/Juliana-Righetto-21_02_2025-2-1.pdf\">A LINGUAGEM SOBRE INTELIG\u00caNCIA ARTIFICIAL NO TED TALKS: NARRATIVAS DE ESPECIALISTAS NO ASSUNTO ANALISADAS \u00c0 LUZ DA SOCIOLOGIA BOURDIEUSIANA<\/a><\/h6>\n\n\n\n<p><strong>Autora:&nbsp;<\/strong>Juliana Cristina Monteiro Righetto<br><strong>Banca:&nbsp;<\/strong>Dr. PAULO MARCELO FERRARESE PEGINO (orientador) (PPGA-UEL), Dra. BEATRIZ LIMA ZANONI (UFPR), Dr. RICARDO LEBBOS FAVORETO (UEL)<strong><br>Palavras-chave:&nbsp;<\/strong>Intelig\u00eancia Artificial; Narrativas; TED Talks; Poder Simb\u00f3lico; Pierre Bourdieu.<\/p>\n<\/blockquote>\n<\/div>\n\n\n\n<p><\/p>\n","protected":false},"excerpt":{"rendered":"<p>retornar ao \u00edndice de disserta\u00e7\u00f5es defendidas<\/p>\n","protected":false},"author":8,"featured_media":0,"parent":0,"menu_order":0,"comment_status":"closed","ping_status":"closed","template":"","meta":{"footnotes":""},"class_list":["post-2005","page","type-page","status-publish","hentry"],"acf":[],"_links":{"self":[{"href":"https:\/\/pos.uel.br\/ppga\/wp-json\/wp\/v2\/pages\/2005","targetHints":{"allow":["GET"]}}],"collection":[{"href":"https:\/\/pos.uel.br\/ppga\/wp-json\/wp\/v2\/pages"}],"about":[{"href":"https:\/\/pos.uel.br\/ppga\/wp-json\/wp\/v2\/types\/page"}],"author":[{"embeddable":true,"href":"https:\/\/pos.uel.br\/ppga\/wp-json\/wp\/v2\/users\/8"}],"replies":[{"embeddable":true,"href":"https:\/\/pos.uel.br\/ppga\/wp-json\/wp\/v2\/comments?post=2005"}],"version-history":[{"count":17,"href":"https:\/\/pos.uel.br\/ppga\/wp-json\/wp\/v2\/pages\/2005\/revisions"}],"predecessor-version":[{"id":2506,"href":"https:\/\/pos.uel.br\/ppga\/wp-json\/wp\/v2\/pages\/2005\/revisions\/2506"}],"wp:attachment":[{"href":"https:\/\/pos.uel.br\/ppga\/wp-json\/wp\/v2\/media?parent=2005"}],"curies":[{"name":"wp","href":"https:\/\/api.w.org\/{rel}","templated":true}]}}