{"id":1371,"date":"2024-08-14T21:07:52","date_gmt":"2024-08-15T00:07:52","guid":{"rendered":"https:\/\/pos.uel.br\/ppga\/?page_id=1371"},"modified":"2025-02-25T19:22:15","modified_gmt":"2025-02-25T22:22:15","slug":"processo-seletivo-para-alunos-regulares-turma-2025","status":"publish","type":"page","link":"https:\/\/pos.uel.br\/ppga\/processo-seletivo-para-alunos-regulares-turma-2025\/","title":{"rendered":"Processo Seletivo \u2013 Turma 2025"},"content":{"rendered":"\n<div class=\"wp-block-uel-card\">\n<h3 class=\"wp-block-heading\">Processo Seletivo para Alunos Regulares \u2013 Turma 2025 (FINALIZADO)<\/h3>\n\n\n\n<p><strong>Abaixo, voc\u00ea ir\u00e1 encontrar todas as informa\u00e7\u00f5es importantes sobre o Processo Seletivo.<\/strong><\/p>\n\n\n\n<p>O Mestrado em Administra\u00e7\u00e3o da UEL \u00e9 <strong>totalmente gratuito<\/strong> e voltado para candidatos(as) com forma\u00e7\u00e3o em curso superior de <strong>qualquer \u00e1rea do conhecimento<\/strong>.<\/p>\n\n\n\n<p>As d\u00favidas sobre o processo seletivo dever\u00e3o ser enviadas para os e-mails <a href=\"mailto:ppga@uel.br\"><strong>ppga@uel.br<\/strong><\/a> e <a href=\"mailto:mestrados@uel.br\"><strong>mestrados@uel.br<\/strong><\/a>.<\/p>\n<\/div>\n\n\n\n<h4 class=\"wp-block-heading is-style-default has-primary-accent-color has-site-background-background-color has-text-color has-background\"><a href=\"https:\/\/pos.uel.br\/ppga\/processo-seletivo-2025-entrevistas-linha-gor\/\">ENSALAMENTO &#8211; ENTREVISTAS &#8211; Linha de Pesquisa GOR<\/a><\/h4>\n\n\n\n<h4 class=\"wp-block-heading is-style-default has-primary-accent-color has-site-background-background-color has-text-color has-background\"><a href=\"https:\/\/pos.uel.br\/ppga\/processo-seletivo-2025-ensalamento-ops\/\">ENSALAMENTO &#8211; ENTREVISTAS &#8211; Linha de Pesquisa OPS<\/a><\/h4>\n\n\n\n<h4 class=\"wp-block-heading is-style-default has-primary-accent-color has-site-background-background-color has-text-color has-background\"><a href=\"https:\/\/pos.uel.br\/ppga\/errata-processo-seletivo-turma-2025\/\" data-type=\"link\" data-id=\"https:\/\/pos.uel.br\/ppga\/errata-processo-seletivo-turma-2025\/\">ERRATA (ATEN\u00c7\u00c3O)<\/a><\/h4>\n\n\n\n<h4 class=\"wp-block-heading is-style-default has-primary-accent-color has-site-background-background-color has-text-color has-background\"><a href=\"https:\/\/pos.uel.br\/ppga\/wp-content\/uploads\/2024\/08\/102024_Edital_PPGA-UEL_Selecao_Alunos_Regulares_assinado.pdf\">Edital de Abertura<\/a><\/h4>\n\n\n\n<h4 class=\"wp-block-heading is-style-default has-primary-accent-color has-site-background-background-color has-text-color has-background\"><a href=\"https:\/\/sites.uel.br\/proppg\/inscricoes\/\">Inscri\u00e7\u00f5es<\/a><\/h4>\n\n\n\n<h4 class=\"wp-block-heading is-style-default has-primary-accent-color has-site-background-background-color has-text-color has-background\"><a href=\"https:\/\/pos.uel.br\/ppga\/corpo-docente\/\">Corpo Docente do PPGA<\/a><\/h4>\n\n\n\n<h4 class=\"wp-block-heading is-style-default has-primary-accent-color has-site-background-background-color has-text-color has-background\"><a href=\"http:\/\/www.uel.br\/eventos\/sigec\/?id=9672\" data-type=\"link\" data-id=\"http:\/\/www.uel.br\/eventos\/sigec\/?id=9672\">Requerimento de Isen\u00e7\u00e3o Cad\u00danico &#8211; 05 a 09\/09\/2023<\/a><\/h4>\n\n\n\n<h4 class=\"wp-block-heading is-style-default has-primary-accent-color has-site-background-background-color has-text-color has-background\"><a href=\"https:\/\/pos.uel.br\/ppga\/wp-content\/uploads\/2024\/10\/FORMULARIO-DE-AVALIACAO-DO-LATTES-2025-corrigido-para-edicao.docx\" data-type=\"link\" data-id=\"https:\/\/pos.uel.br\/ppga\/wp-content\/uploads\/2024\/10\/FORMULARIO-DE-AVALIACAO-DO-LATTES-2025-corrigido-para-edicao.docx\">Formul\u00e1rio PPGA-UEL de Avalia\u00e7\u00e3o do Curr\u00edculo Lattes (arquivo docx)<\/a> <sub><sup>[op\u00e7\u00e3o 1]<\/sup><\/sub><\/h4>\n\n\n\n<p><strong><mark class=\"has-inline-color has-primary-accent-color\">ATEN\u00c7\u00c3O: NOVO ARQUIVO EM FORMATO WORD. O ANTERIOR N\u00c3O ESTAVA PERMITINDO EDI\u00c7\u00c3O<\/mark><\/strong><\/p>\n\n\n\n<h4 class=\"wp-block-heading is-style-default has-primary-accent-color has-site-background-background-color has-text-color has-background\"><a href=\"https:\/\/docs.google.com\/document\/d\/19mkg971vQTWBhyIz-JLIXFJr-hya1vSf\/edit?usp=sharing&amp;ouid=116366741381915309042&amp;rtpof=true&amp;sd=true\">Formul\u00e1rio PPGA-UEL de Avalia\u00e7\u00e3o do Curr\u00edculo Lattes (link Google Docs)<\/a> <sub><sup>[op\u00e7\u00e3o 2]<\/sup><\/sub><\/h4>\n\n\n\n<h4 class=\"wp-block-heading is-style-default has-primary-accent-color has-site-background-background-color has-text-color has-background\"><a href=\"https:\/\/pos.uel.br\/ppga\/wp-content\/uploads\/2024\/08\/FORMULARIO-DE-AVALIACAO-DO-LATTES-2025.pdf\">Formul\u00e1rio PPGA-UEL de Avalia\u00e7\u00e3o do Curr\u00edculo Lattes (arquivo pdf) <\/a><sub><sup>[op\u00e7\u00e3o 3]<\/sup><\/sub><\/h4>\n\n\n\n<div style=\"height:100px\" aria-hidden=\"true\" class=\"wp-block-spacer\"><\/div>\n\n\n\n<hr class=\"wp-block-separator has-alpha-channel-opacity\" \/>\n\n\n\n<figure class=\"wp-block-table is-style-stripes\"><table><tbody><tr><td><strong>PROCEDIMENTOS<\/strong><\/td><td class=\"has-text-align-center\" data-align=\"center\"><strong>DATAS<\/strong><\/td><td class=\"has-text-align-center\" data-align=\"center\"><strong>ARQUIVO<\/strong><\/td><\/tr><tr><td>Per\u00edodo para Requerimento de <strong><a href=\"http:\/\/www.uel.br\/eventos\/sigec\/?id=9672\">Isen\u00e7\u00e3o <\/a><\/strong>da Taxa de Inscri\u00e7\u00e3o (todas as modalidades)<\/td><td class=\"has-text-align-center\" data-align=\"center\">de 05 a 09\/09\/2024<\/td><td class=\"has-text-align-center\" data-align=\"center\"><a href=\"http:\/\/www.uel.br\/eventos\/sigec\/?id=9672\"><strong>link<\/strong><\/a><\/td><\/tr><tr><td><strong><a href=\"https:\/\/pos.uel.br\/ppga\/wp-content\/uploads\/2024\/09\/Edital_112024_PPGA-UEL_Processo_Seletivo_Regulares_ISENCAO_INSCRICAO_assinado.pdf\">Edital com Resultado dos Requerimentos de Isen\u00e7\u00e3o da Taxa de Inscri\u00e7\u00e3o<\/a><\/strong><\/td><td class=\"has-text-align-center\" data-align=\"center\">12\/09\/2024<\/td><td class=\"has-text-align-center\" data-align=\"center\"><a href=\"https:\/\/pos.uel.br\/ppga\/wp-content\/uploads\/2024\/09\/Edital_112024_PPGA-UEL_Processo_Seletivo_Regulares_ISENCAO_INSCRICAO_assinado.pdf\"><strong>PDF<\/strong><\/a><\/td><\/tr><tr><td>Interposi\u00e7\u00e3o de Recurso ao Resultado dos Requerimentos de Isen\u00e7\u00e3o da Taxa de Inscri\u00e7\u00e3o<\/td><td class=\"has-text-align-center\" data-align=\"center\">13\/09\/2024<\/td><td class=\"has-text-align-center\" data-align=\"center\"><\/td><\/tr><tr><td>Edital com Resposta aos Recursos Interpostos ao Resultado dos Requerimentos de Isen\u00e7\u00e3o da Taxa de Inscri\u00e7\u00e3o<\/td><td class=\"has-text-align-center\" data-align=\"center\">17\/09\/2024<\/td><td class=\"has-text-align-center\" data-align=\"center\"><\/td><\/tr><tr><td><strong>Per\u00edodo de Inscri\u00e7\u00e3o<\/strong> Exclusivamente em <a href=\"https:\/\/sites.uel.br\/proppg\/inscricoes\/\"><strong>https:\/\/sites.uel.br\/proppg\/inscricoes\/<\/strong><\/a>&nbsp;<\/td><td class=\"has-text-align-center\" data-align=\"center\"><strong>de 19\/09\/2024 a 30\/10\/2024<\/strong><\/td><td class=\"has-text-align-center\" data-align=\"center\"><\/td><\/tr><tr><td>Entrevista \u2013 A\u00e7\u00f5es Afirmativas \u2013 Comiss\u00e3o de Heteroidentifica\u00e7\u00e3o&nbsp;<\/td><td class=\"has-text-align-center\" data-align=\"center\">05\/11\/2024<\/td><td class=\"has-text-align-center\" data-align=\"center\"><\/td><\/tr><tr><td><a href=\"https:\/\/pos.uel.br\/ppga\/wp-content\/uploads\/2024\/11\/Edital_122024_PPGA-UEL_Processo_Seletivo_Regulares_RESULTADO_COTAS.assinado.pdf\" data-type=\"link\" data-id=\"https:\/\/pos.uel.br\/ppga\/wp-content\/uploads\/2024\/11\/Edital_122024_PPGA-UEL_Processo_Seletivo_Regulares_RESULTADO_COTAS.assinado.pdf\"><strong>Resultado da An\u00e1lise das Comiss\u00f5es de A\u00e7\u00f5es Afirmativas (cotas negros, ind\u00edgenas e deficientes)<\/strong><\/a><\/td><td class=\"has-text-align-center\" data-align=\"center\">13\/11\/2024<\/td><td class=\"has-text-align-center\" data-align=\"center\"><a href=\"https:\/\/pos.uel.br\/ppga\/wp-content\/uploads\/2024\/11\/Edital_122024_PPGA-UEL_Processo_Seletivo_Regulares_RESULTADO_COTAS.assinado.pdf\"><strong>PDF<\/strong><\/a><\/td><\/tr><tr><td>Interposi\u00e7\u00e3o de Recursos ao Resultado da An\u00e1lise das Comiss\u00f5es das A\u00e7\u00f5es Afirmativas<\/td><td class=\"has-text-align-center\" data-align=\"center\">14\/11\/2024<\/td><td class=\"has-text-align-center\" data-align=\"center\"><\/td><\/tr><tr><td>Devolutiva da An\u00e1lise dos Recursos Interpostos ao Resultado das Comiss\u00f5es das A\u00e7\u00f5es Afirmativas<\/td><td class=\"has-text-align-center\" data-align=\"center\">19\/11\/2024<\/td><td class=\"has-text-align-center\" data-align=\"center\"><\/td><\/tr><tr><td><strong>Per\u00edodo de Sele\u00e7\u00e3o para o Mestrado<\/strong><\/td><td class=\"has-text-align-center\" data-align=\"center\"><strong>de 19\/11\/2024 a 06\/12\/2024<\/strong><\/td><td class=\"has-text-align-center\" data-align=\"center\"><\/td><\/tr><tr><td><strong>Etapa I: Confer\u00eancia dos Documentos<\/strong> (eliminat\u00f3ria)<\/td><td class=\"has-text-align-center\" data-align=\"center\">at\u00e9 19\/11\/2024<\/td><td class=\"has-text-align-center\" data-align=\"center\"><\/td><\/tr><tr><td><a href=\"https:\/\/pos.uel.br\/ppga\/wp-content\/uploads\/2024\/11\/Edital_132024_PPGA-UEL_Processo_Seletivo_Regulares_CONFERENCIA_DE_DOCUMENTOS_assinado.pdf\"><strong>Divulga\u00e7\u00e3o do Resultado da Etapa I (Confer\u00eancia dos Documentos)<\/strong><\/a><\/td><td class=\"has-text-align-center\" data-align=\"center\">19\/11\/2024<\/td><td class=\"has-text-align-center\" data-align=\"center\"><a href=\"https:\/\/pos.uel.br\/ppga\/wp-content\/uploads\/2024\/11\/Edital_132024_PPGA-UEL_Processo_Seletivo_Regulares_CONFERENCIA_DE_DOCUMENTOS_assinado.pdf\" data-type=\"link\" data-id=\"https:\/\/pos.uel.br\/ppga\/wp-content\/uploads\/2024\/11\/Edital_132024_PPGA-UEL_Processo_Seletivo_Regulares_CONFERENCIA_DE_DOCUMENTOS_assinado.pdf\"><strong>PDF<\/strong><\/a><\/td><\/tr><tr><td>Interposi\u00e7\u00e3o de Recurso ao Resultado da Etapa I<\/td><td class=\"has-text-align-center\" data-align=\"center\">de 20 a 21\/11\/2024<\/td><td class=\"has-text-align-center\" data-align=\"center\"><\/td><\/tr><tr><td>Edital com Resposta aos Recursos Interpostos ao Resultado da Etapa I<\/td><td class=\"has-text-align-center\" data-align=\"center\">22\/11\/2024<\/td><td class=\"has-text-align-center\" data-align=\"center\"><\/td><\/tr><tr><td><strong>Etapa II: Avalia\u00e7\u00e3o do Projeto de Pesquisa<\/strong> (eliminat\u00f3ria)<\/td><td class=\"has-text-align-center\" data-align=\"center\">at\u00e9 22\/11\/2024<\/td><td class=\"has-text-align-center\" data-align=\"center\"><\/td><\/tr><tr><td><strong><a href=\"https:\/\/pos.uel.br\/ppga\/wp-content\/uploads\/2024\/11\/Edital_142024_PPGA-UEL_Processo_Seletivo_Regulares_RESULTADO_DA_ETAPA_II_assinado-1.pdf\">Divulga\u00e7\u00e3o do Resultado da Etapa II (Avalia\u00e7\u00e3o do Projeto de Pesquisa)<\/a><\/strong><\/td><td class=\"has-text-align-center\" data-align=\"center\">25\/11\/2024<\/td><td class=\"has-text-align-center\" data-align=\"center\"><strong><a href=\"https:\/\/pos.uel.br\/ppga\/wp-content\/uploads\/2024\/11\/Edital_142024_PPGA-UEL_Processo_Seletivo_Regulares_RESULTADO_DA_ETAPA_II_assinado-1.pdf\">PDF<\/a><\/strong><\/td><\/tr><tr><td>Interposi\u00e7\u00e3o de Recurso ao Resultado da Etapa II<\/td><td class=\"has-text-align-center\" data-align=\"center\">de 26 a 27\/11\/2024<\/td><td class=\"has-text-align-center\" data-align=\"center\"><\/td><\/tr><tr><td><a href=\"https:\/\/pos.uel.br\/ppga\/wp-content\/uploads\/2024\/11\/Edital_152024_PPGA-UEL_Processo_Seletivo_Regulares_RECURSOS_ETAPA_II_assinado.pdf\"><strong>Edital com Resposta aos Recursos Interpostos ao Resultado da Etapa II<\/strong><\/a><\/td><td class=\"has-text-align-center\" data-align=\"center\">28\/11\/2024<\/td><td class=\"has-text-align-center\" data-align=\"center\"><a href=\"https:\/\/pos.uel.br\/ppga\/wp-content\/uploads\/2024\/11\/Edital_152024_PPGA-UEL_Processo_Seletivo_Regulares_RECURSOS_ETAPA_II_assinado.pdf\"><strong>PDF<\/strong><\/a><\/td><\/tr><tr><td><strong>Etapa III: Entrevista<\/strong> (eliminat\u00f3ria)<\/td><td class=\"has-text-align-center\" data-align=\"center\">de 02 a 04\/12\/2024<\/td><td class=\"has-text-align-center\" data-align=\"center\"><\/td><\/tr><tr><td><a href=\"https:\/\/pos.uel.br\/ppga\/wp-content\/uploads\/2024\/12\/Edital_172024_PPGA-UEL_Processo_Seletivo_Regulares_RESULTADO_DA_ETAPA_III_assinado.pdf\" data-type=\"link\" data-id=\"https:\/\/pos.uel.br\/ppga\/wp-content\/uploads\/2024\/12\/Edital_172024_PPGA-UEL_Processo_Seletivo_Regulares_RESULTADO_DA_ETAPA_III_assinado.pdf\"><strong>Divulga\u00e7\u00e3o do Resultado da Etapa III (Entrevista)<\/strong><\/a><\/td><td class=\"has-text-align-center\" data-align=\"center\">04\/12\/2024<\/td><td class=\"has-text-align-center\" data-align=\"center\"><a href=\"https:\/\/pos.uel.br\/ppga\/wp-content\/uploads\/2024\/12\/Edital_172024_PPGA-UEL_Processo_Seletivo_Regulares_RESULTADO_DA_ETAPA_III_assinado.pdf\"><strong>PDF<\/strong><\/a><\/td><\/tr><tr><td>Interposi\u00e7\u00e3o de Recurso ao Resultado da Etapa III<\/td><td class=\"has-text-align-center\" data-align=\"center\">05\/12\/2024<\/td><td class=\"has-text-align-center\" data-align=\"center\"><\/td><\/tr><tr><td>Edital com Resposta aos Recursos Interpostos ao Resultado da Etapa III<\/td><td class=\"has-text-align-center\" data-align=\"center\">06\/12\/2024<\/td><td class=\"has-text-align-center\" data-align=\"center\"><\/td><\/tr><tr><td><strong>Etapa IV: An\u00e1lise do Curr\u00edculo Lattes Documentado<\/strong> (classificat\u00f3ria)<\/td><td class=\"has-text-align-center\" data-align=\"center\">at\u00e9 04\/12\/2024<\/td><td class=\"has-text-align-center\" data-align=\"center\"><\/td><\/tr><tr><td><a href=\"https:\/\/pos.uel.br\/ppga\/wp-content\/uploads\/2024\/12\/Edital_182024_PPGA-UEL_Processo_Seletivo_Regulares_RESULTADO_DA_ETAPA_IV_assinado.pdf\"><strong>Divulga\u00e7\u00e3o do Resultado da Etapa IV (An\u00e1lise do Curr\u00edculo Lattes Documentado)<\/strong><\/a><\/td><td class=\"has-text-align-center\" data-align=\"center\">04\/12\/2024<\/td><td class=\"has-text-align-center\" data-align=\"center\"><a href=\"https:\/\/pos.uel.br\/ppga\/wp-content\/uploads\/2024\/12\/Edital_182024_PPGA-UEL_Processo_Seletivo_Regulares_RESULTADO_DA_ETAPA_IV_assinado.pdf\"><strong>PDF<\/strong><\/a><\/td><\/tr><tr><td>Interposi\u00e7\u00e3o de Recurso ao Resultado da Etapa IV<\/td><td class=\"has-text-align-center\" data-align=\"center\">05\/12\/2024<\/td><td class=\"has-text-align-center\" data-align=\"center\"><\/td><\/tr><tr><td><a href=\"https:\/\/pos.uel.br\/ppga\/wp-content\/uploads\/2024\/12\/Edital_192024_PPGA-UEL_Processo_Seletivo_Regulares_RECURSOS_ETAPA_IV_assinado.pdf\"><strong>Edital com Resposta aos Recursos Interpostos ao Resultado da Etapa IV<\/strong><\/a><\/td><td class=\"has-text-align-center\" data-align=\"center\">06\/12\/2024<\/td><td class=\"has-text-align-center\" data-align=\"center\"><a href=\"https:\/\/pos.uel.br\/ppga\/wp-content\/uploads\/2024\/12\/Edital_192024_PPGA-UEL_Processo_Seletivo_Regulares_RECURSOS_ETAPA_IV_assinado.pdf\"><strong>PDF<\/strong><\/a><\/td><\/tr><tr><td><strong><a href=\"https:\/\/pos.uel.br\/ppga\/wp-content\/uploads\/2024\/12\/Edital_202024_PPGA-UEL_Processo_Seletivo_Regulares_RESULTADO_FINAL_assinado.pdf\">Divulga\u00e7\u00e3o do Edital de Resultado Final<\/a><\/strong><\/td><td class=\"has-text-align-center\" data-align=\"center\">11\/12\/2024<\/td><td class=\"has-text-align-center\" data-align=\"center\"><strong><a href=\"https:\/\/pos.uel.br\/ppga\/wp-content\/uploads\/2024\/12\/Edital_202024_PPGA-UEL_Processo_Seletivo_Regulares_RESULTADO_FINAL_assinado.pdf\">PDF<\/a><\/strong><\/td><\/tr><tr><td><a href=\"https:\/\/pos.uel.br\/ppga\/wp-content\/uploads\/2024\/12\/Edital_212024_PPGA-UEL_Processo_Seletivo_Regulares_CONVOCACAO_assinado.pdf\"><strong>Edital de Convoca\u00e7\u00e3o para Matr\u00edcula<\/strong><\/a><\/td><td class=\"has-text-align-center\" data-align=\"center\">11\/12\/2024<\/td><td class=\"has-text-align-center\" data-align=\"center\"><a href=\"https:\/\/pos.uel.br\/ppga\/wp-content\/uploads\/2024\/12\/Edital_212024_PPGA-UEL_Processo_Seletivo_Regulares_CONVOCACAO_assinado.pdf\"><strong>PDF<\/strong><\/a><\/td><\/tr><tr><td><strong><a href=\"https:\/\/pos.uel.br\/ppga\/wp-content\/uploads\/2025\/01\/Edital_012025_PPGA-UEL_Processo_Seletivo_Regulares_ORIENTACOES_assinado.pdf\">Edital com a Distribui\u00e7\u00e3o de Orienta\u00e7\u00f5es<\/a><\/strong><\/td><td class=\"has-text-align-center\" data-align=\"center\">20\/01\/2025<\/td><td class=\"has-text-align-center\" data-align=\"center\"><strong><a href=\"https:\/\/pos.uel.br\/ppga\/wp-content\/uploads\/2025\/01\/Edital_012025_PPGA-UEL_Processo_Seletivo_Regulares_ORIENTACOES_assinado.pdf\">PDF<\/a><\/strong><\/td><\/tr><tr><td><strong>Per\u00edodo de Matr\u00edcula<\/strong><\/td><td class=\"has-text-align-center\" data-align=\"center\"><strong>de 27 a 29\/01\/2025<\/strong><\/td><td class=\"has-text-align-center\" data-align=\"center\"><\/td><\/tr><tr><td><a href=\"https:\/\/pos.uel.br\/ppga\/wp-content\/uploads\/2025\/01\/Edital_022025_PPGA-UEL_Processo_Seletivo_Regulares_SUPLENTES_assinado.pdf\"><strong>Edital de Convoca\u00e7\u00e3o para Matr\u00edcula &#8211; SUPLENTES<\/strong><\/a><\/td><td class=\"has-text-align-center\" data-align=\"center\">31\/01\/2025<\/td><td class=\"has-text-align-center\" data-align=\"center\"><a href=\"https:\/\/pos.uel.br\/ppga\/wp-content\/uploads\/2025\/01\/Edital_022025_PPGA-UEL_Processo_Seletivo_Regulares_SUPLENTES_assinado.pdf\"><strong>PDF<\/strong><\/a><\/td><\/tr><tr><td><strong>In\u00edcio do Semestre Letivo<\/strong><\/td><td class=\"has-text-align-center\" data-align=\"center\"><strong>10\/03\/2025<\/strong><\/td><td class=\"has-text-align-center\" data-align=\"center\"><\/td><\/tr><\/tbody><\/table><\/figure>\n\n\n\n<p><\/p>\n","protected":false},"excerpt":{"rendered":"<p>ENSALAMENTO &#8211; ENTREVISTAS &#8211; Linha de Pesquisa GOR ENSALAMENTO &#8211; ENTREVISTAS &#8211; Linha de Pesquisa OPS ERRATA (ATEN\u00c7\u00c3O) Edital de Abertura Inscri\u00e7\u00f5es Corpo Docente do PPGA Requerimento de Isen\u00e7\u00e3o Cad\u00danico &#8211; 05 a 09\/09\/2023 Formul\u00e1rio PPGA-UEL de Avalia\u00e7\u00e3o do Curr\u00edculo Lattes (arquivo docx) [op\u00e7\u00e3o 1] ATEN\u00c7\u00c3O: NOVO ARQUIVO EM FORMATO WORD. O ANTERIOR N\u00c3O ESTAVA [&hellip;]<\/p>\n","protected":false},"author":8,"featured_media":0,"parent":0,"menu_order":0,"comment_status":"closed","ping_status":"closed","template":"","meta":{"footnotes":""},"class_list":["post-1371","page","type-page","status-publish","hentry"],"acf":[],"_links":{"self":[{"href":"https:\/\/pos.uel.br\/ppga\/wp-json\/wp\/v2\/pages\/1371","targetHints":{"allow":["GET"]}}],"collection":[{"href":"https:\/\/pos.uel.br\/ppga\/wp-json\/wp\/v2\/pages"}],"about":[{"href":"https:\/\/pos.uel.br\/ppga\/wp-json\/wp\/v2\/types\/page"}],"author":[{"embeddable":true,"href":"https:\/\/pos.uel.br\/ppga\/wp-json\/wp\/v2\/users\/8"}],"replies":[{"embeddable":true,"href":"https:\/\/pos.uel.br\/ppga\/wp-json\/wp\/v2\/comments?post=1371"}],"version-history":[{"count":34,"href":"https:\/\/pos.uel.br\/ppga\/wp-json\/wp\/v2\/pages\/1371\/revisions"}],"predecessor-version":[{"id":1958,"href":"https:\/\/pos.uel.br\/ppga\/wp-json\/wp\/v2\/pages\/1371\/revisions\/1958"}],"wp:attachment":[{"href":"https:\/\/pos.uel.br\/ppga\/wp-json\/wp\/v2\/media?parent=1371"}],"curies":[{"name":"wp","href":"https:\/\/api.w.org\/{rel}","templated":true}]}}