{"id":1346,"date":"2024-06-02T14:20:56","date_gmt":"2024-06-02T17:20:56","guid":{"rendered":"https:\/\/pos.uel.br\/ppga\/?page_id=1346"},"modified":"2025-02-28T15:49:31","modified_gmt":"2025-02-28T18:49:31","slug":"dissertacoes-defendidas-em-2018","status":"publish","type":"page","link":"https:\/\/pos.uel.br\/ppga\/dissertacoes-defendidas-em-2018\/","title":{"rendered":"Disserta\u00e7\u00f5es defendidas em 2018"},"content":{"rendered":"\n<p><a href=\"https:\/\/pos.uel.br\/ppga\/dissertacoes-defendidas\/\">retornar ao \u00edndice de disserta\u00e7\u00f5es defendidas<\/a><\/p>\n\n\n\n<div class=\"wp-block-group\"><div class=\"wp-block-group__inner-container is-layout-constrained wp-block-group-is-layout-constrained\">\n<div class=\"wp-block-uel-card\">\n<h4 class=\"wp-block-heading\">14\/12\/2018<\/h4>\n\n\n\n<blockquote class=\"wp-block-quote is-layout-flow wp-block-quote-is-layout-flow\">\n<h6 class=\"wp-block-heading\"><strong><strong><strong>T\u00edtulo:\u00a0<\/strong><a href=\"https:\/\/repositorio.uel.br\/bitstreams\/e9a2ba26-7fa5-41f7-96df-88354384a1d6\/download\">PERCEP\u00c7\u00d5ES DA SUSTENTABILIDADE EM CONTEXTO ORGANIZACIONAL: INTERPRETANDO \u00c0 LUZ DA TR\u00cdADE BOURDIEUSIANA<\/a><\/strong><\/strong><\/h6>\n\n\n\n<p><strong>Autora:<\/strong> NATALIA DA SILVA MALAGUTTI SANTOS<br><strong>Banca:\u00a0<\/strong>Dr. RAFAEL BORIM DE SOUZA &#8211; (orientador)(UEL), Dra. NATALIA RESE (UFPR), Dr. LUCIANO MUNCK (UEL)<strong><br>Palavras-chave:\u00a0<\/strong>Campo; Habitus; Capitais; Sustentabilidade; Pierre Bourdieu.<\/p>\n<\/blockquote>\n<\/div>\n<\/div><\/div>\n\n\n\n<div class=\"wp-block-group\"><div class=\"wp-block-group__inner-container is-layout-constrained wp-block-group-is-layout-constrained\">\n<div class=\"wp-block-uel-card\">\n<h4 class=\"wp-block-heading\">30\/11\/2018<\/h4>\n\n\n\n<blockquote class=\"wp-block-quote is-layout-flow wp-block-quote-is-layout-flow\">\n<h6 class=\"wp-block-heading\"><strong><strong><strong>T\u00edtulo:\u00a0<\/strong><a href=\"https:\/\/repositorio.uel.br\/bitstreams\/1e2e250e-6ee9-46f6-b54e-2fc17b5c27ae\/download\">SENTIDO PARA A SUSTENTABILIDADE E SEUS IMPACTOS: UM ESTUDO NA UNIVERSIDADE ESTADUAL DE LONDRINA SOB A LUZ DO SENSEMAKING<\/a><\/strong><\/strong><\/h6>\n\n\n\n<p><strong>Autor:<\/strong> TIAGO RODRIGUES GARCIA<br><strong>Banca:\u00a0<\/strong>Dr. LUCIANO MUNCK &#8211; (orientador)(UEL), Dr. RAFAEL BORIM DE SOUZA (UEL), Dr. LUIS FERNANDO PINTO DIAS (UEL)<strong><br>Palavras-chave:\u00a0<\/strong>Sustentabilidade; Institui\u00e7\u00f5es de Ensino Superior; Sensemaking; L\u00f3gicas decis\u00f3rias.<\/p>\n<\/blockquote>\n<\/div>\n<\/div><\/div>\n\n\n\n<div class=\"wp-block-group\"><div class=\"wp-block-group__inner-container is-layout-constrained wp-block-group-is-layout-constrained\">\n<div class=\"wp-block-uel-card\">\n<h4 class=\"wp-block-heading\">08\/10\/2018<\/h4>\n\n\n\n<blockquote class=\"wp-block-quote is-layout-flow wp-block-quote-is-layout-flow\">\n<h6 class=\"wp-block-heading\"><strong><strong><strong>T\u00edtulo:\u00a0<\/strong><a href=\"https:\/\/pos.uel.br\/ppga\/wp-content\/uploads\/2025\/02\/6247.pdf\">EM BUSCA DA DOXA SOBRE A SUSTENTABILIDADE: UMA TRAJET\u00d3RIA CONSTRU\u00cdDA A PARTIR DAS NARRATIVAS DE UM CAMPO ORGANIZACIONAL E SUAS REPRESENTA\u00c7\u00d5ES DRAMAT\u00daRGICAS<\/a><\/strong><\/strong><\/h6>\n\n\n\n<p><strong>Autora:<\/strong> CAMILA CRISTINA FERREIRA<br><strong>Banca:\u00a0<\/strong>Dr. RAFAEL BORIM DE SOUZA &#8211; (orientador)(UEL), Dra. ADRIANA VINHOLI RAMPAZO (UEL), Dra. NATALIA RESE (UFPR)<strong><br>Palavras-chave:\u00a0<\/strong>Sustentabilidade; Doxa; Neocolonialismo; Gerenciamento de Impress\u00f5es.<\/p>\n<\/blockquote>\n<\/div>\n<\/div><\/div>\n\n\n\n<div class=\"wp-block-group\"><div class=\"wp-block-group__inner-container is-layout-constrained wp-block-group-is-layout-constrained\">\n<div class=\"wp-block-uel-card\">\n<h4 class=\"wp-block-heading\">06\/09\/2018<\/h4>\n\n\n\n<blockquote class=\"wp-block-quote is-layout-flow wp-block-quote-is-layout-flow\">\n<h6 class=\"wp-block-heading\"><strong><strong><strong>T\u00edtulo:\u00a0<\/strong><a href=\"https:\/\/repositorio.uel.br\/bitstreams\/ffaa08d9-f05e-4760-a829-0cfabaa85064\/download\">O DESMANTELAMENTO COMO ESTRAT\u00c9GIA: A DESREGULAMENTA\u00c7\u00c3O AMBIENTAL NO ESTADO DO PARAN\u00c1 (2010 \u2013 2017)<\/a><\/strong><\/strong><\/h6>\n\n\n\n<p><strong>Autora:<\/strong> JULIANA NAKAMURA GALLASSI<br><strong>Banca:\u00a0<\/strong>DR. BENILSON BORINELLI &#8211; (orientador)(UEL), Dr. RAFAEL BORIM DE SOUZA (UEL), Dra. T\u00c2NIA MARIA FRESCA (UEL)<strong><br>Palavras-chave:\u00a0<\/strong>Estado. Pol\u00edtica ambiental. Desregulamenta\u00e7\u00e3o ambiental. Desmantelamento. Paran\u00e1.<\/p>\n<\/blockquote>\n<\/div>\n\n\n\n<div class=\"wp-block-uel-card\">\n<h4 class=\"wp-block-heading\">31\/08\/2018<\/h4>\n\n\n\n<blockquote class=\"wp-block-quote is-layout-flow wp-block-quote-is-layout-flow\">\n<h6 class=\"wp-block-heading\"><strong><strong><strong>T\u00edtulo:\u00a0<\/strong><a href=\"https:\/\/repositorio.uel.br\/bitstreams\/1079539d-a4e8-434f-aca5-c091cfc663e4\/download\">AN\u00c1LISE DA RELA\u00c7\u00c3O DE CUSTOS E EFICI\u00caNCIA DE UNIDADES B\u00c1SICAS DE SA\u00daDE: UM ESTUDO NO MUNIC\u00cdPIO DE LONDRINA-PR<\/a><\/strong><\/strong><\/h6>\n\n\n\n<p><strong>Autora:<\/strong> CAMILA MOLIANI FERRI<br><strong>Banca:\u00a0<\/strong>Dr. SAULO FABIANO AM\u00c2NCIO VIEIRA &#8211; (orientador)(UEL), <strong>\u00a0<\/strong>Dr. LUCIANO G. DOS REIS (UEL), Dr. SIDNEI PEREIRA DO NASCIMENTO (UEL), Dra. VERA L\u00daCIA TIEKO SUGUIHIRO (UEL)<strong><br>Palavras-chave:\u00a0<\/strong>Administra\u00e7\u00e3o P\u00fablica; Custos em Sa\u00fade P\u00fablica; Unidades B\u00e1sicas de Sa\u00fade; Custos e Efic\u00eancia; Sustentabilidade.<\/p>\n<\/blockquote>\n<\/div>\n\n\n\n<div class=\"wp-block-uel-card\">\n<h4 class=\"wp-block-heading\">30\/08\/2018<\/h4>\n\n\n\n<blockquote class=\"wp-block-quote is-layout-flow wp-block-quote-is-layout-flow\">\n<h6 class=\"wp-block-heading\"><strong><strong><strong>T\u00edtulo:\u00a0<\/strong><a href=\"https:\/\/repositorio.uel.br\/bitstreams\/ef780ba5-fac7-4a13-abc3-3521ac90c58e\/download\">BARRANDO E AFROUXANDO O CONTROLE AMBIENTAL: SELETIVIDADE POL\u00cdTICA NO PROCESSO LEGISLATIVO AMBIENTAL NO ESTADO DO PARAN\u00c1<\/a><\/strong><\/strong><\/h6>\n\n\n\n<p><strong>Autora:<\/strong> DAYANE CRISTINA DE ALMEIDA<br><strong>Banca:\u00a0<\/strong>DR. BENILSON BORINELLI &#8211; (orientador)(UEL), Dr. LUIS MIGUEL LUZIO DOS SANTOS (UEL), Dr. ROG\u00c9RIO SANTOS DA COSTA (UNISUL)<strong><br>Palavras-chave:\u00a0<\/strong>Estado; Seletividade; Pol\u00edtica ambiental; Paran\u00e1; Processo legislativo ambiental.<\/p>\n<\/blockquote>\n<\/div>\n\n\n\n<div class=\"wp-block-uel-card\">\n<h4 class=\"wp-block-heading\">20\/08\/2018<\/h4>\n\n\n\n<blockquote class=\"wp-block-quote is-layout-flow wp-block-quote-is-layout-flow\">\n<h6 class=\"wp-block-heading\"><strong><strong><strong><strong>T\u00edtulo:\u00a0<\/strong><a href=\"https:\/\/repositorio.uel.br\/bitstreams\/b98a3aa9-5218-48e6-9277-e748f2de28c5\/download\">AS INTER-RELA\u00c7\u00d5ES ENTRE IDENTIDADE, IMAGEM E REPUTA\u00c7\u00c3O EM ORGANIZA\u00c7\u00d5ES SUSTENT\u00c1VEIS: UM ESTUDO DE CASO SOB A LUZ DO SENSEMAKING<\/a><\/strong><\/strong><\/strong><\/h6>\n\n\n\n<p><strong>Autora:<\/strong> ALINE MUNHOZ SANTANA<br><strong>Banca:\u00a0<\/strong>Dr. LUCIANO MUNCK &#8211; (orientador)(UEL), Dr. RAFAEL BORIM DE SOUZA (UEL), Dra. B\u00c1RBARA GALLELI DIAS (UFPR)<strong><br>Palavras-chave:\u00a0<\/strong>Sustentabilidade; Identidade; Imagem; Reputa\u00e7\u00e3o; Sensemaking; Sensegiving; Sensebreaking.<\/p>\n<\/blockquote>\n<\/div>\n\n\n\n<div class=\"wp-block-uel-card\">\n<h4 class=\"wp-block-heading\">17\/08\/2018<\/h4>\n\n\n\n<blockquote class=\"wp-block-quote is-layout-flow wp-block-quote-is-layout-flow\">\n<h6 class=\"wp-block-heading\"><strong><strong><strong><strong>T\u00edtulo:\u00a0<\/strong><a href=\"https:\/\/repositorio.uel.br\/bitstreams\/46cbfd32-899a-469d-9982-22a73901c29a\/download\">RELA\u00c7\u00c3O ENTRE CUSTOS, N\u00cdVEL SOCIOECON\u00d4MICO E ESTRUTURA ESCOLAR COM O DESEMPENHO EDUCACIONAL E A EFICI\u00caNCIA NA ALOCA\u00c7\u00c3O DE RECURSOS: UMA AN\u00c1LISE LONGITUDINAL DAS ESCOLAS MUNICIPAIS DE LONDRINA \u2013 PR<\/a><\/strong><\/strong><\/strong><\/h6>\n\n\n\n<p><strong>Autor:<\/strong> THIAGO SPIRI FERREIRA<br><strong>Banca:\u00a0<\/strong>Dr. SAULO FABIANO AM\u00c2NCIO VIEIRA &#8211; (orientador)(UEL), Dr. LUCIANO G. DOS REIS (UEL), Dra. VERA L\u00daCIA TIEKO SUGUIHIRO (UEL)<strong><br>Palavras-chave:\u00a0<\/strong>Custos; educa\u00e7\u00e3o fundamental; escolas municipais; an\u00e1lise Envolt\u00f3ria dos Dados; IDEB; Nivel socioecon\u00f4mico.<\/p>\n<\/blockquote>\n<\/div>\n\n\n\n<div class=\"wp-block-uel-card\">\n<h4 class=\"wp-block-heading\">10\/05\/2018<\/h4>\n\n\n\n<blockquote class=\"wp-block-quote is-layout-flow wp-block-quote-is-layout-flow\">\n<h6 class=\"wp-block-heading\"><strong><strong><strong><strong><strong>T\u00edtulo:\u00a0<\/strong><a href=\"https:\/\/repositorio.uel.br\/bitstreams\/84c393c2-68be-4d20-a785-1fab1ce9ebe4\/download\">A SEMIOSE PRESENTE NAS REPRESENTA\u00c7\u00d5ES DOS ESTUDANTES DO CURSO T\u00c9CNICO EM MEIO AMBIENTE NA ABORDAGEM DA TEM\u00c1TICA DOS RES\u00cdDUOS S\u00d3LIDOS URBANOS<\/a><\/strong><\/strong><\/strong><\/strong><\/h6>\n\n\n\n<p><strong>Autora:<\/strong> LARISSA CHALINE LOPES LIMA<br><strong>Banca:\u00a0<\/strong>Dra. PATRICIA DE OLIVEIRA ROSA DA SILVA &#8211; (orientador)(UEL), Dra. IRENE DE ARAUJO MACHADO (USP), Dra. S\u00d4NIA REGINA VARGAS MANSANO (UEL)<strong><br>Palavras-chave:\u00a0<\/strong>Sustentabilidade; Desenvolvimento Sustent\u00e1vel; Organiza\u00e7\u00e3o Escola; Agentes-int\u00e9rpretes.<\/p>\n<\/blockquote>\n<\/div>\n\n\n\n<div class=\"wp-block-uel-card\">\n<h4 class=\"wp-block-heading\">23\/04\/2018<\/h4>\n\n\n\n<blockquote class=\"wp-block-quote is-layout-flow wp-block-quote-is-layout-flow\">\n<h6 class=\"wp-block-heading\"><strong><strong><strong><strong><strong>T\u00edtulo:\u00a0<\/strong><a href=\"https:\/\/repositorio.uel.br\/bitstreams\/26ed332e-c5fe-4f6f-bb83-372e468bd0d1\/download\">REDE DE ECONOMIA SOLID\u00c1RIA: O CASO DA COOPERATIVA DE TRABALHO DE COSTUREIRAS UNIDAS VENCEREMOS COMO INTEGRANTE DA JUSTA TRAMA<\/a><\/strong><\/strong><\/strong><\/strong><\/h6>\n\n\n\n<p><strong>Autor:<\/strong> LUCAS HENRIQUE DE SOUZA<br><strong>Banca:\u00a0<\/strong>Dr. LUIS MIGUEL LUZIO DOS SANTOS &#8211; (orientador)(UEL), Dr. IVAN DE SOUZA DUTRA (UEL), Dr. J\u00d5AO LUIZ PASSADOR (FEA-RP\/USP)<strong><br>Palavras-chave:\u00a0<\/strong>Capitalismo; Economia Solid\u00e1ria; Sustentabilidade; Redes; Justa Trama.<\/p>\n<\/blockquote>\n<\/div>\n\n\n\n<div class=\"wp-block-uel-card\">\n<h4 class=\"wp-block-heading\">13\/04\/2018<\/h4>\n\n\n\n<blockquote class=\"wp-block-quote is-layout-flow wp-block-quote-is-layout-flow\">\n<h6 class=\"wp-block-heading\"><strong><strong><strong><strong><strong><strong>T\u00edtulo:\u00a0<\/strong><a href=\"https:\/\/repositorio.uel.br\/bitstreams\/6d781160-48e9-4a35-9473-ce7a7899a741\/download\">REDES E RELA\u00c7\u00d5ES DE PODER COMO INFLU\u00caNCIAS NO ACESSO A RECURSOS DE ORGANIZA\u00c7\u00d5ES SEM FINS LUCRATIVOS DE LONDRINA &#8211; PR<\/a><\/strong><\/strong><\/strong><\/strong><\/strong><\/h6>\n\n\n\n<p><strong>Autora:<\/strong> RAPHAELA AMAOKA BERNARDINO<br><strong>Banca:\u00a0<\/strong>Dr. IVAN DE SOUZA DUTRA &#8211; (orientador)(UEL), Dr. JANDIR PAULI (IMED), Dr. LUIS MIGUEL LUZIO DOS SANTOS (UEL)<strong><br>Palavras-chave:\u00a0<\/strong>Redes; Rela\u00e7\u00f5es de Poder; Organiza\u00e7\u00f5es Sem Fins Lucrativos; Sustentabilidade.<\/p>\n<\/blockquote>\n<\/div>\n\n\n\n<div class=\"wp-block-uel-card\">\n<h4 class=\"wp-block-heading\">10\/04\/2018<\/h4>\n\n\n\n<blockquote class=\"wp-block-quote is-layout-flow wp-block-quote-is-layout-flow\">\n<h6 class=\"wp-block-heading\"><strong><strong><strong><strong><strong><strong><strong>T\u00edtulo:\u00a0<\/strong><a href=\"https:\/\/repositorio.uel.br\/bitstreams\/4b3d960e-77b7-47ba-9495-0866334f538f\/download\">A POSTERGA\u00c7\u00c3O COMO PROBLEMA: UM ESTUDO DA POL\u00cdTICA DE ARBORIZA\u00c7\u00c3O URBANA DE MANDAGUARI\u2013PR SOB A \u00d3TICA DA ABORDAGEM DE ARRANJOS POL\u00cdTICOS<\/a><\/strong><\/strong><\/strong><\/strong><\/strong><\/strong><\/h6>\n\n\n\n<p><strong>Autor:<\/strong> RAFAEL LEITE MACEDO<br><strong>Banca:\u00a0<\/strong>DR. BENILSON BORINELLI &#8211; (orientador)(UEL), Dra. PATRICIA DE OLIVEIRA ROSA DA SILVA (UEL), Dra. IRENE DOMENES ZAPPAROLI (UEL)<strong><br>Palavras-chave:\u00a0<\/strong>Arranjos Pol\u00edticos; Governan\u00e7a; Pol\u00edtica de Arboriza\u00e7\u00e3o Urbana; Plano de Arboriza\u00e7\u00e3o Urbana.<\/p>\n<\/blockquote>\n<\/div>\n\n\n\n<div class=\"wp-block-uel-card\">\n<h4 class=\"wp-block-heading\">26\/03\/2018<\/h4>\n\n\n\n<blockquote class=\"wp-block-quote is-layout-flow wp-block-quote-is-layout-flow\">\n<h6 class=\"wp-block-heading\"><strong><strong><strong><strong><strong><strong><strong>T\u00edtulo:\u00a0<\/strong><a href=\"https:\/\/repositorio.uel.br\/bitstreams\/8cd55c67-d015-4642-bd12-e3e5bed0e5e9\/download\">GEST\u00c3O PARTICIPATIVA NAS ORGANIZA\u00c7\u00d5ES: UMA AN\u00c1LISE DO MODELO ACION\u00c1RIO DA PROMON ENGENHARIA<\/a><\/strong><\/strong><\/strong><\/strong><\/strong><\/strong><\/h6>\n\n\n\n<p><strong>Autor:<\/strong> MATHEUS TOLEDO BECHARA<br><strong>Banca:\u00a0<\/strong>Dr. LUIS MIGUEL LUZIO DOS SANTOS &#8211; (orientador)(UEL), Dra. S\u00d4NIA REGINA VARGAS MANSANO (UEL), Dra. L\u00cdRIA BETTIOL LANZA (UEL)<strong><br>Palavras-chave:\u00a0<\/strong>Gest\u00e3o Participativa; Promon Engenharia; Participa\u00e7\u00e3o; Organiza\u00e7\u00f5es.<\/p>\n<\/blockquote>\n<\/div>\n<\/div><\/div>\n\n\n\n<div class=\"wp-block-group\"><div class=\"wp-block-group__inner-container is-layout-constrained wp-block-group-is-layout-constrained\">\n<div class=\"wp-block-uel-card\">\n<h4 class=\"wp-block-heading\">21\/03\/2018<\/h4>\n\n\n\n<blockquote class=\"wp-block-quote is-layout-flow wp-block-quote-is-layout-flow\">\n<h6 class=\"wp-block-heading\"><strong><strong><strong>T\u00edtulo:\u00a0<\/strong><a href=\"https:\/\/repositorio.uel.br\/bitstreams\/6035f34a-a2f2-4f18-a1f4-d49416963eab\/download\">PENSAMENTO REFLEXIVO PARA SUSTENTABILIDADE: CONSIDERA\u00c7\u00d5ES AO ENSINO DE ADMINISTRADORES E VALIDA\u00c7\u00c3O DE UM INSTRUMENTO<\/a><\/strong><\/strong><\/h6>\n\n\n\n<p><strong>Autor:<\/strong> RODRIGO LIBANEZ MELAN<br><strong>Banca:\u00a0<\/strong>Dr. SAULO FABIANO AM\u00c2NCIO VIEIRA &#8211; (orientador)(UEL), Dra. JAQUELINE APARECIDA RAMINELLI (UEL), Dra. ADRIANA CRISTINA FERREIRA CALDANA (USP)<strong><br>Palavras-chave:\u00a0<\/strong>Sustentabilidade; Pensamento Reflexivo; Administra\u00e7\u00e3o; Valida\u00e7\u00e3o; Question\u00e1rio; Educa\u00e7\u00e3o para Sustentabilidade; PRME.<\/p>\n<\/blockquote>\n<\/div>\n<\/div><\/div>\n\n\n\n<div class=\"wp-block-group\"><div class=\"wp-block-group__inner-container is-layout-constrained wp-block-group-is-layout-constrained\">\n<div class=\"wp-block-uel-card\">\n<h4 class=\"wp-block-heading\">21\/03\/2018<\/h4>\n\n\n\n<blockquote class=\"wp-block-quote is-layout-flow wp-block-quote-is-layout-flow\">\n<h6 class=\"wp-block-heading\"><strong><strong><strong>T\u00edtulo:\u00a0<\/strong><a href=\"https:\/\/repositorio.uel.br\/bitstreams\/8b0f4dcc-1c61-4507-9e98-92bccd9940ac\/download\">SUSTENTABILIDADES SOCIAL E CULTURAL: ESTUDO DE CASO EM UMA FUNDA\u00c7\u00c3O DE CULTURA ART\u00cdSTICA<\/a><\/strong><\/strong><\/h6>\n\n\n\n<p><strong>Autor:<\/strong> LUIZ FERNANDO CAMARGO<br><strong>Banca:\u00a0<\/strong>Dra. S\u00d4NIA REGINA VARGAS MANSANO &#8211; (orientador)(UEL), Dr. LUIS MIGUEL LUZIO DOS SANTOS (UEL), Dr. KENNEDY PIAU FERREIRA (UEL)<strong><br>Palavras-chave:\u00a0<\/strong>Sustentabilidade Social; Sustentabilidade Cultural; Subjetividade.<\/p>\n<\/blockquote>\n<\/div>\n<\/div><\/div>\n\n\n\n<div class=\"wp-block-group\"><div class=\"wp-block-group__inner-container is-layout-constrained wp-block-group-is-layout-constrained\">\n<div class=\"wp-block-uel-card\">\n<h4 class=\"wp-block-heading\">20\/02\/2018<\/h4>\n\n\n\n<blockquote class=\"wp-block-quote is-layout-flow wp-block-quote-is-layout-flow\">\n<h6 class=\"wp-block-heading\"><strong><strong><strong>T\u00edtulo:\u00a0<\/strong><a href=\"https:\/\/repositorio.uel.br\/bitstreams\/a6df27eb-dd0d-4107-9bf6-e23a8520cc7a\/download\">PR\u00c1TICAS SOCIOCULTURAIS DE OSFL NA PERSPECTIVA DE LA\u00c7OS SOCIAIS TRI-SETORIAIS EM LONDRINA \u2013 BRASIL E R\u00cdMINI \u2013 IT\u00c1LIA<\/a><\/strong><\/strong><\/h6>\n\n\n\n<p><strong>Autora:<\/strong> MAITE MORGANA UHLMANN<br><strong>Banca:\u00a0<\/strong>Dr. IVAN DE SOUZA DUTRA &#8211; (orientador)(UEL), Dr. MARCELO DE S. BISPO (UFP), Dr. LUCIANO MUNCK (UEL)<strong><br>Palavras-chave:\u00a0<\/strong>Pr\u00e1ticas s\u00f3cio-culturais; La\u00e7os Sociais; Redes; Trisetorialidade.<\/p>\n<\/blockquote>\n<\/div>\n<\/div><\/div>\n","protected":false},"excerpt":{"rendered":"<p>retornar ao \u00edndice de disserta\u00e7\u00f5es defendidas<\/p>\n","protected":false},"author":12,"featured_media":0,"parent":0,"menu_order":0,"comment_status":"closed","ping_status":"closed","template":"","meta":{"footnotes":""},"class_list":["post-1346","page","type-page","status-publish","hentry"],"acf":[],"_links":{"self":[{"href":"https:\/\/pos.uel.br\/ppga\/wp-json\/wp\/v2\/pages\/1346","targetHints":{"allow":["GET"]}}],"collection":[{"href":"https:\/\/pos.uel.br\/ppga\/wp-json\/wp\/v2\/pages"}],"about":[{"href":"https:\/\/pos.uel.br\/ppga\/wp-json\/wp\/v2\/types\/page"}],"author":[{"embeddable":true,"href":"https:\/\/pos.uel.br\/ppga\/wp-json\/wp\/v2\/users\/12"}],"replies":[{"embeddable":true,"href":"https:\/\/pos.uel.br\/ppga\/wp-json\/wp\/v2\/comments?post=1346"}],"version-history":[{"count":2,"href":"https:\/\/pos.uel.br\/ppga\/wp-json\/wp\/v2\/pages\/1346\/revisions"}],"predecessor-version":[{"id":2053,"href":"https:\/\/pos.uel.br\/ppga\/wp-json\/wp\/v2\/pages\/1346\/revisions\/2053"}],"wp:attachment":[{"href":"https:\/\/pos.uel.br\/ppga\/wp-json\/wp\/v2\/media?parent=1346"}],"curies":[{"name":"wp","href":"https:\/\/api.w.org\/{rel}","templated":true}]}}