{"id":1341,"date":"2024-05-23T20:49:00","date_gmt":"2024-05-23T23:49:00","guid":{"rendered":"https:\/\/pos.uel.br\/ppga\/?page_id=1341"},"modified":"2025-02-28T17:18:09","modified_gmt":"2025-02-28T20:18:09","slug":"dissertacoes-defendidas-em-2017","status":"publish","type":"page","link":"https:\/\/pos.uel.br\/ppga\/dissertacoes-defendidas-em-2017\/","title":{"rendered":"Disserta\u00e7\u00f5es defendidas em 2017"},"content":{"rendered":"\n<p><a href=\"https:\/\/pos.uel.br\/ppga\/dissertacoes-defendidas\/\">retornar ao \u00edndice de disserta\u00e7\u00f5es defendidas<\/a><\/p>\n\n\n\n<div class=\"wp-block-group\"><div class=\"wp-block-group__inner-container is-layout-constrained wp-block-group-is-layout-constrained\">\n<div class=\"wp-block-uel-card\">\n<h4 class=\"wp-block-heading\">20\/10\/2017<\/h4>\n\n\n\n<blockquote class=\"wp-block-quote is-layout-flow wp-block-quote-is-layout-flow\">\n<h6 class=\"wp-block-heading\"><strong><strong><strong>T\u00edtulo:\u00a0<\/strong><a href=\"https:\/\/repositorio.uel.br\/bitstreams\/602cdb9a-f458-43e8-a5a9-0100dc0dfca8\/download\">L\u00d3GICA INSTITUCIONAL: UMA AN\u00c1LISE DO DEPARTAMENTO DE ADMINISTRA\u00c7\u00c3O DA UNIVERSIDADE ESTADUAL DE LONDRINA<\/a><\/strong><\/strong><\/h6>\n\n\n\n<p><strong>Autora:<\/strong> MARISSA YANARA DE GODOY LIMA<br><strong>Banca:\u00a0<\/strong>Dr. SAULO FABIANO AM\u00c2NCIO VIEIRA &#8211; (orientador)(UEL), Dra. THAIS ACCYOLI BACCARO (UEL), Dr. MARCELO RESQUETTI TARIFA (UEL)<strong><br>Palavras-chave:\u00a0<\/strong>L\u00f3gica Institucional; Teoria Institucional; Universidade Estadual de Londrina; Departamento de Administra\u00e7\u00e3o; Gest\u00e3o P\u00fablica; Educa\u00e7\u00e3o.<\/p>\n<\/blockquote>\n<\/div>\n\n\n\n<div class=\"wp-block-uel-card\">\n<h4 class=\"wp-block-heading\">31\/08\/2017<\/h4>\n\n\n\n<blockquote class=\"wp-block-quote is-layout-flow wp-block-quote-is-layout-flow\">\n<h6 class=\"wp-block-heading\"><strong><strong><strong><strong>T\u00edtulo:\u00a0<\/strong><a href=\"https:\/\/repositorio.uel.br\/bitstreams\/42a6bcbc-648f-4aa1-953b-9b74bb63dc8a\/download\">ESTRUTURA DE REDE E OBJETIVOS DE SUSTENTABILIDADE: ESTUDO EM ORGANIZA\u00c7\u00d5ES SEM FINS LUCRATIVOS DE LONDRINA-PR<\/a><\/strong><\/strong><\/strong><\/h6>\n\n\n\n<p><strong>Autor:<\/strong> PEDRO PAULO DE SOUZA CONTE<br><strong>Banca:\u00a0<\/strong>Dr. IVAN DE SOUZA DUTRA &#8211; (orientador)(UEL), Dra. THAIS ACCYOLI BACCARO (UEL), Dr. MARCOS DE CASTRO (UNICENTRO)<strong><br>Palavras-chave:\u00a0<\/strong>An\u00e1lise de Redes Sociais; Organiza\u00e7\u00f5es sem Fins Lucrativos; Sustentabilidade.<\/p>\n<\/blockquote>\n<\/div>\n\n\n\n<div class=\"wp-block-uel-card\">\n<h4 class=\"wp-block-heading\">23\/08\/2017<\/h4>\n\n\n\n<blockquote class=\"wp-block-quote is-layout-flow wp-block-quote-is-layout-flow\">\n<h6 class=\"wp-block-heading\"><strong><strong><strong><strong>T\u00edtulo:\u00a0<\/strong><a href=\"https:\/\/pos.uel.br\/ppga\/wp-content\/uploads\/2025\/02\/6731.pdf\">O DESAFIO DOS RES\u00cdDUOS S\u00d3LIDOS NA ATUALIDADE: COMPREENS\u00d5ES DE ESTUDANTES DE UM CURSO T\u00c9CNICO EM MEIO AMBIENTE DA CIDADE DE LONDRINA &#8211; PARAN\u00c1<\/a><\/strong><\/strong><\/strong><\/h6>\n\n\n\n<p><strong>Autor:<\/strong> EVERTON CARLOS DOS ANJOS<br><strong>Banca:\u00a0<\/strong>Dra. PATRICIA DE OLIVEIRA ROSA DA SILVA &#8211; (orientador)(UEL), Dra. LILIAN MARA ALIGLERI (UEL), DR. BENILSON BORINELLI (UEL)<strong><br>Palavras-chave:\u00a0<\/strong>Sustentabilidade; Educa\u00e7\u00e3o Ambiental Cr\u00edtica; Curso T\u00e9cnico em Meio Ambiente; Alfabetiza\u00e7\u00e3o Visual.<\/p>\n<\/blockquote>\n<\/div>\n\n\n\n<div class=\"wp-block-uel-card\">\n<h4 class=\"wp-block-heading\">19\/07\/2017<\/h4>\n\n\n\n<blockquote class=\"wp-block-quote is-layout-flow wp-block-quote-is-layout-flow\">\n<h6 class=\"wp-block-heading\"><strong><strong><strong><strong><strong>T\u00edtulo:\u00a0<\/strong><a href=\"https:\/\/repositorio.uel.br\/bitstreams\/60c3705e-ea3b-45c3-addf-3566e9d9a371\/download\">RELATO INTEGRADO: UMA AN\u00c1LISE COMPARATIVA ENTRE EMPRESAS BRASILEIRAS E EUROPEIAS SOB A \u00d3TICA DA TEORIA INSTITUCIONAL<\/a><\/strong><\/strong><\/strong><\/strong><\/h6>\n\n\n\n<p><strong>Autora:<\/strong> CAROLINE MOYA DE MORAIS<br><strong>Banca:\u00a0<\/strong>Dr. LUCIANO G. DOS REIS &#8211; (orientador)(UEL), Dr. SAULO FABIANO AM\u00c2NCIO VIEIRA (UEL), Dr. DANIEL RAMOS NOGUEIRA (UEL)<strong><br>Palavras-chave:<\/strong> teoria institucional; isomorfismo; relato integrado; sustentabilidade.<\/p>\n<\/blockquote>\n<\/div>\n\n\n\n<div class=\"wp-block-uel-card\">\n<h4 class=\"wp-block-heading\">07\/07\/2017<\/h4>\n\n\n\n<blockquote class=\"wp-block-quote is-layout-flow wp-block-quote-is-layout-flow\">\n<h6 class=\"wp-block-heading\"><strong><strong><strong><strong><strong>T\u00edtulo:\u00a0<\/strong><a href=\"https:\/\/repositorio.uel.br\/bitstreams\/fea0c606-4b1a-487e-9e08-b03ba2591fab\/download\"><a href=\"https:\/\/repositorio.uel.br\/bitstreams\/fea0c606-4b1a-487e-9e08-b03ba2591fab\/download\"><strong>PROCESSO DE INSTITUCIONALIZA\u00c7\u00c3O DA ESTRUTURA DE GEST\u00c3O EDUCACIONAL : UMA AN\u00c1LISE DA SECRETARIA MUNICIPAL DE EDUCA\u00c7\u00c3O DE PONTA GROSSA\/PR<\/strong><\/a><\/a><\/strong><\/strong><\/strong><\/strong><\/h6>\n\n\n\n<p><strong>Autor:<\/strong> RAFAEL JEFFERSON BORGES<br><strong>Banca:\u00a0<\/strong>Dr. SAULO FABIANO AM\u00c2NCIO VIEIRA &#8211; (orientador)(UEL), Dr. LUCIANO G. DOS REIS (UEL), Dr. RICARDO LEBBOS FAVORETTO (UNESPAR)<strong><br>Palavras-chave:<\/strong> Teoria Institucional; Processo de Institucionaliza\u00e7\u00e3o; L\u00f3gica Institucional; Educa\u00e7\u00e3o; Sustentabilidade Social.<\/p>\n<\/blockquote>\n<\/div>\n<\/div><\/div>\n\n\n\n<div class=\"wp-block-uel-card\">\n<h4 class=\"wp-block-heading\">22\/06\/2017<\/h4>\n\n\n\n<blockquote class=\"wp-block-quote is-layout-flow wp-block-quote-is-layout-flow\">\n<h6 class=\"wp-block-heading\"><strong><strong><strong><strong><strong><strong>T\u00edtulo:\u00a0<\/strong><\/strong><\/strong><\/strong><\/strong><\/strong><a href=\"https:\/\/repositorio.uel.br\/bitstreams\/b1e40dde-31f2-48eb-8897-747946290019\/download\"><strong>IDENTIDADE E ORGANIZA\u00c7\u00d5ES SUSTENT\u00c1VEIS : REFLETINDO SOBRE SUAS RELA\u00c7\u00d5ES SOB A PERSPECTIVA DO SENSEMAKING<\/strong><\/a><\/h6>\n\n\n\n<p><strong>Autor:<\/strong> LUCAS SEOLIN DIAS<br><strong>Banca:\u00a0<\/strong>Dr. LUCIANO MUNCK &#8211; (orientador)(UEL), Dr. RAFAEL BORIM DE SOUZA (UEL), Dra. HILKA PELIZZA VIER MACHADO (UNICESUMAR)<strong><br>Palavras-chave:<\/strong> Sustentabilidade; Organiza\u00e7\u00e3o Sustent\u00e1vel; Identidade Organizacional; Cren\u00e7as compartilhadas; Sensemaking Organizacional.<\/p>\n<\/blockquote>\n<\/div>\n\n\n\n<div class=\"wp-block-uel-card\">\n<h4 class=\"wp-block-heading\">30\/05\/2017<\/h4>\n\n\n\n<blockquote class=\"wp-block-quote is-layout-flow wp-block-quote-is-layout-flow\">\n<h6 class=\"wp-block-heading\"><strong><strong><strong><strong><strong><strong>T\u00edtulo:\u00a0<\/strong><a href=\"https:\/\/repositorio.uel.br\/bitstreams\/20235816-df9f-45ce-9afa-0ce3ac07a142\/download\"><a href=\"https:\/\/repositorio.uel.br\/bitstreams\/20235816-df9f-45ce-9afa-0ce3ac07a142\/download\"><strong>NEG\u00d3CIOS SOCIAIS EM CONTEXTO BRASILEIRO : ESTUDO DE CASOS M\u00daLTIPLOS<\/strong><\/a><\/a><\/strong><\/strong><\/strong><\/strong><\/strong><\/h6>\n\n\n\n<p><strong>Autora:<\/strong> LILIAN DE LIMA PIRES<br><strong>Banca:\u00a0<\/strong>Dr. LUIS MIGUEL LUZIO DOS SANTOS &#8211; (orientador)(UEL), Dra. S\u00d4NIA REGINA VARGAS MANSANO (UEL), Dra. LIRIA MARIA BETTIOLL LANZA (UEL)<strong><br>Palavras-chave:<\/strong> Neg\u00f3cio Social; Pensamento Complexo; Crises; Impacto Social.<\/p>\n<\/blockquote>\n<\/div>\n\n\n\n<div class=\"wp-block-uel-card\">\n<h4 class=\"wp-block-heading\">28\/04\/2017<\/h4>\n\n\n\n<blockquote class=\"wp-block-quote is-layout-flow wp-block-quote-is-layout-flow\">\n<h6 class=\"wp-block-heading\"><strong><strong><strong><strong><strong><strong><strong>T\u00edtulo:\u00a0<\/strong><a href=\"https:\/\/repositorio.uel.br\/bitstreams\/4324f660-d3f4-49ef-8318-0ca83dee3009\/download\">TEORIA DA DIVULGA\u00c7\u00c3O VOLUNT\u00c1RIA E RELAT\u00d3RIOS DE SUSTENTABILIDADE: UM ESTUDO SOBRE AS EMPRESAS QUE COMP\u00d5EM O ISE BM&amp;F BOVESPA<\/a><\/strong><\/strong><\/strong><\/strong><\/strong><\/strong><\/h6>\n\n\n\n<p><strong>Autora:<\/strong> GABRIELLI APARECIDA ZEVERICOSKI DE AQUINO<br><strong>Banca:\u00a0<\/strong>Dr. LUCIANO G. DOS REIS &#8211; (orientador)(UEL), Dra. SIMONE LETICIA RAIMUNDINI SANCHES (UEL), Dr. RAFAEL BORIM DE SOUZA (UEL)<strong><br>Palavras-chave:<\/strong> Sustentabilidade; Teoria da divulga\u00e7\u00e3o volunt\u00e1ria; Relat\u00f3rios de sustentabilidade; \u00cdndice de sustentabilidade empresarial; Microsoft Cognitive Services.<\/p>\n<\/blockquote>\n<\/div>\n\n\n\n<div class=\"wp-block-uel-card\">\n<h4 class=\"wp-block-heading\">25\/04\/2017<\/h4>\n\n\n\n<blockquote class=\"wp-block-quote is-layout-flow wp-block-quote-is-layout-flow\">\n<h6 class=\"wp-block-heading\"><strong><strong><strong><strong><strong><strong><strong>T\u00edtulo:\u00a0<\/strong><a href=\"https:\/\/repositorio.uel.br\/bitstreams\/76c6713d-7666-406b-aacb-cfacc7e5a621\/download\"><a href=\"https:\/\/repositorio.uel.br\/bitstreams\/76c6713d-7666-406b-aacb-cfacc7e5a621\/download\"><strong>O CAPITAL SOCIAL NA PERSPECTIVA DE REDES SOCIAIS NO CONSELHO MUNICIPAL DE CULTURA DE PAZ EM LONDRINA-PR<\/strong><\/a><\/a><\/strong><\/strong><\/strong><\/strong><\/strong><\/strong><\/h6>\n\n\n\n<p><strong>Autora:<\/strong> JESSICA TAKANO<br><strong>Banca:\u00a0<\/strong>Dr. IVAN DE SOUZA DUTRA &#8211; (orientador)(UEL), Dr. LUIS MIGUEL LUZIO DOS SANTOS (UEL), Dr. JANDIR PAULI (IMED)<strong><br>Palavras-chave:<\/strong> Capital Social; Compaz-LD; Redes e Rela\u00e7\u00f5es Sociais.<\/p>\n<\/blockquote>\n<\/div>\n\n\n\n<div class=\"wp-block-uel-card\">\n<h4 class=\"wp-block-heading\">20\/04\/2017<\/h4>\n\n\n\n<blockquote class=\"wp-block-quote is-layout-flow wp-block-quote-is-layout-flow\">\n<h6 class=\"wp-block-heading\"><strong><strong><strong><strong><strong><strong><strong><strong>T\u00edtulo:\u00a0<\/strong><a href=\"https:\/\/repositorio.uel.br\/bitstreams\/42b11f3c-8258-4f02-91a5-05412a4a69ce\/download\"><a href=\"https:\/\/repositorio.uel.br\/bitstreams\/42b11f3c-8258-4f02-91a5-05412a4a69ce\/download\"><strong>O CAMPO QUE DISCUTE AS RELA\u00c7\u00d5ES ENTRE INTERNACIONALIZA\u00c7\u00c3O E SUSTENTABILIDADE : UMA AN\u00c1LISE A PARTIR DE PUBLICA\u00c7\u00d5ES CIENT\u00cdFICAS INTERNACIONAIS<\/strong><\/a><\/a><\/strong><\/strong><\/strong><\/strong><\/strong><\/strong><\/strong><\/h6>\n\n\n\n<p><strong>Autora:<\/strong> NATALIA MARTINEZ AMBROGI WOITAS<br><strong>Banca:\u00a0<\/strong>Dr. RAFAEL BORIM DE SOUZA &#8211; (orientador)(UEL), Dr. LUCIANO MUNCK (UEL), Dr. ANDR\u00c9 LUIS SILVA (FGV)<strong><br>Palavras-chave:<\/strong> Internacionaliza\u00e7\u00e3o; Sustentabilidade; Campo.<\/p>\n<\/blockquote>\n<\/div>\n\n\n\n<div class=\"wp-block-uel-card\">\n<h4 class=\"wp-block-heading\">31\/03\/2017<\/h4>\n\n\n\n<blockquote class=\"wp-block-quote is-layout-flow wp-block-quote-is-layout-flow\">\n<h6 class=\"wp-block-heading\"><strong><strong><strong><strong><strong><strong><strong><strong>T\u00edtulo:\u00a0<\/strong><a href=\"https:\/\/repositorio.uel.br\/bitstreams\/ee298044-bea5-4c79-84d6-c2dcf417f415\/download\"><a href=\"https:\/\/repositorio.uel.br\/bitstreams\/ee298044-bea5-4c79-84d6-c2dcf417f415\/download\"><strong>O\u00c1SIS OU MIRAGEM NA GOVERNAN\u00c7A AMBIENTAL : A EXPERI\u00caNCIA DO PAGAMENTO POR SERVI\u00c7O AMBIENTAL DO PROJETO O\u00c1SIS NO MUNIC\u00cdPIO DE APUCARANA, PR<\/strong><\/a><\/a><\/strong><\/strong><\/strong><\/strong><\/strong><\/strong><\/strong><\/h6>\n\n\n\n<p><strong>Autora:<\/strong> CHAYNE DE LIMA PEREIRA MAHNIC<br><strong>Banca:<\/strong> DR. BENILSON BORINELLI &#8211; (orientador)(UEL), Dr. SAULO FABIANO AM\u00c2NCIO VIEIRA (UEL), Dr. ADILSON FRANCELINO ALVES (UNIOESTE)<strong><br>Palavras-chave:<\/strong> Governan\u00e7a Ambiental; PSA; Participa\u00e7\u00e3o; Projeto O\u00e1sis; Apucarana.<\/p>\n<\/blockquote>\n<\/div>\n\n\n\n<div class=\"wp-block-uel-card\">\n<h4 class=\"wp-block-heading\">17\/03\/2017<\/h4>\n\n\n\n<blockquote class=\"wp-block-quote is-layout-flow wp-block-quote-is-layout-flow\">\n<h6 class=\"wp-block-heading\"><strong><strong><strong><strong><strong><strong><strong><strong><strong>T\u00edtulo:\u00a0<\/strong><a href=\"https:\/\/repositorio.uel.br\/bitstreams\/8144a759-ea5f-4bca-be28-4db3794327d2\/download\"><a href=\"https:\/\/repositorio.uel.br\/bitstreams\/8144a759-ea5f-4bca-be28-4db3794327d2\/download\"><strong>RELAT\u00d3RIOS DE SUSTENTABILIDADE : UMA AN\u00c1LISE DA IMPLEMENTA\u00c7\u00c3O DO RELATO INTEGRADO SOB A \u00d3TICA DA TEORIA INSTITUCIONAL<\/strong><\/a><\/a><\/strong><\/strong><\/strong><\/strong><\/strong><\/strong><\/strong><\/strong><\/h6>\n\n\n\n<p><strong>Autora:<\/strong> JAQUELINE DOS SANTOS FERRAREZI<br><strong>Banca:<\/strong> Dr. LUCIANO G. DOS REIS &#8211; (orientador)(UEL), Dr. SAULO FABIANO AM\u00c2NCIO VIEIRA (UEL), Dra. SIMONE LETICIA RAIMUNDINI SANCHES (UEL)<strong><br>Palavras-chave:<\/strong> Relato integrado; Relat\u00f3rios de sustentabilidade; Teoria institucional; Modelo discursivo de institucionaliza\u00e7\u00e3o.<\/p>\n<\/blockquote>\n<\/div>\n\n\n\n<div class=\"wp-block-uel-card\">\n<h4 class=\"wp-block-heading\">10\/03\/2017<\/h4>\n\n\n\n<blockquote class=\"wp-block-quote is-layout-flow wp-block-quote-is-layout-flow\">\n<h6 class=\"wp-block-heading\"><strong><strong><strong><strong><strong><strong><strong><strong><strong>T\u00edtulo:\u00a0<\/strong><a href=\"https:\/\/repositorio.uel.br\/bitstreams\/82f32c22-1422-43e9-9f98-48a6bbf7525c\/download\">ESPA\u00c7O URBANO E MEIO AMBIENTE: constru\u00e7\u00e3o de um ideal de cidade verde<\/a><\/strong><\/strong><\/strong><\/strong><\/strong><\/strong><\/strong><\/strong><\/h6>\n\n\n\n<p><strong>Autora:<\/strong> NICOLE CERCI MOSTAGI<br><strong>Banca:<\/strong> Dra. S\u00d4NIA REGINA VARGAS MANSANO &#8211; (orientador)(UEL), Dr. RAFAEL BORIM DE SOUZA (UEL), Dr. EDUARDO AUGUSTO TOMANIK (UEM)<strong><br>Palavras-chave:<\/strong> Espa\u00e7o urbano; Gest\u00e3o urbana; Governamentalidade; Territ\u00f3rio vivido; Subjetividade.<\/p>\n<\/blockquote>\n<\/div>\n\n\n\n<div class=\"wp-block-uel-card\">\n<h4 class=\"wp-block-heading\">02\/03\/2017<\/h4>\n\n\n\n<blockquote class=\"wp-block-quote is-layout-flow wp-block-quote-is-layout-flow\">\n<h6 class=\"wp-block-heading\"><strong><strong><strong><strong><strong><strong><strong><strong><strong><strong>T\u00edtulo:\u00a0<\/strong><a href=\"https:\/\/repositorio.uel.br\/bitstreams\/b1d97884-b058-436f-aaef-4cf22582ec5c\/download\"><a href=\"https:\/\/repositorio.uel.br\/bitstreams\/b1d97884-b058-436f-aaef-4cf22582ec5c\/download\"><strong>CONSUMO, DESCARTE E SUSTENTABILIDADE : UM ESTUDO DE CASO<\/strong><\/a><\/a><\/strong><\/strong><\/strong><\/strong><\/strong><\/strong><\/strong><\/strong><\/strong><\/h6>\n\n\n\n<p><strong>Autor:<\/strong> EDUARDO DE FARIA NOGUEIRA<br><strong>Banca:<\/strong> Dra. S\u00d4NIA REGINA VARGAS MANSANO &#8211; (orientador)(UEL), Dr. LUIS MIGUEL LUZIO DOS SANTOS (UEL), Dr. JOS\u00c9 STERZA JUSTO (UNESP)<strong><br>Palavras-chave:<\/strong> Consumo; Descarte; Sustentabilidade; Subjetividade.<\/p>\n<\/blockquote>\n<\/div>\n\n\n\n<div class=\"wp-block-uel-card\">\n<h4 class=\"wp-block-heading\">31\/01\/2017<\/h4>\n\n\n\n<blockquote class=\"wp-block-quote is-layout-flow wp-block-quote-is-layout-flow\">\n<h6 class=\"wp-block-heading\"><strong><strong><strong><strong><strong><strong><strong><strong><strong><strong>T\u00edtulo:\u00a0<\/strong><a href=\"https:\/\/repositorio.uel.br\/bitstreams\/396ae4d8-a175-4107-9422-907fc747e046\/download\"><a href=\"https:\/\/repositorio.uel.br\/bitstreams\/396ae4d8-a175-4107-9422-907fc747e046\/download\"><strong>A INSER\u00c7\u00c3O DO TEMA SUSTENTABILIDADE NO CURSO DE CI\u00caNCIAS CONT\u00c1BEIS DA FEA\/USP \u00c0 LUZ DA TEORIA INSTITUCIONAL<\/strong><\/a><\/a><\/strong><\/strong><\/strong><\/strong><\/strong><\/strong><\/strong><\/strong><\/strong><\/h6>\n\n\n\n<p><strong>Autora:<\/strong> KARINA ROCHA HENRIQUES GEHLEN<br><strong>Banca:<\/strong> Dr. LUCIANO G. DOS REIS &#8211; (orientador)(UEL), Dra. THAIS ACCYOLI BACCARO (UEL), Dr. DANIEL RAMOS NOGUEIRA (UEL)<strong><br>Palavras-chave:<\/strong> Teoria Institucional; Sustentabilidade; Ci\u00eancias Cont\u00e1beis.<\/p>\n<\/blockquote>\n<\/div>\n","protected":false},"excerpt":{"rendered":"<p>retornar ao \u00edndice de disserta\u00e7\u00f5es defendidas<\/p>\n","protected":false},"author":12,"featured_media":0,"parent":0,"menu_order":0,"comment_status":"closed","ping_status":"closed","template":"","meta":{"footnotes":""},"class_list":["post-1341","page","type-page","status-publish","hentry"],"acf":[],"_links":{"self":[{"href":"https:\/\/pos.uel.br\/ppga\/wp-json\/wp\/v2\/pages\/1341","targetHints":{"allow":["GET"]}}],"collection":[{"href":"https:\/\/pos.uel.br\/ppga\/wp-json\/wp\/v2\/pages"}],"about":[{"href":"https:\/\/pos.uel.br\/ppga\/wp-json\/wp\/v2\/types\/page"}],"author":[{"embeddable":true,"href":"https:\/\/pos.uel.br\/ppga\/wp-json\/wp\/v2\/users\/12"}],"replies":[{"embeddable":true,"href":"https:\/\/pos.uel.br\/ppga\/wp-json\/wp\/v2\/comments?post=1341"}],"version-history":[{"count":8,"href":"https:\/\/pos.uel.br\/ppga\/wp-json\/wp\/v2\/pages\/1341\/revisions"}],"predecessor-version":[{"id":2084,"href":"https:\/\/pos.uel.br\/ppga\/wp-json\/wp\/v2\/pages\/1341\/revisions\/2084"}],"wp:attachment":[{"href":"https:\/\/pos.uel.br\/ppga\/wp-json\/wp\/v2\/media?parent=1341"}],"curies":[{"name":"wp","href":"https:\/\/api.w.org\/{rel}","templated":true}]}}