{"id":1337,"date":"2024-05-23T19:56:49","date_gmt":"2024-05-23T22:56:49","guid":{"rendered":"https:\/\/pos.uel.br\/ppga\/?page_id=1337"},"modified":"2025-02-28T19:05:56","modified_gmt":"2025-02-28T22:05:56","slug":"dissertacoes-defendidas-em-2016","status":"publish","type":"page","link":"https:\/\/pos.uel.br\/ppga\/dissertacoes-defendidas-em-2016\/","title":{"rendered":"Disserta\u00e7\u00f5es defendidas em 2016"},"content":{"rendered":"\n<p><a href=\"https:\/\/pos.uel.br\/ppga\/dissertacoes-defendidas\/\">retornar ao \u00edndice de disserta\u00e7\u00f5es defendidas<\/a><\/p>\n\n\n\n<div class=\"wp-block-group\"><div class=\"wp-block-group__inner-container is-layout-constrained wp-block-group-is-layout-constrained\">\n<div class=\"wp-block-uel-card\">\n<h4 class=\"wp-block-heading\">04\/11\/2016<\/h4>\n\n\n\n<blockquote class=\"wp-block-quote is-layout-flow wp-block-quote-is-layout-flow\">\n<h6 class=\"wp-block-heading\"><strong><strong><strong>T\u00edtulo:\u00a0<\/strong>SUSTENTABILIDADE ORGANIZACIONAL E SUAS RELA\u00c7\u00d5ES COM A GEST\u00c3O ESTRAT\u00c9GICA DE PESSOAS: UM ESTUDO DE CASO EM UMA COOPERATIVA AGROINDUSTRIAL. (O trabalho n\u00e3o possui divulga\u00e7\u00e3o autorizada)<\/strong><\/strong><\/h6>\n\n\n\n<p><strong>Autora:<\/strong> MAYARA FRANCIELLE GONCALVES<br><strong>Banca:\u00a0<\/strong>SILVIO ROBERTO STEFANI (orientador) (UEL), Dr. SAULO FABIANO AM\u00c2NCIO VIEIRA (UEL), Dra. THAIS ACCYOLI BACCARO (UEL), Dr. MARCIO PASCOAL CASSANDRE (UEM)<strong><br>Palavras-chave:\u00a0<\/strong>Gest\u00e3o de Pessoas; sustentabilidade; cooperativas<\/p>\n<\/blockquote>\n<\/div>\n\n\n\n<div class=\"wp-block-uel-card\">\n<h4 class=\"wp-block-heading\">08\/07\/2016<\/h4>\n\n\n\n<blockquote class=\"wp-block-quote is-layout-flow wp-block-quote-is-layout-flow\">\n<h6 class=\"wp-block-heading\"><strong><strong><strong><strong>T\u00edtulo:\u00a0<\/strong><a href=\"https:\/\/repositorio.uel.br\/bitstreams\/20d886c6-b19c-4292-89d4-42f269b3c864\/download\">GASTO AMBIENTAL NO ESTADO DO PARAN\u00c1: UM ESTUDO SOBRE A INFLU\u00caNCIA DE FATORES POL\u00cdTICOS NO CICLO OR\u00c7AMENT\u00c1RIO<\/a><\/strong><\/strong><\/strong><\/h6>\n\n\n\n<p><strong>Autora:<\/strong> JESSICA ELOISA DE OLIVEIRA<br><strong>Banca:\u00a0<\/strong>DR. BENILSON BORINELLI (orientador) (UEL), Dr. LUIS MIGUEL LUZIO DOS SANTOS (UEL), Dr. RONALDO BALTAR (UEL)<strong><br>Palavras-chave:<\/strong> Pol\u00edtica Ambiental; Gasto Ambiental; Fatores Pol\u00edticos<\/p>\n<\/blockquote>\n<\/div>\n\n\n\n<div class=\"wp-block-uel-card\">\n<h4 class=\"wp-block-heading\">17\/06\/2016<\/h4>\n\n\n\n<blockquote class=\"wp-block-quote is-layout-flow wp-block-quote-is-layout-flow\">\n<h6 class=\"wp-block-heading\"><strong><strong><strong><strong><strong>T\u00edtulo:\u00a0<\/strong><a href=\"https:\/\/repositorio.uel.br\/bitstreams\/eea2895f-8ab8-4369-ba42-760ad63d8e49\/download\">DETERMINANTES DO GASTO AMBIENTAL DOS ESTADOS NO BRASIL: UMA AN\u00c1LISE DO PER\u00cdODO 2002-2012<\/a><\/strong><\/strong><\/strong><\/strong><\/h6>\n\n\n\n<p><strong>Autora:<\/strong> NATALIA NAKAY GUANDALINI<br><strong>Banca:\u00a0<\/strong>DR. BENILSON BORINELLI (orientador) (UEL), Dr. SAULO FABIANO AM\u00c2NCIO VIEIRA (UEL), Dra. MARIA DE F\u00c1TIMA SALES WESTEREN (UEL)<strong><br>Palavras-chave:<\/strong> Gastos P\u00fablicos Ambientais; Gest\u00e3o Ambiental; Pol\u00edticas P\u00fablicas Ambientais Estaduais<\/p>\n<\/blockquote>\n<\/div>\n\n\n\n<div class=\"wp-block-uel-card\">\n<h4 class=\"wp-block-heading\">15\/06\/2016<\/h4>\n\n\n\n<blockquote class=\"wp-block-quote is-layout-flow wp-block-quote-is-layout-flow\">\n<h6 class=\"wp-block-heading\"><strong><strong><strong><strong><strong><strong>T\u00edtulo:\u00a0<\/strong><a href=\"https:\/\/repositorio.uel.br\/bitstreams\/03f2ba48-f24c-4909-bdab-379595ddcaf1\/download\">A INSTITUCIONALIZA\u00c7\u00c3O DA TEM\u00c1TICA SUSTENTABILIDADE EM P\u00d3S-GRADUA\u00c7\u00d5ES STRICTO SENSU EM ADMINISTRA\u00c7\u00c3O NO BRASIL<\/a><\/strong><\/strong><\/strong><\/strong><\/strong><\/h6>\n\n\n\n<p><strong>Autor:<\/strong> CARLOS EDUARDO DE LIMA<br><strong>Banca:\u00a0<\/strong>Dr. SAULO FABIANO AM\u00c2NCIO VIEIRA (orientador) (UEL), Dr. LUCIANO MUNCK (UEL), Dra. IRENE DOMENES ZAPPAROLI (UEL)<strong><br>Palavras-chave:<\/strong> Teoria Institucional; P\u00f3s-Gradua\u00e7\u00e3o; Administra\u00e7\u00e3o; Sustentabilidade; Brasil<\/p>\n<\/blockquote>\n<\/div>\n\n\n\n<div class=\"wp-block-uel-card\">\n<h4 class=\"wp-block-heading\">08\/06\/2016<\/h4>\n\n\n\n<blockquote class=\"wp-block-quote is-layout-flow wp-block-quote-is-layout-flow\">\n<h6 class=\"wp-block-heading\"><strong><strong><strong><strong><strong><strong><strong>T\u00edtulo:\u00a0<\/strong><a href=\"https:\/\/repositorio.uel.br\/bitstreams\/09eda285-4a85-4562-b8ce-8dd328cd8ab8\/download\">SENTIDO ATRIBU\u00cdDO AO PROCESSO DECIS\u00d3RIO REFERENTE \u00c0 SUSTENTABILIDADE EM CONTEXTO ORGANIZACIONAL<\/a><\/strong><\/strong><\/strong><\/strong><\/strong><\/strong><\/h6>\n\n\n\n<p><strong>Autora:<\/strong> LUISA MARIA SARABIA CAVENAGHI<br><strong>Banca:\u00a0<\/strong>Dr. LUCIANO MUNCK (orientador) (UEL), Dr. RAFAEL BORIM DE SOUZA (UEL), Dr. MARCO ANTONIO FERREIRA (UTFPR)<strong><br>Palavras-chave:<\/strong> Sustentabilidade Organizacional; Sensemaking; L\u00f3gicas decis\u00f3rias<\/p>\n<\/blockquote>\n<\/div>\n\n\n\n<div class=\"wp-block-uel-card\">\n<h4 class=\"wp-block-heading\">31\/05\/2016<\/h4>\n\n\n\n<blockquote class=\"wp-block-quote is-layout-flow wp-block-quote-is-layout-flow\">\n<h6 class=\"wp-block-heading\"><strong><strong><strong><strong><strong><strong><strong><strong>T\u00edtulo:\u00a0<\/strong><a href=\"https:\/\/repositorio.uel.br\/bitstreams\/5c970fbf-a99a-4d7c-a9b7-104fa50258cf\/download\">NEG\u00d3CIOS SOCIAIS EM CONTEXTO BRASILEIRO: CONTRADI\u00c7\u00d5ES E POTENCIALIDADES COMO ALTERNATIVA SOCIOECON\u00d4MICA<\/a><\/strong><\/strong><\/strong><\/strong><\/strong><\/strong><\/strong><\/h6>\n\n\n\n<p><strong>Autora:<\/strong> JESSICA PEREIRA DE MELLO<br><strong>Banca:\u00a0<\/strong>Dr. LUIS MIGUEL LUZIO DOS SANTOS (orientador) (UEL), Dra. S\u00d4NIA REGINA VARGAS MANSANO(UEL), Dra. ELISA YOSHIE ICHIKAWA (UEM)<strong><br>Palavras-chave:<\/strong> Neg\u00f3cios Sociais; Capitalismo ;Alternativas; Crises; Socioeconomia<\/p>\n<\/blockquote>\n<\/div>\n\n\n\n<div class=\"wp-block-uel-card\">\n<h4 class=\"wp-block-heading\">28\/04\/2016<\/h4>\n\n\n\n<blockquote class=\"wp-block-quote is-layout-flow wp-block-quote-is-layout-flow\">\n<h6 class=\"wp-block-heading\"><strong><strong><strong><strong><strong><strong><strong><strong><strong>T\u00edtulo:\u00a0<\/strong><a href=\"https:\/\/repositorio.uel.br\/bitstreams\/b41ca576-000b-4d05-ad85-ae64471fc270\/download\">CENTROS P\u00daBLICOS DE ECONOMIA SOLID\u00c1RIA NO ESTADO DO PARAN\u00c1: UMA AN\u00c1LISE TEMPORAL DE 2007 A 2015<\/a><\/strong><\/strong><\/strong><\/strong><\/strong><\/strong><\/strong><\/strong><\/h6>\n\n\n\n<p><strong>Autora:<\/strong> PRISCILA TEREZINHA APARECIDA MACHADO<br><strong>Banca:\u00a0<\/strong>Dr. LUIS MIGUEL LUZIO DOS SANTOS (orientador) (UEL), Dr. IVAN DE SOUZA DUTRA(UEL), Dr. RONALDO BALTAR (UEL)<strong><br>Palavras-chave:<\/strong> Capitalismo; Economia Solid\u00e1ria; Centro P\u00fablico de Economia Solid\u00e1ria<\/p>\n<\/blockquote>\n<\/div>\n\n\n\n<div class=\"wp-block-uel-card\">\n<h4 class=\"wp-block-heading\">20\/04\/2016<\/h4>\n\n\n\n<blockquote class=\"wp-block-quote is-layout-flow wp-block-quote-is-layout-flow\">\n<h6 class=\"wp-block-heading\"><strong><strong><strong><strong><strong><strong><strong><strong><strong><strong>T\u00edtulo:\u00a0<\/strong><a href=\"https:\/\/repositorio.uel.br\/bitstreams\/56320f99-fbce-495c-a760-d3e71c19e77e\/download\">PROCESSO DE INSTITUCIONALIZA\u00c7\u00c3O DA ESTRUTURA EDUCACIONAL: UMA AN\u00c1LISE DA SECRETARIA DE EDUCA\u00c7\u00c3O DE MARING\u00c1<\/a><\/strong><\/strong><\/strong><\/strong><\/strong><\/strong><\/strong><\/strong><\/strong><\/h6>\n\n\n\n<p><strong>Autor:<\/strong> PAULO RAFAEL DE SOUZA SANTANA<br><strong>Banca:\u00a0\u00a0<\/strong>Dr. SAULO FABIANO AM\u00c2NCIO VIEIRA (orientador) (UEL), Dr. RAFAEL BORIM DE SOUZA (UEL), Dr. RICARDO LEBBOS FAVORETTO (UNESPAR)<strong><br>Palavras-chave:<\/strong> Teoria Institucional; Neoinstitucionalismo; Educa\u00e7\u00e3o; Pol\u00edticas P\u00fablicas; Sustentabilidade<\/p>\n<\/blockquote>\n<\/div>\n\n\n\n<div class=\"wp-block-uel-card\">\n<h4 class=\"wp-block-heading\">08\/04\/2016<\/h4>\n\n\n\n<blockquote class=\"wp-block-quote is-layout-flow wp-block-quote-is-layout-flow\">\n<h6 class=\"wp-block-heading\"><strong><strong><strong><strong><strong><strong><strong><strong><strong><strong><strong>T\u00edtulo:\u00a0<\/strong><a href=\"https:\/\/repositorio.uel.br\/bitstreams\/39867e4a-44e8-49ca-88ca-b21e008e29fe\/download\">A IMERS\u00c3O DE REDES SOCIAIS EM A\u00c7\u00d5ES DE PARTICIPA\u00c7\u00c3O CIDAD\u00c3 NO MOVIMENTO SOCIAL PELA PAZ EM LONDRINA &#8211; PARAN\u00c1<\/a><\/strong><\/strong><\/strong><\/strong><\/strong><\/strong><\/strong><\/strong><\/strong><\/strong><\/h6>\n\n\n\n<p><strong>Autora:<\/strong> DAYANE FREIRE ROMAGNOLO<br><strong>Banca:\u00a0\u00a0<\/strong>Dr. IVAN DE SOUZA DUTRA (orientador) (UEL), Dr. LUIS MIGUEL LUZIO DOS SANTOS (UEL), Dra. SYLMARA L. F. GON\u00c7ALVES DIAS (USP)<strong><br>Palavras-chave:<\/strong> Imers\u00e3o de Redes Sociais; Rela\u00e7\u00f5es Sociais; Sustentabilidade; Movimentos Sociais; A\u00e7\u00f5es de Participa\u00e7\u00e3o Cidad\u00e3<\/p>\n<\/blockquote>\n<\/div>\n\n\n\n<div class=\"wp-block-uel-card\">\n<h4 class=\"wp-block-heading\">18\/03\/2016<\/h4>\n\n\n\n<blockquote class=\"wp-block-quote is-layout-flow wp-block-quote-is-layout-flow\">\n<h6 class=\"wp-block-heading\"><strong><strong><strong><strong><strong><strong><strong><strong><strong><strong><strong><strong><strong>T\u00cdTULO: <\/strong><a href=\"https:\/\/repositorio.uel.br\/bitstreams\/bd1e7bb1-22a9-45e7-b5ac-6abef99d13e3\/download\"><strong>A RELA\u00c7\u00c3O ENTRE CUSTOS, N\u00cdVEL SOCIOECON\u00d4MICO E ESTRUTURA ESCOLAR COM O DESEMPENHO EDUCACIONAL: UMA AN\u00c1LISE DAS ESCOLAS MUNICIPAIS DE S\u00c3O JOS\u00c9 DOS PINHAIS &#8211; PR<\/strong><\/a><\/strong><\/strong><\/strong><\/strong><\/strong><\/strong><\/strong><\/strong><\/strong><\/strong><\/strong><\/strong><\/h6>\n\n\n\n<p><strong>Autora:<\/strong> RENATA STORTI PEREIRA<br><strong>Banca:\u00a0<\/strong>Dr. SAULO FABIANO AM\u00c2NCIO VIEIRA (orientador) (UEL), Dra. THAIS ACCYOLI BACCARO (UEL), Dr. ANTONIO CARLOS VAZ LOPES (UFGD)<strong><br>Palavras-chave:<\/strong> Ensino Fundamental; Desempenho; Avalia\u00e7\u00e3o de Pol\u00edticas P\u00fablicas; Custos; Efici\u00eancia<\/p>\n<\/blockquote>\n<\/div>\n\n\n\n<div class=\"wp-block-uel-card\">\n<h4 class=\"wp-block-heading\">04\/03\/2016<\/h4>\n\n\n\n<blockquote class=\"wp-block-quote is-layout-flow wp-block-quote-is-layout-flow\">\n<h6 class=\"wp-block-heading\"><strong><strong><strong><strong><strong><strong><strong><strong><strong><strong><strong><strong><strong>T\u00cdTULO: <a href=\"https:\/\/pos.uel.br\/ppga\/wp-content\/uploads\/2025\/02\/ERIK_ALVARO_FERNANDES.pdf\">O ATIVISMO DIGITAL DO ANONYMOUS NA #OPVENEZUELA: PROCESSOS DE INTERVEN\u00c7\u00c3O E INTERA\u00c7\u00c3O NA SOCIEDADE SUSTENT\u00c1VEL<\/a><\/strong><\/strong><\/strong><\/strong><\/strong><\/strong><\/strong><\/strong><\/strong><\/strong><\/strong><\/strong><\/strong><\/h6>\n\n\n\n<p><strong>Autor:<\/strong> ERIK ALVARO FERNANDES<br><strong>Banca:\u00a0<\/strong>Dra. MARLENE REGINA MARCHIORI (orientadora) (UEL), Dra. SONIA REGINA VARGAS MANSANO (UEL), Dr. MARCIO PASCOAL CASSANDRE (UEM)<strong><br>Palavras-chave:<\/strong> Intera\u00e7\u00e3o; Sustentabilidade; Movimentos Sociais; Teoria da Atividade; Anonymous<\/p>\n<\/blockquote>\n<\/div>\n\n\n\n<div class=\"wp-block-uel-card\">\n<h4 class=\"wp-block-heading\">23\/02\/2016<\/h4>\n\n\n\n<blockquote class=\"wp-block-quote is-layout-flow wp-block-quote-is-layout-flow\">\n<h6 class=\"wp-block-heading\"><strong><strong><strong><strong><strong><strong><strong><strong><strong><strong><strong><strong><strong><strong>T\u00edtulo:\u00a0<\/strong><a href=\"https:\/\/repositorio.uel.br\/bitstreams\/3524cf74-2972-4e75-8188-c29c3e9e1bb9\/download\">AN\u00c1LISE TE\u00d3RICA SOBRE SUSTENTABILIDADE SOCIAL E RELA\u00c7\u00d5ES DE TRABALHO: Possibilidades e limites em contexto organizacional<\/a><\/strong><\/strong><\/strong><\/strong><\/strong><\/strong><\/strong><\/strong><\/strong><\/strong><\/strong><\/strong><\/strong><\/h6>\n\n\n\n<p><strong>Autor:<\/strong> IZABELY REGINA GIBELATO<br><strong>Banca:\u00a0<\/strong>Dra. S\u00d4NIA REGINA VARGAS MANSANO (orientador) (UEL), Dr. LUIS MIGUEL LUZIO DOS SANTOS (UEL), Dr. JO\u00c3O MARCELO CRUBELLATTE (UEM)<strong><br>Palavras-chave:<\/strong> Sustentabilidade social; Rela\u00e7\u00f5es de trabalho; Organiza\u00e7\u00f5es.<\/p>\n<\/blockquote>\n<\/div>\n<\/div><\/div>\n","protected":false},"excerpt":{"rendered":"<p>retornar ao \u00edndice de disserta\u00e7\u00f5es defendidas<\/p>\n","protected":false},"author":12,"featured_media":0,"parent":0,"menu_order":0,"comment_status":"closed","ping_status":"closed","template":"","meta":{"footnotes":""},"class_list":["post-1337","page","type-page","status-publish","hentry"],"acf":[],"_links":{"self":[{"href":"https:\/\/pos.uel.br\/ppga\/wp-json\/wp\/v2\/pages\/1337","targetHints":{"allow":["GET"]}}],"collection":[{"href":"https:\/\/pos.uel.br\/ppga\/wp-json\/wp\/v2\/pages"}],"about":[{"href":"https:\/\/pos.uel.br\/ppga\/wp-json\/wp\/v2\/types\/page"}],"author":[{"embeddable":true,"href":"https:\/\/pos.uel.br\/ppga\/wp-json\/wp\/v2\/users\/12"}],"replies":[{"embeddable":true,"href":"https:\/\/pos.uel.br\/ppga\/wp-json\/wp\/v2\/comments?post=1337"}],"version-history":[{"count":3,"href":"https:\/\/pos.uel.br\/ppga\/wp-json\/wp\/v2\/pages\/1337\/revisions"}],"predecessor-version":[{"id":2099,"href":"https:\/\/pos.uel.br\/ppga\/wp-json\/wp\/v2\/pages\/1337\/revisions\/2099"}],"wp:attachment":[{"href":"https:\/\/pos.uel.br\/ppga\/wp-json\/wp\/v2\/media?parent=1337"}],"curies":[{"name":"wp","href":"https:\/\/api.w.org\/{rel}","templated":true}]}}